{"id":116,"date":"2022-02-15T22:34:38","date_gmt":"2022-02-15T21:34:38","guid":{"rendered":"https:\/\/hoyre.no\/aapne\/?page_id=116"},"modified":"2026-03-13T19:44:39","modified_gmt":"2026-03-13T18:44:39","slug":"pride","status":"publish","type":"page","link":"https:\/\/hoyre.no\/aapne\/pride\/","title":{"rendered":"Pride"},"content":{"rendered":"\n<div class=\"wp-block-hoyre-hero with-image-gradient text-color-light  has-media alignfull has-background \"><div class=\"hoyre-hero has-image\"><h1 class=\"title\">Pride<\/h1><p class=\"preamble\">Hvert \u00e5r arrangeres det en rekke ulike Pride-festivaler rundt om i Norge. H\u00f8yre har som m\u00e5l \u00e5 v\u00e6re synlig til stede p\u00e5 flest mulig av disse. Her finner du praktisk informasjon knyttet til det.<\/p>\t\t\t<div class=\"post-meta wp-block teft-byline-wrapper\">\n\t\t\t\t<div class=\"top\">\n\t\t\t\t\t<div class=\"signature\">\n\t\t\t\t\t\t<div class=\"teft-byline\">\n\t\t\t\t\t\t\t\t\t\t\t\t\t\t<div>\n\t\t\t\t\t\t\t\t<h3>H\u00f8yres redaksjon<\/h3>\t\t\t\t\t\t\t\t\n\t\t\t\t\t\t\t\t\t\t\t\t\t\t\t\t\t<span class=\"date\">Sist oppdatert: 13. mars 2026<\/span>\n\t\t\t\t\t\t\t\t\t\t\t\t\t\t\t\t\t\t\t\t\t\t\t\t\t<span class=\"reading-time\" itemprop=\"timeRequired\" content=\"PT2M\"><em>Ca. 2 minutter lesetid<\/em><\/span>\n\t\t\t\t\t\t\t\t\t\t\t\t\t\t\t<\/div>\n\t\t\t\t\t\t<\/div>\n\t\t\t\t\t<\/div>\n\t\t\t\t\t\t<div class=\"sharing\">\n\t\t<a class=\"share-button share-link copy-link\" data-copy=\"https:\/\/hoyre.no\/aapne\/pride\/\" target=\"_blank\"><span class=\"screen-reader-text\">Del link<\/span><\/a>\n\t\t<a class=\"share-button share-twitter\" href=\"http:\/\/twitter.com\/share?text=Pride&#038;url=https:\/\/hoyre.no\/aapne\/pride\/&#038;hashtags=Hoyre\" target=\"_blank\"><span class=\"screen-reader-text\">Del p\u00e5 twitter<\/span><\/a>\n\t\t<a class=\"share-button share-facebook\" href=\"https:\/\/www.facebook.com\/sharer\/sharer.php?u=https:\/\/hoyre.no\/aapne\/pride\/\" target=\"_blank\"><span class=\"screen-reader-text\">Del p\u00e5 facebook<\/span><\/a>\n\t<\/div>\n\t\t\t\t\t<\/div>\n\t\t\t<\/div>\n\n\t\t\t<figure class=\"hoyre-image-wrapper\"><div class=\"hoyre-image\"><img loading=\"lazy\" decoding=\"async\" width=\"2048\" height=\"1362\" src=\"https:\/\/hoyre.no\/content\/uploads\/sites\/375\/2022\/02\/76947460_1510130312460737_2213353216366608384_n.jpg\" class=\"attachment-scaled size-scaled\" alt=\"\" style=\"object-position: 50% 96%\" srcset=\"https:\/\/hoyre.no\/content\/uploads\/sites\/375\/2022\/02\/76947460_1510130312460737_2213353216366608384_n.jpg 2048w, https:\/\/hoyre.no\/content\/uploads\/sites\/375\/2022\/02\/76947460_1510130312460737_2213353216366608384_n-300x200.jpg 300w, https:\/\/hoyre.no\/content\/uploads\/sites\/375\/2022\/02\/76947460_1510130312460737_2213353216366608384_n-1024x681.jpg 1024w, https:\/\/hoyre.no\/content\/uploads\/sites\/375\/2022\/02\/76947460_1510130312460737_2213353216366608384_n-768x511.jpg 768w, https:\/\/hoyre.no\/content\/uploads\/sites\/375\/2022\/02\/76947460_1510130312460737_2213353216366608384_n-1536x1022.jpg 1536w\" sizes=\"auto, (max-width: 2048px) 100vw, 2048px\" \/><\/div><\/figure><\/div><\/div>\n\n\n\n\n<p>H\u00f8yre mener at mangfold og toleranse er viktige verdier for det norske samfunnet. Vi st\u00f8tter opp om rettighetene til alle, uavhengig av seksuell orientering, kj\u00f8nnsuttrykk eller kj\u00f8nnsidentitet. H\u00f8yre \u00f8nsker \u00e5 sikre at alle har like muligheter og rettigheter, og vi jobber for \u00e5 bekjempe diskriminering og fremme likestilling. Derfor markerer H\u00f8yre ogs\u00e5 Pride.<\/p>\n\n\n\n<p>\u00c5pne H\u00f8yre kan sammen med lokale krefter bist\u00e5 lokal- og fylkesforeninger med \u00e5 forberede og gjennomf\u00f8re deltagelse i Prider.<\/p>\n\n\n\n<div class=\"wp-block-teft-file icon-link-block\"><a href=\"https:\/\/hoyre.no\/content\/uploads\/sites\/375\/2026\/03\/2026-Pride-pa-1-2-3-og-tips-til-ordforerene.pdf\" download><span class=\"file-title\">Pride p\u00e5 1-2-3<\/span><span class=\"file-name\">2026-Pride-pa-1-2-3-og-tips-til-ordforerene.pdf [80.7kb]<\/span><\/a><\/div>\n\n\n\n<h2 class=\"wp-block-heading\">Lokale kontaktpersoner ved markering av pride<\/h2>\n\n\n\n<ul class=\"wp-block-list\">\n<li>Agder: <a href=\"https:\/\/hoyre.no\/personprofiler\/linda-walbeck-olsen\/\">Linda Walbeck Olsen<\/a><\/li>\n\n\n\n<li>Akershus: <a href=\"https:\/\/hoyre.no\/personprofiler\/farhoud-falahatimarvast\/\">Farhoud Falahatimarvast<\/a><\/li>\n\n\n\n<li>Buskerud: <a href=\"https:\/\/hoyre.no\/personprofiler\/havard-b-ovregard\/\">H\u00e5vard B. \u00d8vreg\u00e5rd<\/a><\/li>\n\n\n\n<li>Finnmark: <a href=\"https:\/\/hoyre.no\/personprofiler\/hakon-ronning-vahl\/\">H\u00e5kon R\u00f8nning Vahl<\/a><\/li>\n\n\n\n<li>Innlandet: <a href=\"https:\/\/hoyre.no\/personprofiler\/vegard-rodseth-tokheim\/\"><\/a><a href=\"https:\/\/hoyre.no\/personprofiler\/marius-krogstad-aune\/\">Marius Krogstad Aune<\/a><\/li>\n\n\n\n<li>M\u00f8re og Romsdal: <a href=\"https:\/\/hoyre.no\/personprofiler\/tone-klev\/\">Tone Klev<\/a><\/li>\n\n\n\n<li>Nordland: <a href=\"https:\/\/hoyre.no\/personprofiler\/hakon-ronning-vahl\/\">H\u00e5kon R\u00f8nning Vahl<\/a><\/li>\n\n\n\n<li>Oslo: <a href=\"https:\/\/hoyre.no\/personprofiler\/sander-vestby\/\">Sander Vestby<\/a><\/li>\n\n\n\n<li>Rogaland: <a href=\"https:\/\/hoyre.no\/personprofiler\/helge-ytteroy-lorange\/\">Helge Ytter\u00f8y L&#8217;orange<\/a><\/li>\n\n\n\n<li>Telemark: <a href=\"https:\/\/hoyre.no\/personprofiler\/linda-walbeck-olsen\/\">Linda Walbeck Olsen<\/a><\/li>\n\n\n\n<li>Troms: <a href=\"https:\/\/hoyre.no\/personprofiler\/hakon-ronning-vahl\/\">H\u00e5kon R\u00f8nning Vahl<\/a><\/li>\n\n\n\n<li>Tr\u00f8ndelag: <a href=\"https:\/\/hoyre.no\/personprofiler\/marius-krogstad-aune\/\">Marius Krogstad Aune<\/a><\/li>\n\n\n\n<li>Vestfold: <a href=\"https:\/\/hoyre.no\/personprofiler\/linda-walbeck-olsen\/\">Linda Walbeck Olsen<\/a><\/li>\n\n\n\n<li>Vestland: <a href=\"https:\/\/hoyre.no\/personprofiler\/iril-schau-johansen\/\">Iril Schau Johansen<\/a><\/li>\n\n\n\n<li>\u00d8stfold: <a href=\"https:\/\/hoyre.no\/personprofiler\/sandra-krogh-bjerke\/\">Sandra Krogh-Bjerke<\/a><\/li>\n<\/ul>\n\n\n\n\n<div class=\"wp-block-hoyre-banner alignwide undefined  is-style-blue\"><div class=\"banner-inner\"><figure class=\"hoyre-image-wrapper\"><div class=\"hoyre-image\"><img decoding=\"async\" loading=\"lazy\" width=\"2500\" height=\"1667\" src=\"https:\/\/hoyre.no\/content\/uploads\/sites\/375\/2025\/12\/Y9A4251-scaled.jpg\" class=\"attachment-scaled size-scaled\" alt=\"\" style=\"object-position: 50% 50%\" \/><\/div><\/figure><div class=\"banner-content\"><div class=\"entry-content\">\n<h2 class=\"wp-block-heading\">Frihet til \u00e5 v\u00e6re deg selv<\/h2>\n\n\n\n<p>H\u00f8yre \u00f8nsker et samfunn der alle har de samme mulighetene for \u00e5 lykkes og oppleve trygghet i hverdagen, uavhengig av kj\u00f8nn, funksjonsevne, etnisitet, religi\u00f8s overbevisning, seksuell orientering, kj\u00f8nnsidentitet eller kj\u00f8nnsuttrykk.<\/p>\n\n\n\n<div class=\"wp-block-buttons is-layout-flex wp-block-buttons-is-layout-flex\">\n<div class=\"wp-block-button\"><a class=\"wp-block-button__link wp-element-button\" href=\"https:\/\/hoyre.no\/aapne\/politikk\/frihet-til-a-vaere-deg-selv\/\">Trykk her for \u00e5 lese mer<\/a><\/div>\n<\/div>\n<\/div><\/div><\/div><\/div>\n\n\n","protected":false},"excerpt":{"rendered":"","protected":false},"author":220,"featured_media":0,"parent":0,"menu_order":0,"comment_status":"closed","ping_status":"closed","template":"","meta":{"teft_cards_image_url":"","teft_cards_custom_pretitle":"","teft_cards_image_id":0,"teft_cards_image_focal_point_x":0,"teft_cards_image_focal_point_y":0,"teft_cards_title":"","teft_cards_excerpt":"","teft_show_chapters":false,"footnotes":""},"class_list":["post-116","page","type-page","status-publish","hentry"],"yoast_head":"<!-- This site is optimized with the Yoast SEO plugin v26.6 - https:\/\/yoast.com\/wordpress\/plugins\/seo\/ -->\n<title>Pride - \u00c5pne H\u00f8yre<\/title>\n<meta name=\"robots\" content=\"index, follow, max-snippet:-1, max-image-preview:large, max-video-preview:-1\" \/>\n<link rel=\"canonical\" href=\"https:\/\/hoyre.no\/aapne\/pride\/\" \/>\n<meta property=\"og:locale\" content=\"nb_NO\" \/>\n<meta property=\"og:type\" content=\"article\" \/>\n<meta property=\"og:title\" content=\"Pride - \u00c5pne H\u00f8yre\" \/>\n<meta property=\"og:url\" content=\"https:\/\/hoyre.no\/aapne\/pride\/\" \/>\n<meta property=\"og:site_name\" content=\"\u00c5pne H\u00f8yre\" \/>\n<meta property=\"article:modified_time\" content=\"2026-03-13T18:44:39+00:00\" \/>\n<meta name=\"twitter:card\" content=\"summary_large_image\" \/>\n<meta name=\"twitter:label1\" content=\"Ansl. lesetid\" \/>\n\t<meta name=\"twitter:data1\" content=\"1 minutt\" \/>\n<script type=\"application\/ld+json\" class=\"yoast-schema-graph\">{\"@context\":\"https:\/\/schema.org\",\"@graph\":[{\"@type\":\"WebPage\",\"@id\":\"https:\/\/hoyre.no\/aapne\/pride\/\",\"url\":\"https:\/\/hoyre.no\/aapne\/pride\/\",\"name\":\"Pride - \u00c5pne H\u00f8yre\",\"isPartOf\":{\"@id\":\"https:\/\/hoyre.no\/aapne\/#website\"},\"datePublished\":\"2022-02-15T21:34:38+00:00\",\"dateModified\":\"2026-03-13T18:44:39+00:00\",\"breadcrumb\":{\"@id\":\"https:\/\/hoyre.no\/aapne\/pride\/#breadcrumb\"},\"inLanguage\":\"nb-NO\",\"potentialAction\":[{\"@type\":\"ReadAction\",\"target\":[\"https:\/\/hoyre.no\/aapne\/pride\/\"]}]},{\"@type\":\"BreadcrumbList\",\"@id\":\"https:\/\/hoyre.no\/aapne\/pride\/#breadcrumb\",\"itemListElement\":[{\"@type\":\"ListItem\",\"position\":1,\"name\":\"Til hoyre.no\",\"item\":\"https:\/\/hoyre.no\"},{\"@type\":\"ListItem\",\"position\":2,\"name\":\"Hjem\",\"item\":\"https:\/\/hoyre.no\/aapne\/\"},{\"@type\":\"ListItem\",\"position\":3,\"name\":\"Pride\"}]},{\"@type\":\"WebSite\",\"@id\":\"https:\/\/hoyre.no\/aapne\/#website\",\"url\":\"https:\/\/hoyre.no\/aapne\/\",\"name\":\"\u00c5pne H\u00f8yre\",\"description\":\"Bare enda et H\u00f8yres nettsteder-nettsted\",\"inLanguage\":\"nb-NO\"}]}<\/script>\n<!-- \/ Yoast SEO plugin. -->","yoast_head_json":{"title":"Pride - \u00c5pne H\u00f8yre","robots":{"index":"index","follow":"follow","max-snippet":"max-snippet:-1","max-image-preview":"max-image-preview:large","max-video-preview":"max-video-preview:-1"},"canonical":"https:\/\/hoyre.no\/aapne\/pride\/","og_locale":"nb_NO","og_type":"article","og_title":"Pride - \u00c5pne H\u00f8yre","og_url":"https:\/\/hoyre.no\/aapne\/pride\/","og_site_name":"\u00c5pne H\u00f8yre","article_modified_time":"2026-03-13T18:44:39+00:00","twitter_card":"summary_large_image","twitter_misc":{"Ansl. lesetid":"1 minutt"},"schema":{"@context":"https:\/\/schema.org","@graph":[{"@type":"WebPage","@id":"https:\/\/hoyre.no\/aapne\/pride\/","url":"https:\/\/hoyre.no\/aapne\/pride\/","name":"Pride - \u00c5pne H\u00f8yre","isPartOf":{"@id":"https:\/\/hoyre.no\/aapne\/#website"},"datePublished":"2022-02-15T21:34:38+00:00","dateModified":"2026-03-13T18:44:39+00:00","breadcrumb":{"@id":"https:\/\/hoyre.no\/aapne\/pride\/#breadcrumb"},"inLanguage":"nb-NO","potentialAction":[{"@type":"ReadAction","target":["https:\/\/hoyre.no\/aapne\/pride\/"]}]},{"@type":"BreadcrumbList","@id":"https:\/\/hoyre.no\/aapne\/pride\/#breadcrumb","itemListElement":[{"@type":"ListItem","position":1,"name":"Til hoyre.no","item":"https:\/\/hoyre.no"},{"@type":"ListItem","position":2,"name":"Hjem","item":"https:\/\/hoyre.no\/aapne\/"},{"@type":"ListItem","position":3,"name":"Pride"}]},{"@type":"WebSite","@id":"https:\/\/hoyre.no\/aapne\/#website","url":"https:\/\/hoyre.no\/aapne\/","name":"\u00c5pne H\u00f8yre","description":"Bare enda et H\u00f8yres nettsteder-nettsted","inLanguage":"nb-NO"}]}},"distributor_meta":false,"distributor_terms":false,"distributor_media":false,"distributor_original_site_name":"\u00c5pne H\u00f8yre","distributor_original_site_url":"https:\/\/hoyre.no\/aapne","push-errors":false,"_links":{"self":[{"href":"https:\/\/hoyre.no\/aapne\/wp-json\/wp\/v2\/pages\/116","targetHints":{"allow":["GET"]}}],"collection":[{"href":"https:\/\/hoyre.no\/aapne\/wp-json\/wp\/v2\/pages"}],"about":[{"href":"https:\/\/hoyre.no\/aapne\/wp-json\/wp\/v2\/types\/page"}],"author":[{"embeddable":true,"href":"https:\/\/hoyre.no\/aapne\/wp-json\/wp\/v2\/users\/220"}],"replies":[{"embeddable":true,"href":"https:\/\/hoyre.no\/aapne\/wp-json\/wp\/v2\/comments?post=116"}],"version-history":[{"count":17,"href":"https:\/\/hoyre.no\/aapne\/wp-json\/wp\/v2\/pages\/116\/revisions"}],"predecessor-version":[{"id":329,"href":"https:\/\/hoyre.no\/aapne\/wp-json\/wp\/v2\/pages\/116\/revisions\/329"}],"wp:attachment":[{"href":"https:\/\/hoyre.no\/aapne\/wp-json\/wp\/v2\/media?parent=116"}],"curies":[{"name":"wp","href":"https:\/\/api.w.org\/{rel}","templated":true}]}}