{"id":1294,"date":"2022-03-08T09:54:12","date_gmt":"2022-03-08T08:54:12","guid":{"rendered":"https:\/\/hoyre.no\/agder\/?post_type=teft-events&#038;p=1294"},"modified":"2022-03-08T10:20:51","modified_gmt":"2022-03-08T09:20:51","slug":"regional-kampanjesamling","status":"publish","type":"teft-events","link":"https:\/\/hoyre.no\/agder\/arrangementer\/regional-kampanjesamling\/","title":{"rendered":"Regional kampanjesamling"},"content":{"rendered":"\n<div class=\"wp-block-teft-event-top\">\n\n<div class=\"teft-event-date-top\">\n<div class=\"teft-event-date-wrapper\">\n\t<div class=\"date-square\" aria-hidden=\"true\">\n\t\t23\t\t\t<\/div>\n<\/div>\n\t<div class=\"top-text\">\n\t\t\t\t\t<p class=\"top-date-text\">l\u00f8rdag 23. april 2022<\/p>\n\t\t\t\t\t\t\t<p class=\"top-time-text\">11:00 &#8211; 16:00<\/p>\n\t\t\t\t\t\t<\/div>\n\t\t<div class=\"sharing\">\n\t\t<a class=\"share-button share-link copy-link\" data-copy=\"https:\/\/hoyre.no\/agder\/arrangementer\/regional-kampanjesamling\/\" target=\"_blank\"><span class=\"screen-reader-text\">Del link<\/span><\/a>\n\t\t<a class=\"share-button share-twitter\" href=\"http:\/\/twitter.com\/share?text=Regional kampanjesamling&#038;url=https:\/\/hoyre.no\/agder\/arrangementer\/regional-kampanjesamling\/&#038;hashtags=Hoyre\" target=\"_blank\"><span class=\"screen-reader-text\">Del p\u00e5 twitter<\/span><\/a>\n\t\t<a class=\"share-button share-facebook\" href=\"https:\/\/www.facebook.com\/sharer\/sharer.php?u=https:\/\/hoyre.no\/agder\/arrangementer\/regional-kampanjesamling\/\" target=\"_blank\"><span class=\"screen-reader-text\">Del p\u00e5 facebook<\/span><\/a>\n\t<\/div>\n\t<\/div>\n<p class=\"preamble\">Den 23. april har vi gleden av \u00e5 invitere alle folke- og tillitsvalgte og andre medlemmer av Agder H\u00f8yre som skal v\u00e6re med \u00e5 bidra i valgkampen i 2023 til en inspirerende kampanjesamling!<\/p><figure class=\"hoyre-image-wrapper\"><div class=\"hoyre-image\"><img loading=\"lazy\" decoding=\"async\" width=\"2500\" height=\"1669\" src=\"https:\/\/hoyre.no\/content\/uploads\/sites\/6\/2022\/03\/DSC_4303-scaled.jpg\" class=\"attachment-scaled size-scaled\" alt=\"\" style=\"object-position: 50% 50%\" srcset=\"https:\/\/hoyre.no\/content\/uploads\/sites\/6\/2022\/03\/DSC_4303-scaled.jpg 2500w, https:\/\/hoyre.no\/content\/uploads\/sites\/6\/2022\/03\/DSC_4303-300x200.jpg 300w, https:\/\/hoyre.no\/content\/uploads\/sites\/6\/2022\/03\/DSC_4303-1024x684.jpg 1024w, https:\/\/hoyre.no\/content\/uploads\/sites\/6\/2022\/03\/DSC_4303-768x513.jpg 768w, https:\/\/hoyre.no\/content\/uploads\/sites\/6\/2022\/03\/DSC_4303-1536x1025.jpg 1536w, https:\/\/hoyre.no\/content\/uploads\/sites\/6\/2022\/03\/DSC_4303-2048x1367.jpg 2048w\" sizes=\"auto, (max-width: 2500px) 100vw, 2500px\" \/><\/div><\/figure>\n\n<div class=\"wp-block wp-block-teft-event-registration-button\">\n\t<div class=\"registration-button-wrapper\">\n\t\t\t<a href=\"https:\/\/bit.ly\/3sTqIzc\" class=\"wp-block-button__link\">Meld deg p\u00e5 her<\/a>\n\t\t\t\t\n\t<\/div>\n<\/div>\n\n<div class=\"panel teft-details-panel\">\n\t\t<h3>Detaljer<\/h3>\n\n\t\t\t\t\t<dl class=\"info-misc-with-icons\">\n\t\t\t\t<dt class=\"venue\"><span class=\"screen-reader-text\">Stedet<\/span><\/dt>\n\t\t\t\t<dd>\n\t\t\t\t\t\t\t\t\t\t\t<span class=\"address-line-1\">Kommer<\/span>\n\t\t\t\t\t\t\t\t\t\t\t\t\t\t<\/dd>\n\t\t\t<\/dl>\n\t\t\t\t\t\t\t<dl class=\"info-misc-with-icons\">\n\t\t<dt class=\"time\"><span class=\"screen-reader-text\">Arrangement dato<\/span><\/dt>\n\t\t<dd class=\"time\">\n\t\t\tl\u00f8r 23. april 2022 fra  11:00 &#8211; 16:00\t\t<\/dd>\n\t<\/dl>\n\t\t\t\t\t\t<dl class=\"info-misc-with-icons\">\n\t\t<dt class=\"registration\"><span class=\"screen-reader-text\">P\u00e5meldingsdetajer<\/span><\/dt>\n\t\t<dd class=\"registration\">\n\t\t\tGratis\t\t\t\t\t\t\t<a href=\"https:\/\/bit.ly\/3sTqIzc\">Registrer<\/a>\n\t\t\t\t\t<\/dd>\n\t<\/dl>\n\t\t<\/dl>\n<\/div>\n<\/div>\n\n\n\n\n<h2 class=\"wp-block-heading\" id=\"h-informasjon\">Informasjon<\/h2>\n\n\n\n<p>Sted: Kommer!<br>Tid: 11:00 &#8211; 16:00<br><\/p>\n\n\n\n<p><strong>Tentativt program:<\/strong><br>11.00 &#8211; 11.15 Velkommen og innledning Agder H\u00f8yres valgkampansvarlig Erik J. T. Lind\u00f8e<br>11.15 &#8211; 12.15 \u00abSammen vinner vi valget, hvis vi vil det nok!\u00bb<br>H\u00f8yres markeds- og kampanjesjef Thoralf Graner\u00f8d<br>12.15 &#8211; 12.45<br>\u00abHvordan vinne valget i media?\u00bb<br>12.45 &#8211; 13.00<br>Pause<br>13.00 &#8211; 14.00<br>\u00abHva gjorde Ris\u00f8r H\u00f8yre ved valget sist og hvilke resultater ga det?\u00bb<br>Gruppeleder Kai Magne Strat<br>14.00 &#8211; 15.00<br>\u00abI did it my way! Slik vant vi valget og fikk ordf\u00f8reren i Grimstad!\u00bb.<br>Ordf\u00f8rer Beate Skretting<br>15.00 &#8211; 15.45 \u00abSamarbeid med borgerlige partier f\u00f8r\/under\/etter valget &#8211; gode relasjoner er like viktig som valgresultat!\u00bb. Fylkesordf\u00f8rer Arne Thomassen<br>15.45 &#8211; 16.00 Oppsummering og avslutning. Agder H\u00f8yres valgkampansvarlig Erik J. T. Lind\u00f8e<\/p>\n\n\n\n<p>Under hver sekvens vil det bli satt av god tid til innspill og sp\u00f8rsm\u00e5l. Det vil ogs\u00e5 bli lagt opp til flere pauser underveis i programmet. Vi oppfordrer s\u00e6rlig kampanjeledere til \u00e5 delta p\u00e5 samlingen. Derfor er det viktig at alle foreninger velger en kampanjeleder, dersom dere ikke har gjort det. <\/p>\n\n\n\n<p>Vi gleder oss til \u00e5 se deg!<\/p>\n\n\n<div class=\"post-meta wp-block\">\n\t<div class=\"top\">\n\t\t<div class=\"sharing\">\n\t\t\t<a class=\"share-button share-link\" target=\"_blank\"><span class=\"screen-reader-text\">Del link<\/span><\/a>\n\t\t\t<a class=\"share-button share-twitter\" href=\"http:\/\/twitter.com\/share?text=Regional kampanjesamling&#038;url=https:\/\/hoyre.no\/agder\/arrangementer\/regional-kampanjesamling\/&#038;hashtags=Hoyre\"><span class=\"screen-reader-text\">Del p\u00e5 twitter<\/span><\/a>\n\t\t\t<a class=\"share-button share-facebook\" href=\"https:\/\/www.facebook.com\/sharer\/sharer.php?u=https:\/\/hoyre.no\/agder\/arrangementer\/regional-kampanjesamling\/\" target=\"_blank\"><span class=\"screen-reader-text\">Del p\u00e5 facebook<\/span><\/a>\n\t\t<\/div>\n\t<\/div>\n<\/div>\n","protected":false},"template":"","meta":{"teft_cards_image_url":"","teft_cards_custom_pretitle":"","teft_cards_image_id":1295,"teft_cards_image_focal_point_x":0.5,"teft_cards_image_focal_point_y":0.5,"teft_cards_title":"","teft_cards_excerpt":"","teft_show_chapters":false,"event_organizer":[],"event_start_date":"2022-04-23T11:00:00","event_end_date":"2022-04-23T16:00:00","event_registration_url":"https:\/\/bit.ly\/3sTqIzc","event_registration_deadline":"","event_ticket_cost":"Gratis","event_venue_name":"Kommer","event_venue_url":"","event_venue_address":""},"teft-events-category":[],"class_list":["post-1294","teft-events","type-teft-events","status-publish","hentry"],"yoast_head":"<!-- This site is optimized with the Yoast SEO Premium plugin v26.5 (Yoast SEO v26.6) - https:\/\/yoast.com\/wordpress\/plugins\/seo\/ -->\n<title>Regional kampanjesamling - Agder H\u00f8yre<\/title>\n<meta name=\"robots\" content=\"index, follow, max-snippet:-1, max-image-preview:large, max-video-preview:-1\" \/>\n<link rel=\"canonical\" href=\"https:\/\/hoyre.no\/agder\/arrangementer\/regional-kampanjesamling\/\" \/>\n<meta property=\"og:locale\" content=\"nb_NO\" \/>\n<meta property=\"og:type\" content=\"article\" \/>\n<meta property=\"og:title\" content=\"Regional kampanjesamling\" \/>\n<meta property=\"og:url\" content=\"https:\/\/hoyre.no\/agder\/arrangementer\/regional-kampanjesamling\/\" \/>\n<meta property=\"og:site_name\" content=\"Agder H\u00f8yre\" \/>\n<meta property=\"article:modified_time\" content=\"2022-03-08T09:20:51+00:00\" \/>\n<meta property=\"og:image\" content=\"https:\/\/hoyre.no\/content\/uploads\/sites\/6\/2022\/03\/DSC_4303-1024x684.jpg\" \/>\n<meta name=\"twitter:card\" content=\"summary_large_image\" \/>\n<meta name=\"twitter:label1\" content=\"Ansl. lesetid\" \/>\n\t<meta name=\"twitter:data1\" content=\"2 minutter\" \/>\n<script type=\"application\/ld+json\" class=\"yoast-schema-graph\">{\"@context\":\"https:\/\/schema.org\",\"@graph\":[{\"@type\":\"WebPage\",\"@id\":\"https:\/\/hoyre.no\/agder\/arrangementer\/regional-kampanjesamling\/\",\"url\":\"https:\/\/hoyre.no\/agder\/arrangementer\/regional-kampanjesamling\/\",\"name\":\"Regional kampanjesamling - Agder H\u00f8yre\",\"isPartOf\":{\"@id\":\"https:\/\/hoyre.no\/agder\/#website\"},\"datePublished\":\"2022-03-08T08:54:12+00:00\",\"dateModified\":\"2022-03-08T09:20:51+00:00\",\"breadcrumb\":{\"@id\":\"https:\/\/hoyre.no\/agder\/arrangementer\/regional-kampanjesamling\/#breadcrumb\"},\"inLanguage\":\"nb-NO\",\"potentialAction\":[{\"@type\":\"ReadAction\",\"target\":[\"https:\/\/hoyre.no\/agder\/arrangementer\/regional-kampanjesamling\/\"]}]},{\"@type\":\"BreadcrumbList\",\"@id\":\"https:\/\/hoyre.no\/agder\/arrangementer\/regional-kampanjesamling\/#breadcrumb\",\"itemListElement\":[{\"@type\":\"ListItem\",\"position\":1,\"name\":\"Til hoyre.no\",\"item\":\"https:\/\/hoyre.no\"},{\"@type\":\"ListItem\",\"position\":2,\"name\":\"Hjem\",\"item\":\"https:\/\/hoyre.no\/agder\/\"},{\"@type\":\"ListItem\",\"position\":3,\"name\":\"Arrangement\",\"item\":\"https:\/\/hoyre.no\/agder\/arrangementer\/\"},{\"@type\":\"ListItem\",\"position\":4,\"name\":\"Regional kampanjesamling\"}]},{\"@type\":\"WebSite\",\"@id\":\"https:\/\/hoyre.no\/agder\/#website\",\"url\":\"https:\/\/hoyre.no\/agder\/\",\"name\":\"Agder H\u00f8yre\",\"description\":\"Bare enda et H\u00f8yres nettsteder-nettsted\",\"inLanguage\":\"nb-NO\"}]}<\/script>\n<!-- \/ Yoast SEO Premium plugin. -->","yoast_head_json":{"title":"Regional kampanjesamling - Agder H\u00f8yre","robots":{"index":"index","follow":"follow","max-snippet":"max-snippet:-1","max-image-preview":"max-image-preview:large","max-video-preview":"max-video-preview:-1"},"canonical":"https:\/\/hoyre.no\/agder\/arrangementer\/regional-kampanjesamling\/","og_locale":"nb_NO","og_type":"article","og_title":"Regional kampanjesamling","og_url":"https:\/\/hoyre.no\/agder\/arrangementer\/regional-kampanjesamling\/","og_site_name":"Agder H\u00f8yre","article_modified_time":"2022-03-08T09:20:51+00:00","og_image":[{"url":"https:\/\/hoyre.no\/content\/uploads\/sites\/6\/2022\/03\/DSC_4303-1024x684.jpg","width":"","height":"","type":""}],"twitter_card":"summary_large_image","twitter_misc":{"Ansl. lesetid":"2 minutter"},"schema":{"@context":"https:\/\/schema.org","@graph":[{"@type":"WebPage","@id":"https:\/\/hoyre.no\/agder\/arrangementer\/regional-kampanjesamling\/","url":"https:\/\/hoyre.no\/agder\/arrangementer\/regional-kampanjesamling\/","name":"Regional kampanjesamling - Agder H\u00f8yre","isPartOf":{"@id":"https:\/\/hoyre.no\/agder\/#website"},"datePublished":"2022-03-08T08:54:12+00:00","dateModified":"2022-03-08T09:20:51+00:00","breadcrumb":{"@id":"https:\/\/hoyre.no\/agder\/arrangementer\/regional-kampanjesamling\/#breadcrumb"},"inLanguage":"nb-NO","potentialAction":[{"@type":"ReadAction","target":["https:\/\/hoyre.no\/agder\/arrangementer\/regional-kampanjesamling\/"]}]},{"@type":"BreadcrumbList","@id":"https:\/\/hoyre.no\/agder\/arrangementer\/regional-kampanjesamling\/#breadcrumb","itemListElement":[{"@type":"ListItem","position":1,"name":"Til hoyre.no","item":"https:\/\/hoyre.no"},{"@type":"ListItem","position":2,"name":"Hjem","item":"https:\/\/hoyre.no\/agder\/"},{"@type":"ListItem","position":3,"name":"Arrangement","item":"https:\/\/hoyre.no\/agder\/arrangementer\/"},{"@type":"ListItem","position":4,"name":"Regional kampanjesamling"}]},{"@type":"WebSite","@id":"https:\/\/hoyre.no\/agder\/#website","url":"https:\/\/hoyre.no\/agder\/","name":"Agder H\u00f8yre","description":"Bare enda et H\u00f8yres nettsteder-nettsted","inLanguage":"nb-NO"}]}},"distributor_meta":false,"distributor_terms":false,"distributor_media":false,"distributor_original_site_name":"Agder H\u00f8yre","distributor_original_site_url":"https:\/\/hoyre.no\/agder","push-errors":false,"_links":{"self":[{"href":"https:\/\/hoyre.no\/agder\/wp-json\/wp\/v2\/teft-events\/1294","targetHints":{"allow":["GET"]}}],"collection":[{"href":"https:\/\/hoyre.no\/agder\/wp-json\/wp\/v2\/teft-events"}],"about":[{"href":"https:\/\/hoyre.no\/agder\/wp-json\/wp\/v2\/types\/teft-events"}],"wp:attachment":[{"href":"https:\/\/hoyre.no\/agder\/wp-json\/wp\/v2\/media?parent=1294"}],"wp:term":[{"taxonomy":"teft-events-category","embeddable":true,"href":"https:\/\/hoyre.no\/agder\/wp-json\/wp\/v2\/teft-events-category?post=1294"}],"curies":[{"name":"wp","href":"https:\/\/api.w.org\/{rel}","templated":true}]}}