{"id":554,"date":"2021-01-27T10:39:12","date_gmt":"2021-01-27T09:39:12","guid":{"rendered":"https:\/\/hoyre.no\/agder\/?post_type=teft-events&#038;p=554"},"modified":"2021-03-16T10:12:21","modified_gmt":"2021-03-16T09:12:21","slug":"fylkesarsmote-2021","status":"publish","type":"teft-events","link":"https:\/\/hoyre.no\/agder\/arrangementer\/fylkesarsmote-2021\/","title":{"rendered":"Fylkes\u00e5rsm\u00f8te 2021"},"content":{"rendered":"\n<div class=\"wp-block-teft-event-top\">\n\n<div class=\"teft-event-date-top\">\n<div class=\"teft-event-date-wrapper\">\n\t<div class=\"date-square\" aria-hidden=\"true\">\n\t\t17\t\t\t<\/div>\n<\/div>\n\t<div class=\"top-text\">\n\t\t\t\t\t<p class=\"top-date-text\">l\u00f8rdag 17. april 2021<\/p>\n\t\t\t\t\t\t\t<p class=\"top-time-text\">10:00 &#8211; 17:30<\/p>\n\t\t\t\t\t\t<\/div>\n\t\t<div class=\"sharing\">\n\t\t<a class=\"share-button share-link copy-link\" data-copy=\"https:\/\/hoyre.no\/agder\/arrangementer\/fylkesarsmote-2021\/\" target=\"_blank\"><span class=\"screen-reader-text\">Del link<\/span><\/a>\n\t\t<a class=\"share-button share-twitter\" href=\"http:\/\/twitter.com\/share?text=Fylkes\u00e5rsm\u00f8te 2021&#038;url=https:\/\/hoyre.no\/agder\/arrangementer\/fylkesarsmote-2021\/&#038;hashtags=Hoyre\" target=\"_blank\"><span class=\"screen-reader-text\">Del p\u00e5 twitter<\/span><\/a>\n\t\t<a class=\"share-button share-facebook\" href=\"https:\/\/www.facebook.com\/sharer\/sharer.php?u=https:\/\/hoyre.no\/agder\/arrangementer\/fylkesarsmote-2021\/\" target=\"_blank\"><span class=\"screen-reader-text\">Del p\u00e5 facebook<\/span><\/a>\n\t<\/div>\n\t<\/div>\n<figure class=\"hoyre-image-wrapper\"><div class=\"hoyre-image\"><img loading=\"lazy\" decoding=\"async\" width=\"1700\" height=\"746\" src=\"https:\/\/hoyre.no\/content\/uploads\/sites\/6\/2020\/12\/2020_coverbilde_facebook32.png\" class=\"attachment-scaled size-scaled\" alt=\"\" style=\"object-position: 50% 50%\" srcset=\"https:\/\/hoyre.no\/content\/uploads\/sites\/6\/2020\/12\/2020_coverbilde_facebook32.png 1700w, https:\/\/hoyre.no\/content\/uploads\/sites\/6\/2020\/12\/2020_coverbilde_facebook32-300x132.png 300w, https:\/\/hoyre.no\/content\/uploads\/sites\/6\/2020\/12\/2020_coverbilde_facebook32-1024x449.png 1024w, https:\/\/hoyre.no\/content\/uploads\/sites\/6\/2020\/12\/2020_coverbilde_facebook32-768x337.png 768w, https:\/\/hoyre.no\/content\/uploads\/sites\/6\/2020\/12\/2020_coverbilde_facebook32-1536x674.png 1536w\" sizes=\"auto, (max-width: 1700px) 100vw, 1700px\" \/><\/div><\/figure>\n\n<div class=\"wp-block wp-block-teft-event-registration-button\">\n\t<div class=\"registration-button-wrapper\">\n\t\t\t<a href=\"agder@hoyre.no\" class=\"wp-block-button__link\">Meld deg p\u00e5 her<\/a>\n\t\t\t\t\n\t<\/div>\n<\/div>\n\n<div class=\"panel teft-details-panel\">\n\t\t<h3>Detaljer<\/h3>\n\n\t\t\t\t\t<dl class=\"info-misc-with-icons\">\n\t\t\t\t<dt class=\"venue\"><span class=\"screen-reader-text\">Stedet<\/span><\/dt>\n\t\t\t\t<dd>\n\t\t\t\t\t\t\t\t\t\t<a href=\"https:\/\/goo.gl\/maps\/BP7NVuraiSsCBP558\">Thon Hotell Norge \/ Zoom for m\u00f8tedeltakere<\/a>\n\t\t\t\t\t\t\t\t\t\t\t\t\t\t\t\t<span class=\"address-line-2\">Dronningensgate 5, Kristiansand<\/span>\n\t\t\t\t\t\t\t\t\t<\/dd>\n\t\t\t<\/dl>\n\t\t\t\t\t\t\t<dl class=\"info-misc-with-icons\">\n\t\t<dt class=\"time\"><span class=\"screen-reader-text\">Arrangement dato<\/span><\/dt>\n\t\t<dd class=\"time\">\n\t\t\tl\u00f8r 17. april 2021 fra  10:00 &#8211; 17:30\t\t<\/dd>\n\t<\/dl>\n\t\t\t\t\t\t<dl class=\"info-misc-with-icons\">\n\t\t<dt class=\"registration\"><span class=\"screen-reader-text\">P\u00e5meldingsdetajer<\/span><\/dt>\n\t\t<dd class=\"registration\">\n\t\t\tGratis\t\t\t\t\t\t\t<a href=\"http:\/\/agder@hoyre.no\">Registrer<\/a>\n\t\t\t\t\t<\/dd>\n\t<\/dl>\n\t\t<\/dl>\n<\/div>\n<\/div>\n\n\n\n\n<h2 class=\"wp-block-heading\">Informasjon<\/h2>\n\n\n\n<p>Selvskrevne delegater og \u00f8vrige delegater m\/vara mottar egen innkalling p\u00e5 e-post. Sakspapirer og endelig program sendes ut ca. 2 uker f\u00f8r. <\/p>\n\n\n\n<p><strong>P\u00e5 grunn av Covid-19 pandemien, blir m\u00f8tet digitalt og delegater vil f\u00e5 tilsendt informasjon og veileder for bruk av Zoom. <\/strong><\/p>\n\n\n<div class=\"post-meta wp-block\">\n\t<div class=\"top\">\n\t\t<div class=\"sharing\">\n\t\t\t<a class=\"share-button share-link\" target=\"_blank\"><span class=\"screen-reader-text\">Del link<\/span><\/a>\n\t\t\t<a class=\"share-button share-twitter\" href=\"http:\/\/twitter.com\/share?text=Fylkes\u00e5rsm\u00f8te 2021&#038;url=https:\/\/hoyre.no\/agder\/arrangementer\/fylkesarsmote-2021\/&#038;hashtags=Hoyre\"><span class=\"screen-reader-text\">Del p\u00e5 twitter<\/span><\/a>\n\t\t\t<a class=\"share-button share-facebook\" href=\"https:\/\/www.facebook.com\/sharer\/sharer.php?u=https:\/\/hoyre.no\/agder\/arrangementer\/fylkesarsmote-2021\/\" target=\"_blank\"><span class=\"screen-reader-text\">Del p\u00e5 facebook<\/span><\/a>\n\t\t<\/div>\n\t<\/div>\n<\/div>\n","protected":false},"template":"","meta":{"teft_cards_image_url":"","teft_cards_custom_pretitle":"","teft_cards_image_id":415,"teft_cards_image_focal_point_x":0.5,"teft_cards_image_focal_point_y":0.5,"teft_cards_title":"","teft_cards_excerpt":"","teft_show_chapters":false,"event_organizer":[],"event_start_date":"2021-04-17T10:00:00","event_end_date":"2021-04-17T17:30:00","event_registration_url":"agder@hoyre.no","event_registration_deadline":"","event_ticket_cost":"Gratis","event_venue_name":"Thon Hotell Norge \/ Zoom for m\u00f8tedeltakere","event_venue_url":"https:\/\/goo.gl\/maps\/BP7NVuraiSsCBP558","event_venue_address":"Dronningensgate 5, Kristiansand"},"teft-events-category":[],"class_list":["post-554","teft-events","type-teft-events","status-publish","hentry"],"yoast_head":"<!-- This site is optimized with the Yoast SEO Premium plugin v26.5 (Yoast SEO v26.6) - https:\/\/yoast.com\/wordpress\/plugins\/seo\/ -->\n<title>Fylkes\u00e5rsm\u00f8te 2021 - Agder H\u00f8yre<\/title>\n<meta name=\"robots\" content=\"index, follow, max-snippet:-1, max-image-preview:large, max-video-preview:-1\" \/>\n<link rel=\"canonical\" href=\"https:\/\/hoyre.no\/agder\/arrangementer\/fylkesarsmote-2021\/\" \/>\n<meta property=\"og:locale\" content=\"nb_NO\" \/>\n<meta property=\"og:type\" content=\"article\" \/>\n<meta property=\"og:title\" content=\"Fylkes\u00e5rsm\u00f8te 2021\" \/>\n<meta property=\"og:url\" content=\"https:\/\/hoyre.no\/agder\/arrangementer\/fylkesarsmote-2021\/\" \/>\n<meta property=\"og:site_name\" content=\"Agder H\u00f8yre\" \/>\n<meta property=\"article:modified_time\" content=\"2021-03-16T09:12:21+00:00\" \/>\n<meta property=\"og:image\" content=\"https:\/\/hoyre.no\/content\/uploads\/sites\/6\/2020\/12\/2020_coverbilde_facebook32-1024x449.png\" \/>\n<meta name=\"twitter:card\" content=\"summary_large_image\" \/>\n<script type=\"application\/ld+json\" class=\"yoast-schema-graph\">{\"@context\":\"https:\/\/schema.org\",\"@graph\":[{\"@type\":\"WebPage\",\"@id\":\"https:\/\/hoyre.no\/agder\/arrangementer\/fylkesarsmote-2021\/\",\"url\":\"https:\/\/hoyre.no\/agder\/arrangementer\/fylkesarsmote-2021\/\",\"name\":\"Fylkes\u00e5rsm\u00f8te 2021 - Agder H\u00f8yre\",\"isPartOf\":{\"@id\":\"https:\/\/hoyre.no\/agder\/#website\"},\"datePublished\":\"2021-01-27T09:39:12+00:00\",\"dateModified\":\"2021-03-16T09:12:21+00:00\",\"breadcrumb\":{\"@id\":\"https:\/\/hoyre.no\/agder\/arrangementer\/fylkesarsmote-2021\/#breadcrumb\"},\"inLanguage\":\"nb-NO\",\"potentialAction\":[{\"@type\":\"ReadAction\",\"target\":[\"https:\/\/hoyre.no\/agder\/arrangementer\/fylkesarsmote-2021\/\"]}]},{\"@type\":\"BreadcrumbList\",\"@id\":\"https:\/\/hoyre.no\/agder\/arrangementer\/fylkesarsmote-2021\/#breadcrumb\",\"itemListElement\":[{\"@type\":\"ListItem\",\"position\":1,\"name\":\"Til hoyre.no\",\"item\":\"https:\/\/hoyre.no\"},{\"@type\":\"ListItem\",\"position\":2,\"name\":\"Hjem\",\"item\":\"https:\/\/hoyre.no\/agder\/\"},{\"@type\":\"ListItem\",\"position\":3,\"name\":\"Arrangement\",\"item\":\"https:\/\/hoyre.no\/agder\/arrangementer\/\"},{\"@type\":\"ListItem\",\"position\":4,\"name\":\"Fylkes\u00e5rsm\u00f8te 2021\"}]},{\"@type\":\"WebSite\",\"@id\":\"https:\/\/hoyre.no\/agder\/#website\",\"url\":\"https:\/\/hoyre.no\/agder\/\",\"name\":\"Agder H\u00f8yre\",\"description\":\"Bare enda et H\u00f8yres nettsteder-nettsted\",\"inLanguage\":\"nb-NO\"}]}<\/script>\n<!-- \/ Yoast SEO Premium plugin. -->","yoast_head_json":{"title":"Fylkes\u00e5rsm\u00f8te 2021 - Agder H\u00f8yre","robots":{"index":"index","follow":"follow","max-snippet":"max-snippet:-1","max-image-preview":"max-image-preview:large","max-video-preview":"max-video-preview:-1"},"canonical":"https:\/\/hoyre.no\/agder\/arrangementer\/fylkesarsmote-2021\/","og_locale":"nb_NO","og_type":"article","og_title":"Fylkes\u00e5rsm\u00f8te 2021","og_url":"https:\/\/hoyre.no\/agder\/arrangementer\/fylkesarsmote-2021\/","og_site_name":"Agder H\u00f8yre","article_modified_time":"2021-03-16T09:12:21+00:00","og_image":[{"url":"https:\/\/hoyre.no\/content\/uploads\/sites\/6\/2020\/12\/2020_coverbilde_facebook32-1024x449.png","width":"","height":"","type":""}],"twitter_card":"summary_large_image","schema":{"@context":"https:\/\/schema.org","@graph":[{"@type":"WebPage","@id":"https:\/\/hoyre.no\/agder\/arrangementer\/fylkesarsmote-2021\/","url":"https:\/\/hoyre.no\/agder\/arrangementer\/fylkesarsmote-2021\/","name":"Fylkes\u00e5rsm\u00f8te 2021 - Agder H\u00f8yre","isPartOf":{"@id":"https:\/\/hoyre.no\/agder\/#website"},"datePublished":"2021-01-27T09:39:12+00:00","dateModified":"2021-03-16T09:12:21+00:00","breadcrumb":{"@id":"https:\/\/hoyre.no\/agder\/arrangementer\/fylkesarsmote-2021\/#breadcrumb"},"inLanguage":"nb-NO","potentialAction":[{"@type":"ReadAction","target":["https:\/\/hoyre.no\/agder\/arrangementer\/fylkesarsmote-2021\/"]}]},{"@type":"BreadcrumbList","@id":"https:\/\/hoyre.no\/agder\/arrangementer\/fylkesarsmote-2021\/#breadcrumb","itemListElement":[{"@type":"ListItem","position":1,"name":"Til hoyre.no","item":"https:\/\/hoyre.no"},{"@type":"ListItem","position":2,"name":"Hjem","item":"https:\/\/hoyre.no\/agder\/"},{"@type":"ListItem","position":3,"name":"Arrangement","item":"https:\/\/hoyre.no\/agder\/arrangementer\/"},{"@type":"ListItem","position":4,"name":"Fylkes\u00e5rsm\u00f8te 2021"}]},{"@type":"WebSite","@id":"https:\/\/hoyre.no\/agder\/#website","url":"https:\/\/hoyre.no\/agder\/","name":"Agder H\u00f8yre","description":"Bare enda et H\u00f8yres nettsteder-nettsted","inLanguage":"nb-NO"}]}},"distributor_meta":false,"distributor_terms":false,"distributor_media":false,"distributor_original_site_name":"Agder H\u00f8yre","distributor_original_site_url":"https:\/\/hoyre.no\/agder","push-errors":false,"_links":{"self":[{"href":"https:\/\/hoyre.no\/agder\/wp-json\/wp\/v2\/teft-events\/554","targetHints":{"allow":["GET"]}}],"collection":[{"href":"https:\/\/hoyre.no\/agder\/wp-json\/wp\/v2\/teft-events"}],"about":[{"href":"https:\/\/hoyre.no\/agder\/wp-json\/wp\/v2\/types\/teft-events"}],"wp:attachment":[{"href":"https:\/\/hoyre.no\/agder\/wp-json\/wp\/v2\/media?parent=554"}],"wp:term":[{"taxonomy":"teft-events-category","embeddable":true,"href":"https:\/\/hoyre.no\/agder\/wp-json\/wp\/v2\/teft-events-category?post=554"}],"curies":[{"name":"wp","href":"https:\/\/api.w.org\/{rel}","templated":true}]}}