{"id":982,"date":"2021-07-28T11:03:16","date_gmt":"2021-07-28T09:03:16","guid":{"rendered":"https:\/\/hoyre.no\/agder\/?post_type=teft-events&#038;p=982"},"modified":"2021-07-28T11:05:41","modified_gmt":"2021-07-28T09:05:41","slug":"valgkampsamling-under-arendalsuka","status":"publish","type":"teft-events","link":"https:\/\/hoyre.no\/agder\/arrangementer\/valgkampsamling-under-arendalsuka\/","title":{"rendered":"Valgkampsamling under Arendalsuka"},"content":{"rendered":"\n<div class=\"wp-block-teft-event-top\">\n\n<div class=\"teft-event-date-top\">\n<div class=\"teft-event-date-wrapper\">\n\t<div class=\"date-square\" aria-hidden=\"true\">\n\t\t16\t\t\t<\/div>\n<\/div>\n\t<div class=\"top-text\">\n\t\t\t\t\t<p class=\"top-date-text\">mandag 16. august 2021<\/p>\n\t\t\t\t\t\t\t<p class=\"top-time-text\">15:00 &#8211; 23:00<\/p>\n\t\t\t\t\t\t<\/div>\n\t\t<div class=\"sharing\">\n\t\t<a class=\"share-button share-link copy-link\" data-copy=\"https:\/\/hoyre.no\/agder\/arrangementer\/valgkampsamling-under-arendalsuka\/\" target=\"_blank\"><span class=\"screen-reader-text\">Del link<\/span><\/a>\n\t\t<a class=\"share-button share-twitter\" href=\"http:\/\/twitter.com\/share?text=Valgkampsamling under Arendalsuka&#038;url=https:\/\/hoyre.no\/agder\/arrangementer\/valgkampsamling-under-arendalsuka\/&#038;hashtags=Hoyre\" target=\"_blank\"><span class=\"screen-reader-text\">Del p\u00e5 twitter<\/span><\/a>\n\t\t<a class=\"share-button share-facebook\" href=\"https:\/\/www.facebook.com\/sharer\/sharer.php?u=https:\/\/hoyre.no\/agder\/arrangementer\/valgkampsamling-under-arendalsuka\/\" target=\"_blank\"><span class=\"screen-reader-text\">Del p\u00e5 facebook<\/span><\/a>\n\t<\/div>\n\t<\/div>\n<p class=\"preamble\">Bli med \u00e5 farge hele Arendal bl\u00e5 under Arendalsukas f\u00f8rste dag. Vi inviterer alle til v\u00e5r tradisjonsrike valgkampsamling og h\u00e5per du kommer. <\/p><figure class=\"hoyre-image-wrapper\"><div class=\"hoyre-image\"><img loading=\"lazy\" decoding=\"async\" width=\"902\" height=\"555\" src=\"https:\/\/hoyre.no\/content\/uploads\/sites\/6\/2021\/07\/arendalhavn.jpeg\" class=\"attachment-scaled size-scaled\" alt=\"\" style=\"object-position: 50% 50%\" srcset=\"https:\/\/hoyre.no\/content\/uploads\/sites\/6\/2021\/07\/arendalhavn.jpeg 902w, https:\/\/hoyre.no\/content\/uploads\/sites\/6\/2021\/07\/arendalhavn-300x185.jpeg 300w, https:\/\/hoyre.no\/content\/uploads\/sites\/6\/2021\/07\/arendalhavn-768x473.jpeg 768w\" sizes=\"auto, (max-width: 902px) 100vw, 902px\" \/><\/div><\/figure>\n\n<div class=\"wp-block wp-block-teft-event-registration-button\">\n\t<div class=\"registration-button-wrapper\">\n\t\t\t<a href=\"https:\/\/ui.ungpd.com\/Surveys\/6d0346da-f1ca-44b4-b88e-2f72c09abca8?AccountId=5ca31052-4548-4296-8e36-0856e699c78c&amp;ContactId=00000000-0000-0000-0000-000000000000&amp;IssueId=e5af8858-9685-4090-8b64-9b0198ac11d8&amp;ir=\" class=\"wp-block-button__link\">Meld deg p\u00e5 her<\/a>\n\t\t\t\t\n\t<\/div>\n<\/div>\n\n<div class=\"panel teft-details-panel\">\n\t\t<h3>Detaljer<\/h3>\n\n\t\t\t\t\t<dl class=\"info-misc-with-icons\">\n\t\t\t\t<dt class=\"venue\"><span class=\"screen-reader-text\">Stedet<\/span><\/dt>\n\t\t\t\t<dd>\n\t\t\t\t\t\t\t\t\t\t<a href=\"https:\/\/www.google.com\/maps\/place\/Canvas+Arendal\/@58.4567527,8.7644154,17z\/data=!4m6!3m5!1s0x464795ad0531d741:0xfe925158b3c74957!8m2!3d58.4569662!4d8.763467!15sChtHamVzdGVicnlnZ2EgQ2FudmFzIEFyZW5kYWySAQpyZXN0YXVyYW50\">Gjestebrygga Canvas Arendal<\/a>\n\t\t\t\t\t\t\t\t\t\t\t\t\t\t\t\t<span class=\"address-line-2\">R\u00e5dhusgata 18, 4846 Arendal<\/span>\n\t\t\t\t\t\t\t\t\t<\/dd>\n\t\t\t<\/dl>\n\t\t\t\t\t\t\t<dl class=\"info-misc-with-icons\">\n\t\t<dt class=\"time\"><span class=\"screen-reader-text\">Arrangement dato<\/span><\/dt>\n\t\t<dd class=\"time\">\n\t\t\tman 16. august 2021 fra  15:00 &#8211; 23:00\t\t<\/dd>\n\t<\/dl>\n\t\t\t\t\t\t<dl class=\"info-misc-with-icons\">\n\t\t<dt class=\"registration\"><span class=\"screen-reader-text\">P\u00e5meldingsdetajer<\/span><\/dt>\n\t\t<dd class=\"registration\">\n\t\t\tGratis\t\t\t\t\t\t\t<a href=\"https:\/\/ui.ungpd.com\/Surveys\/6d0346da-f1ca-44b4-b88e-2f72c09abca8?AccountId=5ca31052-4548-4296-8e36-0856e699c78c&#038;ContactId=00000000-0000-0000-0000-000000000000&#038;IssueId=e5af8858-9685-4090-8b64-9b0198ac11d8&#038;ir=\">Registrer<\/a>\n\t\t\t\t\t<\/dd>\n\t<\/dl>\n\t\t<\/dl>\n<\/div>\n<\/div>\n\n\n\n\n<h2 class=\"wp-block-heading\" id=\"h-informasjon\">Informasjon<\/h2>\n\n\n\n<ul class=\"wp-block-list\"><li>F\u00e5 med deg <a href=\"https:\/\/eur02.safelinks.protection.outlook.com\/?url=https%3A%2F%2Fevt.ungpd.com%2FIssues%2Fe5af8858-9685-4090-8b64-9b0198ac11d8%2FClick%3FContactId%3D00000000-0000-0000-0000-000000000000%26url%3Dhttps%253a%252f%252farendalsuka.no%252fevent%252fuser-view%252f15263%253futm_medium%253demail%2526utm_source%253dUngapped%2526utm_campaign%253dInvitasjon%25253a%252bVelkommen%252btil%252bmotiverende%252bvalgkampsamlinger%252bi%252bKristiansand%252bog%252bArendal%2526ug_cid%253d00000000-0000-0000-0000-000000000000&amp;data=04%7C01%7Ctormarius.markussen%40hoyre.no%7C3472aa372c2f4f24633908d95029eb1d%7Cbf9a38903f574896a3ab94703ec79bf9%7C0%7C0%7C637628963232566057%7CUnknown%7CTWFpbGZsb3d8eyJWIjoiMC4wLjAwMDAiLCJQIjoiV2luMzIiLCJBTiI6Ik1haWwiLCJXVCI6Mn0%3D%7C1000&amp;sdata=mshXhnyODd6FuS4hpHlqmkYapLg8%2B3YglMMBkxSF0Qk%3D&amp;reserved=0\" target=\"_blank\" rel=\"noreferrer noopener\">H\u00f8yres partitime med statsminister Erna Solberg<\/a> p\u00e5 Kanalplassen fra kl. 16.00 &#8211; 17.00. Oppm\u00f8te kl. 15 og f\u00e5 H\u00f8yre t-skjorte og H\u00f8yregull til utdeling.<\/li><li>Deretter inviterer vi alle medlemmer og H\u00f8yre-venner til valgkampsamling p\u00e5 Tyholmen med mat og sprudlevann, motivasjonsinnhold og tale ved en Statsr\u00e5d fra kl. 17.30 p\u00e5 <a href=\"https:\/\/eur02.safelinks.protection.outlook.com\/?url=https%3A%2F%2Fevt.ungpd.com%2FIssues%2Fe5af8858-9685-4090-8b64-9b0198ac11d8%2FClick%3FContactId%3D00000000-0000-0000-0000-000000000000%26url%3Dhttps%253a%252f%252fwww.facebook.com%252fcanvashove%252fposts%252f837590393821314%253futm_medium%253demail%2526utm_source%253dUngapped%2526utm_campaign%253dInvitasjon%25253a%252bVelkommen%252btil%252bmotiverende%252bvalgkampsamlinger%252bi%252bKristiansand%252bog%252bArendal%2526ug_cid%253d00000000-0000-0000-0000-000000000000&amp;data=04%7C01%7Ctormarius.markussen%40hoyre.no%7C3472aa372c2f4f24633908d95029eb1d%7Cbf9a38903f574896a3ab94703ec79bf9%7C0%7C0%7C637628963232566057%7CUnknown%7CTWFpbGZsb3d8eyJWIjoiMC4wLjAwMDAiLCJQIjoiV2luMzIiLCJBTiI6Ik1haWwiLCJXVCI6Mn0%3D%7C1000&amp;sdata=OL73iLqbAG7q9JUrdD%2BdZctcwP0Bci1%2F0AJo5Kc8J7U%3D&amp;reserved=0\" target=\"_blank\" rel=\"noreferrer noopener\">Gjestebrygga Canvas Arendal<\/a>. <\/li><li>Vi avslutter kvelden med direktesendt partilederdebatt fra Fl\u00f8yheia i Arendal fra kl. 21.20 &#8211; 23.10 (sendes p\u00e5 NRK fra ulike utesteder i byen).<\/li><\/ul>\n\n\n<div class=\"post-meta wp-block\">\n\t<div class=\"top\">\n\t\t<div class=\"sharing\">\n\t\t\t<a class=\"share-button share-link\" target=\"_blank\"><span class=\"screen-reader-text\">Del link<\/span><\/a>\n\t\t\t<a class=\"share-button share-twitter\" href=\"http:\/\/twitter.com\/share?text=Valgkampsamling under Arendalsuka&#038;url=https:\/\/hoyre.no\/agder\/arrangementer\/valgkampsamling-under-arendalsuka\/&#038;hashtags=Hoyre\"><span class=\"screen-reader-text\">Del p\u00e5 twitter<\/span><\/a>\n\t\t\t<a class=\"share-button share-facebook\" href=\"https:\/\/www.facebook.com\/sharer\/sharer.php?u=https:\/\/hoyre.no\/agder\/arrangementer\/valgkampsamling-under-arendalsuka\/\" target=\"_blank\"><span class=\"screen-reader-text\">Del p\u00e5 facebook<\/span><\/a>\n\t\t<\/div>\n\t<\/div>\n<\/div>\n","protected":false},"template":"","meta":{"teft_cards_image_url":"","teft_cards_custom_pretitle":"","teft_cards_image_id":984,"teft_cards_image_focal_point_x":0.5,"teft_cards_image_focal_point_y":0.5,"teft_cards_title":"","teft_cards_excerpt":"","teft_show_chapters":false,"event_organizer":[],"event_start_date":"2021-08-16T15:00:00","event_end_date":"2021-08-16T23:00:00","event_registration_url":"https:\/\/ui.ungpd.com\/Surveys\/6d0346da-f1ca-44b4-b88e-2f72c09abca8?AccountId=5ca31052-4548-4296-8e36-0856e699c78c&ContactId=00000000-0000-0000-0000-000000000000&IssueId=e5af8858-9685-4090-8b64-9b0198ac11d8&ir=","event_registration_deadline":"","event_ticket_cost":"Gratis","event_venue_name":"Gjestebrygga Canvas Arendal","event_venue_url":"https:\/\/www.google.com\/maps\/place\/Canvas+Arendal\/@58.4567527,8.7644154,17z\/data=!4m6!3m5!1s0x464795ad0531d741:0xfe925158b3c74957!8m2!3d58.4569662!4d8.763467!15sChtHamVzdGVicnlnZ2EgQ2FudmFzIEFyZW5kYWySAQpyZXN0YXVyYW50","event_venue_address":"R\u00e5dhusgata 18, 4846 Arendal"},"teft-events-category":[],"class_list":["post-982","teft-events","type-teft-events","status-publish","hentry"],"yoast_head":"<!-- This site is optimized with the Yoast SEO Premium plugin v26.5 (Yoast SEO v26.6) - https:\/\/yoast.com\/wordpress\/plugins\/seo\/ -->\n<title>Valgkampsamling under Arendalsuka - Agder H\u00f8yre<\/title>\n<meta name=\"robots\" content=\"index, follow, max-snippet:-1, max-image-preview:large, max-video-preview:-1\" \/>\n<link rel=\"canonical\" href=\"https:\/\/hoyre.no\/agder\/arrangementer\/valgkampsamling-under-arendalsuka\/\" \/>\n<meta property=\"og:locale\" content=\"nb_NO\" \/>\n<meta property=\"og:type\" content=\"article\" \/>\n<meta property=\"og:title\" content=\"Valgkampsamling under Arendalsuka\" \/>\n<meta property=\"og:url\" content=\"https:\/\/hoyre.no\/agder\/arrangementer\/valgkampsamling-under-arendalsuka\/\" \/>\n<meta property=\"og:site_name\" content=\"Agder H\u00f8yre\" \/>\n<meta property=\"article:modified_time\" content=\"2021-07-28T09:05:41+00:00\" \/>\n<meta property=\"og:image\" content=\"https:\/\/hoyre.no\/content\/uploads\/sites\/6\/2021\/07\/arendalhavn.jpeg\" \/>\n<meta name=\"twitter:card\" content=\"summary_large_image\" \/>\n<meta name=\"twitter:label1\" content=\"Ansl. lesetid\" \/>\n\t<meta name=\"twitter:data1\" content=\"1 minutt\" \/>\n<script type=\"application\/ld+json\" class=\"yoast-schema-graph\">{\"@context\":\"https:\/\/schema.org\",\"@graph\":[{\"@type\":\"WebPage\",\"@id\":\"https:\/\/hoyre.no\/agder\/arrangementer\/valgkampsamling-under-arendalsuka\/\",\"url\":\"https:\/\/hoyre.no\/agder\/arrangementer\/valgkampsamling-under-arendalsuka\/\",\"name\":\"Valgkampsamling under Arendalsuka - Agder H\u00f8yre\",\"isPartOf\":{\"@id\":\"https:\/\/hoyre.no\/agder\/#website\"},\"datePublished\":\"2021-07-28T09:03:16+00:00\",\"dateModified\":\"2021-07-28T09:05:41+00:00\",\"breadcrumb\":{\"@id\":\"https:\/\/hoyre.no\/agder\/arrangementer\/valgkampsamling-under-arendalsuka\/#breadcrumb\"},\"inLanguage\":\"nb-NO\",\"potentialAction\":[{\"@type\":\"ReadAction\",\"target\":[\"https:\/\/hoyre.no\/agder\/arrangementer\/valgkampsamling-under-arendalsuka\/\"]}]},{\"@type\":\"BreadcrumbList\",\"@id\":\"https:\/\/hoyre.no\/agder\/arrangementer\/valgkampsamling-under-arendalsuka\/#breadcrumb\",\"itemListElement\":[{\"@type\":\"ListItem\",\"position\":1,\"name\":\"Til hoyre.no\",\"item\":\"https:\/\/hoyre.no\"},{\"@type\":\"ListItem\",\"position\":2,\"name\":\"Hjem\",\"item\":\"https:\/\/hoyre.no\/agder\/\"},{\"@type\":\"ListItem\",\"position\":3,\"name\":\"Arrangement\",\"item\":\"https:\/\/hoyre.no\/agder\/arrangementer\/\"},{\"@type\":\"ListItem\",\"position\":4,\"name\":\"Valgkampsamling under Arendalsuka\"}]},{\"@type\":\"WebSite\",\"@id\":\"https:\/\/hoyre.no\/agder\/#website\",\"url\":\"https:\/\/hoyre.no\/agder\/\",\"name\":\"Agder H\u00f8yre\",\"description\":\"Bare enda et H\u00f8yres nettsteder-nettsted\",\"inLanguage\":\"nb-NO\"}]}<\/script>\n<!-- \/ Yoast SEO Premium plugin. -->","yoast_head_json":{"title":"Valgkampsamling under Arendalsuka - Agder H\u00f8yre","robots":{"index":"index","follow":"follow","max-snippet":"max-snippet:-1","max-image-preview":"max-image-preview:large","max-video-preview":"max-video-preview:-1"},"canonical":"https:\/\/hoyre.no\/agder\/arrangementer\/valgkampsamling-under-arendalsuka\/","og_locale":"nb_NO","og_type":"article","og_title":"Valgkampsamling under Arendalsuka","og_url":"https:\/\/hoyre.no\/agder\/arrangementer\/valgkampsamling-under-arendalsuka\/","og_site_name":"Agder H\u00f8yre","article_modified_time":"2021-07-28T09:05:41+00:00","og_image":[{"url":"https:\/\/hoyre.no\/content\/uploads\/sites\/6\/2021\/07\/arendalhavn.jpeg","width":"","height":"","type":""}],"twitter_card":"summary_large_image","twitter_misc":{"Ansl. lesetid":"1 minutt"},"schema":{"@context":"https:\/\/schema.org","@graph":[{"@type":"WebPage","@id":"https:\/\/hoyre.no\/agder\/arrangementer\/valgkampsamling-under-arendalsuka\/","url":"https:\/\/hoyre.no\/agder\/arrangementer\/valgkampsamling-under-arendalsuka\/","name":"Valgkampsamling under Arendalsuka - Agder H\u00f8yre","isPartOf":{"@id":"https:\/\/hoyre.no\/agder\/#website"},"datePublished":"2021-07-28T09:03:16+00:00","dateModified":"2021-07-28T09:05:41+00:00","breadcrumb":{"@id":"https:\/\/hoyre.no\/agder\/arrangementer\/valgkampsamling-under-arendalsuka\/#breadcrumb"},"inLanguage":"nb-NO","potentialAction":[{"@type":"ReadAction","target":["https:\/\/hoyre.no\/agder\/arrangementer\/valgkampsamling-under-arendalsuka\/"]}]},{"@type":"BreadcrumbList","@id":"https:\/\/hoyre.no\/agder\/arrangementer\/valgkampsamling-under-arendalsuka\/#breadcrumb","itemListElement":[{"@type":"ListItem","position":1,"name":"Til hoyre.no","item":"https:\/\/hoyre.no"},{"@type":"ListItem","position":2,"name":"Hjem","item":"https:\/\/hoyre.no\/agder\/"},{"@type":"ListItem","position":3,"name":"Arrangement","item":"https:\/\/hoyre.no\/agder\/arrangementer\/"},{"@type":"ListItem","position":4,"name":"Valgkampsamling under Arendalsuka"}]},{"@type":"WebSite","@id":"https:\/\/hoyre.no\/agder\/#website","url":"https:\/\/hoyre.no\/agder\/","name":"Agder H\u00f8yre","description":"Bare enda et H\u00f8yres nettsteder-nettsted","inLanguage":"nb-NO"}]}},"distributor_meta":false,"distributor_terms":false,"distributor_media":false,"distributor_original_site_name":"Agder H\u00f8yre","distributor_original_site_url":"https:\/\/hoyre.no\/agder","push-errors":false,"_links":{"self":[{"href":"https:\/\/hoyre.no\/agder\/wp-json\/wp\/v2\/teft-events\/982","targetHints":{"allow":["GET"]}}],"collection":[{"href":"https:\/\/hoyre.no\/agder\/wp-json\/wp\/v2\/teft-events"}],"about":[{"href":"https:\/\/hoyre.no\/agder\/wp-json\/wp\/v2\/types\/teft-events"}],"wp:attachment":[{"href":"https:\/\/hoyre.no\/agder\/wp-json\/wp\/v2\/media?parent=982"}],"wp:term":[{"taxonomy":"teft-events-category","embeddable":true,"href":"https:\/\/hoyre.no\/agder\/wp-json\/wp\/v2\/teft-events-category?post=982"}],"curies":[{"name":"wp","href":"https:\/\/api.w.org\/{rel}","templated":true}]}}