{"id":2256,"date":"2026-08-25T09:36:33","date_gmt":"2026-08-25T07:36:33","guid":{"rendered":"https:\/\/hoyre.no\/akershus\/?page_id=2256"},"modified":"2026-08-30T11:11:59","modified_gmt":"2026-08-30T09:11:59","slug":"blime-trine-lise-ostlund","status":"publish","type":"page","link":"https:\/\/hoyre.no\/akershus\/blime-trine-lise-ostlund\/","title":{"rendered":"Blime, Trine-Lise \u00d8stlund"},"content":{"rendered":"\n<div class=\"hero-2026 is-style-corner alignwide wp-block-hoyre-hero-2026\">\n\t\t\t<div class=\"hero-2026__image\"><img decoding=\"async\" src=\"https:\/\/hoyre.no\/content\/uploads\/sites\/432\/2026\/08\/Blime-Trine-Lise-Ostlund-4-3-1-scaled.jpg\" alt=\"\" \/><\/div>\n\t\t\t\n\t\t\t<div class=\"hero-2026__content\">\n\t\t\t\t<svg width=\"101\" height=\"480\" viewBox=\"0 0 101 480\" fill=\"none\" xmlns=\"http:\/\/www.w3.org\/2000\/svg\">\n<path d=\"M6.65616 117.334C-0.295628 76.2104 -3.77152 55.6485 6.21097 39.8114C16.1935 23.9743 36.2437 18.2415 76.3441 6.77569L100.041 0L100.042 480L67.9629 480L6.65616 117.334Z\" fill=\"currentColor\" \/>\n<\/svg>\n\n\t\t\t\t<p class=\"hero-2026__subtitle\">Bli kjent med:<\/p>\n\t\t\t\t<h2 class=\"hero-2026__title\">Trine-Lise \u00d8stlund Blime<\/h2>\n\t\t\t\t<div class=\"hero-2026__buttons\">\n\n<div class=\"wp-block-buttons is-content-justification-center is-layout-flex wp-container-core-buttons-is-layout-fe48e5de wp-block-buttons-is-layout-flex\"><\/div>\n\n<\/div>\n\t\t\t<\/div>\n\t\t<\/div>\n\n\n<blockquote class=\"wp-block-quote is-layout-flow wp-block-quote-is-layout-flow\">\n<figure class=\"wp-block-pullquote\"><blockquote><p>38 \u00e5r, fra B\u00e6rum<br>Gruppeleder i fylkestinget<br>\u00d8nsket plassering p\u00e5 listen: 1-7<\/p><\/blockquote><\/figure>\n<\/blockquote>\n\n\n\n<p class=\"is-style-large wp-block-paragraph\"><strong>Beskriv kort hvorfor du \u00f8nsker \u00e5 stille som kandidat for Akershus og hva som er din motivasjon:<\/strong><\/p>\n\n\n\n<p class=\"wp-block-paragraph\">Jeg er motivert til at Akershus skal ha et fortsatt borgerlig flertall med H\u00f8yre som st\u00f8rste og ledende parti. Min viktigste motivasjon for \u00e5 stille som kandidat er \u00f8nsket om \u00e5 gj\u00f8re en forskjell for folk. Jeg \u00f8nsker \u00e5 bidra til bedre tjenester, et mer inkluderende samfunn og at innbyggernes behov settes foran systemet.<\/p>\n\n\n\n<p class=\"wp-block-paragraph\">Jeg synes politikk er veldig g\u00f8y, og er motivert til \u00e5 fortsette \u00e5 jobbe for at Akershus blir et enda bedre fylke \u00e5 bo, leve og arbeide i. Jeg ogs\u00e5 en god relasjonsbygger, og \u00f8nsker \u00e5 bidra til et fortsatt godt samarbeid p\u00e5 borgerlig side de neste fire \u00e5rene.<\/p>\n\n\n\n<p class=\"is-style-large wp-block-paragraph\"><strong>Politiske interesseomr\u00e5der:<\/strong><\/p>\n\n\n\n<p class=\"wp-block-paragraph\">Jeg er en person som engasjerer meg for mye, men skal jeg trekke fram tre ting blir det:<\/p>\n\n\n\n<p class=\"wp-block-paragraph\">\u00b7 By- og stedsutvikling<br>\u00b7 Samferdsel<br>\u00b7 Idrett og frivillighet<\/p>\n\n\n\n<p class=\"is-style-large wp-block-paragraph\"><strong>Politisk erfaring:<\/strong><\/p>\n\n\n\n<p class=\"wp-block-paragraph\"><strong>Folkevalgte verv<\/strong><\/p>\n\n\n\n<p class=\"wp-block-paragraph\">Fire perioder som fylkestingsrepresentant i Akershus og Viken, samt ti \u00e5r som kommunestyrerepresentant i L\u00f8renskog.<\/p>\n\n\n\n<p class=\"wp-block-paragraph\">\u00b7 Gruppeleder, Akershus H\u00f8yres fylkestingsgruppe (2025\u2013p\u00e5g\u00e5r)<br>\u00b7 Fylkestingsrepresentant, Akershus (2023\u2013p\u00e5g\u00e5r)<br>\u00b7 Fylkestingsrepresentant, Viken (2019\u20132023)<br>\u00b7 Vararepresentant til Stortinget (2013\u20132019)<br>\u00b7 Kommunestyrerepresentant, L\u00f8renskog (2011\u20132021)<br>\u00b7 Fylkestingsrepresentant, Akershus (2011\u20132019)<\/p>\n\n\n\n<p class=\"wp-block-paragraph\"><strong>Parti- og organisasjonsverv<\/strong><\/p>\n\n\n\n<p class=\"wp-block-paragraph\">\u00b7 Kvinnepolitisk leder, Akershus H\u00f8yre (2026\u2013p\u00e5g\u00e5r)<br>\u00b7 Kvinnepolitisk ansvarlig, B\u00e6rum H\u00f8yre (2021\u20132022)<br>\u00b7 Kvinnepolitisk leder, Akershus H\u00f8yre (2014\u20132015)<br>\u00b7 Leder, Akershus Unge H\u00f8yre (2011\u20132013)<br>\u00b7 Nestleder, L\u00f8renskog H\u00f8yre (2011\u20132013)<\/p>\n\n\n\n<p class=\"is-style-large wp-block-paragraph\"><strong>Hvilke av dine tidligere erfaringer mener du er mest relevant med tanke p\u00e5 en plass i fylkestinget?<\/strong><\/p>\n\n\n\n<p class=\"wp-block-paragraph\">Min viktigste erfaring er \u00e5rene som folkevalgt i kommunestyret og fylkesting. Gjennom fire perioder i fylkestinget i Akershus og Viken og ti \u00e5r i kommunestyret i L\u00f8renskog har jeg f\u00e5tt bred politisk erfaring. Jeg har ogs\u00e5 f\u00e5tt erfaring fra b\u00e5de parlamentarisk styreform og formannskapsmodell.<\/p>\n\n\n\n<p class=\"wp-block-paragraph\">Det siste \u00e5ret har jeg v\u00e6rt gruppeleder for H\u00f8yres fylkestingsgruppe i Akershus. Det har v\u00e6rt en av de mest morsomme og l\u00e6rerike periodene som politisk aktiv. Jeg har f\u00e5tt v\u00e6re tett p\u00e5 de politiske prosessene, forhandle, fremme H\u00f8yres politikk og bidra til \u00e5 utvikle fylkestingsgruppen som et lag. Jeg er spesielt stolt av \u00e5 ha bidratt til at flere representanter har tatt ordet i debatter, fremmet egne forslag og v\u00e6rt synlige i media. For meg er det viktig \u00e5 bygge lag, fordi vi f\u00e5r mest gjennomslag n\u00e5r vi jobber sammen.<\/p>\n\n\n\n<p class=\"wp-block-paragraph\">Jeg har jobbet fem \u00e5r som politisk r\u00e5dgiver for H\u00f8yres kommunal- og forvaltningsfraksjon p\u00e5 Stortinget. Der arbeidet jeg blant annet med kommune\u00f8konomi, kommuneloven, plan- og bygningsloven og fylkesinndelingen. Det \u00e5 kjenne prosessene p\u00e5 Stortinget er en styrke n\u00e5r man skal f\u00e5 vedtatt politikk ogs\u00e5 i fylket. Noen ganger er det regelverket nasjonalt vi m\u00e5 endre p\u00e5 for \u00e5 skape bedre tjenester til innbyggere lokalt, og da m\u00e5 vi p\u00e5virke andre deler av partiet.<\/p>\n\n\n\n<p class=\"wp-block-paragraph\">I tillegg har \u00e5rene i Norges Blindeforbund og Norges Blindeforbunds Ungdom gitt meg erfaringen og kunnskap om tilgjengelighet og inkludering, og om hvordan vi kan bygge et samfunn som gir alle like muligheter for alle.<\/p>\n\n\n\n<p class=\"wp-block-paragraph\">Samlet sett har jeg erfaring fra alle de tre forvaltningsniv\u00e5ene, i tillegg til interessepolitisk arbeid utenfor partipolitikken. Alt dette er erfaring jeg mener er relevant i arbeidet p\u00e5 fylkestinget.<\/p>\n\n\n\n<p class=\"is-style-large wp-block-paragraph\"><strong>Utdanning:<\/strong><\/p>\n\n\n\n<p class=\"wp-block-paragraph\">\u00b7 Master i Religion, Society and Global Issues, Det teologiske Menighetsfakultet (2011\u20132013)<\/p>\n\n\n\n<p class=\"wp-block-paragraph\">\u00b7 Bachelor i samfunn og kultur, Universitetet i Oslo (2008\u20132011)<\/p>\n\n\n\n<p class=\"wp-block-paragraph\">\u00b7 Videreg\u00e5ende oppl\u00e6ring, Europaskolan, Str\u00e4ngn\u00e4s, Sverige (2004\u20132007)<\/p>\n\n\n\n<p class=\"wp-block-paragraph\">I tillegg har jeg tatt f\u00f8rste \u00e5ret av en bachelor i \u00f8konomi og administrasjon og fag innenfor master i styring og ledelse ved Oslomet.<\/p>\n\n\n\n<p class=\"is-style-large wp-block-paragraph\"><strong>Yrkesfaglig bakgrunn\/erfaring:<\/strong><\/p>\n\n\n\n<p class=\"wp-block-paragraph\">\u00b7 Politisk r\u00e5dgiver, H\u00f8yres stortingsgruppe (April 2020 \u2013 oktober 2025 (permisjon))<\/p>\n\n\n\n<p class=\"wp-block-paragraph\">\u00b7 Daglig leder, Norges Blindeforbunds Ungdom (Januar 2019 \u2013 april 2020)<\/p>\n\n\n\n<p class=\"wp-block-paragraph\">\u00b7 Organisasjonskoordinator, Norges Blindeforbund (April 2014 \u2013 desember 2018) Stillingen bestod av 75 % funksjon som daglig leder for Norges Blindeforbunds Ungdom og 25 % ansvar for planlegging og gjennomf\u00f8ring av leirtilbud i Norges Blindeforbund for unge voksne i alderen 18\u201335 \u00e5r.<\/p>\n\n\n\n<p class=\"wp-block-paragraph\">\u00b7 Organisasjonssekret\u00e6r, Akershus H\u00f8yre (Januar 2014 \u2013 mars 2014)<\/p>\n\n\n\n<p class=\"wp-block-paragraph\">\u00b7 Fylkessekret\u00e6r, Akershus Unge H\u00f8yre (Januar 2010 \u2013 oktober 2011)<\/p>\n\n\n\n<p class=\"wp-block-paragraph\">\u00b7 Valgkampansvarlig, Unge H\u00f8yres Landsforbund (Januar 2009 \u2013 oktober 2009)<\/p>\n\n\n\n<p class=\"wp-block-paragraph\">\u00b7 Ungdomssekret\u00e6r, Akershus Unge H\u00f8yre (Mars 2008 \u2013 desember 2008)<\/p>\n\n\n\n<p class=\"is-style-large wp-block-paragraph\"><strong>Erfaring fra andre organisasjoner:<\/strong><\/p>\n\n\n\n<p class=\"wp-block-paragraph\">\u00b7 Norges Blindeforbund og Norges Blindeforbunds Ungdom (2014\u20132020) \u2013 organisasjonskoordinator og daglig leder<\/p>\n\n\n\n<p class=\"wp-block-paragraph\">\u00b7 Delta Norges Blindeforbund (2017\u20132019) \u2013 leder og nestleder<\/p>\n\n\n\n<p class=\"wp-block-paragraph\">\u00b7 Centrum Tigers Basketballklubb (2024\u20132026) \u2013 medlem av valgkomiteen<\/p>\n\n\n\n<p class=\"wp-block-paragraph\">\u00b7 Fjellinjen AS (2014\u20132016) \u2013 varamedlem til styret<\/p>\n\n\n\n<p class=\"wp-block-paragraph\">\u00b7 V\u00e5lerenga IF (spiller basket i klubben (2. divisjon))<\/p>\n\n","protected":false},"excerpt":{"rendered":"","protected":false},"author":167,"featured_media":0,"parent":0,"menu_order":0,"comment_status":"closed","ping_status":"closed","template":"","meta":{"teft_cards_image_url":"","teft_cards_custom_pretitle":"","teft_cards_image_id":0,"teft_cards_image_focal_point_x":0,"teft_cards_image_focal_point_y":0,"teft_cards_title":"","teft_cards_excerpt":"","teft_show_chapters":false,"footnotes":""},"class_list":["post-2256","page","type-page","status-publish","hentry"],"yoast_head":"<!-- This site is optimized with the Yoast SEO plugin v28.2 - https:\/\/yoast.com\/product\/yoast-seo-wordpress\/ -->\n<title>Blime, Trine-Lise \u00d8stlund - Akershus H\u00f8yre<\/title>\n<meta name=\"robots\" content=\"index, follow, max-snippet:-1, max-image-preview:large, max-video-preview:-1\" \/>\n<link rel=\"canonical\" href=\"https:\/\/hoyre.no\/akershus\/blime-trine-lise-ostlund\/\" \/>\n<meta property=\"og:locale\" content=\"nb_NO\" \/>\n<meta property=\"og:type\" content=\"article\" \/>\n<meta property=\"og:title\" content=\"Blime, Trine-Lise \u00d8stlund - Akershus H\u00f8yre\" \/>\n<meta property=\"og:url\" content=\"https:\/\/hoyre.no\/akershus\/blime-trine-lise-ostlund\/\" \/>\n<meta property=\"og:site_name\" content=\"Akershus H\u00f8yre\" \/>\n<meta property=\"article:publisher\" content=\"https:\/\/www.facebook.com\/akershus.h\" \/>\n<meta property=\"article:modified_time\" content=\"2026-08-30T09:11:59+00:00\" \/>\n<meta name=\"twitter:card\" content=\"summary_large_image\" \/>\n<meta name=\"twitter:label1\" content=\"Ansl. lesetid\" \/>\n\t<meta name=\"twitter:data1\" content=\"4 minutter\" \/>\n<script type=\"application\/ld+json\" class=\"yoast-schema-graph\">{\"@context\":\"https:\\\/\\\/schema.org\",\"@graph\":[{\"@type\":\"WebPage\",\"@id\":\"https:\\\/\\\/hoyre.no\\\/akershus\\\/blime-trine-lise-ostlund\\\/\",\"url\":\"https:\\\/\\\/hoyre.no\\\/akershus\\\/blime-trine-lise-ostlund\\\/\",\"name\":\"Blime, Trine-Lise \u00d8stlund - Akershus H\u00f8yre\",\"isPartOf\":{\"@id\":\"https:\\\/\\\/hoyre.no\\\/akershus\\\/#website\"},\"datePublished\":\"2026-08-25T07:36:33+00:00\",\"dateModified\":\"2026-08-30T09:11:59+00:00\",\"breadcrumb\":{\"@id\":\"https:\\\/\\\/hoyre.no\\\/akershus\\\/blime-trine-lise-ostlund\\\/#breadcrumb\"},\"inLanguage\":\"nb-NO\",\"potentialAction\":[{\"@type\":\"ReadAction\",\"target\":[\"https:\\\/\\\/hoyre.no\\\/akershus\\\/blime-trine-lise-ostlund\\\/\"]}]},{\"@type\":\"BreadcrumbList\",\"@id\":\"https:\\\/\\\/hoyre.no\\\/akershus\\\/blime-trine-lise-ostlund\\\/#breadcrumb\",\"itemListElement\":[{\"@type\":\"ListItem\",\"position\":1,\"name\":\"Til hoyre.no\",\"item\":\"https:\\\/\\\/hoyre.no\"},{\"@type\":\"ListItem\",\"position\":2,\"name\":\"Hjem\",\"item\":\"https:\\\/\\\/hoyre.no\\\/akershus\\\/\"},{\"@type\":\"ListItem\",\"position\":3,\"name\":\"Blime, Trine-Lise \u00d8stlund\"}]},{\"@type\":\"WebSite\",\"@id\":\"https:\\\/\\\/hoyre.no\\\/akershus\\\/#website\",\"url\":\"https:\\\/\\\/hoyre.no\\\/akershus\\\/\",\"name\":\"Akershus H\u00f8yre\",\"description\":\"Bare enda et H\u00f8yres nettsteder-nettsted\",\"publisher\":{\"@id\":\"https:\\\/\\\/hoyre.no\\\/akershus\\\/#organization\"},\"inLanguage\":\"nb-NO\"},{\"@type\":\"Organization\",\"@id\":\"https:\\\/\\\/hoyre.no\\\/akershus\\\/#organization\",\"name\":\"Akershus H\u00f8yre\",\"url\":\"https:\\\/\\\/hoyre.no\\\/akershus\\\/\",\"logo\":{\"@type\":\"ImageObject\",\"inLanguage\":\"nb-NO\",\"@id\":\"https:\\\/\\\/hoyre.no\\\/akershus\\\/#\\\/schema\\\/logo\\\/image\\\/\",\"url\":\"https:\\\/\\\/hoyre.no\\\/content\\\/uploads\\\/sites\\\/432\\\/2023\\\/02\\\/hoyre_logo.png\",\"contentUrl\":\"https:\\\/\\\/hoyre.no\\\/content\\\/uploads\\\/sites\\\/432\\\/2023\\\/02\\\/hoyre_logo.png\",\"width\":1000,\"height\":1000,\"caption\":\"Akershus H\u00f8yre\"},\"image\":{\"@id\":\"https:\\\/\\\/hoyre.no\\\/akershus\\\/#\\\/schema\\\/logo\\\/image\\\/\"},\"sameAs\":[\"https:\\\/\\\/www.facebook.com\\\/akershus.h\"]}]}<\/script>\n<!-- \/ Yoast SEO plugin. -->","yoast_head_json":{"title":"Blime, Trine-Lise \u00d8stlund - Akershus H\u00f8yre","robots":{"index":"index","follow":"follow","max-snippet":"max-snippet:-1","max-image-preview":"max-image-preview:large","max-video-preview":"max-video-preview:-1"},"canonical":"https:\/\/hoyre.no\/akershus\/blime-trine-lise-ostlund\/","og_locale":"nb_NO","og_type":"article","og_title":"Blime, Trine-Lise \u00d8stlund - Akershus H\u00f8yre","og_url":"https:\/\/hoyre.no\/akershus\/blime-trine-lise-ostlund\/","og_site_name":"Akershus H\u00f8yre","article_publisher":"https:\/\/www.facebook.com\/akershus.h","article_modified_time":"2026-08-30T09:11:59+00:00","twitter_card":"summary_large_image","twitter_misc":{"Ansl. lesetid":"4 minutter"},"schema":{"@context":"https:\/\/schema.org","@graph":[{"@type":"WebPage","@id":"https:\/\/hoyre.no\/akershus\/blime-trine-lise-ostlund\/","url":"https:\/\/hoyre.no\/akershus\/blime-trine-lise-ostlund\/","name":"Blime, Trine-Lise \u00d8stlund - Akershus H\u00f8yre","isPartOf":{"@id":"https:\/\/hoyre.no\/akershus\/#website"},"datePublished":"2026-08-25T07:36:33+00:00","dateModified":"2026-08-30T09:11:59+00:00","breadcrumb":{"@id":"https:\/\/hoyre.no\/akershus\/blime-trine-lise-ostlund\/#breadcrumb"},"inLanguage":"nb-NO","potentialAction":[{"@type":"ReadAction","target":["https:\/\/hoyre.no\/akershus\/blime-trine-lise-ostlund\/"]}]},{"@type":"BreadcrumbList","@id":"https:\/\/hoyre.no\/akershus\/blime-trine-lise-ostlund\/#breadcrumb","itemListElement":[{"@type":"ListItem","position":1,"name":"Til hoyre.no","item":"https:\/\/hoyre.no"},{"@type":"ListItem","position":2,"name":"Hjem","item":"https:\/\/hoyre.no\/akershus\/"},{"@type":"ListItem","position":3,"name":"Blime, Trine-Lise \u00d8stlund"}]},{"@type":"WebSite","@id":"https:\/\/hoyre.no\/akershus\/#website","url":"https:\/\/hoyre.no\/akershus\/","name":"Akershus H\u00f8yre","description":"Bare enda et H\u00f8yres nettsteder-nettsted","publisher":{"@id":"https:\/\/hoyre.no\/akershus\/#organization"},"inLanguage":"nb-NO"},{"@type":"Organization","@id":"https:\/\/hoyre.no\/akershus\/#organization","name":"Akershus H\u00f8yre","url":"https:\/\/hoyre.no\/akershus\/","logo":{"@type":"ImageObject","inLanguage":"nb-NO","@id":"https:\/\/hoyre.no\/akershus\/#\/schema\/logo\/image\/","url":"https:\/\/hoyre.no\/content\/uploads\/sites\/432\/2023\/02\/hoyre_logo.png","contentUrl":"https:\/\/hoyre.no\/content\/uploads\/sites\/432\/2023\/02\/hoyre_logo.png","width":1000,"height":1000,"caption":"Akershus H\u00f8yre"},"image":{"@id":"https:\/\/hoyre.no\/akershus\/#\/schema\/logo\/image\/"},"sameAs":["https:\/\/www.facebook.com\/akershus.h"]}]}},"distributor_meta":false,"distributor_terms":false,"distributor_media":false,"distributor_original_site_name":"Akershus H\u00f8yre","distributor_original_site_url":"https:\/\/hoyre.no\/akershus","push-errors":false,"_links":{"self":[{"href":"https:\/\/hoyre.no\/akershus\/wp-json\/wp\/v2\/pages\/2256","targetHints":{"allow":["GET"]}}],"collection":[{"href":"https:\/\/hoyre.no\/akershus\/wp-json\/wp\/v2\/pages"}],"about":[{"href":"https:\/\/hoyre.no\/akershus\/wp-json\/wp\/v2\/types\/page"}],"author":[{"embeddable":true,"href":"https:\/\/hoyre.no\/akershus\/wp-json\/wp\/v2\/users\/167"}],"replies":[{"embeddable":true,"href":"https:\/\/hoyre.no\/akershus\/wp-json\/wp\/v2\/comments?post=2256"}],"version-history":[{"count":17,"href":"https:\/\/hoyre.no\/akershus\/wp-json\/wp\/v2\/pages\/2256\/revisions"}],"predecessor-version":[{"id":2769,"href":"https:\/\/hoyre.no\/akershus\/wp-json\/wp\/v2\/pages\/2256\/revisions\/2769"}],"wp:attachment":[{"href":"https:\/\/hoyre.no\/akershus\/wp-json\/wp\/v2\/media?parent=2256"}],"curies":[{"name":"wp","href":"https:\/\/api.w.org\/{rel}","templated":true}]}}