{"id":2282,"date":"2026-08-25T10:34:43","date_gmt":"2026-08-25T08:34:43","guid":{"rendered":"https:\/\/hoyre.no\/akershus\/?page_id=2282"},"modified":"2026-08-30T11:05:27","modified_gmt":"2026-08-30T09:05:27","slug":"andresen-amine","status":"publish","type":"page","link":"https:\/\/hoyre.no\/akershus\/andresen-amine\/","title":{"rendered":"Andresen, Amine"},"content":{"rendered":"\n<div class=\"hero-2026 is-style-corner alignwide wp-block-hoyre-hero-2026\">\n\t\t\t<div class=\"hero-2026__image\"><img decoding=\"async\" src=\"https:\/\/hoyre.no\/content\/uploads\/sites\/432\/2026\/08\/Andresen-Amine-4-3.jpg\" alt=\"\" \/><\/div>\n\t\t\t\n\t\t\t<div class=\"hero-2026__content\">\n\t\t\t\t<svg width=\"101\" height=\"480\" viewBox=\"0 0 101 480\" fill=\"none\" xmlns=\"http:\/\/www.w3.org\/2000\/svg\">\n<path d=\"M6.65616 117.334C-0.295628 76.2104 -3.77152 55.6485 6.21097 39.8114C16.1935 23.9743 36.2437 18.2415 76.3441 6.77569L100.041 0L100.042 480L67.9629 480L6.65616 117.334Z\" fill=\"currentColor\" \/>\n<\/svg>\n\n\t\t\t\t<p class=\"hero-2026__subtitle\">Bli kjent med:<\/p>\n\t\t\t\t<h2 class=\"hero-2026__title\">Amine Mabel Andresen<\/h2>\n\t\t\t\t<div class=\"hero-2026__buttons\">\n\n<div class=\"wp-block-buttons is-content-justification-center is-layout-flex wp-container-core-buttons-is-layout-fe48e5de wp-block-buttons-is-layout-flex\"><\/div>\n\n<\/div>\n\t\t\t<\/div>\n\t\t<\/div>\n\n\n<blockquote class=\"wp-block-quote is-layout-flow wp-block-quote-is-layout-flow\">\n<figure class=\"wp-block-pullquote\"><blockquote><p>49 \u00e5r, L\u00f8renskog<br>Ordf\u00f8rer L\u00f8renskog kommune<br>\u00d8nsket plassering p\u00e5 listen: 7-12<\/p><\/blockquote><\/figure>\n<\/blockquote>\n\n\n\n<p class=\"is-style-large wp-block-paragraph\"><strong>Beskriv kort hvorfor du \u00f8nsker \u00e5 stille som kandidat for Akershus og hva som er din motivasjon:<\/strong><\/p>\n\n\n\n<p class=\"wp-block-paragraph\">Jeg \u00f8nsker \u00e5 stille som kandidat for Akershus fordi jeg brenner for \u00e5 skape sterke lokalsamfunn og gode tjenester for innbyggerne v\u00e5re. Gjennom rollen som ordf\u00f8rer i L\u00f8renskog har jeg f\u00e5tt oppleve hvor viktig det er med politikere som lytter, bygger tillit og tar ansvar \u2013 ogs\u00e5 n\u00e5r beslutningene er krevende.<\/p>\n\n\n\n<p class=\"wp-block-paragraph\">Jeg har ogs\u00e5 v\u00e6rt s\u00e5 heldig \u00e5 f\u00e5 sitte som vara til fylkestinget i denne perioden, og gjennom det f\u00e5tt delta p\u00e5 en rekke m\u00f8ter og prosesser. Det har gitt meg et enda st\u00f8rre engasjement for fylkespolitikken og en bedre forst\u00e5else av hvor viktig fylkeskommunens rolle er for innbyggerne v\u00e5re, enten det handler om videreg\u00e5ende oppl\u00e6ring, samferdsel, tannhelse eller regional utvikling.<\/p>\n\n\n\n<p class=\"wp-block-paragraph\">Min motivasjon er \u00e5 bidra til at Akershus fortsetter \u00e5 v\u00e6re et fylke med muligheter for alle. Jeg \u00f8nsker \u00e5 v\u00e6re en tydelig stemme for innbyggerne, bygge broer mellom mennesker og bidra til l\u00f8sninger som er b\u00e5de ansvarlige og fremtidsrettede.<\/p>\n\n\n\n<p class=\"wp-block-paragraph\">For meg handler politikk f\u00f8rst og fremst om mennesker. Det handler om \u00e5 v\u00e6re til stede, lytte til innbyggerne og aldri glemme hvem vi er valgt for. Det er m\u00f8tene med mennesker, historiene deres og muligheten til \u00e5 gj\u00f8re en positiv forskjell som gir meg energi og motivasjon til \u00e5 fortsette arbeidet for Akershus.<\/p>\n\n\n\n<p class=\"is-style-large wp-block-paragraph\"><strong>Politiske interesseomr\u00e5der:<\/strong><\/p>\n\n\n\n<p class=\"wp-block-paragraph\">Mine viktigste politiske interesseomr\u00e5der er oppvekst, barn og unge, samferdsel og regional utvikling, samt inkludering, mangfold og fellesskap.<\/p>\n\n\n\n<p class=\"wp-block-paragraph\">Jeg er opptatt av \u00e5 skape trygge og gode lokalsamfunn der barn og unge f\u00e5r de beste forutsetningene for \u00e5 lykkes. Gode oppvekstvilk\u00e5r, sterke fellesskap og meningsfulle fritidstilbud er ikke bare viktig for den enkelte, men ogs\u00e5 en investering i fremtidens samfunn.<\/p>\n\n\n\n<p class=\"wp-block-paragraph\">Samtidig er jeg engasjert i samferdsel og regional utvikling fordi gode transportl\u00f8sninger og helhetlig planlegging er avgj\u00f8rende for at Akershus skal v\u00e6re et attraktivt fylke \u00e5 bo, jobbe og drive n\u00e6ringsvirksomhet i. Som en vekstregion m\u00e5 vi utvikle oss p\u00e5 en m\u00e5te som b\u00e5de ivaretar innbyggernes behov og legger til rette for fremtidig vekst.<\/p>\n\n\n\n<p class=\"wp-block-paragraph\">Inkludering, mangfold og fellesskap st\u00e5r ogs\u00e5 mitt hjerte n\u00e6rt. Akershus best\u00e5r av mennesker med ulik bakgrunn, erfaring og livssituasjon, og jeg mener vi blir sterkere n\u00e5r alle opplever \u00e5 h\u00f8re til og f\u00e5r mulighet til \u00e5 delta. Derfor er det viktig for meg \u00e5 bidra til samfunn der mennesker m\u00f8tes med respekt, hvor mangfold sees som en styrke, og hvor fellesskapet skaper tilh\u00f8righet og trygghet.<\/p>\n\n\n\n<p class=\"is-style-large wp-block-paragraph\"><strong>Politisk erfaring:<\/strong><\/p>\n\n\n\n<p class=\"wp-block-paragraph\">Jeg har v\u00e6rt folkevalgt i L\u00f8renskog siden 2014 og har hatt en rekke politiske verv i b\u00e5de L\u00f8renskog H\u00f8yre og Akershus H\u00f8yre. Fra 2017 til 2023 var jeg gruppeleder for H\u00f8yres kommunestyregruppe i L\u00f8renskog, f\u00f8r jeg i 2023 ble valgt til ordf\u00f8rer. I innev\u00e6rende periode har jeg ogs\u00e5 v\u00e6rt varamedlem til Akershus fylkesting og deltatt p\u00e5 en rekke m\u00f8ter og prosesser p\u00e5 fylkesniv\u00e5. Jeg har v\u00e6rt ordf\u00f8rerkandidat for L\u00f8renskog H\u00f8yre ved flere valg og har ogs\u00e5 st\u00e5tt p\u00e5 Akershus H\u00f8yres lister til b\u00e5de fylkestings- og stortingsvalg.<\/p>\n\n\n\n<p class=\"is-style-large wp-block-paragraph\"><strong>Hvilke av dine tidligere erfaringer mener du er mest relevant med tanke p\u00e5 en plass i fylkestinget?<\/strong><\/p>\n\n\n\n<p class=\"wp-block-paragraph\">Som ordf\u00f8rer i L\u00f8renskog har jeg f\u00e5tt bred erfaring med politisk ledelse, samarbeid p\u00e5 tvers av partier og forvaltningsniv\u00e5er, samt h\u00e5ndtering av komplekse saker innen \u00f8konomi, tjenesteutvikling og samfunnsutvikling. Rollen har gitt meg god innsikt i hvordan kommunale og fylkeskommunale beslutninger p\u00e5virker innbyggernes hverdag, og hvor viktig samspillet mellom kommune og fylkeskommune er.<\/p>\n\n\n\n<p class=\"wp-block-paragraph\">Jeg har ogs\u00e5 v\u00e6rt gruppeleder for H\u00f8yres kommunestyregruppe i seks \u00e5r og har gjennom dette opparbeidet solid erfaring med politikkutvikling, strategisk arbeid og politiske prosesser.<\/p>\n\n\n\n<p class=\"wp-block-paragraph\">Som varamedlem til Akershus fylkesting har jeg f\u00e5tt verdifull innsikt i fylkeskommunens ansvarsomr\u00e5der og deltatt i en rekke m\u00f8ter og prosesser p\u00e5 fylkesniv\u00e5. Dette har styrket mitt engasjement for saker knyttet til samferdsel, videreg\u00e5ende oppl\u00e6ring og regional utvikling.<\/p>\n\n\n\n<p class=\"wp-block-paragraph\">I tillegg har min bakgrunn fra privat n\u00e6ringsliv gitt meg erfaring med ledelse, \u00f8konomistyring og organisasjonsutvikling, noe jeg mener er viktig for \u00e5 kunne bidra til gode prioriteringer og ansvarlig forvaltning av fellesskapets ressurser.<\/p>\n\n\n\n<p class=\"wp-block-paragraph\">Samlet har disse erfaringene gitt meg et godt grunnlag for \u00e5 bidra aktivt og konstruktivt i fylkestinget til beste for innbyggerne i Akershus.<\/p>\n\n\n\n<p class=\"is-style-large wp-block-paragraph\"><strong>Utdanning:<\/strong><\/p>\n\n\n\n<p class=\"wp-block-paragraph\">Jeg har fagbrev i reiseliv, samt bachelorgrader innen ledelse og jus. Utdanningen har gitt meg kompetanse innen blant annet ledelse, organisasjonsutvikling, arbeidsliv, forvaltning og juridiske problemstillinger. Kombinert med mange \u00e5rs erfaring fra privat n\u00e6ringsliv og politiske verv har dette gitt meg et solid grunnlag for \u00e5 forst\u00e5 komplekse saker og ta ansvarlige beslutninger.<\/p>\n\n\n\n<p class=\"is-style-large wp-block-paragraph\"><strong>Yrkesfaglig bakgrunn\/erfaring:<\/strong><\/p>\n\n\n\n<p class=\"wp-block-paragraph\">Jeg har faglig bakgrunn fra reiselivsn\u00e6ringen og har gjennom store deler av yrkeslivet hatt lederroller i privat n\u00e6ringsliv. Jeg har erfaring innen ledelse, personalansvar, organisasjonsutvikling, \u00f8konomistyring og strategisk arbeid, og har ledet b\u00e5de medarbeidere og virksomheter gjennom endring og utvikling.<\/p>\n\n\n\n<p class=\"wp-block-paragraph\">Gjennom min yrkeskarriere har jeg opparbeidet bred erfaring med \u00e5 bygge sterke team, skape resultater og balansere hensynet til mennesker, kvalitet og \u00f8konomi. Denne erfaringen har v\u00e6rt verdifull b\u00e5de i arbeidslivet og i mine politiske verv.<\/p>\n\n\n\n<p class=\"is-style-large wp-block-paragraph\"><strong>Erfaring fra andre organisasjoner:<\/strong><\/p>\n\n\n\n<p class=\"wp-block-paragraph\">Jeg har lang erfaring fra frivillige og ideelle organisasjoner. Jeg har v\u00e6rt leder i FUB\/\u00d8nskebarn, leder for Verdens Barn Akershus og styremedlem i Dyrebeskyttelsen.<\/p>\n\n\n\n<p class=\"wp-block-paragraph\">Gjennom disse vervene har jeg opparbeidet erfaring med styrearbeid, organisasjonsutvikling, frivillig ledelse, interessepolitisk arbeid og interesseorganisasjoner. Erfaringene har gitt meg verdifull innsikt i hvordan frivilligheten bidrar til \u00e5 skape fellesskap, engasjement og st\u00f8tte for mennesker i ulike livssituasjoner.<\/p>\n\n","protected":false},"excerpt":{"rendered":"","protected":false},"author":167,"featured_media":0,"parent":0,"menu_order":0,"comment_status":"closed","ping_status":"closed","template":"","meta":{"teft_cards_image_url":"","teft_cards_custom_pretitle":"","teft_cards_image_id":0,"teft_cards_image_focal_point_x":0.5,"teft_cards_image_focal_point_y":0.5,"teft_cards_title":"","teft_cards_excerpt":"","teft_show_chapters":false,"footnotes":""},"class_list":["post-2282","page","type-page","status-publish","hentry"],"yoast_head":"<!-- This site is optimized with the Yoast SEO plugin v28.2 - https:\/\/yoast.com\/product\/yoast-seo-wordpress\/ -->\n<title>Andresen, Amine - Akershus H\u00f8yre<\/title>\n<meta name=\"robots\" content=\"index, follow, max-snippet:-1, max-image-preview:large, max-video-preview:-1\" \/>\n<link rel=\"canonical\" href=\"https:\/\/hoyre.no\/akershus\/andresen-amine\/\" \/>\n<meta property=\"og:locale\" content=\"nb_NO\" \/>\n<meta property=\"og:type\" content=\"article\" \/>\n<meta property=\"og:title\" content=\"Andresen, Amine - Akershus H\u00f8yre\" \/>\n<meta property=\"og:url\" content=\"https:\/\/hoyre.no\/akershus\/andresen-amine\/\" \/>\n<meta property=\"og:site_name\" content=\"Akershus H\u00f8yre\" \/>\n<meta property=\"article:publisher\" content=\"https:\/\/www.facebook.com\/akershus.h\" \/>\n<meta property=\"article:modified_time\" content=\"2026-08-30T09:05:27+00:00\" \/>\n<meta name=\"twitter:card\" content=\"summary_large_image\" \/>\n<meta name=\"twitter:label1\" content=\"Ansl. lesetid\" \/>\n\t<meta name=\"twitter:data1\" content=\"5 minutter\" \/>\n<script type=\"application\/ld+json\" class=\"yoast-schema-graph\">{\"@context\":\"https:\\\/\\\/schema.org\",\"@graph\":[{\"@type\":\"WebPage\",\"@id\":\"https:\\\/\\\/hoyre.no\\\/akershus\\\/andresen-amine\\\/\",\"url\":\"https:\\\/\\\/hoyre.no\\\/akershus\\\/andresen-amine\\\/\",\"name\":\"Andresen, Amine - Akershus H\u00f8yre\",\"isPartOf\":{\"@id\":\"https:\\\/\\\/hoyre.no\\\/akershus\\\/#website\"},\"datePublished\":\"2026-08-25T08:34:43+00:00\",\"dateModified\":\"2026-08-30T09:05:27+00:00\",\"breadcrumb\":{\"@id\":\"https:\\\/\\\/hoyre.no\\\/akershus\\\/andresen-amine\\\/#breadcrumb\"},\"inLanguage\":\"nb-NO\",\"potentialAction\":[{\"@type\":\"ReadAction\",\"target\":[\"https:\\\/\\\/hoyre.no\\\/akershus\\\/andresen-amine\\\/\"]}]},{\"@type\":\"BreadcrumbList\",\"@id\":\"https:\\\/\\\/hoyre.no\\\/akershus\\\/andresen-amine\\\/#breadcrumb\",\"itemListElement\":[{\"@type\":\"ListItem\",\"position\":1,\"name\":\"Til hoyre.no\",\"item\":\"https:\\\/\\\/hoyre.no\"},{\"@type\":\"ListItem\",\"position\":2,\"name\":\"Hjem\",\"item\":\"https:\\\/\\\/hoyre.no\\\/akershus\\\/\"},{\"@type\":\"ListItem\",\"position\":3,\"name\":\"Andresen, Amine\"}]},{\"@type\":\"WebSite\",\"@id\":\"https:\\\/\\\/hoyre.no\\\/akershus\\\/#website\",\"url\":\"https:\\\/\\\/hoyre.no\\\/akershus\\\/\",\"name\":\"Akershus H\u00f8yre\",\"description\":\"Bare enda et H\u00f8yres nettsteder-nettsted\",\"publisher\":{\"@id\":\"https:\\\/\\\/hoyre.no\\\/akershus\\\/#organization\"},\"inLanguage\":\"nb-NO\"},{\"@type\":\"Organization\",\"@id\":\"https:\\\/\\\/hoyre.no\\\/akershus\\\/#organization\",\"name\":\"Akershus H\u00f8yre\",\"url\":\"https:\\\/\\\/hoyre.no\\\/akershus\\\/\",\"logo\":{\"@type\":\"ImageObject\",\"inLanguage\":\"nb-NO\",\"@id\":\"https:\\\/\\\/hoyre.no\\\/akershus\\\/#\\\/schema\\\/logo\\\/image\\\/\",\"url\":\"https:\\\/\\\/hoyre.no\\\/content\\\/uploads\\\/sites\\\/432\\\/2023\\\/02\\\/hoyre_logo.png\",\"contentUrl\":\"https:\\\/\\\/hoyre.no\\\/content\\\/uploads\\\/sites\\\/432\\\/2023\\\/02\\\/hoyre_logo.png\",\"width\":1000,\"height\":1000,\"caption\":\"Akershus H\u00f8yre\"},\"image\":{\"@id\":\"https:\\\/\\\/hoyre.no\\\/akershus\\\/#\\\/schema\\\/logo\\\/image\\\/\"},\"sameAs\":[\"https:\\\/\\\/www.facebook.com\\\/akershus.h\"]}]}<\/script>\n<!-- \/ Yoast SEO plugin. -->","yoast_head_json":{"title":"Andresen, Amine - Akershus H\u00f8yre","robots":{"index":"index","follow":"follow","max-snippet":"max-snippet:-1","max-image-preview":"max-image-preview:large","max-video-preview":"max-video-preview:-1"},"canonical":"https:\/\/hoyre.no\/akershus\/andresen-amine\/","og_locale":"nb_NO","og_type":"article","og_title":"Andresen, Amine - Akershus H\u00f8yre","og_url":"https:\/\/hoyre.no\/akershus\/andresen-amine\/","og_site_name":"Akershus H\u00f8yre","article_publisher":"https:\/\/www.facebook.com\/akershus.h","article_modified_time":"2026-08-30T09:05:27+00:00","twitter_card":"summary_large_image","twitter_misc":{"Ansl. lesetid":"5 minutter"},"schema":{"@context":"https:\/\/schema.org","@graph":[{"@type":"WebPage","@id":"https:\/\/hoyre.no\/akershus\/andresen-amine\/","url":"https:\/\/hoyre.no\/akershus\/andresen-amine\/","name":"Andresen, Amine - Akershus H\u00f8yre","isPartOf":{"@id":"https:\/\/hoyre.no\/akershus\/#website"},"datePublished":"2026-08-25T08:34:43+00:00","dateModified":"2026-08-30T09:05:27+00:00","breadcrumb":{"@id":"https:\/\/hoyre.no\/akershus\/andresen-amine\/#breadcrumb"},"inLanguage":"nb-NO","potentialAction":[{"@type":"ReadAction","target":["https:\/\/hoyre.no\/akershus\/andresen-amine\/"]}]},{"@type":"BreadcrumbList","@id":"https:\/\/hoyre.no\/akershus\/andresen-amine\/#breadcrumb","itemListElement":[{"@type":"ListItem","position":1,"name":"Til hoyre.no","item":"https:\/\/hoyre.no"},{"@type":"ListItem","position":2,"name":"Hjem","item":"https:\/\/hoyre.no\/akershus\/"},{"@type":"ListItem","position":3,"name":"Andresen, Amine"}]},{"@type":"WebSite","@id":"https:\/\/hoyre.no\/akershus\/#website","url":"https:\/\/hoyre.no\/akershus\/","name":"Akershus H\u00f8yre","description":"Bare enda et H\u00f8yres nettsteder-nettsted","publisher":{"@id":"https:\/\/hoyre.no\/akershus\/#organization"},"inLanguage":"nb-NO"},{"@type":"Organization","@id":"https:\/\/hoyre.no\/akershus\/#organization","name":"Akershus H\u00f8yre","url":"https:\/\/hoyre.no\/akershus\/","logo":{"@type":"ImageObject","inLanguage":"nb-NO","@id":"https:\/\/hoyre.no\/akershus\/#\/schema\/logo\/image\/","url":"https:\/\/hoyre.no\/content\/uploads\/sites\/432\/2023\/02\/hoyre_logo.png","contentUrl":"https:\/\/hoyre.no\/content\/uploads\/sites\/432\/2023\/02\/hoyre_logo.png","width":1000,"height":1000,"caption":"Akershus H\u00f8yre"},"image":{"@id":"https:\/\/hoyre.no\/akershus\/#\/schema\/logo\/image\/"},"sameAs":["https:\/\/www.facebook.com\/akershus.h"]}]}},"distributor_meta":false,"distributor_terms":false,"distributor_media":false,"distributor_original_site_name":"Akershus H\u00f8yre","distributor_original_site_url":"https:\/\/hoyre.no\/akershus","push-errors":false,"_links":{"self":[{"href":"https:\/\/hoyre.no\/akershus\/wp-json\/wp\/v2\/pages\/2282","targetHints":{"allow":["GET"]}}],"collection":[{"href":"https:\/\/hoyre.no\/akershus\/wp-json\/wp\/v2\/pages"}],"about":[{"href":"https:\/\/hoyre.no\/akershus\/wp-json\/wp\/v2\/types\/page"}],"author":[{"embeddable":true,"href":"https:\/\/hoyre.no\/akershus\/wp-json\/wp\/v2\/users\/167"}],"replies":[{"embeddable":true,"href":"https:\/\/hoyre.no\/akershus\/wp-json\/wp\/v2\/comments?post=2282"}],"version-history":[{"count":5,"href":"https:\/\/hoyre.no\/akershus\/wp-json\/wp\/v2\/pages\/2282\/revisions"}],"predecessor-version":[{"id":2760,"href":"https:\/\/hoyre.no\/akershus\/wp-json\/wp\/v2\/pages\/2282\/revisions\/2760"}],"wp:attachment":[{"href":"https:\/\/hoyre.no\/akershus\/wp-json\/wp\/v2\/media?parent=2282"}],"curies":[{"name":"wp","href":"https:\/\/api.w.org\/{rel}","templated":true}]}}