{"id":2312,"date":"2026-08-27T10:52:51","date_gmt":"2026-08-27T08:52:51","guid":{"rendered":"https:\/\/hoyre.no\/akershus\/?page_id=2312"},"modified":"2026-08-30T11:15:14","modified_gmt":"2026-08-30T09:15:14","slug":"bratlie-monica-therese-vee","status":"publish","type":"page","link":"https:\/\/hoyre.no\/akershus\/bratlie-monica-therese-vee\/","title":{"rendered":"Bratlie, Monica Therese Vee"},"content":{"rendered":"\n<div class=\"hero-2026 is-style-corner alignwide wp-block-hoyre-hero-2026\">\n\t\t\t<div class=\"hero-2026__image\"><img decoding=\"async\" src=\"https:\/\/hoyre.no\/content\/uploads\/sites\/432\/2026\/08\/Bratlie-Monica-2-4-3.jpg\" alt=\"\" \/><\/div>\n\t\t\t\n\t\t\t<div class=\"hero-2026__content\">\n\t\t\t\t<svg width=\"101\" height=\"480\" viewBox=\"0 0 101 480\" fill=\"none\" xmlns=\"http:\/\/www.w3.org\/2000\/svg\">\n<path d=\"M6.65616 117.334C-0.295628 76.2104 -3.77152 55.6485 6.21097 39.8114C16.1935 23.9743 36.2437 18.2415 76.3441 6.77569L100.041 0L100.042 480L67.9629 480L6.65616 117.334Z\" fill=\"currentColor\" \/>\n<\/svg>\n\n\t\t\t\t<p class=\"hero-2026__subtitle\">Bli kjent med:<\/p>\n\t\t\t\t<h2 class=\"hero-2026__title\">Monica Therese Vee Bratlie<\/h2>\n\t\t\t\t<div class=\"hero-2026__buttons\">\n\n<div class=\"wp-block-buttons is-content-justification-center is-layout-flex wp-container-core-buttons-is-layout-fe48e5de wp-block-buttons-is-layout-flex\"><\/div>\n\n<\/div>\n\t\t\t<\/div>\n\t\t<\/div>\n\n\n<blockquote class=\"wp-block-quote is-layout-flow wp-block-quote-is-layout-flow\">\n<figure class=\"wp-block-pullquote\"><blockquote><p>57 \u00e5r, Asker<br>Varaordf\u00f8rer<br>\u00d8nsket plassering p\u00e5 listen: 1-7<\/p><\/blockquote><\/figure>\n<\/blockquote>\n\n\n\n<p class=\"is-style-large wp-block-paragraph\"><strong>Beskriv kort hvorfor du \u00f8nsker \u00e5 stille som kandidat for Akershus og hva som er din motivasjon:<\/strong><\/p>\n\n\n\n<p class=\"wp-block-paragraph\">Jeg har v\u00e6rt heltidspolitiker siden 2011, f\u00f8rst som ordf\u00f8rer i Hurum og siden 2020 som varaordf\u00f8rer i nye Asker kommune. Etter mange \u00e5r i kommunepolitikken har jeg lyst til \u00e5 bruke erfaringen min p\u00e5 en ny arena og bidra til utviklingen av hele Akershus.<\/p>\n\n\n\n<p class=\"wp-block-paragraph\">Jeg motiveres av \u00e5 skape resultater, utvikle gode lokalsamfunn og finne l\u00f8sninger sammen med andre. Gjennom arbeidet med Akershus H\u00f8yres program har jeg ogs\u00e5 f\u00e5tt enda st\u00f8rre interesse for fylkeskommunens rolle og de mulighetene vi har til \u00e5 utvikle Akershus videre.<\/p>\n\n\n\n<p class=\"wp-block-paragraph\">Jeg tenker min erfaring som b\u00e5de ordf\u00f8rer og varaordf\u00f8rer har gitt meg god forst\u00e5else for politisk ledelse, samarbeid p\u00e5 tvers av partier og forholdet mellom politikk, administrasjon og lokalsamfunn. Jeg tror mine erfaringer ville v\u00e6re nyttig i fylkespolitikken.<\/p>\n\n\n\n<p class=\"is-style-large wp-block-paragraph\"><strong>Politiske interesseomr\u00e5der:<\/strong><\/p>\n\n\n\n<p class=\"wp-block-paragraph\">Det jeg liker best med politikken, er muligheten til \u00e5 utvikle lokalsamfunnene v\u00e5re til det bedre. Gode steder \u00e5 bo og leve handler om \u00e5 se helheten; gode boliger, arbeidsplasser, levende tettsteder, gode skoler, n\u00e6ringsutvikling, kultur- og fritidstilbud og gode transportmuligheter.<\/p>\n\n\n\n<p class=\"wp-block-paragraph\">Jeg er s\u00e6rlig opptatt av samferdsel og mobilitet, regional utvikling, videreg\u00e5ende oppl\u00e6ring, n\u00e6ringsutvikling og hvordan fylkeskommunen kan v\u00e6re en god samarbeidspartner for kommunene. Akershus best\u00e5r av sv\u00e6rt forskjellige kommuner og lokalsamfunn, og jeg mener fylkeskommunen m\u00e5 forst\u00e5 disse forskjellene og bidra til utvikling i hele fylket.<\/p>\n\n\n\n<p class=\"is-style-large wp-block-paragraph\"><strong>Politisk erfaring:<\/strong><\/p>\n\n\n\n<p class=\"wp-block-paragraph\">Jeg ble f\u00f8rste gang valgt inn i kommunestyret i Hurum i 2007 og var medlem av oppvekstutvalget i perioden 2007\u20132011. Hurum H\u00f8yre var da i opposisjon. I 2011 stilte jeg som ordf\u00f8rerkandidat og ble valgt til ordf\u00f8rer, et verv jeg hadde frem til kommunesammensl\u00e5ingen i 2020.<\/p>\n\n\n\n<p class=\"wp-block-paragraph\">Jeg var aktiv i arbeidet med kommunesammensl\u00e5ingen mellom Hurum, R\u00f8yken og Asker, og har siden 2020 v\u00e6rt varaordf\u00f8rer i nye Asker kommune. Det har gitt meg erfaring b\u00e5de fra ledelsen av en mindre kommune og fra en av landets st\u00f8rste kommuner.<\/p>\n\n\n\n<p class=\"wp-block-paragraph\">Jeg har ogs\u00e5 v\u00e6rt leder av Hurum H\u00f8yre og er i dag 1. nestleder i Asker H\u00f8yre. I Viken-perioden var jeg leder av Viken H\u00f8yres kvinneforum og satt som f\u00f8lge av dette i arbeidsutvalget i Viken H\u00f8yre.<\/p>\n\n\n\n<p class=\"wp-block-paragraph\">I tillegg til \u00e5 lede programkomitearbeidet i Asker H\u00f8yre, sitter jeg n\u00e5 ogs\u00e5 som medlem av programkomiteen for Akershus H\u00f8yres fylkestingsprogram.<\/p>\n\n\n\n<p class=\"wp-block-paragraph\">Siden kommune- og fylkesvalget i 2019 har jeg ogs\u00e5 v\u00e6rt prosessveileder for KS. Som prosessveileder har jeg ledet folkevalgtdager og samlinger for flere kommunestyrer rundt om i landet, hvor m\u00e5let er \u00e5 legge til rette for gode samtaler og refleksjoner som styrker samspillet mellom folkevalgte og administrasjon, for \u00e5 bidra til et velfungerende lokaldemokrati.<\/p>\n\n\n\n<p class=\"is-style-large wp-block-paragraph\"><strong>Hvilke av dine tidligere erfaringer mener du er mest relevant med tanke p\u00e5 en plass i fylkestinget?<\/strong><\/p>\n\n\n\n<p class=\"wp-block-paragraph\">Jeg mener f\u00f8rst og fremst at erfaringen som ordf\u00f8rer og varaordf\u00f8rer er relevant. Gjennom mange \u00e5r i politisk ledelse har jeg f\u00e5tt bred erfaring med \u00e5 lede politiske prosesser, bygge flertall, samarbeide med administrasjonen og representere kommunen utad.<\/p>\n\n\n\n<p class=\"wp-block-paragraph\">Jeg har alltid v\u00e6rt opptatt av gode relasjoner, b\u00e5de innad i eget parti og p\u00e5 tvers av partigrenser. Jeg tror p\u00e5 tydelig politisk ledelse, men ogs\u00e5 p\u00e5 \u00e5 lytte, finne kompromisser og skape tillit. Som ordf\u00f8rer og varaordf\u00f8rer har jeg v\u00e6rt opptatt av \u00e5 v\u00e6re synlig og tilgjengelig og \u00e5 ha god kontakt med innbyggere, n\u00e6ringsliv, frivillighet og lokalsamfunn.<\/p>\n\n\n\n<p class=\"wp-block-paragraph\">Kommunesammensl\u00e5ingen har i tillegg gitt meg erfaring med \u00e5 bygge noe nytt p\u00e5 tvers av tidligere kommunegrenser og ulike lokale identiteter. Jeg tror mye av denne erfaringen er relevant i Akershus, som best\u00e5r av kommuner med sv\u00e6rt forskjellige utfordringer, muligheter og behov.<\/p>\n\n\n\n<p class=\"wp-block-paragraph\">Min erfaring som prosessveileder i KS for folkevalgtprogrammet mener jeg ogs\u00e5 er relevant med tanke p\u00e5 en plass i fylkestinget. I m\u00f8ter med ulike kommuner har dette gitt meg en bredere erfaring med folkevalgtes utfordringer og muligheter, og ikke minst samarbeidet mellom politikk og administrasjon. Rollene i en parlamentarisk styrt fylkeskommune er selvsagt noe annet enn i de kommunene jeg har arbeidet med, men jeg tror allikevel min erfaring med politisk ledelse, rolleforst\u00e5else og samarbeid vil v\u00e6re nytt ogs\u00e5 i en parlamentarisk modell.<\/p>\n\n\n\n<p class=\"is-style-large wp-block-paragraph\"><strong>Utdanning:<\/strong><\/p>\n\n\n\n<p class=\"wp-block-paragraph\"><strong>Allmennl\u00e6rerutdanning H\u00f8gskolen i Oslo<\/strong><br>Fordypning i norsk og samfunnsfag skole\u00e5ret 1993 \u2013 1997<br>(150 studiepoeng)<\/p>\n\n\n\n<p class=\"wp-block-paragraph\"><strong>H\u00f8yere utdanning H\u00f8gskolen i Volda<\/strong><br>Informasjonsteknologi skole\u00e5ret 1999 \u2013 2000<br>(30 studiepoeng)<\/p>\n\n\n\n<p class=\"wp-block-paragraph\"><strong>Deler av master i utdanningsledelse (deltid) H\u00f8gskolen i Buskerud<\/strong><br>Offentlig reformpolitikk, organisasjons og ledelse, 2007 &#8211; 2009<br>ledelse i praksis, endringsledelse, skoleledelse<br>(50 studiepoeng)<\/p>\n\n\n\n<p class=\"wp-block-paragraph\"><strong>Examen philosophicum Universitetet i Oslo<\/strong><br>(30 studiepoeng) V\u00e5r 1991<\/p>\n\n\n\n<p class=\"is-style-large wp-block-paragraph\"><strong>Yrkesfaglig bakgrunn\/erfaring:<\/strong><\/p>\n\n\n\n<p class=\"wp-block-paragraph\"><strong>Adjunkt (100 % stilling) S\u00e6tre skole<\/strong><br>Kontaktl\u00e6rer ved alle klassetrinn p\u00e5 skolen, Skole\u00e5ret 1997 \u2013 2010<br>Har undervist i alle fag.<\/p>\n\n\n\n<p class=\"wp-block-paragraph\"><strong>Inspekt\u00f8r (100 % stilling) S\u00e6tre skole<\/strong><br>Vikariat Skole\u00e5ret 2010 \u2013 2011<br><br><strong>Ordf\u00f8rer Hurum kommune<\/strong><br>sept. 2011 \u2013 jan. 2020<\/p>\n\n\n\n<p class=\"wp-block-paragraph\"><strong>Varaordf\u00f8rer Asker kommune<\/strong><br>Ble varaordf\u00f8rer etter valget 2019 sept. 2019 &#8211;<br>Fortsatte samtidig som ordf\u00f8rer til<br>sammensl\u00e5ingen av kommunene 1. jan. 2020<\/p>\n\n\n\n<p class=\"wp-block-paragraph\"><strong>Prosessveileder for KS Folkevalgtprogram KS<\/strong><br>sept. 2019<\/p>\n\n\n\n<p class=\"wp-block-paragraph\"><strong>Nestleder i Utvalg for oppvekst Asker kommune<\/strong><br>Ble valgt inn som nestleder midt i perioden v\u00e5r 2022 \u2013 h\u00f8st 2023<\/p>\n\n\n\n<p class=\"is-style-large wp-block-paragraph\"><strong>Erfaring fra andre organisasjoner:<\/strong><\/p>\n\n\n\n<p class=\"wp-block-paragraph\">Medlem av Fellesnemnda Hurum, R\u00f8yken og Asker<br>I forbindelse med sammensl\u00e5ingen ble det nedsatt juni 2016 \u2013 januar 2020<br>et politisk utvalg best\u00e5ende av 3 medlemmer fra hver kommune.<\/p>\n\n\n\n<p class=\"wp-block-paragraph\">Representantskapet i ABBR &#8211; Asker og B\u00e6rum brann og redning og<br>Representantskapet i Asker og B\u00e6rum vannverk<strong><br><\/strong>Varaordf\u00f8rerne i Asker og B\u00e6rum utgj\u00f8r sept. 2019 &#8211;<br>ledelsen i de to representantskapene. Ledervervet g\u00e5r p\u00e5 omgang, to \u00e5r av gangen.<\/p>\n\n\n\n<p class=\"wp-block-paragraph\">Kvinnepolitisk leder Akershus H\u00f8yre, h\u00f8st 2019 \u2013 h\u00f8st 2024<\/p>\n\n\n\n<p class=\"wp-block-paragraph\">F\u00f8rste nestleder i Asker H\u00f8yre, h\u00f8st 2022<br>Asker H\u00f8yres ledelse best\u00e5r av leder og 2 nestledere<\/p>\n\n\n\n<p class=\"wp-block-paragraph\">Leder av oppgaveutvalg Asker kommune<br>Kommunestyret i Asker opprettet et utvalg 2022 for \u00e5 utarbeide en rapport om fremtidig bruk av<br>et friomr\u00e5de i kommunen. Utvalget bestod av politikere, frivillige organisasjoner og n\u00e6ringsliv, og avholdt jevnlige m\u00f8ter og id\u00e9dugnad for innbyggerne.<\/p>\n\n","protected":false},"excerpt":{"rendered":"","protected":false},"author":167,"featured_media":0,"parent":0,"menu_order":0,"comment_status":"closed","ping_status":"closed","template":"","meta":{"teft_cards_image_url":"","teft_cards_custom_pretitle":"","teft_cards_image_id":0,"teft_cards_image_focal_point_x":0,"teft_cards_image_focal_point_y":0,"teft_cards_title":"","teft_cards_excerpt":"","teft_show_chapters":false,"footnotes":""},"class_list":["post-2312","page","type-page","status-publish","hentry"],"yoast_head":"<!-- This site is optimized with the Yoast SEO plugin v28.2 - https:\/\/yoast.com\/product\/yoast-seo-wordpress\/ -->\n<title>Bratlie, Monica Therese Vee - Akershus H\u00f8yre<\/title>\n<meta name=\"robots\" content=\"index, follow, max-snippet:-1, max-image-preview:large, max-video-preview:-1\" \/>\n<link rel=\"canonical\" href=\"https:\/\/hoyre.no\/akershus\/bratlie-monica-therese-vee\/\" \/>\n<meta property=\"og:locale\" content=\"nb_NO\" \/>\n<meta property=\"og:type\" content=\"article\" \/>\n<meta property=\"og:title\" content=\"Bratlie, Monica Therese Vee - Akershus H\u00f8yre\" \/>\n<meta property=\"og:url\" content=\"https:\/\/hoyre.no\/akershus\/bratlie-monica-therese-vee\/\" \/>\n<meta property=\"og:site_name\" content=\"Akershus H\u00f8yre\" \/>\n<meta property=\"article:publisher\" content=\"https:\/\/www.facebook.com\/akershus.h\" \/>\n<meta property=\"article:modified_time\" content=\"2026-08-30T09:15:14+00:00\" \/>\n<meta name=\"twitter:card\" content=\"summary_large_image\" \/>\n<meta name=\"twitter:label1\" content=\"Ansl. lesetid\" \/>\n\t<meta name=\"twitter:data1\" content=\"6 minutter\" \/>\n<script type=\"application\/ld+json\" class=\"yoast-schema-graph\">{\"@context\":\"https:\\\/\\\/schema.org\",\"@graph\":[{\"@type\":\"WebPage\",\"@id\":\"https:\\\/\\\/hoyre.no\\\/akershus\\\/bratlie-monica-therese-vee\\\/\",\"url\":\"https:\\\/\\\/hoyre.no\\\/akershus\\\/bratlie-monica-therese-vee\\\/\",\"name\":\"Bratlie, Monica Therese Vee - Akershus H\u00f8yre\",\"isPartOf\":{\"@id\":\"https:\\\/\\\/hoyre.no\\\/akershus\\\/#website\"},\"datePublished\":\"2026-08-27T08:52:51+00:00\",\"dateModified\":\"2026-08-30T09:15:14+00:00\",\"breadcrumb\":{\"@id\":\"https:\\\/\\\/hoyre.no\\\/akershus\\\/bratlie-monica-therese-vee\\\/#breadcrumb\"},\"inLanguage\":\"nb-NO\",\"potentialAction\":[{\"@type\":\"ReadAction\",\"target\":[\"https:\\\/\\\/hoyre.no\\\/akershus\\\/bratlie-monica-therese-vee\\\/\"]}]},{\"@type\":\"BreadcrumbList\",\"@id\":\"https:\\\/\\\/hoyre.no\\\/akershus\\\/bratlie-monica-therese-vee\\\/#breadcrumb\",\"itemListElement\":[{\"@type\":\"ListItem\",\"position\":1,\"name\":\"Til hoyre.no\",\"item\":\"https:\\\/\\\/hoyre.no\"},{\"@type\":\"ListItem\",\"position\":2,\"name\":\"Hjem\",\"item\":\"https:\\\/\\\/hoyre.no\\\/akershus\\\/\"},{\"@type\":\"ListItem\",\"position\":3,\"name\":\"Bratlie, Monica Therese Vee\"}]},{\"@type\":\"WebSite\",\"@id\":\"https:\\\/\\\/hoyre.no\\\/akershus\\\/#website\",\"url\":\"https:\\\/\\\/hoyre.no\\\/akershus\\\/\",\"name\":\"Akershus H\u00f8yre\",\"description\":\"Bare enda et H\u00f8yres nettsteder-nettsted\",\"publisher\":{\"@id\":\"https:\\\/\\\/hoyre.no\\\/akershus\\\/#organization\"},\"inLanguage\":\"nb-NO\"},{\"@type\":\"Organization\",\"@id\":\"https:\\\/\\\/hoyre.no\\\/akershus\\\/#organization\",\"name\":\"Akershus H\u00f8yre\",\"url\":\"https:\\\/\\\/hoyre.no\\\/akershus\\\/\",\"logo\":{\"@type\":\"ImageObject\",\"inLanguage\":\"nb-NO\",\"@id\":\"https:\\\/\\\/hoyre.no\\\/akershus\\\/#\\\/schema\\\/logo\\\/image\\\/\",\"url\":\"https:\\\/\\\/hoyre.no\\\/content\\\/uploads\\\/sites\\\/432\\\/2023\\\/02\\\/hoyre_logo.png\",\"contentUrl\":\"https:\\\/\\\/hoyre.no\\\/content\\\/uploads\\\/sites\\\/432\\\/2023\\\/02\\\/hoyre_logo.png\",\"width\":1000,\"height\":1000,\"caption\":\"Akershus H\u00f8yre\"},\"image\":{\"@id\":\"https:\\\/\\\/hoyre.no\\\/akershus\\\/#\\\/schema\\\/logo\\\/image\\\/\"},\"sameAs\":[\"https:\\\/\\\/www.facebook.com\\\/akershus.h\"]}]}<\/script>\n<!-- \/ Yoast SEO plugin. -->","yoast_head_json":{"title":"Bratlie, Monica Therese Vee - Akershus H\u00f8yre","robots":{"index":"index","follow":"follow","max-snippet":"max-snippet:-1","max-image-preview":"max-image-preview:large","max-video-preview":"max-video-preview:-1"},"canonical":"https:\/\/hoyre.no\/akershus\/bratlie-monica-therese-vee\/","og_locale":"nb_NO","og_type":"article","og_title":"Bratlie, Monica Therese Vee - Akershus H\u00f8yre","og_url":"https:\/\/hoyre.no\/akershus\/bratlie-monica-therese-vee\/","og_site_name":"Akershus H\u00f8yre","article_publisher":"https:\/\/www.facebook.com\/akershus.h","article_modified_time":"2026-08-30T09:15:14+00:00","twitter_card":"summary_large_image","twitter_misc":{"Ansl. lesetid":"6 minutter"},"schema":{"@context":"https:\/\/schema.org","@graph":[{"@type":"WebPage","@id":"https:\/\/hoyre.no\/akershus\/bratlie-monica-therese-vee\/","url":"https:\/\/hoyre.no\/akershus\/bratlie-monica-therese-vee\/","name":"Bratlie, Monica Therese Vee - Akershus H\u00f8yre","isPartOf":{"@id":"https:\/\/hoyre.no\/akershus\/#website"},"datePublished":"2026-08-27T08:52:51+00:00","dateModified":"2026-08-30T09:15:14+00:00","breadcrumb":{"@id":"https:\/\/hoyre.no\/akershus\/bratlie-monica-therese-vee\/#breadcrumb"},"inLanguage":"nb-NO","potentialAction":[{"@type":"ReadAction","target":["https:\/\/hoyre.no\/akershus\/bratlie-monica-therese-vee\/"]}]},{"@type":"BreadcrumbList","@id":"https:\/\/hoyre.no\/akershus\/bratlie-monica-therese-vee\/#breadcrumb","itemListElement":[{"@type":"ListItem","position":1,"name":"Til hoyre.no","item":"https:\/\/hoyre.no"},{"@type":"ListItem","position":2,"name":"Hjem","item":"https:\/\/hoyre.no\/akershus\/"},{"@type":"ListItem","position":3,"name":"Bratlie, Monica Therese Vee"}]},{"@type":"WebSite","@id":"https:\/\/hoyre.no\/akershus\/#website","url":"https:\/\/hoyre.no\/akershus\/","name":"Akershus H\u00f8yre","description":"Bare enda et H\u00f8yres nettsteder-nettsted","publisher":{"@id":"https:\/\/hoyre.no\/akershus\/#organization"},"inLanguage":"nb-NO"},{"@type":"Organization","@id":"https:\/\/hoyre.no\/akershus\/#organization","name":"Akershus H\u00f8yre","url":"https:\/\/hoyre.no\/akershus\/","logo":{"@type":"ImageObject","inLanguage":"nb-NO","@id":"https:\/\/hoyre.no\/akershus\/#\/schema\/logo\/image\/","url":"https:\/\/hoyre.no\/content\/uploads\/sites\/432\/2023\/02\/hoyre_logo.png","contentUrl":"https:\/\/hoyre.no\/content\/uploads\/sites\/432\/2023\/02\/hoyre_logo.png","width":1000,"height":1000,"caption":"Akershus H\u00f8yre"},"image":{"@id":"https:\/\/hoyre.no\/akershus\/#\/schema\/logo\/image\/"},"sameAs":["https:\/\/www.facebook.com\/akershus.h"]}]}},"distributor_meta":false,"distributor_terms":false,"distributor_media":false,"distributor_original_site_name":"Akershus H\u00f8yre","distributor_original_site_url":"https:\/\/hoyre.no\/akershus","push-errors":false,"_links":{"self":[{"href":"https:\/\/hoyre.no\/akershus\/wp-json\/wp\/v2\/pages\/2312","targetHints":{"allow":["GET"]}}],"collection":[{"href":"https:\/\/hoyre.no\/akershus\/wp-json\/wp\/v2\/pages"}],"about":[{"href":"https:\/\/hoyre.no\/akershus\/wp-json\/wp\/v2\/types\/page"}],"author":[{"embeddable":true,"href":"https:\/\/hoyre.no\/akershus\/wp-json\/wp\/v2\/users\/167"}],"replies":[{"embeddable":true,"href":"https:\/\/hoyre.no\/akershus\/wp-json\/wp\/v2\/comments?post=2312"}],"version-history":[{"count":5,"href":"https:\/\/hoyre.no\/akershus\/wp-json\/wp\/v2\/pages\/2312\/revisions"}],"predecessor-version":[{"id":2662,"href":"https:\/\/hoyre.no\/akershus\/wp-json\/wp\/v2\/pages\/2312\/revisions\/2662"}],"wp:attachment":[{"href":"https:\/\/hoyre.no\/akershus\/wp-json\/wp\/v2\/media?parent=2312"}],"curies":[{"name":"wp","href":"https:\/\/api.w.org\/{rel}","templated":true}]}}