{"id":2343,"date":"2026-08-26T10:52:26","date_gmt":"2026-08-26T08:52:26","guid":{"rendered":"https:\/\/hoyre.no\/akershus\/?page_id=2343"},"modified":"2026-08-30T11:10:16","modified_gmt":"2026-08-30T09:10:16","slug":"bjerke-arne","status":"publish","type":"page","link":"https:\/\/hoyre.no\/akershus\/bjerke-arne\/","title":{"rendered":"Bjerke, Arne"},"content":{"rendered":"\n<div class=\"hero-2026 is-style-corner alignwide wp-block-hoyre-hero-2026\">\n\t\t\t<div class=\"hero-2026__image\"><img decoding=\"async\" src=\"https:\/\/hoyre.no\/content\/uploads\/sites\/432\/2026\/08\/Bjerke-Arne-4-3.jpg\" alt=\"\" \/><\/div>\n\t\t\t\n\t\t\t<div class=\"hero-2026__content\">\n\t\t\t\t<svg width=\"101\" height=\"480\" viewBox=\"0 0 101 480\" fill=\"none\" xmlns=\"http:\/\/www.w3.org\/2000\/svg\">\n<path d=\"M6.65616 117.334C-0.295628 76.2104 -3.77152 55.6485 6.21097 39.8114C16.1935 23.9743 36.2437 18.2415 76.3441 6.77569L100.041 0L100.042 480L67.9629 480L6.65616 117.334Z\" fill=\"currentColor\" \/>\n<\/svg>\n\n\t\t\t\t<p class=\"hero-2026__subtitle\">Bli kjent med:<\/p>\n\t\t\t\t<h2 class=\"hero-2026__title\">Arne Bjerke<\/h2>\n\t\t\t\t<div class=\"hero-2026__buttons\">\n\n<div class=\"wp-block-buttons is-content-justification-center is-layout-flex wp-container-core-buttons-is-layout-fe48e5de wp-block-buttons-is-layout-flex\"><\/div>\n\n<\/div>\n\t\t\t<\/div>\n\t\t<\/div>\n\n\n<blockquote class=\"wp-block-quote is-layout-flow wp-block-quote-is-layout-flow\">\n<figure class=\"wp-block-pullquote\"><blockquote><p>67 \u00e5r, Nesodden<br>H\u00f8yskolelektor\/bedriftsr\u00e5dgiver<br>\u00d8nsket plassering p\u00e5 listen: 7-12<\/p><\/blockquote><\/figure>\n<\/blockquote>\n\n\n\n<p class=\"is-style-large wp-block-paragraph\"><strong>Beskriv kort hvorfor du \u00f8nsker \u00e5 stille som kandidat for Akershus og hva som er din motivasjon:<\/strong><\/p>\n\n\n\n<p class=\"wp-block-paragraph\">Jeg har bred erfaring fra n\u00e6ringsliv og akademia \u2013 og politikk &#8211; som vil v\u00e6re nyttig for \u00e5 iverksette H\u00f8yres politikk i Akershus.<\/p>\n\n\n\n<p class=\"wp-block-paragraph\">Jeg er samarbeidsorientert og konstruktiv innenfor partiet, og skaper gode samarbeidsrelasjoner med politikere fra andre partier.<\/p>\n\n\n\n<p class=\"wp-block-paragraph\">Jeg ser fram til \u00e5 anvende min erfaring og kompetanse for \u00e5 videreutvikle Akershus for alle innbyggere.<\/p>\n\n\n\n<p class=\"is-style-large wp-block-paragraph\"><strong>Politiske interesseomr\u00e5der:<\/strong><\/p>\n\n\n\n<p class=\"wp-block-paragraph\">Sikre at potensialet for n\u00e6ringsutvikling i fylket utnyttes best mulig samt at samarbeidet om n\u00e6ringsutvikling styrkes p\u00e5 fylkesniv\u00e5 og mellom regionene.<\/p>\n\n\n\n<p class=\"wp-block-paragraph\">Sikre at utdanningen i fylket holder h\u00f8y kvalitet og bidra til tettere samarbeid mellom utdanning og n\u00e6ringsliv.<\/p>\n\n\n\n<p class=\"wp-block-paragraph\">Flytte kollektivtrafikken fra vei til fjord med styrking av el-ferge tilbudet i Oslofjorden.<\/p>\n\n\n\n<p class=\"is-style-large wp-block-paragraph\"><strong>Politisk erfaring:<\/strong><\/p>\n\n\n\n<p class=\"wp-block-paragraph\">Akershus H\u00f8yre, politisk utvalg: 2023 &#8211; 2026<br>Formannskapet Nesodden: 2023  &#8211; 2027<br>Kommunestyret Nesodden: 2023 &#8211; 2027<br>Gruppeleder Nesodden: 2023 &#8211; 2026<\/p>\n\n\n\n<p class=\"wp-block-paragraph\">Tidligere leder av Nesodden n\u00e6ringsr\u00e5d i mer enn 5 \u00e5r. Tett samarbeid med lokale partier, politikere og kommuneledelsen om utvikling av strategisk n\u00e6ringsplan for Nesodden kommune.<br><br>N\u00e6rt samarbeid med skole og utdanning som FAU leder ved Jaer Skole og Alv\u00e6rn Ungdomsskole, og leder og initiativtager til Kommunalt foreldreutvalg (KFU).<br><br>Oppnevnt av Nesodden kommune som representant i arrangementskomiteen for Follo konferansen (2011-2014).<\/p>\n\n\n\n<p class=\"is-style-large wp-block-paragraph\"><strong>Hvilke av dine tidligere erfaringer mener du er mest relevant med tanke p\u00e5 en plass i fylkestinget?<\/strong><\/p>\n\n\n\n<p class=\"wp-block-paragraph\">Overordnet: Genuin interesse og glede av \u00e5 samarbeide og samhandle med andre p\u00e5 tvers av partigrenser for \u00e5 f\u00e5 p\u00e5 plass politiske l\u00f8sninger.<\/p>\n\n\n\n<p class=\"wp-block-paragraph\">Formannskap-kommunestyre-gruppeleder \u2013 forst\u00e5r politikkens muligheter og begrensninger.<\/p>\n\n\n\n<p class=\"wp-block-paragraph\">Aktiv leder i ulike private og offentlige organisasjoner \u2013 innsikt og forst\u00e5else for roller og rammebetingelser.<\/p>\n\n\n\n<p class=\"wp-block-paragraph\">Leder i frivillige organisasjoner.<\/p>\n\n\n\n<p class=\"is-style-large wp-block-paragraph\"><strong>Utdanning:<\/strong><\/p>\n\n\n\n<p class=\"wp-block-paragraph\">Videreg\u00e5ende skole &#8211; \u00f8konomi.<br><br>Luftforsvarets Befalsskole.<br><br>Master of Business and Marketing (Handelsakademiet\/Handelsh\u00f8yskolen BI).<br><br>Kommunikasjon og kommunikasjonsledelse, Master og management \u2013 delprogram, Handelsh\u00f8yskolen BI.<\/p>\n\n\n\n<p class=\"is-style-large wp-block-paragraph\"><strong>Yrkesfaglig bakgrunn\/erfaring:<\/strong><\/p>\n\n\n\n<p class=\"wp-block-paragraph\">Forsvaret, Luftforsvarets stasjon Vard\u00f8.<br><br>Informasjonsdirekt\u00f8r, Handelsh\u00f8yskolen BI.<br><br>Markedsdirekt\u00f8r, Deloitte &amp; Touche.<br><br>Karlstad Universitet, prosjektkoordinator.<br><br>Norges milj\u00f8- og biovitenskapelige universitet, prosjektkoordinator.<br><br>Bedriftsr\u00e5dgiver, eget firma og Crafting House AS.<br><br>H\u00f8yskolelektor.<\/p>\n\n\n\n<p class=\"is-style-large wp-block-paragraph\"><strong>Erfaring fra andre organisasjoner:<\/strong><\/p>\n\n\n\n<p class=\"wp-block-paragraph\"><strong>Lokalt:<\/strong><br><br>FAU, Jaer Skole, medlem\/leder (1998-2000).<br><br>FAU, Alv\u00e6rn Ungdomsskole (2003-2005).<br>Kommunalt foreldreutvalg, initiativtager og leder (2003-2005).<br><br>Nesodden n\u00e6ringsr\u00e5d, styreleder og daglig leder (2008-2014).<br><br>Nesodden menighetsr\u00e5d, folkevalgt, leder (2015-2023).<br><br>Nesodden kirkelige fellesr\u00e5d, medlem (2015-2023).<br><br><strong>Annet:<\/strong><br><br>Econa, styremedlem, ledelsesnettverket (2019-2025).<br><br>NEON, Nettverk for organisasjonsforskning i Norge, Arbeidsutvalget (2020-2024)<br>Norsk Teknisk Museum, m\u00f8tende varamedlem til styret, oppnevnt av Kulturdepartementet (2006-2010).<br><br>Styremedlem Fairtrade Norge (2002-2005).<br><br>Styreleder Fairtrade Norge (2005-2010).<\/p>\n\n","protected":false},"excerpt":{"rendered":"","protected":false},"author":167,"featured_media":0,"parent":0,"menu_order":0,"comment_status":"closed","ping_status":"closed","template":"","meta":{"teft_cards_image_url":"","teft_cards_custom_pretitle":"","teft_cards_image_id":0,"teft_cards_image_focal_point_x":0,"teft_cards_image_focal_point_y":0,"teft_cards_title":"","teft_cards_excerpt":"","teft_show_chapters":false,"footnotes":""},"class_list":["post-2343","page","type-page","status-publish","hentry"],"yoast_head":"<!-- This site is optimized with the Yoast SEO plugin v28.2 - https:\/\/yoast.com\/product\/yoast-seo-wordpress\/ -->\n<title>Bjerke, Arne - Akershus H\u00f8yre<\/title>\n<meta name=\"robots\" content=\"index, follow, max-snippet:-1, max-image-preview:large, max-video-preview:-1\" \/>\n<link rel=\"canonical\" href=\"https:\/\/hoyre.no\/akershus\/bjerke-arne\/\" \/>\n<meta property=\"og:locale\" content=\"nb_NO\" \/>\n<meta property=\"og:type\" content=\"article\" \/>\n<meta property=\"og:title\" content=\"Bjerke, Arne - Akershus H\u00f8yre\" \/>\n<meta property=\"og:url\" content=\"https:\/\/hoyre.no\/akershus\/bjerke-arne\/\" \/>\n<meta property=\"og:site_name\" content=\"Akershus H\u00f8yre\" \/>\n<meta property=\"article:publisher\" content=\"https:\/\/www.facebook.com\/akershus.h\" \/>\n<meta property=\"article:modified_time\" content=\"2026-08-30T09:10:16+00:00\" \/>\n<meta name=\"twitter:card\" content=\"summary_large_image\" \/>\n<meta name=\"twitter:label1\" content=\"Ansl. lesetid\" \/>\n\t<meta name=\"twitter:data1\" content=\"3 minutter\" \/>\n<script type=\"application\/ld+json\" class=\"yoast-schema-graph\">{\"@context\":\"https:\\\/\\\/schema.org\",\"@graph\":[{\"@type\":\"WebPage\",\"@id\":\"https:\\\/\\\/hoyre.no\\\/akershus\\\/bjerke-arne\\\/\",\"url\":\"https:\\\/\\\/hoyre.no\\\/akershus\\\/bjerke-arne\\\/\",\"name\":\"Bjerke, Arne - Akershus H\u00f8yre\",\"isPartOf\":{\"@id\":\"https:\\\/\\\/hoyre.no\\\/akershus\\\/#website\"},\"datePublished\":\"2026-08-26T08:52:26+00:00\",\"dateModified\":\"2026-08-30T09:10:16+00:00\",\"breadcrumb\":{\"@id\":\"https:\\\/\\\/hoyre.no\\\/akershus\\\/bjerke-arne\\\/#breadcrumb\"},\"inLanguage\":\"nb-NO\",\"potentialAction\":[{\"@type\":\"ReadAction\",\"target\":[\"https:\\\/\\\/hoyre.no\\\/akershus\\\/bjerke-arne\\\/\"]}]},{\"@type\":\"BreadcrumbList\",\"@id\":\"https:\\\/\\\/hoyre.no\\\/akershus\\\/bjerke-arne\\\/#breadcrumb\",\"itemListElement\":[{\"@type\":\"ListItem\",\"position\":1,\"name\":\"Til hoyre.no\",\"item\":\"https:\\\/\\\/hoyre.no\"},{\"@type\":\"ListItem\",\"position\":2,\"name\":\"Hjem\",\"item\":\"https:\\\/\\\/hoyre.no\\\/akershus\\\/\"},{\"@type\":\"ListItem\",\"position\":3,\"name\":\"Bjerke, Arne\"}]},{\"@type\":\"WebSite\",\"@id\":\"https:\\\/\\\/hoyre.no\\\/akershus\\\/#website\",\"url\":\"https:\\\/\\\/hoyre.no\\\/akershus\\\/\",\"name\":\"Akershus H\u00f8yre\",\"description\":\"Bare enda et H\u00f8yres nettsteder-nettsted\",\"publisher\":{\"@id\":\"https:\\\/\\\/hoyre.no\\\/akershus\\\/#organization\"},\"inLanguage\":\"nb-NO\"},{\"@type\":\"Organization\",\"@id\":\"https:\\\/\\\/hoyre.no\\\/akershus\\\/#organization\",\"name\":\"Akershus H\u00f8yre\",\"url\":\"https:\\\/\\\/hoyre.no\\\/akershus\\\/\",\"logo\":{\"@type\":\"ImageObject\",\"inLanguage\":\"nb-NO\",\"@id\":\"https:\\\/\\\/hoyre.no\\\/akershus\\\/#\\\/schema\\\/logo\\\/image\\\/\",\"url\":\"https:\\\/\\\/hoyre.no\\\/content\\\/uploads\\\/sites\\\/432\\\/2023\\\/02\\\/hoyre_logo.png\",\"contentUrl\":\"https:\\\/\\\/hoyre.no\\\/content\\\/uploads\\\/sites\\\/432\\\/2023\\\/02\\\/hoyre_logo.png\",\"width\":1000,\"height\":1000,\"caption\":\"Akershus H\u00f8yre\"},\"image\":{\"@id\":\"https:\\\/\\\/hoyre.no\\\/akershus\\\/#\\\/schema\\\/logo\\\/image\\\/\"},\"sameAs\":[\"https:\\\/\\\/www.facebook.com\\\/akershus.h\"]}]}<\/script>\n<!-- \/ Yoast SEO plugin. -->","yoast_head_json":{"title":"Bjerke, Arne - Akershus H\u00f8yre","robots":{"index":"index","follow":"follow","max-snippet":"max-snippet:-1","max-image-preview":"max-image-preview:large","max-video-preview":"max-video-preview:-1"},"canonical":"https:\/\/hoyre.no\/akershus\/bjerke-arne\/","og_locale":"nb_NO","og_type":"article","og_title":"Bjerke, Arne - Akershus H\u00f8yre","og_url":"https:\/\/hoyre.no\/akershus\/bjerke-arne\/","og_site_name":"Akershus H\u00f8yre","article_publisher":"https:\/\/www.facebook.com\/akershus.h","article_modified_time":"2026-08-30T09:10:16+00:00","twitter_card":"summary_large_image","twitter_misc":{"Ansl. lesetid":"3 minutter"},"schema":{"@context":"https:\/\/schema.org","@graph":[{"@type":"WebPage","@id":"https:\/\/hoyre.no\/akershus\/bjerke-arne\/","url":"https:\/\/hoyre.no\/akershus\/bjerke-arne\/","name":"Bjerke, Arne - Akershus H\u00f8yre","isPartOf":{"@id":"https:\/\/hoyre.no\/akershus\/#website"},"datePublished":"2026-08-26T08:52:26+00:00","dateModified":"2026-08-30T09:10:16+00:00","breadcrumb":{"@id":"https:\/\/hoyre.no\/akershus\/bjerke-arne\/#breadcrumb"},"inLanguage":"nb-NO","potentialAction":[{"@type":"ReadAction","target":["https:\/\/hoyre.no\/akershus\/bjerke-arne\/"]}]},{"@type":"BreadcrumbList","@id":"https:\/\/hoyre.no\/akershus\/bjerke-arne\/#breadcrumb","itemListElement":[{"@type":"ListItem","position":1,"name":"Til hoyre.no","item":"https:\/\/hoyre.no"},{"@type":"ListItem","position":2,"name":"Hjem","item":"https:\/\/hoyre.no\/akershus\/"},{"@type":"ListItem","position":3,"name":"Bjerke, Arne"}]},{"@type":"WebSite","@id":"https:\/\/hoyre.no\/akershus\/#website","url":"https:\/\/hoyre.no\/akershus\/","name":"Akershus H\u00f8yre","description":"Bare enda et H\u00f8yres nettsteder-nettsted","publisher":{"@id":"https:\/\/hoyre.no\/akershus\/#organization"},"inLanguage":"nb-NO"},{"@type":"Organization","@id":"https:\/\/hoyre.no\/akershus\/#organization","name":"Akershus H\u00f8yre","url":"https:\/\/hoyre.no\/akershus\/","logo":{"@type":"ImageObject","inLanguage":"nb-NO","@id":"https:\/\/hoyre.no\/akershus\/#\/schema\/logo\/image\/","url":"https:\/\/hoyre.no\/content\/uploads\/sites\/432\/2023\/02\/hoyre_logo.png","contentUrl":"https:\/\/hoyre.no\/content\/uploads\/sites\/432\/2023\/02\/hoyre_logo.png","width":1000,"height":1000,"caption":"Akershus H\u00f8yre"},"image":{"@id":"https:\/\/hoyre.no\/akershus\/#\/schema\/logo\/image\/"},"sameAs":["https:\/\/www.facebook.com\/akershus.h"]}]}},"distributor_meta":false,"distributor_terms":false,"distributor_media":false,"distributor_original_site_name":"Akershus H\u00f8yre","distributor_original_site_url":"https:\/\/hoyre.no\/akershus","push-errors":false,"_links":{"self":[{"href":"https:\/\/hoyre.no\/akershus\/wp-json\/wp\/v2\/pages\/2343","targetHints":{"allow":["GET"]}}],"collection":[{"href":"https:\/\/hoyre.no\/akershus\/wp-json\/wp\/v2\/pages"}],"about":[{"href":"https:\/\/hoyre.no\/akershus\/wp-json\/wp\/v2\/types\/page"}],"author":[{"embeddable":true,"href":"https:\/\/hoyre.no\/akershus\/wp-json\/wp\/v2\/users\/167"}],"replies":[{"embeddable":true,"href":"https:\/\/hoyre.no\/akershus\/wp-json\/wp\/v2\/comments?post=2343"}],"version-history":[{"count":8,"href":"https:\/\/hoyre.no\/akershus\/wp-json\/wp\/v2\/pages\/2343\/revisions"}],"predecessor-version":[{"id":2767,"href":"https:\/\/hoyre.no\/akershus\/wp-json\/wp\/v2\/pages\/2343\/revisions\/2767"}],"wp:attachment":[{"href":"https:\/\/hoyre.no\/akershus\/wp-json\/wp\/v2\/media?parent=2343"}],"curies":[{"name":"wp","href":"https:\/\/api.w.org\/{rel}","templated":true}]}}