{"id":2404,"date":"2026-08-26T15:00:25","date_gmt":"2026-08-26T13:00:25","guid":{"rendered":"https:\/\/hoyre.no\/akershus\/?page_id=2404"},"modified":"2026-08-30T11:35:50","modified_gmt":"2026-08-30T09:35:50","slug":"theigen-abida","status":"publish","type":"page","link":"https:\/\/hoyre.no\/akershus\/theigen-abida\/","title":{"rendered":"Theigen, Abida"},"content":{"rendered":"\n<div class=\"hero-2026 is-style-corner alignwide wp-block-hoyre-hero-2026\">\n\t\t\t<div class=\"hero-2026__image\"><img decoding=\"async\" src=\"https:\/\/hoyre.no\/content\/uploads\/sites\/432\/2026\/08\/Theigen-Abida-4-3.jpeg\" alt=\"\" \/><\/div>\n\t\t\t\n\t\t\t<div class=\"hero-2026__content\">\n\t\t\t\t<svg width=\"101\" height=\"480\" viewBox=\"0 0 101 480\" fill=\"none\" xmlns=\"http:\/\/www.w3.org\/2000\/svg\">\n<path d=\"M6.65616 117.334C-0.295628 76.2104 -3.77152 55.6485 6.21097 39.8114C16.1935 23.9743 36.2437 18.2415 76.3441 6.77569L100.041 0L100.042 480L67.9629 480L6.65616 117.334Z\" fill=\"currentColor\" \/>\n<\/svg>\n\n\t\t\t\t<p class=\"hero-2026__subtitle\">Bli kjent med:<\/p>\n\t\t\t\t<h2 class=\"hero-2026__title\">Abida Theigen<\/h2>\n\t\t\t\t<div class=\"hero-2026__buttons\">\n\n<div class=\"wp-block-buttons is-content-justification-center is-layout-flex wp-container-core-buttons-is-layout-fe48e5de wp-block-buttons-is-layout-flex\"><\/div>\n\n<\/div>\n\t\t\t<\/div>\n\t\t<\/div>\n\n\n<blockquote class=\"wp-block-quote is-layout-flow wp-block-quote-is-layout-flow\">\n<figure class=\"wp-block-pullquote\"><blockquote><p>53 \u00e5r, B\u00e6rum<br>Psykisk helseveileder\/milj\u00f8terapeut<br>\u00d8nsket plassering p\u00e5 listen: 7-12<\/p><\/blockquote><\/figure>\n<\/blockquote>\n\n\n\n<p class=\"is-style-large wp-block-paragraph\"><strong>Beskriv kort hvorfor du \u00f8nsker \u00e5 stille som kandidat for Akershus og hva som er din motivasjon:<\/strong><\/p>\n\n\n\n<p class=\"wp-block-paragraph\">Jeg \u00f8nsker \u00e5 stille som kandidat fordi jeg \u00f8nsker \u00e5 engasjere meg i Akershus.<\/p>\n\n\n\n<p class=\"is-style-large wp-block-paragraph\"><strong>Politiske interesseomr\u00e5der:<\/strong><\/p>\n\n\n\n<p class=\"wp-block-paragraph\">Barn og unge og oppvekst, frivillighet, skole og utdanning, eldreomsorg, psykisk helse og forebygging, inkludering og mangfold. B\u00e6rekraftig utvikling, verdiskaping<\/p>\n\n\n\n<p class=\"is-style-large wp-block-paragraph\"><strong>Politisk erfaring:<\/strong><\/p>\n\n\n\n<p class=\"wp-block-paragraph\">Jeg er ny<\/p>\n\n\n\n<p class=\"is-style-large wp-block-paragraph\"><strong>Hvilke av dine tidligere erfaringer mener du er mest relevant med tanke p\u00e5 en plass i fylkestinget?<\/strong><\/p>\n\n\n\n<p class=\"wp-block-paragraph\">Mine erfaringer er at jeg som har bidratt(bidrar p\u00e5 mitt felt i yrkeslivet ogs\u00e5 kan v\u00e6re med \u00e5 p\u00e5virke i fylkestinget p\u00e5 det som engasjerer meg .<\/p>\n\n\n\n<p class=\"is-style-large wp-block-paragraph\"><strong>Utdanning:<\/strong><\/p>\n\n\n\n<p class=\"wp-block-paragraph\">jeg har en bachelorgrad i psykologi og psykisk helse.jeg har vidreutdanning i kortidsterapi.jeg har ogs\u00e5 utdanning fra norsk fagakademi som reiselivkordinator.jeg starter med master til h\u00f8sten 2026<\/p>\n\n\n\n<p class=\"is-style-large wp-block-paragraph\"><strong>Yrkesfaglig bakgrunn\/erfaring:<\/strong><\/p>\n\n\n\n<p class=\"wp-block-paragraph\">Jeg har erfaring fra:Barnehage,Barnepark,som barnehageassistent.Jeg har ogs\u00e5 erfaring fra \u00e5 jobbe som milj\u00f8eratpeut i psykisk helsevern i vestre viken..Jeg jobber n\u00e5 som psykisk helseveileder og milj\u00f8terapeut.<\/p>\n\n\n\n<p class=\"is-style-large wp-block-paragraph\"><strong>Erfaring fra andre organisasjoner:<\/strong><\/p>\n\n\n\n<p class=\"wp-block-paragraph\">Jeg har erfaring fra \u00e5 \u00e5 v\u00e6re nestleder for mental helse i Nordre Follo. jeg er ogs\u00e5 engasjert i organisasjonen voksne for barn og kirkens bymisjon.<\/p>\n\n","protected":false},"excerpt":{"rendered":"","protected":false},"author":167,"featured_media":0,"parent":0,"menu_order":0,"comment_status":"closed","ping_status":"closed","template":"","meta":{"teft_cards_image_url":"","teft_cards_custom_pretitle":"","teft_cards_image_id":0,"teft_cards_image_focal_point_x":0,"teft_cards_image_focal_point_y":0,"teft_cards_title":"","teft_cards_excerpt":"","teft_show_chapters":false,"footnotes":""},"class_list":["post-2404","page","type-page","status-publish","hentry"],"yoast_head":"<!-- This site is optimized with the Yoast SEO plugin v28.2 - https:\/\/yoast.com\/product\/yoast-seo-wordpress\/ -->\n<title>Theigen, Abida - Akershus H\u00f8yre<\/title>\n<meta name=\"robots\" content=\"index, follow, max-snippet:-1, max-image-preview:large, max-video-preview:-1\" \/>\n<link rel=\"canonical\" href=\"https:\/\/hoyre.no\/akershus\/theigen-abida\/\" \/>\n<meta property=\"og:locale\" content=\"nb_NO\" \/>\n<meta property=\"og:type\" content=\"article\" \/>\n<meta property=\"og:title\" content=\"Theigen, Abida - Akershus H\u00f8yre\" \/>\n<meta property=\"og:url\" content=\"https:\/\/hoyre.no\/akershus\/theigen-abida\/\" \/>\n<meta property=\"og:site_name\" content=\"Akershus H\u00f8yre\" \/>\n<meta property=\"article:publisher\" content=\"https:\/\/www.facebook.com\/akershus.h\" \/>\n<meta property=\"article:modified_time\" content=\"2026-08-30T09:35:50+00:00\" \/>\n<meta name=\"twitter:card\" content=\"summary_large_image\" \/>\n<meta name=\"twitter:label1\" content=\"Ansl. lesetid\" \/>\n\t<meta name=\"twitter:data1\" content=\"2 minutter\" \/>\n<script type=\"application\/ld+json\" class=\"yoast-schema-graph\">{\"@context\":\"https:\\\/\\\/schema.org\",\"@graph\":[{\"@type\":\"WebPage\",\"@id\":\"https:\\\/\\\/hoyre.no\\\/akershus\\\/theigen-abida\\\/\",\"url\":\"https:\\\/\\\/hoyre.no\\\/akershus\\\/theigen-abida\\\/\",\"name\":\"Theigen, Abida - Akershus H\u00f8yre\",\"isPartOf\":{\"@id\":\"https:\\\/\\\/hoyre.no\\\/akershus\\\/#website\"},\"datePublished\":\"2026-08-26T13:00:25+00:00\",\"dateModified\":\"2026-08-30T09:35:50+00:00\",\"breadcrumb\":{\"@id\":\"https:\\\/\\\/hoyre.no\\\/akershus\\\/theigen-abida\\\/#breadcrumb\"},\"inLanguage\":\"nb-NO\",\"potentialAction\":[{\"@type\":\"ReadAction\",\"target\":[\"https:\\\/\\\/hoyre.no\\\/akershus\\\/theigen-abida\\\/\"]}]},{\"@type\":\"BreadcrumbList\",\"@id\":\"https:\\\/\\\/hoyre.no\\\/akershus\\\/theigen-abida\\\/#breadcrumb\",\"itemListElement\":[{\"@type\":\"ListItem\",\"position\":1,\"name\":\"Til hoyre.no\",\"item\":\"https:\\\/\\\/hoyre.no\"},{\"@type\":\"ListItem\",\"position\":2,\"name\":\"Hjem\",\"item\":\"https:\\\/\\\/hoyre.no\\\/akershus\\\/\"},{\"@type\":\"ListItem\",\"position\":3,\"name\":\"Theigen, Abida\"}]},{\"@type\":\"WebSite\",\"@id\":\"https:\\\/\\\/hoyre.no\\\/akershus\\\/#website\",\"url\":\"https:\\\/\\\/hoyre.no\\\/akershus\\\/\",\"name\":\"Akershus H\u00f8yre\",\"description\":\"Bare enda et H\u00f8yres nettsteder-nettsted\",\"publisher\":{\"@id\":\"https:\\\/\\\/hoyre.no\\\/akershus\\\/#organization\"},\"inLanguage\":\"nb-NO\"},{\"@type\":\"Organization\",\"@id\":\"https:\\\/\\\/hoyre.no\\\/akershus\\\/#organization\",\"name\":\"Akershus H\u00f8yre\",\"url\":\"https:\\\/\\\/hoyre.no\\\/akershus\\\/\",\"logo\":{\"@type\":\"ImageObject\",\"inLanguage\":\"nb-NO\",\"@id\":\"https:\\\/\\\/hoyre.no\\\/akershus\\\/#\\\/schema\\\/logo\\\/image\\\/\",\"url\":\"https:\\\/\\\/hoyre.no\\\/content\\\/uploads\\\/sites\\\/432\\\/2023\\\/02\\\/hoyre_logo.png\",\"contentUrl\":\"https:\\\/\\\/hoyre.no\\\/content\\\/uploads\\\/sites\\\/432\\\/2023\\\/02\\\/hoyre_logo.png\",\"width\":1000,\"height\":1000,\"caption\":\"Akershus H\u00f8yre\"},\"image\":{\"@id\":\"https:\\\/\\\/hoyre.no\\\/akershus\\\/#\\\/schema\\\/logo\\\/image\\\/\"},\"sameAs\":[\"https:\\\/\\\/www.facebook.com\\\/akershus.h\"]}]}<\/script>\n<!-- \/ Yoast SEO plugin. -->","yoast_head_json":{"title":"Theigen, Abida - Akershus H\u00f8yre","robots":{"index":"index","follow":"follow","max-snippet":"max-snippet:-1","max-image-preview":"max-image-preview:large","max-video-preview":"max-video-preview:-1"},"canonical":"https:\/\/hoyre.no\/akershus\/theigen-abida\/","og_locale":"nb_NO","og_type":"article","og_title":"Theigen, Abida - Akershus H\u00f8yre","og_url":"https:\/\/hoyre.no\/akershus\/theigen-abida\/","og_site_name":"Akershus H\u00f8yre","article_publisher":"https:\/\/www.facebook.com\/akershus.h","article_modified_time":"2026-08-30T09:35:50+00:00","twitter_card":"summary_large_image","twitter_misc":{"Ansl. lesetid":"2 minutter"},"schema":{"@context":"https:\/\/schema.org","@graph":[{"@type":"WebPage","@id":"https:\/\/hoyre.no\/akershus\/theigen-abida\/","url":"https:\/\/hoyre.no\/akershus\/theigen-abida\/","name":"Theigen, Abida - Akershus H\u00f8yre","isPartOf":{"@id":"https:\/\/hoyre.no\/akershus\/#website"},"datePublished":"2026-08-26T13:00:25+00:00","dateModified":"2026-08-30T09:35:50+00:00","breadcrumb":{"@id":"https:\/\/hoyre.no\/akershus\/theigen-abida\/#breadcrumb"},"inLanguage":"nb-NO","potentialAction":[{"@type":"ReadAction","target":["https:\/\/hoyre.no\/akershus\/theigen-abida\/"]}]},{"@type":"BreadcrumbList","@id":"https:\/\/hoyre.no\/akershus\/theigen-abida\/#breadcrumb","itemListElement":[{"@type":"ListItem","position":1,"name":"Til hoyre.no","item":"https:\/\/hoyre.no"},{"@type":"ListItem","position":2,"name":"Hjem","item":"https:\/\/hoyre.no\/akershus\/"},{"@type":"ListItem","position":3,"name":"Theigen, Abida"}]},{"@type":"WebSite","@id":"https:\/\/hoyre.no\/akershus\/#website","url":"https:\/\/hoyre.no\/akershus\/","name":"Akershus H\u00f8yre","description":"Bare enda et H\u00f8yres nettsteder-nettsted","publisher":{"@id":"https:\/\/hoyre.no\/akershus\/#organization"},"inLanguage":"nb-NO"},{"@type":"Organization","@id":"https:\/\/hoyre.no\/akershus\/#organization","name":"Akershus H\u00f8yre","url":"https:\/\/hoyre.no\/akershus\/","logo":{"@type":"ImageObject","inLanguage":"nb-NO","@id":"https:\/\/hoyre.no\/akershus\/#\/schema\/logo\/image\/","url":"https:\/\/hoyre.no\/content\/uploads\/sites\/432\/2023\/02\/hoyre_logo.png","contentUrl":"https:\/\/hoyre.no\/content\/uploads\/sites\/432\/2023\/02\/hoyre_logo.png","width":1000,"height":1000,"caption":"Akershus H\u00f8yre"},"image":{"@id":"https:\/\/hoyre.no\/akershus\/#\/schema\/logo\/image\/"},"sameAs":["https:\/\/www.facebook.com\/akershus.h"]}]}},"distributor_meta":false,"distributor_terms":false,"distributor_media":false,"distributor_original_site_name":"Akershus H\u00f8yre","distributor_original_site_url":"https:\/\/hoyre.no\/akershus","push-errors":false,"_links":{"self":[{"href":"https:\/\/hoyre.no\/akershus\/wp-json\/wp\/v2\/pages\/2404","targetHints":{"allow":["GET"]}}],"collection":[{"href":"https:\/\/hoyre.no\/akershus\/wp-json\/wp\/v2\/pages"}],"about":[{"href":"https:\/\/hoyre.no\/akershus\/wp-json\/wp\/v2\/types\/page"}],"author":[{"embeddable":true,"href":"https:\/\/hoyre.no\/akershus\/wp-json\/wp\/v2\/users\/167"}],"replies":[{"embeddable":true,"href":"https:\/\/hoyre.no\/akershus\/wp-json\/wp\/v2\/comments?post=2404"}],"version-history":[{"count":6,"href":"https:\/\/hoyre.no\/akershus\/wp-json\/wp\/v2\/pages\/2404\/revisions"}],"predecessor-version":[{"id":2796,"href":"https:\/\/hoyre.no\/akershus\/wp-json\/wp\/v2\/pages\/2404\/revisions\/2796"}],"wp:attachment":[{"href":"https:\/\/hoyre.no\/akershus\/wp-json\/wp\/v2\/media?parent=2404"}],"curies":[{"name":"wp","href":"https:\/\/api.w.org\/{rel}","templated":true}]}}