{"id":461,"date":"2024-01-04T10:33:35","date_gmt":"2024-01-04T09:33:35","guid":{"rendered":"https:\/\/hoyre.no\/akershus\/?page_id=461"},"modified":"2026-02-11T14:57:06","modified_gmt":"2026-02-11T13:57:06","slug":"hoyre-i-fylkesrad","status":"publish","type":"page","link":"https:\/\/hoyre.no\/akershus\/hoyre-i-fylkesrad\/","title":{"rendered":"H\u00f8yre i fylkesr\u00e5d"},"content":{"rendered":"\n<div class=\"wp-block-hoyre-hero with-image-gradient text-color-light  has-media alignfull has-background \"><div class=\"hoyre-hero has-image\"><h1 class=\"title\">H\u00f8yre i fylkesr\u00e5d<\/h1><p class=\"preamble\">Her finner du informasjon om H\u00f8yre i Akershus fylkesr\u00e5d, kontaktinformasjon, politisk plattform og aktuelle saker.<\/p>\t\t\t<div class=\"post-meta wp-block teft-byline-wrapper\">\n\t\t\t\t<div class=\"top\">\n\t\t\t\t\t<div class=\"signature\">\n\t\t\t\t\t\t<div class=\"teft-byline\">\n\t\t\t\t\t\t\t\t\t\t\t\t\t\t<div>\n\t\t\t\t\t\t\t\t<h3>H\u00f8yres redaksjon<\/h3>\t\t\t\t\t\t\t\t\n\t\t\t\t\t\t\t\t\t\t\t\t\t\t\t\t\t<span class=\"date\">Sist oppdatert: 11. februar 2026<\/span>\n\t\t\t\t\t\t\t\t\t\t\t\t\t\t\t\t\t\t\t\t\t\t\t\t\t<span class=\"reading-time\" itemprop=\"timeRequired\" content=\"PT3M\"><em>Ca. 3 minutter lesetid<\/em><\/span>\n\t\t\t\t\t\t\t\t\t\t\t\t\t\t\t<\/div>\n\t\t\t\t\t\t<\/div>\n\t\t\t\t\t<\/div>\n\t\t\t\t\t\t<div class=\"sharing\">\n\t\t<a class=\"share-button share-link copy-link\" data-copy=\"https:\/\/hoyre.no\/akershus\/hoyre-i-fylkesrad\/\" target=\"_blank\"><span class=\"screen-reader-text\">Del link<\/span><\/a>\n\t\t<a class=\"share-button share-twitter\" href=\"http:\/\/twitter.com\/share?text=H\u00f8yre i fylkesr\u00e5d&#038;url=https:\/\/hoyre.no\/akershus\/hoyre-i-fylkesrad\/&#038;hashtags=Hoyre\" target=\"_blank\"><span class=\"screen-reader-text\">Del p\u00e5 twitter<\/span><\/a>\n\t\t<a class=\"share-button share-facebook\" href=\"https:\/\/www.facebook.com\/sharer\/sharer.php?u=https:\/\/hoyre.no\/akershus\/hoyre-i-fylkesrad\/\" target=\"_blank\"><span class=\"screen-reader-text\">Del p\u00e5 facebook<\/span><\/a>\n\t<\/div>\n\t\t\t\t\t<\/div>\n\t\t\t<\/div>\n\n\t\t\t<figure class=\"hoyre-image-wrapper\"><div class=\"hoyre-image\"><img loading=\"lazy\" decoding=\"async\" width=\"1875\" height=\"2500\" src=\"https:\/\/hoyre.no\/content\/uploads\/sites\/432\/2023\/10\/fylkesradet-hoyre-bred-scaled.jpg\" class=\"attachment-scaled size-scaled\" alt=\"\" style=\"object-position: 50% 41%\" srcset=\"https:\/\/hoyre.no\/content\/uploads\/sites\/432\/2023\/10\/fylkesradet-hoyre-bred-scaled.jpg 1875w, https:\/\/hoyre.no\/content\/uploads\/sites\/432\/2023\/10\/fylkesradet-hoyre-bred-225x300.jpg 225w, https:\/\/hoyre.no\/content\/uploads\/sites\/432\/2023\/10\/fylkesradet-hoyre-bred-768x1024.jpg 768w, https:\/\/hoyre.no\/content\/uploads\/sites\/432\/2023\/10\/fylkesradet-hoyre-bred-1152x1536.jpg 1152w, https:\/\/hoyre.no\/content\/uploads\/sites\/432\/2023\/10\/fylkesradet-hoyre-bred-1536x2048.jpg 1536w\" sizes=\"auto, (max-width: 1875px) 100vw, 1875px\" \/><\/div><\/figure><\/div><\/div>\n\n\n\n\n<h2 class=\"wp-block-heading\">Det borgerlige samarbeidet<\/h2>\n\n\n\n<p>H\u00f8yre samarbeider med Fremskrittspartiet, Venstre og Kristelig Folkeparti i fylkesr\u00e5det. De fire partiene styrer sammen p\u00e5 en felles politisk plattform.<\/p>\n\n\n\n<p>M\u00e5let for plattformen er \u00e5 legge til rette for at innbyggerne skal leve livet sitt s\u00e5 godt som mulig, slik de selv vil. Akershus skal v\u00e6re en milj\u00f8vennlig, b\u00e6rekraftig, moderne og innovativ region hvor alle f\u00e5r gode muligheter til \u00e5 lykkes. Akershus skal v\u00e6re Norges beste fylke \u00e5 bo i.<\/p>\n\n\n\n<h3 class=\"wp-block-heading\">H\u00f8yres fylkesr\u00e5der 2023-2027<\/h3>\n\n\n\n<div class=\"wp-block-media-text is-stacked-on-mobile is-image-fill-element is-image-fill\"><figure class=\"wp-block-media-text__media\"><img loading=\"lazy\" decoding=\"async\" width=\"1024\" height=\"683\" src=\"https:\/\/hoyre.no\/content\/uploads\/sites\/432\/2023\/05\/Anette_ute-1024x683.jpg\" alt=\"\" class=\"wp-image-157 size-full\" style=\"object-position:50% 50%\" srcset=\"https:\/\/hoyre.no\/content\/uploads\/sites\/432\/2023\/05\/Anette_ute-1024x683.jpg 1024w, https:\/\/hoyre.no\/content\/uploads\/sites\/432\/2023\/05\/Anette_ute-300x200.jpg 300w, https:\/\/hoyre.no\/content\/uploads\/sites\/432\/2023\/05\/Anette_ute-768x512.jpg 768w, https:\/\/hoyre.no\/content\/uploads\/sites\/432\/2023\/05\/Anette_ute-1536x1024.jpg 1536w, https:\/\/hoyre.no\/content\/uploads\/sites\/432\/2023\/05\/Anette_ute-2048x1365.jpg 2048w\" sizes=\"auto, (max-width: 1024px) 100vw, 1024px\" \/><\/figure><div class=\"wp-block-media-text__content\">\n<h3 class=\"wp-block-heading\">Anette Solli<\/h3>\n\n\n\n<p><strong>Fylkesr\u00e5dsleder<\/strong><br><br><strong>E-post:<\/strong> fylkesradsleder@afk.no<br><\/p>\n\n\n\n<div class=\"wp-block-buttons is-layout-flex wp-block-buttons-is-layout-flex\">\n<div class=\"wp-block-button\"><a class=\"wp-block-button__link wp-element-button\" href=\"jonasok@afk.no\" target=\"_blank\" rel=\"noreferrer noopener\">Kontakt stabsjef<\/a><\/div>\n<\/div>\n<\/div><\/div>\n\n\n\n<div class=\"wp-block-media-text is-stacked-on-mobile is-image-fill-element is-image-fill\"><figure class=\"wp-block-media-text__media\"><img loading=\"lazy\" decoding=\"async\" width=\"1024\" height=\"683\" src=\"https:\/\/hoyre.no\/content\/uploads\/sites\/432\/2023\/05\/Lise_ute-1-1024x683.jpg\" alt=\"\" class=\"wp-image-159 size-full\" style=\"object-position:50% 50%\" srcset=\"https:\/\/hoyre.no\/content\/uploads\/sites\/432\/2023\/05\/Lise_ute-1-1024x683.jpg 1024w, https:\/\/hoyre.no\/content\/uploads\/sites\/432\/2023\/05\/Lise_ute-1-300x200.jpg 300w, https:\/\/hoyre.no\/content\/uploads\/sites\/432\/2023\/05\/Lise_ute-1-768x512.jpg 768w, https:\/\/hoyre.no\/content\/uploads\/sites\/432\/2023\/05\/Lise_ute-1-1536x1024.jpg 1536w, https:\/\/hoyre.no\/content\/uploads\/sites\/432\/2023\/05\/Lise_ute-1-2048x1366.jpg 2048w\" sizes=\"auto, (max-width: 1024px) 100vw, 1024px\" \/><\/figure><div class=\"wp-block-media-text__content\">\n<h3 class=\"wp-block-heading\">Lise Hagen Rebbestad<\/h3>\n\n\n\n<p><strong>Fylkesr\u00e5d for<\/strong> <strong>oppl\u00e6ring og kompetanse<\/strong><br><br><strong>E-post:<\/strong> fylkesradopplaering@afk.no<br><\/p>\n\n\n\n<div class=\"wp-block-buttons is-layout-flex wp-block-buttons-is-layout-flex\">\n<div class=\"wp-block-button\"><a class=\"wp-block-button__link wp-element-button\" href=\"ritabo@afk.no\" target=\"_blank\" rel=\"noreferrer noopener\">Kontakt sekret\u00e6r<\/a><\/div>\n<\/div>\n<\/div><\/div>\n\n\n\n<div class=\"wp-block-media-text is-stacked-on-mobile is-image-fill-element is-image-fill\"><figure class=\"wp-block-media-text__media\"><img loading=\"lazy\" decoding=\"async\" width=\"1024\" height=\"683\" src=\"https:\/\/hoyre.no\/content\/uploads\/sites\/432\/2023\/05\/Hakon_ute-1024x683.jpg\" alt=\"\" class=\"wp-image-162 size-full\" style=\"object-position:50% 50%\" srcset=\"https:\/\/hoyre.no\/content\/uploads\/sites\/432\/2023\/05\/Hakon_ute-1024x683.jpg 1024w, https:\/\/hoyre.no\/content\/uploads\/sites\/432\/2023\/05\/Hakon_ute-300x200.jpg 300w, https:\/\/hoyre.no\/content\/uploads\/sites\/432\/2023\/05\/Hakon_ute-768x512.jpg 768w, https:\/\/hoyre.no\/content\/uploads\/sites\/432\/2023\/05\/Hakon_ute-1536x1024.jpg 1536w, https:\/\/hoyre.no\/content\/uploads\/sites\/432\/2023\/05\/Hakon_ute-2048x1365.jpg 2048w\" sizes=\"auto, (max-width: 1024px) 100vw, 1024px\" \/><\/figure><div class=\"wp-block-media-text__content\">\n<h3 class=\"wp-block-heading\">H\u00e5kon Snortheim<\/h3>\n\n\n\n<p><strong>Fylkesr\u00e5d for samferdsel<\/strong><br><br><strong>E-post:<\/strong> fylkesradsamferdsel@afk.no<br><\/p>\n\n\n\n<div class=\"wp-block-buttons is-layout-flex wp-block-buttons-is-layout-flex\">\n<div class=\"wp-block-button\"><a class=\"wp-block-button__link wp-element-button\" href=\"mailto:maleneei@afk.no\" target=\"_blank\" rel=\"noreferrer noopener\">Kontakt r\u00e5dgiver<\/a><\/div>\n<\/div>\n<\/div><\/div>\n\n\n\n<div class=\"wp-block hoyre-section alignfull has-background is-style-light-blue wp-block-hoyre-section\"><div class=\"inner-blocks alignwide\">\n\n<h2 class=\"wp-block-heading\">V\u00e5re hovedsaker<\/h2>\n\n\n\n<ul class=\"wp-block-list\">\n<li><strong>En videreg\u00e5ende oppl\u00e6ring som er preget av mestring, motivasjon og l\u00e6ring<\/strong>. V\u00e5rt m\u00e5l er at alle elever som starter p\u00e5 videreg\u00e5ende skole, skal kunne fullf\u00f8re. Fylkesr\u00e5det vil gjeninnf\u00f8re fritt skolevalg, opprette UngInvest i Akershus, styrke skolehelsetjenesten og innf\u00f8re en ordning med psykiske helseteam i hver region.<\/li>\n<\/ul>\n\n\n\n<ul class=\"wp-block-list\">\n<li><strong>Ta vare p\u00e5 naturen vare p\u00e5 naturen.<\/strong> Oslofjorden sliter og livet i fjorden er i ferd med \u00e5 d\u00f8. Vi skal g\u00e5 foran i arbeidet med \u00e5 ta vare p\u00e5 Oslofjorden, slik at ogs\u00e5 fremtidige generasjoner f\u00e5r oppleve en levende og ren fjord. I tett samarbeid med nabofylkene, kommunene i Akershus og staten, skal arbeidet med \u00e5 redde Oslofjorden intensiveres.<\/li>\n<\/ul>\n\n\n\n<ul class=\"wp-block-list\">\n<li><strong>Det skal bli enklere og billigere \u00e5 reise kollektivt.<\/strong> Et godt utbygd kollektivtilbud er avgj\u00f8rende for \u00e5 kutte klimagassutslipp, og for \u00e5 sikre folk og s\u00e6rlig familier en hverdag som g\u00e5r rundt. Fylkesr\u00e5det vil prioritere \u00e5 redusere prisen p\u00e5 m\u00e5nedskort. Samtidig vil vi utrede modeller for hvordan takst- og sonesystemet kan bli mer fleksibelt og rettferdig.<\/li>\n<\/ul>\n\n\n\n<ul class=\"wp-block-list\">\n<li><strong>Et gr\u00f8nt og aktivt n\u00e6ringsliv. <\/strong>For \u00e5 bidra til at de nye arbeidsplassene som skal legge grunnlaget for at fremtidig vekst i Akershus blir skapt, vil fylkesr\u00e5det styrke inkubatorordningen, og dermed tilbakef\u00f8re kuttet i ordningen som dagens fylkesr\u00e5d i Viken gjennomf\u00f8rte.<\/li>\n<\/ul>\n\n\n\n<ul class=\"wp-block-list\">\n<li><strong>Yrende kulturliv i hele fylket.<\/strong> Akershus skal v\u00e6re et fylke med gode utviklingsmulighter for et profesjonelt og frivillig kulturliv. Fylkesr\u00e5det vil s\u00e6rlig videreutvikle og styrke talentsatsninger innen musikk, dans, teater, og visuell kunst.<\/li>\n<\/ul>\n\n<\/div><\/div>\n\n\n<h2 class=\"wp-block-heading\">Den politiske plattformen<\/h2>\n\n\n\n<p>Her kan du lese fylkesr\u00e5dets politiske plattform.<\/p>\n\n\n\n<div class=\"wp-block-teft-file icon-link-block\"><a href=\"https:\/\/hoyre.no\/content\/uploads\/sites\/432\/2023\/10\/Politisk-plattform-m-forside.pdf\" download><span class=\"file-title\">Politisk plattform<\/span><span class=\"file-name\">Politisk-plattform-m-forside.pdf [79.2kb]<\/span><\/a><\/div>\n","protected":false},"excerpt":{"rendered":"<p>Den politiske plattformen Her kan du lese fylkesr\u00e5dets politiske plattform.<\/p>\n","protected":false},"author":20880,"featured_media":0,"parent":0,"menu_order":0,"comment_status":"closed","ping_status":"closed","template":"","meta":{"teft_cards_image_url":"","teft_cards_custom_pretitle":"","teft_cards_image_id":0,"teft_cards_image_focal_point_x":0,"teft_cards_image_focal_point_y":0,"teft_cards_title":"","teft_cards_excerpt":"","teft_show_chapters":false,"footnotes":""},"class_list":["post-461","page","type-page","status-publish","hentry"],"yoast_head":"<!-- This site is optimized with the Yoast SEO plugin v26.6 - https:\/\/yoast.com\/wordpress\/plugins\/seo\/ -->\n<title>H\u00f8yre i fylkesr\u00e5d - Akershus H\u00f8yre<\/title>\n<meta name=\"robots\" content=\"index, follow, max-snippet:-1, max-image-preview:large, max-video-preview:-1\" \/>\n<link rel=\"canonical\" href=\"https:\/\/hoyre.no\/akershus\/hoyre-i-fylkesrad\/\" \/>\n<meta property=\"og:locale\" content=\"nb_NO\" \/>\n<meta property=\"og:type\" content=\"article\" \/>\n<meta property=\"og:title\" content=\"H\u00f8yre i fylkesr\u00e5d - Akershus H\u00f8yre\" \/>\n<meta property=\"og:description\" content=\"Den politiske plattformen Her kan du lese fylkesr\u00e5dets politiske plattform.\" \/>\n<meta property=\"og:url\" content=\"https:\/\/hoyre.no\/akershus\/hoyre-i-fylkesrad\/\" \/>\n<meta property=\"og:site_name\" content=\"Akershus H\u00f8yre\" \/>\n<meta property=\"article:publisher\" content=\"https:\/\/www.facebook.com\/akershus.h\" \/>\n<meta property=\"article:modified_time\" content=\"2026-02-11T13:57:06+00:00\" \/>\n<meta property=\"og:image\" content=\"https:\/\/hoyre.no\/content\/uploads\/sites\/432\/2023\/05\/Anette_ute-1024x683.jpg\" \/>\n<meta name=\"twitter:card\" content=\"summary_large_image\" \/>\n<meta name=\"twitter:label1\" content=\"Ansl. lesetid\" \/>\n\t<meta name=\"twitter:data1\" content=\"3 minutter\" \/>\n<script type=\"application\/ld+json\" class=\"yoast-schema-graph\">{\"@context\":\"https:\/\/schema.org\",\"@graph\":[{\"@type\":\"WebPage\",\"@id\":\"https:\/\/hoyre.no\/akershus\/hoyre-i-fylkesrad\/\",\"url\":\"https:\/\/hoyre.no\/akershus\/hoyre-i-fylkesrad\/\",\"name\":\"H\u00f8yre i fylkesr\u00e5d - Akershus H\u00f8yre\",\"isPartOf\":{\"@id\":\"https:\/\/hoyre.no\/akershus\/#website\"},\"image\":{\"@id\":\"https:\/\/hoyre.no\/akershus\/hoyre-i-fylkesrad\/#primaryimage\"},\"thumbnailUrl\":\"https:\/\/hoyre.no\/content\/uploads\/sites\/432\/2023\/05\/Anette_ute-1024x683.jpg\",\"datePublished\":\"2024-01-04T09:33:35+00:00\",\"dateModified\":\"2026-02-11T13:57:06+00:00\",\"breadcrumb\":{\"@id\":\"https:\/\/hoyre.no\/akershus\/hoyre-i-fylkesrad\/#breadcrumb\"},\"inLanguage\":\"nb-NO\",\"potentialAction\":[{\"@type\":\"ReadAction\",\"target\":[\"https:\/\/hoyre.no\/akershus\/hoyre-i-fylkesrad\/\"]}]},{\"@type\":\"ImageObject\",\"inLanguage\":\"nb-NO\",\"@id\":\"https:\/\/hoyre.no\/akershus\/hoyre-i-fylkesrad\/#primaryimage\",\"url\":\"https:\/\/hoyre.no\/content\/uploads\/sites\/432\/2023\/05\/Anette_ute-1024x683.jpg\",\"contentUrl\":\"https:\/\/hoyre.no\/content\/uploads\/sites\/432\/2023\/05\/Anette_ute-1024x683.jpg\"},{\"@type\":\"BreadcrumbList\",\"@id\":\"https:\/\/hoyre.no\/akershus\/hoyre-i-fylkesrad\/#breadcrumb\",\"itemListElement\":[{\"@type\":\"ListItem\",\"position\":1,\"name\":\"Til hoyre.no\",\"item\":\"https:\/\/hoyre.no\"},{\"@type\":\"ListItem\",\"position\":2,\"name\":\"Hjem\",\"item\":\"https:\/\/hoyre.no\/akershus\/\"},{\"@type\":\"ListItem\",\"position\":3,\"name\":\"H\u00f8yre i fylkesr\u00e5d\"}]},{\"@type\":\"WebSite\",\"@id\":\"https:\/\/hoyre.no\/akershus\/#website\",\"url\":\"https:\/\/hoyre.no\/akershus\/\",\"name\":\"Akershus H\u00f8yre\",\"description\":\"Bare enda et H\u00f8yres nettsteder-nettsted\",\"publisher\":{\"@id\":\"https:\/\/hoyre.no\/akershus\/#organization\"},\"inLanguage\":\"nb-NO\"},{\"@type\":\"Organization\",\"@id\":\"https:\/\/hoyre.no\/akershus\/#organization\",\"name\":\"Akershus H\u00f8yre\",\"url\":\"https:\/\/hoyre.no\/akershus\/\",\"logo\":{\"@type\":\"ImageObject\",\"inLanguage\":\"nb-NO\",\"@id\":\"https:\/\/hoyre.no\/akershus\/#\/schema\/logo\/image\/\",\"url\":\"https:\/\/hoyre.no\/content\/uploads\/sites\/432\/2023\/02\/hoyre_logo.png\",\"contentUrl\":\"https:\/\/hoyre.no\/content\/uploads\/sites\/432\/2023\/02\/hoyre_logo.png\",\"width\":1000,\"height\":1000,\"caption\":\"Akershus H\u00f8yre\"},\"image\":{\"@id\":\"https:\/\/hoyre.no\/akershus\/#\/schema\/logo\/image\/\"},\"sameAs\":[\"https:\/\/www.facebook.com\/akershus.h\"]}]}<\/script>\n<!-- \/ Yoast SEO plugin. -->","yoast_head_json":{"title":"H\u00f8yre i fylkesr\u00e5d - Akershus H\u00f8yre","robots":{"index":"index","follow":"follow","max-snippet":"max-snippet:-1","max-image-preview":"max-image-preview:large","max-video-preview":"max-video-preview:-1"},"canonical":"https:\/\/hoyre.no\/akershus\/hoyre-i-fylkesrad\/","og_locale":"nb_NO","og_type":"article","og_title":"H\u00f8yre i fylkesr\u00e5d - Akershus H\u00f8yre","og_description":"Den politiske plattformen Her kan du lese fylkesr\u00e5dets politiske plattform.","og_url":"https:\/\/hoyre.no\/akershus\/hoyre-i-fylkesrad\/","og_site_name":"Akershus H\u00f8yre","article_publisher":"https:\/\/www.facebook.com\/akershus.h","article_modified_time":"2026-02-11T13:57:06+00:00","og_image":[{"url":"https:\/\/hoyre.no\/content\/uploads\/sites\/432\/2023\/05\/Anette_ute-1024x683.jpg","type":"","width":"","height":""}],"twitter_card":"summary_large_image","twitter_misc":{"Ansl. lesetid":"3 minutter"},"schema":{"@context":"https:\/\/schema.org","@graph":[{"@type":"WebPage","@id":"https:\/\/hoyre.no\/akershus\/hoyre-i-fylkesrad\/","url":"https:\/\/hoyre.no\/akershus\/hoyre-i-fylkesrad\/","name":"H\u00f8yre i fylkesr\u00e5d - Akershus H\u00f8yre","isPartOf":{"@id":"https:\/\/hoyre.no\/akershus\/#website"},"image":{"@id":"https:\/\/hoyre.no\/akershus\/hoyre-i-fylkesrad\/#primaryimage"},"thumbnailUrl":"https:\/\/hoyre.no\/content\/uploads\/sites\/432\/2023\/05\/Anette_ute-1024x683.jpg","datePublished":"2024-01-04T09:33:35+00:00","dateModified":"2026-02-11T13:57:06+00:00","breadcrumb":{"@id":"https:\/\/hoyre.no\/akershus\/hoyre-i-fylkesrad\/#breadcrumb"},"inLanguage":"nb-NO","potentialAction":[{"@type":"ReadAction","target":["https:\/\/hoyre.no\/akershus\/hoyre-i-fylkesrad\/"]}]},{"@type":"ImageObject","inLanguage":"nb-NO","@id":"https:\/\/hoyre.no\/akershus\/hoyre-i-fylkesrad\/#primaryimage","url":"https:\/\/hoyre.no\/content\/uploads\/sites\/432\/2023\/05\/Anette_ute-1024x683.jpg","contentUrl":"https:\/\/hoyre.no\/content\/uploads\/sites\/432\/2023\/05\/Anette_ute-1024x683.jpg"},{"@type":"BreadcrumbList","@id":"https:\/\/hoyre.no\/akershus\/hoyre-i-fylkesrad\/#breadcrumb","itemListElement":[{"@type":"ListItem","position":1,"name":"Til hoyre.no","item":"https:\/\/hoyre.no"},{"@type":"ListItem","position":2,"name":"Hjem","item":"https:\/\/hoyre.no\/akershus\/"},{"@type":"ListItem","position":3,"name":"H\u00f8yre i fylkesr\u00e5d"}]},{"@type":"WebSite","@id":"https:\/\/hoyre.no\/akershus\/#website","url":"https:\/\/hoyre.no\/akershus\/","name":"Akershus H\u00f8yre","description":"Bare enda et H\u00f8yres nettsteder-nettsted","publisher":{"@id":"https:\/\/hoyre.no\/akershus\/#organization"},"inLanguage":"nb-NO"},{"@type":"Organization","@id":"https:\/\/hoyre.no\/akershus\/#organization","name":"Akershus H\u00f8yre","url":"https:\/\/hoyre.no\/akershus\/","logo":{"@type":"ImageObject","inLanguage":"nb-NO","@id":"https:\/\/hoyre.no\/akershus\/#\/schema\/logo\/image\/","url":"https:\/\/hoyre.no\/content\/uploads\/sites\/432\/2023\/02\/hoyre_logo.png","contentUrl":"https:\/\/hoyre.no\/content\/uploads\/sites\/432\/2023\/02\/hoyre_logo.png","width":1000,"height":1000,"caption":"Akershus H\u00f8yre"},"image":{"@id":"https:\/\/hoyre.no\/akershus\/#\/schema\/logo\/image\/"},"sameAs":["https:\/\/www.facebook.com\/akershus.h"]}]}},"distributor_meta":false,"distributor_terms":false,"distributor_media":false,"distributor_original_site_name":"Akershus H\u00f8yre","distributor_original_site_url":"https:\/\/hoyre.no\/akershus","push-errors":false,"_links":{"self":[{"href":"https:\/\/hoyre.no\/akershus\/wp-json\/wp\/v2\/pages\/461","targetHints":{"allow":["GET"]}}],"collection":[{"href":"https:\/\/hoyre.no\/akershus\/wp-json\/wp\/v2\/pages"}],"about":[{"href":"https:\/\/hoyre.no\/akershus\/wp-json\/wp\/v2\/types\/page"}],"author":[{"embeddable":true,"href":"https:\/\/hoyre.no\/akershus\/wp-json\/wp\/v2\/users\/20880"}],"replies":[{"embeddable":true,"href":"https:\/\/hoyre.no\/akershus\/wp-json\/wp\/v2\/comments?post=461"}],"version-history":[{"count":33,"href":"https:\/\/hoyre.no\/akershus\/wp-json\/wp\/v2\/pages\/461\/revisions"}],"predecessor-version":[{"id":1877,"href":"https:\/\/hoyre.no\/akershus\/wp-json\/wp\/v2\/pages\/461\/revisions\/1877"}],"wp:attachment":[{"href":"https:\/\/hoyre.no\/akershus\/wp-json\/wp\/v2\/media?parent=461"}],"curies":[{"name":"wp","href":"https:\/\/api.w.org\/{rel}","templated":true}]}}