{"id":1267,"date":"2025-02-11T12:23:21","date_gmt":"2025-02-11T11:23:21","guid":{"rendered":"https:\/\/hoyre.no\/akershus\/?post_type=teft-events&#038;p=1267"},"modified":"2025-02-17T09:32:43","modified_gmt":"2025-02-17T08:32:43","slug":"ukraina-hva-na","status":"publish","type":"teft-events","link":"https:\/\/hoyre.no\/akershus\/arrangementer\/ukraina-hva-na\/","title":{"rendered":"Ukraina-hva n\u00e5?"},"content":{"rendered":"\n<div class=\"wp-block-teft-event-top\">\n\n<div class=\"teft-event-date-top\">\n<div class=\"teft-event-date-wrapper\">\n\t<div class=\"date-square\" aria-hidden=\"true\">\n\t\t06\t\t\t<\/div>\n<\/div>\n\t<div class=\"top-text\">\n\t\t\t\t\t<p class=\"top-date-text\">torsdag 06. mars 2025<\/p>\n\t\t\t\t\t\t\t<p class=\"top-time-text\">18:00 &#8211; 20:00<\/p>\n\t\t\t\t\t\t<\/div>\n\t\t<div class=\"sharing\">\n\t\t<a class=\"share-button share-link copy-link\" data-copy=\"https:\/\/hoyre.no\/akershus\/arrangementer\/ukraina-hva-na\/\" target=\"_blank\"><span class=\"screen-reader-text\">Del link<\/span><\/a>\n\t\t<a class=\"share-button share-twitter\" href=\"http:\/\/twitter.com\/share?text=Ukraina-hva n\u00e5?&#038;url=https:\/\/hoyre.no\/akershus\/arrangementer\/ukraina-hva-na\/&#038;hashtags=Hoyre\" target=\"_blank\"><span class=\"screen-reader-text\">Del p\u00e5 twitter<\/span><\/a>\n\t\t<a class=\"share-button share-facebook\" href=\"https:\/\/www.facebook.com\/sharer\/sharer.php?u=https:\/\/hoyre.no\/akershus\/arrangementer\/ukraina-hva-na\/\" target=\"_blank\"><span class=\"screen-reader-text\">Del p\u00e5 facebook<\/span><\/a>\n\t<\/div>\n\t<\/div>\n<p class=\"preamble\">Eidsvoll H\u00f8yre inviterer til \u00e5pent medlemsm\u00f8te med Peter Fr\u00f8lich, stortingsrepresentant og leder av Stortingets kontroll- og konstitusjonskomit\u00e9, med temaet &laquo;Ukraina, hva n\u00e5?&raquo;. <\/p><figure class=\"hoyre-image-wrapper\"><div class=\"hoyre-image\"><img loading=\"lazy\" decoding=\"async\" width=\"2500\" height=\"1667\" src=\"https:\/\/hoyre.no\/content\/uploads\/sites\/432\/2025\/02\/Peter-Frolich-scaled.jpg\" class=\"attachment-scaled size-scaled\" alt=\"\" style=\"object-position: 53% 36%\" srcset=\"https:\/\/hoyre.no\/content\/uploads\/sites\/432\/2025\/02\/Peter-Frolich-scaled.jpg 2500w, https:\/\/hoyre.no\/content\/uploads\/sites\/432\/2025\/02\/Peter-Frolich-300x200.jpg 300w, https:\/\/hoyre.no\/content\/uploads\/sites\/432\/2025\/02\/Peter-Frolich-1024x683.jpg 1024w, https:\/\/hoyre.no\/content\/uploads\/sites\/432\/2025\/02\/Peter-Frolich-768x512.jpg 768w, https:\/\/hoyre.no\/content\/uploads\/sites\/432\/2025\/02\/Peter-Frolich-1536x1024.jpg 1536w, https:\/\/hoyre.no\/content\/uploads\/sites\/432\/2025\/02\/Peter-Frolich-2048x1365.jpg 2048w\" sizes=\"auto, (max-width: 2500px) 100vw, 2500px\" \/><\/div><\/figure>\n\n<div class=\"panel teft-details-panel\">\n\t\t<h3>Detaljer<\/h3>\n\n\t\t\t\t\t<dl class=\"info-misc-with-icons\">\n\t\t\t\t<dt class=\"venue\"><span class=\"screen-reader-text\">Stedet<\/span><\/dt>\n\t\t\t\t<dd>\n\t\t\t\t\t\t\t\t\t\t\t<span class=\"address-line-1\">Wergelands Hus ved Eidsvollsbygningen<\/span>\n\t\t\t\t\t\t\t\t\t\t\t\t\t\t<\/dd>\n\t\t\t<\/dl>\n\t\t\t\t\t\t\t<dl class=\"info-misc-with-icons\">\n\t\t<dt class=\"time\"><span class=\"screen-reader-text\">Arrangement dato<\/span><\/dt>\n\t\t<dd class=\"time\">\n\t\t\ttor 6. mars 2025 fra  18:00 &#8211; 20:00\t\t<\/dd>\n\t<\/dl>\n\t\t\t\t<\/dl>\n<\/div>\n<\/div>\n\n\n\n\n<h2 class=\"wp-block-heading\" id=\"h-informasjon\">Informasjon<\/h2>\n\n\n\n<p>Ullensaker og Eidsvoll H\u00f8yre inviterer til foredrag med Peter Fr\u00f8lich&nbsp;<strong>torsdag 6. mars kl. 18.00<\/strong>&nbsp;i Wergelands Hus ved Eidsvollsbygningen.<\/p>\n\n\n\n<p>Dette m\u00f8tet er et \u00e5pent medlemsm\u00f8te arrangert av Eidsvoll H\u00f8yre og Ullensaker H\u00f8yre i samarbeid. Det betyr at arrangementet ogs\u00e5 er \u00e5pent for andre i v\u00e5re kommuner som er interessert i tematikken, og som \u00f8nsker \u00e5 bli bedre kjent med oss.\u00a0<\/p>\n\n\n\n<p>Meld deg p\u00e5 her: <a href=\"https:\/\/ui.ungapped.io\/Events\/22bf6975-88d7-4b1c-a6e1-0a312a1f8bca\">https:\/\/ui.ungapped.io\/Events\/22bf6975-88d7-4b1c-a6e1-0a312a1f8bca<\/a><\/p>\n\n\n\n<p>Velkommen til et spennende foredrag med Peter Fr\u00f8lich som er stortingsrepresentant for H\u00f8yre og leder Stortingets kontroll- og konstitusjonskomit\u00e9. Fr\u00f8lich har ogs\u00e5 f\u00e5tt stor anerkjennelse for sitt engasjement i Ukraina-konflikten. Fr\u00f8lich har v\u00e6rt en aktiv st\u00f8ttespiller for Ukraina siden Russland invaderte landet i 2022. Han er styreleder for organisasjonen \u201cFritt Ukraina\u201d, som samler inn penger og sender utstyr til ukrainske styrker og sivilforsvaret.\u00a0Han har personlig kj\u00f8rt hjelpeutstyr til Ukraina flere ganger.\u00a0For sitt bidrag har han mottatt en \u00e6resmedalje fra den ukrainske presidenten Volodymyr Zelenskyj. Hans innsats har blitt lagt merke til b\u00e5de nasjonalt og internasjonalt, og han ble k\u00e5ret til \u201c\u00c5rets stortingsrepresentant\u201d av Minerva i 2024. Han ble ogs\u00e5 nominert til \u00c5rets Navn i VG i 2024. Fr\u00f8lichs arbeid viser hans sterke engasjement for demokrati og frihet, b\u00e5de i Norge og internasjonalt.<\/p>\n\n\n\n<p>Det vil bli servert kaffe.&nbsp;<\/p>\n\n\n\n<p>Vi gleder oss, og h\u00e5per \u00e5 se deg!<\/p>\n\n\n<div class=\"post-meta wp-block\">\n\t<div class=\"top\">\n\t\t<div class=\"sharing\">\n\t\t\t<a class=\"share-button share-link\" target=\"_blank\"><span class=\"screen-reader-text\">Del link<\/span><\/a>\n\t\t\t<a class=\"share-button share-twitter\" href=\"http:\/\/twitter.com\/share?text=Ukraina-hva n\u00e5?&#038;url=https:\/\/hoyre.no\/akershus\/arrangementer\/ukraina-hva-na\/&#038;hashtags=Hoyre\"><span class=\"screen-reader-text\">Del p\u00e5 twitter<\/span><\/a>\n\t\t\t<a class=\"share-button share-facebook\" href=\"https:\/\/www.facebook.com\/sharer\/sharer.php?u=https:\/\/hoyre.no\/akershus\/arrangementer\/ukraina-hva-na\/\" target=\"_blank\"><span class=\"screen-reader-text\">Del p\u00e5 facebook<\/span><\/a>\n\t\t<\/div>\n\t<\/div>\n<\/div>\n","protected":false},"template":"","meta":{"teft_cards_image_url":"","teft_cards_custom_pretitle":"","teft_cards_image_id":1268,"teft_cards_image_focal_point_x":0.51,"teft_cards_image_focal_point_y":0.34,"teft_cards_title":"","teft_cards_excerpt":"","teft_show_chapters":false,"event_organizer":[],"event_start_date":"2025-03-06T18:00:00","event_end_date":"2025-03-06T20:00:00","event_registration_url":"","event_registration_deadline":"","event_ticket_cost":"","event_venue_name":"Wergelands Hus ved Eidsvollsbygningen","event_venue_url":"","event_venue_address":""},"teft-events-category":[],"class_list":["post-1267","teft-events","type-teft-events","status-publish","hentry"],"yoast_head":"<!-- This site is optimized with the Yoast SEO plugin v26.6 - https:\/\/yoast.com\/wordpress\/plugins\/seo\/ -->\n<title>Ukraina-hva n\u00e5? - Akershus H\u00f8yre<\/title>\n<meta name=\"robots\" content=\"index, follow, max-snippet:-1, max-image-preview:large, max-video-preview:-1\" \/>\n<link rel=\"canonical\" href=\"https:\/\/hoyre.no\/akershus\/arrangementer\/ukraina-hva-na\/\" \/>\n<meta property=\"og:locale\" content=\"nb_NO\" \/>\n<meta property=\"og:type\" content=\"article\" \/>\n<meta property=\"og:title\" content=\"Ukraina-hva n\u00e5? - Akershus H\u00f8yre\" \/>\n<meta property=\"og:url\" content=\"https:\/\/hoyre.no\/akershus\/arrangementer\/ukraina-hva-na\/\" \/>\n<meta property=\"og:site_name\" content=\"Akershus H\u00f8yre\" \/>\n<meta property=\"article:publisher\" content=\"https:\/\/www.facebook.com\/akershus.h\" \/>\n<meta property=\"article:modified_time\" content=\"2025-02-17T08:32:43+00:00\" \/>\n<meta property=\"og:image\" content=\"https:\/\/hoyre.no\/content\/uploads\/sites\/432\/2025\/02\/Peter-Frolich-1024x683.jpg\" \/>\n<meta name=\"twitter:card\" content=\"summary_large_image\" \/>\n<meta name=\"twitter:label1\" content=\"Ansl. lesetid\" \/>\n\t<meta name=\"twitter:data1\" content=\"2 minutter\" \/>\n<script type=\"application\/ld+json\" class=\"yoast-schema-graph\">{\"@context\":\"https:\/\/schema.org\",\"@graph\":[{\"@type\":\"WebPage\",\"@id\":\"https:\/\/hoyre.no\/akershus\/arrangementer\/ukraina-hva-na\/\",\"url\":\"https:\/\/hoyre.no\/akershus\/arrangementer\/ukraina-hva-na\/\",\"name\":\"Ukraina-hva n\u00e5? - Akershus H\u00f8yre\",\"isPartOf\":{\"@id\":\"https:\/\/hoyre.no\/akershus\/#website\"},\"datePublished\":\"2025-02-11T11:23:21+00:00\",\"dateModified\":\"2025-02-17T08:32:43+00:00\",\"breadcrumb\":{\"@id\":\"https:\/\/hoyre.no\/akershus\/arrangementer\/ukraina-hva-na\/#breadcrumb\"},\"inLanguage\":\"nb-NO\",\"potentialAction\":[{\"@type\":\"ReadAction\",\"target\":[\"https:\/\/hoyre.no\/akershus\/arrangementer\/ukraina-hva-na\/\"]}]},{\"@type\":\"BreadcrumbList\",\"@id\":\"https:\/\/hoyre.no\/akershus\/arrangementer\/ukraina-hva-na\/#breadcrumb\",\"itemListElement\":[{\"@type\":\"ListItem\",\"position\":1,\"name\":\"Til hoyre.no\",\"item\":\"https:\/\/hoyre.no\"},{\"@type\":\"ListItem\",\"position\":2,\"name\":\"Hjem\",\"item\":\"https:\/\/hoyre.no\/akershus\/\"},{\"@type\":\"ListItem\",\"position\":3,\"name\":\"Arrangement\",\"item\":\"https:\/\/hoyre.no\/akershus\/arrangementer\/\"},{\"@type\":\"ListItem\",\"position\":4,\"name\":\"Ukraina-hva n\u00e5?\"}]},{\"@type\":\"WebSite\",\"@id\":\"https:\/\/hoyre.no\/akershus\/#website\",\"url\":\"https:\/\/hoyre.no\/akershus\/\",\"name\":\"Akershus H\u00f8yre\",\"description\":\"Bare enda et H\u00f8yres nettsteder-nettsted\",\"publisher\":{\"@id\":\"https:\/\/hoyre.no\/akershus\/#organization\"},\"inLanguage\":\"nb-NO\"},{\"@type\":\"Organization\",\"@id\":\"https:\/\/hoyre.no\/akershus\/#organization\",\"name\":\"Akershus H\u00f8yre\",\"url\":\"https:\/\/hoyre.no\/akershus\/\",\"logo\":{\"@type\":\"ImageObject\",\"inLanguage\":\"nb-NO\",\"@id\":\"https:\/\/hoyre.no\/akershus\/#\/schema\/logo\/image\/\",\"url\":\"https:\/\/hoyre.no\/content\/uploads\/sites\/432\/2023\/02\/hoyre_logo.png\",\"contentUrl\":\"https:\/\/hoyre.no\/content\/uploads\/sites\/432\/2023\/02\/hoyre_logo.png\",\"width\":1000,\"height\":1000,\"caption\":\"Akershus H\u00f8yre\"},\"image\":{\"@id\":\"https:\/\/hoyre.no\/akershus\/#\/schema\/logo\/image\/\"},\"sameAs\":[\"https:\/\/www.facebook.com\/akershus.h\"]}]}<\/script>\n<!-- \/ Yoast SEO plugin. -->","yoast_head_json":{"title":"Ukraina-hva n\u00e5? - Akershus H\u00f8yre","robots":{"index":"index","follow":"follow","max-snippet":"max-snippet:-1","max-image-preview":"max-image-preview:large","max-video-preview":"max-video-preview:-1"},"canonical":"https:\/\/hoyre.no\/akershus\/arrangementer\/ukraina-hva-na\/","og_locale":"nb_NO","og_type":"article","og_title":"Ukraina-hva n\u00e5? - Akershus H\u00f8yre","og_url":"https:\/\/hoyre.no\/akershus\/arrangementer\/ukraina-hva-na\/","og_site_name":"Akershus H\u00f8yre","article_publisher":"https:\/\/www.facebook.com\/akershus.h","article_modified_time":"2025-02-17T08:32:43+00:00","og_image":[{"url":"https:\/\/hoyre.no\/content\/uploads\/sites\/432\/2025\/02\/Peter-Frolich-1024x683.jpg","width":"","height":"","type":""}],"twitter_card":"summary_large_image","twitter_misc":{"Ansl. lesetid":"2 minutter"},"schema":{"@context":"https:\/\/schema.org","@graph":[{"@type":"WebPage","@id":"https:\/\/hoyre.no\/akershus\/arrangementer\/ukraina-hva-na\/","url":"https:\/\/hoyre.no\/akershus\/arrangementer\/ukraina-hva-na\/","name":"Ukraina-hva n\u00e5? - Akershus H\u00f8yre","isPartOf":{"@id":"https:\/\/hoyre.no\/akershus\/#website"},"datePublished":"2025-02-11T11:23:21+00:00","dateModified":"2025-02-17T08:32:43+00:00","breadcrumb":{"@id":"https:\/\/hoyre.no\/akershus\/arrangementer\/ukraina-hva-na\/#breadcrumb"},"inLanguage":"nb-NO","potentialAction":[{"@type":"ReadAction","target":["https:\/\/hoyre.no\/akershus\/arrangementer\/ukraina-hva-na\/"]}]},{"@type":"BreadcrumbList","@id":"https:\/\/hoyre.no\/akershus\/arrangementer\/ukraina-hva-na\/#breadcrumb","itemListElement":[{"@type":"ListItem","position":1,"name":"Til hoyre.no","item":"https:\/\/hoyre.no"},{"@type":"ListItem","position":2,"name":"Hjem","item":"https:\/\/hoyre.no\/akershus\/"},{"@type":"ListItem","position":3,"name":"Arrangement","item":"https:\/\/hoyre.no\/akershus\/arrangementer\/"},{"@type":"ListItem","position":4,"name":"Ukraina-hva n\u00e5?"}]},{"@type":"WebSite","@id":"https:\/\/hoyre.no\/akershus\/#website","url":"https:\/\/hoyre.no\/akershus\/","name":"Akershus H\u00f8yre","description":"Bare enda et H\u00f8yres nettsteder-nettsted","publisher":{"@id":"https:\/\/hoyre.no\/akershus\/#organization"},"inLanguage":"nb-NO"},{"@type":"Organization","@id":"https:\/\/hoyre.no\/akershus\/#organization","name":"Akershus H\u00f8yre","url":"https:\/\/hoyre.no\/akershus\/","logo":{"@type":"ImageObject","inLanguage":"nb-NO","@id":"https:\/\/hoyre.no\/akershus\/#\/schema\/logo\/image\/","url":"https:\/\/hoyre.no\/content\/uploads\/sites\/432\/2023\/02\/hoyre_logo.png","contentUrl":"https:\/\/hoyre.no\/content\/uploads\/sites\/432\/2023\/02\/hoyre_logo.png","width":1000,"height":1000,"caption":"Akershus H\u00f8yre"},"image":{"@id":"https:\/\/hoyre.no\/akershus\/#\/schema\/logo\/image\/"},"sameAs":["https:\/\/www.facebook.com\/akershus.h"]}]}},"distributor_meta":false,"distributor_terms":false,"distributor_media":false,"distributor_original_site_name":"Akershus H\u00f8yre","distributor_original_site_url":"https:\/\/hoyre.no\/akershus","push-errors":false,"_links":{"self":[{"href":"https:\/\/hoyre.no\/akershus\/wp-json\/wp\/v2\/teft-events\/1267","targetHints":{"allow":["GET"]}}],"collection":[{"href":"https:\/\/hoyre.no\/akershus\/wp-json\/wp\/v2\/teft-events"}],"about":[{"href":"https:\/\/hoyre.no\/akershus\/wp-json\/wp\/v2\/types\/teft-events"}],"wp:attachment":[{"href":"https:\/\/hoyre.no\/akershus\/wp-json\/wp\/v2\/media?parent=1267"}],"wp:term":[{"taxonomy":"teft-events-category","embeddable":true,"href":"https:\/\/hoyre.no\/akershus\/wp-json\/wp\/v2\/teft-events-category?post=1267"}],"curies":[{"name":"wp","href":"https:\/\/api.w.org\/{rel}","templated":true}]}}