{"id":1312,"date":"2025-03-13T12:57:05","date_gmt":"2025-03-13T11:57:05","guid":{"rendered":"https:\/\/hoyre.no\/akershus\/?post_type=teft-events&#038;p=1312"},"modified":"2025-03-13T12:57:05","modified_gmt":"2025-03-13T11:57:05","slug":"norges-nye-forsvar-i-en-uforutsigbar-og-usikker-tid","status":"publish","type":"teft-events","link":"https:\/\/hoyre.no\/akershus\/arrangementer\/norges-nye-forsvar-i-en-uforutsigbar-og-usikker-tid\/","title":{"rendered":"Norges nye forsvar i en uforutsigbar og usikker tid"},"content":{"rendered":"\n<div class=\"wp-block-teft-event-top\">\n\n<div class=\"teft-event-date-top\">\n<div class=\"teft-event-date-wrapper\">\n\t<div class=\"date-square\" aria-hidden=\"true\">\n\t\t31\t\t\t<\/div>\n<\/div>\n\t<div class=\"top-text\">\n\t\t\t\t\t<p class=\"top-date-text\">mandag 31. mars 2025<\/p>\n\t\t\t\t\t\t\t<p class=\"top-time-text\">13:15 &#8211; 14:30<\/p>\n\t\t\t\t\t\t<\/div>\n\t\t<div class=\"sharing\">\n\t\t<a class=\"share-button share-link copy-link\" data-copy=\"https:\/\/hoyre.no\/akershus\/arrangementer\/norges-nye-forsvar-i-en-uforutsigbar-og-usikker-tid\/\" target=\"_blank\"><span class=\"screen-reader-text\">Del link<\/span><\/a>\n\t\t<a class=\"share-button share-twitter\" href=\"http:\/\/twitter.com\/share?text=Norges nye forsvar i en uforutsigbar og usikker tid&#038;url=https:\/\/hoyre.no\/akershus\/arrangementer\/norges-nye-forsvar-i-en-uforutsigbar-og-usikker-tid\/&#038;hashtags=Hoyre\" target=\"_blank\"><span class=\"screen-reader-text\">Del p\u00e5 twitter<\/span><\/a>\n\t\t<a class=\"share-button share-facebook\" href=\"https:\/\/www.facebook.com\/sharer\/sharer.php?u=https:\/\/hoyre.no\/akershus\/arrangementer\/norges-nye-forsvar-i-en-uforutsigbar-og-usikker-tid\/\" target=\"_blank\"><span class=\"screen-reader-text\">Del p\u00e5 facebook<\/span><\/a>\n\t<\/div>\n\t<\/div>\n<p class=\"preamble\">Velkommen til spennende m\u00f8te i regi av Nesodden Senior H\u00f8yre!<\/p><figure class=\"hoyre-image-wrapper\"><div class=\"hoyre-image\"><img loading=\"lazy\" decoding=\"async\" width=\"2500\" height=\"1667\" src=\"https:\/\/hoyre.no\/content\/uploads\/sites\/432\/2025\/03\/Elvenes-Harek-foto-Monica-Jensen-scaled.jpg\" class=\"attachment-scaled size-scaled\" alt=\"\" style=\"object-position: 50% 50%\" srcset=\"https:\/\/hoyre.no\/content\/uploads\/sites\/432\/2025\/03\/Elvenes-Harek-foto-Monica-Jensen-scaled.jpg 2500w, https:\/\/hoyre.no\/content\/uploads\/sites\/432\/2025\/03\/Elvenes-Harek-foto-Monica-Jensen-300x200.jpg 300w, https:\/\/hoyre.no\/content\/uploads\/sites\/432\/2025\/03\/Elvenes-Harek-foto-Monica-Jensen-1024x683.jpg 1024w, https:\/\/hoyre.no\/content\/uploads\/sites\/432\/2025\/03\/Elvenes-Harek-foto-Monica-Jensen-768x512.jpg 768w, https:\/\/hoyre.no\/content\/uploads\/sites\/432\/2025\/03\/Elvenes-Harek-foto-Monica-Jensen-1536x1024.jpg 1536w, https:\/\/hoyre.no\/content\/uploads\/sites\/432\/2025\/03\/Elvenes-Harek-foto-Monica-Jensen-2048x1365.jpg 2048w\" sizes=\"auto, (max-width: 2500px) 100vw, 2500px\" \/><\/div><\/figure>\n\n<div class=\"panel teft-details-panel\">\n\t\t<h3>Detaljer<\/h3>\n\n\t\t\t\t\t<dl class=\"info-misc-with-icons\">\n\t\t\t\t<dt class=\"venue\"><span class=\"screen-reader-text\">Stedet<\/span><\/dt>\n\t\t\t\t<dd>\n\t\t\t\t\t\t\t\t\t\t\t<span class=\"address-line-1\">\u00d8vre kaf\u00e9, Tangenten<\/span>\n\t\t\t\t\t\t\t\t\t\t\t\t\t\t\t\t<span class=\"address-line-2\">Kongleveien 2, 1452 Nesoddtangen<\/span>\n\t\t\t\t\t\t\t\t\t<\/dd>\n\t\t\t<\/dl>\n\t\t\t\t\t\t\t<dl class=\"info-misc-with-icons\">\n\t\t<dt class=\"time\"><span class=\"screen-reader-text\">Arrangement dato<\/span><\/dt>\n\t\t<dd class=\"time\">\n\t\t\tman 31. mars 2025 fra  13:15 &#8211; 14:30\t\t<\/dd>\n\t<\/dl>\n\t\t\t\t<\/dl>\n<\/div>\n<\/div>\n\n\n\n\n<h2 class=\"wp-block-heading\" id=\"h-informasjon\">Informasjon<\/h2>\n\n\n\n<p>I forbindelse med Nesodden Senior H\u00f8yres \u00e5rsm\u00f8te, inviterer vi til m\u00f8te med H\u00e5rek Elvenes om forsvarspolitikk.<br><br>M\u00f8tet er \u00e5pent for alle medlemmer av Akershus H\u00f8yre. <\/p>\n\n\n\n<p><strong>N\u00e5r og hvor:<\/strong>&nbsp;31. mars kl. 13:15-14:30 i \u00d8vre kaf\u00e9 p\u00e5 Tangenten<\/p>\n\n\n\n<p>P\u00e5 f\u00e5 uker har det skjedd mye i internasjonal politikk. Hvilke konsekvenser vil det f\u00e5 for norsk sikkerhetspolitikk, forsvaret v\u00e5rt og det \u00f8konomiske handlingsrommet v\u00e5rt i \u00e5rene fremover?<\/p>\n\n\n\n<p>H\u00e5rek Elevenes har v\u00e6rt H\u00f8yres forsvarspolitiske talsperson siden 2017, like lenge som han har sittet fast p\u00e5 Stortinget. Ved \u00e5rets valg er han Akershus H\u00f8yres 6. kandidat. Han kan forsvarspolitikk bedre enn de fleste. Vi gleder oss derfor stort til \u00e5 h\u00f8re hans innledning. Det blir enkel servering.<\/p>\n\n\n\n<p>Sp\u00f8rsm\u00e5l? Ta kontakt med&nbsp;<a href=\"https:\/\/hoyre.no\/personprofiler\/erik-adland\/\">Erik Adland<\/a>.<\/p>\n\n\n\n<p>Vel m\u00f8tt!<\/p>\n\n\n<div class=\"post-meta wp-block\">\n\t<div class=\"top\">\n\t\t<div class=\"sharing\">\n\t\t\t<a class=\"share-button share-link\" target=\"_blank\"><span class=\"screen-reader-text\">Del link<\/span><\/a>\n\t\t\t<a class=\"share-button share-twitter\" href=\"http:\/\/twitter.com\/share?text=Norges nye forsvar i en uforutsigbar og usikker tid&#038;url=https:\/\/hoyre.no\/akershus\/arrangementer\/norges-nye-forsvar-i-en-uforutsigbar-og-usikker-tid\/&#038;hashtags=Hoyre\"><span class=\"screen-reader-text\">Del p\u00e5 twitter<\/span><\/a>\n\t\t\t<a class=\"share-button share-facebook\" href=\"https:\/\/www.facebook.com\/sharer\/sharer.php?u=https:\/\/hoyre.no\/akershus\/arrangementer\/norges-nye-forsvar-i-en-uforutsigbar-og-usikker-tid\/\" target=\"_blank\"><span class=\"screen-reader-text\">Del p\u00e5 facebook<\/span><\/a>\n\t\t<\/div>\n\t<\/div>\n<\/div>\n","protected":false},"template":"","meta":{"teft_cards_image_url":"","teft_cards_custom_pretitle":"","teft_cards_image_id":1313,"teft_cards_image_focal_point_x":0.5,"teft_cards_image_focal_point_y":0.5,"teft_cards_title":"","teft_cards_excerpt":"","teft_show_chapters":false,"event_organizer":[],"event_start_date":"2025-03-31T13:15:00","event_end_date":"2025-03-31T14:30:00","event_registration_url":"","event_registration_deadline":"","event_ticket_cost":"","event_venue_name":"\u00d8vre kaf\u00e9, Tangenten","event_venue_url":"","event_venue_address":"Kongleveien 2, 1452 Nesoddtangen"},"teft-events-category":[],"class_list":["post-1312","teft-events","type-teft-events","status-publish","hentry"],"yoast_head":"<!-- This site is optimized with the Yoast SEO plugin v26.6 - https:\/\/yoast.com\/wordpress\/plugins\/seo\/ -->\n<title>Norges nye forsvar i en uforutsigbar og usikker tid - Akershus H\u00f8yre<\/title>\n<meta name=\"robots\" content=\"index, follow, max-snippet:-1, max-image-preview:large, max-video-preview:-1\" \/>\n<link rel=\"canonical\" href=\"https:\/\/hoyre.no\/akershus\/arrangementer\/norges-nye-forsvar-i-en-uforutsigbar-og-usikker-tid\/\" \/>\n<meta property=\"og:locale\" content=\"nb_NO\" \/>\n<meta property=\"og:type\" content=\"article\" \/>\n<meta property=\"og:title\" content=\"Norges nye forsvar i en uforutsigbar og usikker tid - Akershus H\u00f8yre\" \/>\n<meta property=\"og:url\" content=\"https:\/\/hoyre.no\/akershus\/arrangementer\/norges-nye-forsvar-i-en-uforutsigbar-og-usikker-tid\/\" \/>\n<meta property=\"og:site_name\" content=\"Akershus H\u00f8yre\" \/>\n<meta property=\"article:publisher\" content=\"https:\/\/www.facebook.com\/akershus.h\" \/>\n<meta property=\"og:image\" content=\"https:\/\/hoyre.no\/content\/uploads\/sites\/432\/2025\/03\/Elvenes-Harek-foto-Monica-Jensen-1024x683.jpg\" \/>\n<meta name=\"twitter:card\" content=\"summary_large_image\" \/>\n<meta name=\"twitter:label1\" content=\"Ansl. lesetid\" \/>\n\t<meta name=\"twitter:data1\" content=\"1 minutt\" \/>\n<script type=\"application\/ld+json\" class=\"yoast-schema-graph\">{\"@context\":\"https:\/\/schema.org\",\"@graph\":[{\"@type\":\"WebPage\",\"@id\":\"https:\/\/hoyre.no\/akershus\/arrangementer\/norges-nye-forsvar-i-en-uforutsigbar-og-usikker-tid\/\",\"url\":\"https:\/\/hoyre.no\/akershus\/arrangementer\/norges-nye-forsvar-i-en-uforutsigbar-og-usikker-tid\/\",\"name\":\"Norges nye forsvar i en uforutsigbar og usikker tid - Akershus H\u00f8yre\",\"isPartOf\":{\"@id\":\"https:\/\/hoyre.no\/akershus\/#website\"},\"datePublished\":\"2025-03-13T11:57:05+00:00\",\"breadcrumb\":{\"@id\":\"https:\/\/hoyre.no\/akershus\/arrangementer\/norges-nye-forsvar-i-en-uforutsigbar-og-usikker-tid\/#breadcrumb\"},\"inLanguage\":\"nb-NO\",\"potentialAction\":[{\"@type\":\"ReadAction\",\"target\":[\"https:\/\/hoyre.no\/akershus\/arrangementer\/norges-nye-forsvar-i-en-uforutsigbar-og-usikker-tid\/\"]}]},{\"@type\":\"BreadcrumbList\",\"@id\":\"https:\/\/hoyre.no\/akershus\/arrangementer\/norges-nye-forsvar-i-en-uforutsigbar-og-usikker-tid\/#breadcrumb\",\"itemListElement\":[{\"@type\":\"ListItem\",\"position\":1,\"name\":\"Til hoyre.no\",\"item\":\"https:\/\/hoyre.no\"},{\"@type\":\"ListItem\",\"position\":2,\"name\":\"Hjem\",\"item\":\"https:\/\/hoyre.no\/akershus\/\"},{\"@type\":\"ListItem\",\"position\":3,\"name\":\"Arrangement\",\"item\":\"https:\/\/hoyre.no\/akershus\/arrangementer\/\"},{\"@type\":\"ListItem\",\"position\":4,\"name\":\"Norges nye forsvar i en uforutsigbar og usikker tid\"}]},{\"@type\":\"WebSite\",\"@id\":\"https:\/\/hoyre.no\/akershus\/#website\",\"url\":\"https:\/\/hoyre.no\/akershus\/\",\"name\":\"Akershus H\u00f8yre\",\"description\":\"Bare enda et H\u00f8yres nettsteder-nettsted\",\"publisher\":{\"@id\":\"https:\/\/hoyre.no\/akershus\/#organization\"},\"inLanguage\":\"nb-NO\"},{\"@type\":\"Organization\",\"@id\":\"https:\/\/hoyre.no\/akershus\/#organization\",\"name\":\"Akershus H\u00f8yre\",\"url\":\"https:\/\/hoyre.no\/akershus\/\",\"logo\":{\"@type\":\"ImageObject\",\"inLanguage\":\"nb-NO\",\"@id\":\"https:\/\/hoyre.no\/akershus\/#\/schema\/logo\/image\/\",\"url\":\"https:\/\/hoyre.no\/content\/uploads\/sites\/432\/2023\/02\/hoyre_logo.png\",\"contentUrl\":\"https:\/\/hoyre.no\/content\/uploads\/sites\/432\/2023\/02\/hoyre_logo.png\",\"width\":1000,\"height\":1000,\"caption\":\"Akershus H\u00f8yre\"},\"image\":{\"@id\":\"https:\/\/hoyre.no\/akershus\/#\/schema\/logo\/image\/\"},\"sameAs\":[\"https:\/\/www.facebook.com\/akershus.h\"]}]}<\/script>\n<!-- \/ Yoast SEO plugin. -->","yoast_head_json":{"title":"Norges nye forsvar i en uforutsigbar og usikker tid - Akershus H\u00f8yre","robots":{"index":"index","follow":"follow","max-snippet":"max-snippet:-1","max-image-preview":"max-image-preview:large","max-video-preview":"max-video-preview:-1"},"canonical":"https:\/\/hoyre.no\/akershus\/arrangementer\/norges-nye-forsvar-i-en-uforutsigbar-og-usikker-tid\/","og_locale":"nb_NO","og_type":"article","og_title":"Norges nye forsvar i en uforutsigbar og usikker tid - Akershus H\u00f8yre","og_url":"https:\/\/hoyre.no\/akershus\/arrangementer\/norges-nye-forsvar-i-en-uforutsigbar-og-usikker-tid\/","og_site_name":"Akershus H\u00f8yre","article_publisher":"https:\/\/www.facebook.com\/akershus.h","og_image":[{"url":"https:\/\/hoyre.no\/content\/uploads\/sites\/432\/2025\/03\/Elvenes-Harek-foto-Monica-Jensen-1024x683.jpg","width":"","height":"","type":""}],"twitter_card":"summary_large_image","twitter_misc":{"Ansl. lesetid":"1 minutt"},"schema":{"@context":"https:\/\/schema.org","@graph":[{"@type":"WebPage","@id":"https:\/\/hoyre.no\/akershus\/arrangementer\/norges-nye-forsvar-i-en-uforutsigbar-og-usikker-tid\/","url":"https:\/\/hoyre.no\/akershus\/arrangementer\/norges-nye-forsvar-i-en-uforutsigbar-og-usikker-tid\/","name":"Norges nye forsvar i en uforutsigbar og usikker tid - Akershus H\u00f8yre","isPartOf":{"@id":"https:\/\/hoyre.no\/akershus\/#website"},"datePublished":"2025-03-13T11:57:05+00:00","breadcrumb":{"@id":"https:\/\/hoyre.no\/akershus\/arrangementer\/norges-nye-forsvar-i-en-uforutsigbar-og-usikker-tid\/#breadcrumb"},"inLanguage":"nb-NO","potentialAction":[{"@type":"ReadAction","target":["https:\/\/hoyre.no\/akershus\/arrangementer\/norges-nye-forsvar-i-en-uforutsigbar-og-usikker-tid\/"]}]},{"@type":"BreadcrumbList","@id":"https:\/\/hoyre.no\/akershus\/arrangementer\/norges-nye-forsvar-i-en-uforutsigbar-og-usikker-tid\/#breadcrumb","itemListElement":[{"@type":"ListItem","position":1,"name":"Til hoyre.no","item":"https:\/\/hoyre.no"},{"@type":"ListItem","position":2,"name":"Hjem","item":"https:\/\/hoyre.no\/akershus\/"},{"@type":"ListItem","position":3,"name":"Arrangement","item":"https:\/\/hoyre.no\/akershus\/arrangementer\/"},{"@type":"ListItem","position":4,"name":"Norges nye forsvar i en uforutsigbar og usikker tid"}]},{"@type":"WebSite","@id":"https:\/\/hoyre.no\/akershus\/#website","url":"https:\/\/hoyre.no\/akershus\/","name":"Akershus H\u00f8yre","description":"Bare enda et H\u00f8yres nettsteder-nettsted","publisher":{"@id":"https:\/\/hoyre.no\/akershus\/#organization"},"inLanguage":"nb-NO"},{"@type":"Organization","@id":"https:\/\/hoyre.no\/akershus\/#organization","name":"Akershus H\u00f8yre","url":"https:\/\/hoyre.no\/akershus\/","logo":{"@type":"ImageObject","inLanguage":"nb-NO","@id":"https:\/\/hoyre.no\/akershus\/#\/schema\/logo\/image\/","url":"https:\/\/hoyre.no\/content\/uploads\/sites\/432\/2023\/02\/hoyre_logo.png","contentUrl":"https:\/\/hoyre.no\/content\/uploads\/sites\/432\/2023\/02\/hoyre_logo.png","width":1000,"height":1000,"caption":"Akershus H\u00f8yre"},"image":{"@id":"https:\/\/hoyre.no\/akershus\/#\/schema\/logo\/image\/"},"sameAs":["https:\/\/www.facebook.com\/akershus.h"]}]}},"distributor_meta":false,"distributor_terms":false,"distributor_media":false,"distributor_original_site_name":"Akershus H\u00f8yre","distributor_original_site_url":"https:\/\/hoyre.no\/akershus","push-errors":false,"_links":{"self":[{"href":"https:\/\/hoyre.no\/akershus\/wp-json\/wp\/v2\/teft-events\/1312","targetHints":{"allow":["GET"]}}],"collection":[{"href":"https:\/\/hoyre.no\/akershus\/wp-json\/wp\/v2\/teft-events"}],"about":[{"href":"https:\/\/hoyre.no\/akershus\/wp-json\/wp\/v2\/types\/teft-events"}],"wp:attachment":[{"href":"https:\/\/hoyre.no\/akershus\/wp-json\/wp\/v2\/media?parent=1312"}],"wp:term":[{"taxonomy":"teft-events-category","embeddable":true,"href":"https:\/\/hoyre.no\/akershus\/wp-json\/wp\/v2\/teft-events-category?post=1312"}],"curies":[{"name":"wp","href":"https:\/\/api.w.org\/{rel}","templated":true}]}}