{"id":1470,"date":"2025-05-23T10:08:44","date_gmt":"2025-05-23T08:08:44","guid":{"rendered":"https:\/\/hoyre.no\/akershus\/?post_type=teft-events&#038;p=1470"},"modified":"2025-05-23T10:09:59","modified_gmt":"2025-05-23T08:09:59","slug":"invitasjon-til-mote-om-beredskap-i-baerum-apent-for-alle-medlemmer-i-akershus-hoyre","status":"publish","type":"teft-events","link":"https:\/\/hoyre.no\/akershus\/arrangementer\/invitasjon-til-mote-om-beredskap-i-baerum-apent-for-alle-medlemmer-i-akershus-hoyre\/","title":{"rendered":"Invitasjon til m\u00f8te om beredskap i B\u00e6rum\u00a0\u2013 \u00e5pent for alle medlemmer i Akershus H\u00f8yre"},"content":{"rendered":"\n<div class=\"wp-block-teft-event-top\">\n\n<div class=\"teft-event-date-top\">\n<div class=\"teft-event-date-wrapper\">\n\t<div class=\"date-square\" aria-hidden=\"true\">\n\t\t05\t\t\t<\/div>\n<\/div>\n\t<div class=\"top-text\">\n\t\t\t\t\t<p class=\"top-date-text\">torsdag 05. juni 2025<\/p>\n\t\t\t\t\t\t\t<p class=\"top-time-text\">19:00 &#8211; 20:30<\/p>\n\t\t\t\t\t\t<\/div>\n\t\t<div class=\"sharing\">\n\t\t<a class=\"share-button share-link copy-link\" data-copy=\"https:\/\/hoyre.no\/akershus\/arrangementer\/invitasjon-til-mote-om-beredskap-i-baerum-apent-for-alle-medlemmer-i-akershus-hoyre\/\" target=\"_blank\"><span class=\"screen-reader-text\">Del link<\/span><\/a>\n\t\t<a class=\"share-button share-twitter\" href=\"http:\/\/twitter.com\/share?text=Invitasjon til m\u00f8te om beredskap i B\u00e6rum\u00a0\u2013 \u00e5pent for alle medlemmer i Akershus H\u00f8yre&#038;url=https:\/\/hoyre.no\/akershus\/arrangementer\/invitasjon-til-mote-om-beredskap-i-baerum-apent-for-alle-medlemmer-i-akershus-hoyre\/&#038;hashtags=Hoyre\" target=\"_blank\"><span class=\"screen-reader-text\">Del p\u00e5 twitter<\/span><\/a>\n\t\t<a class=\"share-button share-facebook\" href=\"https:\/\/www.facebook.com\/sharer\/sharer.php?u=https:\/\/hoyre.no\/akershus\/arrangementer\/invitasjon-til-mote-om-beredskap-i-baerum-apent-for-alle-medlemmer-i-akershus-hoyre\/\" target=\"_blank\"><span class=\"screen-reader-text\">Del p\u00e5 facebook<\/span><\/a>\n\t<\/div>\n\t<\/div>\n\n\n<div class=\"panel teft-details-panel\">\n\t\t<h3>Detaljer<\/h3>\n\n\t\t\t\t\t<dl class=\"info-misc-with-icons\">\n\t\t\t\t<dt class=\"venue\"><span class=\"screen-reader-text\">Stedet<\/span><\/dt>\n\t\t\t\t<dd>\n\t\t\t\t\t\t\t\t\t\t\t<span class=\"address-line-1\">Bekkestua bibliotek<\/span>\n\t\t\t\t\t\t\t\t\t\t\t\t\t\t<\/dd>\n\t\t\t<\/dl>\n\t\t\t\t\t\t\t<dl class=\"info-misc-with-icons\">\n\t\t<dt class=\"time\"><span class=\"screen-reader-text\">Arrangement dato<\/span><\/dt>\n\t\t<dd class=\"time\">\n\t\t\ttor 5. juni 2025 fra  19:00 &#8211; 20:30\t\t<\/dd>\n\t<\/dl>\n\t\t\t\t<\/dl>\n<\/div>\n<\/div>\n\n\n\n\n<h2 class=\"wp-block-heading\">Informasjon<\/h2>\n\n\n\n<p><strong>Innledere:<\/strong><\/p>\n\n\n\n<ul class=\"wp-block-list\">\n<li><strong>Lisbeth Hammer Krog<\/strong>, ordf\u00f8rer i B\u00e6rum<\/li>\n\n\n\n<li><strong>Elin Eriksen<\/strong>, sikkerhets- og beredskapsleder\u00a0i B\u00e6rum kommune<\/li>\n\n\n\n<li><strong>Eva Sj\u00f8holdt-Sandvik<\/strong>, distriktssjef i Sivilforsvaret for Oslo og Akershus<\/li>\n<\/ul>\n\n\n\n<p>Innlederne vil fortelle om beredskapssituasjonen i B\u00e6rum og regionen \u2013 hva kommunen gj\u00f8r, og hvilke utfordringer vi st\u00e5r overfor. I tillegg vil det gis konkrete r\u00e5d om hva innbyggerne selv b\u00f8r gj\u00f8re for \u00e5 v\u00e6re bedre forberedt, for eksempel n\u00e5r det gjelder eget beredskapslager hjemme. Det blir ogs\u00e5 anledning til \u00e5 stille sp\u00f8rsm\u00e5l.<\/p>\n\n\n\n<p>Vi h\u00e5per du har anledning til \u00e5 komme \u2013 b\u00e5de for \u00e5 f\u00e5 faglig p\u00e5fyll og for \u00e5 st\u00e5 bedre rustet i m\u00f8te med velgerne.<\/p>\n\n\n\n<p>\ud83d\udc65M\u00f8tet er \u00e5pent for alle, s\u00e5 ta gjerne med en venn eller et familiemedlem som ikke er medlem. P\u00e5melding til <a href=\"mailto:sekretariat@baerum-hoyre.no\">sekretariat@baerum-hoyre.no<\/a><\/p>\n\n\n<div class=\"post-meta wp-block\">\n\t<div class=\"top\">\n\t\t<div class=\"sharing\">\n\t\t\t<a class=\"share-button share-link\" target=\"_blank\"><span class=\"screen-reader-text\">Del link<\/span><\/a>\n\t\t\t<a class=\"share-button share-twitter\" href=\"http:\/\/twitter.com\/share?text=Invitasjon til m\u00f8te om beredskap i B\u00e6rum\u00a0\u2013 \u00e5pent for alle medlemmer i Akershus H\u00f8yre&#038;url=https:\/\/hoyre.no\/akershus\/arrangementer\/invitasjon-til-mote-om-beredskap-i-baerum-apent-for-alle-medlemmer-i-akershus-hoyre\/&#038;hashtags=Hoyre\"><span class=\"screen-reader-text\">Del p\u00e5 twitter<\/span><\/a>\n\t\t\t<a class=\"share-button share-facebook\" href=\"https:\/\/www.facebook.com\/sharer\/sharer.php?u=https:\/\/hoyre.no\/akershus\/arrangementer\/invitasjon-til-mote-om-beredskap-i-baerum-apent-for-alle-medlemmer-i-akershus-hoyre\/\" target=\"_blank\"><span class=\"screen-reader-text\">Del p\u00e5 facebook<\/span><\/a>\n\t\t<\/div>\n\t<\/div>\n<\/div>\n","protected":false},"template":"","meta":{"teft_cards_image_url":"","teft_cards_custom_pretitle":"","teft_cards_image_id":0,"teft_cards_image_focal_point_x":0,"teft_cards_image_focal_point_y":0,"teft_cards_title":"","teft_cards_excerpt":"","teft_show_chapters":false,"event_organizer":[],"event_start_date":"2025-06-05T19:00:00","event_end_date":"2025-06-05T20:30:00","event_registration_url":"","event_registration_deadline":"","event_ticket_cost":"","event_venue_name":"Bekkestua bibliotek","event_venue_url":"","event_venue_address":""},"teft-events-category":[],"class_list":["post-1470","teft-events","type-teft-events","status-publish","hentry"],"yoast_head":"<!-- This site is optimized with the Yoast SEO plugin v26.6 - https:\/\/yoast.com\/wordpress\/plugins\/seo\/ -->\n<title>Invitasjon til m\u00f8te om beredskap i B\u00e6rum\u00a0\u2013 \u00e5pent for alle medlemmer i Akershus H\u00f8yre - Akershus H\u00f8yre<\/title>\n<meta name=\"robots\" content=\"index, follow, max-snippet:-1, max-image-preview:large, max-video-preview:-1\" \/>\n<link rel=\"canonical\" href=\"https:\/\/hoyre.no\/akershus\/arrangementer\/invitasjon-til-mote-om-beredskap-i-baerum-apent-for-alle-medlemmer-i-akershus-hoyre\/\" \/>\n<meta property=\"og:locale\" content=\"nb_NO\" \/>\n<meta property=\"og:type\" content=\"article\" \/>\n<meta property=\"og:title\" content=\"Invitasjon til m\u00f8te om beredskap i B\u00e6rum\u00a0\u2013 \u00e5pent for alle medlemmer i Akershus H\u00f8yre - Akershus H\u00f8yre\" \/>\n<meta property=\"og:url\" content=\"https:\/\/hoyre.no\/akershus\/arrangementer\/invitasjon-til-mote-om-beredskap-i-baerum-apent-for-alle-medlemmer-i-akershus-hoyre\/\" \/>\n<meta property=\"og:site_name\" content=\"Akershus H\u00f8yre\" \/>\n<meta property=\"article:publisher\" content=\"https:\/\/www.facebook.com\/akershus.h\" \/>\n<meta property=\"article:modified_time\" content=\"2025-05-23T08:09:59+00:00\" \/>\n<meta name=\"twitter:card\" content=\"summary_large_image\" \/>\n<meta name=\"twitter:label1\" content=\"Ansl. lesetid\" \/>\n\t<meta name=\"twitter:data1\" content=\"1 minutt\" \/>\n<script type=\"application\/ld+json\" class=\"yoast-schema-graph\">{\"@context\":\"https:\/\/schema.org\",\"@graph\":[{\"@type\":\"WebPage\",\"@id\":\"https:\/\/hoyre.no\/akershus\/arrangementer\/invitasjon-til-mote-om-beredskap-i-baerum-apent-for-alle-medlemmer-i-akershus-hoyre\/\",\"url\":\"https:\/\/hoyre.no\/akershus\/arrangementer\/invitasjon-til-mote-om-beredskap-i-baerum-apent-for-alle-medlemmer-i-akershus-hoyre\/\",\"name\":\"Invitasjon til m\u00f8te om beredskap i B\u00e6rum\u00a0\u2013 \u00e5pent for alle medlemmer i Akershus H\u00f8yre - Akershus H\u00f8yre\",\"isPartOf\":{\"@id\":\"https:\/\/hoyre.no\/akershus\/#website\"},\"datePublished\":\"2025-05-23T08:08:44+00:00\",\"dateModified\":\"2025-05-23T08:09:59+00:00\",\"breadcrumb\":{\"@id\":\"https:\/\/hoyre.no\/akershus\/arrangementer\/invitasjon-til-mote-om-beredskap-i-baerum-apent-for-alle-medlemmer-i-akershus-hoyre\/#breadcrumb\"},\"inLanguage\":\"nb-NO\",\"potentialAction\":[{\"@type\":\"ReadAction\",\"target\":[\"https:\/\/hoyre.no\/akershus\/arrangementer\/invitasjon-til-mote-om-beredskap-i-baerum-apent-for-alle-medlemmer-i-akershus-hoyre\/\"]}]},{\"@type\":\"BreadcrumbList\",\"@id\":\"https:\/\/hoyre.no\/akershus\/arrangementer\/invitasjon-til-mote-om-beredskap-i-baerum-apent-for-alle-medlemmer-i-akershus-hoyre\/#breadcrumb\",\"itemListElement\":[{\"@type\":\"ListItem\",\"position\":1,\"name\":\"Til hoyre.no\",\"item\":\"https:\/\/hoyre.no\"},{\"@type\":\"ListItem\",\"position\":2,\"name\":\"Hjem\",\"item\":\"https:\/\/hoyre.no\/akershus\/\"},{\"@type\":\"ListItem\",\"position\":3,\"name\":\"Arrangement\",\"item\":\"https:\/\/hoyre.no\/akershus\/arrangementer\/\"},{\"@type\":\"ListItem\",\"position\":4,\"name\":\"Invitasjon til m\u00f8te om beredskap i B\u00e6rum\u00a0\u2013 \u00e5pent for alle medlemmer i Akershus H\u00f8yre\"}]},{\"@type\":\"WebSite\",\"@id\":\"https:\/\/hoyre.no\/akershus\/#website\",\"url\":\"https:\/\/hoyre.no\/akershus\/\",\"name\":\"Akershus H\u00f8yre\",\"description\":\"Bare enda et H\u00f8yres nettsteder-nettsted\",\"publisher\":{\"@id\":\"https:\/\/hoyre.no\/akershus\/#organization\"},\"inLanguage\":\"nb-NO\"},{\"@type\":\"Organization\",\"@id\":\"https:\/\/hoyre.no\/akershus\/#organization\",\"name\":\"Akershus H\u00f8yre\",\"url\":\"https:\/\/hoyre.no\/akershus\/\",\"logo\":{\"@type\":\"ImageObject\",\"inLanguage\":\"nb-NO\",\"@id\":\"https:\/\/hoyre.no\/akershus\/#\/schema\/logo\/image\/\",\"url\":\"https:\/\/hoyre.no\/content\/uploads\/sites\/432\/2023\/02\/hoyre_logo.png\",\"contentUrl\":\"https:\/\/hoyre.no\/content\/uploads\/sites\/432\/2023\/02\/hoyre_logo.png\",\"width\":1000,\"height\":1000,\"caption\":\"Akershus H\u00f8yre\"},\"image\":{\"@id\":\"https:\/\/hoyre.no\/akershus\/#\/schema\/logo\/image\/\"},\"sameAs\":[\"https:\/\/www.facebook.com\/akershus.h\"]}]}<\/script>\n<!-- \/ Yoast SEO plugin. -->","yoast_head_json":{"title":"Invitasjon til m\u00f8te om beredskap i B\u00e6rum\u00a0\u2013 \u00e5pent for alle medlemmer i Akershus H\u00f8yre - Akershus H\u00f8yre","robots":{"index":"index","follow":"follow","max-snippet":"max-snippet:-1","max-image-preview":"max-image-preview:large","max-video-preview":"max-video-preview:-1"},"canonical":"https:\/\/hoyre.no\/akershus\/arrangementer\/invitasjon-til-mote-om-beredskap-i-baerum-apent-for-alle-medlemmer-i-akershus-hoyre\/","og_locale":"nb_NO","og_type":"article","og_title":"Invitasjon til m\u00f8te om beredskap i B\u00e6rum\u00a0\u2013 \u00e5pent for alle medlemmer i Akershus H\u00f8yre - Akershus H\u00f8yre","og_url":"https:\/\/hoyre.no\/akershus\/arrangementer\/invitasjon-til-mote-om-beredskap-i-baerum-apent-for-alle-medlemmer-i-akershus-hoyre\/","og_site_name":"Akershus H\u00f8yre","article_publisher":"https:\/\/www.facebook.com\/akershus.h","article_modified_time":"2025-05-23T08:09:59+00:00","twitter_card":"summary_large_image","twitter_misc":{"Ansl. lesetid":"1 minutt"},"schema":{"@context":"https:\/\/schema.org","@graph":[{"@type":"WebPage","@id":"https:\/\/hoyre.no\/akershus\/arrangementer\/invitasjon-til-mote-om-beredskap-i-baerum-apent-for-alle-medlemmer-i-akershus-hoyre\/","url":"https:\/\/hoyre.no\/akershus\/arrangementer\/invitasjon-til-mote-om-beredskap-i-baerum-apent-for-alle-medlemmer-i-akershus-hoyre\/","name":"Invitasjon til m\u00f8te om beredskap i B\u00e6rum\u00a0\u2013 \u00e5pent for alle medlemmer i Akershus H\u00f8yre - Akershus H\u00f8yre","isPartOf":{"@id":"https:\/\/hoyre.no\/akershus\/#website"},"datePublished":"2025-05-23T08:08:44+00:00","dateModified":"2025-05-23T08:09:59+00:00","breadcrumb":{"@id":"https:\/\/hoyre.no\/akershus\/arrangementer\/invitasjon-til-mote-om-beredskap-i-baerum-apent-for-alle-medlemmer-i-akershus-hoyre\/#breadcrumb"},"inLanguage":"nb-NO","potentialAction":[{"@type":"ReadAction","target":["https:\/\/hoyre.no\/akershus\/arrangementer\/invitasjon-til-mote-om-beredskap-i-baerum-apent-for-alle-medlemmer-i-akershus-hoyre\/"]}]},{"@type":"BreadcrumbList","@id":"https:\/\/hoyre.no\/akershus\/arrangementer\/invitasjon-til-mote-om-beredskap-i-baerum-apent-for-alle-medlemmer-i-akershus-hoyre\/#breadcrumb","itemListElement":[{"@type":"ListItem","position":1,"name":"Til hoyre.no","item":"https:\/\/hoyre.no"},{"@type":"ListItem","position":2,"name":"Hjem","item":"https:\/\/hoyre.no\/akershus\/"},{"@type":"ListItem","position":3,"name":"Arrangement","item":"https:\/\/hoyre.no\/akershus\/arrangementer\/"},{"@type":"ListItem","position":4,"name":"Invitasjon til m\u00f8te om beredskap i B\u00e6rum\u00a0\u2013 \u00e5pent for alle medlemmer i Akershus H\u00f8yre"}]},{"@type":"WebSite","@id":"https:\/\/hoyre.no\/akershus\/#website","url":"https:\/\/hoyre.no\/akershus\/","name":"Akershus H\u00f8yre","description":"Bare enda et H\u00f8yres nettsteder-nettsted","publisher":{"@id":"https:\/\/hoyre.no\/akershus\/#organization"},"inLanguage":"nb-NO"},{"@type":"Organization","@id":"https:\/\/hoyre.no\/akershus\/#organization","name":"Akershus H\u00f8yre","url":"https:\/\/hoyre.no\/akershus\/","logo":{"@type":"ImageObject","inLanguage":"nb-NO","@id":"https:\/\/hoyre.no\/akershus\/#\/schema\/logo\/image\/","url":"https:\/\/hoyre.no\/content\/uploads\/sites\/432\/2023\/02\/hoyre_logo.png","contentUrl":"https:\/\/hoyre.no\/content\/uploads\/sites\/432\/2023\/02\/hoyre_logo.png","width":1000,"height":1000,"caption":"Akershus H\u00f8yre"},"image":{"@id":"https:\/\/hoyre.no\/akershus\/#\/schema\/logo\/image\/"},"sameAs":["https:\/\/www.facebook.com\/akershus.h"]}]}},"distributor_meta":false,"distributor_terms":false,"distributor_media":false,"distributor_original_site_name":"Akershus H\u00f8yre","distributor_original_site_url":"https:\/\/hoyre.no\/akershus","push-errors":false,"_links":{"self":[{"href":"https:\/\/hoyre.no\/akershus\/wp-json\/wp\/v2\/teft-events\/1470","targetHints":{"allow":["GET"]}}],"collection":[{"href":"https:\/\/hoyre.no\/akershus\/wp-json\/wp\/v2\/teft-events"}],"about":[{"href":"https:\/\/hoyre.no\/akershus\/wp-json\/wp\/v2\/types\/teft-events"}],"wp:attachment":[{"href":"https:\/\/hoyre.no\/akershus\/wp-json\/wp\/v2\/media?parent=1470"}],"wp:term":[{"taxonomy":"teft-events-category","embeddable":true,"href":"https:\/\/hoyre.no\/akershus\/wp-json\/wp\/v2\/teft-events-category?post=1470"}],"curies":[{"name":"wp","href":"https:\/\/api.w.org\/{rel}","templated":true}]}}