{"id":32,"date":"2023-08-24T16:24:58","date_gmt":"2023-08-24T14:24:58","guid":{"rendered":"https:\/\/hoyre.no\/alstahaug\/?page_id=32"},"modified":"2025-01-24T14:24:28","modified_gmt":"2025-01-24T13:24:28","slug":"10-grunner-til-a-stemme-hoyre-i-alstahaug","status":"publish","type":"page","link":"https:\/\/hoyre.no\/alstahaug\/10-grunner-til-a-stemme-hoyre-i-alstahaug\/","title":{"rendered":"10 grunner til \u00e5 stemme H\u00f8yre i Alstahaug"},"content":{"rendered":"\n<div class=\"wp-block-hoyre-hero with-image-gradient text-color-light  has-media alignfull has-background\"><div class=\"hoyre-hero has-image\"><h1 class=\"title\">10 grunner til \u00e5 stemme H\u00f8yre i Alstahaug<\/h1><figure class=\"hoyre-image-wrapper\"><div class=\"hoyre-image\"><img loading=\"lazy\" decoding=\"async\" width=\"2500\" height=\"1032\" src=\"https:\/\/hoyre.no\/content\/uploads\/sites\/153\/2023\/08\/AdobeStock_624080933-scaled.jpeg\" class=\"attachment-scaled size-scaled\" alt=\"\" style=\"object-position: 50% 50%\" srcset=\"https:\/\/hoyre.no\/content\/uploads\/sites\/153\/2023\/08\/AdobeStock_624080933-scaled.jpeg 2500w, https:\/\/hoyre.no\/content\/uploads\/sites\/153\/2023\/08\/AdobeStock_624080933-300x124.jpeg 300w, https:\/\/hoyre.no\/content\/uploads\/sites\/153\/2023\/08\/AdobeStock_624080933-1024x423.jpeg 1024w, https:\/\/hoyre.no\/content\/uploads\/sites\/153\/2023\/08\/AdobeStock_624080933-768x317.jpeg 768w, https:\/\/hoyre.no\/content\/uploads\/sites\/153\/2023\/08\/AdobeStock_624080933-1536x634.jpeg 1536w, https:\/\/hoyre.no\/content\/uploads\/sites\/153\/2023\/08\/AdobeStock_624080933-2048x845.jpeg 2048w\" sizes=\"auto, (max-width: 2500px) 100vw, 2500px\" \/><\/div><\/figure><\/div><\/div>\n\n\n\n\n<div class=\"wp-block-media-text is-stacked-on-mobile is-image-fill alignwide\"><figure class=\"wp-block-media-text__media\" style=\"background-image:url('https:\/\/hoyre.no\/content\/uploads\/sites\/153\/2023\/08\/GettyImages-512098822-1024x683.jpg');background-position:50% 50%\"><img loading=\"lazy\" decoding=\"async\" width=\"1024\" height=\"683\" src=\"https:\/\/hoyre.no\/content\/uploads\/sites\/153\/2023\/08\/GettyImages-512098822-1024x683.jpg\" alt=\"\" class=\"wp-image-33 size-full\" srcset=\"https:\/\/hoyre.no\/content\/uploads\/sites\/153\/2023\/08\/GettyImages-512098822-1024x683.jpg 1024w, https:\/\/hoyre.no\/content\/uploads\/sites\/153\/2023\/08\/GettyImages-512098822-300x200.jpg 300w, https:\/\/hoyre.no\/content\/uploads\/sites\/153\/2023\/08\/GettyImages-512098822-768x512.jpg 768w, https:\/\/hoyre.no\/content\/uploads\/sites\/153\/2023\/08\/GettyImages-512098822-1536x1024.jpg 1536w, https:\/\/hoyre.no\/content\/uploads\/sites\/153\/2023\/08\/GettyImages-512098822-2048x1365.jpg 2048w\" sizes=\"auto, (max-width: 1024px) 100vw, 1024px\" \/><\/figure><div class=\"wp-block-media-text__content\">\n<h2 class=\"wp-block-heading\">1. Nytt hovedsykehus i Sandnessj\u00f8en<\/h2>\n\n\n\n<p>Alstahaug H\u00f8yre er kritisk til prosessen rundt nytt Helgelands- sykehus. Et fremtidsrettet og sterkt sykehus p\u00e5 helgelandskysten er helt n\u00f8dvendig for \u00e5 sikre fremtiden til hele v\u00e5r region. Alstahaug H\u00f8yre vil fortsette \u00e5 jobbe hardt for \u00e5 sikre fremdrift i prosjektet Helgelandssykehuset 2025. Det er viktig at vi raskest mulig f\u00e5r bygd et nytt og moderne hovedsykehus for hele Helgeland i Sandnessj\u00f8en.<\/p>\n<\/div><\/div>\n\n\n\n\n<div class=\"wp-block-media-text has-media-on-the-right is-stacked-on-mobile is-image-fill alignwide\"><div class=\"wp-block-media-text__content\">\n<h2 class=\"wp-block-heading\">2. Sandnessj\u00f8en som distriktsvennlig regionsenter<\/h2>\n\n\n\n<p>H\u00f8yre vil at Alstahaug og Sandnessj\u00f8en skal fungere som et naturlig og sterkt regionsenter for hele v\u00e5r region. Gjennom \u00e5 arbeide for bedre samferdsel, et styrket kultur- og fritidstilbud samt \u00e5 bidra til \u00e5 opprettholde og styrke lokalt n\u00e6ringsliv bygger vi en sterkere og mer b\u00e6rekraftig region, som er rustet til \u00e5 m\u00f8te fremtidens utfordringer &#8211; ikke minst knyttet til klima og milj\u00f8.<\/p>\n<\/div><figure class=\"wp-block-media-text__media\" style=\"background-image:url('https:\/\/hoyre.no\/content\/uploads\/sites\/153\/2023\/08\/GettyImages-1330263557-1024x575.jpg');background-position:50% 50%\"><img loading=\"lazy\" decoding=\"async\" width=\"1024\" height=\"575\" src=\"https:\/\/hoyre.no\/content\/uploads\/sites\/153\/2023\/08\/GettyImages-1330263557-1024x575.jpg\" alt=\"\" class=\"wp-image-34 size-full\" srcset=\"https:\/\/hoyre.no\/content\/uploads\/sites\/153\/2023\/08\/GettyImages-1330263557-1024x575.jpg 1024w, https:\/\/hoyre.no\/content\/uploads\/sites\/153\/2023\/08\/GettyImages-1330263557-300x169.jpg 300w, https:\/\/hoyre.no\/content\/uploads\/sites\/153\/2023\/08\/GettyImages-1330263557-768x432.jpg 768w, https:\/\/hoyre.no\/content\/uploads\/sites\/153\/2023\/08\/GettyImages-1330263557-1536x863.jpg 1536w, https:\/\/hoyre.no\/content\/uploads\/sites\/153\/2023\/08\/GettyImages-1330263557-2048x1151.jpg 2048w\" sizes=\"auto, (max-width: 1024px) 100vw, 1024px\" \/><\/figure><\/div>\n\n\n\n<div class=\"wp-block-media-text is-stacked-on-mobile is-image-fill alignwide\"><figure class=\"wp-block-media-text__media\" style=\"background-image:url('https:\/\/hoyre.no\/content\/uploads\/sites\/153\/2023\/08\/GettyImages-1152836719-1024x654.jpg');background-position:50% 50%\"><img loading=\"lazy\" decoding=\"async\" width=\"1024\" height=\"654\" src=\"https:\/\/hoyre.no\/content\/uploads\/sites\/153\/2023\/08\/GettyImages-1152836719-1024x654.jpg\" alt=\"\" class=\"wp-image-35 size-full\" srcset=\"https:\/\/hoyre.no\/content\/uploads\/sites\/153\/2023\/08\/GettyImages-1152836719-1024x654.jpg 1024w, https:\/\/hoyre.no\/content\/uploads\/sites\/153\/2023\/08\/GettyImages-1152836719-300x192.jpg 300w, https:\/\/hoyre.no\/content\/uploads\/sites\/153\/2023\/08\/GettyImages-1152836719-768x490.jpg 768w, https:\/\/hoyre.no\/content\/uploads\/sites\/153\/2023\/08\/GettyImages-1152836719-1536x981.jpg 1536w, https:\/\/hoyre.no\/content\/uploads\/sites\/153\/2023\/08\/GettyImages-1152836719-2048x1308.jpg 2048w\" sizes=\"auto, (max-width: 1024px) 100vw, 1024px\" \/><\/figure><div class=\"wp-block-media-text__content\">\n<h2 class=\"wp-block-heading\">3. H\u00f8yre med omsorg for alle<\/h2>\n\n\n\n<p>H\u00f8yre vet at vi alle, en eller annen gang i livet, kommer i kontakt med den kommunale helse og omsorgssektoren. Vi har fantastiske ansatte i eldreomsorgen, som i likhet med pasientene fortjener et sykehjem tilpasset dagens krav til innhold og kapasitet. I stedet har de f\u00e5tt tomme lovnader om nytt sykehjem. Alstahaug H\u00f8yre vet at et \u00f8konomisk l\u00f8ft m\u00e5 til for \u00e5 kunne realisere en slik lovnad, og vi er beredt p\u00e5 \u00e5 ta dette ansvaret.<\/p>\n<\/div><\/div>\n\n\n\n<div class=\"wp-block-media-text has-media-on-the-right is-stacked-on-mobile is-image-fill alignwide\"><div class=\"wp-block-media-text__content\">\n<h2 class=\"wp-block-heading\">4. Vi skal skape en skole der alle kan lykkes<\/h2>\n\n\n\n<p>H\u00f8yres m\u00e5l er at alle barn skal trives og oppleve mestring p\u00e5 skolen. Trygge og gode l\u00e6rere er det beste virkemiddelet for \u00e5 f\u00e5 til dette. Derfor m\u00e5 Alstahaug kommune v\u00e6re en attraktiv arbeidsplass, og investere i l\u00e6rernes kompetanse. I tillegg m\u00e5 skolen gj\u00f8res mer tilpasset hver enkelt elev. H\u00f8yre vil legge til rette for flere valgfag p\u00e5 ungdoms- skolen, mer praktisk undervisning og tilpasning etter niv\u00e5.<\/p>\n\n\n\n<p>&laquo;Vi vell sj\u00e5 stjerne&#8217;!&raquo;<\/p>\n<\/div><figure class=\"wp-block-media-text__media\" style=\"background-image:url('https:\/\/hoyre.no\/content\/uploads\/sites\/153\/2023\/08\/GettyImages-1180593580-1024x683.jpg');background-position:50% 50%\"><img loading=\"lazy\" decoding=\"async\" width=\"1024\" height=\"683\" src=\"https:\/\/hoyre.no\/content\/uploads\/sites\/153\/2023\/08\/GettyImages-1180593580-1024x683.jpg\" alt=\"\" class=\"wp-image-36 size-full\" srcset=\"https:\/\/hoyre.no\/content\/uploads\/sites\/153\/2023\/08\/GettyImages-1180593580-1024x683.jpg 1024w, https:\/\/hoyre.no\/content\/uploads\/sites\/153\/2023\/08\/GettyImages-1180593580-300x200.jpg 300w, https:\/\/hoyre.no\/content\/uploads\/sites\/153\/2023\/08\/GettyImages-1180593580-768x512.jpg 768w, https:\/\/hoyre.no\/content\/uploads\/sites\/153\/2023\/08\/GettyImages-1180593580-1536x1024.jpg 1536w, https:\/\/hoyre.no\/content\/uploads\/sites\/153\/2023\/08\/GettyImages-1180593580-2048x1365.jpg 2048w\" sizes=\"auto, (max-width: 1024px) 100vw, 1024px\" \/><\/figure><\/div>\n\n\n\n\n\n<div class=\"wp-block-hoyre-banner undefined has-icon-title icon-heart\"><div class=\"banner-inner\"><figure class=\"hoyre-image-wrapper\"><div class=\"hoyre-image\"><img loading=\"lazy\" decoding=\"async\" width=\"2500\" height=\"1667\" src=\"https:\/\/hoyre.no\/content\/uploads\/sites\/153\/2023\/08\/GettyImages-1205244545-1-scaled.jpg\" class=\"attachment-scaled size-scaled\" alt=\"\" style=\"object-position: 50% 50%\" srcset=\"https:\/\/hoyre.no\/content\/uploads\/sites\/153\/2023\/08\/GettyImages-1205244545-1-scaled.jpg 2500w, https:\/\/hoyre.no\/content\/uploads\/sites\/153\/2023\/08\/GettyImages-1205244545-1-300x200.jpg 300w, https:\/\/hoyre.no\/content\/uploads\/sites\/153\/2023\/08\/GettyImages-1205244545-1-1024x683.jpg 1024w, https:\/\/hoyre.no\/content\/uploads\/sites\/153\/2023\/08\/GettyImages-1205244545-1-768x512.jpg 768w, https:\/\/hoyre.no\/content\/uploads\/sites\/153\/2023\/08\/GettyImages-1205244545-1-1536x1024.jpg 1536w, https:\/\/hoyre.no\/content\/uploads\/sites\/153\/2023\/08\/GettyImages-1205244545-1-2048x1365.jpg 2048w\" sizes=\"auto, (max-width: 2500px) 100vw, 2500px\" \/><\/div><\/figure><div class=\"banner-content\"><div class=\"entry-content\">\n<h2 class=\"wp-block-heading\">5. En god og verdig eldreomsorg<\/h2>\n\n\n\n<p><\/p>\n\n\n\n<div class=\"wp-block-buttons is-layout-flex wp-block-buttons-is-layout-flex\"><\/div>\n<\/div><\/div><\/div><\/div>\n\n\n\n<div class=\"wp-block-hoyre-banner undefined  is-style-blue\"><div class=\"banner-inner\"><figure class=\"hoyre-image-wrapper\"><div class=\"hoyre-image\"><img loading=\"lazy\" decoding=\"async\" width=\"2500\" height=\"1667\" src=\"https:\/\/hoyre.no\/content\/uploads\/sites\/153\/2023\/08\/GettyImages-640964975-scaled.jpg\" class=\"attachment-scaled size-scaled\" alt=\"\" style=\"object-position: 50% 50%\" srcset=\"https:\/\/hoyre.no\/content\/uploads\/sites\/153\/2023\/08\/GettyImages-640964975-scaled.jpg 2500w, https:\/\/hoyre.no\/content\/uploads\/sites\/153\/2023\/08\/GettyImages-640964975-300x200.jpg 300w, https:\/\/hoyre.no\/content\/uploads\/sites\/153\/2023\/08\/GettyImages-640964975-1024x683.jpg 1024w, https:\/\/hoyre.no\/content\/uploads\/sites\/153\/2023\/08\/GettyImages-640964975-768x512.jpg 768w, https:\/\/hoyre.no\/content\/uploads\/sites\/153\/2023\/08\/GettyImages-640964975-1536x1024.jpg 1536w, https:\/\/hoyre.no\/content\/uploads\/sites\/153\/2023\/08\/GettyImages-640964975-2048x1365.jpg 2048w\" sizes=\"auto, (max-width: 2500px) 100vw, 2500px\" \/><\/div><\/figure><div class=\"banner-content\"><div class=\"entry-content\">\n<h2 class=\"wp-block-heading\">6. P\u00e5 lag med jobbskaperne<\/h2>\n\n\n\n<p><\/p>\n\n\n\n<div class=\"wp-block-buttons is-layout-flex wp-block-buttons-is-layout-flex\"><\/div>\n<\/div><\/div><\/div><\/div>\n\n\n\n<div class=\"wp-block-hoyre-banner undefined\"><div class=\"banner-inner\"><figure class=\"hoyre-image-wrapper\"><div class=\"hoyre-image\"><img loading=\"lazy\" decoding=\"async\" width=\"2500\" height=\"1667\" src=\"https:\/\/hoyre.no\/content\/uploads\/sites\/153\/2023\/08\/GettyImages-1188432151-scaled.jpg\" class=\"attachment-scaled size-scaled\" alt=\"\" style=\"object-position: 50% 50%\" srcset=\"https:\/\/hoyre.no\/content\/uploads\/sites\/153\/2023\/08\/GettyImages-1188432151-scaled.jpg 2500w, https:\/\/hoyre.no\/content\/uploads\/sites\/153\/2023\/08\/GettyImages-1188432151-300x200.jpg 300w, https:\/\/hoyre.no\/content\/uploads\/sites\/153\/2023\/08\/GettyImages-1188432151-1024x683.jpg 1024w, https:\/\/hoyre.no\/content\/uploads\/sites\/153\/2023\/08\/GettyImages-1188432151-768x512.jpg 768w, https:\/\/hoyre.no\/content\/uploads\/sites\/153\/2023\/08\/GettyImages-1188432151-1536x1024.jpg 1536w, https:\/\/hoyre.no\/content\/uploads\/sites\/153\/2023\/08\/GettyImages-1188432151-2048x1365.jpg 2048w\" sizes=\"auto, (max-width: 2500px) 100vw, 2500px\" \/><\/div><\/figure><div class=\"banner-content\"><div class=\"entry-content\">\n<h2 class=\"wp-block-heading\">7. Flere fastleger<\/h2>\n\n\n\n<p><\/p>\n\n\n\n<div class=\"wp-block-buttons is-layout-flex wp-block-buttons-is-layout-flex\"><\/div>\n<\/div><\/div><\/div><\/div>\n\n\n\n<div class=\"wp-block-hoyre-banner undefined  is-style-blue\"><div class=\"banner-inner\"><figure class=\"hoyre-image-wrapper\"><div class=\"hoyre-image\"><img loading=\"lazy\" decoding=\"async\" width=\"2500\" height=\"1667\" src=\"https:\/\/hoyre.no\/content\/uploads\/sites\/153\/2023\/08\/GettyImages-1251337507-scaled.jpg\" class=\"attachment-scaled size-scaled\" alt=\"\" style=\"object-position: 50% 50%\" srcset=\"https:\/\/hoyre.no\/content\/uploads\/sites\/153\/2023\/08\/GettyImages-1251337507-scaled.jpg 2500w, https:\/\/hoyre.no\/content\/uploads\/sites\/153\/2023\/08\/GettyImages-1251337507-300x200.jpg 300w, https:\/\/hoyre.no\/content\/uploads\/sites\/153\/2023\/08\/GettyImages-1251337507-1024x683.jpg 1024w, https:\/\/hoyre.no\/content\/uploads\/sites\/153\/2023\/08\/GettyImages-1251337507-768x512.jpg 768w, https:\/\/hoyre.no\/content\/uploads\/sites\/153\/2023\/08\/GettyImages-1251337507-1536x1024.jpg 1536w, https:\/\/hoyre.no\/content\/uploads\/sites\/153\/2023\/08\/GettyImages-1251337507-2048x1365.jpg 2048w\" sizes=\"auto, (max-width: 2500px) 100vw, 2500px\" \/><\/div><\/figure><div class=\"banner-content\"><div class=\"entry-content\">\n<h2 class=\"wp-block-heading\">8. Styrke den rusforebyggende tjenesten og psykisk helse<\/h2>\n\n\n\n<p><\/p>\n\n\n\n<div class=\"wp-block-buttons is-layout-flex wp-block-buttons-is-layout-flex\"><\/div>\n<\/div><\/div><\/div><\/div>\n\n\n\n<div class=\"wp-block-hoyre-banner undefined  is-style-light\"><div class=\"banner-inner\"><figure class=\"hoyre-image-wrapper\"><div class=\"hoyre-image\"><img loading=\"lazy\" decoding=\"async\" width=\"2500\" height=\"1668\" src=\"https:\/\/hoyre.no\/content\/uploads\/sites\/153\/2023\/08\/GettyImages-1141703980-scaled.jpg\" class=\"attachment-scaled size-scaled\" alt=\"\" style=\"object-position: 0% 46%\" srcset=\"https:\/\/hoyre.no\/content\/uploads\/sites\/153\/2023\/08\/GettyImages-1141703980-scaled.jpg 2500w, https:\/\/hoyre.no\/content\/uploads\/sites\/153\/2023\/08\/GettyImages-1141703980-300x200.jpg 300w, https:\/\/hoyre.no\/content\/uploads\/sites\/153\/2023\/08\/GettyImages-1141703980-1024x683.jpg 1024w, https:\/\/hoyre.no\/content\/uploads\/sites\/153\/2023\/08\/GettyImages-1141703980-768x513.jpg 768w, https:\/\/hoyre.no\/content\/uploads\/sites\/153\/2023\/08\/GettyImages-1141703980-1536x1025.jpg 1536w, https:\/\/hoyre.no\/content\/uploads\/sites\/153\/2023\/08\/GettyImages-1141703980-2048x1367.jpg 2048w\" sizes=\"auto, (max-width: 2500px) 100vw, 2500px\" \/><\/div><\/figure><div class=\"banner-content\"><div class=\"entry-content\">\n<h2 class=\"wp-block-heading\">9. Videreutvikle rutene ved Sandnessj\u00f8en lufthavn Stokka<\/h2>\n\n\n\n<p><\/p>\n\n\n\n<div class=\"wp-block-buttons is-layout-flex wp-block-buttons-is-layout-flex\"><\/div>\n<\/div><\/div><\/div><\/div>\n\n\n\n<div class=\"wp-block-hoyre-banner undefined  is-style-blue\"><div class=\"banner-inner\"><figure class=\"hoyre-image-wrapper\"><div class=\"hoyre-image\"><img loading=\"lazy\" decoding=\"async\" width=\"2500\" height=\"1032\" src=\"https:\/\/hoyre.no\/content\/uploads\/sites\/153\/2023\/08\/AdobeStock_624080933-scaled.jpeg\" class=\"attachment-scaled size-scaled\" alt=\"\" style=\"object-position: 50% 50%\" srcset=\"https:\/\/hoyre.no\/content\/uploads\/sites\/153\/2023\/08\/AdobeStock_624080933-scaled.jpeg 2500w, https:\/\/hoyre.no\/content\/uploads\/sites\/153\/2023\/08\/AdobeStock_624080933-300x124.jpeg 300w, https:\/\/hoyre.no\/content\/uploads\/sites\/153\/2023\/08\/AdobeStock_624080933-1024x423.jpeg 1024w, https:\/\/hoyre.no\/content\/uploads\/sites\/153\/2023\/08\/AdobeStock_624080933-768x317.jpeg 768w, https:\/\/hoyre.no\/content\/uploads\/sites\/153\/2023\/08\/AdobeStock_624080933-1536x634.jpeg 1536w, https:\/\/hoyre.no\/content\/uploads\/sites\/153\/2023\/08\/AdobeStock_624080933-2048x845.jpeg 2048w\" sizes=\"auto, (max-width: 2500px) 100vw, 2500px\" \/><\/div><\/figure><div class=\"banner-content\"><div class=\"entry-content\">\n<h2 class=\"wp-block-heading\">10. Holde kommunale avgifter nede<\/h2>\n\n\n\n<p><\/p>\n\n\n\n<div class=\"wp-block-buttons is-layout-flex wp-block-buttons-is-layout-flex\"><\/div>\n<\/div><\/div><\/div><\/div>\n\n\n\n<div class=\"wp-block-hoyre-banner undefined has-icon-title icon-heart\"><div class=\"banner-inner\"><div class=\"banner-content\"><div class=\"entry-content\">\n<p>Vil du lese mer? Last ned programmet til Alstahaug H\u00f8yre gjennom \u00e5 trykke p\u00e5 knappen<\/p>\n\n\n\n<p><\/p>\n\n\n\n<div class=\"wp-block-buttons is-layout-flex wp-block-buttons-is-layout-flex\">\n<div class=\"wp-block-button has-custom-width wp-block-button__width-100\"><a class=\"wp-block-button__link wp-element-button\" href=\"\" target=\"_blank\" rel=\"noreferrer noopener\">les alstahaug h\u00f8yres valgprogram<\/a><\/div>\n<\/div>\n<\/div><\/div><\/div><\/div>\n","protected":false},"excerpt":{"rendered":"<p>2. Sandnessj\u00f8en som distriktsvennlig regionsenter H\u00f8yre vil at Alstahaug og Sandnessj\u00f8en skal fungere som et naturlig og sterkt regionsenter for hele v\u00e5r region. Gjennom \u00e5 arbeide for bedre samferdsel, et styrket kultur- og fritidstilbud samt \u00e5 bidra til \u00e5 opprettholde og styrke lokalt n\u00e6ringsliv bygger vi en sterkere og mer b\u00e6rekraftig region, som er rustet [&hellip;]<\/p>\n","protected":false},"author":3547,"featured_media":0,"parent":0,"menu_order":0,"comment_status":"closed","ping_status":"closed","template":"","meta":{"teft_cards_image_url":"","teft_cards_custom_pretitle":"","teft_cards_image_id":0,"teft_cards_image_focal_point_x":0,"teft_cards_image_focal_point_y":0,"teft_cards_title":"","teft_cards_excerpt":"","teft_show_chapters":false,"footnotes":""},"class_list":["post-32","page","type-page","status-publish","hentry"],"yoast_head":"<!-- This site is optimized with the Yoast SEO plugin v26.6 - https:\/\/yoast.com\/wordpress\/plugins\/seo\/ -->\n<title>10 grunner til \u00e5 stemme H\u00f8yre i Alstahaug - Alstahaug H\u00f8yre<\/title>\n<meta name=\"robots\" content=\"index, follow, max-snippet:-1, max-image-preview:large, max-video-preview:-1\" \/>\n<link rel=\"canonical\" href=\"https:\/\/hoyre.no\/alstahaug\/10-grunner-til-a-stemme-hoyre-i-alstahaug\/\" \/>\n<meta property=\"og:locale\" content=\"nb_NO\" \/>\n<meta property=\"og:type\" content=\"article\" \/>\n<meta property=\"og:title\" content=\"10 grunner til \u00e5 stemme H\u00f8yre i Alstahaug - Alstahaug H\u00f8yre\" \/>\n<meta property=\"og:description\" content=\"2. Sandnessj\u00f8en som distriktsvennlig regionsenter H\u00f8yre vil at Alstahaug og Sandnessj\u00f8en skal fungere som et naturlig og sterkt regionsenter for hele v\u00e5r region. Gjennom \u00e5 arbeide for bedre samferdsel, et styrket kultur- og fritidstilbud samt \u00e5 bidra til \u00e5 opprettholde og styrke lokalt n\u00e6ringsliv bygger vi en sterkere og mer b\u00e6rekraftig region, som er rustet [&hellip;]\" \/>\n<meta property=\"og:url\" content=\"https:\/\/hoyre.no\/alstahaug\/10-grunner-til-a-stemme-hoyre-i-alstahaug\/\" \/>\n<meta property=\"og:site_name\" content=\"Alstahaug H\u00f8yre\" \/>\n<meta property=\"article:modified_time\" content=\"2025-01-24T13:24:28+00:00\" \/>\n<meta property=\"og:image\" content=\"https:\/\/hoyre.no\/content\/uploads\/sites\/153\/2023\/08\/GettyImages-512098822-1024x683.jpg\" \/>\n<meta name=\"twitter:card\" content=\"summary_large_image\" \/>\n<meta name=\"twitter:label1\" content=\"Ansl. lesetid\" \/>\n\t<meta name=\"twitter:data1\" content=\"4 minutter\" \/>\n<script type=\"application\/ld+json\" class=\"yoast-schema-graph\">{\"@context\":\"https:\/\/schema.org\",\"@graph\":[{\"@type\":\"WebPage\",\"@id\":\"https:\/\/hoyre.no\/alstahaug\/10-grunner-til-a-stemme-hoyre-i-alstahaug\/\",\"url\":\"https:\/\/hoyre.no\/alstahaug\/10-grunner-til-a-stemme-hoyre-i-alstahaug\/\",\"name\":\"10 grunner til \u00e5 stemme H\u00f8yre i Alstahaug - Alstahaug H\u00f8yre\",\"isPartOf\":{\"@id\":\"https:\/\/hoyre.no\/alstahaug\/#website\"},\"image\":{\"@id\":\"https:\/\/hoyre.no\/alstahaug\/10-grunner-til-a-stemme-hoyre-i-alstahaug\/#primaryimage\"},\"thumbnailUrl\":\"https:\/\/hoyre.no\/content\/uploads\/sites\/153\/2023\/08\/GettyImages-512098822-1024x683.jpg\",\"datePublished\":\"2023-08-24T14:24:58+00:00\",\"dateModified\":\"2025-01-24T13:24:28+00:00\",\"breadcrumb\":{\"@id\":\"https:\/\/hoyre.no\/alstahaug\/10-grunner-til-a-stemme-hoyre-i-alstahaug\/#breadcrumb\"},\"inLanguage\":\"nb-NO\",\"potentialAction\":[{\"@type\":\"ReadAction\",\"target\":[\"https:\/\/hoyre.no\/alstahaug\/10-grunner-til-a-stemme-hoyre-i-alstahaug\/\"]}]},{\"@type\":\"ImageObject\",\"inLanguage\":\"nb-NO\",\"@id\":\"https:\/\/hoyre.no\/alstahaug\/10-grunner-til-a-stemme-hoyre-i-alstahaug\/#primaryimage\",\"url\":\"https:\/\/hoyre.no\/content\/uploads\/sites\/153\/2023\/08\/GettyImages-512098822-1024x683.jpg\",\"contentUrl\":\"https:\/\/hoyre.no\/content\/uploads\/sites\/153\/2023\/08\/GettyImages-512098822-1024x683.jpg\"},{\"@type\":\"BreadcrumbList\",\"@id\":\"https:\/\/hoyre.no\/alstahaug\/10-grunner-til-a-stemme-hoyre-i-alstahaug\/#breadcrumb\",\"itemListElement\":[{\"@type\":\"ListItem\",\"position\":1,\"name\":\"Til hoyre.no\",\"item\":\"https:\/\/hoyre.no\"},{\"@type\":\"ListItem\",\"position\":2,\"name\":\"Hjem\",\"item\":\"https:\/\/hoyre.no\/alstahaug\/\"},{\"@type\":\"ListItem\",\"position\":3,\"name\":\"10 grunner til \u00e5 stemme H\u00f8yre i Alstahaug\"}]},{\"@type\":\"WebSite\",\"@id\":\"https:\/\/hoyre.no\/alstahaug\/#website\",\"url\":\"https:\/\/hoyre.no\/alstahaug\/\",\"name\":\"Alstahaug H\u00f8yre\",\"description\":\"Bare enda et H\u00f8yres nettsteder-nettsted\",\"inLanguage\":\"nb-NO\"}]}<\/script>\n<!-- \/ Yoast SEO plugin. -->","yoast_head_json":{"title":"10 grunner til \u00e5 stemme H\u00f8yre i Alstahaug - Alstahaug H\u00f8yre","robots":{"index":"index","follow":"follow","max-snippet":"max-snippet:-1","max-image-preview":"max-image-preview:large","max-video-preview":"max-video-preview:-1"},"canonical":"https:\/\/hoyre.no\/alstahaug\/10-grunner-til-a-stemme-hoyre-i-alstahaug\/","og_locale":"nb_NO","og_type":"article","og_title":"10 grunner til \u00e5 stemme H\u00f8yre i Alstahaug - Alstahaug H\u00f8yre","og_description":"2. Sandnessj\u00f8en som distriktsvennlig regionsenter H\u00f8yre vil at Alstahaug og Sandnessj\u00f8en skal fungere som et naturlig og sterkt regionsenter for hele v\u00e5r region. Gjennom \u00e5 arbeide for bedre samferdsel, et styrket kultur- og fritidstilbud samt \u00e5 bidra til \u00e5 opprettholde og styrke lokalt n\u00e6ringsliv bygger vi en sterkere og mer b\u00e6rekraftig region, som er rustet [&hellip;]","og_url":"https:\/\/hoyre.no\/alstahaug\/10-grunner-til-a-stemme-hoyre-i-alstahaug\/","og_site_name":"Alstahaug H\u00f8yre","article_modified_time":"2025-01-24T13:24:28+00:00","og_image":[{"url":"https:\/\/hoyre.no\/content\/uploads\/sites\/153\/2023\/08\/GettyImages-512098822-1024x683.jpg","type":"","width":"","height":""}],"twitter_card":"summary_large_image","twitter_misc":{"Ansl. lesetid":"4 minutter"},"schema":{"@context":"https:\/\/schema.org","@graph":[{"@type":"WebPage","@id":"https:\/\/hoyre.no\/alstahaug\/10-grunner-til-a-stemme-hoyre-i-alstahaug\/","url":"https:\/\/hoyre.no\/alstahaug\/10-grunner-til-a-stemme-hoyre-i-alstahaug\/","name":"10 grunner til \u00e5 stemme H\u00f8yre i Alstahaug - Alstahaug H\u00f8yre","isPartOf":{"@id":"https:\/\/hoyre.no\/alstahaug\/#website"},"image":{"@id":"https:\/\/hoyre.no\/alstahaug\/10-grunner-til-a-stemme-hoyre-i-alstahaug\/#primaryimage"},"thumbnailUrl":"https:\/\/hoyre.no\/content\/uploads\/sites\/153\/2023\/08\/GettyImages-512098822-1024x683.jpg","datePublished":"2023-08-24T14:24:58+00:00","dateModified":"2025-01-24T13:24:28+00:00","breadcrumb":{"@id":"https:\/\/hoyre.no\/alstahaug\/10-grunner-til-a-stemme-hoyre-i-alstahaug\/#breadcrumb"},"inLanguage":"nb-NO","potentialAction":[{"@type":"ReadAction","target":["https:\/\/hoyre.no\/alstahaug\/10-grunner-til-a-stemme-hoyre-i-alstahaug\/"]}]},{"@type":"ImageObject","inLanguage":"nb-NO","@id":"https:\/\/hoyre.no\/alstahaug\/10-grunner-til-a-stemme-hoyre-i-alstahaug\/#primaryimage","url":"https:\/\/hoyre.no\/content\/uploads\/sites\/153\/2023\/08\/GettyImages-512098822-1024x683.jpg","contentUrl":"https:\/\/hoyre.no\/content\/uploads\/sites\/153\/2023\/08\/GettyImages-512098822-1024x683.jpg"},{"@type":"BreadcrumbList","@id":"https:\/\/hoyre.no\/alstahaug\/10-grunner-til-a-stemme-hoyre-i-alstahaug\/#breadcrumb","itemListElement":[{"@type":"ListItem","position":1,"name":"Til hoyre.no","item":"https:\/\/hoyre.no"},{"@type":"ListItem","position":2,"name":"Hjem","item":"https:\/\/hoyre.no\/alstahaug\/"},{"@type":"ListItem","position":3,"name":"10 grunner til \u00e5 stemme H\u00f8yre i Alstahaug"}]},{"@type":"WebSite","@id":"https:\/\/hoyre.no\/alstahaug\/#website","url":"https:\/\/hoyre.no\/alstahaug\/","name":"Alstahaug H\u00f8yre","description":"Bare enda et H\u00f8yres nettsteder-nettsted","inLanguage":"nb-NO"}]}},"distributor_meta":false,"distributor_terms":false,"distributor_media":false,"distributor_original_site_name":"Alstahaug H\u00f8yre","distributor_original_site_url":"https:\/\/hoyre.no\/alstahaug","push-errors":false,"_links":{"self":[{"href":"https:\/\/hoyre.no\/alstahaug\/wp-json\/wp\/v2\/pages\/32","targetHints":{"allow":["GET"]}}],"collection":[{"href":"https:\/\/hoyre.no\/alstahaug\/wp-json\/wp\/v2\/pages"}],"about":[{"href":"https:\/\/hoyre.no\/alstahaug\/wp-json\/wp\/v2\/types\/page"}],"author":[{"embeddable":true,"href":"https:\/\/hoyre.no\/alstahaug\/wp-json\/wp\/v2\/users\/3547"}],"replies":[{"embeddable":true,"href":"https:\/\/hoyre.no\/alstahaug\/wp-json\/wp\/v2\/comments?post=32"}],"version-history":[{"count":4,"href":"https:\/\/hoyre.no\/alstahaug\/wp-json\/wp\/v2\/pages\/32\/revisions"}],"predecessor-version":[{"id":61,"href":"https:\/\/hoyre.no\/alstahaug\/wp-json\/wp\/v2\/pages\/32\/revisions\/61"}],"wp:attachment":[{"href":"https:\/\/hoyre.no\/alstahaug\/wp-json\/wp\/v2\/media?parent=32"}],"curies":[{"name":"wp","href":"https:\/\/api.w.org\/{rel}","templated":true}]}}