{"id":55,"date":"2021-08-11T08:46:42","date_gmt":"2021-08-11T06:46:42","guid":{"rendered":"https:\/\/hoyre.no\/alta\/?post_type=teft-events&#038;p=55"},"modified":"2021-08-11T08:46:43","modified_gmt":"2021-08-11T06:46:43","slug":"valg-2021-medlemsmote-i-alta-hoyre","status":"publish","type":"teft-events","link":"https:\/\/hoyre.no\/alta\/arrangementer\/valg-2021-medlemsmote-i-alta-hoyre\/","title":{"rendered":"Valg 2021 &#8211; medlemsm\u00f8te i Alta H\u00f8yre"},"content":{"rendered":"\n<div class=\"wp-block-teft-event-top\">\n\n<div class=\"teft-event-date-top\">\n<div class=\"teft-event-date-wrapper\">\n\t<div class=\"date-square\" aria-hidden=\"true\">\n\t\t12\t\t\t<\/div>\n<\/div>\n\t<div class=\"top-text\">\n\t\t\t\t\t<p class=\"top-date-text\">torsdag 12. august 2021<\/p>\n\t\t\t\t\t\t\t<p class=\"top-time-text\">19:00 &#8211; 21:00<\/p>\n\t\t\t\t\t\t<\/div>\n\t\t<div class=\"sharing\">\n\t\t<a class=\"share-button share-link copy-link\" data-copy=\"https:\/\/hoyre.no\/alta\/arrangementer\/valg-2021-medlemsmote-i-alta-hoyre\/\" target=\"_blank\"><span class=\"screen-reader-text\">Del link<\/span><\/a>\n\t\t<a class=\"share-button share-twitter\" href=\"http:\/\/twitter.com\/share?text=Valg 2021 &#8211; medlemsm\u00f8te i Alta H\u00f8yre&#038;url=https:\/\/hoyre.no\/alta\/arrangementer\/valg-2021-medlemsmote-i-alta-hoyre\/&#038;hashtags=Hoyre\" target=\"_blank\"><span class=\"screen-reader-text\">Del p\u00e5 twitter<\/span><\/a>\n\t\t<a class=\"share-button share-facebook\" href=\"https:\/\/www.facebook.com\/sharer\/sharer.php?u=https:\/\/hoyre.no\/alta\/arrangementer\/valg-2021-medlemsmote-i-alta-hoyre\/\" target=\"_blank\"><span class=\"screen-reader-text\">Del p\u00e5 facebook<\/span><\/a>\n\t<\/div>\n\t<\/div>\n<figure class=\"hoyre-image-wrapper\"><div class=\"hoyre-image\"><img loading=\"lazy\" decoding=\"async\" width=\"500\" height=\"300\" src=\"https:\/\/hoyre.no\/content\/uploads\/sites\/267\/2021\/08\/500_hoyre_logo_stortinget_no.png\" class=\"attachment-scaled size-scaled\" alt=\"\" style=\"object-position: 50% 50%\" srcset=\"https:\/\/hoyre.no\/content\/uploads\/sites\/267\/2021\/08\/500_hoyre_logo_stortinget_no.png 500w, https:\/\/hoyre.no\/content\/uploads\/sites\/267\/2021\/08\/500_hoyre_logo_stortinget_no-300x180.png 300w\" sizes=\"auto, (max-width: 500px) 100vw, 500px\" \/><\/div><\/figure>\n\n<div class=\"panel teft-details-panel\">\n\t\t<h3>Detaljer<\/h3>\n\n\t\t\t\t\t<dl class=\"info-misc-with-icons\">\n\t\t\t\t<dt class=\"venue\"><span class=\"screen-reader-text\">Stedet<\/span><\/dt>\n\t\t\t\t<dd>\n\t\t\t\t\t\t\t\t\t\t\t<span class=\"address-line-1\">Thon Hotel Alta, 3. etasje<\/span>\n\t\t\t\t\t\t\t\t\t\t\t\t\t\t\t\t<span class=\"address-line-2\">Labyrinten 6, 9510 Alta (Amfi Alta)<\/span>\n\t\t\t\t\t\t\t\t\t<\/dd>\n\t\t\t<\/dl>\n\t\t\t\t\t\t\t<dl class=\"info-misc-with-icons\">\n\t\t<dt class=\"time\"><span class=\"screen-reader-text\">Arrangement dato<\/span><\/dt>\n\t\t<dd class=\"time\">\n\t\t\ttor 12. august 2021 fra  19:00 &#8211; 21:00\t\t<\/dd>\n\t<\/dl>\n\t\t\t\t<\/dl>\n<\/div>\n<\/div>\n\n\n\n\n<h2 class=\"wp-block-heading\">Informasjon<\/h2>\n\n\n\n<p>Kj\u00e6re H\u00f8yre &#8211; venner,<\/p>\n\n\n\n<p><br>H\u00e5per at dere har hatt og har en fin sommer.<\/p>\n\n\n\n<p><strong>Valg 2021 &#8211; medlemsm\u00f8te i Alta H\u00f8yre<\/strong>                                                        Som tidligere informert om s\u00e5 gleder vi oss medlemsm\u00f8tet og til endelig \u00e5 kunne m\u00f8te glade og hyggelige H\u00f8yre &#8211; venner igjen!<\/p>\n\n\n\n<p><br>Medlemsm\u00f8te er kl. 19:00 &#8211; 21:00, torsdag 12. august.Vi m\u00f8tes p\u00e5 Thon Hotel i City i 3. etasje.\u00a0Det vil ogs\u00e5 v\u00e6re informasjon p\u00e5 konferanseskjermen\u00a0i resepsjonen hvor det st\u00e5r &laquo;Alta H\u00f8yre&raquo;.\u00a0\u00a0<\/p>\n\n\n\n<p><br>Vetle Langedahl &#8211; 1. stortingskandidat for H\u00f8yre i Finnmark, Kristen Albert Ellingsen &#8211; 2. stortingskandidat for H\u00f8yre i Finnmark og Hege Christin Bj\u00f8rkmann &#8211;\u00a01. kandidat til Sametinget i Nordre valgkrets kommer.<\/p>\n\n\n\n<p><br>Vi \u00f8nsker alle sammen hjertelig velkommen til medlemsm\u00f8te i Alta H\u00f8yre.<br><\/p>\n\n\n\n<p>Alta H\u00f8yre<\/p>\n\n\n<div class=\"post-meta wp-block\">\n\t<div class=\"top\">\n\t\t<div class=\"sharing\">\n\t\t\t<a class=\"share-button share-link\" target=\"_blank\"><span class=\"screen-reader-text\">Del link<\/span><\/a>\n\t\t\t<a class=\"share-button share-twitter\" href=\"http:\/\/twitter.com\/share?text=Valg 2021 &#8211; medlemsm\u00f8te i Alta H\u00f8yre&#038;url=https:\/\/hoyre.no\/alta\/arrangementer\/valg-2021-medlemsmote-i-alta-hoyre\/&#038;hashtags=Hoyre\"><span class=\"screen-reader-text\">Del p\u00e5 twitter<\/span><\/a>\n\t\t\t<a class=\"share-button share-facebook\" href=\"https:\/\/www.facebook.com\/sharer\/sharer.php?u=https:\/\/hoyre.no\/alta\/arrangementer\/valg-2021-medlemsmote-i-alta-hoyre\/\" target=\"_blank\"><span class=\"screen-reader-text\">Del p\u00e5 facebook<\/span><\/a>\n\t\t<\/div>\n\t<\/div>\n<\/div>\n","protected":false},"template":"","meta":{"teft_cards_image_url":"","teft_cards_custom_pretitle":"","teft_cards_image_id":0,"teft_cards_image_focal_point_x":0,"teft_cards_image_focal_point_y":0,"teft_cards_title":"","teft_cards_excerpt":"","teft_show_chapters":false,"event_organizer":[],"event_start_date":"2021-08-12T19:00:00","event_end_date":"2021-08-12T21:00:00","event_registration_url":"","event_registration_deadline":"","event_ticket_cost":"","event_venue_name":"Thon Hotel Alta, 3. etasje","event_venue_url":"","event_venue_address":"Labyrinten 6, 9510 Alta (Amfi Alta)"},"teft-events-category":[],"class_list":["post-55","teft-events","type-teft-events","status-publish","hentry"],"yoast_head":"<!-- This site is optimized with the Yoast SEO plugin v26.6 - https:\/\/yoast.com\/wordpress\/plugins\/seo\/ -->\n<title>Valg 2021 - medlemsm\u00f8te i Alta H\u00f8yre - Alta H\u00f8yre<\/title>\n<meta name=\"robots\" content=\"index, follow, max-snippet:-1, max-image-preview:large, max-video-preview:-1\" \/>\n<link rel=\"canonical\" href=\"https:\/\/hoyre.no\/alta\/arrangementer\/valg-2021-medlemsmote-i-alta-hoyre\/\" \/>\n<meta property=\"og:locale\" content=\"nb_NO\" \/>\n<meta property=\"og:type\" content=\"article\" \/>\n<meta property=\"og:title\" content=\"Valg 2021 - medlemsm\u00f8te i Alta H\u00f8yre - Alta H\u00f8yre\" \/>\n<meta property=\"og:url\" content=\"https:\/\/hoyre.no\/alta\/arrangementer\/valg-2021-medlemsmote-i-alta-hoyre\/\" \/>\n<meta property=\"og:site_name\" content=\"Alta H\u00f8yre\" \/>\n<meta property=\"article:modified_time\" content=\"2021-08-11T06:46:43+00:00\" \/>\n<meta property=\"og:image\" content=\"https:\/\/hoyre.no\/content\/uploads\/sites\/267\/2022\/11\/Hoyres-logo.png\" \/>\n\t<meta property=\"og:image:width\" content=\"1000\" \/>\n\t<meta property=\"og:image:height\" content=\"1000\" \/>\n\t<meta property=\"og:image:type\" content=\"image\/png\" \/>\n<meta name=\"twitter:card\" content=\"summary_large_image\" \/>\n<meta name=\"twitter:label1\" content=\"Ansl. lesetid\" \/>\n\t<meta name=\"twitter:data1\" content=\"1 minutt\" \/>\n<script type=\"application\/ld+json\" class=\"yoast-schema-graph\">{\"@context\":\"https:\/\/schema.org\",\"@graph\":[{\"@type\":\"WebPage\",\"@id\":\"https:\/\/hoyre.no\/alta\/arrangementer\/valg-2021-medlemsmote-i-alta-hoyre\/\",\"url\":\"https:\/\/hoyre.no\/alta\/arrangementer\/valg-2021-medlemsmote-i-alta-hoyre\/\",\"name\":\"Valg 2021 - medlemsm\u00f8te i Alta H\u00f8yre - Alta H\u00f8yre\",\"isPartOf\":{\"@id\":\"https:\/\/hoyre.no\/alta\/#website\"},\"datePublished\":\"2021-08-11T06:46:42+00:00\",\"dateModified\":\"2021-08-11T06:46:43+00:00\",\"breadcrumb\":{\"@id\":\"https:\/\/hoyre.no\/alta\/arrangementer\/valg-2021-medlemsmote-i-alta-hoyre\/#breadcrumb\"},\"inLanguage\":\"nb-NO\",\"potentialAction\":[{\"@type\":\"ReadAction\",\"target\":[\"https:\/\/hoyre.no\/alta\/arrangementer\/valg-2021-medlemsmote-i-alta-hoyre\/\"]}]},{\"@type\":\"BreadcrumbList\",\"@id\":\"https:\/\/hoyre.no\/alta\/arrangementer\/valg-2021-medlemsmote-i-alta-hoyre\/#breadcrumb\",\"itemListElement\":[{\"@type\":\"ListItem\",\"position\":1,\"name\":\"Til hoyre.no\",\"item\":\"https:\/\/hoyre.no\"},{\"@type\":\"ListItem\",\"position\":2,\"name\":\"Hjem\",\"item\":\"https:\/\/hoyre.no\/alta\/\"},{\"@type\":\"ListItem\",\"position\":3,\"name\":\"Arrangement\",\"item\":\"https:\/\/hoyre.no\/alta\/arrangementer\/\"},{\"@type\":\"ListItem\",\"position\":4,\"name\":\"Valg 2021 &#8211; medlemsm\u00f8te i Alta H\u00f8yre\"}]},{\"@type\":\"WebSite\",\"@id\":\"https:\/\/hoyre.no\/alta\/#website\",\"url\":\"https:\/\/hoyre.no\/alta\/\",\"name\":\"Alta H\u00f8yre\",\"description\":\"Bare enda et H\u00f8yres nettsteder-nettsted\",\"inLanguage\":\"nb-NO\"}]}<\/script>\n<!-- \/ Yoast SEO plugin. -->","yoast_head_json":{"title":"Valg 2021 - medlemsm\u00f8te i Alta H\u00f8yre - Alta H\u00f8yre","robots":{"index":"index","follow":"follow","max-snippet":"max-snippet:-1","max-image-preview":"max-image-preview:large","max-video-preview":"max-video-preview:-1"},"canonical":"https:\/\/hoyre.no\/alta\/arrangementer\/valg-2021-medlemsmote-i-alta-hoyre\/","og_locale":"nb_NO","og_type":"article","og_title":"Valg 2021 - medlemsm\u00f8te i Alta H\u00f8yre - Alta H\u00f8yre","og_url":"https:\/\/hoyre.no\/alta\/arrangementer\/valg-2021-medlemsmote-i-alta-hoyre\/","og_site_name":"Alta H\u00f8yre","article_modified_time":"2021-08-11T06:46:43+00:00","og_image":[{"width":1000,"height":1000,"url":"https:\/\/hoyre.no\/content\/uploads\/sites\/267\/2022\/11\/Hoyres-logo.png","type":"image\/png"}],"twitter_card":"summary_large_image","twitter_misc":{"Ansl. lesetid":"1 minutt"},"schema":{"@context":"https:\/\/schema.org","@graph":[{"@type":"WebPage","@id":"https:\/\/hoyre.no\/alta\/arrangementer\/valg-2021-medlemsmote-i-alta-hoyre\/","url":"https:\/\/hoyre.no\/alta\/arrangementer\/valg-2021-medlemsmote-i-alta-hoyre\/","name":"Valg 2021 - medlemsm\u00f8te i Alta H\u00f8yre - Alta H\u00f8yre","isPartOf":{"@id":"https:\/\/hoyre.no\/alta\/#website"},"datePublished":"2021-08-11T06:46:42+00:00","dateModified":"2021-08-11T06:46:43+00:00","breadcrumb":{"@id":"https:\/\/hoyre.no\/alta\/arrangementer\/valg-2021-medlemsmote-i-alta-hoyre\/#breadcrumb"},"inLanguage":"nb-NO","potentialAction":[{"@type":"ReadAction","target":["https:\/\/hoyre.no\/alta\/arrangementer\/valg-2021-medlemsmote-i-alta-hoyre\/"]}]},{"@type":"BreadcrumbList","@id":"https:\/\/hoyre.no\/alta\/arrangementer\/valg-2021-medlemsmote-i-alta-hoyre\/#breadcrumb","itemListElement":[{"@type":"ListItem","position":1,"name":"Til hoyre.no","item":"https:\/\/hoyre.no"},{"@type":"ListItem","position":2,"name":"Hjem","item":"https:\/\/hoyre.no\/alta\/"},{"@type":"ListItem","position":3,"name":"Arrangement","item":"https:\/\/hoyre.no\/alta\/arrangementer\/"},{"@type":"ListItem","position":4,"name":"Valg 2021 &#8211; medlemsm\u00f8te i Alta H\u00f8yre"}]},{"@type":"WebSite","@id":"https:\/\/hoyre.no\/alta\/#website","url":"https:\/\/hoyre.no\/alta\/","name":"Alta H\u00f8yre","description":"Bare enda et H\u00f8yres nettsteder-nettsted","inLanguage":"nb-NO"}]}},"distributor_meta":false,"distributor_terms":false,"distributor_media":false,"distributor_original_site_name":"Alta H\u00f8yre","distributor_original_site_url":"https:\/\/hoyre.no\/alta","push-errors":false,"_links":{"self":[{"href":"https:\/\/hoyre.no\/alta\/wp-json\/wp\/v2\/teft-events\/55","targetHints":{"allow":["GET"]}}],"collection":[{"href":"https:\/\/hoyre.no\/alta\/wp-json\/wp\/v2\/teft-events"}],"about":[{"href":"https:\/\/hoyre.no\/alta\/wp-json\/wp\/v2\/types\/teft-events"}],"wp:attachment":[{"href":"https:\/\/hoyre.no\/alta\/wp-json\/wp\/v2\/media?parent=55"}],"wp:term":[{"taxonomy":"teft-events-category","embeddable":true,"href":"https:\/\/hoyre.no\/alta\/wp-json\/wp\/v2\/teft-events-category?post=55"}],"curies":[{"name":"wp","href":"https:\/\/api.w.org\/{rel}","templated":true}]}}