{"id":51,"date":"2023-06-06T10:58:26","date_gmt":"2023-06-06T08:58:26","guid":{"rendered":"https:\/\/hoyre.no\/alvdal\/?page_id=51"},"modified":"2025-01-14T13:59:51","modified_gmt":"2025-01-14T12:59:51","slug":"5-grunner-til-a-stemme-alvdal-hoyre","status":"publish","type":"page","link":"https:\/\/hoyre.no\/alvdal\/politikk\/5-grunner-til-a-stemme-alvdal-hoyre\/","title":{"rendered":"5 grunner til \u00e5 stemme Alvdal H\u00f8yre"},"content":{"rendered":"\n<div class=\"wp-block-hoyre-hero with-image-gradient text-color-light  has-media alignfull has-background\"><div class=\"hoyre-hero has-image\"><h1 class=\"title\">5 grunner til \u00e5 stemme Alvdal H\u00f8yre<\/h1><figure class=\"hoyre-image-wrapper\"><div class=\"hoyre-image\"><img loading=\"lazy\" decoding=\"async\" width=\"2500\" height=\"1664\" src=\"https:\/\/hoyre.no\/content\/uploads\/sites\/86\/2025\/01\/GettyImages-1028892946-scaled.jpg\" class=\"attachment-scaled size-scaled\" alt=\"Stem H\u00f8yre\" style=\"object-position: 50% 50%\" srcset=\"https:\/\/hoyre.no\/content\/uploads\/sites\/86\/2025\/01\/GettyImages-1028892946-scaled.jpg 2500w, https:\/\/hoyre.no\/content\/uploads\/sites\/86\/2025\/01\/GettyImages-1028892946-300x200.jpg 300w, https:\/\/hoyre.no\/content\/uploads\/sites\/86\/2025\/01\/GettyImages-1028892946-1024x681.jpg 1024w, https:\/\/hoyre.no\/content\/uploads\/sites\/86\/2025\/01\/GettyImages-1028892946-768x511.jpg 768w, https:\/\/hoyre.no\/content\/uploads\/sites\/86\/2025\/01\/GettyImages-1028892946-1536x1022.jpg 1536w, https:\/\/hoyre.no\/content\/uploads\/sites\/86\/2025\/01\/GettyImages-1028892946-2048x1363.jpg 2048w\" sizes=\"auto, (max-width: 2500px) 100vw, 2500px\" \/><\/div><\/figure><\/div><\/div>\n\n\n\n<p class=\"is-style-default\"><strong>Med Alvdal H\u00f8yre i lokalpolitikken de siste to periodene har vi blant annet bidratt til et yrende n\u00e6ringsliv p\u00e5 Steimosletta. Alvdal har blitt det foretrukne stoppested mellom Oslo og Trondheim, og dette gir store muligheter for handel, ladning av kj\u00f8ret\u00f8y og servicen\u00e6ring. Vi m\u00e5 v\u00e6re fremoverlente og raske n\u00e5r det kommer muligheter de neste \u00e5rene. Under finner du fem gode grunner til \u00e5 stemme p\u00e5 oss. <\/strong><\/p>\n\n\n\n<p><\/p>\n\n\n\n\n\n<div class=\"wp-block-media-text has-media-on-the-right is-stacked-on-mobile is-image-fill alignwide\"><div class=\"wp-block-media-text__content\">\n<h2 class=\"wp-block-heading\">Alvdal H\u00f8yre er engasjerte!<\/h2>\n\n\n\n<p>Vi har hatt som m\u00e5l i denne kommunestyreperioden \u00e5 v\u00e6re den mest engasjerte partigruppen. Det  skal vi fortsette med ogs\u00e5 i neste periode.<\/p>\n<\/div><figure class=\"wp-block-media-text__media\" style=\"background-image:url('https:\/\/hoyre.no\/content\/uploads\/sites\/86\/2023\/06\/GettyImages-166229590-1024x683.jpg');background-position:32% 31%\"><img loading=\"lazy\" decoding=\"async\" width=\"1024\" height=\"683\" src=\"https:\/\/hoyre.no\/content\/uploads\/sites\/86\/2023\/06\/GettyImages-166229590-1024x683.jpg\" alt=\"\" class=\"wp-image-52 size-full\" srcset=\"https:\/\/hoyre.no\/content\/uploads\/sites\/86\/2023\/06\/GettyImages-166229590-1024x683.jpg 1024w, https:\/\/hoyre.no\/content\/uploads\/sites\/86\/2023\/06\/GettyImages-166229590-300x200.jpg 300w, https:\/\/hoyre.no\/content\/uploads\/sites\/86\/2023\/06\/GettyImages-166229590-768x512.jpg 768w, https:\/\/hoyre.no\/content\/uploads\/sites\/86\/2023\/06\/GettyImages-166229590-1536x1024.jpg 1536w, https:\/\/hoyre.no\/content\/uploads\/sites\/86\/2023\/06\/GettyImages-166229590-2048x1365.jpg 2048w\" sizes=\"auto, (max-width: 1024px) 100vw, 1024px\" \/><\/figure><\/div>\n\n\n\n<div class=\"wp-block-media-text is-stacked-on-mobile is-image-fill alignwide\"><figure class=\"wp-block-media-text__media\" style=\"background-image:url('https:\/\/hoyre.no\/content\/uploads\/sites\/86\/2023\/06\/GettyImages-1210182430-1024x683.jpg');background-position:50% 50%\"><img loading=\"lazy\" decoding=\"async\" width=\"1024\" height=\"683\" src=\"https:\/\/hoyre.no\/content\/uploads\/sites\/86\/2023\/06\/GettyImages-1210182430-1024x683.jpg\" alt=\"\" class=\"wp-image-53 size-full\" srcset=\"https:\/\/hoyre.no\/content\/uploads\/sites\/86\/2023\/06\/GettyImages-1210182430-1024x683.jpg 1024w, https:\/\/hoyre.no\/content\/uploads\/sites\/86\/2023\/06\/GettyImages-1210182430-300x200.jpg 300w, https:\/\/hoyre.no\/content\/uploads\/sites\/86\/2023\/06\/GettyImages-1210182430-768x512.jpg 768w, https:\/\/hoyre.no\/content\/uploads\/sites\/86\/2023\/06\/GettyImages-1210182430-1536x1024.jpg 1536w, https:\/\/hoyre.no\/content\/uploads\/sites\/86\/2023\/06\/GettyImages-1210182430-2048x1365.jpg 2048w\" sizes=\"auto, (max-width: 1024px) 100vw, 1024px\" \/><\/figure><div class=\"wp-block-media-text__content\">\n<h2 class=\"wp-block-heading\">P\u00e5 lag med folk og n\u00e6ringsliv<\/h2>\n\n\n\n<p>H\u00f8yre vil samarbeide med det positive n\u00e6ringslivet i Alvdal. Vi heier p\u00e5 jobbskaperne og vil gj\u00f8re det attraktivt \u00e5 videreutvikle og etablere seg i Alvdal. Blant annet \u00f8nsker vi \u00e5 se muligheter og videreutvikle Steimosletta og andre n\u00e6ringsomr\u00e5der. Vi m\u00e5 s\u00f8rge for at n\u00e6ringslivet blir m\u00f8tt av en forutsigbar og samarbeidsvillig kommune, og skal prioritere raskere saksbehandling og fjerne un\u00f8dvendige reguleringer.<\/p>\n<\/div><\/div>\n\n\n\n<div class=\"wp-block-media-text has-media-on-the-right is-stacked-on-mobile is-image-fill alignwide\"><div class=\"wp-block-media-text__content\">\n<h2 class=\"wp-block-heading\">Mental Helse<\/h2>\n\n\n\n<p>Mental helse er et \u00f8kende problem i samfunnet. Alvdal H\u00f8yre skal ogs\u00e5 fremover f\u00f8lge opp Tynset DPS og spesialisthelsetjenesten for at innbyggerne i regionen skal f\u00e5 den n\u00f8dvendige tjenesten, herunder beredskap i helger og h\u00f8ytider.<\/p>\n<\/div><figure class=\"wp-block-media-text__media\" style=\"background-image:url('https:\/\/hoyre.no\/content\/uploads\/sites\/86\/2023\/06\/GettyImages-1152836719-1024x654.jpg');background-position:50% 50%\"><img loading=\"lazy\" decoding=\"async\" width=\"1024\" height=\"654\" src=\"https:\/\/hoyre.no\/content\/uploads\/sites\/86\/2023\/06\/GettyImages-1152836719-1024x654.jpg\" alt=\"\" class=\"wp-image-54 size-full\" srcset=\"https:\/\/hoyre.no\/content\/uploads\/sites\/86\/2023\/06\/GettyImages-1152836719-1024x654.jpg 1024w, https:\/\/hoyre.no\/content\/uploads\/sites\/86\/2023\/06\/GettyImages-1152836719-300x192.jpg 300w, https:\/\/hoyre.no\/content\/uploads\/sites\/86\/2023\/06\/GettyImages-1152836719-768x490.jpg 768w, https:\/\/hoyre.no\/content\/uploads\/sites\/86\/2023\/06\/GettyImages-1152836719-1536x981.jpg 1536w, https:\/\/hoyre.no\/content\/uploads\/sites\/86\/2023\/06\/GettyImages-1152836719-2048x1308.jpg 2048w\" sizes=\"auto, (max-width: 1024px) 100vw, 1024px\" \/><\/figure><\/div>\n\n\n\n<div class=\"wp-block-media-text is-stacked-on-mobile is-image-fill alignwide\"><figure class=\"wp-block-media-text__media\" style=\"background-image:url('https:\/\/hoyre.no\/content\/uploads\/sites\/86\/2023\/06\/GettyImages-1269296368-1024x683.jpg');background-position:50% 50%\"><img loading=\"lazy\" decoding=\"async\" width=\"1024\" height=\"683\" src=\"https:\/\/hoyre.no\/content\/uploads\/sites\/86\/2023\/06\/GettyImages-1269296368-1024x683.jpg\" alt=\"\" class=\"wp-image-55 size-full\" srcset=\"https:\/\/hoyre.no\/content\/uploads\/sites\/86\/2023\/06\/GettyImages-1269296368-1024x683.jpg 1024w, https:\/\/hoyre.no\/content\/uploads\/sites\/86\/2023\/06\/GettyImages-1269296368-300x200.jpg 300w, https:\/\/hoyre.no\/content\/uploads\/sites\/86\/2023\/06\/GettyImages-1269296368-768x512.jpg 768w, https:\/\/hoyre.no\/content\/uploads\/sites\/86\/2023\/06\/GettyImages-1269296368-1536x1024.jpg 1536w, https:\/\/hoyre.no\/content\/uploads\/sites\/86\/2023\/06\/GettyImages-1269296368-2048x1365.jpg 2048w\" sizes=\"auto, (max-width: 1024px) 100vw, 1024px\" \/><\/figure><div class=\"wp-block-media-text__content\">\n<h2 class=\"wp-block-heading\">Skole og oppvekst<\/h2>\n\n\n\n<p>Alvdal H\u00f8yre mener vi m\u00e5 v\u00e5ge \u00e5 stille krav til elever, l\u00e6rere, ledere og undervisningen, og v\u00e6re en p\u00e5driver for elevunders\u00f8kelser. Det er nulltoleranse for mobbing og utenforskap. Vi mener ogs\u00e5 at fire dagers skoleuke for 1. og 2. klasse er til det beste for barnet, og at l\u00e6ring ogs\u00e5 skjer utenom skoletiden. <br><\/p>\n<\/div><\/div>\n\n\n\n<div class=\"wp-block-media-text has-media-on-the-right is-stacked-on-mobile is-image-fill alignwide\"><div class=\"wp-block-media-text__content\">\n<h2 class=\"wp-block-heading\">Godt \u00e5 bli gammel i Alvdal<\/h2>\n\n\n\n<p>H\u00f8yre vil at alle v\u00e5re innbyggere skal kunne leve hele livet i et mer aldersvennlig samfunn og v\u00e6re sjef i eget liv. Det skal legges godt til rette for \u00e5 bo hjemme s\u00e5 lenge som mulig, men det skal ogs\u00e5 v\u00e6re et tilstrekkelig tilbud om sykehjem- og omsorgsplasser. H\u00f8yre vil ogs\u00e5 jobbe for at det bygges flere boliger tilpasset eldre i n\u00e6rheten av Steia.<\/p>\n<\/div><figure class=\"wp-block-media-text__media\" style=\"background-image:url('https:\/\/hoyre.no\/content\/uploads\/sites\/86\/2023\/06\/GettyImages-1205244545-1-1024x683.jpg');background-position:42% 6%\"><img loading=\"lazy\" decoding=\"async\" width=\"1024\" height=\"683\" src=\"https:\/\/hoyre.no\/content\/uploads\/sites\/86\/2023\/06\/GettyImages-1205244545-1-1024x683.jpg\" alt=\"\" class=\"wp-image-56 size-full\" srcset=\"https:\/\/hoyre.no\/content\/uploads\/sites\/86\/2023\/06\/GettyImages-1205244545-1-1024x683.jpg 1024w, https:\/\/hoyre.no\/content\/uploads\/sites\/86\/2023\/06\/GettyImages-1205244545-1-300x200.jpg 300w, https:\/\/hoyre.no\/content\/uploads\/sites\/86\/2023\/06\/GettyImages-1205244545-1-768x512.jpg 768w, https:\/\/hoyre.no\/content\/uploads\/sites\/86\/2023\/06\/GettyImages-1205244545-1-1536x1024.jpg 1536w, https:\/\/hoyre.no\/content\/uploads\/sites\/86\/2023\/06\/GettyImages-1205244545-1-2048x1365.jpg 2048w\" sizes=\"auto, (max-width: 1024px) 100vw, 1024px\" \/><\/figure><\/div>\n","protected":false},"excerpt":{"rendered":"<p>Med Alvdal H\u00f8yre i lokalpolitikken de siste to periodene har vi blant annet bidratt til et yrende n\u00e6ringsliv p\u00e5 Steimosletta. Alvdal har blitt det foretrukne stoppested mellom Oslo og Trondheim, og dette gir store muligheter for handel, ladning av kj\u00f8ret\u00f8y og servicen\u00e6ring. Vi m\u00e5 v\u00e6re fremoverlente og raske n\u00e5r det kommer muligheter de neste \u00e5rene. [&hellip;]<\/p>\n","protected":false},"author":38359,"featured_media":0,"parent":47,"menu_order":0,"comment_status":"closed","ping_status":"closed","template":"","meta":{"teft_cards_image_url":"","teft_cards_custom_pretitle":"","teft_cards_image_id":0,"teft_cards_image_focal_point_x":0,"teft_cards_image_focal_point_y":0,"teft_cards_title":"","teft_cards_excerpt":"","teft_show_chapters":false,"footnotes":""},"class_list":["post-51","page","type-page","status-publish","hentry"],"yoast_head":"<!-- This site is optimized with the Yoast SEO plugin v26.6 - https:\/\/yoast.com\/wordpress\/plugins\/seo\/ -->\n<title>5 grunner til \u00e5 stemme Alvdal H\u00f8yre - Alvdal H\u00f8yre<\/title>\n<meta name=\"robots\" content=\"index, follow, max-snippet:-1, max-image-preview:large, max-video-preview:-1\" \/>\n<link rel=\"canonical\" href=\"https:\/\/hoyre.no\/alvdal\/politikk\/5-grunner-til-a-stemme-alvdal-hoyre\/\" \/>\n<meta property=\"og:locale\" content=\"nb_NO\" \/>\n<meta property=\"og:type\" content=\"article\" \/>\n<meta property=\"og:title\" content=\"5 grunner til \u00e5 stemme Alvdal H\u00f8yre - Alvdal H\u00f8yre\" \/>\n<meta property=\"og:description\" content=\"Med Alvdal H\u00f8yre i lokalpolitikken de siste to periodene har vi blant annet bidratt til et yrende n\u00e6ringsliv p\u00e5 Steimosletta. Alvdal har blitt det foretrukne stoppested mellom Oslo og Trondheim, og dette gir store muligheter for handel, ladning av kj\u00f8ret\u00f8y og servicen\u00e6ring. Vi m\u00e5 v\u00e6re fremoverlente og raske n\u00e5r det kommer muligheter de neste \u00e5rene. [&hellip;]\" \/>\n<meta property=\"og:url\" content=\"https:\/\/hoyre.no\/alvdal\/politikk\/5-grunner-til-a-stemme-alvdal-hoyre\/\" \/>\n<meta property=\"og:site_name\" content=\"Alvdal H\u00f8yre\" \/>\n<meta property=\"article:modified_time\" content=\"2025-01-14T12:59:51+00:00\" \/>\n<meta property=\"og:image\" content=\"https:\/\/hoyre.no\/content\/uploads\/sites\/86\/2023\/06\/GettyImages-166229590-1024x683.jpg\" \/>\n<meta name=\"twitter:card\" content=\"summary_large_image\" \/>\n<meta name=\"twitter:label1\" content=\"Ansl. lesetid\" \/>\n\t<meta name=\"twitter:data1\" content=\"3 minutter\" \/>\n<script type=\"application\/ld+json\" class=\"yoast-schema-graph\">{\"@context\":\"https:\/\/schema.org\",\"@graph\":[{\"@type\":\"WebPage\",\"@id\":\"https:\/\/hoyre.no\/alvdal\/politikk\/5-grunner-til-a-stemme-alvdal-hoyre\/\",\"url\":\"https:\/\/hoyre.no\/alvdal\/politikk\/5-grunner-til-a-stemme-alvdal-hoyre\/\",\"name\":\"5 grunner til \u00e5 stemme Alvdal H\u00f8yre - Alvdal H\u00f8yre\",\"isPartOf\":{\"@id\":\"https:\/\/hoyre.no\/alvdal\/#website\"},\"image\":{\"@id\":\"https:\/\/hoyre.no\/alvdal\/politikk\/5-grunner-til-a-stemme-alvdal-hoyre\/#primaryimage\"},\"thumbnailUrl\":\"https:\/\/hoyre.no\/content\/uploads\/sites\/86\/2023\/06\/GettyImages-166229590-1024x683.jpg\",\"datePublished\":\"2023-06-06T08:58:26+00:00\",\"dateModified\":\"2025-01-14T12:59:51+00:00\",\"breadcrumb\":{\"@id\":\"https:\/\/hoyre.no\/alvdal\/politikk\/5-grunner-til-a-stemme-alvdal-hoyre\/#breadcrumb\"},\"inLanguage\":\"nb-NO\",\"potentialAction\":[{\"@type\":\"ReadAction\",\"target\":[\"https:\/\/hoyre.no\/alvdal\/politikk\/5-grunner-til-a-stemme-alvdal-hoyre\/\"]}]},{\"@type\":\"ImageObject\",\"inLanguage\":\"nb-NO\",\"@id\":\"https:\/\/hoyre.no\/alvdal\/politikk\/5-grunner-til-a-stemme-alvdal-hoyre\/#primaryimage\",\"url\":\"https:\/\/hoyre.no\/content\/uploads\/sites\/86\/2023\/06\/GettyImages-166229590-1024x683.jpg\",\"contentUrl\":\"https:\/\/hoyre.no\/content\/uploads\/sites\/86\/2023\/06\/GettyImages-166229590-1024x683.jpg\"},{\"@type\":\"BreadcrumbList\",\"@id\":\"https:\/\/hoyre.no\/alvdal\/politikk\/5-grunner-til-a-stemme-alvdal-hoyre\/#breadcrumb\",\"itemListElement\":[{\"@type\":\"ListItem\",\"position\":1,\"name\":\"Til hoyre.no\",\"item\":\"https:\/\/hoyre.no\"},{\"@type\":\"ListItem\",\"position\":2,\"name\":\"Hjem\",\"item\":\"https:\/\/hoyre.no\/alvdal\/\"},{\"@type\":\"ListItem\",\"position\":3,\"name\":\"Politikk\",\"item\":\"https:\/\/hoyre.no\/alvdal\/politikk\/\"},{\"@type\":\"ListItem\",\"position\":4,\"name\":\"5 grunner til \u00e5 stemme Alvdal H\u00f8yre\"}]},{\"@type\":\"WebSite\",\"@id\":\"https:\/\/hoyre.no\/alvdal\/#website\",\"url\":\"https:\/\/hoyre.no\/alvdal\/\",\"name\":\"Alvdal H\u00f8yre\",\"description\":\"Bare enda et H\u00f8yres nettsteder-nettsted\",\"inLanguage\":\"nb-NO\"}]}<\/script>\n<!-- \/ Yoast SEO plugin. -->","yoast_head_json":{"title":"5 grunner til \u00e5 stemme Alvdal H\u00f8yre - Alvdal H\u00f8yre","robots":{"index":"index","follow":"follow","max-snippet":"max-snippet:-1","max-image-preview":"max-image-preview:large","max-video-preview":"max-video-preview:-1"},"canonical":"https:\/\/hoyre.no\/alvdal\/politikk\/5-grunner-til-a-stemme-alvdal-hoyre\/","og_locale":"nb_NO","og_type":"article","og_title":"5 grunner til \u00e5 stemme Alvdal H\u00f8yre - Alvdal H\u00f8yre","og_description":"Med Alvdal H\u00f8yre i lokalpolitikken de siste to periodene har vi blant annet bidratt til et yrende n\u00e6ringsliv p\u00e5 Steimosletta. Alvdal har blitt det foretrukne stoppested mellom Oslo og Trondheim, og dette gir store muligheter for handel, ladning av kj\u00f8ret\u00f8y og servicen\u00e6ring. Vi m\u00e5 v\u00e6re fremoverlente og raske n\u00e5r det kommer muligheter de neste \u00e5rene. [&hellip;]","og_url":"https:\/\/hoyre.no\/alvdal\/politikk\/5-grunner-til-a-stemme-alvdal-hoyre\/","og_site_name":"Alvdal H\u00f8yre","article_modified_time":"2025-01-14T12:59:51+00:00","og_image":[{"url":"https:\/\/hoyre.no\/content\/uploads\/sites\/86\/2023\/06\/GettyImages-166229590-1024x683.jpg","type":"","width":"","height":""}],"twitter_card":"summary_large_image","twitter_misc":{"Ansl. lesetid":"3 minutter"},"schema":{"@context":"https:\/\/schema.org","@graph":[{"@type":"WebPage","@id":"https:\/\/hoyre.no\/alvdal\/politikk\/5-grunner-til-a-stemme-alvdal-hoyre\/","url":"https:\/\/hoyre.no\/alvdal\/politikk\/5-grunner-til-a-stemme-alvdal-hoyre\/","name":"5 grunner til \u00e5 stemme Alvdal H\u00f8yre - Alvdal H\u00f8yre","isPartOf":{"@id":"https:\/\/hoyre.no\/alvdal\/#website"},"image":{"@id":"https:\/\/hoyre.no\/alvdal\/politikk\/5-grunner-til-a-stemme-alvdal-hoyre\/#primaryimage"},"thumbnailUrl":"https:\/\/hoyre.no\/content\/uploads\/sites\/86\/2023\/06\/GettyImages-166229590-1024x683.jpg","datePublished":"2023-06-06T08:58:26+00:00","dateModified":"2025-01-14T12:59:51+00:00","breadcrumb":{"@id":"https:\/\/hoyre.no\/alvdal\/politikk\/5-grunner-til-a-stemme-alvdal-hoyre\/#breadcrumb"},"inLanguage":"nb-NO","potentialAction":[{"@type":"ReadAction","target":["https:\/\/hoyre.no\/alvdal\/politikk\/5-grunner-til-a-stemme-alvdal-hoyre\/"]}]},{"@type":"ImageObject","inLanguage":"nb-NO","@id":"https:\/\/hoyre.no\/alvdal\/politikk\/5-grunner-til-a-stemme-alvdal-hoyre\/#primaryimage","url":"https:\/\/hoyre.no\/content\/uploads\/sites\/86\/2023\/06\/GettyImages-166229590-1024x683.jpg","contentUrl":"https:\/\/hoyre.no\/content\/uploads\/sites\/86\/2023\/06\/GettyImages-166229590-1024x683.jpg"},{"@type":"BreadcrumbList","@id":"https:\/\/hoyre.no\/alvdal\/politikk\/5-grunner-til-a-stemme-alvdal-hoyre\/#breadcrumb","itemListElement":[{"@type":"ListItem","position":1,"name":"Til hoyre.no","item":"https:\/\/hoyre.no"},{"@type":"ListItem","position":2,"name":"Hjem","item":"https:\/\/hoyre.no\/alvdal\/"},{"@type":"ListItem","position":3,"name":"Politikk","item":"https:\/\/hoyre.no\/alvdal\/politikk\/"},{"@type":"ListItem","position":4,"name":"5 grunner til \u00e5 stemme Alvdal H\u00f8yre"}]},{"@type":"WebSite","@id":"https:\/\/hoyre.no\/alvdal\/#website","url":"https:\/\/hoyre.no\/alvdal\/","name":"Alvdal H\u00f8yre","description":"Bare enda et H\u00f8yres nettsteder-nettsted","inLanguage":"nb-NO"}]}},"distributor_meta":false,"distributor_terms":false,"distributor_media":false,"distributor_original_site_name":"Alvdal H\u00f8yre","distributor_original_site_url":"https:\/\/hoyre.no\/alvdal","push-errors":false,"_links":{"self":[{"href":"https:\/\/hoyre.no\/alvdal\/wp-json\/wp\/v2\/pages\/51","targetHints":{"allow":["GET"]}}],"collection":[{"href":"https:\/\/hoyre.no\/alvdal\/wp-json\/wp\/v2\/pages"}],"about":[{"href":"https:\/\/hoyre.no\/alvdal\/wp-json\/wp\/v2\/types\/page"}],"author":[{"embeddable":true,"href":"https:\/\/hoyre.no\/alvdal\/wp-json\/wp\/v2\/users\/38359"}],"replies":[{"embeddable":true,"href":"https:\/\/hoyre.no\/alvdal\/wp-json\/wp\/v2\/comments?post=51"}],"version-history":[{"count":9,"href":"https:\/\/hoyre.no\/alvdal\/wp-json\/wp\/v2\/pages\/51\/revisions"}],"predecessor-version":[{"id":76,"href":"https:\/\/hoyre.no\/alvdal\/wp-json\/wp\/v2\/pages\/51\/revisions\/76"}],"up":[{"embeddable":true,"href":"https:\/\/hoyre.no\/alvdal\/wp-json\/wp\/v2\/pages\/47"}],"wp:attachment":[{"href":"https:\/\/hoyre.no\/alvdal\/wp-json\/wp\/v2\/media?parent=51"}],"curies":[{"name":"wp","href":"https:\/\/api.w.org\/{rel}","templated":true}]}}