{"id":39,"date":"2023-06-13T14:57:44","date_gmt":"2023-06-13T12:57:44","guid":{"rendered":"https:\/\/hoyre.no\/aremark\/?page_id=39"},"modified":"2025-02-18T16:35:46","modified_gmt":"2025-02-18T15:35:46","slug":"seks-gode-grunner","status":"publish","type":"page","link":"https:\/\/hoyre.no\/aremark\/seks-gode-grunner\/","title":{"rendered":"Seks gode grunner"},"content":{"rendered":"\n\n\n\t\t<div class=\" has-simple-highlight style-white has-mobile-text-aligned-center slogan-type-custom wp-block-hoyre-slogan\">\n\t\t\t<div class=\"slogan-container\">\n\t\t\t\t<div class=\"slogan__image\">\n\t\t\t\t\t<img loading=\"lazy\" decoding=\"async\" width=\"2500\" height=\"1664\" src=\"https:\/\/hoyre.no\/content\/uploads\/sites\/203\/2023\/06\/D3S4650-scaled.jpg\" class=\"slogan__background-media\" alt=\"\" style=\"--focal-point: 45% 41%;\" srcset=\"https:\/\/hoyre.no\/content\/uploads\/sites\/203\/2023\/06\/D3S4650-scaled.jpg 2500w, https:\/\/hoyre.no\/content\/uploads\/sites\/203\/2023\/06\/D3S4650-300x200.jpg 300w, https:\/\/hoyre.no\/content\/uploads\/sites\/203\/2023\/06\/D3S4650-1024x681.jpg 1024w, https:\/\/hoyre.no\/content\/uploads\/sites\/203\/2023\/06\/D3S4650-768x511.jpg 768w, https:\/\/hoyre.no\/content\/uploads\/sites\/203\/2023\/06\/D3S4650-1536x1022.jpg 1536w, https:\/\/hoyre.no\/content\/uploads\/sites\/203\/2023\/06\/D3S4650-2048x1363.jpg 2048w\" sizes=\"auto, (max-width: 2500px) 100vw, 2500px\" \/>\n\t\t\t\t<\/div>\n\t\t\t\t<div class=\"slogan__content\">\n\t\t\t\t\t\n\t\t\t\t\t<h2 class=\"slogan__big-title\">Seks grunner til \u00e5 stemme H\u00f8yre i Aremark<\/h2>\n\t\t\t\t\t<p>H\u00f8yres visjon for Aremark er et samfunn med muligheter for alle<\/p>\n\t\t\t\t\t\n\t\t\t\t<\/div>\n\t\t\t<\/div>\n\t\t\t\n\t\t<\/div>\n\t\t\n\n\n\t\t<div class=\"has-dark-blue-background-color is-layout-left alignwide alignwide wp-block-hoyre-media-text\">\n\t\t\t<div class=\"hoyre-media-text__media\">\n\t\t\t\t<img loading=\"lazy\" decoding=\"async\" width=\"1024\" height=\"768\" src=\"https:\/\/hoyre.no\/content\/uploads\/sites\/203\/2023\/08\/martin_liggende.jpg\" class=\"hoyre-media-text__media-image\" alt=\"\" style=\"--focal: 52% 38%;\" srcset=\"https:\/\/hoyre.no\/content\/uploads\/sites\/203\/2023\/08\/martin_liggende.jpg 1024w, https:\/\/hoyre.no\/content\/uploads\/sites\/203\/2023\/08\/martin_liggende-300x225.jpg 300w, https:\/\/hoyre.no\/content\/uploads\/sites\/203\/2023\/08\/martin_liggende-768x576.jpg 768w\" sizes=\"auto, (max-width: 1024px) 100vw, 1024px\" \/>\n\t\t\t<\/div>\n\t\t\t<div class=\"hoyre-media-text__content\">\n\t\t\t\t<div class=\"hoyre-media-text__content-inner\">\n\t\t\t\t\t\n\t\t\t<div class=\"hoyre-media-text__title-container\">\n\t\t\t\t\n\t\t\t\t<h2 class=\"hoyre-media-text__title\">Muligheter for Aremark<\/h2>\n\t\t\t<\/div>\n\t\t\t\n\t\t\t\t\t<div class=\"hoyre-media-text__blocks\">\n<p>H\u00f8yre vil gj\u00f8re Aremark mer attraktiv, med flere innbyggere, lavere eiendomsskatt, mer elg og en mer serviceinnstilt kommune. Skal flere velge \u00e5 flytte til og ikke fra Aremark, m\u00e5 de kommunale skattene ned og respekten for Aremarks vakre natur opp.<\/p>\n<\/div>\n\t\t\t\t\t\n\t\t\t<div class=\"hoyre-media-text__buttons\">\n\t\t\t\t<a class=\"button\" href=\"https:\/\/hoyre.no\/personprofiler\/martin-engeset\/\">Martin engeset, Gruppeleder<\/a>\n\t\t\t<\/div>\n\t\t\t\n\t\t\t\t<\/div>\n\t\t\t<\/div>\n\t\t<\/div>\n\t\t\n\n\n\t\t<div class=\"has-lightest-blue-background-color is-layout-right alignwide alignwide wp-block-hoyre-media-text\">\n\t\t\t<div class=\"hoyre-media-text__media\">\n\t\t\t\t<img loading=\"lazy\" decoding=\"async\" width=\"1024\" height=\"654\" src=\"https:\/\/hoyre.no\/content\/uploads\/sites\/203\/2023\/06\/T_1SW92A-1024x654.jpeg\" class=\"hoyre-media-text__media-image\" alt=\"\" style=\"--focal: 50% 50%;\" srcset=\"https:\/\/hoyre.no\/content\/uploads\/sites\/203\/2023\/06\/T_1SW92A-1024x654.jpeg 1024w, https:\/\/hoyre.no\/content\/uploads\/sites\/203\/2023\/06\/T_1SW92A-300x192.jpeg 300w, https:\/\/hoyre.no\/content\/uploads\/sites\/203\/2023\/06\/T_1SW92A-768x490.jpeg 768w, https:\/\/hoyre.no\/content\/uploads\/sites\/203\/2023\/06\/T_1SW92A-1536x981.jpeg 1536w, https:\/\/hoyre.no\/content\/uploads\/sites\/203\/2023\/06\/T_1SW92A-2048x1308.jpeg 2048w\" sizes=\"auto, (max-width: 1024px) 100vw, 1024px\" \/>\n\t\t\t<\/div>\n\t\t\t<div class=\"hoyre-media-text__content\">\n\t\t\t\t<div class=\"hoyre-media-text__content-inner\">\n\t\t\t\t\t\n\t\t\t<div class=\"hoyre-media-text__title-container\">\n\t\t\t\t\n\t\t\t\t<h2 class=\"hoyre-media-text__title\">1. <strong>Det skal v\u00e6re trygt \u00e5 bli gammel i Aremark<\/strong><\/h2>\n\t\t\t<\/div>\n\t\t\t\n\t\t\t\t\t<div class=\"hoyre-media-text__blocks\">\n<p>H\u00f8yre vil at alle Aremarkinger skal kunne\u00a0<em>leve<\/em>\u00a0hele livet i v\u00e5rt lokalsamfunn. Kommunen skal legge til rette for en aktiv alderdom med flere boliger tilpasset eldre. Pleietrengende skal m\u00f8te en god helsetjeneste, sosialt og aktivt liv, smakfulle m\u00e5ltider og riktig medisinbruk.<\/p>\n<\/div>\n\t\t\t\t\t\n\t\t\t\t<\/div>\n\t\t\t<\/div>\n\t\t<\/div>\n\t\t\n\n\n\t\t<div class=\"has-lightest-blue-background-color is-layout-left alignwide alignwide wp-block-hoyre-media-text\">\n\t\t\t<div class=\"hoyre-media-text__media\">\n\t\t\t\t<img loading=\"lazy\" decoding=\"async\" width=\"1024\" height=\"681\" src=\"https:\/\/hoyre.no\/content\/uploads\/sites\/203\/2023\/06\/D3S4629-1024x681.jpg\" class=\"hoyre-media-text__media-image\" alt=\"\" style=\"--focal: 50% 50%;\" srcset=\"https:\/\/hoyre.no\/content\/uploads\/sites\/203\/2023\/06\/D3S4629-1024x681.jpg 1024w, https:\/\/hoyre.no\/content\/uploads\/sites\/203\/2023\/06\/D3S4629-300x200.jpg 300w, https:\/\/hoyre.no\/content\/uploads\/sites\/203\/2023\/06\/D3S4629-768x511.jpg 768w, https:\/\/hoyre.no\/content\/uploads\/sites\/203\/2023\/06\/D3S4629-1536x1022.jpg 1536w, https:\/\/hoyre.no\/content\/uploads\/sites\/203\/2023\/06\/D3S4629-2048x1363.jpg 2048w\" sizes=\"auto, (max-width: 1024px) 100vw, 1024px\" \/>\n\t\t\t<\/div>\n\t\t\t<div class=\"hoyre-media-text__content\">\n\t\t\t\t<div class=\"hoyre-media-text__content-inner\">\n\t\t\t\t\t\n\t\t\t<div class=\"hoyre-media-text__title-container\">\n\t\t\t\t\n\t\t\t\t<h2 class=\"hoyre-media-text__title\">2. <strong>Det viktigste f\u00f8rst<\/strong><\/h2>\n\t\t\t<\/div>\n\t\t\t\n\t\t\t\t\t<div class=\"hoyre-media-text__blocks\">\n<p>En voksende stab p\u00e5 r\u00e5dhuset l\u00f8ser ikke problemene til Aremark kommune. Vi m\u00e5 prioritere skolen og helsetjenestene. \u00a0Aremark H\u00f8yre vil satse p\u00e5 kommunens prim\u00e6roppgaver, og jobbe for \u00e5 redusere skattene og avgiftene.<\/p>\n<\/div>\n\t\t\t\t\t\n\t\t\t\t<\/div>\n\t\t\t<\/div>\n\t\t<\/div>\n\t\t\n\n\n\t\t<div class=\"has-lightest-blue-background-color is-layout-right alignwide alignwide wp-block-hoyre-media-text\">\n\t\t\t<div class=\"hoyre-media-text__media\">\n\t\t\t\t<img loading=\"lazy\" decoding=\"async\" width=\"1024\" height=\"628\" src=\"https:\/\/hoyre.no\/content\/uploads\/sites\/203\/2023\/06\/D3S4727-1024x628.jpg\" class=\"hoyre-media-text__media-image\" alt=\"\" style=\"--focal: 86% 47%;\" srcset=\"https:\/\/hoyre.no\/content\/uploads\/sites\/203\/2023\/06\/D3S4727-1024x628.jpg 1024w, https:\/\/hoyre.no\/content\/uploads\/sites\/203\/2023\/06\/D3S4727-300x184.jpg 300w, https:\/\/hoyre.no\/content\/uploads\/sites\/203\/2023\/06\/D3S4727-768x471.jpg 768w, https:\/\/hoyre.no\/content\/uploads\/sites\/203\/2023\/06\/D3S4727-1536x942.jpg 1536w, https:\/\/hoyre.no\/content\/uploads\/sites\/203\/2023\/06\/D3S4727-2048x1255.jpg 2048w\" sizes=\"auto, (max-width: 1024px) 100vw, 1024px\" \/>\n\t\t\t<\/div>\n\t\t\t<div class=\"hoyre-media-text__content\">\n\t\t\t\t<div class=\"hoyre-media-text__content-inner\">\n\t\t\t\t\t\n\t\t\t<div class=\"hoyre-media-text__title-container\">\n\t\t\t\t\n\t\t\t\t<h2 class=\"hoyre-media-text__title\">3. <strong>Du skal f\u00e5 beholde mer av egne penger<\/strong><\/h2>\n\t\t\t<\/div>\n\t\t\t\n\t\t\t\t\t<div class=\"hoyre-media-text__blocks\">\n<p>Det blir stadig dyrere \u00e5 bo i Aremark. De kommunale avgiftene \u00f8ker, og eiendomsskatten er nylig \u00f8kt kraftig. \u00a0H\u00f8yre vil holde skatte- og avgiftsniv\u00e5et nede, slik at den enkelte familie beholder mer av sine egne penger. Du vet selv best hva som er velferd for deg!<\/p>\n<\/div>\n\t\t\t\t\t\n\t\t\t\t<\/div>\n\t\t\t<\/div>\n\t\t<\/div>\n\t\t\n\n\n\t\t<div class=\"has-lightest-blue-background-color is-layout-left alignwide alignwide wp-block-hoyre-media-text\">\n\t\t\t<div class=\"hoyre-media-text__media\">\n\t\t\t\t<img loading=\"lazy\" decoding=\"async\" width=\"1024\" height=\"681\" src=\"https:\/\/hoyre.no\/content\/uploads\/sites\/203\/2023\/06\/D3S4715-1024x681.jpg\" class=\"hoyre-media-text__media-image\" alt=\"\" style=\"--focal: 50% 50%;\" srcset=\"https:\/\/hoyre.no\/content\/uploads\/sites\/203\/2023\/06\/D3S4715-1024x681.jpg 1024w, https:\/\/hoyre.no\/content\/uploads\/sites\/203\/2023\/06\/D3S4715-300x200.jpg 300w, https:\/\/hoyre.no\/content\/uploads\/sites\/203\/2023\/06\/D3S4715-768x511.jpg 768w, https:\/\/hoyre.no\/content\/uploads\/sites\/203\/2023\/06\/D3S4715-1536x1022.jpg 1536w, https:\/\/hoyre.no\/content\/uploads\/sites\/203\/2023\/06\/D3S4715-2048x1363.jpg 2048w\" sizes=\"auto, (max-width: 1024px) 100vw, 1024px\" \/>\n\t\t\t<\/div>\n\t\t\t<div class=\"hoyre-media-text__content\">\n\t\t\t\t<div class=\"hoyre-media-text__content-inner\">\n\t\t\t\t\t\n\t\t\t<div class=\"hoyre-media-text__title-container\">\n\t\t\t\t\n\t\t\t\t<h2 class=\"hoyre-media-text__title\">4. <strong>Aremark skal v\u00e6re en JA-kommune<\/strong><\/h2>\n\t\t\t<\/div>\n\t\t\t\n\t\t\t\t\t<div class=\"hoyre-media-text__blocks\">\n<p>Innbyggerne skal m\u00f8tes med respekt og positivitet. Saksbehandlere i kommunen skal lete etter argumenter for \u00e5 si ja, og ikke nei. Informasjon skal v\u00e6re lett tilgjengelig og frister for saksbehandling skal overholdes.\u00a0<\/p>\n<\/div>\n\t\t\t\t\t\n\t\t\t\t<\/div>\n\t\t\t<\/div>\n\t\t<\/div>\n\t\t\n\n\n\t\t<div class=\"has-lightest-blue-background-color is-layout-right alignwide alignwide wp-block-hoyre-media-text\">\n\t\t\t<div class=\"hoyre-media-text__media\">\n\t\t\t\t<img loading=\"lazy\" decoding=\"async\" width=\"1024\" height=\"566\" src=\"https:\/\/hoyre.no\/content\/uploads\/sites\/203\/2023\/06\/fYzG9_RE-1024x566.jpeg\" class=\"hoyre-media-text__media-image\" alt=\"\" style=\"--focal: 50% 50%;\" srcset=\"https:\/\/hoyre.no\/content\/uploads\/sites\/203\/2023\/06\/fYzG9_RE-1024x566.jpeg 1024w, https:\/\/hoyre.no\/content\/uploads\/sites\/203\/2023\/06\/fYzG9_RE-300x166.jpeg 300w, https:\/\/hoyre.no\/content\/uploads\/sites\/203\/2023\/06\/fYzG9_RE-768x425.jpeg 768w, https:\/\/hoyre.no\/content\/uploads\/sites\/203\/2023\/06\/fYzG9_RE-1536x850.jpeg 1536w, https:\/\/hoyre.no\/content\/uploads\/sites\/203\/2023\/06\/fYzG9_RE-2048x1133.jpeg 2048w\" sizes=\"auto, (max-width: 1024px) 100vw, 1024px\" \/>\n\t\t\t<\/div>\n\t\t\t<div class=\"hoyre-media-text__content\">\n\t\t\t\t<div class=\"hoyre-media-text__content-inner\">\n\t\t\t\t\t\n\t\t\t<div class=\"hoyre-media-text__title-container\">\n\t\t\t\t\n\t\t\t\t<h2 class=\"hoyre-media-text__title\">5. <strong>I Aremark skal vi l\u00f8fte alle barn<\/strong><\/h2>\n\t\t\t<\/div>\n\t\t\t\n\t\t\t\t\t<div class=\"hoyre-media-text__blocks\">\n<p>Aremark H\u00f8yre vil at alle elever skal oppleve inkludering, trygghet og mestring i sin skolehverdag. Aremark-skolen skal l\u00f8fte alle elever slik at de kan innfri sine dr\u00f8mmer og ambisjoner. Vi skal ha h\u00f8y faglig kompetanse hos l\u00e6rerne og tilby videre- og etterutdanning.<\/p>\n<\/div>\n\t\t\t\t\t\n\t\t\t\t<\/div>\n\t\t\t<\/div>\n\t\t<\/div>\n\t\t\n\n\n\t\t<div class=\"has-lightest-blue-background-color is-layout-left alignwide alignwide wp-block-hoyre-media-text\">\n\t\t\t<div class=\"hoyre-media-text__media\">\n\t\t\t\t<img loading=\"lazy\" decoding=\"async\" width=\"681\" height=\"1024\" src=\"https:\/\/hoyre.no\/content\/uploads\/sites\/203\/2023\/06\/D3S4658-681x1024.jpg\" class=\"hoyre-media-text__media-image\" alt=\"\" style=\"--focal: 50% 50%;\" srcset=\"https:\/\/hoyre.no\/content\/uploads\/sites\/203\/2023\/06\/D3S4658-681x1024.jpg 681w, https:\/\/hoyre.no\/content\/uploads\/sites\/203\/2023\/06\/D3S4658-200x300.jpg 200w, https:\/\/hoyre.no\/content\/uploads\/sites\/203\/2023\/06\/D3S4658-768x1154.jpg 768w, https:\/\/hoyre.no\/content\/uploads\/sites\/203\/2023\/06\/D3S4658-1022x1536.jpg 1022w, https:\/\/hoyre.no\/content\/uploads\/sites\/203\/2023\/06\/D3S4658-1363x2048.jpg 1363w, https:\/\/hoyre.no\/content\/uploads\/sites\/203\/2023\/06\/D3S4658-scaled.jpg 1664w\" sizes=\"auto, (max-width: 681px) 100vw, 681px\" \/>\n\t\t\t<\/div>\n\t\t\t<div class=\"hoyre-media-text__content\">\n\t\t\t\t<div class=\"hoyre-media-text__content-inner\">\n\t\t\t\t\t\n\t\t\t<div class=\"hoyre-media-text__title-container\">\n\t\t\t\t\n\t\t\t\t<h2 class=\"hoyre-media-text__title\">6. <strong>Folkets stemme<\/strong><\/h2>\n\t\t\t<\/div>\n\t\t\t\n\t\t\t\t\t<div class=\"hoyre-media-text__blocks\">\n<p>H\u00f8yre skal v\u00e6re folkets stemme inn mot kommunen, ikke kommunens stemme ut mot folket.\u00a0H\u00f8yre taler din sak.<\/p>\n<\/div>\n\t\t\t\t\t\n\t\t\t\t<\/div>\n\t\t\t<\/div>\n\t\t<\/div>\n\t\t\n\n\n<div class=\"wp-block-teft-file icon-link-block\"><a href=\"https:\/\/hoyre.no\/content\/uploads\/sites\/203\/2023\/06\/Aremark-Hoyre-Valgprogram-2023-2027.pdf\" download><span class=\"file-title\">Her kan du lese valgprogrammet v\u00e5rt for 2023-2027<\/span><span class=\"file-name\"><\/span><\/a><\/div>\n","protected":false},"excerpt":{"rendered":"","protected":false},"author":15381,"featured_media":0,"parent":0,"menu_order":0,"comment_status":"closed","ping_status":"closed","template":"","meta":{"teft_cards_image_url":"","teft_cards_custom_pretitle":"","teft_cards_image_id":71,"teft_cards_image_focal_point_x":0.5,"teft_cards_image_focal_point_y":0.5,"teft_cards_title":"","teft_cards_excerpt":"","teft_show_chapters":false,"footnotes":""},"class_list":["post-39","page","type-page","status-publish","hentry"],"yoast_head":"<!-- This site is optimized with the Yoast SEO plugin v26.6 - https:\/\/yoast.com\/wordpress\/plugins\/seo\/ -->\n<title>Seks gode grunner - Aremark H\u00f8yre<\/title>\n<meta name=\"description\" content=\"Vi gir deg seks gode grunner til hvorfor du b\u00f8r stemme H\u00f8yre i Aremark.\" \/>\n<meta name=\"robots\" content=\"index, follow, max-snippet:-1, max-image-preview:large, max-video-preview:-1\" \/>\n<link rel=\"canonical\" href=\"https:\/\/hoyre.no\/aremark\/seks-gode-grunner\/\" \/>\n<meta property=\"og:locale\" content=\"nb_NO\" \/>\n<meta property=\"og:type\" content=\"article\" \/>\n<meta property=\"og:title\" content=\"Seks gode grunner - Aremark H\u00f8yre\" \/>\n<meta property=\"og:description\" content=\"Vi gir deg seks gode grunner til hvorfor du b\u00f8r stemme H\u00f8yre i Aremark.\" \/>\n<meta property=\"og:url\" content=\"https:\/\/hoyre.no\/aremark\/seks-gode-grunner\/\" \/>\n<meta property=\"og:site_name\" content=\"Aremark H\u00f8yre\" \/>\n<meta property=\"article:modified_time\" content=\"2025-02-18T15:35:46+00:00\" \/>\n<meta property=\"og:image\" content=\"https:\/\/hoyre.no\/content\/uploads\/sites\/203\/2023\/08\/martin_liggende.jpg\" \/>\n<meta name=\"twitter:card\" content=\"summary_large_image\" \/>\n<meta name=\"twitter:label1\" content=\"Ansl. lesetid\" \/>\n\t<meta name=\"twitter:data1\" content=\"2 minutter\" \/>\n<script type=\"application\/ld+json\" class=\"yoast-schema-graph\">{\"@context\":\"https:\/\/schema.org\",\"@graph\":[{\"@type\":\"WebPage\",\"@id\":\"https:\/\/hoyre.no\/aremark\/seks-gode-grunner\/\",\"url\":\"https:\/\/hoyre.no\/aremark\/seks-gode-grunner\/\",\"name\":\"Seks gode grunner - Aremark H\u00f8yre\",\"isPartOf\":{\"@id\":\"https:\/\/hoyre.no\/aremark\/#website\"},\"datePublished\":\"2023-06-13T12:57:44+00:00\",\"dateModified\":\"2025-02-18T15:35:46+00:00\",\"description\":\"Vi gir deg seks gode grunner til hvorfor du b\u00f8r stemme H\u00f8yre i Aremark.\",\"breadcrumb\":{\"@id\":\"https:\/\/hoyre.no\/aremark\/seks-gode-grunner\/#breadcrumb\"},\"inLanguage\":\"nb-NO\",\"potentialAction\":[{\"@type\":\"ReadAction\",\"target\":[\"https:\/\/hoyre.no\/aremark\/seks-gode-grunner\/\"]}]},{\"@type\":\"BreadcrumbList\",\"@id\":\"https:\/\/hoyre.no\/aremark\/seks-gode-grunner\/#breadcrumb\",\"itemListElement\":[{\"@type\":\"ListItem\",\"position\":1,\"name\":\"Til hoyre.no\",\"item\":\"https:\/\/hoyre.no\"},{\"@type\":\"ListItem\",\"position\":2,\"name\":\"Hjem\",\"item\":\"https:\/\/hoyre.no\/aremark\/\"},{\"@type\":\"ListItem\",\"position\":3,\"name\":\"Seks gode grunner\"}]},{\"@type\":\"WebSite\",\"@id\":\"https:\/\/hoyre.no\/aremark\/#website\",\"url\":\"https:\/\/hoyre.no\/aremark\/\",\"name\":\"Aremark H\u00f8yre\",\"description\":\"Bare enda et H\u00f8yres nettsteder-nettsted\",\"inLanguage\":\"nb-NO\"}]}<\/script>\n<!-- \/ Yoast SEO plugin. -->","yoast_head_json":{"title":"Seks gode grunner - Aremark H\u00f8yre","description":"Vi gir deg seks gode grunner til hvorfor du b\u00f8r stemme H\u00f8yre i Aremark.","robots":{"index":"index","follow":"follow","max-snippet":"max-snippet:-1","max-image-preview":"max-image-preview:large","max-video-preview":"max-video-preview:-1"},"canonical":"https:\/\/hoyre.no\/aremark\/seks-gode-grunner\/","og_locale":"nb_NO","og_type":"article","og_title":"Seks gode grunner - Aremark H\u00f8yre","og_description":"Vi gir deg seks gode grunner til hvorfor du b\u00f8r stemme H\u00f8yre i Aremark.","og_url":"https:\/\/hoyre.no\/aremark\/seks-gode-grunner\/","og_site_name":"Aremark H\u00f8yre","article_modified_time":"2025-02-18T15:35:46+00:00","og_image":[{"url":"https:\/\/hoyre.no\/content\/uploads\/sites\/203\/2023\/08\/martin_liggende.jpg","width":"","height":"","type":""}],"twitter_card":"summary_large_image","twitter_misc":{"Ansl. lesetid":"2 minutter"},"schema":{"@context":"https:\/\/schema.org","@graph":[{"@type":"WebPage","@id":"https:\/\/hoyre.no\/aremark\/seks-gode-grunner\/","url":"https:\/\/hoyre.no\/aremark\/seks-gode-grunner\/","name":"Seks gode grunner - Aremark H\u00f8yre","isPartOf":{"@id":"https:\/\/hoyre.no\/aremark\/#website"},"datePublished":"2023-06-13T12:57:44+00:00","dateModified":"2025-02-18T15:35:46+00:00","description":"Vi gir deg seks gode grunner til hvorfor du b\u00f8r stemme H\u00f8yre i Aremark.","breadcrumb":{"@id":"https:\/\/hoyre.no\/aremark\/seks-gode-grunner\/#breadcrumb"},"inLanguage":"nb-NO","potentialAction":[{"@type":"ReadAction","target":["https:\/\/hoyre.no\/aremark\/seks-gode-grunner\/"]}]},{"@type":"BreadcrumbList","@id":"https:\/\/hoyre.no\/aremark\/seks-gode-grunner\/#breadcrumb","itemListElement":[{"@type":"ListItem","position":1,"name":"Til hoyre.no","item":"https:\/\/hoyre.no"},{"@type":"ListItem","position":2,"name":"Hjem","item":"https:\/\/hoyre.no\/aremark\/"},{"@type":"ListItem","position":3,"name":"Seks gode grunner"}]},{"@type":"WebSite","@id":"https:\/\/hoyre.no\/aremark\/#website","url":"https:\/\/hoyre.no\/aremark\/","name":"Aremark H\u00f8yre","description":"Bare enda et H\u00f8yres nettsteder-nettsted","inLanguage":"nb-NO"}]}},"distributor_meta":false,"distributor_terms":false,"distributor_media":false,"distributor_original_site_name":"Aremark H\u00f8yre","distributor_original_site_url":"https:\/\/hoyre.no\/aremark","push-errors":false,"_links":{"self":[{"href":"https:\/\/hoyre.no\/aremark\/wp-json\/wp\/v2\/pages\/39","targetHints":{"allow":["GET"]}}],"collection":[{"href":"https:\/\/hoyre.no\/aremark\/wp-json\/wp\/v2\/pages"}],"about":[{"href":"https:\/\/hoyre.no\/aremark\/wp-json\/wp\/v2\/types\/page"}],"author":[{"embeddable":true,"href":"https:\/\/hoyre.no\/aremark\/wp-json\/wp\/v2\/users\/15381"}],"replies":[{"embeddable":true,"href":"https:\/\/hoyre.no\/aremark\/wp-json\/wp\/v2\/comments?post=39"}],"version-history":[{"count":11,"href":"https:\/\/hoyre.no\/aremark\/wp-json\/wp\/v2\/pages\/39\/revisions"}],"predecessor-version":[{"id":85,"href":"https:\/\/hoyre.no\/aremark\/wp-json\/wp\/v2\/pages\/39\/revisions\/85"}],"wp:attachment":[{"href":"https:\/\/hoyre.no\/aremark\/wp-json\/wp\/v2\/media?parent=39"}],"curies":[{"name":"wp","href":"https:\/\/api.w.org\/{rel}","templated":true}]}}