{"id":135,"date":"2023-01-10T12:54:37","date_gmt":"2023-01-10T11:54:37","guid":{"rendered":"https:\/\/hoyre.no\/arendal\/?page_id=135"},"modified":"2023-09-18T13:47:24","modified_gmt":"2023-09-18T11:47:24","slug":"7-grunner-til-a-stemme-arendal-hoyrei-2023","status":"publish","type":"page","link":"https:\/\/hoyre.no\/arendal\/forsiden\/7-grunner-til-a-stemme-arendal-hoyrei-2023\/","title":{"rendered":"Syv grunner til \u00e5 stemme Arendal H\u00f8yre i 2023"},"content":{"rendered":"\n<div class=\"wp-block-hoyre-hero with-image-gradient text-color-light  has-media alignfull has-background\"><div class=\"hoyre-hero has-image\"><h1 class=\"title\">Syv grunner til \u00e5 stemme H\u00f8yre i Arendal<\/h1><figure class=\"hoyre-image-wrapper\"><div class=\"hoyre-image\"><img loading=\"lazy\" decoding=\"async\" width=\"2500\" height=\"1875\" src=\"https:\/\/hoyre.no\/content\/uploads\/sites\/41\/2020\/12\/P5084826-scaled.jpg\" class=\"attachment-scaled size-scaled\" alt=\"\" style=\"object-position: 54% 85%\" srcset=\"https:\/\/hoyre.no\/content\/uploads\/sites\/41\/2020\/12\/P5084826-scaled.jpg 2500w, https:\/\/hoyre.no\/content\/uploads\/sites\/41\/2020\/12\/P5084826-300x225.jpg 300w, https:\/\/hoyre.no\/content\/uploads\/sites\/41\/2020\/12\/P5084826-1024x768.jpg 1024w, https:\/\/hoyre.no\/content\/uploads\/sites\/41\/2020\/12\/P5084826-768x576.jpg 768w, https:\/\/hoyre.no\/content\/uploads\/sites\/41\/2020\/12\/P5084826-1536x1152.jpg 1536w, https:\/\/hoyre.no\/content\/uploads\/sites\/41\/2020\/12\/P5084826-2048x1536.jpg 2048w\" sizes=\"auto, (max-width: 2500px) 100vw, 2500px\" \/><\/div><\/figure><\/div><\/div>\n\n\n\n\n\n\n<div class=\"wp-block-media-text alignwide has-media-on-the-right is-stacked-on-mobile\"><figure class=\"wp-block-media-text__media\"><img loading=\"lazy\" decoding=\"async\" width=\"1024\" height=\"682\" src=\"https:\/\/hoyre.no\/content\/uploads\/sites\/41\/2023\/01\/m347xAnU-1024x682.jpeg\" alt=\"\" class=\"wp-image-139 size-full\" srcset=\"https:\/\/hoyre.no\/content\/uploads\/sites\/41\/2023\/01\/m347xAnU-1024x682.jpeg 1024w, https:\/\/hoyre.no\/content\/uploads\/sites\/41\/2023\/01\/m347xAnU-300x200.jpeg 300w, https:\/\/hoyre.no\/content\/uploads\/sites\/41\/2023\/01\/m347xAnU-768x511.jpeg 768w, https:\/\/hoyre.no\/content\/uploads\/sites\/41\/2023\/01\/m347xAnU-1536x1022.jpeg 1536w, https:\/\/hoyre.no\/content\/uploads\/sites\/41\/2023\/01\/m347xAnU.jpeg 2048w\" sizes=\"auto, (max-width: 1024px) 100vw, 1024px\" \/><\/figure><div class=\"wp-block-media-text__content\">\n<h2 class=\"wp-block-heading\"><strong>1. <strong><strong>Gled deg til \u00e5 bli gammel i Arendal<\/strong><\/strong><\/strong><\/h2>\n\n\n\n<p>Det haster med \u00e5 bygge ut flere sykehjemsplasser i Arendal. H\u00f8yre vil derfor bygge nytt helsehus i sentrum.&nbsp;H\u00f8yre vil sikre et mangfold i eldreomsorgen, med flere bo- og omsorgsplasser og en ny demenslandsby. Vi vil ogs\u00e5 s\u00f8rge for gode m\u00f8teplasser, smakfulle m\u00e5ltider og et variert kulturtilbud til alle eldre, slik at alle har god livskvalitet hele livet!<\/p>\n<\/div><\/div>\n\n\n\n<div class=\"wp-block-media-text alignwide is-stacked-on-mobile is-vertically-aligned-center is-image-fill\"><figure class=\"wp-block-media-text__media\" style=\"background-image:url('https:\/\/hoyre.no\/content\/uploads\/sites\/41\/2023\/01\/T_1SW92A-1024x654.jpeg');background-position:50% 50%\"><img loading=\"lazy\" decoding=\"async\" width=\"1024\" height=\"654\" src=\"https:\/\/hoyre.no\/content\/uploads\/sites\/41\/2023\/01\/T_1SW92A-1024x654.jpeg\" alt=\"\" class=\"wp-image-136 size-full\" srcset=\"https:\/\/hoyre.no\/content\/uploads\/sites\/41\/2023\/01\/T_1SW92A-1024x654.jpeg 1024w, https:\/\/hoyre.no\/content\/uploads\/sites\/41\/2023\/01\/T_1SW92A-300x192.jpeg 300w, https:\/\/hoyre.no\/content\/uploads\/sites\/41\/2023\/01\/T_1SW92A-768x490.jpeg 768w, https:\/\/hoyre.no\/content\/uploads\/sites\/41\/2023\/01\/T_1SW92A-1536x981.jpeg 1536w, https:\/\/hoyre.no\/content\/uploads\/sites\/41\/2023\/01\/T_1SW92A-2048x1308.jpeg 2048w\" sizes=\"auto, (max-width: 1024px) 100vw, 1024px\" \/><\/figure><div class=\"wp-block-media-text__content\">\n<h2 class=\"wp-block-heading\" id=\"h-1-vi-skal-bli-flere-bergensere\">2. <strong>Hjelp n\u00e5r du trenger det<\/strong><\/h2>\n\n\n\n<p>For mange arendalitter st\u00e5r uten fastlege, og mennesker som sliter med sin psykiske helse m\u00e5 st\u00e5 m\u00e5nedsvis<strong>&nbsp;<\/strong>i k\u00f8 for \u00e5 f\u00e5 hjelp. H\u00f8yre vil prioritere lokalt tilskudd til fastlegene, \u00e5 styrke skolehelsetjenesten, ha en mer tilgjengelig helsestasjon for ungdom og&nbsp;bedre lavterskeltilbudene innen psykisk helse, som Fontenehuset.<strong><br><\/strong><\/p>\n<\/div><\/div>\n\n\n\n<div class=\"wp-block-media-text alignwide has-media-on-the-right is-stacked-on-mobile is-vertically-aligned-center is-image-fill\"><figure class=\"wp-block-media-text__media\" style=\"background-image:url('https:\/\/hoyre.no\/content\/uploads\/sites\/41\/2023\/01\/zI3j2ABY-1024x683.jpeg');background-position:50% 50%\"><img loading=\"lazy\" decoding=\"async\" width=\"1024\" height=\"683\" src=\"https:\/\/hoyre.no\/content\/uploads\/sites\/41\/2023\/01\/zI3j2ABY-1024x683.jpeg\" alt=\"\" class=\"wp-image-137 size-full\" srcset=\"https:\/\/hoyre.no\/content\/uploads\/sites\/41\/2023\/01\/zI3j2ABY-1024x683.jpeg 1024w, https:\/\/hoyre.no\/content\/uploads\/sites\/41\/2023\/01\/zI3j2ABY-300x200.jpeg 300w, https:\/\/hoyre.no\/content\/uploads\/sites\/41\/2023\/01\/zI3j2ABY-768x512.jpeg 768w, https:\/\/hoyre.no\/content\/uploads\/sites\/41\/2023\/01\/zI3j2ABY-1536x1024.jpeg 1536w, https:\/\/hoyre.no\/content\/uploads\/sites\/41\/2023\/01\/zI3j2ABY-2048x1365.jpeg 2048w\" sizes=\"auto, (max-width: 1024px) 100vw, 1024px\" \/><\/figure><div class=\"wp-block-media-text__content\">\n<h2 class=\"wp-block-heading\" id=\"h-2-hoyre-vil-fa-laerelyst-tilbake-i-bergensskolen\">3. <strong><strong>Alle skal med<\/strong>&nbsp;&nbsp;<\/strong><\/h2>\n\n\n\n<p>Ca. 1400 barn i Arendal vokser opp i lavinntektsfamilier. Altfor mange blir holdt utenfor fellesskapet p\u00e5 grunn av dyre kontingenter og utstyr. H\u00f8yre vil at alle barn og unge skal f\u00e5 delta p\u00e5 minst \u00e9n fritidsaktivitet i uken, uavhengig av foreldrenes lommebok. Derfor vil vi gjeninnf\u00f8re fritidskortet.<br><\/p>\n<\/div><\/div>\n\n\n\n<div class=\"wp-block-media-text alignwide is-stacked-on-mobile is-vertically-aligned-center is-image-fill\"><figure class=\"wp-block-media-text__media\" style=\"background-image:url('https:\/\/hoyre.no\/content\/uploads\/sites\/41\/2022\/08\/linda-1-809x1024.jpeg');background-position:51% 63%\"><img loading=\"lazy\" decoding=\"async\" width=\"809\" height=\"1024\" src=\"https:\/\/hoyre.no\/content\/uploads\/sites\/41\/2022\/08\/linda-1-809x1024.jpeg\" alt=\"\" class=\"wp-image-92 size-full\" srcset=\"https:\/\/hoyre.no\/content\/uploads\/sites\/41\/2022\/08\/linda-1-809x1024.jpeg 809w, https:\/\/hoyre.no\/content\/uploads\/sites\/41\/2022\/08\/linda-1-237x300.jpeg 237w, https:\/\/hoyre.no\/content\/uploads\/sites\/41\/2022\/08\/linda-1-768x972.jpeg 768w, https:\/\/hoyre.no\/content\/uploads\/sites\/41\/2022\/08\/linda-1-1214x1536.jpeg 1214w, https:\/\/hoyre.no\/content\/uploads\/sites\/41\/2022\/08\/linda-1.jpeg 1618w\" sizes=\"auto, (max-width: 809px) 100vw, 809px\" \/><\/figure><div class=\"wp-block-media-text__content\">\n<h2 class=\"wp-block-heading\" id=\"h-3-bergen-hele-livet\">4. <strong>Du skal f\u00e5 beholde mer av egne penger<\/strong><\/h2>\n\n\n\n<p>Det blir stadig dyrere \u00e5 bo i Arendal. Avgiftene \u00f8ker, og eiendomsskatten er satt opp med 54 %&nbsp;siden f\u00f8r pandemien. H\u00f8yre vil senke skatte- og avgiftsniv\u00e5et, slik at den enkelte familie beholder mer av sine egne penger. Du vet selv hva som er velferd for deg!<\/p>\n<\/div><\/div>\n\n\n\n<div class=\"wp-block-media-text alignwide has-media-on-the-right is-stacked-on-mobile is-vertically-aligned-center is-image-fill\"><figure class=\"wp-block-media-text__media\" style=\"background-image:url('https:\/\/hoyre.no\/content\/uploads\/sites\/41\/2023\/01\/w5OHPr4c-1024x683.jpeg');background-position:50% 50%\"><img loading=\"lazy\" decoding=\"async\" width=\"1024\" height=\"683\" src=\"https:\/\/hoyre.no\/content\/uploads\/sites\/41\/2023\/01\/w5OHPr4c-1024x683.jpeg\" alt=\"\" class=\"wp-image-138 size-full\" srcset=\"https:\/\/hoyre.no\/content\/uploads\/sites\/41\/2023\/01\/w5OHPr4c-1024x683.jpeg 1024w, https:\/\/hoyre.no\/content\/uploads\/sites\/41\/2023\/01\/w5OHPr4c-300x200.jpeg 300w, https:\/\/hoyre.no\/content\/uploads\/sites\/41\/2023\/01\/w5OHPr4c-768x512.jpeg 768w, https:\/\/hoyre.no\/content\/uploads\/sites\/41\/2023\/01\/w5OHPr4c-1536x1024.jpeg 1536w, https:\/\/hoyre.no\/content\/uploads\/sites\/41\/2023\/01\/w5OHPr4c-2048x1365.jpeg 2048w\" sizes=\"auto, (max-width: 1024px) 100vw, 1024px\" \/><\/figure><div class=\"wp-block-media-text__content\">\n<h2 class=\"wp-block-heading\">5. <strong><strong>Bedre skole for elevene<\/strong>&nbsp;<\/strong><\/h2>\n\n\n\n<p>Vi klarer ikke \u00e5 utjevne forskjellene i samfunnet godt nok n\u00e5r elever faller fra og sliter p\u00e5 skolen. L\u00e6rerne opplever at de strekkes i flere ender og f\u00e5r for lite tid til \u00e5 v\u00e6re gode l\u00e6rere for elevene. H\u00f8yre vil derfor styrke laget rundt eleven med tverrfaglige stillinger slik at l\u00e6rerne f\u00e5r tid til \u00e5 v\u00e6re l\u00e6rere. Vi vil ogs\u00e5 fortsette \u00e5 investere i et trygt og godt l\u00e6ringsmilj\u00f8 slik at alle elever trives og er motivert til \u00e5 g\u00e5 p\u00e5 skolen.&nbsp;<\/p>\n\n\n\n<p>&nbsp;<\/p>\n<\/div><\/div>\n\n\n\n<div class=\"wp-block-media-text alignwide is-stacked-on-mobile is-vertically-aligned-center is-image-fill\"><figure class=\"wp-block-media-text__media\" style=\"background-image:url('https:\/\/hoyre.no\/content\/uploads\/sites\/41\/2023\/01\/kqtv9x8A-1024x683.jpeg');background-position:50% 50%\"><img loading=\"lazy\" decoding=\"async\" width=\"1024\" height=\"683\" src=\"https:\/\/hoyre.no\/content\/uploads\/sites\/41\/2023\/01\/kqtv9x8A-1024x683.jpeg\" alt=\"\" class=\"wp-image-140 size-full\" srcset=\"https:\/\/hoyre.no\/content\/uploads\/sites\/41\/2023\/01\/kqtv9x8A-1024x683.jpeg 1024w, https:\/\/hoyre.no\/content\/uploads\/sites\/41\/2023\/01\/kqtv9x8A-300x200.jpeg 300w, https:\/\/hoyre.no\/content\/uploads\/sites\/41\/2023\/01\/kqtv9x8A-768x512.jpeg 768w, https:\/\/hoyre.no\/content\/uploads\/sites\/41\/2023\/01\/kqtv9x8A-1536x1024.jpeg 1536w, https:\/\/hoyre.no\/content\/uploads\/sites\/41\/2023\/01\/kqtv9x8A-2048x1365.jpeg 2048w\" sizes=\"auto, (max-width: 1024px) 100vw, 1024px\" \/><\/figure><div class=\"wp-block-media-text__content\">\n<h2 class=\"wp-block-heading\">6. <strong>Utvikling gir velferd<\/strong><\/h2>\n\n\n\n<p>Vekst og utvikling er de viktigste forutsetningene for \u00e5 skape et vellykket samfunn. H\u00f8yre vil derfor legge forholdene til rette for at det skapes flere arbeidsplasser i b\u00e5de nye og eksisterende bedrifter. Vi m\u00e5 s\u00f8rge for at n\u00e6ringslivet blir m\u00f8tt av en forutsigbar og samarbeidsvillig kommune, og skal prioritere raskere saksbehandling og fjerne un\u00f8dvendige reguleringer.&nbsp;&nbsp;<\/p>\n<\/div><\/div>\n\n\n\n<div class=\"wp-block-media-text alignwide has-media-on-the-right is-stacked-on-mobile is-vertically-aligned-center is-image-fill\"><figure class=\"wp-block-media-text__media\" style=\"background-image:url('https:\/\/hoyre.no\/content\/uploads\/sites\/41\/2020\/11\/sommer2018_241-1024x698.jpg');background-position:50% 50%\"><img loading=\"lazy\" decoding=\"async\" width=\"1024\" height=\"698\" src=\"https:\/\/hoyre.no\/content\/uploads\/sites\/41\/2020\/11\/sommer2018_241-1024x698.jpg\" alt=\"Arendals kyst i solnedgang\" class=\"wp-image-48 size-full\" srcset=\"https:\/\/hoyre.no\/content\/uploads\/sites\/41\/2020\/11\/sommer2018_241-1024x698.jpg 1024w, https:\/\/hoyre.no\/content\/uploads\/sites\/41\/2020\/11\/sommer2018_241-300x205.jpg 300w, https:\/\/hoyre.no\/content\/uploads\/sites\/41\/2020\/11\/sommer2018_241-768x524.jpg 768w, https:\/\/hoyre.no\/content\/uploads\/sites\/41\/2020\/11\/sommer2018_241-1536x1048.jpg 1536w, https:\/\/hoyre.no\/content\/uploads\/sites\/41\/2020\/11\/sommer2018_241-2048x1397.jpg 2048w\" sizes=\"auto, (max-width: 1024px) 100vw, 1024px\" \/><\/figure><div class=\"wp-block-media-text__content\">\n<h2 class=\"wp-block-heading\">7. <strong>Alle skal kunne bo i Arendal<\/strong><\/h2>\n\n\n\n<p>Arendal vil oppleve stor vekst i \u00e5rene som kommer, og det blir avgj\u00f8rende \u00e5 bygge nok boliger. H\u00f8yre skal legge til rette for at det bygges flere leiligheter i urbane str\u00f8k for unge og eldre, og eneboliger i attraktive deler av kommunen. Vi vil ogs\u00e5 s\u00f8rge for gode bomilj\u00f8er&nbsp;i&nbsp;nye prosjekter, enten du skal leie eller eie.&nbsp;<\/p>\n<\/div><\/div>\n\n\n\n\n\n\n\n","protected":false},"excerpt":{"rendered":"","protected":false},"author":15381,"featured_media":0,"parent":3,"menu_order":0,"comment_status":"closed","ping_status":"closed","template":"","meta":{"teft_cards_image_url":"","teft_cards_custom_pretitle":"","teft_cards_image_id":0,"teft_cards_image_focal_point_x":0,"teft_cards_image_focal_point_y":0,"teft_cards_title":"","teft_cards_excerpt":"","teft_show_chapters":false,"footnotes":""},"class_list":["post-135","page","type-page","status-publish","hentry"],"yoast_head":"<!-- This site is optimized with the Yoast SEO plugin v26.6 - https:\/\/yoast.com\/wordpress\/plugins\/seo\/ -->\n<title>Syv grunner til \u00e5 stemme Arendal H\u00f8yre i 2023 - Arendal H\u00f8yre<\/title>\n<meta name=\"robots\" content=\"index, follow, max-snippet:-1, max-image-preview:large, max-video-preview:-1\" \/>\n<link rel=\"canonical\" href=\"https:\/\/hoyre.no\/arendal\/forsiden\/7-grunner-til-a-stemme-arendal-hoyrei-2023\/\" \/>\n<meta property=\"og:locale\" content=\"nb_NO\" \/>\n<meta property=\"og:type\" content=\"article\" \/>\n<meta property=\"og:title\" content=\"Syv grunner til \u00e5 stemme Arendal H\u00f8yre i 2023 - Arendal H\u00f8yre\" \/>\n<meta property=\"og:url\" content=\"https:\/\/hoyre.no\/arendal\/forsiden\/7-grunner-til-a-stemme-arendal-hoyrei-2023\/\" \/>\n<meta property=\"og:site_name\" content=\"Arendal H\u00f8yre\" \/>\n<meta property=\"article:modified_time\" content=\"2023-09-18T11:47:24+00:00\" \/>\n<meta property=\"og:image\" content=\"https:\/\/hoyre.no\/content\/uploads\/sites\/41\/2023\/01\/m347xAnU-1024x682.jpeg\" \/>\n<meta name=\"twitter:card\" content=\"summary_large_image\" \/>\n<meta name=\"twitter:label1\" content=\"Ansl. lesetid\" \/>\n\t<meta name=\"twitter:data1\" content=\"6 minutter\" \/>\n<script type=\"application\/ld+json\" class=\"yoast-schema-graph\">{\"@context\":\"https:\/\/schema.org\",\"@graph\":[{\"@type\":\"WebPage\",\"@id\":\"https:\/\/hoyre.no\/arendal\/forsiden\/7-grunner-til-a-stemme-arendal-hoyrei-2023\/\",\"url\":\"https:\/\/hoyre.no\/arendal\/forsiden\/7-grunner-til-a-stemme-arendal-hoyrei-2023\/\",\"name\":\"Syv grunner til \u00e5 stemme Arendal H\u00f8yre i 2023 - Arendal H\u00f8yre\",\"isPartOf\":{\"@id\":\"https:\/\/hoyre.no\/arendal\/#website\"},\"image\":{\"@id\":\"https:\/\/hoyre.no\/arendal\/forsiden\/7-grunner-til-a-stemme-arendal-hoyrei-2023\/#primaryimage\"},\"thumbnailUrl\":\"https:\/\/hoyre.no\/content\/uploads\/sites\/41\/2023\/01\/m347xAnU-1024x682.jpeg\",\"datePublished\":\"2023-01-10T11:54:37+00:00\",\"dateModified\":\"2023-09-18T11:47:24+00:00\",\"breadcrumb\":{\"@id\":\"https:\/\/hoyre.no\/arendal\/forsiden\/7-grunner-til-a-stemme-arendal-hoyrei-2023\/#breadcrumb\"},\"inLanguage\":\"nb-NO\",\"potentialAction\":[{\"@type\":\"ReadAction\",\"target\":[\"https:\/\/hoyre.no\/arendal\/forsiden\/7-grunner-til-a-stemme-arendal-hoyrei-2023\/\"]}]},{\"@type\":\"ImageObject\",\"inLanguage\":\"nb-NO\",\"@id\":\"https:\/\/hoyre.no\/arendal\/forsiden\/7-grunner-til-a-stemme-arendal-hoyrei-2023\/#primaryimage\",\"url\":\"https:\/\/hoyre.no\/content\/uploads\/sites\/41\/2023\/01\/m347xAnU-1024x682.jpeg\",\"contentUrl\":\"https:\/\/hoyre.no\/content\/uploads\/sites\/41\/2023\/01\/m347xAnU-1024x682.jpeg\"},{\"@type\":\"BreadcrumbList\",\"@id\":\"https:\/\/hoyre.no\/arendal\/forsiden\/7-grunner-til-a-stemme-arendal-hoyrei-2023\/#breadcrumb\",\"itemListElement\":[{\"@type\":\"ListItem\",\"position\":1,\"name\":\"Til hoyre.no\",\"item\":\"https:\/\/hoyre.no\"},{\"@type\":\"ListItem\",\"position\":2,\"name\":\"Hjem\",\"item\":\"https:\/\/hoyre.no\/arendal\/\"},{\"@type\":\"ListItem\",\"position\":3,\"name\":\"Forsiden\",\"item\":\"https:\/\/hoyre.no\/arendal\/\"},{\"@type\":\"ListItem\",\"position\":4,\"name\":\"Syv grunner til \u00e5 stemme Arendal H\u00f8yre i 2023\"}]},{\"@type\":\"WebSite\",\"@id\":\"https:\/\/hoyre.no\/arendal\/#website\",\"url\":\"https:\/\/hoyre.no\/arendal\/\",\"name\":\"Arendal H\u00f8yre\",\"description\":\"Bare enda et H\u00f8yres nettsteder-nettsted\",\"inLanguage\":\"nb-NO\"}]}<\/script>\n<!-- \/ Yoast SEO plugin. -->","yoast_head_json":{"title":"Syv grunner til \u00e5 stemme Arendal H\u00f8yre i 2023 - Arendal H\u00f8yre","robots":{"index":"index","follow":"follow","max-snippet":"max-snippet:-1","max-image-preview":"max-image-preview:large","max-video-preview":"max-video-preview:-1"},"canonical":"https:\/\/hoyre.no\/arendal\/forsiden\/7-grunner-til-a-stemme-arendal-hoyrei-2023\/","og_locale":"nb_NO","og_type":"article","og_title":"Syv grunner til \u00e5 stemme Arendal H\u00f8yre i 2023 - Arendal H\u00f8yre","og_url":"https:\/\/hoyre.no\/arendal\/forsiden\/7-grunner-til-a-stemme-arendal-hoyrei-2023\/","og_site_name":"Arendal H\u00f8yre","article_modified_time":"2023-09-18T11:47:24+00:00","og_image":[{"url":"https:\/\/hoyre.no\/content\/uploads\/sites\/41\/2023\/01\/m347xAnU-1024x682.jpeg","type":"","width":"","height":""}],"twitter_card":"summary_large_image","twitter_misc":{"Ansl. lesetid":"6 minutter"},"schema":{"@context":"https:\/\/schema.org","@graph":[{"@type":"WebPage","@id":"https:\/\/hoyre.no\/arendal\/forsiden\/7-grunner-til-a-stemme-arendal-hoyrei-2023\/","url":"https:\/\/hoyre.no\/arendal\/forsiden\/7-grunner-til-a-stemme-arendal-hoyrei-2023\/","name":"Syv grunner til \u00e5 stemme Arendal H\u00f8yre i 2023 - Arendal H\u00f8yre","isPartOf":{"@id":"https:\/\/hoyre.no\/arendal\/#website"},"image":{"@id":"https:\/\/hoyre.no\/arendal\/forsiden\/7-grunner-til-a-stemme-arendal-hoyrei-2023\/#primaryimage"},"thumbnailUrl":"https:\/\/hoyre.no\/content\/uploads\/sites\/41\/2023\/01\/m347xAnU-1024x682.jpeg","datePublished":"2023-01-10T11:54:37+00:00","dateModified":"2023-09-18T11:47:24+00:00","breadcrumb":{"@id":"https:\/\/hoyre.no\/arendal\/forsiden\/7-grunner-til-a-stemme-arendal-hoyrei-2023\/#breadcrumb"},"inLanguage":"nb-NO","potentialAction":[{"@type":"ReadAction","target":["https:\/\/hoyre.no\/arendal\/forsiden\/7-grunner-til-a-stemme-arendal-hoyrei-2023\/"]}]},{"@type":"ImageObject","inLanguage":"nb-NO","@id":"https:\/\/hoyre.no\/arendal\/forsiden\/7-grunner-til-a-stemme-arendal-hoyrei-2023\/#primaryimage","url":"https:\/\/hoyre.no\/content\/uploads\/sites\/41\/2023\/01\/m347xAnU-1024x682.jpeg","contentUrl":"https:\/\/hoyre.no\/content\/uploads\/sites\/41\/2023\/01\/m347xAnU-1024x682.jpeg"},{"@type":"BreadcrumbList","@id":"https:\/\/hoyre.no\/arendal\/forsiden\/7-grunner-til-a-stemme-arendal-hoyrei-2023\/#breadcrumb","itemListElement":[{"@type":"ListItem","position":1,"name":"Til hoyre.no","item":"https:\/\/hoyre.no"},{"@type":"ListItem","position":2,"name":"Hjem","item":"https:\/\/hoyre.no\/arendal\/"},{"@type":"ListItem","position":3,"name":"Forsiden","item":"https:\/\/hoyre.no\/arendal\/"},{"@type":"ListItem","position":4,"name":"Syv grunner til \u00e5 stemme Arendal H\u00f8yre i 2023"}]},{"@type":"WebSite","@id":"https:\/\/hoyre.no\/arendal\/#website","url":"https:\/\/hoyre.no\/arendal\/","name":"Arendal H\u00f8yre","description":"Bare enda et H\u00f8yres nettsteder-nettsted","inLanguage":"nb-NO"}]}},"distributor_meta":false,"distributor_terms":false,"distributor_media":false,"distributor_original_site_name":"Arendal H\u00f8yre","distributor_original_site_url":"https:\/\/hoyre.no\/arendal","push-errors":false,"_links":{"self":[{"href":"https:\/\/hoyre.no\/arendal\/wp-json\/wp\/v2\/pages\/135","targetHints":{"allow":["GET"]}}],"collection":[{"href":"https:\/\/hoyre.no\/arendal\/wp-json\/wp\/v2\/pages"}],"about":[{"href":"https:\/\/hoyre.no\/arendal\/wp-json\/wp\/v2\/types\/page"}],"author":[{"embeddable":true,"href":"https:\/\/hoyre.no\/arendal\/wp-json\/wp\/v2\/users\/15381"}],"replies":[{"embeddable":true,"href":"https:\/\/hoyre.no\/arendal\/wp-json\/wp\/v2\/comments?post=135"}],"version-history":[{"count":19,"href":"https:\/\/hoyre.no\/arendal\/wp-json\/wp\/v2\/pages\/135\/revisions"}],"predecessor-version":[{"id":568,"href":"https:\/\/hoyre.no\/arendal\/wp-json\/wp\/v2\/pages\/135\/revisions\/568"}],"up":[{"embeddable":true,"href":"https:\/\/hoyre.no\/arendal\/wp-json\/wp\/v2\/pages\/3"}],"wp:attachment":[{"href":"https:\/\/hoyre.no\/arendal\/wp-json\/wp\/v2\/media?parent=135"}],"curies":[{"name":"wp","href":"https:\/\/api.w.org\/{rel}","templated":true}]}}