{"id":293,"date":"2023-04-14T08:40:47","date_gmt":"2023-04-14T06:40:47","guid":{"rendered":"https:\/\/hoyre.no\/arendal\/?post_type=teft-events&#038;p=293"},"modified":"2023-04-14T08:40:48","modified_gmt":"2023-04-14T06:40:48","slug":"bla-maned","status":"publish","type":"teft-events","link":"https:\/\/hoyre.no\/arendal\/arrangementer\/bla-maned\/","title":{"rendered":"Bl\u00e5 m\u00e5ned"},"content":{"rendered":"\n<div class=\"wp-block-teft-event-top\">\n\n<div class=\"teft-event-date-top\">\n<div class=\"teft-event-date-wrapper\">\n\t<div class=\"date-square\" aria-hidden=\"true\">\n\t\t01\t\t\t<\/div>\n<\/div>\n\t<div class=\"top-text\">\n\t\t\t\t\t<p class=\"top-date-text\">01 &#8211; 30 april 2023<\/p>\n\t\t\t<p class=\"top-time-text\">08:40<\/p>\n\t\t\t<\/div>\n\t\t<div class=\"sharing\">\n\t\t<a class=\"share-button share-link copy-link\" data-copy=\"https:\/\/hoyre.no\/arendal\/arrangementer\/bla-maned\/\" target=\"_blank\"><span class=\"screen-reader-text\">Del link<\/span><\/a>\n\t\t<a class=\"share-button share-twitter\" href=\"http:\/\/twitter.com\/share?text=Bl\u00e5 m\u00e5ned&#038;url=https:\/\/hoyre.no\/arendal\/arrangementer\/bla-maned\/&#038;hashtags=Hoyre\" target=\"_blank\"><span class=\"screen-reader-text\">Del p\u00e5 twitter<\/span><\/a>\n\t\t<a class=\"share-button share-facebook\" href=\"https:\/\/www.facebook.com\/sharer\/sharer.php?u=https:\/\/hoyre.no\/arendal\/arrangementer\/bla-maned\/\" target=\"_blank\"><span class=\"screen-reader-text\">Del p\u00e5 facebook<\/span><\/a>\n\t<\/div>\n\t<\/div>\n<p class=\"preamble\">April er en \u00abBl\u00e5 M\u00e5ned\u00bb, som nasjonal H\u00f8yre-kampanje. VI i Arendal H\u00f8yre har i april f\u00f8lgende aktiviteter (f\u00f8lg med p\u00e5 Facebook for n\u00e6rmere info):<\/p><figure class=\"hoyre-image-wrapper\"><div class=\"hoyre-image\"><img loading=\"lazy\" decoding=\"async\" width=\"1200\" height=\"1000\" src=\"https:\/\/hoyre.no\/content\/uploads\/sites\/41\/2023\/04\/04-BLA-MANED-APRIL-SYMBOL-20223.png\" class=\"attachment-scaled size-scaled\" alt=\"\" style=\"object-position: 50% 50%\" srcset=\"https:\/\/hoyre.no\/content\/uploads\/sites\/41\/2023\/04\/04-BLA-MANED-APRIL-SYMBOL-20223.png 1200w, https:\/\/hoyre.no\/content\/uploads\/sites\/41\/2023\/04\/04-BLA-MANED-APRIL-SYMBOL-20223-300x250.png 300w, https:\/\/hoyre.no\/content\/uploads\/sites\/41\/2023\/04\/04-BLA-MANED-APRIL-SYMBOL-20223-1024x853.png 1024w, https:\/\/hoyre.no\/content\/uploads\/sites\/41\/2023\/04\/04-BLA-MANED-APRIL-SYMBOL-20223-768x640.png 768w\" sizes=\"auto, (max-width: 1200px) 100vw, 1200px\" \/><\/div><\/figure>\n\n<div class=\"panel teft-details-panel\">\n\t\t<h3>Detaljer<\/h3>\n\n\t\t\t\t\t\t\t<dl class=\"info-misc-with-icons\">\n\t\t<dt class=\"time\"><span class=\"screen-reader-text\">Arrangement dato<\/span><\/dt>\n\t\t<dd class=\"time\">\n\t\t\tl\u00f8r 1. april 2023 fra  08:40 &#8211; s\u00f8n 30. april 2023 08:40\t\t<\/dd>\n\t<\/dl>\n\t\t\t\t<\/dl>\n<\/div>\n<\/div>\n\n\n\n\n<h2 class=\"wp-block-heading\">Informasjon<\/h2>\n\n\n\n<figure class=\"wp-block-table\"><table><tbody><tr><\/tr><tr><td><strong>04.apr<\/strong><\/td><td><strong>Stand p\u00e5 butikk<\/strong><\/td><td><strong>12.00-14:00<\/strong><\/td><td><strong>Geir Fredrik <\/strong><\/td><td><strong>Rema1000\/Joker His\u00f8ya, Kiwi Bjorbekk<\/strong><\/td><\/tr><tr><td><strong>15.apr<\/strong><\/td><td><strong>H\u00f8yre-walk i sentrum<\/strong><\/td><td><strong>12:00-14:00<\/strong><\/td><td><strong>Haagen Poppe<\/strong><\/td><td><strong>M\u00f8te i etterkant p\u00e5 gatekontoret<\/strong><\/td><\/tr><tr><td><strong>15.apr<\/strong><\/td><td><strong>Bl\u00e5timen<\/strong><\/td><td><strong>14:00-15:00<\/strong><\/td><td><strong>Linda \u00d8<\/strong><\/td><td><strong>Gatekontoret, Havnegaten 4<\/strong><\/td><\/tr><tr><td><strong>16.apr<\/strong><\/td><td><strong>Turdag p\u00e5 Hove<\/strong><\/td><td><strong>12:00-14:00<\/strong><\/td><td><strong>Gunn H. Brekka<\/strong><\/td><td><strong>&nbsp;M\u00f8tepunkt: parkeringsplassen, Hove leir<\/strong><\/td><\/tr><tr><td><strong>18.apr<\/strong><\/td><td><strong>M\u00f8te om helsehus + sosial treff<\/strong><\/td><td><strong>19-20<\/strong><\/td><td><strong>Erik Lind\u00f8e<\/strong><\/td><td><strong>M\u00f8te om veien videre med helsehus i sentrum, sosial samling etterp\u00e5<\/strong><\/td><\/tr><tr><td><strong>22.apr<\/strong><\/td><td><strong>Regional kampanjesamling<\/strong><\/td><td><strong>10:00-16:00<\/strong><\/td><td><strong>Erik Lind\u00f8e<\/strong><\/td><td><strong>Agder H\u00f8yres kampanjesamling &#8211; p\u00e5melding i egen mail<\/strong><\/td><\/tr><tr><td><strong>23.apr<\/strong><\/td><td><strong>Grilling p\u00e5 St\u00f8lvika<\/strong><\/td><td><strong>13:00-15:00<\/strong><\/td><td><strong>Geir Fredrik<\/strong><\/td><td><strong>Barne- og familiedag p\u00e5 St\u00f8lvika. Grilling, &#8211; ta med egen grillmat.<\/strong><\/td><\/tr><tr><td><strong>24.apr<\/strong><\/td><td><strong>Nistepakke aksjon i Arendal sentrum<\/strong><\/td><td><strong>07:30-08:30<\/strong><\/td><td><strong>Haagen Poppe<\/strong><\/td><\/tr><\/tbody><\/table><\/figure>\n\n\n<div class=\"post-meta wp-block\">\n\t<div class=\"top\">\n\t\t<div class=\"sharing\">\n\t\t\t<a class=\"share-button share-link\" target=\"_blank\"><span class=\"screen-reader-text\">Del link<\/span><\/a>\n\t\t\t<a class=\"share-button share-twitter\" href=\"http:\/\/twitter.com\/share?text=Bl\u00e5 m\u00e5ned&#038;url=https:\/\/hoyre.no\/arendal\/arrangementer\/bla-maned\/&#038;hashtags=Hoyre\"><span class=\"screen-reader-text\">Del p\u00e5 twitter<\/span><\/a>\n\t\t\t<a class=\"share-button share-facebook\" href=\"https:\/\/www.facebook.com\/sharer\/sharer.php?u=https:\/\/hoyre.no\/arendal\/arrangementer\/bla-maned\/\" target=\"_blank\"><span class=\"screen-reader-text\">Del p\u00e5 facebook<\/span><\/a>\n\t\t<\/div>\n\t<\/div>\n<\/div>\n","protected":false},"template":"","meta":{"teft_cards_image_url":"","teft_cards_custom_pretitle":"","teft_cards_image_id":294,"teft_cards_image_focal_point_x":0.5,"teft_cards_image_focal_point_y":0.5,"teft_cards_title":"","teft_cards_excerpt":"","teft_show_chapters":false,"event_organizer":[],"event_start_date":"2023-04-01T08:40:06","event_end_date":"2023-04-30T08:40:00","event_registration_url":"","event_registration_deadline":"","event_ticket_cost":"","event_venue_name":"","event_venue_url":"","event_venue_address":""},"teft-events-category":[],"class_list":["post-293","teft-events","type-teft-events","status-publish","hentry"],"yoast_head":"<!-- This site is optimized with the Yoast SEO plugin v26.6 - https:\/\/yoast.com\/wordpress\/plugins\/seo\/ -->\n<title>Bl\u00e5 m\u00e5ned - Arendal H\u00f8yre<\/title>\n<meta name=\"robots\" content=\"index, follow, max-snippet:-1, max-image-preview:large, max-video-preview:-1\" \/>\n<link rel=\"canonical\" href=\"https:\/\/hoyre.no\/arendal\/arrangementer\/bla-maned\/\" \/>\n<meta property=\"og:locale\" content=\"nb_NO\" \/>\n<meta property=\"og:type\" content=\"article\" \/>\n<meta property=\"og:title\" content=\"Bl\u00e5 m\u00e5ned - Arendal H\u00f8yre\" \/>\n<meta property=\"og:url\" content=\"https:\/\/hoyre.no\/arendal\/arrangementer\/bla-maned\/\" \/>\n<meta property=\"og:site_name\" content=\"Arendal H\u00f8yre\" \/>\n<meta property=\"article:modified_time\" content=\"2023-04-14T06:40:48+00:00\" \/>\n<meta property=\"og:image\" content=\"https:\/\/hoyre.no\/content\/uploads\/sites\/41\/2023\/04\/04-BLA-MANED-APRIL-SYMBOL-20223-1024x853.png\" \/>\n<meta name=\"twitter:card\" content=\"summary_large_image\" \/>\n<meta name=\"twitter:label1\" content=\"Ansl. lesetid\" \/>\n\t<meta name=\"twitter:data1\" content=\"1 minutt\" \/>\n<script type=\"application\/ld+json\" class=\"yoast-schema-graph\">{\"@context\":\"https:\/\/schema.org\",\"@graph\":[{\"@type\":\"WebPage\",\"@id\":\"https:\/\/hoyre.no\/arendal\/arrangementer\/bla-maned\/\",\"url\":\"https:\/\/hoyre.no\/arendal\/arrangementer\/bla-maned\/\",\"name\":\"Bl\u00e5 m\u00e5ned - Arendal H\u00f8yre\",\"isPartOf\":{\"@id\":\"https:\/\/hoyre.no\/arendal\/#website\"},\"datePublished\":\"2023-04-14T06:40:47+00:00\",\"dateModified\":\"2023-04-14T06:40:48+00:00\",\"breadcrumb\":{\"@id\":\"https:\/\/hoyre.no\/arendal\/arrangementer\/bla-maned\/#breadcrumb\"},\"inLanguage\":\"nb-NO\",\"potentialAction\":[{\"@type\":\"ReadAction\",\"target\":[\"https:\/\/hoyre.no\/arendal\/arrangementer\/bla-maned\/\"]}]},{\"@type\":\"BreadcrumbList\",\"@id\":\"https:\/\/hoyre.no\/arendal\/arrangementer\/bla-maned\/#breadcrumb\",\"itemListElement\":[{\"@type\":\"ListItem\",\"position\":1,\"name\":\"Til hoyre.no\",\"item\":\"https:\/\/hoyre.no\"},{\"@type\":\"ListItem\",\"position\":2,\"name\":\"Hjem\",\"item\":\"https:\/\/hoyre.no\/arendal\/\"},{\"@type\":\"ListItem\",\"position\":3,\"name\":\"Arrangement\",\"item\":\"https:\/\/hoyre.no\/arendal\/arrangementer\/\"},{\"@type\":\"ListItem\",\"position\":4,\"name\":\"Bl\u00e5 m\u00e5ned\"}]},{\"@type\":\"WebSite\",\"@id\":\"https:\/\/hoyre.no\/arendal\/#website\",\"url\":\"https:\/\/hoyre.no\/arendal\/\",\"name\":\"Arendal H\u00f8yre\",\"description\":\"Bare enda et H\u00f8yres nettsteder-nettsted\",\"inLanguage\":\"nb-NO\"}]}<\/script>\n<!-- \/ Yoast SEO plugin. -->","yoast_head_json":{"title":"Bl\u00e5 m\u00e5ned - Arendal H\u00f8yre","robots":{"index":"index","follow":"follow","max-snippet":"max-snippet:-1","max-image-preview":"max-image-preview:large","max-video-preview":"max-video-preview:-1"},"canonical":"https:\/\/hoyre.no\/arendal\/arrangementer\/bla-maned\/","og_locale":"nb_NO","og_type":"article","og_title":"Bl\u00e5 m\u00e5ned - Arendal H\u00f8yre","og_url":"https:\/\/hoyre.no\/arendal\/arrangementer\/bla-maned\/","og_site_name":"Arendal H\u00f8yre","article_modified_time":"2023-04-14T06:40:48+00:00","og_image":[{"url":"https:\/\/hoyre.no\/content\/uploads\/sites\/41\/2023\/04\/04-BLA-MANED-APRIL-SYMBOL-20223-1024x853.png","width":"","height":"","type":""}],"twitter_card":"summary_large_image","twitter_misc":{"Ansl. lesetid":"1 minutt"},"schema":{"@context":"https:\/\/schema.org","@graph":[{"@type":"WebPage","@id":"https:\/\/hoyre.no\/arendal\/arrangementer\/bla-maned\/","url":"https:\/\/hoyre.no\/arendal\/arrangementer\/bla-maned\/","name":"Bl\u00e5 m\u00e5ned - Arendal H\u00f8yre","isPartOf":{"@id":"https:\/\/hoyre.no\/arendal\/#website"},"datePublished":"2023-04-14T06:40:47+00:00","dateModified":"2023-04-14T06:40:48+00:00","breadcrumb":{"@id":"https:\/\/hoyre.no\/arendal\/arrangementer\/bla-maned\/#breadcrumb"},"inLanguage":"nb-NO","potentialAction":[{"@type":"ReadAction","target":["https:\/\/hoyre.no\/arendal\/arrangementer\/bla-maned\/"]}]},{"@type":"BreadcrumbList","@id":"https:\/\/hoyre.no\/arendal\/arrangementer\/bla-maned\/#breadcrumb","itemListElement":[{"@type":"ListItem","position":1,"name":"Til hoyre.no","item":"https:\/\/hoyre.no"},{"@type":"ListItem","position":2,"name":"Hjem","item":"https:\/\/hoyre.no\/arendal\/"},{"@type":"ListItem","position":3,"name":"Arrangement","item":"https:\/\/hoyre.no\/arendal\/arrangementer\/"},{"@type":"ListItem","position":4,"name":"Bl\u00e5 m\u00e5ned"}]},{"@type":"WebSite","@id":"https:\/\/hoyre.no\/arendal\/#website","url":"https:\/\/hoyre.no\/arendal\/","name":"Arendal H\u00f8yre","description":"Bare enda et H\u00f8yres nettsteder-nettsted","inLanguage":"nb-NO"}]}},"distributor_meta":false,"distributor_terms":false,"distributor_media":false,"distributor_original_site_name":"Arendal H\u00f8yre","distributor_original_site_url":"https:\/\/hoyre.no\/arendal","push-errors":false,"_links":{"self":[{"href":"https:\/\/hoyre.no\/arendal\/wp-json\/wp\/v2\/teft-events\/293","targetHints":{"allow":["GET"]}}],"collection":[{"href":"https:\/\/hoyre.no\/arendal\/wp-json\/wp\/v2\/teft-events"}],"about":[{"href":"https:\/\/hoyre.no\/arendal\/wp-json\/wp\/v2\/types\/teft-events"}],"wp:attachment":[{"href":"https:\/\/hoyre.no\/arendal\/wp-json\/wp\/v2\/media?parent=293"}],"wp:term":[{"taxonomy":"teft-events-category","embeddable":true,"href":"https:\/\/hoyre.no\/arendal\/wp-json\/wp\/v2\/teft-events-category?post=293"}],"curies":[{"name":"wp","href":"https:\/\/api.w.org\/{rel}","templated":true}]}}