{"id":587,"date":"2023-10-16T15:01:13","date_gmt":"2023-10-16T13:01:13","guid":{"rendered":"https:\/\/hoyre.no\/arendal\/?post_type=teft-events&#038;p=587"},"modified":"2023-10-16T15:01:14","modified_gmt":"2023-10-16T13:01:14","slug":"medlemsmote-med-sosialt-treff","status":"publish","type":"teft-events","link":"https:\/\/hoyre.no\/arendal\/arrangementer\/medlemsmote-med-sosialt-treff\/","title":{"rendered":"Medlemsm\u00f8te med sosialt treff"},"content":{"rendered":"\n<div class=\"wp-block-teft-event-top\">\n\n<div class=\"teft-event-date-top\">\n<div class=\"teft-event-date-wrapper\">\n\t<div class=\"date-square\" aria-hidden=\"true\">\n\t\t26\t\t\t<\/div>\n<\/div>\n\t<div class=\"top-text\">\n\t\t\t\t\t<p class=\"top-date-text\">26 &#8211; 16 oktober 2023<\/p>\n\t\t\t<p class=\"top-time-text\">19:00<\/p>\n\t\t\t<\/div>\n\t\t<div class=\"sharing\">\n\t\t<a class=\"share-button share-link copy-link\" data-copy=\"https:\/\/hoyre.no\/arendal\/arrangementer\/medlemsmote-med-sosialt-treff\/\" target=\"_blank\"><span class=\"screen-reader-text\">Del link<\/span><\/a>\n\t\t<a class=\"share-button share-twitter\" href=\"http:\/\/twitter.com\/share?text=Medlemsm\u00f8te med sosialt treff&#038;url=https:\/\/hoyre.no\/arendal\/arrangementer\/medlemsmote-med-sosialt-treff\/&#038;hashtags=Hoyre\" target=\"_blank\"><span class=\"screen-reader-text\">Del p\u00e5 twitter<\/span><\/a>\n\t\t<a class=\"share-button share-facebook\" href=\"https:\/\/www.facebook.com\/sharer\/sharer.php?u=https:\/\/hoyre.no\/arendal\/arrangementer\/medlemsmote-med-sosialt-treff\/\" target=\"_blank\"><span class=\"screen-reader-text\">Del p\u00e5 facebook<\/span><\/a>\n\t<\/div>\n\t<\/div>\n<p class=\"preamble\">Velkommen!<\/p><figure class=\"hoyre-image-wrapper\"><div class=\"hoyre-image\"><img loading=\"lazy\" decoding=\"async\" width=\"1000\" height=\"1000\" src=\"https:\/\/hoyre.no\/content\/uploads\/sites\/41\/2022\/11\/2020_RGB_hoyre_logo_profilbilde_011.png\" class=\"attachment-scaled size-scaled\" alt=\"\" style=\"object-position: 50% 50%\" srcset=\"https:\/\/hoyre.no\/content\/uploads\/sites\/41\/2022\/11\/2020_RGB_hoyre_logo_profilbilde_011.png 1000w, https:\/\/hoyre.no\/content\/uploads\/sites\/41\/2022\/11\/2020_RGB_hoyre_logo_profilbilde_011-300x300.png 300w, https:\/\/hoyre.no\/content\/uploads\/sites\/41\/2022\/11\/2020_RGB_hoyre_logo_profilbilde_011-150x150.png 150w, https:\/\/hoyre.no\/content\/uploads\/sites\/41\/2022\/11\/2020_RGB_hoyre_logo_profilbilde_011-768x768.png 768w\" sizes=\"auto, (max-width: 1000px) 100vw, 1000px\" \/><\/div><\/figure>\n\n<div class=\"wp-block wp-block-teft-event-registration-button\">\n\t<div class=\"registration-button-wrapper\">\n\t\t\t<a href=\"https:\/\/www.facebook.com\/events\/1301647017381555\/?ref=newsfeed\" class=\"wp-block-button__link\">Meld deg p\u00e5 her<\/a>\n\t\t\t\t\n\t<\/div>\n<\/div>\n\n<div class=\"panel teft-details-panel\">\n\t\t<h3>Detaljer<\/h3>\n\n\t\t\t\t\t<dl class=\"info-misc-with-icons\">\n\t\t\t\t<dt class=\"venue\"><span class=\"screen-reader-text\">Stedet<\/span><\/dt>\n\t\t\t\t<dd>\n\t\t\t\t\t\t\t\t\t\t\t<span class=\"address-line-1\">Advokat Haakstad, Kirkegaten 2A, 3. etg., Arendal<\/span>\n\t\t\t\t\t\t\t\t\t\t\t\t\t\t<\/dd>\n\t\t\t<\/dl>\n\t\t\t\t\t\t\t<dl class=\"info-misc-with-icons\">\n\t\t<dt class=\"time\"><span class=\"screen-reader-text\">Arrangement dato<\/span><\/dt>\n\t\t<dd class=\"time\">\n\t\t\ttor 26. oktober 2023 fra  19:00 &#8211; man 16. oktober 2023 19:57\t\t<\/dd>\n\t<\/dl>\n\t\t\t\t\t\t<dl class=\"info-misc-with-icons\">\n\t\t<dt class=\"registration\"><span class=\"screen-reader-text\">P\u00e5meldingsdetajer<\/span><\/dt>\n\t\t<dd class=\"registration\">\n\t\t\tGratis\t\t\t\t\t\t\t<a href=\"https:\/\/www.facebook.com\/events\/1301647017381555\/?ref=newsfeed\">Registrer<\/a>\n\t\t\t\t\t<\/dd>\n\t<\/dl>\n\t\t<\/dl>\n<\/div>\n<\/div>\n\n\n\n\n<h2 class=\"wp-block-heading\">Informasjon<\/h2>\n\n\n\n<p>Vi har flere temaer denne kvelden;<\/p>\n\n\n\n<p>&#8211; en siste oppsummering av valget<br>&#8211; hva \u00f8nsker du av foreningen<br>&#8211; om n\u00e5v\u00e6rende bystyreperiode<br>&#8211; om Stortingsvalget<br>mv.<\/p>\n\n\n\n<p>Dette blir bare en liten tematisk del med enkel servering, f\u00f8r vi g\u00e5r ut for et lite, hyggelig og bl\u00e5tt lag sammen.<\/p>\n\n\n\n<p>Vennligst kryss av for deltakelse&nbsp;<img loading=\"lazy\" decoding=\"async\" height=\"16\" width=\"16\" alt=\"\ud83d\ude42\" src=\"https:\/\/static.xx.fbcdn.net\/images\/emoji.php\/v9\/teb\/2\/16\/1f642.png\"><\/p>\n\n\n<div class=\"post-meta wp-block\">\n\t<div class=\"top\">\n\t\t<div class=\"sharing\">\n\t\t\t<a class=\"share-button share-link\" target=\"_blank\"><span class=\"screen-reader-text\">Del link<\/span><\/a>\n\t\t\t<a class=\"share-button share-twitter\" href=\"http:\/\/twitter.com\/share?text=Medlemsm\u00f8te med sosialt treff&#038;url=https:\/\/hoyre.no\/arendal\/arrangementer\/medlemsmote-med-sosialt-treff\/&#038;hashtags=Hoyre\"><span class=\"screen-reader-text\">Del p\u00e5 twitter<\/span><\/a>\n\t\t\t<a class=\"share-button share-facebook\" href=\"https:\/\/www.facebook.com\/sharer\/sharer.php?u=https:\/\/hoyre.no\/arendal\/arrangementer\/medlemsmote-med-sosialt-treff\/\" target=\"_blank\"><span class=\"screen-reader-text\">Del p\u00e5 facebook<\/span><\/a>\n\t\t<\/div>\n\t<\/div>\n<\/div>\n","protected":false},"template":"","meta":{"teft_cards_image_url":"","teft_cards_custom_pretitle":"","teft_cards_image_id":0,"teft_cards_image_focal_point_x":0,"teft_cards_image_focal_point_y":0,"teft_cards_title":"","teft_cards_excerpt":"","teft_show_chapters":false,"event_organizer":[],"event_start_date":"2023-10-26T19:00:00","event_end_date":"2023-10-16T19:57:01","event_registration_url":"https:\/\/www.facebook.com\/events\/1301647017381555\/?ref=newsfeed","event_registration_deadline":"","event_ticket_cost":"Gratis","event_venue_name":"Advokat Haakstad, Kirkegaten 2A, 3. etg., Arendal","event_venue_url":"","event_venue_address":""},"teft-events-category":[],"class_list":["post-587","teft-events","type-teft-events","status-publish","hentry"],"yoast_head":"<!-- This site is optimized with the Yoast SEO plugin v26.6 - https:\/\/yoast.com\/wordpress\/plugins\/seo\/ -->\n<title>Medlemsm\u00f8te med sosialt treff - Arendal H\u00f8yre<\/title>\n<meta name=\"robots\" content=\"index, follow, max-snippet:-1, max-image-preview:large, max-video-preview:-1\" \/>\n<link rel=\"canonical\" href=\"https:\/\/hoyre.no\/arendal\/arrangementer\/medlemsmote-med-sosialt-treff\/\" \/>\n<meta property=\"og:locale\" content=\"nb_NO\" \/>\n<meta property=\"og:type\" content=\"article\" \/>\n<meta property=\"og:title\" content=\"Medlemsm\u00f8te med sosialt treff - Arendal H\u00f8yre\" \/>\n<meta property=\"og:url\" content=\"https:\/\/hoyre.no\/arendal\/arrangementer\/medlemsmote-med-sosialt-treff\/\" \/>\n<meta property=\"og:site_name\" content=\"Arendal H\u00f8yre\" \/>\n<meta property=\"article:modified_time\" content=\"2023-10-16T13:01:14+00:00\" \/>\n<meta property=\"og:image\" content=\"https:\/\/static.xx.fbcdn.net\/images\/emoji.php\/v9\/teb\/2\/16\/1f642.png\" \/>\n<meta name=\"twitter:card\" content=\"summary_large_image\" \/>\n<meta name=\"twitter:label1\" content=\"Ansl. lesetid\" \/>\n\t<meta name=\"twitter:data1\" content=\"1 minutt\" \/>\n<script type=\"application\/ld+json\" class=\"yoast-schema-graph\">{\"@context\":\"https:\/\/schema.org\",\"@graph\":[{\"@type\":\"WebPage\",\"@id\":\"https:\/\/hoyre.no\/arendal\/arrangementer\/medlemsmote-med-sosialt-treff\/\",\"url\":\"https:\/\/hoyre.no\/arendal\/arrangementer\/medlemsmote-med-sosialt-treff\/\",\"name\":\"Medlemsm\u00f8te med sosialt treff - Arendal H\u00f8yre\",\"isPartOf\":{\"@id\":\"https:\/\/hoyre.no\/arendal\/#website\"},\"image\":{\"@id\":\"https:\/\/hoyre.no\/arendal\/arrangementer\/medlemsmote-med-sosialt-treff\/#primaryimage\"},\"thumbnailUrl\":\"https:\/\/static.xx.fbcdn.net\/images\/emoji.php\/v9\/teb\/2\/16\/1f642.png\",\"datePublished\":\"2023-10-16T13:01:13+00:00\",\"dateModified\":\"2023-10-16T13:01:14+00:00\",\"breadcrumb\":{\"@id\":\"https:\/\/hoyre.no\/arendal\/arrangementer\/medlemsmote-med-sosialt-treff\/#breadcrumb\"},\"inLanguage\":\"nb-NO\",\"potentialAction\":[{\"@type\":\"ReadAction\",\"target\":[\"https:\/\/hoyre.no\/arendal\/arrangementer\/medlemsmote-med-sosialt-treff\/\"]}]},{\"@type\":\"ImageObject\",\"inLanguage\":\"nb-NO\",\"@id\":\"https:\/\/hoyre.no\/arendal\/arrangementer\/medlemsmote-med-sosialt-treff\/#primaryimage\",\"url\":\"https:\/\/static.xx.fbcdn.net\/images\/emoji.php\/v9\/teb\/2\/16\/1f642.png\",\"contentUrl\":\"https:\/\/static.xx.fbcdn.net\/images\/emoji.php\/v9\/teb\/2\/16\/1f642.png\"},{\"@type\":\"BreadcrumbList\",\"@id\":\"https:\/\/hoyre.no\/arendal\/arrangementer\/medlemsmote-med-sosialt-treff\/#breadcrumb\",\"itemListElement\":[{\"@type\":\"ListItem\",\"position\":1,\"name\":\"Til hoyre.no\",\"item\":\"https:\/\/hoyre.no\"},{\"@type\":\"ListItem\",\"position\":2,\"name\":\"Hjem\",\"item\":\"https:\/\/hoyre.no\/arendal\/\"},{\"@type\":\"ListItem\",\"position\":3,\"name\":\"Arrangement\",\"item\":\"https:\/\/hoyre.no\/arendal\/arrangementer\/\"},{\"@type\":\"ListItem\",\"position\":4,\"name\":\"Medlemsm\u00f8te med sosialt treff\"}]},{\"@type\":\"WebSite\",\"@id\":\"https:\/\/hoyre.no\/arendal\/#website\",\"url\":\"https:\/\/hoyre.no\/arendal\/\",\"name\":\"Arendal H\u00f8yre\",\"description\":\"Bare enda et H\u00f8yres nettsteder-nettsted\",\"inLanguage\":\"nb-NO\"}]}<\/script>\n<!-- \/ Yoast SEO plugin. -->","yoast_head_json":{"title":"Medlemsm\u00f8te med sosialt treff - Arendal H\u00f8yre","robots":{"index":"index","follow":"follow","max-snippet":"max-snippet:-1","max-image-preview":"max-image-preview:large","max-video-preview":"max-video-preview:-1"},"canonical":"https:\/\/hoyre.no\/arendal\/arrangementer\/medlemsmote-med-sosialt-treff\/","og_locale":"nb_NO","og_type":"article","og_title":"Medlemsm\u00f8te med sosialt treff - Arendal H\u00f8yre","og_url":"https:\/\/hoyre.no\/arendal\/arrangementer\/medlemsmote-med-sosialt-treff\/","og_site_name":"Arendal H\u00f8yre","article_modified_time":"2023-10-16T13:01:14+00:00","og_image":[{"url":"https:\/\/static.xx.fbcdn.net\/images\/emoji.php\/v9\/teb\/2\/16\/1f642.png","type":"","width":"","height":""}],"twitter_card":"summary_large_image","twitter_misc":{"Ansl. lesetid":"1 minutt"},"schema":{"@context":"https:\/\/schema.org","@graph":[{"@type":"WebPage","@id":"https:\/\/hoyre.no\/arendal\/arrangementer\/medlemsmote-med-sosialt-treff\/","url":"https:\/\/hoyre.no\/arendal\/arrangementer\/medlemsmote-med-sosialt-treff\/","name":"Medlemsm\u00f8te med sosialt treff - Arendal H\u00f8yre","isPartOf":{"@id":"https:\/\/hoyre.no\/arendal\/#website"},"image":{"@id":"https:\/\/hoyre.no\/arendal\/arrangementer\/medlemsmote-med-sosialt-treff\/#primaryimage"},"thumbnailUrl":"https:\/\/static.xx.fbcdn.net\/images\/emoji.php\/v9\/teb\/2\/16\/1f642.png","datePublished":"2023-10-16T13:01:13+00:00","dateModified":"2023-10-16T13:01:14+00:00","breadcrumb":{"@id":"https:\/\/hoyre.no\/arendal\/arrangementer\/medlemsmote-med-sosialt-treff\/#breadcrumb"},"inLanguage":"nb-NO","potentialAction":[{"@type":"ReadAction","target":["https:\/\/hoyre.no\/arendal\/arrangementer\/medlemsmote-med-sosialt-treff\/"]}]},{"@type":"ImageObject","inLanguage":"nb-NO","@id":"https:\/\/hoyre.no\/arendal\/arrangementer\/medlemsmote-med-sosialt-treff\/#primaryimage","url":"https:\/\/static.xx.fbcdn.net\/images\/emoji.php\/v9\/teb\/2\/16\/1f642.png","contentUrl":"https:\/\/static.xx.fbcdn.net\/images\/emoji.php\/v9\/teb\/2\/16\/1f642.png"},{"@type":"BreadcrumbList","@id":"https:\/\/hoyre.no\/arendal\/arrangementer\/medlemsmote-med-sosialt-treff\/#breadcrumb","itemListElement":[{"@type":"ListItem","position":1,"name":"Til hoyre.no","item":"https:\/\/hoyre.no"},{"@type":"ListItem","position":2,"name":"Hjem","item":"https:\/\/hoyre.no\/arendal\/"},{"@type":"ListItem","position":3,"name":"Arrangement","item":"https:\/\/hoyre.no\/arendal\/arrangementer\/"},{"@type":"ListItem","position":4,"name":"Medlemsm\u00f8te med sosialt treff"}]},{"@type":"WebSite","@id":"https:\/\/hoyre.no\/arendal\/#website","url":"https:\/\/hoyre.no\/arendal\/","name":"Arendal H\u00f8yre","description":"Bare enda et H\u00f8yres nettsteder-nettsted","inLanguage":"nb-NO"}]}},"distributor_meta":false,"distributor_terms":false,"distributor_media":false,"distributor_original_site_name":"Arendal H\u00f8yre","distributor_original_site_url":"https:\/\/hoyre.no\/arendal","push-errors":false,"_links":{"self":[{"href":"https:\/\/hoyre.no\/arendal\/wp-json\/wp\/v2\/teft-events\/587","targetHints":{"allow":["GET"]}}],"collection":[{"href":"https:\/\/hoyre.no\/arendal\/wp-json\/wp\/v2\/teft-events"}],"about":[{"href":"https:\/\/hoyre.no\/arendal\/wp-json\/wp\/v2\/types\/teft-events"}],"wp:attachment":[{"href":"https:\/\/hoyre.no\/arendal\/wp-json\/wp\/v2\/media?parent=587"}],"wp:term":[{"taxonomy":"teft-events-category","embeddable":true,"href":"https:\/\/hoyre.no\/arendal\/wp-json\/wp\/v2\/teft-events-category?post=587"}],"curies":[{"name":"wp","href":"https:\/\/api.w.org\/{rel}","templated":true}]}}