{"id":634,"date":"2024-02-16T16:24:43","date_gmt":"2024-02-16T15:24:43","guid":{"rendered":"https:\/\/hoyre.no\/arendal\/?post_type=teft-events&#038;p=634"},"modified":"2024-03-13T16:37:30","modified_gmt":"2024-03-13T15:37:30","slug":"medlemsmote-om-ytringsfrihet","status":"publish","type":"teft-events","link":"https:\/\/hoyre.no\/arendal\/arrangementer\/medlemsmote-om-ytringsfrihet\/","title":{"rendered":"Medlemsm\u00f8te om ytringsfrihet"},"content":{"rendered":"\n<div class=\"wp-block-teft-event-top\">\n\n<div class=\"teft-event-date-top\">\n<div class=\"teft-event-date-wrapper\">\n\t<div class=\"date-square\" aria-hidden=\"true\">\n\t\t16\t\t\t<\/div>\n<\/div>\n\t<div class=\"top-text\">\n\t\t\t\t\t<p class=\"top-date-text\">tirsdag 16. april 2024<\/p>\n\t\t\t\t\t\t\t<p class=\"top-time-text\">18:00 &#8211; 20:00<\/p>\n\t\t\t\t\t\t<\/div>\n\t\t<div class=\"sharing\">\n\t\t<a class=\"share-button share-link copy-link\" data-copy=\"https:\/\/hoyre.no\/arendal\/arrangementer\/medlemsmote-om-ytringsfrihet\/\" target=\"_blank\"><span class=\"screen-reader-text\">Del link<\/span><\/a>\n\t\t<a class=\"share-button share-twitter\" href=\"http:\/\/twitter.com\/share?text=Medlemsm\u00f8te om ytringsfrihet&#038;url=https:\/\/hoyre.no\/arendal\/arrangementer\/medlemsmote-om-ytringsfrihet\/&#038;hashtags=Hoyre\" target=\"_blank\"><span class=\"screen-reader-text\">Del p\u00e5 twitter<\/span><\/a>\n\t\t<a class=\"share-button share-facebook\" href=\"https:\/\/www.facebook.com\/sharer\/sharer.php?u=https:\/\/hoyre.no\/arendal\/arrangementer\/medlemsmote-om-ytringsfrihet\/\" target=\"_blank\"><span class=\"screen-reader-text\">Del p\u00e5 facebook<\/span><\/a>\n\t<\/div>\n\t<\/div>\n<p class=\"preamble\"><strong>Hva er Ytringsfrihet, &#8211; Egentlig? Et viktig tema i dagens ytringskultur<\/strong><br>Ogs\u00e5 om ytringsklima og hva som hindrer ytringsrommet. <br>\u00c5pent for diskusjon. <br>Foredrag av Per Jakob Haakstad. Leder av Arendal H og advokat, spesielt opptatt av ytringsfrihet. <br><br>&#8211; Hold av dagen!<\/p><figure class=\"hoyre-image-wrapper\"><div class=\"hoyre-image\"><img loading=\"lazy\" decoding=\"async\" width=\"1000\" height=\"1000\" src=\"https:\/\/hoyre.no\/content\/uploads\/sites\/41\/2022\/11\/2020_RGB_hoyre_logo_profilbilde_011.png\" class=\"attachment-scaled size-scaled\" alt=\"\" style=\"object-position: 50% 50%\" srcset=\"https:\/\/hoyre.no\/content\/uploads\/sites\/41\/2022\/11\/2020_RGB_hoyre_logo_profilbilde_011.png 1000w, https:\/\/hoyre.no\/content\/uploads\/sites\/41\/2022\/11\/2020_RGB_hoyre_logo_profilbilde_011-300x300.png 300w, https:\/\/hoyre.no\/content\/uploads\/sites\/41\/2022\/11\/2020_RGB_hoyre_logo_profilbilde_011-150x150.png 150w, https:\/\/hoyre.no\/content\/uploads\/sites\/41\/2022\/11\/2020_RGB_hoyre_logo_profilbilde_011-768x768.png 768w\" sizes=\"auto, (max-width: 1000px) 100vw, 1000px\" \/><\/div><\/figure>\n\n<div class=\"panel teft-details-panel\">\n\t\t<h3>Detaljer<\/h3>\n\n\t\t\t\t\t\t\t<dl class=\"info-misc-with-icons\">\n\t\t<dt class=\"time\"><span class=\"screen-reader-text\">Arrangement dato<\/span><\/dt>\n\t\t<dd class=\"time\">\n\t\t\ttir 16. april 2024 fra  18:00 &#8211; 20:00\t\t<\/dd>\n\t<\/dl>\n\t\t\t\t<\/dl>\n<\/div>\n<\/div>\n\n\n\n\n<h2 class=\"wp-block-heading\">Informasjon<\/h2>\n\n\n\n<p>Kl 18-20: Lokalene til advokatfirma Haakstad, kirkegt 2A (Kanalg\u00e5rden, 3.etg). Ingen p\u00e5melding, men \u00abf\u00f8rst til m\u00f8lla\u00bb. &nbsp;(Fellesm\u00f8te med H-foreningene i \u00d8stre Agder).<br>\u00c5pent m\u00f8te i samarbeid med alle h\u00f8yre-foreningene i \u00d8stre Agder. Avholdes denne gang i Arendal.<\/p>\n\n\n<div class=\"post-meta wp-block\">\n\t<div class=\"top\">\n\t\t<div class=\"sharing\">\n\t\t\t<a class=\"share-button share-link\" target=\"_blank\"><span class=\"screen-reader-text\">Del link<\/span><\/a>\n\t\t\t<a class=\"share-button share-twitter\" href=\"http:\/\/twitter.com\/share?text=Medlemsm\u00f8te om ytringsfrihet&#038;url=https:\/\/hoyre.no\/arendal\/arrangementer\/medlemsmote-om-ytringsfrihet\/&#038;hashtags=Hoyre\"><span class=\"screen-reader-text\">Del p\u00e5 twitter<\/span><\/a>\n\t\t\t<a class=\"share-button share-facebook\" href=\"https:\/\/www.facebook.com\/sharer\/sharer.php?u=https:\/\/hoyre.no\/arendal\/arrangementer\/medlemsmote-om-ytringsfrihet\/\" target=\"_blank\"><span class=\"screen-reader-text\">Del p\u00e5 facebook<\/span><\/a>\n\t\t<\/div>\n\t<\/div>\n<\/div>\n","protected":false},"template":"","meta":{"teft_cards_image_url":"","teft_cards_custom_pretitle":"","teft_cards_image_id":0,"teft_cards_image_focal_point_x":0,"teft_cards_image_focal_point_y":0,"teft_cards_title":"","teft_cards_excerpt":"","teft_show_chapters":false,"event_organizer":[],"event_start_date":"2024-04-16T18:00:00","event_end_date":"2024-04-16T20:00:00","event_registration_url":"","event_registration_deadline":"","event_ticket_cost":"","event_venue_name":"","event_venue_url":"","event_venue_address":""},"teft-events-category":[],"class_list":["post-634","teft-events","type-teft-events","status-publish","hentry"],"yoast_head":"<!-- This site is optimized with the Yoast SEO plugin v26.6 - https:\/\/yoast.com\/wordpress\/plugins\/seo\/ -->\n<title>Medlemsm\u00f8te om ytringsfrihet - Arendal H\u00f8yre<\/title>\n<meta name=\"robots\" content=\"index, follow, max-snippet:-1, max-image-preview:large, max-video-preview:-1\" \/>\n<link rel=\"canonical\" href=\"https:\/\/hoyre.no\/arendal\/arrangementer\/medlemsmote-om-ytringsfrihet\/\" \/>\n<meta property=\"og:locale\" content=\"nb_NO\" \/>\n<meta property=\"og:type\" content=\"article\" \/>\n<meta property=\"og:title\" content=\"Medlemsm\u00f8te om ytringsfrihet - Arendal H\u00f8yre\" \/>\n<meta property=\"og:url\" content=\"https:\/\/hoyre.no\/arendal\/arrangementer\/medlemsmote-om-ytringsfrihet\/\" \/>\n<meta property=\"og:site_name\" content=\"Arendal H\u00f8yre\" \/>\n<meta property=\"article:modified_time\" content=\"2024-03-13T15:37:30+00:00\" \/>\n<meta property=\"og:image\" content=\"https:\/\/hoyre.no\/content\/uploads\/sites\/41\/2022\/11\/2020_RGB_hoyre_logo_profilbilde_011.png\" \/>\n\t<meta property=\"og:image:width\" content=\"1000\" \/>\n\t<meta property=\"og:image:height\" content=\"1000\" \/>\n\t<meta property=\"og:image:type\" content=\"image\/png\" \/>\n<meta name=\"twitter:card\" content=\"summary_large_image\" \/>\n<meta name=\"twitter:label1\" content=\"Ansl. lesetid\" \/>\n\t<meta name=\"twitter:data1\" content=\"1 minutt\" \/>\n<script type=\"application\/ld+json\" class=\"yoast-schema-graph\">{\"@context\":\"https:\/\/schema.org\",\"@graph\":[{\"@type\":\"WebPage\",\"@id\":\"https:\/\/hoyre.no\/arendal\/arrangementer\/medlemsmote-om-ytringsfrihet\/\",\"url\":\"https:\/\/hoyre.no\/arendal\/arrangementer\/medlemsmote-om-ytringsfrihet\/\",\"name\":\"Medlemsm\u00f8te om ytringsfrihet - Arendal H\u00f8yre\",\"isPartOf\":{\"@id\":\"https:\/\/hoyre.no\/arendal\/#website\"},\"datePublished\":\"2024-02-16T15:24:43+00:00\",\"dateModified\":\"2024-03-13T15:37:30+00:00\",\"breadcrumb\":{\"@id\":\"https:\/\/hoyre.no\/arendal\/arrangementer\/medlemsmote-om-ytringsfrihet\/#breadcrumb\"},\"inLanguage\":\"nb-NO\",\"potentialAction\":[{\"@type\":\"ReadAction\",\"target\":[\"https:\/\/hoyre.no\/arendal\/arrangementer\/medlemsmote-om-ytringsfrihet\/\"]}]},{\"@type\":\"BreadcrumbList\",\"@id\":\"https:\/\/hoyre.no\/arendal\/arrangementer\/medlemsmote-om-ytringsfrihet\/#breadcrumb\",\"itemListElement\":[{\"@type\":\"ListItem\",\"position\":1,\"name\":\"Til hoyre.no\",\"item\":\"https:\/\/hoyre.no\"},{\"@type\":\"ListItem\",\"position\":2,\"name\":\"Hjem\",\"item\":\"https:\/\/hoyre.no\/arendal\/\"},{\"@type\":\"ListItem\",\"position\":3,\"name\":\"Arrangement\",\"item\":\"https:\/\/hoyre.no\/arendal\/arrangementer\/\"},{\"@type\":\"ListItem\",\"position\":4,\"name\":\"Medlemsm\u00f8te om ytringsfrihet\"}]},{\"@type\":\"WebSite\",\"@id\":\"https:\/\/hoyre.no\/arendal\/#website\",\"url\":\"https:\/\/hoyre.no\/arendal\/\",\"name\":\"Arendal H\u00f8yre\",\"description\":\"Bare enda et H\u00f8yres nettsteder-nettsted\",\"inLanguage\":\"nb-NO\"}]}<\/script>\n<!-- \/ Yoast SEO plugin. -->","yoast_head_json":{"title":"Medlemsm\u00f8te om ytringsfrihet - Arendal H\u00f8yre","robots":{"index":"index","follow":"follow","max-snippet":"max-snippet:-1","max-image-preview":"max-image-preview:large","max-video-preview":"max-video-preview:-1"},"canonical":"https:\/\/hoyre.no\/arendal\/arrangementer\/medlemsmote-om-ytringsfrihet\/","og_locale":"nb_NO","og_type":"article","og_title":"Medlemsm\u00f8te om ytringsfrihet - Arendal H\u00f8yre","og_url":"https:\/\/hoyre.no\/arendal\/arrangementer\/medlemsmote-om-ytringsfrihet\/","og_site_name":"Arendal H\u00f8yre","article_modified_time":"2024-03-13T15:37:30+00:00","og_image":[{"width":1000,"height":1000,"url":"https:\/\/hoyre.no\/content\/uploads\/sites\/41\/2022\/11\/2020_RGB_hoyre_logo_profilbilde_011.png","type":"image\/png"}],"twitter_card":"summary_large_image","twitter_misc":{"Ansl. lesetid":"1 minutt"},"schema":{"@context":"https:\/\/schema.org","@graph":[{"@type":"WebPage","@id":"https:\/\/hoyre.no\/arendal\/arrangementer\/medlemsmote-om-ytringsfrihet\/","url":"https:\/\/hoyre.no\/arendal\/arrangementer\/medlemsmote-om-ytringsfrihet\/","name":"Medlemsm\u00f8te om ytringsfrihet - Arendal H\u00f8yre","isPartOf":{"@id":"https:\/\/hoyre.no\/arendal\/#website"},"datePublished":"2024-02-16T15:24:43+00:00","dateModified":"2024-03-13T15:37:30+00:00","breadcrumb":{"@id":"https:\/\/hoyre.no\/arendal\/arrangementer\/medlemsmote-om-ytringsfrihet\/#breadcrumb"},"inLanguage":"nb-NO","potentialAction":[{"@type":"ReadAction","target":["https:\/\/hoyre.no\/arendal\/arrangementer\/medlemsmote-om-ytringsfrihet\/"]}]},{"@type":"BreadcrumbList","@id":"https:\/\/hoyre.no\/arendal\/arrangementer\/medlemsmote-om-ytringsfrihet\/#breadcrumb","itemListElement":[{"@type":"ListItem","position":1,"name":"Til hoyre.no","item":"https:\/\/hoyre.no"},{"@type":"ListItem","position":2,"name":"Hjem","item":"https:\/\/hoyre.no\/arendal\/"},{"@type":"ListItem","position":3,"name":"Arrangement","item":"https:\/\/hoyre.no\/arendal\/arrangementer\/"},{"@type":"ListItem","position":4,"name":"Medlemsm\u00f8te om ytringsfrihet"}]},{"@type":"WebSite","@id":"https:\/\/hoyre.no\/arendal\/#website","url":"https:\/\/hoyre.no\/arendal\/","name":"Arendal H\u00f8yre","description":"Bare enda et H\u00f8yres nettsteder-nettsted","inLanguage":"nb-NO"}]}},"distributor_meta":false,"distributor_terms":false,"distributor_media":false,"distributor_original_site_name":"Arendal H\u00f8yre","distributor_original_site_url":"https:\/\/hoyre.no\/arendal","push-errors":false,"_links":{"self":[{"href":"https:\/\/hoyre.no\/arendal\/wp-json\/wp\/v2\/teft-events\/634","targetHints":{"allow":["GET"]}}],"collection":[{"href":"https:\/\/hoyre.no\/arendal\/wp-json\/wp\/v2\/teft-events"}],"about":[{"href":"https:\/\/hoyre.no\/arendal\/wp-json\/wp\/v2\/types\/teft-events"}],"wp:attachment":[{"href":"https:\/\/hoyre.no\/arendal\/wp-json\/wp\/v2\/media?parent=634"}],"wp:term":[{"taxonomy":"teft-events-category","embeddable":true,"href":"https:\/\/hoyre.no\/arendal\/wp-json\/wp\/v2\/teft-events-category?post=634"}],"curies":[{"name":"wp","href":"https:\/\/api.w.org\/{rel}","templated":true}]}}