{"id":653,"date":"2024-05-28T12:13:40","date_gmt":"2024-05-28T10:13:40","guid":{"rendered":"https:\/\/hoyre.no\/arendal\/?post_type=teft-events&#038;p=653"},"modified":"2024-05-28T13:40:08","modified_gmt":"2024-05-28T11:40:08","slug":"invitasjon-til-arets-sommerfest","status":"publish","type":"teft-events","link":"https:\/\/hoyre.no\/arendal\/arrangementer\/invitasjon-til-arets-sommerfest\/","title":{"rendered":"Invitasjon til \u00e5rets sommerfest!"},"content":{"rendered":"\n<div class=\"wp-block-teft-event-top\">\n\n<div class=\"teft-event-date-top\">\n<div class=\"teft-event-date-wrapper\">\n\t<div class=\"date-square\" aria-hidden=\"true\">\n\t\t21\t\t\t<\/div>\n<\/div>\n\t<div class=\"top-text\">\n\t\t\t\t\t<p class=\"top-date-text\">fredag 21. juni 2024<\/p>\n\t\t\t\t\t\t\t<p class=\"top-time-text\">18:00<\/p>\n\t\t\t\t\t\t<\/div>\n\t\t<div class=\"sharing\">\n\t\t<a class=\"share-button share-link copy-link\" data-copy=\"https:\/\/hoyre.no\/arendal\/arrangementer\/invitasjon-til-arets-sommerfest\/\" target=\"_blank\"><span class=\"screen-reader-text\">Del link<\/span><\/a>\n\t\t<a class=\"share-button share-twitter\" href=\"http:\/\/twitter.com\/share?text=Invitasjon til \u00e5rets sommerfest!&#038;url=https:\/\/hoyre.no\/arendal\/arrangementer\/invitasjon-til-arets-sommerfest\/&#038;hashtags=Hoyre\" target=\"_blank\"><span class=\"screen-reader-text\">Del p\u00e5 twitter<\/span><\/a>\n\t\t<a class=\"share-button share-facebook\" href=\"https:\/\/www.facebook.com\/sharer\/sharer.php?u=https:\/\/hoyre.no\/arendal\/arrangementer\/invitasjon-til-arets-sommerfest\/\" target=\"_blank\"><span class=\"screen-reader-text\">Del p\u00e5 facebook<\/span><\/a>\n\t<\/div>\n\t<\/div>\n<p class=\"preamble\">Kj\u00e6re medlemmer,<br>vi har gleden av \u00e5 invitere dere til v\u00e5r \u00e5rlige sommerfest!<br><br><strong>Dato:<\/strong> Fredag 21. juni<br><strong>Tid:<\/strong> Kl. 18:00<br><strong>Sted:<\/strong> Hill Marina (Arendal Gjestehavn)<br><\/p><figure class=\"hoyre-image-wrapper\"><div class=\"hoyre-image\"><img loading=\"lazy\" decoding=\"async\" width=\"1920\" height=\"1282\" src=\"https:\/\/hoyre.no\/content\/uploads\/sites\/41\/2024\/05\/iStock-478103248.jpg\" class=\"attachment-scaled size-scaled\" alt=\"\" style=\"object-position: 62% 52%\" srcset=\"https:\/\/hoyre.no\/content\/uploads\/sites\/41\/2024\/05\/iStock-478103248.jpg 1920w, https:\/\/hoyre.no\/content\/uploads\/sites\/41\/2024\/05\/iStock-478103248-300x200.jpg 300w, https:\/\/hoyre.no\/content\/uploads\/sites\/41\/2024\/05\/iStock-478103248-1024x684.jpg 1024w, https:\/\/hoyre.no\/content\/uploads\/sites\/41\/2024\/05\/iStock-478103248-768x513.jpg 768w, https:\/\/hoyre.no\/content\/uploads\/sites\/41\/2024\/05\/iStock-478103248-1536x1026.jpg 1536w\" sizes=\"auto, (max-width: 1920px) 100vw, 1920px\" \/><\/div><\/figure>\n\n<div class=\"wp-block wp-block-teft-event-registration-button\">\n\t<div class=\"registration-button-wrapper\">\n\t\t\t<a href=\"mailto:beatenybo@gmail.com\" class=\"wp-block-button__link\">Meld deg p\u00e5 her<\/a>\n\t\t\t\t\t\t\t<p class=\"registration-deadline\"><strong>P\u00e5meldingsfrist:<\/strong> fre 14. juni 2024<\/p>\n\t\t\n\t<\/div>\n<\/div>\n\n<div class=\"panel teft-details-panel\">\n\t\t<h3>Detaljer<\/h3>\n\n\t\t\t\t\t<dl class=\"info-misc-with-icons\">\n\t\t\t\t<dt class=\"venue\"><span class=\"screen-reader-text\">Stedet<\/span><\/dt>\n\t\t\t\t<dd>\n\t\t\t\t\t\t\t\t\t\t\t<span class=\"address-line-1\">Hill Marina, Arendal Gjestehavn<\/span>\n\t\t\t\t\t\t\t\t\t\t\t\t\t\t<\/dd>\n\t\t\t<\/dl>\n\t\t\t\t\t\t\t<dl class=\"info-misc-with-icons\">\n\t\t<dt class=\"time\"><span class=\"screen-reader-text\">Arrangement dato<\/span><\/dt>\n\t\t<dd class=\"time\">\n\t\t\t\t\t<\/dd>\n\t<\/dl>\n\t\t\t\t\t\t<dl class=\"info-misc-with-icons\">\n\t\t<dt class=\"registration\"><span class=\"screen-reader-text\">P\u00e5meldingsdetajer<\/span><\/dt>\n\t\t<dd class=\"registration\">\n\t\t\t\t\t\t\t\t\t\t<a href=\"mailto:beatenybo@gmail.com\">Registrer<\/a>\n\t\t\t\t\t<\/dd>\n\t<\/dl>\n\t\t<\/dl>\n<\/div>\n<\/div>\n\n\n\n\n<h2 class=\"wp-block-heading\">Informasjon<\/h2>\n\n\n\n<p>Kvelden starter med en velkomstdrink, sponset av foreningen, etterfulgt av en deilig middelhavsbuffet. Buffeten, som best\u00e5r av et variert utvalg av smakfulle retter, koster kr 450 per person. Drikke utover velkomstdrinken dekkes av den enkelte.<br><br>Dette blir en flott anledning til \u00e5 nyte god mat og drikke i hyggelig selskap med andre medlemmer. Vi ser frem til en uforglemmelig kveld sammen!<br><br>Vennligst gi beskjed om du kommer innen 14. juni.<br><br>Vel m\u00f8tt til en hyggelig sommerkveld!<\/p>\n\n\n\n<p><br><br>Med vennlig hilsen,<br>Arendal H\u00f8yre<\/p>\n\n\n<div class=\"post-meta wp-block\">\n\t<div class=\"top\">\n\t\t<div class=\"sharing\">\n\t\t\t<a class=\"share-button share-link\" target=\"_blank\"><span class=\"screen-reader-text\">Del link<\/span><\/a>\n\t\t\t<a class=\"share-button share-twitter\" href=\"http:\/\/twitter.com\/share?text=Invitasjon til \u00e5rets sommerfest!&#038;url=https:\/\/hoyre.no\/arendal\/arrangementer\/invitasjon-til-arets-sommerfest\/&#038;hashtags=Hoyre\"><span class=\"screen-reader-text\">Del p\u00e5 twitter<\/span><\/a>\n\t\t\t<a class=\"share-button share-facebook\" href=\"https:\/\/www.facebook.com\/sharer\/sharer.php?u=https:\/\/hoyre.no\/arendal\/arrangementer\/invitasjon-til-arets-sommerfest\/\" target=\"_blank\"><span class=\"screen-reader-text\">Del p\u00e5 facebook<\/span><\/a>\n\t\t<\/div>\n\t<\/div>\n<\/div>\n","protected":false},"template":"","meta":{"teft_cards_image_url":"","teft_cards_custom_pretitle":"","teft_cards_image_id":655,"teft_cards_image_focal_point_x":0.5,"teft_cards_image_focal_point_y":0.5,"teft_cards_title":"","teft_cards_excerpt":"","teft_show_chapters":false,"event_organizer":[],"event_start_date":"2024-06-21T18:00:00","event_end_date":"","event_registration_url":"mailto:beatenybo@gmail.com","event_registration_deadline":"2024-06-14T13:00:00","event_ticket_cost":"","event_venue_name":"Hill Marina, Arendal Gjestehavn","event_venue_url":"","event_venue_address":""},"teft-events-category":[],"class_list":["post-653","teft-events","type-teft-events","status-publish","hentry"],"yoast_head":"<!-- This site is optimized with the Yoast SEO plugin v26.6 - https:\/\/yoast.com\/wordpress\/plugins\/seo\/ -->\n<title>Invitasjon til \u00e5rets sommerfest! - Arendal H\u00f8yre<\/title>\n<meta name=\"robots\" content=\"index, follow, max-snippet:-1, max-image-preview:large, max-video-preview:-1\" \/>\n<link rel=\"canonical\" href=\"https:\/\/hoyre.no\/arendal\/arrangementer\/invitasjon-til-arets-sommerfest\/\" \/>\n<meta property=\"og:locale\" content=\"nb_NO\" \/>\n<meta property=\"og:type\" content=\"article\" \/>\n<meta property=\"og:title\" content=\"Invitasjon til \u00e5rets sommerfest! - Arendal H\u00f8yre\" \/>\n<meta property=\"og:url\" content=\"https:\/\/hoyre.no\/arendal\/arrangementer\/invitasjon-til-arets-sommerfest\/\" \/>\n<meta property=\"og:site_name\" content=\"Arendal H\u00f8yre\" \/>\n<meta property=\"article:modified_time\" content=\"2024-05-28T11:40:08+00:00\" \/>\n<meta property=\"og:image\" content=\"https:\/\/hoyre.no\/content\/uploads\/sites\/41\/2024\/05\/iStock-478103248-1024x684.jpg\" \/>\n<meta name=\"twitter:card\" content=\"summary_large_image\" \/>\n<meta name=\"twitter:label1\" content=\"Ansl. lesetid\" \/>\n\t<meta name=\"twitter:data1\" content=\"1 minutt\" \/>\n<script type=\"application\/ld+json\" class=\"yoast-schema-graph\">{\"@context\":\"https:\/\/schema.org\",\"@graph\":[{\"@type\":\"WebPage\",\"@id\":\"https:\/\/hoyre.no\/arendal\/arrangementer\/invitasjon-til-arets-sommerfest\/\",\"url\":\"https:\/\/hoyre.no\/arendal\/arrangementer\/invitasjon-til-arets-sommerfest\/\",\"name\":\"Invitasjon til \u00e5rets sommerfest! - Arendal H\u00f8yre\",\"isPartOf\":{\"@id\":\"https:\/\/hoyre.no\/arendal\/#website\"},\"datePublished\":\"2024-05-28T10:13:40+00:00\",\"dateModified\":\"2024-05-28T11:40:08+00:00\",\"breadcrumb\":{\"@id\":\"https:\/\/hoyre.no\/arendal\/arrangementer\/invitasjon-til-arets-sommerfest\/#breadcrumb\"},\"inLanguage\":\"nb-NO\",\"potentialAction\":[{\"@type\":\"ReadAction\",\"target\":[\"https:\/\/hoyre.no\/arendal\/arrangementer\/invitasjon-til-arets-sommerfest\/\"]}]},{\"@type\":\"BreadcrumbList\",\"@id\":\"https:\/\/hoyre.no\/arendal\/arrangementer\/invitasjon-til-arets-sommerfest\/#breadcrumb\",\"itemListElement\":[{\"@type\":\"ListItem\",\"position\":1,\"name\":\"Til hoyre.no\",\"item\":\"https:\/\/hoyre.no\"},{\"@type\":\"ListItem\",\"position\":2,\"name\":\"Hjem\",\"item\":\"https:\/\/hoyre.no\/arendal\/\"},{\"@type\":\"ListItem\",\"position\":3,\"name\":\"Arrangement\",\"item\":\"https:\/\/hoyre.no\/arendal\/arrangementer\/\"},{\"@type\":\"ListItem\",\"position\":4,\"name\":\"Invitasjon til \u00e5rets sommerfest!\"}]},{\"@type\":\"WebSite\",\"@id\":\"https:\/\/hoyre.no\/arendal\/#website\",\"url\":\"https:\/\/hoyre.no\/arendal\/\",\"name\":\"Arendal H\u00f8yre\",\"description\":\"Bare enda et H\u00f8yres nettsteder-nettsted\",\"inLanguage\":\"nb-NO\"}]}<\/script>\n<!-- \/ Yoast SEO plugin. -->","yoast_head_json":{"title":"Invitasjon til \u00e5rets sommerfest! - Arendal H\u00f8yre","robots":{"index":"index","follow":"follow","max-snippet":"max-snippet:-1","max-image-preview":"max-image-preview:large","max-video-preview":"max-video-preview:-1"},"canonical":"https:\/\/hoyre.no\/arendal\/arrangementer\/invitasjon-til-arets-sommerfest\/","og_locale":"nb_NO","og_type":"article","og_title":"Invitasjon til \u00e5rets sommerfest! - Arendal H\u00f8yre","og_url":"https:\/\/hoyre.no\/arendal\/arrangementer\/invitasjon-til-arets-sommerfest\/","og_site_name":"Arendal H\u00f8yre","article_modified_time":"2024-05-28T11:40:08+00:00","og_image":[{"url":"https:\/\/hoyre.no\/content\/uploads\/sites\/41\/2024\/05\/iStock-478103248-1024x684.jpg","width":"","height":"","type":""}],"twitter_card":"summary_large_image","twitter_misc":{"Ansl. lesetid":"1 minutt"},"schema":{"@context":"https:\/\/schema.org","@graph":[{"@type":"WebPage","@id":"https:\/\/hoyre.no\/arendal\/arrangementer\/invitasjon-til-arets-sommerfest\/","url":"https:\/\/hoyre.no\/arendal\/arrangementer\/invitasjon-til-arets-sommerfest\/","name":"Invitasjon til \u00e5rets sommerfest! - Arendal H\u00f8yre","isPartOf":{"@id":"https:\/\/hoyre.no\/arendal\/#website"},"datePublished":"2024-05-28T10:13:40+00:00","dateModified":"2024-05-28T11:40:08+00:00","breadcrumb":{"@id":"https:\/\/hoyre.no\/arendal\/arrangementer\/invitasjon-til-arets-sommerfest\/#breadcrumb"},"inLanguage":"nb-NO","potentialAction":[{"@type":"ReadAction","target":["https:\/\/hoyre.no\/arendal\/arrangementer\/invitasjon-til-arets-sommerfest\/"]}]},{"@type":"BreadcrumbList","@id":"https:\/\/hoyre.no\/arendal\/arrangementer\/invitasjon-til-arets-sommerfest\/#breadcrumb","itemListElement":[{"@type":"ListItem","position":1,"name":"Til hoyre.no","item":"https:\/\/hoyre.no"},{"@type":"ListItem","position":2,"name":"Hjem","item":"https:\/\/hoyre.no\/arendal\/"},{"@type":"ListItem","position":3,"name":"Arrangement","item":"https:\/\/hoyre.no\/arendal\/arrangementer\/"},{"@type":"ListItem","position":4,"name":"Invitasjon til \u00e5rets sommerfest!"}]},{"@type":"WebSite","@id":"https:\/\/hoyre.no\/arendal\/#website","url":"https:\/\/hoyre.no\/arendal\/","name":"Arendal H\u00f8yre","description":"Bare enda et H\u00f8yres nettsteder-nettsted","inLanguage":"nb-NO"}]}},"distributor_meta":false,"distributor_terms":false,"distributor_media":false,"distributor_original_site_name":"Arendal H\u00f8yre","distributor_original_site_url":"https:\/\/hoyre.no\/arendal","push-errors":false,"_links":{"self":[{"href":"https:\/\/hoyre.no\/arendal\/wp-json\/wp\/v2\/teft-events\/653","targetHints":{"allow":["GET"]}}],"collection":[{"href":"https:\/\/hoyre.no\/arendal\/wp-json\/wp\/v2\/teft-events"}],"about":[{"href":"https:\/\/hoyre.no\/arendal\/wp-json\/wp\/v2\/types\/teft-events"}],"wp:attachment":[{"href":"https:\/\/hoyre.no\/arendal\/wp-json\/wp\/v2\/media?parent=653"}],"wp:term":[{"taxonomy":"teft-events-category","embeddable":true,"href":"https:\/\/hoyre.no\/arendal\/wp-json\/wp\/v2\/teft-events-category?post=653"}],"curies":[{"name":"wp","href":"https:\/\/api.w.org\/{rel}","templated":true}]}}