{"id":756,"date":"2025-11-19T22:33:05","date_gmt":"2025-11-19T21:33:05","guid":{"rendered":"https:\/\/hoyre.no\/arendal\/?post_type=teft-events&#038;p=756"},"modified":"2025-11-19T22:43:34","modified_gmt":"2025-11-19T21:43:34","slug":"apent-mote-med-nikolai-astrup","status":"publish","type":"teft-events","link":"https:\/\/hoyre.no\/arendal\/arrangementer\/apent-mote-med-nikolai-astrup\/","title":{"rendered":"\u00c5pent m\u00f8te med Nikolai Astrup"},"content":{"rendered":"\n<div class=\"wp-block-teft-event-top\">\n\n<div class=\"teft-event-date-top\">\n<div class=\"teft-event-date-wrapper\">\n\t<div class=\"date-square\" aria-hidden=\"true\">\n\t\t12\t\t\t<\/div>\n<\/div>\n\t<div class=\"top-text\">\n\t\t\t\t\t<p class=\"top-date-text\">mandag 12. januar 2026<\/p>\n\t\t\t\t\t\t\t<p class=\"top-time-text\">18:00 &#8211; 20:00<\/p>\n\t\t\t\t\t\t<\/div>\n\t\t<div class=\"sharing\">\n\t\t<a class=\"share-button share-link copy-link\" data-copy=\"https:\/\/hoyre.no\/arendal\/arrangementer\/apent-mote-med-nikolai-astrup\/\" target=\"_blank\"><span class=\"screen-reader-text\">Del link<\/span><\/a>\n\t\t<a class=\"share-button share-twitter\" href=\"http:\/\/twitter.com\/share?text=\u00c5pent m\u00f8te med Nikolai Astrup&#038;url=https:\/\/hoyre.no\/arendal\/arrangementer\/apent-mote-med-nikolai-astrup\/&#038;hashtags=Hoyre\" target=\"_blank\"><span class=\"screen-reader-text\">Del p\u00e5 twitter<\/span><\/a>\n\t\t<a class=\"share-button share-facebook\" href=\"https:\/\/www.facebook.com\/sharer\/sharer.php?u=https:\/\/hoyre.no\/arendal\/arrangementer\/apent-mote-med-nikolai-astrup\/\" target=\"_blank\"><span class=\"screen-reader-text\">Del p\u00e5 facebook<\/span><\/a>\n\t<\/div>\n\t<\/div>\n<p class=\"preamble\">Velkommen til \u00e5pent m\u00f8te med Nikolai Astrup &#8211; Veien videre og verdien av norsk n\u00e6ringsliv<\/p><figure class=\"hoyre-image-wrapper\"><div class=\"hoyre-image\"><img loading=\"lazy\" decoding=\"async\" width=\"1800\" height=\"1800\" src=\"https:\/\/hoyre.no\/content\/uploads\/sites\/41\/2025\/11\/att.i0_-reglxgNhZH3dfEy7DrNWyzji_jwgmNGE2OH0ZCU.jpeg\" class=\"attachment-scaled size-scaled\" alt=\"\" style=\"object-position: 50% 50%\" srcset=\"https:\/\/hoyre.no\/content\/uploads\/sites\/41\/2025\/11\/att.i0_-reglxgNhZH3dfEy7DrNWyzji_jwgmNGE2OH0ZCU.jpeg 1800w, https:\/\/hoyre.no\/content\/uploads\/sites\/41\/2025\/11\/att.i0_-reglxgNhZH3dfEy7DrNWyzji_jwgmNGE2OH0ZCU-300x300.jpeg 300w, https:\/\/hoyre.no\/content\/uploads\/sites\/41\/2025\/11\/att.i0_-reglxgNhZH3dfEy7DrNWyzji_jwgmNGE2OH0ZCU-1024x1024.jpeg 1024w, https:\/\/hoyre.no\/content\/uploads\/sites\/41\/2025\/11\/att.i0_-reglxgNhZH3dfEy7DrNWyzji_jwgmNGE2OH0ZCU-150x150.jpeg 150w, https:\/\/hoyre.no\/content\/uploads\/sites\/41\/2025\/11\/att.i0_-reglxgNhZH3dfEy7DrNWyzji_jwgmNGE2OH0ZCU-768x768.jpeg 768w, https:\/\/hoyre.no\/content\/uploads\/sites\/41\/2025\/11\/att.i0_-reglxgNhZH3dfEy7DrNWyzji_jwgmNGE2OH0ZCU-1536x1536.jpeg 1536w\" sizes=\"auto, (max-width: 1800px) 100vw, 1800px\" \/><\/div><\/figure>\n\n<div class=\"panel teft-details-panel\">\n\t\t<h3>Detaljer<\/h3>\n\n\t\t\t\t\t<dl class=\"info-misc-with-icons\">\n\t\t\t\t<dt class=\"venue\"><span class=\"screen-reader-text\">Stedet<\/span><\/dt>\n\t\t\t\t<dd>\n\t\t\t\t\t\t\t\t\t\t\t<span class=\"address-line-1\">Haakstad &amp; Co advokatkontor<\/span>\n\t\t\t\t\t\t\t\t\t\t\t\t\t\t<\/dd>\n\t\t\t<\/dl>\n\t\t\t\t\t\t\t<dl class=\"info-misc-with-icons\">\n\t\t<dt class=\"time\"><span class=\"screen-reader-text\">Arrangement dato<\/span><\/dt>\n\t\t<dd class=\"time\">\n\t\t\tman 12. januar 2026 fra  18:00 &#8211; 20:00\t\t<\/dd>\n\t<\/dl>\n\t\t\t\t<\/dl>\n<\/div>\n<\/div>\n\n\n\n\n<h2 class=\"wp-block-heading\">Informasjon<\/h2>\n\n\n\n<p>Sm\u00e5 og mellomstore bedrifter er ikke bare viktige \u2013 de er selve motoren i norsk verdiskaping. De er arbeidsplassene, innovasjonskraften og framtidsbyggerne v\u00e5re. Kort sagt: gullkalvene i samfunnet v\u00e5rt. Derfor m\u00e5 vi sikre at de har de rammevilk\u00e5rene som trengs for \u00e5 vokse, investere og satse.<\/p>\n\n\n\n<p>P\u00e5 dette medlemsm\u00f8tet f\u00e5r vi bes\u00f8k av Nikolai Astrup som innleder. Hva skjedde ved forrige stortingsvalg? Hvorfor trodde ikke&nbsp; arbeidsgivere og arbeidstakere p\u00e5 oss?&nbsp;<\/p>\n\n\n\n<p>Vi dr\u00f8fter rundt bordet f\u00f8r oppsummering i plenum.<\/p>\n\n\n\n<p>Hva trenger lokale bedrifter for \u00e5 kunne ansette flere og skalere raskere? Og hvordan unng\u00e5r vi \u00e5 bli blendet av store vyer \u2013 samtidig som vi er innovative, fremtidsrettede og teknologisk smarte? Hvilke tiltak b\u00f8r Arendal H\u00f8yre prioritere for \u00e5 styrke SMB-veksten fremover?<\/p>\n\n\n\n<p>Bli med p\u00e5 en kveld med faglig p\u00e5fyll, gode diskusjoner og konkrete ideer inn mot Arendal H\u00f8yres partiprogram.<\/p>\n\n\n\n<p>Velkommen!<\/p>\n\n\n<div class=\"post-meta wp-block\">\n\t<div class=\"top\">\n\t\t<div class=\"sharing\">\n\t\t\t<a class=\"share-button share-link\" target=\"_blank\"><span class=\"screen-reader-text\">Del link<\/span><\/a>\n\t\t\t<a class=\"share-button share-twitter\" href=\"http:\/\/twitter.com\/share?text=\u00c5pent m\u00f8te med Nikolai Astrup&#038;url=https:\/\/hoyre.no\/arendal\/arrangementer\/apent-mote-med-nikolai-astrup\/&#038;hashtags=Hoyre\"><span class=\"screen-reader-text\">Del p\u00e5 twitter<\/span><\/a>\n\t\t\t<a class=\"share-button share-facebook\" href=\"https:\/\/www.facebook.com\/sharer\/sharer.php?u=https:\/\/hoyre.no\/arendal\/arrangementer\/apent-mote-med-nikolai-astrup\/\" target=\"_blank\"><span class=\"screen-reader-text\">Del p\u00e5 facebook<\/span><\/a>\n\t\t<\/div>\n\t<\/div>\n<\/div>\n","protected":false},"template":"","meta":{"teft_cards_image_url":"","teft_cards_custom_pretitle":"","teft_cards_image_id":757,"teft_cards_image_focal_point_x":0.5,"teft_cards_image_focal_point_y":0.5,"teft_cards_title":"","teft_cards_excerpt":"","teft_show_chapters":false,"event_organizer":[],"event_start_date":"2026-01-12T18:00:00","event_end_date":"2026-01-12T20:00:00","event_registration_url":"","event_registration_deadline":"","event_ticket_cost":"","event_venue_name":"Haakstad & Co advokatkontor","event_venue_url":"","event_venue_address":""},"teft-events-category":[],"class_list":["post-756","teft-events","type-teft-events","status-publish","hentry"],"yoast_head":"<!-- This site is optimized with the Yoast SEO plugin v26.6 - https:\/\/yoast.com\/wordpress\/plugins\/seo\/ -->\n<title>\u00c5pent m\u00f8te med Nikolai Astrup - Arendal H\u00f8yre<\/title>\n<meta name=\"robots\" content=\"index, follow, max-snippet:-1, max-image-preview:large, max-video-preview:-1\" \/>\n<link rel=\"canonical\" href=\"https:\/\/hoyre.no\/arendal\/arrangementer\/apent-mote-med-nikolai-astrup\/\" \/>\n<meta property=\"og:locale\" content=\"nb_NO\" \/>\n<meta property=\"og:type\" content=\"article\" \/>\n<meta property=\"og:title\" content=\"\u00c5pent m\u00f8te med Nikolai Astrup - Arendal H\u00f8yre\" \/>\n<meta property=\"og:url\" content=\"https:\/\/hoyre.no\/arendal\/arrangementer\/apent-mote-med-nikolai-astrup\/\" \/>\n<meta property=\"og:site_name\" content=\"Arendal H\u00f8yre\" \/>\n<meta property=\"article:modified_time\" content=\"2025-11-19T21:43:34+00:00\" \/>\n<meta property=\"og:image\" content=\"https:\/\/hoyre.no\/content\/uploads\/sites\/41\/2025\/11\/att.i0_-reglxgNhZH3dfEy7DrNWyzji_jwgmNGE2OH0ZCU-1024x1024.jpeg\" \/>\n<meta name=\"twitter:card\" content=\"summary_large_image\" \/>\n<meta name=\"twitter:label1\" content=\"Ansl. lesetid\" \/>\n\t<meta name=\"twitter:data1\" content=\"1 minutt\" \/>\n<script type=\"application\/ld+json\" class=\"yoast-schema-graph\">{\"@context\":\"https:\/\/schema.org\",\"@graph\":[{\"@type\":\"WebPage\",\"@id\":\"https:\/\/hoyre.no\/arendal\/arrangementer\/apent-mote-med-nikolai-astrup\/\",\"url\":\"https:\/\/hoyre.no\/arendal\/arrangementer\/apent-mote-med-nikolai-astrup\/\",\"name\":\"\u00c5pent m\u00f8te med Nikolai Astrup - Arendal H\u00f8yre\",\"isPartOf\":{\"@id\":\"https:\/\/hoyre.no\/arendal\/#website\"},\"datePublished\":\"2025-11-19T21:33:05+00:00\",\"dateModified\":\"2025-11-19T21:43:34+00:00\",\"breadcrumb\":{\"@id\":\"https:\/\/hoyre.no\/arendal\/arrangementer\/apent-mote-med-nikolai-astrup\/#breadcrumb\"},\"inLanguage\":\"nb-NO\",\"potentialAction\":[{\"@type\":\"ReadAction\",\"target\":[\"https:\/\/hoyre.no\/arendal\/arrangementer\/apent-mote-med-nikolai-astrup\/\"]}]},{\"@type\":\"BreadcrumbList\",\"@id\":\"https:\/\/hoyre.no\/arendal\/arrangementer\/apent-mote-med-nikolai-astrup\/#breadcrumb\",\"itemListElement\":[{\"@type\":\"ListItem\",\"position\":1,\"name\":\"Til hoyre.no\",\"item\":\"https:\/\/hoyre.no\"},{\"@type\":\"ListItem\",\"position\":2,\"name\":\"Hjem\",\"item\":\"https:\/\/hoyre.no\/arendal\/\"},{\"@type\":\"ListItem\",\"position\":3,\"name\":\"Arrangement\",\"item\":\"https:\/\/hoyre.no\/arendal\/arrangementer\/\"},{\"@type\":\"ListItem\",\"position\":4,\"name\":\"\u00c5pent m\u00f8te med Nikolai Astrup\"}]},{\"@type\":\"WebSite\",\"@id\":\"https:\/\/hoyre.no\/arendal\/#website\",\"url\":\"https:\/\/hoyre.no\/arendal\/\",\"name\":\"Arendal H\u00f8yre\",\"description\":\"Bare enda et H\u00f8yres nettsteder-nettsted\",\"inLanguage\":\"nb-NO\"}]}<\/script>\n<!-- \/ Yoast SEO plugin. -->","yoast_head_json":{"title":"\u00c5pent m\u00f8te med Nikolai Astrup - Arendal H\u00f8yre","robots":{"index":"index","follow":"follow","max-snippet":"max-snippet:-1","max-image-preview":"max-image-preview:large","max-video-preview":"max-video-preview:-1"},"canonical":"https:\/\/hoyre.no\/arendal\/arrangementer\/apent-mote-med-nikolai-astrup\/","og_locale":"nb_NO","og_type":"article","og_title":"\u00c5pent m\u00f8te med Nikolai Astrup - Arendal H\u00f8yre","og_url":"https:\/\/hoyre.no\/arendal\/arrangementer\/apent-mote-med-nikolai-astrup\/","og_site_name":"Arendal H\u00f8yre","article_modified_time":"2025-11-19T21:43:34+00:00","og_image":[{"url":"https:\/\/hoyre.no\/content\/uploads\/sites\/41\/2025\/11\/att.i0_-reglxgNhZH3dfEy7DrNWyzji_jwgmNGE2OH0ZCU-1024x1024.jpeg","width":"","height":"","type":""}],"twitter_card":"summary_large_image","twitter_misc":{"Ansl. lesetid":"1 minutt"},"schema":{"@context":"https:\/\/schema.org","@graph":[{"@type":"WebPage","@id":"https:\/\/hoyre.no\/arendal\/arrangementer\/apent-mote-med-nikolai-astrup\/","url":"https:\/\/hoyre.no\/arendal\/arrangementer\/apent-mote-med-nikolai-astrup\/","name":"\u00c5pent m\u00f8te med Nikolai Astrup - Arendal H\u00f8yre","isPartOf":{"@id":"https:\/\/hoyre.no\/arendal\/#website"},"datePublished":"2025-11-19T21:33:05+00:00","dateModified":"2025-11-19T21:43:34+00:00","breadcrumb":{"@id":"https:\/\/hoyre.no\/arendal\/arrangementer\/apent-mote-med-nikolai-astrup\/#breadcrumb"},"inLanguage":"nb-NO","potentialAction":[{"@type":"ReadAction","target":["https:\/\/hoyre.no\/arendal\/arrangementer\/apent-mote-med-nikolai-astrup\/"]}]},{"@type":"BreadcrumbList","@id":"https:\/\/hoyre.no\/arendal\/arrangementer\/apent-mote-med-nikolai-astrup\/#breadcrumb","itemListElement":[{"@type":"ListItem","position":1,"name":"Til hoyre.no","item":"https:\/\/hoyre.no"},{"@type":"ListItem","position":2,"name":"Hjem","item":"https:\/\/hoyre.no\/arendal\/"},{"@type":"ListItem","position":3,"name":"Arrangement","item":"https:\/\/hoyre.no\/arendal\/arrangementer\/"},{"@type":"ListItem","position":4,"name":"\u00c5pent m\u00f8te med Nikolai Astrup"}]},{"@type":"WebSite","@id":"https:\/\/hoyre.no\/arendal\/#website","url":"https:\/\/hoyre.no\/arendal\/","name":"Arendal H\u00f8yre","description":"Bare enda et H\u00f8yres nettsteder-nettsted","inLanguage":"nb-NO"}]}},"distributor_meta":false,"distributor_terms":false,"distributor_media":false,"distributor_original_site_name":"Arendal H\u00f8yre","distributor_original_site_url":"https:\/\/hoyre.no\/arendal","push-errors":false,"_links":{"self":[{"href":"https:\/\/hoyre.no\/arendal\/wp-json\/wp\/v2\/teft-events\/756","targetHints":{"allow":["GET"]}}],"collection":[{"href":"https:\/\/hoyre.no\/arendal\/wp-json\/wp\/v2\/teft-events"}],"about":[{"href":"https:\/\/hoyre.no\/arendal\/wp-json\/wp\/v2\/types\/teft-events"}],"wp:attachment":[{"href":"https:\/\/hoyre.no\/arendal\/wp-json\/wp\/v2\/media?parent=756"}],"wp:term":[{"taxonomy":"teft-events-category","embeddable":true,"href":"https:\/\/hoyre.no\/arendal\/wp-json\/wp\/v2\/teft-events-category?post=756"}],"curies":[{"name":"wp","href":"https:\/\/api.w.org\/{rel}","templated":true}]}}