{"id":776,"date":"2026-02-03T12:08:42","date_gmt":"2026-02-03T11:08:42","guid":{"rendered":"https:\/\/hoyre.no\/arendal\/?post_type=teft-events&#038;p=776"},"modified":"2026-02-03T12:20:12","modified_gmt":"2026-02-03T11:20:12","slug":"8-mars-kvinnehelse-og-likestilling","status":"publish","type":"teft-events","link":"https:\/\/hoyre.no\/arendal\/arrangementer\/8-mars-kvinnehelse-og-likestilling\/","title":{"rendered":"8 mars: Kvinnehelse og likestilling"},"content":{"rendered":"\n<div class=\"wp-block-teft-event-top\">\n\n<div class=\"teft-event-date-top\">\n<div class=\"teft-event-date-wrapper\">\n\t<div class=\"date-square\" aria-hidden=\"true\">\n\t\t08\t\t\t<\/div>\n<\/div>\n\t<div class=\"top-text\">\n\t\t\t\t\t<p class=\"top-date-text\">s\u00f8ndag 08. mars 2026<\/p>\n\t\t\t\t\t\t\t<p class=\"top-time-text\">14:00 &#8211; 16:00<\/p>\n\t\t\t\t\t\t<\/div>\n\t\t<div class=\"sharing\">\n\t\t<a class=\"share-button share-link copy-link\" data-copy=\"https:\/\/hoyre.no\/arendal\/arrangementer\/8-mars-kvinnehelse-og-likestilling\/\" target=\"_blank\"><span class=\"screen-reader-text\">Del link<\/span><\/a>\n\t\t<a class=\"share-button share-twitter\" href=\"http:\/\/twitter.com\/share?text=8 mars: Kvinnehelse og likestilling&#038;url=https:\/\/hoyre.no\/arendal\/arrangementer\/8-mars-kvinnehelse-og-likestilling\/&#038;hashtags=Hoyre\" target=\"_blank\"><span class=\"screen-reader-text\">Del p\u00e5 twitter<\/span><\/a>\n\t\t<a class=\"share-button share-facebook\" href=\"https:\/\/www.facebook.com\/sharer\/sharer.php?u=https:\/\/hoyre.no\/arendal\/arrangementer\/8-mars-kvinnehelse-og-likestilling\/\" target=\"_blank\"><span class=\"screen-reader-text\">Del p\u00e5 facebook<\/span><\/a>\n\t<\/div>\n\t<\/div>\n<p class=\"preamble\">I anledning 8 mars inviterer vi til et arrangement som setter s\u00f8kelys p\u00e5 kvinnehelse i et likestillingsperspektiv. Det blir faglige innlegg og rom for refleksjon og diskusjon. <br><br>Arrangementet er \u00e5pent for alle som er opptatt av kvinnehelse, likestilling og samfunnsutvikling. <\/p><figure class=\"hoyre-image-wrapper\"><div class=\"hoyre-image\"><img loading=\"lazy\" decoding=\"async\" width=\"467\" height=\"582\" src=\"https:\/\/hoyre.no\/content\/uploads\/sites\/41\/2026\/02\/kvinnedag-2.png\" class=\"attachment-scaled size-scaled\" alt=\"\" style=\"object-position: 50% 50%\" srcset=\"https:\/\/hoyre.no\/content\/uploads\/sites\/41\/2026\/02\/kvinnedag-2.png 467w, https:\/\/hoyre.no\/content\/uploads\/sites\/41\/2026\/02\/kvinnedag-2-241x300.png 241w\" sizes=\"auto, (max-width: 467px) 100vw, 467px\" \/><\/div><\/figure>\n\n<div class=\"wp-block wp-block-teft-event-registration-button\">\n\t<div class=\"registration-button-wrapper\">\n\t\t\t<a href=\"https:\/\/www.facebook.com\/events\/1228601102579993\/?acontext=%7B%22event_action_history%22%3A[%7B%22mechanism%22%3A%22attachment%22%2C%22surface%22%3A%22newsfeed%22%7D]%2C%22ref_notif_type%22%3Anull%7D\" class=\"wp-block-button__link\">Meld deg p\u00e5 her<\/a>\n\t\t\t\t\n\t<\/div>\n<\/div>\n\n<div class=\"panel teft-details-panel\">\n\t\t<h3>Detaljer<\/h3>\n\n\t\t\t\t\t<dl class=\"info-misc-with-icons\">\n\t\t\t\t<dt class=\"venue\"><span class=\"screen-reader-text\">Stedet<\/span><\/dt>\n\t\t\t\t<dd>\n\t\t\t\t\t\t\t\t\t\t\t<span class=\"address-line-1\">Randi Lauvdal Blomster <\/span>\n\t\t\t\t\t\t\t\t\t\t\t\t\t\t\t\t<span class=\"address-line-2\">Torvet 9, Arendal<\/span>\n\t\t\t\t\t\t\t\t\t<\/dd>\n\t\t\t<\/dl>\n\t\t\t\t\t\t\t<dl class=\"info-misc-with-icons\">\n\t\t<dt class=\"time\"><span class=\"screen-reader-text\">Arrangement dato<\/span><\/dt>\n\t\t<dd class=\"time\">\n\t\t\ts\u00f8n 8. mars 2026 fra  14:00 &#8211; 16:00\t\t<\/dd>\n\t<\/dl>\n\t\t\t\t\t\t<dl class=\"info-misc-with-icons\">\n\t\t<dt class=\"registration\"><span class=\"screen-reader-text\">P\u00e5meldingsdetajer<\/span><\/dt>\n\t\t<dd class=\"registration\">\n\t\t\tGratis\t\t\t\t\t\t\t<a href=\"https:\/\/www.facebook.com\/events\/1228601102579993\/?acontext=%7B%22event_action_history%22%3A%5B%7B%22mechanism%22%3A%22attachment%22%2C%22surface%22%3A%22newsfeed%22%7D%5D%2C%22ref_notif_type%22%3Anull%7D\">Registrer<\/a>\n\t\t\t\t\t<\/dd>\n\t<\/dl>\n\t\t<\/dl>\n<\/div>\n<\/div>\n\n\n\n\n<h2 class=\"wp-block-heading\">Informasjon<\/h2>\n\n\n\n<p>Kvinnehelse og likestilling handler om langt mer enn statistikk og festtaler. Det handler om hverdagsliv, helse, arbeidsliv og reelle muligheter &#8211; gjennom hele livsl\u00f8pet.<br><br>I anledning 8 mars inviterer vi til et arrangement som setter s\u00f8kelys p\u00e5 kvinnehelse i et likestillingsperspektiv. Det blir faglige innlegg og rom for refleksjon og diskusjon. <\/p>\n\n\n\n<p>Vi f\u00e5r blant annet bes\u00f8k av Janne Mette B\u00f8, gynekolog ved SSHF, som vil dele innsikt og erfaringer fra sitt arbeid innen kvinnehelse. <\/p>\n\n\n\n<p><strong>Programmet oppdateres fortl\u00f8pende &#8211; og mer informasjon finner du p\u00e5 v\u00e5rt facebook arrangement. <\/strong><\/p>\n\n\n\n<p><\/p>\n\n\n\n<p>Det blir palaktlaging f\u00f8r vi tar f\u00f8lge sammen bort til 8. mars-toget som starter 16:00. <\/p>\n\n\n\n<p>Arrangementet er \u00e5pent for alle som er opptatt av kvinnehelse, likestilling og samfunnsutvikling. <\/p>\n\n\n<div class=\"post-meta wp-block\">\n\t<div class=\"top\">\n\t\t<div class=\"sharing\">\n\t\t\t<a class=\"share-button share-link\" target=\"_blank\"><span class=\"screen-reader-text\">Del link<\/span><\/a>\n\t\t\t<a class=\"share-button share-twitter\" href=\"http:\/\/twitter.com\/share?text=8 mars: Kvinnehelse og likestilling&#038;url=https:\/\/hoyre.no\/arendal\/arrangementer\/8-mars-kvinnehelse-og-likestilling\/&#038;hashtags=Hoyre\"><span class=\"screen-reader-text\">Del p\u00e5 twitter<\/span><\/a>\n\t\t\t<a class=\"share-button share-facebook\" href=\"https:\/\/www.facebook.com\/sharer\/sharer.php?u=https:\/\/hoyre.no\/arendal\/arrangementer\/8-mars-kvinnehelse-og-likestilling\/\" target=\"_blank\"><span class=\"screen-reader-text\">Del p\u00e5 facebook<\/span><\/a>\n\t\t<\/div>\n\t<\/div>\n<\/div>\n","protected":false},"template":"","meta":{"teft_cards_image_url":"","teft_cards_custom_pretitle":"","teft_cards_image_id":779,"teft_cards_image_focal_point_x":0.54,"teft_cards_image_focal_point_y":0.23,"teft_cards_title":"","teft_cards_excerpt":"","teft_show_chapters":false,"event_organizer":[],"event_start_date":"2026-03-08T14:00:00","event_end_date":"2026-03-08T16:00:00","event_registration_url":"https:\/\/www.facebook.com\/events\/1228601102579993\/?acontext=%7B%22event_action_history%22%3A[%7B%22mechanism%22%3A%22attachment%22%2C%22surface%22%3A%22newsfeed%22%7D]%2C%22ref_notif_type%22%3Anull%7D","event_registration_deadline":"","event_ticket_cost":"Gratis","event_venue_name":"Randi Lauvdal Blomster ","event_venue_url":"","event_venue_address":"Torvet 9, Arendal"},"teft-events-category":[],"class_list":["post-776","teft-events","type-teft-events","status-publish","hentry"],"yoast_head":"<!-- This site is optimized with the Yoast SEO plugin v26.6 - https:\/\/yoast.com\/wordpress\/plugins\/seo\/ -->\n<title>8 mars: Kvinnehelse og likestilling - Arendal H\u00f8yre<\/title>\n<meta name=\"robots\" content=\"index, follow, max-snippet:-1, max-image-preview:large, max-video-preview:-1\" \/>\n<link rel=\"canonical\" href=\"https:\/\/hoyre.no\/arendal\/arrangementer\/8-mars-kvinnehelse-og-likestilling\/\" \/>\n<meta property=\"og:locale\" content=\"nb_NO\" \/>\n<meta property=\"og:type\" content=\"article\" \/>\n<meta property=\"og:title\" content=\"8 mars: Kvinnehelse og likestilling - Arendal H\u00f8yre\" \/>\n<meta property=\"og:url\" content=\"https:\/\/hoyre.no\/arendal\/arrangementer\/8-mars-kvinnehelse-og-likestilling\/\" \/>\n<meta property=\"og:site_name\" content=\"Arendal H\u00f8yre\" \/>\n<meta property=\"article:modified_time\" content=\"2026-02-03T11:20:12+00:00\" \/>\n<meta property=\"og:image\" content=\"https:\/\/hoyre.no\/content\/uploads\/sites\/41\/2026\/02\/kvinnedag-2.png\" \/>\n<meta name=\"twitter:card\" content=\"summary_large_image\" \/>\n<meta name=\"twitter:label1\" content=\"Ansl. lesetid\" \/>\n\t<meta name=\"twitter:data1\" content=\"1 minutt\" \/>\n<script type=\"application\/ld+json\" class=\"yoast-schema-graph\">{\"@context\":\"https:\/\/schema.org\",\"@graph\":[{\"@type\":\"WebPage\",\"@id\":\"https:\/\/hoyre.no\/arendal\/arrangementer\/8-mars-kvinnehelse-og-likestilling\/\",\"url\":\"https:\/\/hoyre.no\/arendal\/arrangementer\/8-mars-kvinnehelse-og-likestilling\/\",\"name\":\"8 mars: Kvinnehelse og likestilling - Arendal H\u00f8yre\",\"isPartOf\":{\"@id\":\"https:\/\/hoyre.no\/arendal\/#website\"},\"datePublished\":\"2026-02-03T11:08:42+00:00\",\"dateModified\":\"2026-02-03T11:20:12+00:00\",\"breadcrumb\":{\"@id\":\"https:\/\/hoyre.no\/arendal\/arrangementer\/8-mars-kvinnehelse-og-likestilling\/#breadcrumb\"},\"inLanguage\":\"nb-NO\",\"potentialAction\":[{\"@type\":\"ReadAction\",\"target\":[\"https:\/\/hoyre.no\/arendal\/arrangementer\/8-mars-kvinnehelse-og-likestilling\/\"]}]},{\"@type\":\"BreadcrumbList\",\"@id\":\"https:\/\/hoyre.no\/arendal\/arrangementer\/8-mars-kvinnehelse-og-likestilling\/#breadcrumb\",\"itemListElement\":[{\"@type\":\"ListItem\",\"position\":1,\"name\":\"Til hoyre.no\",\"item\":\"https:\/\/hoyre.no\"},{\"@type\":\"ListItem\",\"position\":2,\"name\":\"Hjem\",\"item\":\"https:\/\/hoyre.no\/arendal\/\"},{\"@type\":\"ListItem\",\"position\":3,\"name\":\"Arrangement\",\"item\":\"https:\/\/hoyre.no\/arendal\/arrangementer\/\"},{\"@type\":\"ListItem\",\"position\":4,\"name\":\"8 mars: Kvinnehelse og likestilling\"}]},{\"@type\":\"WebSite\",\"@id\":\"https:\/\/hoyre.no\/arendal\/#website\",\"url\":\"https:\/\/hoyre.no\/arendal\/\",\"name\":\"Arendal H\u00f8yre\",\"description\":\"Bare enda et H\u00f8yres nettsteder-nettsted\",\"inLanguage\":\"nb-NO\"}]}<\/script>\n<!-- \/ Yoast SEO plugin. -->","yoast_head_json":{"title":"8 mars: Kvinnehelse og likestilling - Arendal H\u00f8yre","robots":{"index":"index","follow":"follow","max-snippet":"max-snippet:-1","max-image-preview":"max-image-preview:large","max-video-preview":"max-video-preview:-1"},"canonical":"https:\/\/hoyre.no\/arendal\/arrangementer\/8-mars-kvinnehelse-og-likestilling\/","og_locale":"nb_NO","og_type":"article","og_title":"8 mars: Kvinnehelse og likestilling - Arendal H\u00f8yre","og_url":"https:\/\/hoyre.no\/arendal\/arrangementer\/8-mars-kvinnehelse-og-likestilling\/","og_site_name":"Arendal H\u00f8yre","article_modified_time":"2026-02-03T11:20:12+00:00","og_image":[{"url":"https:\/\/hoyre.no\/content\/uploads\/sites\/41\/2026\/02\/kvinnedag-2.png","width":"","height":"","type":""}],"twitter_card":"summary_large_image","twitter_misc":{"Ansl. lesetid":"1 minutt"},"schema":{"@context":"https:\/\/schema.org","@graph":[{"@type":"WebPage","@id":"https:\/\/hoyre.no\/arendal\/arrangementer\/8-mars-kvinnehelse-og-likestilling\/","url":"https:\/\/hoyre.no\/arendal\/arrangementer\/8-mars-kvinnehelse-og-likestilling\/","name":"8 mars: Kvinnehelse og likestilling - Arendal H\u00f8yre","isPartOf":{"@id":"https:\/\/hoyre.no\/arendal\/#website"},"datePublished":"2026-02-03T11:08:42+00:00","dateModified":"2026-02-03T11:20:12+00:00","breadcrumb":{"@id":"https:\/\/hoyre.no\/arendal\/arrangementer\/8-mars-kvinnehelse-og-likestilling\/#breadcrumb"},"inLanguage":"nb-NO","potentialAction":[{"@type":"ReadAction","target":["https:\/\/hoyre.no\/arendal\/arrangementer\/8-mars-kvinnehelse-og-likestilling\/"]}]},{"@type":"BreadcrumbList","@id":"https:\/\/hoyre.no\/arendal\/arrangementer\/8-mars-kvinnehelse-og-likestilling\/#breadcrumb","itemListElement":[{"@type":"ListItem","position":1,"name":"Til hoyre.no","item":"https:\/\/hoyre.no"},{"@type":"ListItem","position":2,"name":"Hjem","item":"https:\/\/hoyre.no\/arendal\/"},{"@type":"ListItem","position":3,"name":"Arrangement","item":"https:\/\/hoyre.no\/arendal\/arrangementer\/"},{"@type":"ListItem","position":4,"name":"8 mars: Kvinnehelse og likestilling"}]},{"@type":"WebSite","@id":"https:\/\/hoyre.no\/arendal\/#website","url":"https:\/\/hoyre.no\/arendal\/","name":"Arendal H\u00f8yre","description":"Bare enda et H\u00f8yres nettsteder-nettsted","inLanguage":"nb-NO"}]}},"distributor_meta":false,"distributor_terms":false,"distributor_media":false,"distributor_original_site_name":"Arendal H\u00f8yre","distributor_original_site_url":"https:\/\/hoyre.no\/arendal","push-errors":false,"_links":{"self":[{"href":"https:\/\/hoyre.no\/arendal\/wp-json\/wp\/v2\/teft-events\/776","targetHints":{"allow":["GET"]}}],"collection":[{"href":"https:\/\/hoyre.no\/arendal\/wp-json\/wp\/v2\/teft-events"}],"about":[{"href":"https:\/\/hoyre.no\/arendal\/wp-json\/wp\/v2\/types\/teft-events"}],"wp:attachment":[{"href":"https:\/\/hoyre.no\/arendal\/wp-json\/wp\/v2\/media?parent=776"}],"wp:term":[{"taxonomy":"teft-events-category","embeddable":true,"href":"https:\/\/hoyre.no\/arendal\/wp-json\/wp\/v2\/teft-events-category?post=776"}],"curies":[{"name":"wp","href":"https:\/\/api.w.org\/{rel}","templated":true}]}}