{"id":780,"date":"2026-02-03T12:18:38","date_gmt":"2026-02-03T11:18:38","guid":{"rendered":"https:\/\/hoyre.no\/arendal\/?post_type=teft-events&#038;p=780"},"modified":"2026-03-11T13:26:14","modified_gmt":"2026-03-11T12:26:14","slug":"er-samfunnet-i-utakt-med-utviklingen","status":"publish","type":"teft-events","link":"https:\/\/hoyre.no\/arendal\/arrangementer\/er-samfunnet-i-utakt-med-utviklingen\/","title":{"rendered":"Er samfunnet i utakt med utviklingen?"},"content":{"rendered":"\n<div class=\"wp-block-teft-event-top\">\n\n<div class=\"teft-event-date-top\">\n<div class=\"teft-event-date-wrapper\">\n\t<div class=\"date-square\" aria-hidden=\"true\">\n\t\t13\t\t\t<\/div>\n<\/div>\n\t<div class=\"top-text\">\n\t\t\t\t\t<p class=\"top-date-text\">mandag 13. april 2026<\/p>\n\t\t\t\t\t\t\t<p class=\"top-time-text\">18:00 &#8211; 20:30<\/p>\n\t\t\t\t\t\t<\/div>\n\t\t<div class=\"sharing\">\n\t\t<a class=\"share-button share-link copy-link\" data-copy=\"https:\/\/hoyre.no\/arendal\/arrangementer\/er-samfunnet-i-utakt-med-utviklingen\/\" target=\"_blank\"><span class=\"screen-reader-text\">Del link<\/span><\/a>\n\t\t<a class=\"share-button share-twitter\" href=\"http:\/\/twitter.com\/share?text=Er samfunnet i utakt med utviklingen?&#038;url=https:\/\/hoyre.no\/arendal\/arrangementer\/er-samfunnet-i-utakt-med-utviklingen\/&#038;hashtags=Hoyre\" target=\"_blank\"><span class=\"screen-reader-text\">Del p\u00e5 twitter<\/span><\/a>\n\t\t<a class=\"share-button share-facebook\" href=\"https:\/\/www.facebook.com\/sharer\/sharer.php?u=https:\/\/hoyre.no\/arendal\/arrangementer\/er-samfunnet-i-utakt-med-utviklingen\/\" target=\"_blank\"><span class=\"screen-reader-text\">Del p\u00e5 facebook<\/span><\/a>\n\t<\/div>\n\t<\/div>\n<p class=\"preamble\">Den demografiske utviklingen gir oss en raskt voksende andel eldre i befolkningen. Er samfunnet godt nok rigget for denne endringen &#8211; eller er vi i ferd med \u00e5 komme i utakt med utviklingen? <br><br>Dette blir en samtale om muligheter, ansvar og n\u00f8dvendige omstillinger i m\u00f8te med et aldrende, men ressurssterkt, samfunn. Vell m\u00f8tt! <\/p>\n\n<div class=\"panel teft-details-panel\">\n\t\t<h3>Detaljer<\/h3>\n\n\t\t\t\t\t<dl class=\"info-misc-with-icons\">\n\t\t\t\t<dt class=\"venue\"><span class=\"screen-reader-text\">Stedet<\/span><\/dt>\n\t\t\t\t<dd>\n\t\t\t\t\t\t\t\t\t\t\t<span class=\"address-line-1\">M\u00f8r Biffhus<\/span>\n\t\t\t\t\t\t\t\t\t\t\t\t\t\t<\/dd>\n\t\t\t<\/dl>\n\t\t\t\t\t\t\t<dl class=\"info-misc-with-icons\">\n\t\t<dt class=\"time\"><span class=\"screen-reader-text\">Arrangement dato<\/span><\/dt>\n\t\t<dd class=\"time\">\n\t\t\tman 13. april 2026 fra  18:00 &#8211; 20:30\t\t<\/dd>\n\t<\/dl>\n\t\t\t\t\t\t<dl class=\"info-misc-with-icons\">\n\t\t<dt class=\"registration\"><span class=\"screen-reader-text\">P\u00e5meldingsdetajer<\/span><\/dt>\n\t\t<dd class=\"registration\">\n\t\t\tGratis\t\t\t\t\t<\/dd>\n\t<\/dl>\n\t\t<\/dl>\n<\/div>\n<\/div>\n\n\n\n\n<h2 class=\"wp-block-heading\">Informasjon<\/h2>\n\n\n\n<p>Den demografiske utviklingen gir oss en raskt voksende andel eldre i befolkningen. Er samfunnet godt nok rigget for denne endringen &#8211; eller er vi i ferd med \u00e5 komme i utakt med utviklingen? <\/p>\n\n\n\n<p>Vi har noen spennende innledere: <\/p>\n\n\n\n<ul class=\"wp-block-list\">\n<li>\u00d8yvind Vedal, direkt\u00f8r i Nav Agder om eldre som samfunnsressurs<\/li>\n\n\n\n<li>Hanne Merete N\u00f8ding, fylkeseldreombud om strukturelle og politiske grep som m\u00e5 tas for \u00e5 legge bedre til rette for eldres deltakelse. <\/li>\n<\/ul>\n\n\n\n<p><strong>Du finner mer informasjon p\u00e5 v\u00e5rt facebook arrangement. <\/strong><\/p>\n\n\n\n<p>Etter innledningene diskuterer vi. <br>Dette blir en samtale om muligheter, ansvar og n\u00f8dvendige omstillinger i m\u00f8te med et aldrende, men ressurssterkt, samfunn.  <\/p>\n\n\n\n<p>Diskusjonen og forslagene vil bli tatt med i programarbeidet.<\/p>\n\n\n<div class=\"post-meta wp-block\">\n\t<div class=\"top\">\n\t\t<div class=\"sharing\">\n\t\t\t<a class=\"share-button share-link\" target=\"_blank\"><span class=\"screen-reader-text\">Del link<\/span><\/a>\n\t\t\t<a class=\"share-button share-twitter\" href=\"http:\/\/twitter.com\/share?text=Er samfunnet i utakt med utviklingen?&#038;url=https:\/\/hoyre.no\/arendal\/arrangementer\/er-samfunnet-i-utakt-med-utviklingen\/&#038;hashtags=Hoyre\"><span class=\"screen-reader-text\">Del p\u00e5 twitter<\/span><\/a>\n\t\t\t<a class=\"share-button share-facebook\" href=\"https:\/\/www.facebook.com\/sharer\/sharer.php?u=https:\/\/hoyre.no\/arendal\/arrangementer\/er-samfunnet-i-utakt-med-utviklingen\/\" target=\"_blank\"><span class=\"screen-reader-text\">Del p\u00e5 facebook<\/span><\/a>\n\t\t<\/div>\n\t<\/div>\n<\/div>\n","protected":false},"template":"","meta":{"teft_cards_image_url":"","teft_cards_custom_pretitle":"","teft_cards_image_id":512,"teft_cards_image_focal_point_x":0.5,"teft_cards_image_focal_point_y":0.5,"teft_cards_title":"","teft_cards_excerpt":"","teft_show_chapters":false,"event_organizer":[],"event_start_date":"2026-04-13T18:00:00","event_end_date":"2026-04-13T20:30:00","event_registration_url":"","event_registration_deadline":"","event_ticket_cost":"Gratis","event_venue_name":"M\u00f8r Biffhus","event_venue_url":"","event_venue_address":""},"teft-events-category":[],"class_list":["post-780","teft-events","type-teft-events","status-publish","hentry"],"yoast_head":"<!-- This site is optimized with the Yoast SEO plugin v26.6 - https:\/\/yoast.com\/wordpress\/plugins\/seo\/ -->\n<title>Er samfunnet i utakt med utviklingen? - Arendal H\u00f8yre<\/title>\n<meta name=\"robots\" content=\"index, follow, max-snippet:-1, max-image-preview:large, max-video-preview:-1\" \/>\n<link rel=\"canonical\" href=\"https:\/\/hoyre.no\/arendal\/arrangementer\/er-samfunnet-i-utakt-med-utviklingen\/\" \/>\n<meta property=\"og:locale\" content=\"nb_NO\" \/>\n<meta property=\"og:type\" content=\"article\" \/>\n<meta property=\"og:title\" content=\"Er samfunnet i utakt med utviklingen? - Arendal H\u00f8yre\" \/>\n<meta property=\"og:url\" content=\"https:\/\/hoyre.no\/arendal\/arrangementer\/er-samfunnet-i-utakt-med-utviklingen\/\" \/>\n<meta property=\"og:site_name\" content=\"Arendal H\u00f8yre\" \/>\n<meta property=\"article:modified_time\" content=\"2026-03-11T12:26:14+00:00\" \/>\n<meta property=\"og:image\" content=\"https:\/\/hoyre.no\/content\/uploads\/sites\/41\/2023\/08\/Haagen-Nina-Linda-1024x789.jpg\" \/>\n<meta name=\"twitter:card\" content=\"summary_large_image\" \/>\n<meta name=\"twitter:label1\" content=\"Ansl. lesetid\" \/>\n\t<meta name=\"twitter:data1\" content=\"1 minutt\" \/>\n<script type=\"application\/ld+json\" class=\"yoast-schema-graph\">{\"@context\":\"https:\/\/schema.org\",\"@graph\":[{\"@type\":\"WebPage\",\"@id\":\"https:\/\/hoyre.no\/arendal\/arrangementer\/er-samfunnet-i-utakt-med-utviklingen\/\",\"url\":\"https:\/\/hoyre.no\/arendal\/arrangementer\/er-samfunnet-i-utakt-med-utviklingen\/\",\"name\":\"Er samfunnet i utakt med utviklingen? - Arendal H\u00f8yre\",\"isPartOf\":{\"@id\":\"https:\/\/hoyre.no\/arendal\/#website\"},\"datePublished\":\"2026-02-03T11:18:38+00:00\",\"dateModified\":\"2026-03-11T12:26:14+00:00\",\"breadcrumb\":{\"@id\":\"https:\/\/hoyre.no\/arendal\/arrangementer\/er-samfunnet-i-utakt-med-utviklingen\/#breadcrumb\"},\"inLanguage\":\"nb-NO\",\"potentialAction\":[{\"@type\":\"ReadAction\",\"target\":[\"https:\/\/hoyre.no\/arendal\/arrangementer\/er-samfunnet-i-utakt-med-utviklingen\/\"]}]},{\"@type\":\"BreadcrumbList\",\"@id\":\"https:\/\/hoyre.no\/arendal\/arrangementer\/er-samfunnet-i-utakt-med-utviklingen\/#breadcrumb\",\"itemListElement\":[{\"@type\":\"ListItem\",\"position\":1,\"name\":\"Til hoyre.no\",\"item\":\"https:\/\/hoyre.no\"},{\"@type\":\"ListItem\",\"position\":2,\"name\":\"Hjem\",\"item\":\"https:\/\/hoyre.no\/arendal\/\"},{\"@type\":\"ListItem\",\"position\":3,\"name\":\"Arrangement\",\"item\":\"https:\/\/hoyre.no\/arendal\/arrangementer\/\"},{\"@type\":\"ListItem\",\"position\":4,\"name\":\"Er samfunnet i utakt med utviklingen?\"}]},{\"@type\":\"WebSite\",\"@id\":\"https:\/\/hoyre.no\/arendal\/#website\",\"url\":\"https:\/\/hoyre.no\/arendal\/\",\"name\":\"Arendal H\u00f8yre\",\"description\":\"Bare enda et H\u00f8yres nettsteder-nettsted\",\"inLanguage\":\"nb-NO\"}]}<\/script>\n<!-- \/ Yoast SEO plugin. -->","yoast_head_json":{"title":"Er samfunnet i utakt med utviklingen? - Arendal H\u00f8yre","robots":{"index":"index","follow":"follow","max-snippet":"max-snippet:-1","max-image-preview":"max-image-preview:large","max-video-preview":"max-video-preview:-1"},"canonical":"https:\/\/hoyre.no\/arendal\/arrangementer\/er-samfunnet-i-utakt-med-utviklingen\/","og_locale":"nb_NO","og_type":"article","og_title":"Er samfunnet i utakt med utviklingen? - Arendal H\u00f8yre","og_url":"https:\/\/hoyre.no\/arendal\/arrangementer\/er-samfunnet-i-utakt-med-utviklingen\/","og_site_name":"Arendal H\u00f8yre","article_modified_time":"2026-03-11T12:26:14+00:00","og_image":[{"url":"https:\/\/hoyre.no\/content\/uploads\/sites\/41\/2023\/08\/Haagen-Nina-Linda-1024x789.jpg","width":"","height":"","type":""}],"twitter_card":"summary_large_image","twitter_misc":{"Ansl. lesetid":"1 minutt"},"schema":{"@context":"https:\/\/schema.org","@graph":[{"@type":"WebPage","@id":"https:\/\/hoyre.no\/arendal\/arrangementer\/er-samfunnet-i-utakt-med-utviklingen\/","url":"https:\/\/hoyre.no\/arendal\/arrangementer\/er-samfunnet-i-utakt-med-utviklingen\/","name":"Er samfunnet i utakt med utviklingen? - Arendal H\u00f8yre","isPartOf":{"@id":"https:\/\/hoyre.no\/arendal\/#website"},"datePublished":"2026-02-03T11:18:38+00:00","dateModified":"2026-03-11T12:26:14+00:00","breadcrumb":{"@id":"https:\/\/hoyre.no\/arendal\/arrangementer\/er-samfunnet-i-utakt-med-utviklingen\/#breadcrumb"},"inLanguage":"nb-NO","potentialAction":[{"@type":"ReadAction","target":["https:\/\/hoyre.no\/arendal\/arrangementer\/er-samfunnet-i-utakt-med-utviklingen\/"]}]},{"@type":"BreadcrumbList","@id":"https:\/\/hoyre.no\/arendal\/arrangementer\/er-samfunnet-i-utakt-med-utviklingen\/#breadcrumb","itemListElement":[{"@type":"ListItem","position":1,"name":"Til hoyre.no","item":"https:\/\/hoyre.no"},{"@type":"ListItem","position":2,"name":"Hjem","item":"https:\/\/hoyre.no\/arendal\/"},{"@type":"ListItem","position":3,"name":"Arrangement","item":"https:\/\/hoyre.no\/arendal\/arrangementer\/"},{"@type":"ListItem","position":4,"name":"Er samfunnet i utakt med utviklingen?"}]},{"@type":"WebSite","@id":"https:\/\/hoyre.no\/arendal\/#website","url":"https:\/\/hoyre.no\/arendal\/","name":"Arendal H\u00f8yre","description":"Bare enda et H\u00f8yres nettsteder-nettsted","inLanguage":"nb-NO"}]}},"distributor_meta":false,"distributor_terms":false,"distributor_media":false,"distributor_original_site_name":"Arendal H\u00f8yre","distributor_original_site_url":"https:\/\/hoyre.no\/arendal","push-errors":false,"_links":{"self":[{"href":"https:\/\/hoyre.no\/arendal\/wp-json\/wp\/v2\/teft-events\/780","targetHints":{"allow":["GET"]}}],"collection":[{"href":"https:\/\/hoyre.no\/arendal\/wp-json\/wp\/v2\/teft-events"}],"about":[{"href":"https:\/\/hoyre.no\/arendal\/wp-json\/wp\/v2\/types\/teft-events"}],"wp:attachment":[{"href":"https:\/\/hoyre.no\/arendal\/wp-json\/wp\/v2\/media?parent=780"}],"wp:term":[{"taxonomy":"teft-events-category","embeddable":true,"href":"https:\/\/hoyre.no\/arendal\/wp-json\/wp\/v2\/teft-events-category?post=780"}],"curies":[{"name":"wp","href":"https:\/\/api.w.org\/{rel}","templated":true}]}}