{"id":3,"date":"2021-02-17T11:21:09","date_gmt":"2021-02-17T10:21:09","guid":{"rendered":"https:\/\/hoyre.no\/arstad\/forsiden\/"},"modified":"2026-03-05T14:44:13","modified_gmt":"2026-03-05T13:44:13","slug":"forsiden","status":"publish","type":"page","link":"https:\/\/hoyre.no\/arstad\/","title":{"rendered":"Forsiden"},"content":{"rendered":"<div class=\"hero-2026 is-style-corner alignwide wp-block-hoyre-hero-2026\">\n\t\t\t<div class=\"hero-2026__image\"><img decoding=\"async\" src=\"https:\/\/hoyre.no\/content\/uploads\/sites\/387\/2025\/12\/Anne-Aurora-Bjorkly-edited.jpg\" alt=\"\" \/><\/div>\n\t\t\t\n\t\t\t<div class=\"hero-2026__content\">\n\t\t\t\t<svg width=\"101\" height=\"480\" viewBox=\"0 0 101 480\" fill=\"none\" xmlns=\"http:\/\/www.w3.org\/2000\/svg\">\n<path d=\"M6.65616 117.334C-0.295628 76.2104 -3.77152 55.6485 6.21097 39.8114C16.1935 23.9743 36.2437 18.2415 76.3441 6.77569L100.041 0L100.042 480L67.9629 480L6.65616 117.334Z\" fill=\"currentColor\" \/>\n<\/svg>\n\n\t\t\t\t<p class=\"hero-2026__subtitle\">\u00c5rstad H\u00f8yre<\/p>\n\t\t\t\t<h2 class=\"hero-2026__title\">Muligheter for alle<\/h2>\n\t\t\t\t<div class=\"hero-2026__buttons\">\n\n<div class=\"wp-block-buttons is-content-justification-center is-layout-flex wp-container-core-buttons-is-layout-16018d1d wp-block-buttons-is-layout-flex\">\n<div class=\"wp-block-button\"><a class=\"wp-block-button__link wp-element-button\" href=\"https:\/\/hoyre.no\/bli-med\/bli-medlem\/\">Bli medlem<\/a><\/div>\n<\/div>\n\n<\/div>\n\t\t\t<\/div>\n\t\t<\/div>\n\n\n<p><em>Anne Aurora Ekeland Bj\u00f8rkly er leder av bydelsforeningen \u00c5rstad H\u00f8yre, og er vara for partiet i Bergen bystyre. Vi har ogs\u00e5 Vasan Singaravel og Caroline Taule fra \u00c5rstad som er faste representanter, de sitter i henholdsvis bystyrets utvalg for barnehage, skole og idrett, og bystyrets kontrollutvalg.<\/em><\/p>\n\n\n\n\n\n\n<section class=\"wp-block-hoyre-latest-grid\">\n\t<div class=\"block-inner\">\n\t\t<header>\n\t\t\t<h2>Nyheter<\/h2>\n\t\t\t\t\t\t\t<a href=\"https:\/\/hoyre.no\/arstad\/nyheter\/\">Vis alle<\/a>\n\t\t\t\t\t<\/header>\n\t\t<div class=\"teft-cards-grid default-size-4\">\n\t\t\t<div class=\"teft-cards-item has-12-columns is-style-two-columns is-vertically-aligned-center is-aligned-center is-card-hoyre\">\n\t<div class=\"teft-card hoyre-teft-card post-teft-card\">\n\t\t<a href=\"https:\/\/hoyre.no\/arstad\/aktuelt\/styret-arstad-hoyre-25-26\/\" class=\"teft-card__primary-action\">\n\n\t\t\t\t\t<div class=\"teft-card__media teft-card__media--16-9\">\n\t\t\t\t\t\t<img loading=\"lazy\" decoding=\"async\" width=\"768\" height=\"1024\" src=\"https:\/\/hoyre.no\/content\/uploads\/sites\/387\/2025\/12\/624570308_18550743379046771_4596730750250459159_n-768x1024.jpg\" class=\"attachment-medium_large size-medium_large\" alt=\"\" \/>\t\t<\/div>\n\t\t\n\t\t\t<div class=\"teft-card__content-wrapper\">\n\t\t\t\t<div class=\"teft-card__secondary\">\n\t\t\t\t\t\n\t\t\t\t\t\t\t\t<div class=\"teft-card__meta\">\n\t\t\t\t\t\t\t\t\t<span class=\"post-date\">22. des 2025<\/span>\n\n\t\t\t\t\t\t\t\t\t<span class=\"post-category\">Ukategorisert<\/span>\t\t\t\t\t\t\t\t<\/div>\n\t\t\t\t\t\t\t\t\t\t\t<\/div>\n\n\t\t\t\t<div class=\"teft-card__primary\">\n\t\t\t\t\t<h2 class=\"teft-card__title\">Styret i \u00c5rstad H\u00f8yre for 2025-2026&nbsp;<span class=\"teft-card__primary-title-append\"><\/span><\/h2>\t\t\t\t<\/div>\n\t\t\t<\/div>\n\t\t<\/a>\n\t<\/div>\n\n\t<\/div>\t\t\t<div class=\"teft-cards-item has-6-columns  is-card-hoyre\">\n\t<div class=\"teft-card hoyre-teft-card post-teft-card\">\n\t\t<a href=\"https:\/\/hoyre.no\/2026\/04\/27\/kan-ikke-fortsette-a-gjore-ting-av-gammel-vane\/\" class=\"teft-card__primary-action\">\n\n\t\t\t\t\t<div class=\"teft-card__media teft-card__media--16-9\">\n\t\t\t<span class=\"sticker\">Nasjonal<\/span>\t\t\t<img loading=\"lazy\" decoding=\"async\" width=\"768\" height=\"687\" src=\"https:\/\/hoyre.no\/content\/uploads\/2026\/04\/Skjermbilde-2026-04-27-kl.-12.46.12-768x687.png\" class=\"attachment-medium_large size-medium_large\" alt=\"\" \/>\t\t<\/div>\n\t\t\n\t\t\t<div class=\"teft-card__content-wrapper\">\n\t\t\t\t<div class=\"teft-card__secondary\">\n\t\t\t\t\t\n\t\t\t\t\t\t\t\t<div class=\"teft-card__meta\">\n\t\t\t\t\t\t\t\t\t<span class=\"post-date\">27. apr 2026<\/span>\n\n\t\t\t\t\t\t\t\t\t\t\t\t\t\t\t\t\t<\/div>\n\t\t\t\t\t\t\t\t\t\t\t<\/div>\n\n\t\t\t\t<div class=\"teft-card__primary\">\n\t\t\t\t\t<h2 class=\"teft-card__title\">M\u00e5 t\u00f8rre \u00e5 stille sp\u00f8rsm\u00e5let \u00abhvorfor\u00bb?&nbsp;<span class=\"teft-card__primary-title-append\"><\/span><\/h2>\t\t\t\t<\/div>\n\t\t\t<\/div>\n\t\t<\/a>\n\t<\/div>\n\n\t<!-- From network 1 387--><!-- From card class --><\/div>\t\t\t<div class=\"teft-cards-item has-6-columns  is-card-hoyre\">\n\t<div class=\"teft-card hoyre-teft-card post-teft-card\">\n\t\t<a href=\"https:\/\/hoyre.no\/2026\/04\/23\/vil-ha-mer-apenhet-i-kulturpolitikken\/\" class=\"teft-card__primary-action\">\n\n\t\t\t\t\t<div class=\"teft-card__media teft-card__media--16-9\">\n\t\t\t<span class=\"sticker\">Nasjonal<\/span>\t\t\t<img loading=\"lazy\" decoding=\"async\" width=\"768\" height=\"512\" src=\"https:\/\/hoyre.no\/content\/uploads\/2026\/04\/54840688366_c09bf4b26e_k-768x512.jpg\" class=\"attachment-medium_large size-medium_large\" alt=\"Poppe\" \/>\t\t<\/div>\n\t\t\n\t\t\t<div class=\"teft-card__content-wrapper\">\n\t\t\t\t<div class=\"teft-card__secondary\">\n\t\t\t\t\t\n\t\t\t\t\t\t\t\t<div class=\"teft-card__meta\">\n\t\t\t\t\t\t\t\t\t<span class=\"post-date\">23. apr 2026<\/span>\n\n\t\t\t\t\t\t\t\t\t\t\t\t\t\t\t\t\t<\/div>\n\t\t\t\t\t\t\t\t\t\t\t<\/div>\n\n\t\t\t\t<div class=\"teft-card__primary\">\n\t\t\t\t\t<h2 class=\"teft-card__title\">H\u00f8yre vil \u00e5pne Kulturr\u00e5det \u2013 Ap sier nei&nbsp;<span class=\"teft-card__primary-title-append\"><\/span><\/h2>\t\t\t\t<\/div>\n\t\t\t<\/div>\n\t\t<\/a>\n\t<\/div>\n\n\t<!-- From network 1 387--><!-- From card class --><\/div>\t\t\t<div class=\"teft-cards-item has-4-columns is-card-hoyre\">\n\t<div class=\"teft-card hoyre-teft-card post-teft-card\">\n\t\t<a href=\"https:\/\/hoyre.no\/2026\/04\/22\/krever-grep-mot-ki-juks\/\" class=\"teft-card__primary-action\">\n\n\t\t\t\t\t<div class=\"teft-card__media teft-card__media--16-9\">\n\t\t\t<span class=\"sticker\">Nasjonal<\/span>\t\t\t<img loading=\"lazy\" decoding=\"async\" width=\"768\" height=\"511\" src=\"https:\/\/hoyre.no\/content\/uploads\/2026\/04\/Skjermbilde-2026-04-21-kl.-13.08.35-768x511.png\" class=\"attachment-medium_large size-medium_large\" alt=\"KI-juks\" \/>\t\t<\/div>\n\t\t\n\t\t\t<div class=\"teft-card__content-wrapper\">\n\t\t\t\t<div class=\"teft-card__secondary\">\n\t\t\t\t\t\n\t\t\t\t\t\t\t\t<div class=\"teft-card__meta\">\n\t\t\t\t\t\t\t\t\t<span class=\"post-date\">22. apr 2026<\/span>\n\n\t\t\t\t\t\t\t\t\t\t\t\t\t\t\t\t\t<\/div>\n\t\t\t\t\t\t\t\t\t\t\t<\/div>\n\n\t\t\t\t<div class=\"teft-card__primary\">\n\t\t\t\t\t<h2 class=\"teft-card__title\">H\u00f8yre krever grep mot KI-juks&nbsp;<span class=\"teft-card__primary-title-append\"><\/span><\/h2>\t\t\t\t<\/div>\n\t\t\t<\/div>\n\t\t<\/a>\n\t<\/div>\n\n\t<!-- From network 1 387--><!-- From card class --><\/div>\t\t\t<div class=\"teft-cards-item has-4-columns is-card-hoyre\">\n\t<div class=\"teft-card hoyre-teft-card post-teft-card\">\n\t\t<a href=\"https:\/\/hoyre.no\/2026\/04\/22\/handlingsregelen-mister-sitt-poeng\/\" class=\"teft-card__primary-action\">\n\n\t\t\t\t\t<div class=\"teft-card__media teft-card__media--16-9\">\n\t\t\t<span class=\"sticker\">Nasjonal<\/span>\t\t\t<img loading=\"lazy\" decoding=\"async\" width=\"768\" height=\"512\" src=\"https:\/\/hoyre.no\/content\/uploads\/2026\/04\/ine-768x512.jpg\" class=\"attachment-medium_large size-medium_large\" alt=\"Ine\" \/>\t\t<\/div>\n\t\t\n\t\t\t<div class=\"teft-card__content-wrapper\">\n\t\t\t\t<div class=\"teft-card__secondary\">\n\t\t\t\t\t\n\t\t\t\t\t\t\t\t<div class=\"teft-card__meta\">\n\t\t\t\t\t\t\t\t\t<span class=\"post-date\">22. apr 2026<\/span>\n\n\t\t\t\t\t\t\t\t\t\t\t\t\t\t\t\t\t<\/div>\n\t\t\t\t\t\t\t\t\t\t\t<\/div>\n\n\t\t\t\t<div class=\"teft-card__primary\">\n\t\t\t\t\t<h2 class=\"teft-card__title\">Regjeringen har glemt hovedpoenget med handlingsregelen&nbsp;<span class=\"teft-card__primary-title-append\"><\/span><\/h2>\t\t\t\t<\/div>\n\t\t\t<\/div>\n\t\t<\/a>\n\t<\/div>\n\n\t<!-- From network 1 387--><!-- From card class --><\/div>\t\t\t<div class=\"teft-cards-item has-4-columns is-card-hoyre\">\n\t<div class=\"teft-card hoyre-teft-card post-teft-card\">\n\t\t<a href=\"https:\/\/hoyre.no\/2026\/04\/21\/her-er-hoyres-tre-hovedkrav-for-forsvaret\/\" class=\"teft-card__primary-action\">\n\n\t\t\t\t\t<div class=\"teft-card__media teft-card__media--16-9\">\n\t\t\t<span class=\"sticker\">Nasjonal<\/span>\t\t\t<img loading=\"lazy\" decoding=\"async\" width=\"768\" height=\"512\" src=\"https:\/\/hoyre.no\/content\/uploads\/2026\/04\/Ine-Eriksen-Soreide-og-Peter-Frolich-med-drone-foto-Hans-Kristian-Thorbjornsen-9181-768x512.jpg\" class=\"attachment-medium_large size-medium_large\" alt=\"Peter og Ine\" \/>\t\t<\/div>\n\t\t\n\t\t\t<div class=\"teft-card__content-wrapper\">\n\t\t\t\t<div class=\"teft-card__secondary\">\n\t\t\t\t\t\n\t\t\t\t\t\t\t\t<div class=\"teft-card__meta\">\n\t\t\t\t\t\t\t\t\t<span class=\"post-date\">21. apr 2026<\/span>\n\n\t\t\t\t\t\t\t\t\t\t\t\t\t\t\t\t\t<\/div>\n\t\t\t\t\t\t\t\t\t\t\t<\/div>\n\n\t\t\t\t<div class=\"teft-card__primary\">\n\t\t\t\t\t<h2 class=\"teft-card__title\">Her er H\u00f8yres tre viktigste krav&nbsp;<span class=\"teft-card__primary-title-append\"><\/span><\/h2>\t\t\t\t<\/div>\n\t\t\t<\/div>\n\t\t<\/a>\n\t<\/div>\n\n\t<!-- From network 1 387--><!-- From card class --><\/div>\t\t\t\t\t<\/div>\n\t<\/div>\n<\/section>\n\n\n\n\n<div class=\"wp-block-hoyre-banner alignwide undefined  is-style-light\"><div class=\"banner-inner\"><figure class=\"hoyre-image-wrapper\"><div class=\"hoyre-image\"><img decoding=\"async\" loading=\"lazy\" width=\"2048\" height=\"1365\" src=\"https:\/\/hoyre.no\/content\/uploads\/2020\/09\/54483135358_f67d549a0f_k.jpg\" class=\"attachment-scaled size-scaled\" alt=\"Ine\" style=\"object-position: 47% 42%\" \/><\/div><\/figure><div class=\"banner-content\"><div class=\"entry-content\">\n<h2 class=\"wp-block-heading\" id=\"h-bli-medlem-i-hoyre\">Bli medlem i H\u00f8yre<\/h2>\n\n\n\n<p>Vil du v\u00e6re med p\u00e5 \u00e5 skape et samfunn med muligheter for alle? Bli med p\u00e5 laget. Ditt bidrag gj\u00f8r oss enda sterkere.<\/p>\n\n\n\n<div class=\"wp-block-buttons is-layout-flex wp-block-buttons-is-layout-flex\">\n<div class=\"wp-block-button\"><a class=\"wp-block-button__link wp-element-button\" href=\"https:\/\/hoyre.no\/bli-med\/bli-medlem\/\">bli medlem i h\u00f8yre<\/a><\/div>\n<\/div>\n<\/div><\/div><\/div><\/div>\n\n\n\n\n\n\n\n\n","protected":false},"excerpt":{"rendered":"<p>Anne Aurora Ekeland Bj\u00f8rkly er leder av bydelsforeningen \u00c5rstad H\u00f8yre, og er vara for partiet i Bergen bystyre. Vi har ogs\u00e5 Vasan Singaravel og Caroline Taule fra \u00c5rstad som er faste representanter, de sitter i henholdsvis bystyrets utvalg for barnehage, skole og idrett, og bystyrets kontrollutvalg.<\/p>\n","protected":false},"author":1,"featured_media":0,"parent":0,"menu_order":0,"comment_status":"closed","ping_status":"closed","template":"","meta":{"teft_cards_image_url":"","teft_cards_custom_pretitle":"","teft_cards_image_id":0,"teft_cards_image_focal_point_x":0,"teft_cards_image_focal_point_y":0,"teft_cards_title":"","teft_cards_excerpt":"","teft_show_chapters":false,"footnotes":""},"class_list":["post-3","page","type-page","status-publish","hentry"],"yoast_head":"<!-- This site is optimized with the Yoast SEO plugin v26.6 - https:\/\/yoast.com\/wordpress\/plugins\/seo\/ -->\n<title>Forsiden - \u00c5rstad H\u00f8yre<\/title>\n<meta name=\"robots\" content=\"index, follow, max-snippet:-1, max-image-preview:large, max-video-preview:-1\" \/>\n<link rel=\"canonical\" href=\"https:\/\/hoyre.no\/arstad\/\" \/>\n<meta property=\"og:locale\" content=\"nb_NO\" \/>\n<meta property=\"og:type\" content=\"article\" \/>\n<meta property=\"og:title\" content=\"Forsiden - \u00c5rstad H\u00f8yre\" \/>\n<meta property=\"og:description\" content=\"Anne Aurora Ekeland Bj\u00f8rkly er leder av bydelsforeningen \u00c5rstad H\u00f8yre, og er vara for partiet i Bergen bystyre. Vi har ogs\u00e5 Vasan Singaravel og Caroline Taule fra \u00c5rstad som er faste representanter, de sitter i henholdsvis bystyrets utvalg for barnehage, skole og idrett, og bystyrets kontrollutvalg.\" \/>\n<meta property=\"og:url\" content=\"https:\/\/hoyre.no\/arstad\/\" \/>\n<meta property=\"og:site_name\" content=\"\u00c5rstad H\u00f8yre\" \/>\n<meta property=\"article:modified_time\" content=\"2026-03-05T13:44:13+00:00\" \/>\n<meta name=\"twitter:card\" content=\"summary_large_image\" \/>\n<meta name=\"twitter:label1\" content=\"Ansl. lesetid\" \/>\n\t<meta name=\"twitter:data1\" content=\"1 minutt\" \/>\n<script type=\"application\/ld+json\" class=\"yoast-schema-graph\">{\"@context\":\"https:\/\/schema.org\",\"@graph\":[{\"@type\":\"WebPage\",\"@id\":\"https:\/\/hoyre.no\/arstad\/\",\"url\":\"https:\/\/hoyre.no\/arstad\/\",\"name\":\"Forsiden - \u00c5rstad H\u00f8yre\",\"isPartOf\":{\"@id\":\"https:\/\/hoyre.no\/arstad\/#website\"},\"datePublished\":\"2021-02-17T10:21:09+00:00\",\"dateModified\":\"2026-03-05T13:44:13+00:00\",\"breadcrumb\":{\"@id\":\"https:\/\/hoyre.no\/arstad\/#breadcrumb\"},\"inLanguage\":\"nb-NO\",\"potentialAction\":[{\"@type\":\"ReadAction\",\"target\":[\"https:\/\/hoyre.no\/arstad\/\"]}]},{\"@type\":\"BreadcrumbList\",\"@id\":\"https:\/\/hoyre.no\/arstad\/#breadcrumb\",\"itemListElement\":[{\"@type\":\"ListItem\",\"position\":1,\"name\":\"Til hoyre.no\",\"item\":\"https:\/\/hoyre.no\"},{\"@type\":\"ListItem\",\"position\":2,\"name\":\"Forsiden\"}]},{\"@type\":\"WebSite\",\"@id\":\"https:\/\/hoyre.no\/arstad\/#website\",\"url\":\"https:\/\/hoyre.no\/arstad\/\",\"name\":\"\u00c5rstad H\u00f8yre\",\"description\":\"Bare enda et H\u00f8yres nettsteder-nettsted\",\"inLanguage\":\"nb-NO\"}]}<\/script>\n<!-- \/ Yoast SEO plugin. -->","yoast_head_json":{"title":"Forsiden - \u00c5rstad H\u00f8yre","robots":{"index":"index","follow":"follow","max-snippet":"max-snippet:-1","max-image-preview":"max-image-preview:large","max-video-preview":"max-video-preview:-1"},"canonical":"https:\/\/hoyre.no\/arstad\/","og_locale":"nb_NO","og_type":"article","og_title":"Forsiden - \u00c5rstad H\u00f8yre","og_description":"Anne Aurora Ekeland Bj\u00f8rkly er leder av bydelsforeningen \u00c5rstad H\u00f8yre, og er vara for partiet i Bergen bystyre. Vi har ogs\u00e5 Vasan Singaravel og Caroline Taule fra \u00c5rstad som er faste representanter, de sitter i henholdsvis bystyrets utvalg for barnehage, skole og idrett, og bystyrets kontrollutvalg.","og_url":"https:\/\/hoyre.no\/arstad\/","og_site_name":"\u00c5rstad H\u00f8yre","article_modified_time":"2026-03-05T13:44:13+00:00","twitter_card":"summary_large_image","twitter_misc":{"Ansl. lesetid":"1 minutt"},"schema":{"@context":"https:\/\/schema.org","@graph":[{"@type":"WebPage","@id":"https:\/\/hoyre.no\/arstad\/","url":"https:\/\/hoyre.no\/arstad\/","name":"Forsiden - \u00c5rstad H\u00f8yre","isPartOf":{"@id":"https:\/\/hoyre.no\/arstad\/#website"},"datePublished":"2021-02-17T10:21:09+00:00","dateModified":"2026-03-05T13:44:13+00:00","breadcrumb":{"@id":"https:\/\/hoyre.no\/arstad\/#breadcrumb"},"inLanguage":"nb-NO","potentialAction":[{"@type":"ReadAction","target":["https:\/\/hoyre.no\/arstad\/"]}]},{"@type":"BreadcrumbList","@id":"https:\/\/hoyre.no\/arstad\/#breadcrumb","itemListElement":[{"@type":"ListItem","position":1,"name":"Til hoyre.no","item":"https:\/\/hoyre.no"},{"@type":"ListItem","position":2,"name":"Forsiden"}]},{"@type":"WebSite","@id":"https:\/\/hoyre.no\/arstad\/#website","url":"https:\/\/hoyre.no\/arstad\/","name":"\u00c5rstad H\u00f8yre","description":"Bare enda et H\u00f8yres nettsteder-nettsted","inLanguage":"nb-NO"}]}},"distributor_meta":false,"distributor_terms":false,"distributor_media":false,"distributor_original_site_name":"\u00c5rstad H\u00f8yre","distributor_original_site_url":"https:\/\/hoyre.no\/arstad","push-errors":false,"_links":{"self":[{"href":"https:\/\/hoyre.no\/arstad\/wp-json\/wp\/v2\/pages\/3","targetHints":{"allow":["GET"]}}],"collection":[{"href":"https:\/\/hoyre.no\/arstad\/wp-json\/wp\/v2\/pages"}],"about":[{"href":"https:\/\/hoyre.no\/arstad\/wp-json\/wp\/v2\/types\/page"}],"author":[{"embeddable":true,"href":"https:\/\/hoyre.no\/arstad\/wp-json\/wp\/v2\/users\/1"}],"replies":[{"embeddable":true,"href":"https:\/\/hoyre.no\/arstad\/wp-json\/wp\/v2\/comments?post=3"}],"version-history":[{"count":5,"href":"https:\/\/hoyre.no\/arstad\/wp-json\/wp\/v2\/pages\/3\/revisions"}],"predecessor-version":[{"id":72,"href":"https:\/\/hoyre.no\/arstad\/wp-json\/wp\/v2\/pages\/3\/revisions\/72"}],"wp:attachment":[{"href":"https:\/\/hoyre.no\/arstad\/wp-json\/wp\/v2\/media?parent=3"}],"curies":[{"name":"wp","href":"https:\/\/api.w.org\/{rel}","templated":true}]}}