{"id":152,"date":"2023-08-05T21:07:05","date_gmt":"2023-08-05T19:07:05","guid":{"rendered":"https:\/\/hoyre.no\/askoy\/?page_id=152"},"modified":"2025-02-21T10:15:13","modified_gmt":"2025-02-21T09:15:13","slug":"ordforerkandidat","status":"publish","type":"page","link":"https:\/\/hoyre.no\/askoy\/ordforerkandidat\/","title":{"rendered":"ordf\u00f8rer"},"content":{"rendered":"\n<div class=\"wp-block-hoyre-hero with-image-gradient text-color-light  has-media alignfull has-background\"><div class=\"hoyre-hero has-image\"><h1 class=\"title\">Yngve, v\u00e5r ordf\u00f8rer<\/h1><p class=\"preamble\">Bli bedre kjent med ordf\u00f8reren v\u00e5r.<\/p>\t\t\t<div class=\"post-meta wp-block teft-byline-wrapper\">\n\t\t\t\t<div class=\"top\">\n\t\t\t\t\t<div class=\"signature\">\n\t\t\t\t\t\t<div class=\"teft-byline\">\n\t\t\t\t\t\t\t\t\t\t\t\t\t\t<div>\n\t\t\t\t\t\t\t\t<h3>H\u00f8yres redaksjon<\/h3>\t\t\t\t\t\t\t\t\n\t\t\t\t\t\t\t\t\t\t\t\t\t\t\t\t\t<span class=\"date\">Sist oppdatert: 21. februar 2025<\/span>\n\t\t\t\t\t\t\t\t\t\t\t\t\t\t\t\t\t\t\t\t\t\t\t\t\t<span class=\"reading-time\" itemprop=\"timeRequired\" content=\"PT2M\"><em>Ca. 2 minutter lesetid<\/em><\/span>\n\t\t\t\t\t\t\t\t\t\t\t\t\t\t\t<\/div>\n\t\t\t\t\t\t<\/div>\n\t\t\t\t\t<\/div>\n\t\t\t\t\t\t<div class=\"sharing\">\n\t\t<a class=\"share-button share-link copy-link\" data-copy=\"https:\/\/hoyre.no\/askoy\/ordforerkandidat\/\" target=\"_blank\"><span class=\"screen-reader-text\">Del link<\/span><\/a>\n\t\t<a class=\"share-button share-twitter\" href=\"http:\/\/twitter.com\/share?text=ordf\u00f8rer&#038;url=https:\/\/hoyre.no\/askoy\/ordforerkandidat\/&#038;hashtags=Hoyre\" target=\"_blank\"><span class=\"screen-reader-text\">Del p\u00e5 twitter<\/span><\/a>\n\t\t<a class=\"share-button share-facebook\" href=\"https:\/\/www.facebook.com\/sharer\/sharer.php?u=https:\/\/hoyre.no\/askoy\/ordforerkandidat\/\" target=\"_blank\"><span class=\"screen-reader-text\">Del p\u00e5 facebook<\/span><\/a>\n\t<\/div>\n\t\t\t\t\t<\/div>\n\t\t\t<\/div>\n\n\t\t\t<figure class=\"hoyre-image-wrapper\"><div class=\"hoyre-image\"><img loading=\"lazy\" decoding=\"async\" width=\"1980\" height=\"1320\" src=\"https:\/\/hoyre.no\/content\/uploads\/sites\/348\/2023\/03\/DSC0392.jpg\" class=\"attachment-scaled size-scaled\" alt=\"\" style=\"object-position: 50% 50%\" srcset=\"https:\/\/hoyre.no\/content\/uploads\/sites\/348\/2023\/03\/DSC0392.jpg 1980w, https:\/\/hoyre.no\/content\/uploads\/sites\/348\/2023\/03\/DSC0392-300x200.jpg 300w, https:\/\/hoyre.no\/content\/uploads\/sites\/348\/2023\/03\/DSC0392-1024x683.jpg 1024w, https:\/\/hoyre.no\/content\/uploads\/sites\/348\/2023\/03\/DSC0392-768x512.jpg 768w, https:\/\/hoyre.no\/content\/uploads\/sites\/348\/2023\/03\/DSC0392-1536x1024.jpg 1536w\" sizes=\"auto, (max-width: 1980px) 100vw, 1980px\" \/><\/div><\/figure><\/div><\/div>\n\n\n\n\n<p>Foto: Daniel Dombrowski<\/p>\n\n\n\n\n<div class=\"wp-block-buttons is-layout-flex wp-block-buttons-is-layout-flex\">\n<div class=\"wp-block-button\"><a class=\"wp-block-button__link wp-element-button\" href=\"https:\/\/www.facebook.com\/yngve.fosse86\" target=\"_blank\" rel=\"noreferrer noopener\">Yngve p\u00e5 facebook<\/a><\/div>\n<\/div>\n\n\n\n<div class=\"wp-block-buttons is-layout-flex wp-block-buttons-is-layout-flex\"><\/div>\n\n\n\n<div class=\"wp-block-hoyre-banner undefined\"><div class=\"banner-inner\"><div class=\"banner-content\"><div class=\"entry-content\">\n<h2 class=\"wp-block-heading\" id=\"h-hvem-er-yngve\">Hvem er Yngve?<\/h2>\n\n\n\n<p class=\"has-text-align-left\"><strong>Bosted:<\/strong>&nbsp;Strusshamn<\/p>\n\n\n\n<p class=\"has-text-align-left\"><strong>Sivilstatus:<\/strong>&nbsp;Gift med Sara og far til Sigrid, Johannes og Solveig<\/p>\n\n\n\n<p class=\"has-text-align-left\"><strong>Jobb:&nbsp;<\/strong>Avdelingsleder i Equinor<\/p>\n\n\n\n<p class=\"has-text-align-left\"><strong>Bakgrunn:<\/strong>&nbsp;Utdannet sivilingeni\u00f8r og bedrifts\u00f8konom, jobbet i oljebransjen i 15 \u00e5r.<\/p>\n\n\n\n<p class=\"has-text-align-left\"><strong>Politisk erfaring:<\/strong>&nbsp;Medlem av utvalg for oppvekst i perioden 2015-19. Fast medlem i kommunestyret og formannskapet siden 2019. Gruppeleder for H\u00f8yre siden 2019.<\/p>\n\n\n\n<p class=\"has-text-align-left\"><strong>Hvorfor H\u00f8yre?&nbsp;<\/strong>Jeg \u00f8nsket \u00e5 gj\u00f8re en innsats for Ask\u00f8y da vi flyttet hit i 2014. Meldte meg inn i H\u00f8yre da jeg f\u00f8lte meg mest hjemme der. Det viktigste punktene for meg var: <\/p>\n\n\n\n<p class=\"has-text-align-left\">1. Like muligheter for alle, men samtidig erkjenne at vi har ulikt utgangspunkt. <\/p>\n\n\n\n<p class=\"has-text-align-left\">2. Vi m\u00e5 slippe alle gode krefter til ogs\u00e5 private. <\/p>\n\n\n\n<p class=\"has-text-align-left\">3. Legge til rette for n\u00e6ringsutvikling og arbeidsplasser.<\/p>\n\n\n\n<p class=\"has-text-align-left\"><strong>Fritidsinteresser:<\/strong>&nbsp;Politikk, snekkerarbeid og byggeprosjekter, trening (litt for sjelden), g\u00f8y sammen med familie og venner.<\/p>\n\n\n\n<div class=\"wp-block-buttons is-layout-flex wp-block-buttons-is-layout-flex\"><\/div>\n<\/div><\/div><\/div><\/div>\n\n\n\n<figure class=\"wp-block-image size-large\"><img loading=\"lazy\" decoding=\"async\" width=\"1024\" height=\"575\" src=\"https:\/\/hoyre.no\/content\/uploads\/sites\/348\/2023\/03\/image-1024x575.png\" alt=\"\" class=\"wp-image-81\" srcset=\"https:\/\/hoyre.no\/content\/uploads\/sites\/348\/2023\/03\/image-1024x575.png 1024w, https:\/\/hoyre.no\/content\/uploads\/sites\/348\/2023\/03\/image-300x168.png 300w, https:\/\/hoyre.no\/content\/uploads\/sites\/348\/2023\/03\/image-768x431.png 768w, https:\/\/hoyre.no\/content\/uploads\/sites\/348\/2023\/03\/image.png 1277w\" sizes=\"auto, (max-width: 1024px) 100vw, 1024px\" \/><\/figure>\n\n\n\n<h3 class=\"wp-block-heading\" id=\"h-hvorfor-stilte-du-som-ordforerkandidat-for-askoy-hoyre\"><strong>Hvorfor stilte du som ordf\u00f8rerkandidat for Ask\u00f8y H\u00f8yre?<\/strong><\/h3>\n\n\n\n<p>Det var ikke et helt enkelt valg. Ask\u00f8ypolitikken har lenge v\u00e6rt preget av harde fronter mellom partier, liten vilje til samarbeid og generelt d\u00e5rlig stemning i kommunestyret. Da jeg ble spurt trengte jeg litt tid, men jeg f\u00f8lte meg ikke ferdig med politikken. Jeg \u00f8nsker \u00e5 v\u00e6re med p\u00e5 \u00e5 endre det politiske klima p\u00e5 Ask\u00f8y, f\u00e5 tilliten tilbake til politikerne og f\u00f8re Ask\u00f8y i en positiv retning. Med st\u00f8rre vilje til samarbeid har jeg troen p\u00e5 at vi kan gj\u00f8re en forskjell p\u00e5 Ask\u00f8y.<\/p>\n\n\n\n<div class=\"wp-block-hoyre-banner alignwide undefined\"><div class=\"banner-inner\"><figure class=\"hoyre-image-wrapper\"><div class=\"hoyre-image\"><img loading=\"lazy\" decoding=\"async\" width=\"1440\" height=\"1080\" src=\"https:\/\/hoyre.no\/content\/uploads\/sites\/348\/2023\/06\/341873821_133585439579403_9201010111223839345_n.jpg\" class=\"attachment-scaled size-scaled\" alt=\"\" style=\"object-position: 50% 50%\" srcset=\"https:\/\/hoyre.no\/content\/uploads\/sites\/348\/2023\/06\/341873821_133585439579403_9201010111223839345_n.jpg 1440w, https:\/\/hoyre.no\/content\/uploads\/sites\/348\/2023\/06\/341873821_133585439579403_9201010111223839345_n-300x225.jpg 300w, https:\/\/hoyre.no\/content\/uploads\/sites\/348\/2023\/06\/341873821_133585439579403_9201010111223839345_n-1024x768.jpg 1024w, https:\/\/hoyre.no\/content\/uploads\/sites\/348\/2023\/06\/341873821_133585439579403_9201010111223839345_n-768x576.jpg 768w\" sizes=\"auto, (max-width: 1440px) 100vw, 1440px\" \/><\/div><\/figure><div class=\"banner-content\"><div class=\"entry-content\">\n<h2 class=\"wp-block-heading\" id=\"h-vil-du-vite-mer-om-var-politikk\">Vil du vite mer om v\u00e5r politikk?<\/h2>\n\n\n\n<p>Her er 10 gode grunner til hvorfor du b\u00f8r stemme p\u00e5 H\u00f8yre p\u00e5 Ask\u00f8y \ud83d\udc47<\/p>\n\n\n\n<div class=\"wp-block-buttons is-layout-flex wp-block-buttons-is-layout-flex\">\n<div class=\"wp-block-button\"><a class=\"wp-block-button__link wp-element-button\" href=\"https:\/\/hoyre.no\/askoy\/10-gode-grunner-til-a-stemme-hoyre-pa-askoy\/\">trykk her for \u00e5 lese mer<\/a><\/div>\n<\/div>\n<\/div><\/div><\/div><\/div>\n","protected":false},"excerpt":{"rendered":"<p>Hvorfor stilte du som ordf\u00f8rerkandidat for Ask\u00f8y H\u00f8yre? Det var ikke et helt enkelt valg. Ask\u00f8ypolitikken har lenge v\u00e6rt preget av harde fronter mellom partier, liten vilje til samarbeid og generelt d\u00e5rlig stemning i kommunestyret. Da jeg ble spurt trengte jeg litt tid, men jeg f\u00f8lte meg ikke ferdig med politikken. Jeg \u00f8nsker \u00e5 v\u00e6re [&hellip;]<\/p>\n","protected":false},"author":24723,"featured_media":0,"parent":0,"menu_order":0,"comment_status":"closed","ping_status":"closed","template":"","meta":{"teft_cards_image_url":"","teft_cards_custom_pretitle":"","teft_cards_image_id":0,"teft_cards_image_focal_point_x":0,"teft_cards_image_focal_point_y":0,"teft_cards_title":"","teft_cards_excerpt":"","teft_show_chapters":false,"footnotes":""},"class_list":["post-152","page","type-page","status-publish","hentry"],"yoast_head":"<!-- This site is optimized with the Yoast SEO plugin v26.6 - https:\/\/yoast.com\/wordpress\/plugins\/seo\/ -->\n<title>ordf\u00f8rer - Ask\u00f8y H\u00f8yre<\/title>\n<meta name=\"robots\" content=\"index, follow, max-snippet:-1, max-image-preview:large, max-video-preview:-1\" \/>\n<link rel=\"canonical\" href=\"https:\/\/hoyre.no\/askoy\/ordforerkandidat\/\" \/>\n<meta property=\"og:locale\" content=\"nb_NO\" \/>\n<meta property=\"og:type\" content=\"article\" \/>\n<meta property=\"og:title\" content=\"ordf\u00f8rer - Ask\u00f8y H\u00f8yre\" \/>\n<meta property=\"og:description\" content=\"Hvorfor stilte du som ordf\u00f8rerkandidat for Ask\u00f8y H\u00f8yre? Det var ikke et helt enkelt valg. Ask\u00f8ypolitikken har lenge v\u00e6rt preget av harde fronter mellom partier, liten vilje til samarbeid og generelt d\u00e5rlig stemning i kommunestyret. Da jeg ble spurt trengte jeg litt tid, men jeg f\u00f8lte meg ikke ferdig med politikken. Jeg \u00f8nsker \u00e5 v\u00e6re [&hellip;]\" \/>\n<meta property=\"og:url\" content=\"https:\/\/hoyre.no\/askoy\/ordforerkandidat\/\" \/>\n<meta property=\"og:site_name\" content=\"Ask\u00f8y H\u00f8yre\" \/>\n<meta property=\"article:modified_time\" content=\"2025-02-21T09:15:13+00:00\" \/>\n<meta property=\"og:image\" content=\"https:\/\/hoyre.no\/content\/uploads\/sites\/348\/2023\/03\/image-1024x575.png\" \/>\n<meta name=\"twitter:card\" content=\"summary_large_image\" \/>\n<meta name=\"twitter:label1\" content=\"Ansl. lesetid\" \/>\n\t<meta name=\"twitter:data1\" content=\"2 minutter\" \/>\n<script type=\"application\/ld+json\" class=\"yoast-schema-graph\">{\"@context\":\"https:\/\/schema.org\",\"@graph\":[{\"@type\":\"WebPage\",\"@id\":\"https:\/\/hoyre.no\/askoy\/ordforerkandidat\/\",\"url\":\"https:\/\/hoyre.no\/askoy\/ordforerkandidat\/\",\"name\":\"ordf\u00f8rer - Ask\u00f8y H\u00f8yre\",\"isPartOf\":{\"@id\":\"https:\/\/hoyre.no\/askoy\/#website\"},\"image\":{\"@id\":\"https:\/\/hoyre.no\/askoy\/ordforerkandidat\/#primaryimage\"},\"thumbnailUrl\":\"https:\/\/hoyre.no\/content\/uploads\/sites\/348\/2023\/03\/image-1024x575.png\",\"datePublished\":\"2023-08-05T19:07:05+00:00\",\"dateModified\":\"2025-02-21T09:15:13+00:00\",\"breadcrumb\":{\"@id\":\"https:\/\/hoyre.no\/askoy\/ordforerkandidat\/#breadcrumb\"},\"inLanguage\":\"nb-NO\",\"potentialAction\":[{\"@type\":\"ReadAction\",\"target\":[\"https:\/\/hoyre.no\/askoy\/ordforerkandidat\/\"]}]},{\"@type\":\"ImageObject\",\"inLanguage\":\"nb-NO\",\"@id\":\"https:\/\/hoyre.no\/askoy\/ordforerkandidat\/#primaryimage\",\"url\":\"https:\/\/hoyre.no\/content\/uploads\/sites\/348\/2023\/03\/image-1024x575.png\",\"contentUrl\":\"https:\/\/hoyre.no\/content\/uploads\/sites\/348\/2023\/03\/image-1024x575.png\"},{\"@type\":\"BreadcrumbList\",\"@id\":\"https:\/\/hoyre.no\/askoy\/ordforerkandidat\/#breadcrumb\",\"itemListElement\":[{\"@type\":\"ListItem\",\"position\":1,\"name\":\"Til hoyre.no\",\"item\":\"https:\/\/hoyre.no\"},{\"@type\":\"ListItem\",\"position\":2,\"name\":\"Hjem\",\"item\":\"https:\/\/hoyre.no\/askoy\/\"},{\"@type\":\"ListItem\",\"position\":3,\"name\":\"ordf\u00f8rer\"}]},{\"@type\":\"WebSite\",\"@id\":\"https:\/\/hoyre.no\/askoy\/#website\",\"url\":\"https:\/\/hoyre.no\/askoy\/\",\"name\":\"Ask\u00f8y H\u00f8yre\",\"description\":\"Bare enda et H\u00f8yres nettsteder-nettsted\",\"inLanguage\":\"nb-NO\"}]}<\/script>\n<!-- \/ Yoast SEO plugin. -->","yoast_head_json":{"title":"ordf\u00f8rer - Ask\u00f8y H\u00f8yre","robots":{"index":"index","follow":"follow","max-snippet":"max-snippet:-1","max-image-preview":"max-image-preview:large","max-video-preview":"max-video-preview:-1"},"canonical":"https:\/\/hoyre.no\/askoy\/ordforerkandidat\/","og_locale":"nb_NO","og_type":"article","og_title":"ordf\u00f8rer - Ask\u00f8y H\u00f8yre","og_description":"Hvorfor stilte du som ordf\u00f8rerkandidat for Ask\u00f8y H\u00f8yre? Det var ikke et helt enkelt valg. Ask\u00f8ypolitikken har lenge v\u00e6rt preget av harde fronter mellom partier, liten vilje til samarbeid og generelt d\u00e5rlig stemning i kommunestyret. Da jeg ble spurt trengte jeg litt tid, men jeg f\u00f8lte meg ikke ferdig med politikken. Jeg \u00f8nsker \u00e5 v\u00e6re [&hellip;]","og_url":"https:\/\/hoyre.no\/askoy\/ordforerkandidat\/","og_site_name":"Ask\u00f8y H\u00f8yre","article_modified_time":"2025-02-21T09:15:13+00:00","og_image":[{"url":"https:\/\/hoyre.no\/content\/uploads\/sites\/348\/2023\/03\/image-1024x575.png","type":"","width":"","height":""}],"twitter_card":"summary_large_image","twitter_misc":{"Ansl. lesetid":"2 minutter"},"schema":{"@context":"https:\/\/schema.org","@graph":[{"@type":"WebPage","@id":"https:\/\/hoyre.no\/askoy\/ordforerkandidat\/","url":"https:\/\/hoyre.no\/askoy\/ordforerkandidat\/","name":"ordf\u00f8rer - Ask\u00f8y H\u00f8yre","isPartOf":{"@id":"https:\/\/hoyre.no\/askoy\/#website"},"image":{"@id":"https:\/\/hoyre.no\/askoy\/ordforerkandidat\/#primaryimage"},"thumbnailUrl":"https:\/\/hoyre.no\/content\/uploads\/sites\/348\/2023\/03\/image-1024x575.png","datePublished":"2023-08-05T19:07:05+00:00","dateModified":"2025-02-21T09:15:13+00:00","breadcrumb":{"@id":"https:\/\/hoyre.no\/askoy\/ordforerkandidat\/#breadcrumb"},"inLanguage":"nb-NO","potentialAction":[{"@type":"ReadAction","target":["https:\/\/hoyre.no\/askoy\/ordforerkandidat\/"]}]},{"@type":"ImageObject","inLanguage":"nb-NO","@id":"https:\/\/hoyre.no\/askoy\/ordforerkandidat\/#primaryimage","url":"https:\/\/hoyre.no\/content\/uploads\/sites\/348\/2023\/03\/image-1024x575.png","contentUrl":"https:\/\/hoyre.no\/content\/uploads\/sites\/348\/2023\/03\/image-1024x575.png"},{"@type":"BreadcrumbList","@id":"https:\/\/hoyre.no\/askoy\/ordforerkandidat\/#breadcrumb","itemListElement":[{"@type":"ListItem","position":1,"name":"Til hoyre.no","item":"https:\/\/hoyre.no"},{"@type":"ListItem","position":2,"name":"Hjem","item":"https:\/\/hoyre.no\/askoy\/"},{"@type":"ListItem","position":3,"name":"ordf\u00f8rer"}]},{"@type":"WebSite","@id":"https:\/\/hoyre.no\/askoy\/#website","url":"https:\/\/hoyre.no\/askoy\/","name":"Ask\u00f8y H\u00f8yre","description":"Bare enda et H\u00f8yres nettsteder-nettsted","inLanguage":"nb-NO"}]}},"distributor_meta":false,"distributor_terms":false,"distributor_media":false,"distributor_original_site_name":"Ask\u00f8y H\u00f8yre","distributor_original_site_url":"https:\/\/hoyre.no\/askoy","push-errors":false,"_links":{"self":[{"href":"https:\/\/hoyre.no\/askoy\/wp-json\/wp\/v2\/pages\/152","targetHints":{"allow":["GET"]}}],"collection":[{"href":"https:\/\/hoyre.no\/askoy\/wp-json\/wp\/v2\/pages"}],"about":[{"href":"https:\/\/hoyre.no\/askoy\/wp-json\/wp\/v2\/types\/page"}],"author":[{"embeddable":true,"href":"https:\/\/hoyre.no\/askoy\/wp-json\/wp\/v2\/users\/24723"}],"replies":[{"embeddable":true,"href":"https:\/\/hoyre.no\/askoy\/wp-json\/wp\/v2\/comments?post=152"}],"version-history":[{"count":10,"href":"https:\/\/hoyre.no\/askoy\/wp-json\/wp\/v2\/pages\/152\/revisions"}],"predecessor-version":[{"id":200,"href":"https:\/\/hoyre.no\/askoy\/wp-json\/wp\/v2\/pages\/152\/revisions\/200"}],"wp:attachment":[{"href":"https:\/\/hoyre.no\/askoy\/wp-json\/wp\/v2\/media?parent=152"}],"curies":[{"name":"wp","href":"https:\/\/api.w.org\/{rel}","templated":true}]}}