{"id":112,"date":"2021-02-11T22:01:58","date_gmt":"2021-02-11T21:01:58","guid":{"rendered":"https:\/\/hoyre.no\/austevoll\/?post_type=teft-events&#038;p=112"},"modified":"2021-02-12T10:42:24","modified_gmt":"2021-02-12T09:42:24","slug":"digitalt-medlemsmote-med-ove-trellevik","status":"publish","type":"teft-events","link":"https:\/\/hoyre.no\/austevoll\/arrangementer\/digitalt-medlemsmote-med-ove-trellevik\/","title":{"rendered":"Digitalt medlemsm\u00f8te med Ove Trellevik"},"content":{"rendered":"\n<div class=\"wp-block-teft-event-top\">\n\n<div class=\"teft-event-date-top\">\n<div class=\"teft-event-date-wrapper\">\n\t<div class=\"date-square\" aria-hidden=\"true\">\n\t\t23\t\t\t<\/div>\n<\/div>\n\t<div class=\"top-text\">\n\t\t\t\t\t<p class=\"top-date-text\">tysdag 23. mars 2021<\/p>\n\t\t\t\t\t\t\t<p class=\"top-time-text\">19:00 &#8211; 20:30<\/p>\n\t\t\t\t\t\t<\/div>\n\t\t<div class=\"sharing\">\n\t\t<a class=\"share-button share-link copy-link\" data-copy=\"https:\/\/hoyre.no\/austevoll\/arrangementer\/digitalt-medlemsmote-med-ove-trellevik\/\" target=\"_blank\"><span class=\"screen-reader-text\">Del link<\/span><\/a>\n\t\t<a class=\"share-button share-twitter\" href=\"http:\/\/twitter.com\/share?text=Digitalt medlemsm\u00f8te med Ove Trellevik&#038;url=https:\/\/hoyre.no\/austevoll\/arrangementer\/digitalt-medlemsmote-med-ove-trellevik\/&#038;hashtags=Hoyre\" target=\"_blank\"><span class=\"screen-reader-text\">Del p\u00e5 twitter<\/span><\/a>\n\t\t<a class=\"share-button share-facebook\" href=\"https:\/\/www.facebook.com\/sharer\/sharer.php?u=https:\/\/hoyre.no\/austevoll\/arrangementer\/digitalt-medlemsmote-med-ove-trellevik\/\" target=\"_blank\"><span class=\"screen-reader-text\">Del p\u00e5 facebook<\/span><\/a>\n\t<\/div>\n\t<\/div>\n<p class=\"preamble\">Stortingsrepresentant Ove Trellevik held innleiing p\u00e5 medlemsm\u00f8te i Austevoll H\u00f8gre. Vel m\u00f8tt!<\/p><figure class=\"hoyre-image-wrapper\"><div class=\"hoyre-image\"><img loading=\"lazy\" decoding=\"async\" width=\"1512\" height=\"2016\" src=\"https:\/\/hoyre.no\/content\/uploads\/sites\/350\/2021\/02\/Ove-Trellevik-Morten-Storebo-Anita-Melingen-Arild-Sivertsen.jpg\" class=\"attachment-scaled size-scaled\" alt=\"\" style=\"object-position: 50% 50%\" srcset=\"https:\/\/hoyre.no\/content\/uploads\/sites\/350\/2021\/02\/Ove-Trellevik-Morten-Storebo-Anita-Melingen-Arild-Sivertsen.jpg 1512w, https:\/\/hoyre.no\/content\/uploads\/sites\/350\/2021\/02\/Ove-Trellevik-Morten-Storebo-Anita-Melingen-Arild-Sivertsen-225x300.jpg 225w, https:\/\/hoyre.no\/content\/uploads\/sites\/350\/2021\/02\/Ove-Trellevik-Morten-Storebo-Anita-Melingen-Arild-Sivertsen-768x1024.jpg 768w, https:\/\/hoyre.no\/content\/uploads\/sites\/350\/2021\/02\/Ove-Trellevik-Morten-Storebo-Anita-Melingen-Arild-Sivertsen-1152x1536.jpg 1152w\" sizes=\"auto, (max-width: 1512px) 100vw, 1512px\" \/><\/div><\/figure>\n\n<div class=\"panel teft-details-panel\">\n\t\t<h3>Detaljer<\/h3>\n\n\t\t\t\t\t\t\t<dl class=\"info-misc-with-icons\">\n\t\t<dt class=\"time\"><span class=\"screen-reader-text\">Arrangement dato<\/span><\/dt>\n\t\t<dd class=\"time\">\n\t\t\ttys 23. mars 2021 fr\u00e5  19:00 &#8211; 20:30\t\t<\/dd>\n\t<\/dl>\n\t\t\t\t\t\t<dl class=\"info-misc-with-icons\">\n\t\t<dt class=\"registration\"><span class=\"screen-reader-text\">P\u00e5meldingsdetajer<\/span><\/dt>\n\t\t<dd class=\"registration\">\n\t\t\tGratis\t\t\t\t\t<\/dd>\n\t<\/dl>\n\t\t<\/dl>\n<\/div>\n<\/div>\n\n\n\n\n<h2 class=\"wp-block-heading\">Informasjon<\/h2>\n\n\n\n<p>Austevoll H\u00f8gre inviterer alle medlemmar til eit digitalt medlemsm\u00f8te. Stortingsrepresentant Ove Trellevik skal innleie til debatt.<\/p>\n\n\n\n<p>Ordf\u00f8rar Morten Storeb\u00f8 skal orientere om Austevollspakken.<\/p>\n\n\n\n<p>Alle medlemar i Austevoll H\u00f8gre er hjarteleg velkomne til \u00e5 delta.<\/p>\n\n\n<div class=\"post-meta wp-block\">\n\t<div class=\"top\">\n\t\t<div class=\"sharing\">\n\t\t\t<a class=\"share-button share-link\" target=\"_blank\"><span class=\"screen-reader-text\">Del link<\/span><\/a>\n\t\t\t<a class=\"share-button share-twitter\" href=\"http:\/\/twitter.com\/share?text=Digitalt medlemsm\u00f8te med Ove Trellevik&#038;url=https:\/\/hoyre.no\/austevoll\/arrangementer\/digitalt-medlemsmote-med-ove-trellevik\/&#038;hashtags=Hoyre\"><span class=\"screen-reader-text\">Del p\u00e5 twitter<\/span><\/a>\n\t\t\t<a class=\"share-button share-facebook\" href=\"https:\/\/www.facebook.com\/sharer\/sharer.php?u=https:\/\/hoyre.no\/austevoll\/arrangementer\/digitalt-medlemsmote-med-ove-trellevik\/\" target=\"_blank\"><span class=\"screen-reader-text\">Del p\u00e5 facebook<\/span><\/a>\n\t\t<\/div>\n\t<\/div>\n<\/div>\n","protected":false},"template":"","meta":{"teft_cards_image_url":"","teft_cards_custom_pretitle":"","teft_cards_image_id":116,"teft_cards_image_focal_point_x":0.5,"teft_cards_image_focal_point_y":0.5,"teft_cards_title":"","teft_cards_excerpt":"","teft_show_chapters":false,"event_organizer":[],"event_start_date":"2021-03-23T19:00:00","event_end_date":"2021-03-23T20:30:00","event_registration_url":"","event_registration_deadline":"","event_ticket_cost":"Gratis","event_venue_name":"","event_venue_url":"","event_venue_address":"Microsoft Teams"},"teft-events-category":[],"class_list":["post-112","teft-events","type-teft-events","status-publish","hentry"],"yoast_head":"<!-- This site is optimized with the Yoast SEO plugin v26.6 - https:\/\/yoast.com\/wordpress\/plugins\/seo\/ -->\n<title>Digitalt medlemsm\u00f8te med Ove Trellevik - Austevoll H\u00f8gre<\/title>\n<meta name=\"robots\" content=\"index, follow, max-snippet:-1, max-image-preview:large, max-video-preview:-1\" \/>\n<link rel=\"canonical\" href=\"https:\/\/hoyre.no\/austevoll\/arrangementer\/digitalt-medlemsmote-med-ove-trellevik\/\" \/>\n<meta property=\"og:locale\" content=\"nn_NO\" \/>\n<meta property=\"og:type\" content=\"article\" \/>\n<meta property=\"og:title\" content=\"Digitalt medlemsm\u00f8te med Ove Trellevik - Austevoll H\u00f8gre\" \/>\n<meta property=\"og:url\" content=\"https:\/\/hoyre.no\/austevoll\/arrangementer\/digitalt-medlemsmote-med-ove-trellevik\/\" \/>\n<meta property=\"og:site_name\" content=\"Austevoll H\u00f8gre\" \/>\n<meta property=\"article:modified_time\" content=\"2021-02-12T09:42:24+00:00\" \/>\n<meta property=\"og:image\" content=\"https:\/\/hoyre.no\/content\/uploads\/sites\/350\/2021\/02\/Ove-Trellevik-Morten-Storebo-Anita-Melingen-Arild-Sivertsen-768x1024.jpg\" \/>\n<meta name=\"twitter:card\" content=\"summary_large_image\" \/>\n<script type=\"application\/ld+json\" class=\"yoast-schema-graph\">{\"@context\":\"https:\/\/schema.org\",\"@graph\":[{\"@type\":\"WebPage\",\"@id\":\"https:\/\/hoyre.no\/austevoll\/arrangementer\/digitalt-medlemsmote-med-ove-trellevik\/\",\"url\":\"https:\/\/hoyre.no\/austevoll\/arrangementer\/digitalt-medlemsmote-med-ove-trellevik\/\",\"name\":\"Digitalt medlemsm\u00f8te med Ove Trellevik - Austevoll H\u00f8gre\",\"isPartOf\":{\"@id\":\"https:\/\/hoyre.no\/austevoll\/#website\"},\"datePublished\":\"2021-02-11T21:01:58+00:00\",\"dateModified\":\"2021-02-12T09:42:24+00:00\",\"breadcrumb\":{\"@id\":\"https:\/\/hoyre.no\/austevoll\/arrangementer\/digitalt-medlemsmote-med-ove-trellevik\/#breadcrumb\"},\"inLanguage\":\"nn-NO\",\"potentialAction\":[{\"@type\":\"ReadAction\",\"target\":[\"https:\/\/hoyre.no\/austevoll\/arrangementer\/digitalt-medlemsmote-med-ove-trellevik\/\"]}]},{\"@type\":\"BreadcrumbList\",\"@id\":\"https:\/\/hoyre.no\/austevoll\/arrangementer\/digitalt-medlemsmote-med-ove-trellevik\/#breadcrumb\",\"itemListElement\":[{\"@type\":\"ListItem\",\"position\":1,\"name\":\"Til hoyre.no\",\"item\":\"https:\/\/hoyre.no\"},{\"@type\":\"ListItem\",\"position\":2,\"name\":\"Hjem\",\"item\":\"https:\/\/hoyre.no\/austevoll\/\"},{\"@type\":\"ListItem\",\"position\":3,\"name\":\"Arrangement\",\"item\":\"https:\/\/hoyre.no\/austevoll\/arrangementer\/\"},{\"@type\":\"ListItem\",\"position\":4,\"name\":\"Digitalt medlemsm\u00f8te med Ove Trellevik\"}]},{\"@type\":\"WebSite\",\"@id\":\"https:\/\/hoyre.no\/austevoll\/#website\",\"url\":\"https:\/\/hoyre.no\/austevoll\/\",\"name\":\"Austevoll H\u00f8gre\",\"description\":\"Bare enda et H\u00f8yres nettsteder-nettsted\",\"inLanguage\":\"nn-NO\"}]}<\/script>\n<!-- \/ Yoast SEO plugin. -->","yoast_head_json":{"title":"Digitalt medlemsm\u00f8te med Ove Trellevik - Austevoll H\u00f8gre","robots":{"index":"index","follow":"follow","max-snippet":"max-snippet:-1","max-image-preview":"max-image-preview:large","max-video-preview":"max-video-preview:-1"},"canonical":"https:\/\/hoyre.no\/austevoll\/arrangementer\/digitalt-medlemsmote-med-ove-trellevik\/","og_locale":"nn_NO","og_type":"article","og_title":"Digitalt medlemsm\u00f8te med Ove Trellevik - Austevoll H\u00f8gre","og_url":"https:\/\/hoyre.no\/austevoll\/arrangementer\/digitalt-medlemsmote-med-ove-trellevik\/","og_site_name":"Austevoll H\u00f8gre","article_modified_time":"2021-02-12T09:42:24+00:00","og_image":[{"url":"https:\/\/hoyre.no\/content\/uploads\/sites\/350\/2021\/02\/Ove-Trellevik-Morten-Storebo-Anita-Melingen-Arild-Sivertsen-768x1024.jpg","width":"","height":"","type":""}],"twitter_card":"summary_large_image","schema":{"@context":"https:\/\/schema.org","@graph":[{"@type":"WebPage","@id":"https:\/\/hoyre.no\/austevoll\/arrangementer\/digitalt-medlemsmote-med-ove-trellevik\/","url":"https:\/\/hoyre.no\/austevoll\/arrangementer\/digitalt-medlemsmote-med-ove-trellevik\/","name":"Digitalt medlemsm\u00f8te med Ove Trellevik - Austevoll H\u00f8gre","isPartOf":{"@id":"https:\/\/hoyre.no\/austevoll\/#website"},"datePublished":"2021-02-11T21:01:58+00:00","dateModified":"2021-02-12T09:42:24+00:00","breadcrumb":{"@id":"https:\/\/hoyre.no\/austevoll\/arrangementer\/digitalt-medlemsmote-med-ove-trellevik\/#breadcrumb"},"inLanguage":"nn-NO","potentialAction":[{"@type":"ReadAction","target":["https:\/\/hoyre.no\/austevoll\/arrangementer\/digitalt-medlemsmote-med-ove-trellevik\/"]}]},{"@type":"BreadcrumbList","@id":"https:\/\/hoyre.no\/austevoll\/arrangementer\/digitalt-medlemsmote-med-ove-trellevik\/#breadcrumb","itemListElement":[{"@type":"ListItem","position":1,"name":"Til hoyre.no","item":"https:\/\/hoyre.no"},{"@type":"ListItem","position":2,"name":"Hjem","item":"https:\/\/hoyre.no\/austevoll\/"},{"@type":"ListItem","position":3,"name":"Arrangement","item":"https:\/\/hoyre.no\/austevoll\/arrangementer\/"},{"@type":"ListItem","position":4,"name":"Digitalt medlemsm\u00f8te med Ove Trellevik"}]},{"@type":"WebSite","@id":"https:\/\/hoyre.no\/austevoll\/#website","url":"https:\/\/hoyre.no\/austevoll\/","name":"Austevoll H\u00f8gre","description":"Bare enda et H\u00f8yres nettsteder-nettsted","inLanguage":"nn-NO"}]}},"distributor_meta":false,"distributor_terms":false,"distributor_media":false,"distributor_original_site_name":"Austevoll H\u00f8gre","distributor_original_site_url":"https:\/\/hoyre.no\/austevoll","push-errors":false,"_links":{"self":[{"href":"https:\/\/hoyre.no\/austevoll\/wp-json\/wp\/v2\/teft-events\/112","targetHints":{"allow":["GET"]}}],"collection":[{"href":"https:\/\/hoyre.no\/austevoll\/wp-json\/wp\/v2\/teft-events"}],"about":[{"href":"https:\/\/hoyre.no\/austevoll\/wp-json\/wp\/v2\/types\/teft-events"}],"wp:attachment":[{"href":"https:\/\/hoyre.no\/austevoll\/wp-json\/wp\/v2\/media?parent=112"}],"wp:term":[{"taxonomy":"teft-events-category","embeddable":true,"href":"https:\/\/hoyre.no\/austevoll\/wp-json\/wp\/v2\/teft-events-category?post=112"}],"curies":[{"name":"wp","href":"https:\/\/api.w.org\/{rel}","templated":true}]}}