{"id":126,"date":"2021-02-24T13:03:54","date_gmt":"2021-02-24T12:03:54","guid":{"rendered":"https:\/\/hoyre.no\/austevoll\/?post_type=teft-events&#038;p=126"},"modified":"2021-08-06T12:59:05","modified_gmt":"2021-08-06T10:59:05","slug":"jubileumsmiddag","status":"publish","type":"teft-events","link":"https:\/\/hoyre.no\/austevoll\/arrangementer\/jubileumsmiddag\/","title":{"rendered":"Jubileumsmiddag!"},"content":{"rendered":"\n<div class=\"wp-block-teft-event-top\">\n\n<div class=\"teft-event-date-top\">\n<div class=\"teft-event-date-wrapper\">\n\t<div class=\"date-square\" aria-hidden=\"true\">\n\t\t20\t\t\t<\/div>\n<\/div>\n\t<div class=\"top-text\">\n\t\t\t\t\t<p class=\"top-date-text\">fredag 20. august 2021<\/p>\n\t\t\t\t\t\t\t<p class=\"top-time-text\">18:30 &#8211; 21:30<\/p>\n\t\t\t\t\t\t<\/div>\n\t\t<div class=\"sharing\">\n\t\t<a class=\"share-button share-link copy-link\" data-copy=\"https:\/\/hoyre.no\/austevoll\/arrangementer\/jubileumsmiddag\/\" target=\"_blank\"><span class=\"screen-reader-text\">Del link<\/span><\/a>\n\t\t<a class=\"share-button share-twitter\" href=\"http:\/\/twitter.com\/share?text=Jubileumsmiddag!&#038;url=https:\/\/hoyre.no\/austevoll\/arrangementer\/jubileumsmiddag\/&#038;hashtags=Hoyre\" target=\"_blank\"><span class=\"screen-reader-text\">Del p\u00e5 twitter<\/span><\/a>\n\t\t<a class=\"share-button share-facebook\" href=\"https:\/\/www.facebook.com\/sharer\/sharer.php?u=https:\/\/hoyre.no\/austevoll\/arrangementer\/jubileumsmiddag\/\" target=\"_blank\"><span class=\"screen-reader-text\">Del p\u00e5 facebook<\/span><\/a>\n\t<\/div>\n\t<\/div>\n<p class=\"preamble\">I \u00e5r er det 50 \u00e5r sidan H\u00f8gre stilte liste i Austevoll for f\u00f8rste gong. Det feirar me med ein skikkeleg jubileumsmiddag!<\/p><figure class=\"hoyre-image-wrapper\"><div class=\"hoyre-image\"><img loading=\"lazy\" decoding=\"async\" width=\"1640\" height=\"924\" src=\"https:\/\/hoyre.no\/content\/uploads\/sites\/350\/2021\/06\/174836215_3912571288781961_7884588389380495224_n.png\" class=\"attachment-scaled size-scaled\" alt=\"\" style=\"object-position: 50% 50%\" srcset=\"https:\/\/hoyre.no\/content\/uploads\/sites\/350\/2021\/06\/174836215_3912571288781961_7884588389380495224_n.png 1640w, https:\/\/hoyre.no\/content\/uploads\/sites\/350\/2021\/06\/174836215_3912571288781961_7884588389380495224_n-300x169.png 300w, https:\/\/hoyre.no\/content\/uploads\/sites\/350\/2021\/06\/174836215_3912571288781961_7884588389380495224_n-1024x577.png 1024w, https:\/\/hoyre.no\/content\/uploads\/sites\/350\/2021\/06\/174836215_3912571288781961_7884588389380495224_n-768x433.png 768w, https:\/\/hoyre.no\/content\/uploads\/sites\/350\/2021\/06\/174836215_3912571288781961_7884588389380495224_n-1536x865.png 1536w\" sizes=\"auto, (max-width: 1640px) 100vw, 1640px\" \/><\/div><\/figure>\n\n<div class=\"panel teft-details-panel\">\n\t\t<h3>Detaljer<\/h3>\n\n\t\t\t\t\t<dl class=\"info-misc-with-icons\">\n\t\t\t\t<dt class=\"venue\"><span class=\"screen-reader-text\">Stedet<\/span><\/dt>\n\t\t\t\t<dd>\n\t\t\t\t\t\t\t\t\t\t<a href=\"https:\/\/goo.gl\/maps\/oxV3MJq69m4aPEca8\">Bekkjarvik Gjestgiveri<\/a>\n\t\t\t\t\t\t\t\t\t\t\t\t\t\t\t\t<span class=\"address-line-2\">Bekkjarvik Gjestgiveri, Bekkjarvik 61, 5397 Bekkjarvik<\/span>\n\t\t\t\t\t\t\t\t\t<\/dd>\n\t\t\t<\/dl>\n\t\t\t\t\t\t\t<dl class=\"info-misc-with-icons\">\n\t\t<dt class=\"time\"><span class=\"screen-reader-text\">Arrangement dato<\/span><\/dt>\n\t\t<dd class=\"time\">\n\t\t\tfre 20. august 2021 fr\u00e5  18:30 &#8211; 21:30\t\t<\/dd>\n\t<\/dl>\n\t\t\t\t\t\t<dl class=\"info-misc-with-icons\">\n\t\t<dt class=\"registration\"><span class=\"screen-reader-text\">P\u00e5meldingsdetajer<\/span><\/dt>\n\t\t<dd class=\"registration\">\n\t\t\t950\t\t\t\t\t<\/dd>\n\t<\/dl>\n\t\t<\/dl>\n<\/div>\n<\/div>\n\n\n\n\n<h2 class=\"wp-block-heading\">Informasjon<\/h2>\n\n\n\n<p>1971 var eit tidsskilje i politikken i Austevoll. Dette var kommunevalet d\u00e5 det for f\u00f8rste gong blei stilt reine partilister. H\u00f8gre var naturlegvis blant desse.<\/p>\n\n\n\n<p>P\u00e5 dei 50 \u00e5ra som har g\u00e5tt har H\u00f8gre verkeleg sett stort preg p\u00e5 den positive utviklinga av Austevoll-samfunnet. <\/p>\n\n\n\n<p>Derfor skipar me til ein skikkeleg jubileumsmiddag for nye og gamle medlemmar i Austevoll H\u00f8gre. Statsminister Erna Solberg deltar, det same gjer justis- og beredskapsminister Monica M\u00e6land, og fleire andre gjestar fr\u00e5 Stortinget, fylkeslaget og nabokommunar.<\/p>\n\n\n\n<p>Det blir servert tre-rettarsmiddag. Eigendelen er 950 kroner.<\/p>\n\n\n\n<p>P\u00e5melding innan sundag 8. august til <a href=\"mailto:austevollhogre@gmail.com\">austevollhogre@gmail.com<\/a>.<\/p>\n\n\n<div class=\"post-meta wp-block\">\n\t<div class=\"top\">\n\t\t<div class=\"sharing\">\n\t\t\t<a class=\"share-button share-link\" target=\"_blank\"><span class=\"screen-reader-text\">Del link<\/span><\/a>\n\t\t\t<a class=\"share-button share-twitter\" href=\"http:\/\/twitter.com\/share?text=Jubileumsmiddag!&#038;url=https:\/\/hoyre.no\/austevoll\/arrangementer\/jubileumsmiddag\/&#038;hashtags=Hoyre\"><span class=\"screen-reader-text\">Del p\u00e5 twitter<\/span><\/a>\n\t\t\t<a class=\"share-button share-facebook\" href=\"https:\/\/www.facebook.com\/sharer\/sharer.php?u=https:\/\/hoyre.no\/austevoll\/arrangementer\/jubileumsmiddag\/\" target=\"_blank\"><span class=\"screen-reader-text\">Del p\u00e5 facebook<\/span><\/a>\n\t\t<\/div>\n\t<\/div>\n<\/div>\n","protected":false},"template":"","meta":{"teft_cards_image_url":"","teft_cards_custom_pretitle":"","teft_cards_image_id":176,"teft_cards_image_focal_point_x":0.5,"teft_cards_image_focal_point_y":0.5,"teft_cards_title":"","teft_cards_excerpt":"","teft_show_chapters":false,"event_organizer":[],"event_start_date":"2021-08-20T18:30:00","event_end_date":"2021-08-20T21:30:00","event_registration_url":"","event_registration_deadline":"","event_ticket_cost":"950","event_venue_name":"Bekkjarvik Gjestgiveri","event_venue_url":"https:\/\/goo.gl\/maps\/oxV3MJq69m4aPEca8","event_venue_address":"Bekkjarvik Gjestgiveri, Bekkjarvik 61, 5397 Bekkjarvik"},"teft-events-category":[],"class_list":["post-126","teft-events","type-teft-events","status-publish","hentry"],"yoast_head":"<!-- This site is optimized with the Yoast SEO plugin v26.6 - https:\/\/yoast.com\/wordpress\/plugins\/seo\/ -->\n<title>Jubileumsmiddag! - Austevoll H\u00f8gre<\/title>\n<meta name=\"robots\" content=\"index, follow, max-snippet:-1, max-image-preview:large, max-video-preview:-1\" \/>\n<link rel=\"canonical\" href=\"https:\/\/hoyre.no\/austevoll\/arrangementer\/jubileumsmiddag\/\" \/>\n<meta property=\"og:locale\" content=\"nn_NO\" \/>\n<meta property=\"og:type\" content=\"article\" \/>\n<meta property=\"og:title\" content=\"Jubileumsmiddag! - Austevoll H\u00f8gre\" \/>\n<meta property=\"og:url\" content=\"https:\/\/hoyre.no\/austevoll\/arrangementer\/jubileumsmiddag\/\" \/>\n<meta property=\"og:site_name\" content=\"Austevoll H\u00f8gre\" \/>\n<meta property=\"article:modified_time\" content=\"2021-08-06T10:59:05+00:00\" \/>\n<meta property=\"og:image\" content=\"https:\/\/hoyre.no\/content\/uploads\/sites\/350\/2021\/06\/174836215_3912571288781961_7884588389380495224_n-1024x577.png\" \/>\n<meta name=\"twitter:card\" content=\"summary_large_image\" \/>\n<meta name=\"twitter:label1\" content=\"Est. reading time\" \/>\n\t<meta name=\"twitter:data1\" content=\"1 minutt\" \/>\n<script type=\"application\/ld+json\" class=\"yoast-schema-graph\">{\"@context\":\"https:\/\/schema.org\",\"@graph\":[{\"@type\":\"WebPage\",\"@id\":\"https:\/\/hoyre.no\/austevoll\/arrangementer\/jubileumsmiddag\/\",\"url\":\"https:\/\/hoyre.no\/austevoll\/arrangementer\/jubileumsmiddag\/\",\"name\":\"Jubileumsmiddag! - Austevoll H\u00f8gre\",\"isPartOf\":{\"@id\":\"https:\/\/hoyre.no\/austevoll\/#website\"},\"datePublished\":\"2021-02-24T12:03:54+00:00\",\"dateModified\":\"2021-08-06T10:59:05+00:00\",\"breadcrumb\":{\"@id\":\"https:\/\/hoyre.no\/austevoll\/arrangementer\/jubileumsmiddag\/#breadcrumb\"},\"inLanguage\":\"nn-NO\",\"potentialAction\":[{\"@type\":\"ReadAction\",\"target\":[\"https:\/\/hoyre.no\/austevoll\/arrangementer\/jubileumsmiddag\/\"]}]},{\"@type\":\"BreadcrumbList\",\"@id\":\"https:\/\/hoyre.no\/austevoll\/arrangementer\/jubileumsmiddag\/#breadcrumb\",\"itemListElement\":[{\"@type\":\"ListItem\",\"position\":1,\"name\":\"Til hoyre.no\",\"item\":\"https:\/\/hoyre.no\"},{\"@type\":\"ListItem\",\"position\":2,\"name\":\"Hjem\",\"item\":\"https:\/\/hoyre.no\/austevoll\/\"},{\"@type\":\"ListItem\",\"position\":3,\"name\":\"Arrangement\",\"item\":\"https:\/\/hoyre.no\/austevoll\/arrangementer\/\"},{\"@type\":\"ListItem\",\"position\":4,\"name\":\"Jubileumsmiddag!\"}]},{\"@type\":\"WebSite\",\"@id\":\"https:\/\/hoyre.no\/austevoll\/#website\",\"url\":\"https:\/\/hoyre.no\/austevoll\/\",\"name\":\"Austevoll H\u00f8gre\",\"description\":\"Bare enda et H\u00f8yres nettsteder-nettsted\",\"inLanguage\":\"nn-NO\"}]}<\/script>\n<!-- \/ Yoast SEO plugin. -->","yoast_head_json":{"title":"Jubileumsmiddag! - Austevoll H\u00f8gre","robots":{"index":"index","follow":"follow","max-snippet":"max-snippet:-1","max-image-preview":"max-image-preview:large","max-video-preview":"max-video-preview:-1"},"canonical":"https:\/\/hoyre.no\/austevoll\/arrangementer\/jubileumsmiddag\/","og_locale":"nn_NO","og_type":"article","og_title":"Jubileumsmiddag! - Austevoll H\u00f8gre","og_url":"https:\/\/hoyre.no\/austevoll\/arrangementer\/jubileumsmiddag\/","og_site_name":"Austevoll H\u00f8gre","article_modified_time":"2021-08-06T10:59:05+00:00","og_image":[{"url":"https:\/\/hoyre.no\/content\/uploads\/sites\/350\/2021\/06\/174836215_3912571288781961_7884588389380495224_n-1024x577.png","width":"","height":"","type":""}],"twitter_card":"summary_large_image","twitter_misc":{"Est. reading time":"1 minutt"},"schema":{"@context":"https:\/\/schema.org","@graph":[{"@type":"WebPage","@id":"https:\/\/hoyre.no\/austevoll\/arrangementer\/jubileumsmiddag\/","url":"https:\/\/hoyre.no\/austevoll\/arrangementer\/jubileumsmiddag\/","name":"Jubileumsmiddag! - Austevoll H\u00f8gre","isPartOf":{"@id":"https:\/\/hoyre.no\/austevoll\/#website"},"datePublished":"2021-02-24T12:03:54+00:00","dateModified":"2021-08-06T10:59:05+00:00","breadcrumb":{"@id":"https:\/\/hoyre.no\/austevoll\/arrangementer\/jubileumsmiddag\/#breadcrumb"},"inLanguage":"nn-NO","potentialAction":[{"@type":"ReadAction","target":["https:\/\/hoyre.no\/austevoll\/arrangementer\/jubileumsmiddag\/"]}]},{"@type":"BreadcrumbList","@id":"https:\/\/hoyre.no\/austevoll\/arrangementer\/jubileumsmiddag\/#breadcrumb","itemListElement":[{"@type":"ListItem","position":1,"name":"Til hoyre.no","item":"https:\/\/hoyre.no"},{"@type":"ListItem","position":2,"name":"Hjem","item":"https:\/\/hoyre.no\/austevoll\/"},{"@type":"ListItem","position":3,"name":"Arrangement","item":"https:\/\/hoyre.no\/austevoll\/arrangementer\/"},{"@type":"ListItem","position":4,"name":"Jubileumsmiddag!"}]},{"@type":"WebSite","@id":"https:\/\/hoyre.no\/austevoll\/#website","url":"https:\/\/hoyre.no\/austevoll\/","name":"Austevoll H\u00f8gre","description":"Bare enda et H\u00f8yres nettsteder-nettsted","inLanguage":"nn-NO"}]}},"distributor_meta":false,"distributor_terms":false,"distributor_media":false,"distributor_original_site_name":"Austevoll H\u00f8gre","distributor_original_site_url":"https:\/\/hoyre.no\/austevoll","push-errors":false,"_links":{"self":[{"href":"https:\/\/hoyre.no\/austevoll\/wp-json\/wp\/v2\/teft-events\/126","targetHints":{"allow":["GET"]}}],"collection":[{"href":"https:\/\/hoyre.no\/austevoll\/wp-json\/wp\/v2\/teft-events"}],"about":[{"href":"https:\/\/hoyre.no\/austevoll\/wp-json\/wp\/v2\/types\/teft-events"}],"wp:attachment":[{"href":"https:\/\/hoyre.no\/austevoll\/wp-json\/wp\/v2\/media?parent=126"}],"wp:term":[{"taxonomy":"teft-events-category","embeddable":true,"href":"https:\/\/hoyre.no\/austevoll\/wp-json\/wp\/v2\/teft-events-category?post=126"}],"curies":[{"name":"wp","href":"https:\/\/api.w.org\/{rel}","templated":true}]}}