{"id":292,"date":"2021-11-06T08:50:20","date_gmt":"2021-11-06T07:50:20","guid":{"rendered":"https:\/\/hoyre.no\/austevoll\/?post_type=teft-events&#038;p=292"},"modified":"2021-11-06T08:50:21","modified_gmt":"2021-11-06T07:50:21","slug":"arsmote-i-austevoll-hogre","status":"publish","type":"teft-events","link":"https:\/\/hoyre.no\/austevoll\/arrangementer\/arsmote-i-austevoll-hogre\/","title":{"rendered":"\u00c5rsm\u00f8te i Austevoll H\u00f8gre"},"content":{"rendered":"\n<div class=\"wp-block-teft-event-top\">\n\n<div class=\"teft-event-date-top\">\n<div class=\"teft-event-date-wrapper\">\n\t<div class=\"date-square\" aria-hidden=\"true\">\n\t\t13\t\t\t<\/div>\n<\/div>\n\t<div class=\"top-text\">\n\t\t\t\t\t<p class=\"top-date-text\">laurdag 13. november 2021<\/p>\n\t\t\t\t\t\t\t<p class=\"top-time-text\">17:00 &#8211; 19:00<\/p>\n\t\t\t\t\t\t<\/div>\n\t\t<div class=\"sharing\">\n\t\t<a class=\"share-button share-link copy-link\" data-copy=\"https:\/\/hoyre.no\/austevoll\/arrangementer\/arsmote-i-austevoll-hogre\/\" target=\"_blank\"><span class=\"screen-reader-text\">Del link<\/span><\/a>\n\t\t<a class=\"share-button share-twitter\" href=\"http:\/\/twitter.com\/share?text=\u00c5rsm\u00f8te i Austevoll H\u00f8gre&#038;url=https:\/\/hoyre.no\/austevoll\/arrangementer\/arsmote-i-austevoll-hogre\/&#038;hashtags=Hoyre\" target=\"_blank\"><span class=\"screen-reader-text\">Del p\u00e5 twitter<\/span><\/a>\n\t\t<a class=\"share-button share-facebook\" href=\"https:\/\/www.facebook.com\/sharer\/sharer.php?u=https:\/\/hoyre.no\/austevoll\/arrangementer\/arsmote-i-austevoll-hogre\/\" target=\"_blank\"><span class=\"screen-reader-text\">Del p\u00e5 facebook<\/span><\/a>\n\t<\/div>\n\t<\/div>\n<p class=\"preamble\">\u00c5rsm\u00f8tet i Austevoll H\u00f8gre er laurdag 13. november kl. 17.00 p\u00e5 Bekkjarvik Gjestgiveri.<\/p>\n\n<div class=\"panel teft-details-panel\">\n\t\t<h3>Detaljer<\/h3>\n\n\t\t\t\t\t<dl class=\"info-misc-with-icons\">\n\t\t\t\t<dt class=\"venue\"><span class=\"screen-reader-text\">Stedet<\/span><\/dt>\n\t\t\t\t<dd>\n\t\t\t\t\t\t\t\t\t\t<a href=\"https:\/\/goo.gl\/maps\/HUvxjZVVjaGz58C27\">Bekkjarvik Gjestgiveri<\/a>\n\t\t\t\t\t\t\t\t\t\t\t\t\t\t\t\t<span class=\"address-line-2\">Bekkjarvik 61, 5397 Bekkjarvik<\/span>\n\t\t\t\t\t\t\t\t\t<\/dd>\n\t\t\t<\/dl>\n\t\t\t\t\t\t\t<dl class=\"info-misc-with-icons\">\n\t\t<dt class=\"time\"><span class=\"screen-reader-text\">Arrangement dato<\/span><\/dt>\n\t\t<dd class=\"time\">\n\t\t\tlau 13. november 2021 fr\u00e5  17:00 &#8211; 19:00\t\t<\/dd>\n\t<\/dl>\n\t\t\t\t<\/dl>\n<\/div>\n<\/div>\n\n\n\n\n<h2 class=\"wp-block-heading\">Informasjon<\/h2>\n\n\n\n<p>P\u00e5 m\u00f8tet f\u00e5r me bes\u00f8k av&nbsp;<a href=\"https:\/\/stortinget.no\/no\/Representanter-og-komiteer\/Representantene\/Representant\/?perid=OBT\" target=\"_blank\" rel=\"noreferrer noopener\">stortingsrepresentant Ove Trellevik<\/a>. Ove skal innleie om den politiske situasjonen i det nye Stortinget og om viktige saker framover.<\/p>\n\n\n\n<p>Ove er medlem av Stortingets\u00a0<a href=\"https:\/\/stortinget.no\/no\/Representanter-og-komiteer\/Komiteene\/Energi--og-miljokomiteen\/?tab=MembersCommittee#primaryfilter\">energi- og milj\u00f8komit\u00e9<\/a>\u00a0og dessutan leiar av\u00a0<a href=\"https:\/\/stortinget.no\/no\/Representanter-og-komiteer\/valgdistriktene\/Hordaland\/\" target=\"_blank\" rel=\"noreferrer noopener\">Hordalandsbenken<\/a>. No er inne i sin tredje periode p\u00e5 Stortinget og har tidlegare vore medlem av n\u00e6ringskomiteen og kommunal- og forvaltingskomiteen.<\/p>\n\n\n\n<p>\u00c5rsm\u00f8tet startar som vanleg med faste \u00e5rsm\u00f8tesaker, blant anna gjennomgang av \u00e5rsmelding og val av styremedlemar. Vidare blir det orientering om kommunebudsjett for 2022 og dr\u00f8fting av kva satsingar som blir viktige for H\u00f8gre \u00e5 f\u00e5 inn i budsjettet.<\/p>\n\n\n\n<p>M\u00f8tet blir avslutta cirka kl. 19.00 og det blir \u00e5rsm\u00f8temiddag kl. 19.30.<\/p>\n\n\n\n<p>B\u00e5de m\u00f8tet og middagen finn stad i Bekkjarvik Gjestgiveri.<\/p>\n\n\n\n<h2 class=\"wp-block-heading\">Program:<\/h2>\n\n\n\n<ul class=\"wp-block-list\"><li>Kl. 17.00 \u2013&nbsp;<strong>Behandling av \u00e5rsm\u00f8tesaker<\/strong><\/li><li>Kl. 17.30 \u2013&nbsp;<strong>Kommunebudsjett 2022<\/strong><\/li><li>Kl. 18.15 \u2013<strong>&nbsp;Innleiing ved stortingsrepresentant Ove Trellevik<\/strong><\/li><li>Kl. 19.00 \u2013&nbsp;<strong>\u00c5rsm\u00f8tet blir avslutta<\/strong><\/li><li>Kl. 19.30 \u2013&nbsp;<strong>\u00c5rsm\u00f8temiddag<\/strong><\/li><\/ul>\n\n\n\n<h2 class=\"wp-block-heading\">\u00c5rsm\u00f8temiddag<\/h2>\n\n\n\n<p>Kl. 19.30 inviterer me til \u00e5rsm\u00f8temiddag. Middagen har ein eigenandel p\u00e5 600 kroner som inkluderer tre-rettars middag og drikke til maten.<\/p>\n\n\n\n<p>Eigenandelen betaler du p\u00e5 Vipps til #135067 Austevoll H\u00f8gre.<\/p>\n\n\n\n<p>P\u00e5melding til middagen gjer du ved anten \u00e5 vippse eigendel eller sende e-post til&nbsp;<a href=\"mailto:austevoll.hogre@gmail.com\">austevoll.hogre@gmail.com<\/a>. Fristen for \u00e5 melde seg p\u00e5 er fredag 5. november.<\/p>\n\n\n\n<p>Me h\u00e5par \u00e5 sj\u00e5 deg p\u00e5 \u00e5rsm\u00f8tet!<\/p>\n\n\n<div class=\"post-meta wp-block\">\n\t<div class=\"top\">\n\t\t<div class=\"sharing\">\n\t\t\t<a class=\"share-button share-link\" target=\"_blank\"><span class=\"screen-reader-text\">Del link<\/span><\/a>\n\t\t\t<a class=\"share-button share-twitter\" href=\"http:\/\/twitter.com\/share?text=\u00c5rsm\u00f8te i Austevoll H\u00f8gre&#038;url=https:\/\/hoyre.no\/austevoll\/arrangementer\/arsmote-i-austevoll-hogre\/&#038;hashtags=Hoyre\"><span class=\"screen-reader-text\">Del p\u00e5 twitter<\/span><\/a>\n\t\t\t<a class=\"share-button share-facebook\" href=\"https:\/\/www.facebook.com\/sharer\/sharer.php?u=https:\/\/hoyre.no\/austevoll\/arrangementer\/arsmote-i-austevoll-hogre\/\" target=\"_blank\"><span class=\"screen-reader-text\">Del p\u00e5 facebook<\/span><\/a>\n\t\t<\/div>\n\t<\/div>\n<\/div>\n","protected":false},"template":"","meta":{"teft_cards_image_url":"","teft_cards_custom_pretitle":"","teft_cards_image_id":0,"teft_cards_image_focal_point_x":0,"teft_cards_image_focal_point_y":0,"teft_cards_title":"","teft_cards_excerpt":"","teft_show_chapters":false,"event_organizer":[],"event_start_date":"2021-11-13T17:00:00","event_end_date":"2021-11-13T19:00:00","event_registration_url":"","event_registration_deadline":"","event_ticket_cost":"","event_venue_name":"Bekkjarvik Gjestgiveri","event_venue_url":"https:\/\/goo.gl\/maps\/HUvxjZVVjaGz58C27","event_venue_address":"Bekkjarvik 61, 5397 Bekkjarvik"},"teft-events-category":[],"class_list":["post-292","teft-events","type-teft-events","status-publish","hentry"],"yoast_head":"<!-- This site is optimized with the Yoast SEO plugin v26.6 - https:\/\/yoast.com\/wordpress\/plugins\/seo\/ -->\n<title>\u00c5rsm\u00f8te i Austevoll H\u00f8gre - Austevoll H\u00f8gre<\/title>\n<meta name=\"robots\" content=\"index, follow, max-snippet:-1, max-image-preview:large, max-video-preview:-1\" \/>\n<link rel=\"canonical\" href=\"https:\/\/hoyre.no\/austevoll\/arrangementer\/arsmote-i-austevoll-hogre\/\" \/>\n<meta property=\"og:locale\" content=\"nn_NO\" \/>\n<meta property=\"og:type\" content=\"article\" \/>\n<meta property=\"og:title\" content=\"\u00c5rsm\u00f8te i Austevoll H\u00f8gre - Austevoll H\u00f8gre\" \/>\n<meta property=\"og:url\" content=\"https:\/\/hoyre.no\/austevoll\/arrangementer\/arsmote-i-austevoll-hogre\/\" \/>\n<meta property=\"og:site_name\" content=\"Austevoll H\u00f8gre\" \/>\n<meta property=\"article:modified_time\" content=\"2021-11-06T07:50:21+00:00\" \/>\n<meta property=\"og:image\" content=\"https:\/\/hoyre.no\/content\/uploads\/sites\/350\/2022\/11\/Hoyres-logo.png\" \/>\n\t<meta property=\"og:image:width\" content=\"1000\" \/>\n\t<meta property=\"og:image:height\" content=\"1000\" \/>\n\t<meta property=\"og:image:type\" content=\"image\/png\" \/>\n<meta name=\"twitter:card\" content=\"summary_large_image\" \/>\n<meta name=\"twitter:label1\" content=\"Est. reading time\" \/>\n\t<meta name=\"twitter:data1\" content=\"1 minutt\" \/>\n<script type=\"application\/ld+json\" class=\"yoast-schema-graph\">{\"@context\":\"https:\/\/schema.org\",\"@graph\":[{\"@type\":\"WebPage\",\"@id\":\"https:\/\/hoyre.no\/austevoll\/arrangementer\/arsmote-i-austevoll-hogre\/\",\"url\":\"https:\/\/hoyre.no\/austevoll\/arrangementer\/arsmote-i-austevoll-hogre\/\",\"name\":\"\u00c5rsm\u00f8te i Austevoll H\u00f8gre - Austevoll H\u00f8gre\",\"isPartOf\":{\"@id\":\"https:\/\/hoyre.no\/austevoll\/#website\"},\"datePublished\":\"2021-11-06T07:50:20+00:00\",\"dateModified\":\"2021-11-06T07:50:21+00:00\",\"breadcrumb\":{\"@id\":\"https:\/\/hoyre.no\/austevoll\/arrangementer\/arsmote-i-austevoll-hogre\/#breadcrumb\"},\"inLanguage\":\"nn-NO\",\"potentialAction\":[{\"@type\":\"ReadAction\",\"target\":[\"https:\/\/hoyre.no\/austevoll\/arrangementer\/arsmote-i-austevoll-hogre\/\"]}]},{\"@type\":\"BreadcrumbList\",\"@id\":\"https:\/\/hoyre.no\/austevoll\/arrangementer\/arsmote-i-austevoll-hogre\/#breadcrumb\",\"itemListElement\":[{\"@type\":\"ListItem\",\"position\":1,\"name\":\"Til hoyre.no\",\"item\":\"https:\/\/hoyre.no\"},{\"@type\":\"ListItem\",\"position\":2,\"name\":\"Hjem\",\"item\":\"https:\/\/hoyre.no\/austevoll\/\"},{\"@type\":\"ListItem\",\"position\":3,\"name\":\"Arrangement\",\"item\":\"https:\/\/hoyre.no\/austevoll\/arrangementer\/\"},{\"@type\":\"ListItem\",\"position\":4,\"name\":\"\u00c5rsm\u00f8te i Austevoll H\u00f8gre\"}]},{\"@type\":\"WebSite\",\"@id\":\"https:\/\/hoyre.no\/austevoll\/#website\",\"url\":\"https:\/\/hoyre.no\/austevoll\/\",\"name\":\"Austevoll H\u00f8gre\",\"description\":\"Bare enda et H\u00f8yres nettsteder-nettsted\",\"inLanguage\":\"nn-NO\"}]}<\/script>\n<!-- \/ Yoast SEO plugin. -->","yoast_head_json":{"title":"\u00c5rsm\u00f8te i Austevoll H\u00f8gre - Austevoll H\u00f8gre","robots":{"index":"index","follow":"follow","max-snippet":"max-snippet:-1","max-image-preview":"max-image-preview:large","max-video-preview":"max-video-preview:-1"},"canonical":"https:\/\/hoyre.no\/austevoll\/arrangementer\/arsmote-i-austevoll-hogre\/","og_locale":"nn_NO","og_type":"article","og_title":"\u00c5rsm\u00f8te i Austevoll H\u00f8gre - Austevoll H\u00f8gre","og_url":"https:\/\/hoyre.no\/austevoll\/arrangementer\/arsmote-i-austevoll-hogre\/","og_site_name":"Austevoll H\u00f8gre","article_modified_time":"2021-11-06T07:50:21+00:00","og_image":[{"width":1000,"height":1000,"url":"https:\/\/hoyre.no\/content\/uploads\/sites\/350\/2022\/11\/Hoyres-logo.png","type":"image\/png"}],"twitter_card":"summary_large_image","twitter_misc":{"Est. reading time":"1 minutt"},"schema":{"@context":"https:\/\/schema.org","@graph":[{"@type":"WebPage","@id":"https:\/\/hoyre.no\/austevoll\/arrangementer\/arsmote-i-austevoll-hogre\/","url":"https:\/\/hoyre.no\/austevoll\/arrangementer\/arsmote-i-austevoll-hogre\/","name":"\u00c5rsm\u00f8te i Austevoll H\u00f8gre - Austevoll H\u00f8gre","isPartOf":{"@id":"https:\/\/hoyre.no\/austevoll\/#website"},"datePublished":"2021-11-06T07:50:20+00:00","dateModified":"2021-11-06T07:50:21+00:00","breadcrumb":{"@id":"https:\/\/hoyre.no\/austevoll\/arrangementer\/arsmote-i-austevoll-hogre\/#breadcrumb"},"inLanguage":"nn-NO","potentialAction":[{"@type":"ReadAction","target":["https:\/\/hoyre.no\/austevoll\/arrangementer\/arsmote-i-austevoll-hogre\/"]}]},{"@type":"BreadcrumbList","@id":"https:\/\/hoyre.no\/austevoll\/arrangementer\/arsmote-i-austevoll-hogre\/#breadcrumb","itemListElement":[{"@type":"ListItem","position":1,"name":"Til hoyre.no","item":"https:\/\/hoyre.no"},{"@type":"ListItem","position":2,"name":"Hjem","item":"https:\/\/hoyre.no\/austevoll\/"},{"@type":"ListItem","position":3,"name":"Arrangement","item":"https:\/\/hoyre.no\/austevoll\/arrangementer\/"},{"@type":"ListItem","position":4,"name":"\u00c5rsm\u00f8te i Austevoll H\u00f8gre"}]},{"@type":"WebSite","@id":"https:\/\/hoyre.no\/austevoll\/#website","url":"https:\/\/hoyre.no\/austevoll\/","name":"Austevoll H\u00f8gre","description":"Bare enda et H\u00f8yres nettsteder-nettsted","inLanguage":"nn-NO"}]}},"distributor_meta":false,"distributor_terms":false,"distributor_media":false,"distributor_original_site_name":"Austevoll H\u00f8gre","distributor_original_site_url":"https:\/\/hoyre.no\/austevoll","push-errors":false,"_links":{"self":[{"href":"https:\/\/hoyre.no\/austevoll\/wp-json\/wp\/v2\/teft-events\/292","targetHints":{"allow":["GET"]}}],"collection":[{"href":"https:\/\/hoyre.no\/austevoll\/wp-json\/wp\/v2\/teft-events"}],"about":[{"href":"https:\/\/hoyre.no\/austevoll\/wp-json\/wp\/v2\/types\/teft-events"}],"wp:attachment":[{"href":"https:\/\/hoyre.no\/austevoll\/wp-json\/wp\/v2\/media?parent=292"}],"wp:term":[{"taxonomy":"teft-events-category","embeddable":true,"href":"https:\/\/hoyre.no\/austevoll\/wp-json\/wp\/v2\/teft-events-category?post=292"}],"curies":[{"name":"wp","href":"https:\/\/api.w.org\/{rel}","templated":true}]}}