{"id":377,"date":"2022-09-01T23:11:01","date_gmt":"2022-09-01T21:11:01","guid":{"rendered":"https:\/\/hoyre.no\/austevoll\/?post_type=teft-events&#038;p=377"},"modified":"2022-09-02T12:24:28","modified_gmt":"2022-09-02T10:24:28","slug":"kaffidros-med-hogre-om-ny-kpa","status":"publish","type":"teft-events","link":"https:\/\/hoyre.no\/austevoll\/arrangementer\/kaffidros-med-hogre-om-ny-kpa\/","title":{"rendered":"Kaffidr\u00f8s med H\u00f8gre om ny KPA"},"content":{"rendered":"\n<div class=\"wp-block-teft-event-top\">\n\n<div class=\"teft-event-date-top\">\n<div class=\"teft-event-date-wrapper\">\n\t<div class=\"date-square\" aria-hidden=\"true\">\n\t\t07\t\t\t<\/div>\n<\/div>\n\t<div class=\"top-text\">\n\t\t\t\t\t<p class=\"top-date-text\">onsdag 07. september 2022<\/p>\n\t\t\t\t\t\t\t<p class=\"top-time-text\">17:00 &#8211; 18:45<\/p>\n\t\t\t\t\t\t<\/div>\n\t\t<div class=\"sharing\">\n\t\t<a class=\"share-button share-link copy-link\" data-copy=\"https:\/\/hoyre.no\/austevoll\/arrangementer\/kaffidros-med-hogre-om-ny-kpa\/\" target=\"_blank\"><span class=\"screen-reader-text\">Del link<\/span><\/a>\n\t\t<a class=\"share-button share-twitter\" href=\"http:\/\/twitter.com\/share?text=Kaffidr\u00f8s med H\u00f8gre om ny KPA&#038;url=https:\/\/hoyre.no\/austevoll\/arrangementer\/kaffidros-med-hogre-om-ny-kpa\/&#038;hashtags=Hoyre\" target=\"_blank\"><span class=\"screen-reader-text\">Del p\u00e5 twitter<\/span><\/a>\n\t\t<a class=\"share-button share-facebook\" href=\"https:\/\/www.facebook.com\/sharer\/sharer.php?u=https:\/\/hoyre.no\/austevoll\/arrangementer\/kaffidros-med-hogre-om-ny-kpa\/\" target=\"_blank\"><span class=\"screen-reader-text\">Del p\u00e5 facebook<\/span><\/a>\n\t<\/div>\n\t<\/div>\n<p class=\"preamble\">Onsdag 7. september m\u00f8ter du oss til prat om kommuneplanen, p\u00e5 Stolmen gamle skule.<\/p><figure class=\"hoyre-image-wrapper\"><div class=\"hoyre-image\"><img loading=\"lazy\" decoding=\"async\" width=\"1582\" height=\"906\" src=\"https:\/\/hoyre.no\/content\/uploads\/sites\/350\/2022\/08\/KPA.jpg\" class=\"attachment-scaled size-scaled\" alt=\"Kommuneplan\" style=\"object-position: 50% 50%\" srcset=\"https:\/\/hoyre.no\/content\/uploads\/sites\/350\/2022\/08\/KPA.jpg 1582w, https:\/\/hoyre.no\/content\/uploads\/sites\/350\/2022\/08\/KPA-300x172.jpg 300w, https:\/\/hoyre.no\/content\/uploads\/sites\/350\/2022\/08\/KPA-1024x586.jpg 1024w, https:\/\/hoyre.no\/content\/uploads\/sites\/350\/2022\/08\/KPA-768x440.jpg 768w, https:\/\/hoyre.no\/content\/uploads\/sites\/350\/2022\/08\/KPA-1536x880.jpg 1536w\" sizes=\"auto, (max-width: 1582px) 100vw, 1582px\" \/><\/div><\/figure>\n\n<div class=\"panel teft-details-panel\">\n\t\t<h3>Detaljer<\/h3>\n\n\t\t\t\t\t<dl class=\"info-misc-with-icons\">\n\t\t\t\t<dt class=\"venue\"><span class=\"screen-reader-text\">Stedet<\/span><\/dt>\n\t\t\t\t<dd>\n\t\t\t\t\t\t\t\t\t\t<a href=\"https:\/\/goo.gl\/maps\/mVdxsXa2HaSpn56F6\">Stolmen gamle skule<\/a>\n\t\t\t\t\t\t\t\t\t\t\t\t\t\t\t\t<span class=\"address-line-2\">Stangelandsvegen 31, 5398 Stolmen<\/span>\n\t\t\t\t\t\t\t\t\t<\/dd>\n\t\t\t<\/dl>\n\t\t\t\t\t\t\t<dl class=\"info-misc-with-icons\">\n\t\t<dt class=\"time\"><span class=\"screen-reader-text\">Arrangement dato<\/span><\/dt>\n\t\t<dd class=\"time\">\n\t\t\tons 7. september 2022 fr\u00e5  17:00 &#8211; 18:45\t\t<\/dd>\n\t<\/dl>\n\t\t\t\t\t\t<dl class=\"info-misc-with-icons\">\n\t\t<dt class=\"registration\"><span class=\"screen-reader-text\">P\u00e5meldingsdetajer<\/span><\/dt>\n\t\t<dd class=\"registration\">\n\t\t\tGratis\t\t\t\t\t<\/dd>\n\t<\/dl>\n\t\t<\/dl>\n<\/div>\n<\/div>\n\n\n\n\n<h2 class=\"wp-block-heading\">Informasjon<\/h2>\n\n\n\n<p>Den nye kommuneplanens arealdel (KPA) blir snart lagt ut p\u00e5 h\u00f8yring. <\/p>\n\n\n\n<p>I v\u00e5rt arbeidet med KPA er det avgjerande med innspel fr\u00e5 innbyggjarar og bedrifter. Onsdag 7. september set me oss derfor p\u00e5 Stolmen gamle skule, og du er velkomen til \u00e5 stikke innom for \u00e5 kome med synspunkta dine. <\/p>\n\n\n\n<p>Vel m\u00f8tt!<\/p>\n\n\n\n<p><a href=\"https:\/\/www.austevoll.kommune.no\/aktuelt-fra-austevoll\/kpa-til-behandling-i-styringsgruppa.9321.aspx\">Forslaget til ny kommuneplanens arealdel finn du her.<\/a><\/p>\n\n\n<div class=\"post-meta wp-block\">\n\t<div class=\"top\">\n\t\t<div class=\"sharing\">\n\t\t\t<a class=\"share-button share-link\" target=\"_blank\"><span class=\"screen-reader-text\">Del link<\/span><\/a>\n\t\t\t<a class=\"share-button share-twitter\" href=\"http:\/\/twitter.com\/share?text=Kaffidr\u00f8s med H\u00f8gre om ny KPA&#038;url=https:\/\/hoyre.no\/austevoll\/arrangementer\/kaffidros-med-hogre-om-ny-kpa\/&#038;hashtags=Hoyre\"><span class=\"screen-reader-text\">Del p\u00e5 twitter<\/span><\/a>\n\t\t\t<a class=\"share-button share-facebook\" href=\"https:\/\/www.facebook.com\/sharer\/sharer.php?u=https:\/\/hoyre.no\/austevoll\/arrangementer\/kaffidros-med-hogre-om-ny-kpa\/\" target=\"_blank\"><span class=\"screen-reader-text\">Del p\u00e5 facebook<\/span><\/a>\n\t\t<\/div>\n\t<\/div>\n<\/div>\n","protected":false},"template":"","meta":{"teft_cards_image_url":"","teft_cards_custom_pretitle":"","teft_cards_image_id":365,"teft_cards_image_focal_point_x":0.5,"teft_cards_image_focal_point_y":0.5,"teft_cards_title":"","teft_cards_excerpt":"","teft_show_chapters":false,"event_organizer":[],"event_start_date":"2022-09-07T17:00:00","event_end_date":"2022-09-07T18:45:00","event_registration_url":"","event_registration_deadline":"","event_ticket_cost":"Gratis","event_venue_name":"Stolmen gamle skule","event_venue_url":"https:\/\/goo.gl\/maps\/mVdxsXa2HaSpn56F6","event_venue_address":"Stangelandsvegen 31, 5398 Stolmen"},"teft-events-category":[],"class_list":["post-377","teft-events","type-teft-events","status-publish","hentry"],"yoast_head":"<!-- This site is optimized with the Yoast SEO plugin v26.6 - https:\/\/yoast.com\/wordpress\/plugins\/seo\/ -->\n<title>Kaffidr\u00f8s med H\u00f8gre om ny KPA - Austevoll H\u00f8gre<\/title>\n<meta name=\"robots\" content=\"index, follow, max-snippet:-1, max-image-preview:large, max-video-preview:-1\" \/>\n<link rel=\"canonical\" href=\"https:\/\/hoyre.no\/austevoll\/arrangementer\/kaffidros-med-hogre-om-ny-kpa\/\" \/>\n<meta property=\"og:locale\" content=\"nn_NO\" \/>\n<meta property=\"og:type\" content=\"article\" \/>\n<meta property=\"og:title\" content=\"Kaffidr\u00f8s med H\u00f8gre om ny KPA - Austevoll H\u00f8gre\" \/>\n<meta property=\"og:url\" content=\"https:\/\/hoyre.no\/austevoll\/arrangementer\/kaffidros-med-hogre-om-ny-kpa\/\" \/>\n<meta property=\"og:site_name\" content=\"Austevoll H\u00f8gre\" \/>\n<meta property=\"article:modified_time\" content=\"2022-09-02T10:24:28+00:00\" \/>\n<meta property=\"og:image\" content=\"https:\/\/hoyre.no\/content\/uploads\/sites\/350\/2022\/08\/KPA-1024x586.jpg\" \/>\n<meta name=\"twitter:card\" content=\"summary_large_image\" \/>\n<meta name=\"twitter:label1\" content=\"Est. reading time\" \/>\n\t<meta name=\"twitter:data1\" content=\"1 minutt\" \/>\n<script type=\"application\/ld+json\" class=\"yoast-schema-graph\">{\"@context\":\"https:\/\/schema.org\",\"@graph\":[{\"@type\":\"WebPage\",\"@id\":\"https:\/\/hoyre.no\/austevoll\/arrangementer\/kaffidros-med-hogre-om-ny-kpa\/\",\"url\":\"https:\/\/hoyre.no\/austevoll\/arrangementer\/kaffidros-med-hogre-om-ny-kpa\/\",\"name\":\"Kaffidr\u00f8s med H\u00f8gre om ny KPA - Austevoll H\u00f8gre\",\"isPartOf\":{\"@id\":\"https:\/\/hoyre.no\/austevoll\/#website\"},\"datePublished\":\"2022-09-01T21:11:01+00:00\",\"dateModified\":\"2022-09-02T10:24:28+00:00\",\"breadcrumb\":{\"@id\":\"https:\/\/hoyre.no\/austevoll\/arrangementer\/kaffidros-med-hogre-om-ny-kpa\/#breadcrumb\"},\"inLanguage\":\"nn-NO\",\"potentialAction\":[{\"@type\":\"ReadAction\",\"target\":[\"https:\/\/hoyre.no\/austevoll\/arrangementer\/kaffidros-med-hogre-om-ny-kpa\/\"]}]},{\"@type\":\"BreadcrumbList\",\"@id\":\"https:\/\/hoyre.no\/austevoll\/arrangementer\/kaffidros-med-hogre-om-ny-kpa\/#breadcrumb\",\"itemListElement\":[{\"@type\":\"ListItem\",\"position\":1,\"name\":\"Til hoyre.no\",\"item\":\"https:\/\/hoyre.no\"},{\"@type\":\"ListItem\",\"position\":2,\"name\":\"Hjem\",\"item\":\"https:\/\/hoyre.no\/austevoll\/\"},{\"@type\":\"ListItem\",\"position\":3,\"name\":\"Arrangement\",\"item\":\"https:\/\/hoyre.no\/austevoll\/arrangementer\/\"},{\"@type\":\"ListItem\",\"position\":4,\"name\":\"Kaffidr\u00f8s med H\u00f8gre om ny KPA\"}]},{\"@type\":\"WebSite\",\"@id\":\"https:\/\/hoyre.no\/austevoll\/#website\",\"url\":\"https:\/\/hoyre.no\/austevoll\/\",\"name\":\"Austevoll H\u00f8gre\",\"description\":\"Bare enda et H\u00f8yres nettsteder-nettsted\",\"inLanguage\":\"nn-NO\"}]}<\/script>\n<!-- \/ Yoast SEO plugin. -->","yoast_head_json":{"title":"Kaffidr\u00f8s med H\u00f8gre om ny KPA - Austevoll H\u00f8gre","robots":{"index":"index","follow":"follow","max-snippet":"max-snippet:-1","max-image-preview":"max-image-preview:large","max-video-preview":"max-video-preview:-1"},"canonical":"https:\/\/hoyre.no\/austevoll\/arrangementer\/kaffidros-med-hogre-om-ny-kpa\/","og_locale":"nn_NO","og_type":"article","og_title":"Kaffidr\u00f8s med H\u00f8gre om ny KPA - Austevoll H\u00f8gre","og_url":"https:\/\/hoyre.no\/austevoll\/arrangementer\/kaffidros-med-hogre-om-ny-kpa\/","og_site_name":"Austevoll H\u00f8gre","article_modified_time":"2022-09-02T10:24:28+00:00","og_image":[{"url":"https:\/\/hoyre.no\/content\/uploads\/sites\/350\/2022\/08\/KPA-1024x586.jpg","width":"","height":"","type":""}],"twitter_card":"summary_large_image","twitter_misc":{"Est. reading time":"1 minutt"},"schema":{"@context":"https:\/\/schema.org","@graph":[{"@type":"WebPage","@id":"https:\/\/hoyre.no\/austevoll\/arrangementer\/kaffidros-med-hogre-om-ny-kpa\/","url":"https:\/\/hoyre.no\/austevoll\/arrangementer\/kaffidros-med-hogre-om-ny-kpa\/","name":"Kaffidr\u00f8s med H\u00f8gre om ny KPA - Austevoll H\u00f8gre","isPartOf":{"@id":"https:\/\/hoyre.no\/austevoll\/#website"},"datePublished":"2022-09-01T21:11:01+00:00","dateModified":"2022-09-02T10:24:28+00:00","breadcrumb":{"@id":"https:\/\/hoyre.no\/austevoll\/arrangementer\/kaffidros-med-hogre-om-ny-kpa\/#breadcrumb"},"inLanguage":"nn-NO","potentialAction":[{"@type":"ReadAction","target":["https:\/\/hoyre.no\/austevoll\/arrangementer\/kaffidros-med-hogre-om-ny-kpa\/"]}]},{"@type":"BreadcrumbList","@id":"https:\/\/hoyre.no\/austevoll\/arrangementer\/kaffidros-med-hogre-om-ny-kpa\/#breadcrumb","itemListElement":[{"@type":"ListItem","position":1,"name":"Til hoyre.no","item":"https:\/\/hoyre.no"},{"@type":"ListItem","position":2,"name":"Hjem","item":"https:\/\/hoyre.no\/austevoll\/"},{"@type":"ListItem","position":3,"name":"Arrangement","item":"https:\/\/hoyre.no\/austevoll\/arrangementer\/"},{"@type":"ListItem","position":4,"name":"Kaffidr\u00f8s med H\u00f8gre om ny KPA"}]},{"@type":"WebSite","@id":"https:\/\/hoyre.no\/austevoll\/#website","url":"https:\/\/hoyre.no\/austevoll\/","name":"Austevoll H\u00f8gre","description":"Bare enda et H\u00f8yres nettsteder-nettsted","inLanguage":"nn-NO"}]}},"distributor_meta":false,"distributor_terms":false,"distributor_media":false,"distributor_original_site_name":"Austevoll H\u00f8gre","distributor_original_site_url":"https:\/\/hoyre.no\/austevoll","push-errors":false,"_links":{"self":[{"href":"https:\/\/hoyre.no\/austevoll\/wp-json\/wp\/v2\/teft-events\/377","targetHints":{"allow":["GET"]}}],"collection":[{"href":"https:\/\/hoyre.no\/austevoll\/wp-json\/wp\/v2\/teft-events"}],"about":[{"href":"https:\/\/hoyre.no\/austevoll\/wp-json\/wp\/v2\/types\/teft-events"}],"wp:attachment":[{"href":"https:\/\/hoyre.no\/austevoll\/wp-json\/wp\/v2\/media?parent=377"}],"wp:term":[{"taxonomy":"teft-events-category","embeddable":true,"href":"https:\/\/hoyre.no\/austevoll\/wp-json\/wp\/v2\/teft-events-category?post=377"}],"curies":[{"name":"wp","href":"https:\/\/api.w.org\/{rel}","templated":true}]}}