{"id":380,"date":"2022-09-10T13:29:05","date_gmt":"2022-09-10T11:29:05","guid":{"rendered":"https:\/\/hoyre.no\/austevoll\/?post_type=teft-events&#038;p=380"},"modified":"2022-09-10T15:01:29","modified_gmt":"2022-09-10T13:01:29","slug":"kaffidros-med-hogre-om-ny-kpa-2","status":"publish","type":"teft-events","link":"https:\/\/hoyre.no\/austevoll\/arrangementer\/kaffidros-med-hogre-om-ny-kpa-2\/","title":{"rendered":"Kaffidr\u00f8s med H\u00f8gre om ny KPA"},"content":{"rendered":"\n<div class=\"wp-block-teft-event-top\">\n\n<div class=\"teft-event-date-top\">\n<div class=\"teft-event-date-wrapper\">\n\t<div class=\"date-square\" aria-hidden=\"true\">\n\t\t15\t\t\t<\/div>\n<\/div>\n\t<div class=\"top-text\">\n\t\t\t\t\t<p class=\"top-date-text\">torsdag 15. september 2022<\/p>\n\t\t\t\t\t\t\t<p class=\"top-time-text\">17:30 &#8211; 19:00<\/p>\n\t\t\t\t\t\t<\/div>\n\t\t<div class=\"sharing\">\n\t\t<a class=\"share-button share-link copy-link\" data-copy=\"https:\/\/hoyre.no\/austevoll\/arrangementer\/kaffidros-med-hogre-om-ny-kpa-2\/\" target=\"_blank\"><span class=\"screen-reader-text\">Del link<\/span><\/a>\n\t\t<a class=\"share-button share-twitter\" href=\"http:\/\/twitter.com\/share?text=Kaffidr\u00f8s med H\u00f8gre om ny KPA&#038;url=https:\/\/hoyre.no\/austevoll\/arrangementer\/kaffidros-med-hogre-om-ny-kpa-2\/&#038;hashtags=Hoyre\" target=\"_blank\"><span class=\"screen-reader-text\">Del p\u00e5 twitter<\/span><\/a>\n\t\t<a class=\"share-button share-facebook\" href=\"https:\/\/www.facebook.com\/sharer\/sharer.php?u=https:\/\/hoyre.no\/austevoll\/arrangementer\/kaffidros-med-hogre-om-ny-kpa-2\/\" target=\"_blank\"><span class=\"screen-reader-text\">Del p\u00e5 facebook<\/span><\/a>\n\t<\/div>\n\t<\/div>\n<p class=\"preamble\">Torsdag 15. september m\u00f8ter du oss til prat om kommuneplanen p\u00e5 Kolbeinsvik montessoriskule.<\/p><figure class=\"hoyre-image-wrapper\"><div class=\"hoyre-image\"><img loading=\"lazy\" decoding=\"async\" width=\"934\" height=\"742\" src=\"https:\/\/hoyre.no\/content\/uploads\/sites\/350\/2022\/09\/Skjermbilde-2022-09-10-kl.-13.21.54.png\" class=\"attachment-scaled size-scaled\" alt=\"\" style=\"object-position: 50% 50%\" srcset=\"https:\/\/hoyre.no\/content\/uploads\/sites\/350\/2022\/09\/Skjermbilde-2022-09-10-kl.-13.21.54.png 934w, https:\/\/hoyre.no\/content\/uploads\/sites\/350\/2022\/09\/Skjermbilde-2022-09-10-kl.-13.21.54-300x238.png 300w, https:\/\/hoyre.no\/content\/uploads\/sites\/350\/2022\/09\/Skjermbilde-2022-09-10-kl.-13.21.54-768x610.png 768w\" sizes=\"auto, (max-width: 934px) 100vw, 934px\" \/><\/div><\/figure>\n\n<div class=\"panel teft-details-panel\">\n\t\t<h3>Detaljer<\/h3>\n\n\t\t\t\t\t<dl class=\"info-misc-with-icons\">\n\t\t\t\t<dt class=\"venue\"><span class=\"screen-reader-text\">Stedet<\/span><\/dt>\n\t\t\t\t<dd>\n\t\t\t\t\t\t\t\t\t\t<a href=\"https:\/\/g.page\/kolbeinsvik-montessoriskule?share\">Kolbeinsvik montessoriskule<\/a>\n\t\t\t\t\t\t\t\t\t\t\t\t\t\t\t\t<span class=\"address-line-2\">Brekka 35, 5394 Kolbeinsvik<\/span>\n\t\t\t\t\t\t\t\t\t<\/dd>\n\t\t\t<\/dl>\n\t\t\t\t\t\t\t<dl class=\"info-misc-with-icons\">\n\t\t<dt class=\"time\"><span class=\"screen-reader-text\">Arrangement dato<\/span><\/dt>\n\t\t<dd class=\"time\">\n\t\t\ttor 15. september 2022 fr\u00e5  17:30 &#8211; 19:00\t\t<\/dd>\n\t<\/dl>\n\t\t\t\t\t\t<dl class=\"info-misc-with-icons\">\n\t\t<dt class=\"registration\"><span class=\"screen-reader-text\">P\u00e5meldingsdetajer<\/span><\/dt>\n\t\t<dd class=\"registration\">\n\t\t\tGratis\t\t\t\t\t<\/dd>\n\t<\/dl>\n\t\t<\/dl>\n<\/div>\n<\/div>\n\n\n\n\n<h2 class=\"wp-block-heading\">Informasjon<\/h2>\n\n\n\n<p>Den nye kommuneplanen (KPA) blir snart lagt ut p\u00e5 h\u00f8yring.<\/p>\n\n\n\n<p>I v\u00e5rt arbeid med KPA er det viktig med innspel fr\u00e5 innbyggjarar og bedrifter. Torsdag 15. september set me oss derfor p\u00e5 Kolbeinsvik montessoriskule, og du er velkomen til \u00e5 stikke innom for \u00e5 kome med synspunkta dine.<\/p>\n\n\n\n<p>Vel m\u00f8tt!<\/p>\n\n\n\n<p><a href=\"https:\/\/www.austevoll.kommune.no\/aktuelt-fra-austevoll\/kpa-til-behandling-i-styringsgruppa.9321.aspx\">Utkastet til ny KPA finn du her.<\/a><\/p>\n\n\n<div class=\"post-meta wp-block\">\n\t<div class=\"top\">\n\t\t<div class=\"sharing\">\n\t\t\t<a class=\"share-button share-link\" target=\"_blank\"><span class=\"screen-reader-text\">Del link<\/span><\/a>\n\t\t\t<a class=\"share-button share-twitter\" href=\"http:\/\/twitter.com\/share?text=Kaffidr\u00f8s med H\u00f8gre om ny KPA&#038;url=https:\/\/hoyre.no\/austevoll\/arrangementer\/kaffidros-med-hogre-om-ny-kpa-2\/&#038;hashtags=Hoyre\"><span class=\"screen-reader-text\">Del p\u00e5 twitter<\/span><\/a>\n\t\t\t<a class=\"share-button share-facebook\" href=\"https:\/\/www.facebook.com\/sharer\/sharer.php?u=https:\/\/hoyre.no\/austevoll\/arrangementer\/kaffidros-med-hogre-om-ny-kpa-2\/\" target=\"_blank\"><span class=\"screen-reader-text\">Del p\u00e5 facebook<\/span><\/a>\n\t\t<\/div>\n\t<\/div>\n<\/div>\n","protected":false},"template":"","meta":{"teft_cards_image_url":"","teft_cards_custom_pretitle":"","teft_cards_image_id":381,"teft_cards_image_focal_point_x":0.5,"teft_cards_image_focal_point_y":0.5,"teft_cards_title":"","teft_cards_excerpt":"","teft_show_chapters":false,"event_organizer":[],"event_start_date":"2022-09-15T17:30:00","event_end_date":"2022-09-15T19:00:00","event_registration_url":"","event_registration_deadline":"","event_ticket_cost":"Gratis","event_venue_name":"Kolbeinsvik montessoriskule","event_venue_url":"https:\/\/g.page\/kolbeinsvik-montessoriskule?share","event_venue_address":"Brekka 35, 5394 Kolbeinsvik"},"teft-events-category":[],"class_list":["post-380","teft-events","type-teft-events","status-publish","hentry"],"yoast_head":"<!-- This site is optimized with the Yoast SEO plugin v26.6 - https:\/\/yoast.com\/wordpress\/plugins\/seo\/ -->\n<title>Kaffidr\u00f8s med H\u00f8gre om ny KPA - Austevoll H\u00f8gre<\/title>\n<meta name=\"robots\" content=\"index, follow, max-snippet:-1, max-image-preview:large, max-video-preview:-1\" \/>\n<link rel=\"canonical\" href=\"https:\/\/hoyre.no\/austevoll\/arrangementer\/kaffidros-med-hogre-om-ny-kpa-2\/\" \/>\n<meta property=\"og:locale\" content=\"nn_NO\" \/>\n<meta property=\"og:type\" content=\"article\" \/>\n<meta property=\"og:title\" content=\"Kaffidr\u00f8s med H\u00f8gre om ny KPA - Austevoll H\u00f8gre\" \/>\n<meta property=\"og:url\" content=\"https:\/\/hoyre.no\/austevoll\/arrangementer\/kaffidros-med-hogre-om-ny-kpa-2\/\" \/>\n<meta property=\"og:site_name\" content=\"Austevoll H\u00f8gre\" \/>\n<meta property=\"article:modified_time\" content=\"2022-09-10T13:01:29+00:00\" \/>\n<meta property=\"og:image\" content=\"https:\/\/hoyre.no\/content\/uploads\/sites\/350\/2022\/09\/Skjermbilde-2022-09-10-kl.-13.21.54.png\" \/>\n<meta name=\"twitter:card\" content=\"summary_large_image\" \/>\n<meta name=\"twitter:label1\" content=\"Est. reading time\" \/>\n\t<meta name=\"twitter:data1\" content=\"1 minutt\" \/>\n<script type=\"application\/ld+json\" class=\"yoast-schema-graph\">{\"@context\":\"https:\/\/schema.org\",\"@graph\":[{\"@type\":\"WebPage\",\"@id\":\"https:\/\/hoyre.no\/austevoll\/arrangementer\/kaffidros-med-hogre-om-ny-kpa-2\/\",\"url\":\"https:\/\/hoyre.no\/austevoll\/arrangementer\/kaffidros-med-hogre-om-ny-kpa-2\/\",\"name\":\"Kaffidr\u00f8s med H\u00f8gre om ny KPA - Austevoll H\u00f8gre\",\"isPartOf\":{\"@id\":\"https:\/\/hoyre.no\/austevoll\/#website\"},\"datePublished\":\"2022-09-10T11:29:05+00:00\",\"dateModified\":\"2022-09-10T13:01:29+00:00\",\"breadcrumb\":{\"@id\":\"https:\/\/hoyre.no\/austevoll\/arrangementer\/kaffidros-med-hogre-om-ny-kpa-2\/#breadcrumb\"},\"inLanguage\":\"nn-NO\",\"potentialAction\":[{\"@type\":\"ReadAction\",\"target\":[\"https:\/\/hoyre.no\/austevoll\/arrangementer\/kaffidros-med-hogre-om-ny-kpa-2\/\"]}]},{\"@type\":\"BreadcrumbList\",\"@id\":\"https:\/\/hoyre.no\/austevoll\/arrangementer\/kaffidros-med-hogre-om-ny-kpa-2\/#breadcrumb\",\"itemListElement\":[{\"@type\":\"ListItem\",\"position\":1,\"name\":\"Til hoyre.no\",\"item\":\"https:\/\/hoyre.no\"},{\"@type\":\"ListItem\",\"position\":2,\"name\":\"Hjem\",\"item\":\"https:\/\/hoyre.no\/austevoll\/\"},{\"@type\":\"ListItem\",\"position\":3,\"name\":\"Arrangement\",\"item\":\"https:\/\/hoyre.no\/austevoll\/arrangementer\/\"},{\"@type\":\"ListItem\",\"position\":4,\"name\":\"Kaffidr\u00f8s med H\u00f8gre om ny KPA\"}]},{\"@type\":\"WebSite\",\"@id\":\"https:\/\/hoyre.no\/austevoll\/#website\",\"url\":\"https:\/\/hoyre.no\/austevoll\/\",\"name\":\"Austevoll H\u00f8gre\",\"description\":\"Bare enda et H\u00f8yres nettsteder-nettsted\",\"inLanguage\":\"nn-NO\"}]}<\/script>\n<!-- \/ Yoast SEO plugin. -->","yoast_head_json":{"title":"Kaffidr\u00f8s med H\u00f8gre om ny KPA - Austevoll H\u00f8gre","robots":{"index":"index","follow":"follow","max-snippet":"max-snippet:-1","max-image-preview":"max-image-preview:large","max-video-preview":"max-video-preview:-1"},"canonical":"https:\/\/hoyre.no\/austevoll\/arrangementer\/kaffidros-med-hogre-om-ny-kpa-2\/","og_locale":"nn_NO","og_type":"article","og_title":"Kaffidr\u00f8s med H\u00f8gre om ny KPA - Austevoll H\u00f8gre","og_url":"https:\/\/hoyre.no\/austevoll\/arrangementer\/kaffidros-med-hogre-om-ny-kpa-2\/","og_site_name":"Austevoll H\u00f8gre","article_modified_time":"2022-09-10T13:01:29+00:00","og_image":[{"url":"https:\/\/hoyre.no\/content\/uploads\/sites\/350\/2022\/09\/Skjermbilde-2022-09-10-kl.-13.21.54.png","width":"","height":"","type":""}],"twitter_card":"summary_large_image","twitter_misc":{"Est. reading time":"1 minutt"},"schema":{"@context":"https:\/\/schema.org","@graph":[{"@type":"WebPage","@id":"https:\/\/hoyre.no\/austevoll\/arrangementer\/kaffidros-med-hogre-om-ny-kpa-2\/","url":"https:\/\/hoyre.no\/austevoll\/arrangementer\/kaffidros-med-hogre-om-ny-kpa-2\/","name":"Kaffidr\u00f8s med H\u00f8gre om ny KPA - Austevoll H\u00f8gre","isPartOf":{"@id":"https:\/\/hoyre.no\/austevoll\/#website"},"datePublished":"2022-09-10T11:29:05+00:00","dateModified":"2022-09-10T13:01:29+00:00","breadcrumb":{"@id":"https:\/\/hoyre.no\/austevoll\/arrangementer\/kaffidros-med-hogre-om-ny-kpa-2\/#breadcrumb"},"inLanguage":"nn-NO","potentialAction":[{"@type":"ReadAction","target":["https:\/\/hoyre.no\/austevoll\/arrangementer\/kaffidros-med-hogre-om-ny-kpa-2\/"]}]},{"@type":"BreadcrumbList","@id":"https:\/\/hoyre.no\/austevoll\/arrangementer\/kaffidros-med-hogre-om-ny-kpa-2\/#breadcrumb","itemListElement":[{"@type":"ListItem","position":1,"name":"Til hoyre.no","item":"https:\/\/hoyre.no"},{"@type":"ListItem","position":2,"name":"Hjem","item":"https:\/\/hoyre.no\/austevoll\/"},{"@type":"ListItem","position":3,"name":"Arrangement","item":"https:\/\/hoyre.no\/austevoll\/arrangementer\/"},{"@type":"ListItem","position":4,"name":"Kaffidr\u00f8s med H\u00f8gre om ny KPA"}]},{"@type":"WebSite","@id":"https:\/\/hoyre.no\/austevoll\/#website","url":"https:\/\/hoyre.no\/austevoll\/","name":"Austevoll H\u00f8gre","description":"Bare enda et H\u00f8yres nettsteder-nettsted","inLanguage":"nn-NO"}]}},"distributor_meta":false,"distributor_terms":false,"distributor_media":false,"distributor_original_site_name":"Austevoll H\u00f8gre","distributor_original_site_url":"https:\/\/hoyre.no\/austevoll","push-errors":false,"_links":{"self":[{"href":"https:\/\/hoyre.no\/austevoll\/wp-json\/wp\/v2\/teft-events\/380","targetHints":{"allow":["GET"]}}],"collection":[{"href":"https:\/\/hoyre.no\/austevoll\/wp-json\/wp\/v2\/teft-events"}],"about":[{"href":"https:\/\/hoyre.no\/austevoll\/wp-json\/wp\/v2\/types\/teft-events"}],"wp:attachment":[{"href":"https:\/\/hoyre.no\/austevoll\/wp-json\/wp\/v2\/media?parent=380"}],"wp:term":[{"taxonomy":"teft-events-category","embeddable":true,"href":"https:\/\/hoyre.no\/austevoll\/wp-json\/wp\/v2\/teft-events-category?post=380"}],"curies":[{"name":"wp","href":"https:\/\/api.w.org\/{rel}","templated":true}]}}