{"id":141,"date":"2023-08-09T11:18:56","date_gmt":"2023-08-09T09:18:56","guid":{"rendered":"https:\/\/hoyre.no\/bjornafjorden\/?page_id=141"},"modified":"2024-02-21T16:18:56","modified_gmt":"2024-02-21T15:18:56","slug":"marie-var-ordforarkandidat","status":"publish","type":"page","link":"https:\/\/hoyre.no\/bjornafjorden\/marie-var-ordforarkandidat\/","title":{"rendered":"Marie v\u00e5r ordf\u00f8rarkandidat"},"content":{"rendered":"\n<div class=\"wp-block-hoyre-hero with-image-gradient text-color-light  has-media alignfull has-background\"><div class=\"hoyre-hero has-image\"><h1 class=\"title\">Bli kjend med v\u00e5r varaordf\u00f8rar<\/h1><p class=\"preamble\">Marie Elisabeth Lunde Bruar\u00f8y<\/p>\t\t\t<div class=\"post-meta wp-block teft-byline-wrapper\">\n\t\t\t\t<div class=\"top\">\n\t\t\t\t\t<div class=\"signature\">\n\t\t\t\t\t\t<div class=\"teft-byline\">\n\t\t\t\t\t\t\t\t\t\t\t\t\t\t<div>\n\t\t\t\t\t\t\t\t<h3>H\u00f8yres redaksjon<\/h3>\t\t\t\t\t\t\t\t\n\t\t\t\t\t\t\t\t\t\t\t\t\t\t\t\t\t<span class=\"date\">Sist oppdatert: 21. februar 2024<\/span>\n\t\t\t\t\t\t\t\t\t\t\t\t\t\t\t\t\t\t\t\t\t\t\t\t\t<span class=\"reading-time\" itemprop=\"timeRequired\" content=\"PT4M\"><em>Ca. 4 minutter lesetid<\/em><\/span>\n\t\t\t\t\t\t\t\t\t\t\t\t\t\t\t<\/div>\n\t\t\t\t\t\t<\/div>\n\t\t\t\t\t<\/div>\n\t\t\t\t\t\t<div class=\"sharing\">\n\t\t<a class=\"share-button share-link copy-link\" data-copy=\"https:\/\/hoyre.no\/bjornafjorden\/marie-var-ordforarkandidat\/\" target=\"_blank\"><span class=\"screen-reader-text\">Del link<\/span><\/a>\n\t\t<a class=\"share-button share-twitter\" href=\"http:\/\/twitter.com\/share?text=Marie v\u00e5r ordf\u00f8rarkandidat&#038;url=https:\/\/hoyre.no\/bjornafjorden\/marie-var-ordforarkandidat\/&#038;hashtags=Hoyre\" target=\"_blank\"><span class=\"screen-reader-text\">Del p\u00e5 twitter<\/span><\/a>\n\t\t<a class=\"share-button share-facebook\" href=\"https:\/\/www.facebook.com\/sharer\/sharer.php?u=https:\/\/hoyre.no\/bjornafjorden\/marie-var-ordforarkandidat\/\" target=\"_blank\"><span class=\"screen-reader-text\">Del p\u00e5 facebook<\/span><\/a>\n\t<\/div>\n\t\t\t\t\t<\/div>\n\t\t\t<\/div>\n\n\t\t\t<figure class=\"hoyre-image-wrapper\"><div class=\"hoyre-image\"><img loading=\"lazy\" decoding=\"async\" width=\"1170\" height=\"844\" src=\"https:\/\/hoyre.no\/content\/uploads\/sites\/342\/2023\/08\/Marie-2.png\" class=\"attachment-scaled size-scaled\" alt=\"\" style=\"object-position: 50% 50%\" srcset=\"https:\/\/hoyre.no\/content\/uploads\/sites\/342\/2023\/08\/Marie-2.png 1170w, https:\/\/hoyre.no\/content\/uploads\/sites\/342\/2023\/08\/Marie-2-300x216.png 300w, https:\/\/hoyre.no\/content\/uploads\/sites\/342\/2023\/08\/Marie-2-1024x739.png 1024w, https:\/\/hoyre.no\/content\/uploads\/sites\/342\/2023\/08\/Marie-2-768x554.png 768w\" sizes=\"auto, (max-width: 1170px) 100vw, 1170px\" \/><\/div><\/figure><\/div><\/div>\n\n\n\n\n<h3 class=\"wp-block-heading\">Marie Bruar\u00f8y er v\u00e5r varaordf\u00f8rar!<\/h3>\n\n\n\n<p>Marie er 42 \u00e5r, godt gift og har to jenter i skule og ungdomsskulealder. Ho arbeider til dagen som fris\u00f8r, og driv eigen fris\u00f8rsalong p\u00e5 Os\u00f8yro. Heimstaden er \u00d8yane der ho f\u00f8dd og oppvaksen, og der ynskjer ho \u00e5 bli v\u00e6rande resten av livet.<\/p>\n\n\n\n<p>Marie har ein katt som heiter Hallgeir, 7 h\u00f8ner, samt ein liten flokk med sauar i hagen som fungerer utmerka som grasklypparar. Ynglingsdestinasjonen for ferie, er heile 10 minutt unna, p\u00e5 hytta i Str\u00f8no.<\/p>\n\n\n\n<p>P\u00e5 fritida likar Marie seg helst ute, anten i hagen, p\u00e5 sj\u00f8en eller i skogen. Ho kvir seg ikkje for \u00e5 f\u00e5 skit under neglene, og byter gjerne ut matlaging med \u00e5 grave i bedet, rydde beitet til sauane, eller ta fatt p\u00e5 h\u00f8gtrykkspylaren. Ho er \u00f2g handballtrenar i Nore Neset IL for eit jentelag der yngste dottera spelar. Av og til undrar vi oss over korleis Marie f\u00e5r tid til alt ho syslar med, men det har ho klarlagt for oss; ho brukar nesten ikkje tid p\u00e5 sosiale media. Ho kallar det for den st\u00f8rste tidstjuven som ikkje gjer godt for oss.<\/p>\n\n\n\n<h3 class=\"wp-block-heading\">20 \u00e5r med politisk erfaring<\/h3>\n\n\n\n<p>Marie er mange-generasjons bj\u00f8rnafjording, som ho kallar seg, med r\u00f8ter i \u00d8yane, Str\u00f8no, Forstr\u00f8no, Sk\u00e5t\u00f8y og Vinnes. Ho brenn for kommunen sin, og det er \u00e5rsaka til at ho igjen stiller som f\u00f8rstekandidat for H\u00f8gre. Politikk starta som ein hobby \u2013 ein hobby som tok litt av. Det har for Marie vorte meir enn livsstil, og ho kan vanskeleg sj\u00e5 for seg eit liv utan politikken.<\/p>\n\n\n\n<p>Ho sto p\u00e5 H\u00f8gre si liste for f\u00f8rste gong i 2003, og har sida den gong vore fast representant i kommunestyret for H\u00f8gre. Ho var ordf\u00f8rar for Os kommune i n\u00e6rare to \u00e5r av desse fr\u00e5 desember 2016 til hausten 2018. Ho beskriv ordf\u00f8rarperioden som ei fin tid med mange kjekke utfordringar.<\/p>\n\n\n\n<figure class=\"wp-block-image size-large\"><img loading=\"lazy\" decoding=\"async\" width=\"1024\" height=\"739\" src=\"https:\/\/hoyre.no\/content\/uploads\/sites\/342\/2023\/08\/Marie-2-1-1024x739.png\" alt=\"\" class=\"wp-image-151\" srcset=\"https:\/\/hoyre.no\/content\/uploads\/sites\/342\/2023\/08\/Marie-2-1-1024x739.png 1024w, https:\/\/hoyre.no\/content\/uploads\/sites\/342\/2023\/08\/Marie-2-1-300x216.png 300w, https:\/\/hoyre.no\/content\/uploads\/sites\/342\/2023\/08\/Marie-2-1-768x554.png 768w, https:\/\/hoyre.no\/content\/uploads\/sites\/342\/2023\/08\/Marie-2-1.png 1170w\" sizes=\"auto, (max-width: 1024px) 100vw, 1024px\" \/><\/figure>\n\n\n\n<h3 class=\"wp-block-heading\">Marie sine hjartesaker \ud83d\udc99<\/h3>\n\n\n\n<p>N\u00e5r vi ber henne lista opp sine politiske hjartesaker, syns ho det er vanskeleg som generalist. Ho syns alt er spanande og ikkje minst like viktig. B\u00e5de \u00f8konomi, utvikling, arealpolitikk, n\u00e6ringspolitikk og tenester for born og unge og eldrepolitikk skapar engasjement hos Marie. Men n\u00e5r ho M\u00c5 svara, s\u00e5 vel ho hjartesakene:<\/p>\n\n\n\n<div class=\"wp-block-media-text is-stacked-on-mobile is-image-fill alignwide\" style=\"grid-template-columns:23% auto\"><figure class=\"wp-block-media-text__media\" style=\"background-image:url('https:\/\/hoyre.no\/content\/uploads\/sites\/342\/2023\/08\/GettyImages-1214950612-1024x683.jpg');background-position:50% 50%\"><img loading=\"lazy\" decoding=\"async\" width=\"1024\" height=\"683\" src=\"https:\/\/hoyre.no\/content\/uploads\/sites\/342\/2023\/08\/GettyImages-1214950612-1024x683.jpg\" alt=\"\" class=\"wp-image-123 size-full\" srcset=\"https:\/\/hoyre.no\/content\/uploads\/sites\/342\/2023\/08\/GettyImages-1214950612-1024x683.jpg 1024w, https:\/\/hoyre.no\/content\/uploads\/sites\/342\/2023\/08\/GettyImages-1214950612-300x200.jpg 300w, https:\/\/hoyre.no\/content\/uploads\/sites\/342\/2023\/08\/GettyImages-1214950612-768x512.jpg 768w, https:\/\/hoyre.no\/content\/uploads\/sites\/342\/2023\/08\/GettyImages-1214950612-1536x1024.jpg 1536w, https:\/\/hoyre.no\/content\/uploads\/sites\/342\/2023\/08\/GettyImages-1214950612-2048x1365.jpg 2048w\" sizes=\"auto, (max-width: 1024px) 100vw, 1024px\" \/><\/figure><div class=\"wp-block-media-text__content\">\n<h4 class=\"wp-block-heading\"><strong>Kunnskap og l\u00e6ring i skulen<\/strong><\/h4>\n\n\n\n<p>Born og unge skal kjenna p\u00e5 tryggleik og meistring i kvardagen, det er d\u00e5 dei l\u00e6rar best. Ho har stor tru p\u00e5 l\u00e6raren som ho meinar b\u00f8r f\u00e5 lov \u00e5 f\u00e5 lov \u00e5 vera l\u00e6rar.<\/p>\n<\/div><\/div>\n\n\n\n<div class=\"wp-block-media-text has-media-on-the-right is-stacked-on-mobile is-image-fill alignwide\" style=\"grid-template-columns:auto 23%\"><div class=\"wp-block-media-text__content\">\n<h4 class=\"wp-block-heading\"><strong>Ein verdig og god eldreomsorg<\/strong><\/h4>\n\n\n\n<p>Dei eldre skal f\u00e5 vera sjef i eige liv og kommunen skal leggja til rette for at ein kan bu heime lengst mogleg. Kven som utf\u00f8rer tenester er ikkje viktig, s\u00e5 lenge brukaren f\u00e5r det hen har krav p\u00e5.<\/p>\n<\/div><figure class=\"wp-block-media-text__media\" style=\"background-image:url('https:\/\/hoyre.no\/content\/uploads\/sites\/342\/2023\/08\/GettyImages-1165371469-1024x683.jpg');background-position:50% 50%\"><img loading=\"lazy\" decoding=\"async\" width=\"1024\" height=\"683\" src=\"https:\/\/hoyre.no\/content\/uploads\/sites\/342\/2023\/08\/GettyImages-1165371469-1024x683.jpg\" alt=\"\" class=\"wp-image-103 size-full\" srcset=\"https:\/\/hoyre.no\/content\/uploads\/sites\/342\/2023\/08\/GettyImages-1165371469-1024x683.jpg 1024w, https:\/\/hoyre.no\/content\/uploads\/sites\/342\/2023\/08\/GettyImages-1165371469-300x200.jpg 300w, https:\/\/hoyre.no\/content\/uploads\/sites\/342\/2023\/08\/GettyImages-1165371469-768x512.jpg 768w, https:\/\/hoyre.no\/content\/uploads\/sites\/342\/2023\/08\/GettyImages-1165371469-1536x1025.jpg 1536w, https:\/\/hoyre.no\/content\/uploads\/sites\/342\/2023\/08\/GettyImages-1165371469-2048x1367.jpg 2048w\" sizes=\"auto, (max-width: 1024px) 100vw, 1024px\" \/><\/figure><\/div>\n\n\n\n<div class=\"wp-block-media-text is-stacked-on-mobile is-image-fill alignwide\" style=\"grid-template-columns:23% auto\"><figure class=\"wp-block-media-text__media\" style=\"background-image:url('https:\/\/hoyre.no\/content\/uploads\/sites\/342\/2023\/06\/Gron-framtid-1024x684.jpeg');background-position:50% 50%\"><img loading=\"lazy\" decoding=\"async\" width=\"1024\" height=\"684\" src=\"https:\/\/hoyre.no\/content\/uploads\/sites\/342\/2023\/06\/Gron-framtid-1024x684.jpeg\" alt=\"\" class=\"wp-image-63 size-full\" srcset=\"https:\/\/hoyre.no\/content\/uploads\/sites\/342\/2023\/06\/Gron-framtid-1024x684.jpeg 1024w, https:\/\/hoyre.no\/content\/uploads\/sites\/342\/2023\/06\/Gron-framtid-300x200.jpeg 300w, https:\/\/hoyre.no\/content\/uploads\/sites\/342\/2023\/06\/Gron-framtid-768x513.jpeg 768w, https:\/\/hoyre.no\/content\/uploads\/sites\/342\/2023\/06\/Gron-framtid-1536x1026.jpeg 1536w, https:\/\/hoyre.no\/content\/uploads\/sites\/342\/2023\/06\/Gron-framtid-2048x1368.jpeg 2048w\" sizes=\"auto, (max-width: 1024px) 100vw, 1024px\" \/><\/figure><div class=\"wp-block-media-text__content\">\n<h4 class=\"wp-block-heading\"><strong>Arealpolitikk<\/strong><\/h4>\n\n\n\n<p>Det er vi i Bj\u00f8rnafjorden som kjenner kommunen v\u00e5r best og b\u00f8r f\u00e5 forvalta v\u00e5re areal deretter. S\u00e5 lenge det renn politisk blod i hennar \u00e5rer skal ho kjempa mot overordna mynde for \u00e5 styrka lokaldemokratiet.<\/p>\n<\/div><\/div>\n\n\n\n<div class=\"wp-block-media-text has-media-on-the-right is-stacked-on-mobile is-image-fill alignwide\" style=\"grid-template-columns:auto 23%\"><div class=\"wp-block-media-text__content\">\n<h4 class=\"wp-block-heading\"><strong>Trygg og stabil styring<\/strong><\/h4>\n\n\n\n<p>Trygg og \u00f8konomisk god styring legg grunnlaget for all utvikling. Vi m\u00e5 f\u00e5 kontroll i kommunen v\u00e5r med ei stabil styring for \u00e5 f\u00e5 skuta p\u00e5 rett kj\u00f8l igjen. Det ansvaret er Marie klar for!<\/p>\n<\/div><figure class=\"wp-block-media-text__media\" style=\"background-image:url('https:\/\/hoyre.no\/content\/uploads\/sites\/342\/2023\/06\/GettyImages-1449455071-1024x576.jpg');background-position:50% 50%\"><img loading=\"lazy\" decoding=\"async\" width=\"1024\" height=\"576\" src=\"https:\/\/hoyre.no\/content\/uploads\/sites\/342\/2023\/06\/GettyImages-1449455071-1024x576.jpg\" alt=\"\" class=\"wp-image-83 size-full\" srcset=\"https:\/\/hoyre.no\/content\/uploads\/sites\/342\/2023\/06\/GettyImages-1449455071-1024x576.jpg 1024w, https:\/\/hoyre.no\/content\/uploads\/sites\/342\/2023\/06\/GettyImages-1449455071-300x169.jpg 300w, https:\/\/hoyre.no\/content\/uploads\/sites\/342\/2023\/06\/GettyImages-1449455071-768x432.jpg 768w, https:\/\/hoyre.no\/content\/uploads\/sites\/342\/2023\/06\/GettyImages-1449455071-1536x864.jpg 1536w, https:\/\/hoyre.no\/content\/uploads\/sites\/342\/2023\/06\/GettyImages-1449455071-2048x1152.jpg 2048w\" sizes=\"auto, (max-width: 1024px) 100vw, 1024px\" \/><\/figure><\/div>\n\n","protected":false},"excerpt":{"rendered":"","protected":false},"author":29319,"featured_media":0,"parent":0,"menu_order":0,"comment_status":"closed","ping_status":"closed","template":"","meta":{"teft_cards_image_url":"","teft_cards_custom_pretitle":"","teft_cards_image_id":0,"teft_cards_image_focal_point_x":0,"teft_cards_image_focal_point_y":0,"teft_cards_title":"","teft_cards_excerpt":"","teft_show_chapters":false,"footnotes":""},"class_list":["post-141","page","type-page","status-publish","hentry"],"yoast_head":"<!-- This site is optimized with the Yoast SEO plugin v26.6 - https:\/\/yoast.com\/wordpress\/plugins\/seo\/ -->\n<title>Marie v\u00e5r ordf\u00f8rarkandidat - Bj\u00f8rnafjorden H\u00f8gre<\/title>\n<meta name=\"robots\" content=\"index, follow, max-snippet:-1, max-image-preview:large, max-video-preview:-1\" \/>\n<link rel=\"canonical\" href=\"https:\/\/hoyre.no\/bjornafjorden\/marie-var-ordforarkandidat\/\" \/>\n<meta property=\"og:locale\" content=\"nn_NO\" \/>\n<meta property=\"og:type\" content=\"article\" \/>\n<meta property=\"og:title\" content=\"Marie v\u00e5r ordf\u00f8rarkandidat - Bj\u00f8rnafjorden H\u00f8gre\" \/>\n<meta property=\"og:url\" content=\"https:\/\/hoyre.no\/bjornafjorden\/marie-var-ordforarkandidat\/\" \/>\n<meta property=\"og:site_name\" content=\"Bj\u00f8rnafjorden H\u00f8gre\" \/>\n<meta property=\"article:modified_time\" content=\"2024-02-21T15:18:56+00:00\" \/>\n<meta property=\"og:image\" content=\"https:\/\/hoyre.no\/content\/uploads\/sites\/342\/2023\/08\/Marie-2-1-1024x739.png\" \/>\n<meta name=\"twitter:card\" content=\"summary_large_image\" \/>\n<meta name=\"twitter:label1\" content=\"Est. reading time\" \/>\n\t<meta name=\"twitter:data1\" content=\"4 minutt\" \/>\n<script type=\"application\/ld+json\" class=\"yoast-schema-graph\">{\"@context\":\"https:\/\/schema.org\",\"@graph\":[{\"@type\":\"WebPage\",\"@id\":\"https:\/\/hoyre.no\/bjornafjorden\/marie-var-ordforarkandidat\/\",\"url\":\"https:\/\/hoyre.no\/bjornafjorden\/marie-var-ordforarkandidat\/\",\"name\":\"Marie v\u00e5r ordf\u00f8rarkandidat - Bj\u00f8rnafjorden H\u00f8gre\",\"isPartOf\":{\"@id\":\"https:\/\/hoyre.no\/bjornafjorden\/#website\"},\"image\":{\"@id\":\"https:\/\/hoyre.no\/bjornafjorden\/marie-var-ordforarkandidat\/#primaryimage\"},\"thumbnailUrl\":\"https:\/\/hoyre.no\/content\/uploads\/sites\/342\/2023\/08\/Marie-2-1-1024x739.png\",\"datePublished\":\"2023-08-09T09:18:56+00:00\",\"dateModified\":\"2024-02-21T15:18:56+00:00\",\"breadcrumb\":{\"@id\":\"https:\/\/hoyre.no\/bjornafjorden\/marie-var-ordforarkandidat\/#breadcrumb\"},\"inLanguage\":\"nn-NO\",\"potentialAction\":[{\"@type\":\"ReadAction\",\"target\":[\"https:\/\/hoyre.no\/bjornafjorden\/marie-var-ordforarkandidat\/\"]}]},{\"@type\":\"ImageObject\",\"inLanguage\":\"nn-NO\",\"@id\":\"https:\/\/hoyre.no\/bjornafjorden\/marie-var-ordforarkandidat\/#primaryimage\",\"url\":\"https:\/\/hoyre.no\/content\/uploads\/sites\/342\/2023\/08\/Marie-2-1-1024x739.png\",\"contentUrl\":\"https:\/\/hoyre.no\/content\/uploads\/sites\/342\/2023\/08\/Marie-2-1-1024x739.png\"},{\"@type\":\"BreadcrumbList\",\"@id\":\"https:\/\/hoyre.no\/bjornafjorden\/marie-var-ordforarkandidat\/#breadcrumb\",\"itemListElement\":[{\"@type\":\"ListItem\",\"position\":1,\"name\":\"Til hoyre.no\",\"item\":\"https:\/\/hoyre.no\"},{\"@type\":\"ListItem\",\"position\":2,\"name\":\"Hjem\",\"item\":\"https:\/\/hoyre.no\/bjornafjorden\/\"},{\"@type\":\"ListItem\",\"position\":3,\"name\":\"Marie v\u00e5r ordf\u00f8rarkandidat\"}]},{\"@type\":\"WebSite\",\"@id\":\"https:\/\/hoyre.no\/bjornafjorden\/#website\",\"url\":\"https:\/\/hoyre.no\/bjornafjorden\/\",\"name\":\"Bj\u00f8rnafjorden H\u00f8gre\",\"description\":\"Bare enda et H\u00f8yres nettsteder-nettsted\",\"inLanguage\":\"nn-NO\"}]}<\/script>\n<!-- \/ Yoast SEO plugin. -->","yoast_head_json":{"title":"Marie v\u00e5r ordf\u00f8rarkandidat - Bj\u00f8rnafjorden H\u00f8gre","robots":{"index":"index","follow":"follow","max-snippet":"max-snippet:-1","max-image-preview":"max-image-preview:large","max-video-preview":"max-video-preview:-1"},"canonical":"https:\/\/hoyre.no\/bjornafjorden\/marie-var-ordforarkandidat\/","og_locale":"nn_NO","og_type":"article","og_title":"Marie v\u00e5r ordf\u00f8rarkandidat - Bj\u00f8rnafjorden H\u00f8gre","og_url":"https:\/\/hoyre.no\/bjornafjorden\/marie-var-ordforarkandidat\/","og_site_name":"Bj\u00f8rnafjorden H\u00f8gre","article_modified_time":"2024-02-21T15:18:56+00:00","og_image":[{"url":"https:\/\/hoyre.no\/content\/uploads\/sites\/342\/2023\/08\/Marie-2-1-1024x739.png","type":"","width":"","height":""}],"twitter_card":"summary_large_image","twitter_misc":{"Est. reading time":"4 minutt"},"schema":{"@context":"https:\/\/schema.org","@graph":[{"@type":"WebPage","@id":"https:\/\/hoyre.no\/bjornafjorden\/marie-var-ordforarkandidat\/","url":"https:\/\/hoyre.no\/bjornafjorden\/marie-var-ordforarkandidat\/","name":"Marie v\u00e5r ordf\u00f8rarkandidat - Bj\u00f8rnafjorden H\u00f8gre","isPartOf":{"@id":"https:\/\/hoyre.no\/bjornafjorden\/#website"},"image":{"@id":"https:\/\/hoyre.no\/bjornafjorden\/marie-var-ordforarkandidat\/#primaryimage"},"thumbnailUrl":"https:\/\/hoyre.no\/content\/uploads\/sites\/342\/2023\/08\/Marie-2-1-1024x739.png","datePublished":"2023-08-09T09:18:56+00:00","dateModified":"2024-02-21T15:18:56+00:00","breadcrumb":{"@id":"https:\/\/hoyre.no\/bjornafjorden\/marie-var-ordforarkandidat\/#breadcrumb"},"inLanguage":"nn-NO","potentialAction":[{"@type":"ReadAction","target":["https:\/\/hoyre.no\/bjornafjorden\/marie-var-ordforarkandidat\/"]}]},{"@type":"ImageObject","inLanguage":"nn-NO","@id":"https:\/\/hoyre.no\/bjornafjorden\/marie-var-ordforarkandidat\/#primaryimage","url":"https:\/\/hoyre.no\/content\/uploads\/sites\/342\/2023\/08\/Marie-2-1-1024x739.png","contentUrl":"https:\/\/hoyre.no\/content\/uploads\/sites\/342\/2023\/08\/Marie-2-1-1024x739.png"},{"@type":"BreadcrumbList","@id":"https:\/\/hoyre.no\/bjornafjorden\/marie-var-ordforarkandidat\/#breadcrumb","itemListElement":[{"@type":"ListItem","position":1,"name":"Til hoyre.no","item":"https:\/\/hoyre.no"},{"@type":"ListItem","position":2,"name":"Hjem","item":"https:\/\/hoyre.no\/bjornafjorden\/"},{"@type":"ListItem","position":3,"name":"Marie v\u00e5r ordf\u00f8rarkandidat"}]},{"@type":"WebSite","@id":"https:\/\/hoyre.no\/bjornafjorden\/#website","url":"https:\/\/hoyre.no\/bjornafjorden\/","name":"Bj\u00f8rnafjorden H\u00f8gre","description":"Bare enda et H\u00f8yres nettsteder-nettsted","inLanguage":"nn-NO"}]}},"distributor_meta":false,"distributor_terms":false,"distributor_media":false,"distributor_original_site_name":"Bj\u00f8rnafjorden H\u00f8gre","distributor_original_site_url":"https:\/\/hoyre.no\/bjornafjorden","push-errors":false,"_links":{"self":[{"href":"https:\/\/hoyre.no\/bjornafjorden\/wp-json\/wp\/v2\/pages\/141","targetHints":{"allow":["GET"]}}],"collection":[{"href":"https:\/\/hoyre.no\/bjornafjorden\/wp-json\/wp\/v2\/pages"}],"about":[{"href":"https:\/\/hoyre.no\/bjornafjorden\/wp-json\/wp\/v2\/types\/page"}],"author":[{"embeddable":true,"href":"https:\/\/hoyre.no\/bjornafjorden\/wp-json\/wp\/v2\/users\/29319"}],"replies":[{"embeddable":true,"href":"https:\/\/hoyre.no\/bjornafjorden\/wp-json\/wp\/v2\/comments?post=141"}],"version-history":[{"count":4,"href":"https:\/\/hoyre.no\/bjornafjorden\/wp-json\/wp\/v2\/pages\/141\/revisions"}],"predecessor-version":[{"id":168,"href":"https:\/\/hoyre.no\/bjornafjorden\/wp-json\/wp\/v2\/pages\/141\/revisions\/168"}],"wp:attachment":[{"href":"https:\/\/hoyre.no\/bjornafjorden\/wp-json\/wp\/v2\/media?parent=141"}],"curies":[{"name":"wp","href":"https:\/\/api.w.org\/{rel}","templated":true}]}}