{"id":309,"date":"2023-05-02T12:46:17","date_gmt":"2023-05-02T10:46:17","guid":{"rendered":"https:\/\/hoyre.no\/bodo\/?page_id=309"},"modified":"2023-08-03T10:33:20","modified_gmt":"2023-08-03T08:33:20","slug":"politikk","status":"publish","type":"page","link":"https:\/\/hoyre.no\/bodo\/politikk\/","title":{"rendered":"Politikk"},"content":{"rendered":"\n<div class=\"wp-block-hoyre-hero with-image-gradient text-color-light  has-media alignfull has-background\"><div class=\"hoyre-hero has-image\"><h1 class=\"title\">Politikk<\/h1><p class=\"preamble\">Bakgrunn og \u00f8konomi skal ikke ha noe \u00e5 si for hvilke muligheter du har. Vi tror p\u00e5 enkeltmennesket og legger til grunn at folk er ulike. Derfor vil ha ha l\u00f8sninger tilpasset hver enkelt. <\/p>\t\t\t<div class=\"post-meta wp-block teft-byline-wrapper\">\n\t\t\t\t<div class=\"top\">\n\t\t\t\t\t<div class=\"signature\">\n\t\t\t\t\t\t<div class=\"teft-byline\">\n\t\t\t\t\t\t\t\t\t\t\t\t\t\t<div>\n\t\t\t\t\t\t\t\t<h3>H\u00f8yres redaksjon<\/h3>\t\t\t\t\t\t\t\t\n\t\t\t\t\t\t\t\t\t\t\t\t\t\t\t\t\t<span class=\"date\">Sist oppdatert: 3. august 2023<\/span>\n\t\t\t\t\t\t\t\t\t\t\t\t\t\t\t\t\t\t\t\t\t\t\t\t\t<span class=\"reading-time\" itemprop=\"timeRequired\" content=\"PT32M\"><em>Ca. 32 minutter lesetid<\/em><\/span>\n\t\t\t\t\t\t\t\t\t\t\t\t\t\t\t<\/div>\n\t\t\t\t\t\t<\/div>\n\t\t\t\t\t<\/div>\n\t\t\t\t\t\t<div class=\"sharing\">\n\t\t<a class=\"share-button share-link copy-link\" data-copy=\"https:\/\/hoyre.no\/bodo\/politikk\/\" target=\"_blank\"><span class=\"screen-reader-text\">Del link<\/span><\/a>\n\t\t<a class=\"share-button share-twitter\" href=\"http:\/\/twitter.com\/share?text=Politikk&#038;url=https:\/\/hoyre.no\/bodo\/politikk\/&#038;hashtags=Hoyre\" target=\"_blank\"><span class=\"screen-reader-text\">Del p\u00e5 twitter<\/span><\/a>\n\t\t<a class=\"share-button share-facebook\" href=\"https:\/\/www.facebook.com\/sharer\/sharer.php?u=https:\/\/hoyre.no\/bodo\/politikk\/\" target=\"_blank\"><span class=\"screen-reader-text\">Del p\u00e5 facebook<\/span><\/a>\n\t<\/div>\n\t\t\t\t\t<\/div>\n\t\t\t<\/div>\n\n\t\t\t<figure class=\"hoyre-image-wrapper\"><div class=\"hoyre-image\"><img loading=\"lazy\" decoding=\"async\" width=\"2500\" height=\"1667\" src=\"https:\/\/hoyre.no\/content\/uploads\/sites\/148\/2023\/04\/iStock-1218496388-scaled.jpg\" class=\"attachment-scaled size-scaled\" alt=\"\" style=\"object-position: 50% 50%\" srcset=\"https:\/\/hoyre.no\/content\/uploads\/sites\/148\/2023\/04\/iStock-1218496388-scaled.jpg 2500w, https:\/\/hoyre.no\/content\/uploads\/sites\/148\/2023\/04\/iStock-1218496388-300x200.jpg 300w, https:\/\/hoyre.no\/content\/uploads\/sites\/148\/2023\/04\/iStock-1218496388-1024x683.jpg 1024w, https:\/\/hoyre.no\/content\/uploads\/sites\/148\/2023\/04\/iStock-1218496388-768x512.jpg 768w, https:\/\/hoyre.no\/content\/uploads\/sites\/148\/2023\/04\/iStock-1218496388-1536x1024.jpg 1536w, https:\/\/hoyre.no\/content\/uploads\/sites\/148\/2023\/04\/iStock-1218496388-2048x1365.jpg 2048w\" sizes=\"auto, (max-width: 2500px) 100vw, 2500px\" \/><\/div><\/figure><\/div><\/div>\n\n\n\n<div class=\"wp-block-hoyre-banner-core-politics alignwide wp-block-hoyre-banner has-icon-title icon-heart undefined\"><div class=\"banner-inner\"><figure class=\"hoyre-image-wrapper\"><div class=\"hoyre-image\"><img loading=\"lazy\" decoding=\"async\" width=\"2500\" height=\"1667\" src=\"https:\/\/hoyre.no\/content\/uploads\/sites\/148\/2023\/06\/Odd-Emil-juni-2023-3-1-scaled.jpg\" class=\"attachment-scaled size-scaled\" alt=\"\" style=\"object-position: 50% 50%\" srcset=\"https:\/\/hoyre.no\/content\/uploads\/sites\/148\/2023\/06\/Odd-Emil-juni-2023-3-1-scaled.jpg 2500w, https:\/\/hoyre.no\/content\/uploads\/sites\/148\/2023\/06\/Odd-Emil-juni-2023-3-1-300x200.jpg 300w, https:\/\/hoyre.no\/content\/uploads\/sites\/148\/2023\/06\/Odd-Emil-juni-2023-3-1-1024x683.jpg 1024w, https:\/\/hoyre.no\/content\/uploads\/sites\/148\/2023\/06\/Odd-Emil-juni-2023-3-1-768x512.jpg 768w, https:\/\/hoyre.no\/content\/uploads\/sites\/148\/2023\/06\/Odd-Emil-juni-2023-3-1-1536x1024.jpg 1536w, https:\/\/hoyre.no\/content\/uploads\/sites\/148\/2023\/06\/Odd-Emil-juni-2023-3-1-2048x1365.jpg 2048w\" sizes=\"auto, (max-width: 2500px) 100vw, 2500px\" \/><\/div><\/figure><div class=\"banner-content\"><h2>V\u00e5re hjertesaker<\/h2><div class=\"entry-content\">\n<ul class=\"wp-block-list\"><li>Et aldersvennlig Bod\u00f8 og en verdig omsorg<\/li><li>Satse p\u00e5 Elevene ved \u00e5 satse p\u00e5 l\u00e6rerne<\/li><li>Flere skal kunne eie sin egen bolig<\/li><li>P\u00e5 tide med trygg styring av kommunens \u00f8konomi<\/li><\/ul>\n<\/div><a href=\"https:\/\/hoyre.no\/bodo\/politikk\/\" class=\"button wp-block-button__link\">Les mer<\/a><\/div><\/div><\/div>\n\n\n\n\n\n<h2 class=\"wp-block-heading\">Se hva vi jobber med gjennom v\u00e5rt partiprogram<\/h2>\n\n\n\n<div class=\"wp-block-teft-accordion\"><div class=\"teft-accordion__inner\">\n<div class=\"wp-block-teft-item\"><div class=\"teft-item__inner\"><h4 class=\"toggle\">Forvalteransvaret<\/h4><div class=\"teft-item__inner-content entry-content\">\n<h2 class=\"wp-block-heading\">Grunnsyn<\/h2>\n\n\n\n<p>Bod\u00f8 H\u00f8yres politikk bygger p\u00e5 tillit til enkeltmennesket. Vi vil ha et samfunn som fremmer samarbeid, med frihet, mangfold og toleranse som kjennetegn. Vi \u00f8nsker \u00e5 ha alle innbyggere i Bod\u00f8 som m\u00e5lgruppe for v\u00e5r politikk. Det mener vi er en forutsetning for at v\u00e5rt lokalsamfunn skal utvikle seg, og v\u00e6re attraktivt nok til at alle innbyggere skal trives og f\u00f8le seg ivaretatt.<\/p>\n\n\n\n<p>V\u00e5re politikere skal f\u00f8rst og fremst sette innbyggernes behov f\u00f8rst, ikke systemet. Vi legger&nbsp;vekt p\u00e5 at vi som lokalpolitikere har et forvalteransvar og tar vare p\u00e5 noe p\u00e5 vegne av innbyggerne. Vi \u00f8nsker at den enkelte skal kunne bestemme mest mulig over sitt eget liv. En slik prioritering mener vi er avgj\u00f8rende for at kommunen skal tiltrekke seg nye innbyggere som kan bidra til \u00e5 l\u00f8se fremtidens utfordringer.<\/p>\n\n\n\n<p>I store saker kommer H\u00f8yre til \u00e5 jobbe for \u00e5 oppn\u00e5 bred forankring og omforente vedtak med partiene i bystyret. For oss er det viktig at Bod\u00f8 kommune styres etter en langsiktig og milj\u00f8messig, \u00f8konomisk og sosialt b\u00e6rekraftig politikk. Vi skal ta vare p\u00e5 det som fungerer, og forbedre det som ikke gj\u00f8r det. V\u00e5rt m\u00e5l vil alltid v\u00e6re \u00e5 etterlate kommunen i en bedre tilstand enn det vi overtok den i.<\/p>\n\n\n\n<p>For Bod\u00f8 H\u00f8yre er en god skole, et aldersvennlig samfunn, god eldreomsorg, et inkluderende boligmarked og en n\u00e6ringsvennlig kommune de viktigste sakene.<\/p>\n\n\n\n<p>Vi vil fokusere p\u00e5 muligheter og utvikling.&nbsp;Vi tror p\u00e5 samarbeid, tilgjengelighet og \u00e5penhet for \u00e5 f\u00e5 til gode l\u00f8sninger.<\/p>\n\n\n\n<p>De om lag 4000 medarbeiderne er Bod\u00f8 kommunes st\u00f8rste ressurs. En robust kommune\u00f8konomi vil skape trygghet og forutsigbarhet for medarbeiderne og sikre velferdstjenestene som Bod\u00f8 Kommune leverer.<\/p>\n\n\n\n<p>V\u00e5rt oppdrag i lokalpolitikken er \u00e5 v\u00e6re en forvalter av noe som tilh\u00f8rer innbyggerne i Bod\u00f8. Samtidig skal lokalpolitikken v\u00e6re en slags omsorgsfull gartner som f\u00e5r Bod\u00f8 til \u00e5 spire og gro.<\/p>\n\n\n\n<h2 class=\"wp-block-heading\">\u00c5penhet, forenkling og digitalisering<\/h2>\n\n\n\n<p>Det vil v\u00e6re hensiktsmessig b\u00e5de for medarbeidere og innbyggere at kommunen tar i bruk flere digitale l\u00f8sninger. H\u00f8yre vil intensivere arbeidet med digitalisering av kommunen og fornye gamle digitale l\u00f8sninger. Det vil kunne gi et bedre tjenestetilbud med h\u00f8yere kvalitet og en enklere hverdag for innbyggere, virksomheter og ansatte i kommunen ved at saksbehandlingen blir lettere.<\/p>\n\n\n\n<p>I 2022 kom Bod\u00f8 kommune p\u00e5 298. plass p\u00e5 Pressens \u00c5penhetsbarometer. H\u00f8yre har en ambisjon om at kommunen skal v\u00e6re blant de beste og vil aktivt legge til rette for st\u00f8rre \u00e5penhet.<\/p>\n\n\n\n<p>Det er viktig at kommunen konsentrerer sine ressurser om riktige oppgaver. Politikkens viktigste ansvarsomr\u00e5de er \u00e5 s\u00f8rge for at kommunen drives godt. For Bod\u00f8 H\u00f8yre er det et viktig prinsipp at skattepengene skal komme flest mulig til gode. Det skal vises ydmykhet for bruk av innbyggernes skattepenger, og kommunen skal stille krav om og f\u00f8lge opp m\u00e5loppn\u00e5else i tjenestene.&nbsp;<\/p>\n\n\n\n<p>Bod\u00f8 H\u00f8yre vil:<\/p>\n\n\n\n<ul class=\"wp-block-list\"><li>Legge til rette for nye digitaliseringsprosjekter og fornye gamle digitale l\u00f8sninger, samt styrke den digitale kompetansen og bruken i kommunen, b\u00e5de blant ansatte og innbyggere.<\/li><li>Hjelpe de som faller utenfor den digitale hverdagen.<\/li><li>Ta vare p\u00e5 eksisterende bygningsmasser og annen infrastruktur.<\/li><li>Legge til rette for offentlig-privat-samarbeid (OPS) i byggeprosjekt der det er hensiktsmessig.<\/li><li>kontinuerlig bruke moderne verkt\u00f8y og teknikker for \u00e5 gj\u00f8re tjenester mer effektive og\/eller energibesparende.<\/li><li>Aktivt legge til rette for \u00f8kt \u00e5penhet.<\/li><li>St\u00f8tte opp om utviklingsarbeidet som gj\u00f8res av FORUT-teamet.<\/li><\/ul>\n<\/div><\/div><\/div>\n\n\n\n<div class=\"wp-block-teft-item\"><div class=\"teft-item__inner\"><h4 class=\"toggle\">Oppvekst og skole<\/h4><div class=\"teft-item__inner-content entry-content\">\n<h2 class=\"wp-block-heading\">Familie og barnehage<\/h2>\n\n\n\n<p>Det er kommunens oppgave \u00e5 s\u00f8rge for at alle barn har tilgang til barnehageplass. Barnehagene er viktige arenaer for \u00e5 ivareta barnas behov for omsorg og lek, samt fremme videre l\u00e6ring og danning.&nbsp; Da trengs det barnehager med kvalifiserte og omsorgsfulle medarbeidere.<\/p>\n\n\n\n<p>Bod\u00f8 H\u00f8yre vil:<\/p>\n\n\n\n<ul class=\"wp-block-list\"><li>Sikre full barnehagedekning, og l\u00f8pende opptak, gjennom et godt samarbeid med offentlige og private barnehageakt\u00f8rer.<a><\/a><\/li><\/ul>\n\n\n\n<ul class=\"wp-block-list\"><li>Styrke arbeidet med barnas tidlige spr\u00e5kutvikling.<\/li><li>Stille krav om norskferdigheter for barnehageansatte.<\/li><li>Tilby etter- og videreutdanning for \u00e5 \u00f8ke kompetansen hos ansatte og ledere i barnehagene.<\/li><li>Bidra til at overganger mellom barnehage, skole og senere utdanningstrinn skjer p\u00e5 en god m\u00e5te.<\/li><\/ul>\n\n\n\n<h2 class=\"wp-block-heading\">Kunnskap i skolen<\/h2>\n\n\n\n<p>Skolen er den viktigste og mest effektive sosiale utjevningsarenaen som finnes. Det er derfor viktig \u00e5 stille krav i skolen, b\u00e5de til elevene og til selve tilbudet som blir gitt til elevene. H\u00f8yre vil prioritere en kunnskapsskole med h\u00f8y faglig kvalitet. M\u00e5let er at Bod\u00f8skolen skal rekruttere dyktige medarbeidere, og videreutvikle kompetansen som allerede finnes. Elevene som har behov for ekstra oppf\u00f8lging skal f\u00e5 hjelpen de trenger s\u00e5 tidlig som mulig. Skolen skal ogs\u00e5 f\u00f8lge opp eleven gjennom god dialog med hjemmet. Tidlig innsats er n\u00f8kkelen til mestring og bedre l\u00e6ring. Bod\u00f8skolen m\u00e5 ha nok kvalifiserte l\u00e6rerressurser. Skole\u00f8konomien m\u00e5 styres p\u00e5 den m\u00e5ten at vi kan f\u00e5 mest og best mulig kvalifisert undervisning for kronene.<\/p>\n\n\n\n<p>Bod\u00f8 H\u00f8yre vil:<\/p>\n\n\n\n<ul class=\"wp-block-list\"><li>S\u00f8rge for stabile og forutsigbare rammevilk\u00e5r i skolen.<\/li><li>Sikre at alle barn skal kunne lese, skrive og regne n\u00e5r de g\u00e5r ut av grunnskolen<\/li><li>Sikre at alle elevene i skolen f\u00e5r undervisning tilpasset sitt niv\u00e5.<\/li><li>Stille krav til h\u00f8y faglig kompetanse, og s\u00f8rge for et godt og reelt etter- og videreutdanningstilbud for l\u00e6rere i skolen.<\/li><li>S\u00f8rge for at alle skoler i kommunen kan ha et best mulig pedagogisk og psykososialt milj\u00f8.<\/li><li>Ha \u00e5penhet rundt resultatene i kartleggingspr\u00f8ver, og anvende resultatene til \u00e5 forbedre l\u00e6ringen.<\/li><li>Videreutvikle Bod\u00f8 Naturskole som et kompetansesenter innen natur, friluft og mestring for barn og unge i hele Nordland.<\/li><li>Satse p\u00e5 Newton-rommene og styrke samarbeidet med First Scandinavia og Ungt Entrepren\u00f8rskap.<\/li><li>S\u00f8rge for at skolebygg vedlikeholdes slik at elever og l\u00e6rere har gode arbeidsforhold.<\/li><li>Tilpasse skolestrukturen for \u00e5 frigj\u00f8re mest mulig ressurser i skolen til undervisning.<\/li><li>Ha som ambisjon \u00e5 etablere et Vitensenter i Bod\u00f8 eller et Tandbergsenter i et samarbeid med Nordland fylkeskommune, n\u00e6ringslivet og Nord Universitet.<\/li><\/ul>\n\n\n\n<ul class=\"wp-block-list\"><li>Arbeide for \u00e5 innf\u00f8re et sommerskoletilbud for elever som \u00f8nsker det, slik at elever skal f\u00e5 mulighet til \u00e5 forbedre karakteren her.<\/li><li>Kontinuerlig arbeide med \u00e5 fjerne tidstyver i skolen, slik at l\u00e6rere f\u00e5r v\u00e6re l\u00e6rere.<\/li><li>Garantere for fortsatt fritt skolevalg i Bod\u00f8.<\/li><li>Gi elever som har falt fra undervisningen mulighet til alternativ oppl\u00e6ring p\u00e5 arbeidsplass eller annen form for l\u00e6ringsst\u00f8ttende utplassering.<\/li><li>At alle mobbesaker skal f\u00f8lges opp. Sikre at foreldrene til alle som ber\u00f8res av mobbesaker eller andre konflikter involveres for \u00e5 finne varige l\u00f8sninger.<\/li><li>I de tilfeller det er n\u00f8dvending er det mobberen som skal bytte skole og ikke mobbeofferet.<\/li><li>Sikre god h\u00e5ndtering av vold, trusler, og grov trakassering i skolen b\u00e5de mot elever og ansatte<\/li><li>Ha som hovedregel at skoleklasser har samme kontaktl\u00e6rer over flere \u00e5r, fordi det bidrar positivt til l\u00e6ringsmilj\u00f8et.<\/li><li>G\u00e5 for tradisjonelle klasseromsl\u00f8sninger ved omgj\u00f8ring og bygging av nye skoler.&nbsp;<\/li><li>St\u00f8tte opp om det alternative oppl\u00e6ringstilbudet som gis ved Alberthaugen skole.<\/li><li>Ha god informasjonsflyt ved alle overganger til ny skole i l\u00f8pet av utdanningsl\u00f8pet.<\/li><li>Ha engod r\u00e5dgivningskompetanse i grunnskolen n\u00e5r det gjelder valg av videreg\u00e5ende utdanning for \u00e5 sikre et godt grunnlag for eleven.<\/li><li>S\u00f8rge for et godt tilbud av praktiske valgfag i ungdomsskolen.<\/li><li>V\u00e6re positiv til etablering av et internasjonalt skoletilbud innen International Baccleaurate (IB) for elever i grunnskole- og videreg\u00e5ende skolealder.<\/li><\/ul>\n\n\n\n<h2 class=\"wp-block-heading\">Tjenester rettet mot barn og unge<\/h2>\n\n\n\n<p>For H\u00f8yre er det viktig \u00e5 s\u00f8rge for at Bod\u00f8 er en trygg og god kommune \u00e5 vokse opp i. En god barndom varer livet ut. Vi m\u00e5 s\u00f8rge for et sterkt tverrfaglig arbeid hos alle som jobber med barn og unge i kommunen.<s><\/s><\/p>\n\n\n\n<p>Bod\u00f8 H\u00f8yre skal s\u00f8rge for at barn og unge uansett hvilken bakgrunn de har skal ha de beste mulighetene for \u00e5 f\u00e5 et godt og verdig liv. I den grad kommunen kan bidra m\u00e5 det s\u00f8rges for at alle har et godt hjem \u00e5 bo i. <s><\/s><\/p>\n\n\n\n<p>Vi \u00f8nsker \u00e5 gi barn og unge gode rammer til \u00e5 forme egen hverdag og oppvekstsvilk\u00e5r. Vi vil arbeide for at unge mennesker skal delta i prosesser som ang\u00e5r og ber\u00f8rer dem selv. Blant annet gjennom tiltak som ungdomsr\u00e5d og andre medvirkningsarenaer for ungdom.<\/p>\n\n\n\n<p>Det er viktig at unge som ber om hjelp f\u00e5r det n\u00e6rmest mulig der de er, og at man har en fast kontaktperson \u00e5 forholde seg til. Derfor mener H\u00f8yre det blant annet er viktig \u00e5 satse p\u00e5 en faglig sammensatt skolehelsetjeneste, som kan vurdere helheten i den enkeltes utfordringer.&raquo;<\/p>\n\n\n\n<p>Bod\u00f8 H\u00f8yre vil:<\/p>\n\n\n\n<ul class=\"wp-block-list\"><li>S\u00f8rge for at skolehelsetjenesten fungerer som d\u00f8r\u00e5pner for unge som trenger hjelp, og at den har n\u00f8dvendig fullmakt til \u00e5 opprette gode tverrfaglige team.<\/li><li>Sikre n\u00f8dvendig tverrfaglighet i arbeid rettet mot barn og unge.<\/li><li>Sikre tilgang til kompetanse innenfor psykiatri og rusfeltet for tidlig forebygging.<\/li><li>Jobbe for at skolehelsetjenesten skal undervise i psykisk helse og rus.<\/li><li>At skolehelsetjenesten skal s\u00f8rge for \u00e5 ha en god dialog og bidra med oppf\u00f8lgingen av elever med mye udokumentert frav\u00e6r.<\/li><li>Bidra til at Utekontakten har tilstrekkelig med ressurser for \u00e5 drive sitt forebyggende arbeid og oppf\u00f8lgingsarbeid rettet mot ungdom.<\/li><li>Jobbe for gode lavterskeltilbud innenfor psykisk helse og rus rettet mot ungdom.<\/li><li>S\u00f8rge for praktiske \u00e5pningstider i de forskjellige tjenestene som jobber med barn- og unge.<\/li><li>Sikre god kompetanse i barnevernet, gjennom blant annet \u00e5 s\u00f8rge for god etter- og videreutdanning av de ansatte.<\/li><li>Sikre at Bod\u00f8 Kommune har et godt ettervern for unge som skrives ut av institusjon.<\/li><\/ul>\n<\/div><\/div><\/div>\n\n\n\n<div class=\"wp-block-teft-item\"><div class=\"teft-item__inner\"><h4 class=\"toggle\">Omsorg og aldersvennlig samfunn<\/h4><div class=\"teft-item__inner-content entry-content\">\n<h2 class=\"wp-block-heading\">Et aldersvennlig Bod\u00f8<\/h2>\n\n\n\n<p>Vi blir stadig flere eldre, og i 2030 er vi nesten ti tusen eldre i Bod\u00f8. Samtidig blir det f\u00e6rre til \u00e5 ta vare p\u00e5 oss n\u00e5r vi blir eldre. En verdig alderdom handler om \u00e5 ha mulighet til \u00e5 velge det som er best for en selv.<\/p>\n\n\n\n<p>Mange eldre har god helse og vi m\u00e5 legge til rette for at de som \u00f8nsker \u00e5 bidra eller delta p\u00e5 aktiviteter og tilbud, kan gj\u00f8re det blant annet gjennom godt samarbeid med frivilligheten. For H\u00f8yre er det viktigste at det blir gode tilbud til eldre, og ikke hvem som utf\u00f8rer dem. H\u00f8yre er derfor positiv til \u00f8kt samarbeid med private om omsorgstilbud til eldre. Bod\u00f8 H\u00f8yre vil at eldre skal ha st\u00f8rre valgfrihet og legge til rette for at man skal kunne bo hjemme s\u00e5 lenge man \u00f8nsker. <s><\/s><\/p>\n\n\n\n<p>Bod\u00f8 H\u00f8yre vil:<\/p>\n\n\n\n<ul class=\"wp-block-list\"><li>Bidra til at eldre mestrer egen hverdag og s\u00f8rge for n\u00f8dvendig hjelp n\u00e5r det er behov for det.<\/li><li>St\u00f8tte tiltak som legger til rette for at folk f\u00e5r bo lengst mulig i sitt eget hjem.<\/li><li>Legge til rette for at eldre som \u00f8nsker det kan leve sammen s\u00e5 lenge som mulig, b\u00e5de ved tilrettelegging i hjemmet og institusjon.<\/li><li>Prioritere etablering av omsorgstjenester som sikrer tilrettelagte tilbud, moderne l\u00f8sninger, livsl\u00f8psl\u00f8sninger og omtanke for menneskeverd i samarbeid med private akt\u00f8rer og frivillig sektor.<\/li><li>Fortsette arbeidet med \u00e5 styrke bruken av god velferdsteknologi i tjenestene, slik at helsepersonell f\u00e5r mer tid til \u00e5 ta seg av brukerne som trenger det.<\/li><li>Lytte og ta de eldre innbyggerne p\u00e5 alvor, blant annet gjennom \u00e5 inkludere og st\u00f8tte opp om Eldrer\u00e5dets \u00f8nsker og prioriteringer.<\/li><li>Involvere frivillige organisasjoner i utviklingen av gode tilbud til eldre.<\/li><li>St\u00f8tte tilbud om helsefremmende tiltak for pensjonister.<\/li><li>Jobbe for at flere eldre kan st\u00e5 lengre i arbeid, blant annet ved \u00e5 tilby kompetansep\u00e5fyll og oppl\u00e6ring i digitalisering.<\/li><\/ul>\n\n\n\n<h2 class=\"wp-block-heading\">Pleie og omsorg<\/h2>\n\n\n\n<p>For \u00e5 lykkes i arbeidet med helse- og omsorgstjenesten m\u00e5 kommunen prioritere b\u00e5de godt forebyggende arbeid, kronikeromsorg og rehabilitering, og ogs\u00e5 legge til rette for private tilbud og \u00f8kt samarbeid med frivilligheten. Samtidig m\u00e5 kommunen v\u00e6re kompetent til \u00e5 h\u00e5ndtere pasienter med komplekse og sammensatte behov.<\/p>\n\n\n\n<p>Bod\u00f8 H\u00f8yre vil:<\/p>\n\n\n\n<ul class=\"wp-block-list\"><li>At fritt brukervalg skal v\u00e6re regelen, ikke unntaket.<\/li><li>Styrke grunnbemanningen i eldreomsorgen.<\/li><li>V\u00e6re positiv til private initiativ om \u00e5 bygge boligtilbud med fellesareal der det tilrettelegges for fellesaktiviteter.<\/li><li>Organisere hjemmesykepleien slik at mottakeren av tjenesten f\u00e5r f\u00e6rrest mulig \u00e5 forholde seg til.<\/li><li>Arbeide systematisk med godt lederskap i helsetjenesten gjennom lokale lederutviklingstiltak.<\/li><li>Ha gode og fleksible avlastningstilbud.<\/li><li>Vurdere hvilke tiltak som skal til for \u00e5 l\u00f8se dagens mangel p\u00e5 sykepleiere og fastleger, i samarbeid med fagorganisasjonene.<\/li><li>Utarbeide tydelige rutiner for h\u00e5ndtering av muntlige klager p\u00e5 kommunens tjenestetilbud.<\/li><li>Vurdere tiltak som kan bedre hverdagen til personer med demenssykdom, ogs\u00e5 med hensyn til alder.<\/li><li>Prioritere bygging av omsorgsboliger og helsehus.<\/li><li>S\u00f8rge for at kommunale sykehjem har m\u00e5ltidene sine til normale tidspunkt.<\/li><li>Se p\u00e5 muligheten for \u00e5 selge Sentrum sykehjem for \u00e5 finansiere bygging av et nytt sykehjem i sentrum.<\/li><\/ul>\n<\/div><\/div><\/div>\n\n\n\n<div class=\"wp-block-teft-item\"><div class=\"teft-item__inner\"><h4 class=\"toggle\">Inkludering<\/h4><div class=\"teft-item__inner-content entry-content\">\n<h2 class=\"wp-block-heading\">En kommune med plass til alle<\/h2>\n\n\n\n<p>En av kommunens viktigste oppgave er \u00e5 ta vare p\u00e5 de som trenger det mest. Derfor skal H\u00f8yre ha en offensiv og m\u00e5lrettet politikk for de mest utsatte gruppene i samfunnet. V\u00e5rt overordnede m\u00e5l er at alle skal kunne styre sin egen hverdag s\u00e5 mye som overhodet mulig, og v\u00e6re en del av samfunnet. Da er det systemene som m\u00e5 tilpasses folk, ikke omvendt.<\/p>\n\n\n\n<p>Bod\u00f8 H\u00f8yre vil:<\/p>\n\n\n\n<ul class=\"wp-block-list\"><li>At private og ideelle organisasjoner skal f\u00e5 muligheten til \u00e5 bygge ut og utvikle et godt og differensiert lavterskeltilbud for blant annet rusavhengige, psykisk syke, personer med demens og personer med nedsatt funksjonsevne.<\/li><li>Sikre tilgang til tilrettelagte boliger, arbeidstilbud og fritidstilbud til mennesker i alle former for utenforskap.<\/li><li>Flagge under PRIDE, og st\u00f8tte LHBTIQ-personers rettigheter i kommunens arbeid.<\/li><li>Revurdere avtaler eller st\u00f8tte til samarbeidspartnere som diskriminerer eller ikke s\u00f8rger for inkludering av utsatte grupper.<\/li><\/ul>\n\n\n\n<h2 class=\"wp-block-heading\">Personer med funksjonsnedsettelse<\/h2>\n\n\n\n<p>Alle skal ha rett til et verdig liv. H\u00f8yre \u00f8nsker at Bod\u00f8 kommune skal bidra aktivt til \u00e5 gj\u00f8re hverdagen enklest mulig for de som trenger litt ekstra hjelp eller tilpassing for \u00e5 mestre denne. Kommunen skal v\u00e6re en god tilrettelegger som det er lett \u00e5 f\u00e5 kontakt med, og som sikrer de beste l\u00f8sningene.<\/p>\n\n\n\n<p>Bod\u00f8 H\u00f8yre vil:<\/p>\n\n\n\n<ul class=\"wp-block-list\"><li>\u00c5pne for at flere private leverand\u00f8rer av BPA tjenester og andre helsetjenester kan etablere seg i Bod\u00f8 slik at det blir fritt brukervalg.<\/li><li>Aktivt arbeide for at det etableres nye botilbud for personer med funksjonsnedsettelse i samarbeid med brukere og p\u00e5r\u00f8rende.<\/li><li>Arbeide med \u00e5 styrke universell utforming av viktige m\u00f8teplasser og offentlige arenaer i kommunen.<\/li><li>Sikre at personer med funksjonsnedsettelse ogs\u00e5 f\u00e5r delta p\u00e5 arrangementer i forbindelse med BOD\u00d82024 og andre kulturelle arrangementer, festivaler og konserter.<\/li><li>Opprettholde at st\u00f8ttekontaktordningen i hovedsak blir individuell der brukere \u00f8nsker det.<\/li><li>Motivere private og offentlige instanser med arbeidsinkluderingsordninger som skaper nye stillinger for personer med utviklingshemming i ordin\u00e6re virksomheter.<\/li><li>Jobbe for et universelt utformet Bod\u00f8 sentrum.<\/li><li>Utvikle Bod\u00f8 Naturskole som mestringsarena for barn og unge med funksjonsnedsettelser b\u00e5de i skole og fritid.<\/li><\/ul>\n\n\n\n<h2 class=\"wp-block-heading\">Innvandring og integrering<\/h2>\n\n\n\n<p>Bod\u00f8 H\u00f8yre \u00f8nsker at det skal bli flere Bod\u00f8v\u00e6ringer og er positiv til innvandring. Det er staten som bestemmer hvor mange flyktninger Norge skal ta imot hvert \u00e5r. Bod\u00f8 har vist seg som en god og forutsigbar akt\u00f8r b\u00e5de i tilknytning til bosetting og integrering. Det skal kommunen fortsatt v\u00e6re. Derfor mener H\u00f8yre at Bod\u00f8 fortsatt skal bidra i bosettingsdugnaden. De som kommer til Bod\u00f8 skal f\u00f8le seg som innbyggere av kommunen, ikke innvandrere. Vi tror at \u00e5 aktivt invitere alle grupper med p\u00e5 de samme aktiviteter og sosiale arenaer, sikrer bedre integrering enn \u00e5 opprette egne tilbud til flyktninger.<\/p>\n\n\n\n<p>Bod\u00f8 H\u00f8yre vil:<\/p>\n\n\n\n<ul class=\"wp-block-list\"><li>Strekke oss langt for \u00e5 Bosette det antallet flyktninger vi blir anmodet om \u00e5 ta imot.<\/li><li>F\u00e5 flyktninger raskest mulig inn i arbeidslivet og gi norskoppl\u00e6ring i kombinasjon med arbeidspraksis<\/li><li>La private og ideelle akt\u00f8rer kunne tilby deler av introduksjonsprogrammet dersom det s\u00f8rger for et bedre tilbud for de som skal integreres.<\/li><li>Innf\u00f8re et gratis spr\u00e5kprogram for innvandrere.<\/li><li>Kartlegge psykisk helse blant innvandrere slik at man kan innf\u00f8re m\u00e5lrettede tiltak.<\/li><li>Styrke frivillighetsarbeidet og dets betydning for en god integrering i kommunen.<\/li><\/ul>\n\n\n\n<h2 class=\"wp-block-heading\">Sosiale ulikheter<\/h2>\n\n\n\n<p>Mange opplever at det de senere \u00e5rene har blitt dyrere \u00e5 bo i Bod\u00f8. Samtidig ser vi at barnefattigdom er et \u00f8kende problem som gjelder flere grupper i samfunnet. For Bod\u00f8 H\u00f8yre er det viktig med m\u00e5lrettede tiltak for \u00e5 forebygge sosiale ulikheter.<\/p>\n\n\n\n<p>Bod\u00f8 H\u00f8yre vil:<\/p>\n\n\n\n<ul class=\"wp-block-list\"><li>Prioritere \u00e5 bruke barnefattigdomsmidler til tiltak som forbedrer hverdagen til de som trenger det mest.<\/li><li>Sikre at alle barnefamilier har r\u00e5d til \u00e5 ha barna p\u00e5 SFO.<\/li><li>Stimulere til tiltak som for eksempel Allfri som gj\u00f8r at barn, p\u00e5 tvers av bakgrunn, har felles m\u00f8tearenaer.<\/li><\/ul>\n\n\n\n<ul class=\"wp-block-list\"><li>S\u00f8rge for at bost\u00f8tteordningen fungerer p\u00e5 en enkel og minst mulig byr\u00e5kratisk m\u00e5te.<\/li><li>La de som mottar sosialhjelp beholde barnetrygden.<\/li><\/ul>\n\n\n\n<h2 class=\"wp-block-heading\">Psykisk helse, rusomsorg og forebygging<\/h2>\n\n\n\n<p>Det \u00e5 bli sett for den man er og f\u00e5 muligheten til \u00e5 delta er grunnleggende for alle mennesker. Mange opplever \u00e5 ha psykiske helseproblemer i l\u00f8pet av livet, p\u00e5 tvers av aldersgrupper og i alle deler av befolkningen. En viktig b\u00e6rebjelke for H\u00f8yres arbeid er forebygging og gode lavterskeltilbud. H\u00f8yre er positiv til at kommunen samarbeider med brukerorganisasjoner, frivillige og veldedige organisasjoner.<\/p>\n\n\n\n<p>Bod\u00f8 H\u00f8yre vil:<\/p>\n\n\n\n<ul class=\"wp-block-list\"><li>Tilby gode lavterskeltilbud for de som sliter med sin psykiske helse, eller vold- og rusproblematikk.<\/li><li>Tilrettelegge for fritidsaktiviteter for utsatt ungdom i helger og sommerferie.<s><\/s><\/li><li>Tilrettelegge for fritidsaktivitet for mennesker som sliter med psykisk helse og rus.<s><\/s><\/li><li>St\u00f8tte aktiviteter som sikrer m\u00f8teplasser for \u00e5 forebygge ensomhet.<\/li><li>Utrede mulighet for ulike tilbud for \u00e5 forebygge overdoser av rusmidler, blant annet brukerrom, teststasjoner og ulike oppl\u00e6ringstilbud i samarbeid med nasjonale kompetansesenter.<\/li><\/ul>\n<\/div><\/div><\/div>\n\n\n\n<div class=\"wp-block-teft-item\"><div class=\"teft-item__inner\"><h4 class=\"toggle\">Utvikling<\/h4><div class=\"teft-item__inner-content entry-content\">\n<h2 class=\"wp-block-heading\">Boligpolitikk<\/h2>\n\n\n\n<p>Muligheten til \u00e5 ha et godt sted \u00e5 bo er et fundament i et velfungerende velferdssamfunn. H\u00f8yre \u00f8nsker \u00e5 legge til rette for at flere skal kunne eie sin egen bolig og at det skal bli lavere boligpriser i Bod\u00f8. Boligprisene i Bod\u00f8 er h\u00f8ye og gj\u00f8r at mange ikke har r\u00e5d til \u00e5 kj\u00f8pe sin egen bolig.<\/p>\n\n\n\n<p>Bod\u00f8 H\u00f8yre vil:<\/p>\n\n\n\n<ul class=\"wp-block-list\"><li>Legge til rette for bygging av flere boliger ved \u00e5 regulere betydelig flere omr\u00e5der til boligbygging.<\/li><li>Redusere kostnadene for sm\u00e5 leiligheter (ungdom\/f\u00f8rstegangsetablerere) ved \u00e5 redusere lokalt vedtatt krav til utomhusareal for sm\u00e5 leiligheter i Bod\u00f8 sentrum. Evt. sikre prisreduksjon til unge boligkj\u00f8pere av sm\u00e5 leiligheter ved at kravet til utomhusareal reduseres<\/li><li>Fjerne lokale krav som bidrar til \u00e5 gj\u00f8re husbygging i Bod\u00f8 un\u00f8dig komplisert og dyrt utover nasjonale minstekrav.<\/li><li>\u00d8ke rammen for startl\u00e5n betydelig for at flere kan kj\u00f8pe sin egen bolig samt bidra til \u00f8kt boligbygging<\/li><li>Legge til rette for forskjellige leie- til eie-modeller.<\/li><li>Jobbe mot Nordland fylkeskommune for \u00e5 f\u00e5 realisert&nbsp;hybelhus for elever i videreg\u00e5ende skole som er borteboere. M\u00e5let m\u00e5 v\u00e6re at Elever som flytter til Bod\u00f8 skal v\u00e6re garantert hybel det f\u00f8rste \u00e5ret de bor i kommunen.<\/li><li>Bod\u00f8 kommune skal fortsatt arbeide for gode botilbud for byens studenter, gjennom \u00e5 jobbe overfor nasjonale myndigheter for bevilgninger til studentboliger, men ogs\u00e5 ved \u00e5 tilrettelegge for at private akt\u00f8rer kan bidra. Det viktigste er at det finnes nok gode boliger tilgjengelig til en rimelig pris.<\/li><li>Bod\u00f8 h\u00f8yre \u00f8nsker \u00e5 se p\u00e5 mulighetene for enklere \u00e5 kunne fradele tomter til fritidsboliger<\/li><li>Legge til rette for \u00e5 etablere mikrohus for \u00e5 \u00f8ke antallet mindre og rimelige boliger som ogs\u00e5 bidrar til b\u00e6rekraftig boligbygging og livsstil.&nbsp; &nbsp;&nbsp; &nbsp;<\/li><li>At Bod\u00f8 kommune skal tilrettelegge for at ny teknologi kan brukes for \u00e5 redusere boligkostnad og bidra til reduserte CO2-utslipp<\/li><li>At Bod\u00f8 kommune\/Boligstiftelsen skal kj\u00f8pe leiligheter i nye prosjekter for \u00e5 sikre spredning av kommunale boliger og \u00f8kt boligbygging.<\/li><li>Gjennomf\u00f8re en vurdering av om kommunal infrastruktur i tidligere Breiva tomtefelt kan benyttes til boligbygging med en andel til f\u00f8rstegangsetablerere og boligsosiale form\u00e5l<\/li><li>Se p\u00e5 muligheten for \u00e5 gjennomf\u00f8re et pilotprosjekt likt \u00abLille Komsa\u00bb i Alta hvor bokvalitet vektlegges h\u00f8yere enn pris ved salg av kommunal tomt.<\/li><li>Vurdere \u00e5 selge mindre tomteomr\u00e5der for \u00e5 f\u00e5 flere mindre akt\u00f8rer i byggen\u00e6ringen med i budrunder<\/li><li>Samarbeide med hele byggen\u00e6ringen for \u00e5 bygge flere tilpassede boliger til ulike m\u00e5lgrupper, alle generasjoner (eks felles tun i eldreboliger o.l.).<\/li><li>Aktivt bruke startl\u00e5n for at flere som i dag leier kommunale boliger kan kj\u00f8pe boligen og eie sin egen bolig. Salg av kommunale boliger til leietakere p\u00e5 gunstige vilk\u00e5r kan dermed reinvesteres i flere leieboliger<\/li><li>Ved bygging av nye boliger vurdere \u00e5 stille krav om at et antall boliger skal ha et prisniv\u00e5 innenfor startl\u00e5nsrammen.<\/li><li>Skjerme for plutselige husleie\u00f8kninger i kommunale boliger for \u00e5 skape forutsigbarhet for beboerne<\/li><li>Vurdere muligheten for ny innretning av husleie i kommunale boliger slik at det for eksempel blir en maksleie i % av beboers inntekt.<\/li><li>Skille mellom gjennomgangsboliger hvor folk kan bo en kortere tid og boliger med held\u00f8gns bemanning for beboere med varig hjelpebehov. &nbsp;&nbsp;&nbsp;&nbsp;&nbsp;<\/li><li>Bygge flere boliger for vanskeligstilte ved \u00e5 invitere til \u00f8kt samarbeid mellom kommunen og byggen\u00e6ringen. For eksempel kan kommunale tomter brukes som virkemiddel og det kan settes krav til leie til eie modell eller lignende.<\/li><li>Legge til rette for bygging av private bofellesskap for unge funksjonshemmede (mini- Tangerudbakken)<\/li><li>Bygge videre p\u00e5 selveier- modell fra Tverlandet. Festetomter fra kommunen kan bidra til at flere slike bofellesskap blir bygd.<\/li><li>\u00d8ke satsingen p\u00e5 boliger som markedet ikke tilbyr (f.eks. til rusmisbrukere og funksjonshemmede)<\/li><li>Innf\u00f8re bunnfradrag p\u00e5 eiendomsskatten og gradvis \u00f8ke dette til kr 500 000. Dette med form\u00e5l om en reell lettelse i eiendomsskatten.<\/li><li>Sikre utbygging og vedlikehold av n\u00f8dvendig infrastruktur i tr\u00e5d med utbygging og demografiske endringer.<\/li><li>V\u00e6re positiv til etablering av fritidsboliger utenfor regulerte felt.<\/li><li>V\u00e6re positiv til at mindre smartboligfelt etableres med basis nye boformer med kollektive l\u00f8sninger s\u00e5 som, kolonihage, drivhus, hobbyverksted og andre kollektive l\u00f8sninger s\u00e5 som felles energiproduksjon, bildeling med mere.<\/li><\/ul>\n\n\n\n<h2 class=\"wp-block-heading\">Klima, energi og bl\u00e5gr\u00f8nn utvikling<\/h2>\n\n\n\n<p>B\u00e6rekraftig utvikling av byene er avgj\u00f8rende for at vi skal kunne l\u00f8se klima- og milj\u00f8utfordringene. Bod\u00f8 har vokst frem basert p\u00e5 mulighetene som havet gir. En smart og milj\u00f8vennlig utvikling av Bod\u00f8 m\u00e5 ta utgangspunkt i mulighetene b\u00e5de til havs og p\u00e5 land. Havet rundt Bod\u00f8 gir muligheter for viktig sj\u00f8mat og arbeidsplasser knyttet til dette ikke minst i kommunens ytterkanter.&nbsp; H\u00f8yre vil legge til rette for utvikling av nye muligheter i havet som for eksempel lukket sj\u00f8basert fiskeoppdrett, dyrking av tang, tare og alger. For \u00e5 sikre Bod\u00f8 tilgang til ny energi for fremtiden vil vi jobbe for et forbedret str\u00f8mnett og utvikling av ny energi der det ligger til rette for det. Kombinert med effektiv energibruk og smart teknologi vil dette gi grunnlag for nye arbeidsplasser og boliger i det gr\u00f8nne skiftet.<\/p>\n\n\n\n<p>Vi \u00f8nsker god arealutnyttelse som en viktig del av visjonen om \u00e5 lage en smart og milj\u00f8vennlig kommune. Bod\u00f8 H\u00f8yre vil at det skal v\u00e6re en gjennomg\u00e5ende gr\u00f8nn tenkning i alle kommunens prosjekter.<\/p>\n\n\n\n<p>Bod\u00f8 H\u00f8yre vil:<\/p>\n\n\n\n<ul class=\"wp-block-list\"><li>Utvikle alle nye kommunale bygg som mest mulig energieffektive. Samt tenke milj\u00f8 under st\u00f8rre oppussingsprosjekter.<\/li><li>Stille krav om klima- og milj\u00f8vennlig profil i offentlige anbudsprosesser.<\/li><li>Styrke sentrumskjernen ved \u00e5 bygge b\u00e6rekraftig tett og h\u00f8yt.<\/li><li>Ha som ambisjon at all ny kommunal utend\u00f8rsbelysning, herunder gatelys, skal benytte mest mulig milj\u00f8vennlig teknologi.<\/li><li>Bruke milj\u00f8vennlig byggemateriale i offentlige nybyggingsprosjekt basert p\u00e5 faglige vurderinger.<\/li><li>Redusere energibruken i kommunale bygg og legge om fra fossile energikilder til fornybar energi.<\/li><li>Vedlikeholde og renovere eksisterende infrastruktur og bygninger slik at det bidrar til mer milj\u00f8vennlige l\u00f8sninger og mindre utslipp.<\/li><li>S\u00f8rge for videre utbygging og utbedring av str\u00f8mnettet i Bod\u00f8 for \u00e5 sikre byen ny tilgang p\u00e5 fornybar energi for fremtiden.<\/li><li>Jobbe opp mot sentrale klima- og milj\u00f8myndigheter for \u00e5 fremme p\u00e5legg om at mellomstore og st\u00f8rre fart\u00f8y benytter Bod\u00f8 Havns Landstr\u00f8msanlegg ved anl\u00f8p. Dette vil ogs\u00e5 redusere milj\u00f8p\u00e5virkningen fra NOx (nitrogenoxid) i sentrumsn\u00e6re omgivelser samt utslipp av u\u00f8nskede klimagasser.&nbsp;&nbsp;&nbsp;<\/li><li>Legge til rette for prosjekter for varmegjenvinning og b\u00e6rekraftig bruk av vann.&nbsp;<\/li><li>St\u00f8tte, stimulere til og initiere sirkul\u00e6r\u00f8konomiske prosjekter i b\u00e5de offentlig og privat sektor i kommunen.<\/li><li>Gjennom kommunens eierskap i Bod\u00f8 Energi og SKS jobbe aktivt for \u00e5 sikre langsiktig forsyning av elektrisk kraft gjennom videre lokal og regional utbygging av vind-, vann- og solenergi spesielt med tanke p\u00e5 fremtidig kraftbehov for videre utvikling.<\/li><li>Posisjonere Bod\u00f8 for fremtidig vekst i b\u00e6rekraftig havbruk som for eksempel lukket sj\u00f8basert havbruk<\/li><li>V\u00e6re p\u00e5driver for \u00e5 sikre et b\u00e6rekraftig distribusjonssystem av Hydrogenrelatert fuel for fremtidens ferge og kysttransport ut fra Bod\u00f8 havn (Ref. nye Vestfjordferger basert p\u00e5 hydrogendrift fra 2025).<\/li><\/ul>\n\n\n\n<h2 class=\"wp-block-heading\">Samferdsel og infrastruktur<\/h2>\n\n\n\n<p>H\u00f8yre mener at det er kommunens ansvar \u00e5 legge til rette for at folk f\u00e5r mulighet til \u00e5 velge smarte og milj\u00f8vennlige l\u00f8sninger. Infrastruktur er et av de viktigste virkemidlene kommunen har for \u00e5 p\u00e5virke egen byutvikling.<\/p>\n\n\n\n<p>For H\u00f8yre er det viktig \u00e5 s\u00f8rge for at kommunen har trygge veier. Gode kollektivl\u00f8sninger er en selvf\u00f8lge i store byer og er ogs\u00e5 en naturlig m\u00e5te \u00e5 kutte i utslipp p\u00e5. Bykjernen skal v\u00e6re utformet med mennesker som premiss og g\u00e5ende, syklende og kollektivt som prioritert ferdsel.<\/p>\n\n\n\n<p>Den nye flyplassen vil fullf\u00f8res i l\u00f8pet av de kommende \u00e5rene. Dette har potensial for \u00e5 endre trafikkstr\u00f8mmene i Bod\u00f8. &nbsp;Det skal etableres nye veisystemer og andre trafikkl\u00f8sninger. Bod\u00f8 H\u00f8yre vil arbeide for at det legges til rette for smidige overganger mellom ulike transportm\u00e5ter som sj\u00f8, bane, veg og luftfart. H\u00f8yre vil s\u00e6rlig fokusere p\u00e5 milj\u00f8vennlige valg som bidrar til f\u00e6rre klimaavtrykk, samt l\u00f8sninger som er trafikksikre.<\/p>\n\n\n\n<p>Derfor vil Bod\u00f8 H\u00f8yre:<\/p>\n\n\n\n<ul class=\"wp-block-list\"><li>Jobbe for \u00e5 ta igjen vedlikeholdsetterslepet p\u00e5 kommunale veier og fortau.&nbsp;<\/li><li>Arbeide for et velutviklet og helhetlig busstilbud, der helligdags- og nattbusstilbud forbedres.<\/li><li>V\u00e6re positiv til nye transportl\u00f8sninger, og legge til rette for nye pilotordninger.<\/li><li>Legge til rette for trygge sykkelveier p\u00e5 nye st\u00f8rre veistrekninger, og gjennom vedlikehold av eksisterende infrastruktur.<\/li><li>S\u00f8rge for trygge skoleveier for elevene.<\/li><li>Legge til rette for parkeringsl\u00f8sninger som sikrer tilgjengelighet til sentrum for befolkningen som bruker bil.<\/li><li>G\u00e5 i dialog med Statens Vegvesen for p\u00e5 sikt \u00e5 begrense bruken av veisalt.<\/li><li>St\u00f8tte innovative l\u00f8sninger for \u00e5 gj\u00f8re veiene smartere.<\/li><li>Samarbeide med n\u00e6ringer for \u00e5 \u00f8ke mikromobilitet (f.eks elsparkesykkel)&nbsp;og klimavennlige l\u00f8sninger og kj\u00f8ret\u00f8y.<\/li><li>S\u00f8rge for at fotgjengere kan ferdes trygt p\u00e5 fortauene og ikke hindres i \u00e5 g\u00e5 til fots av syklister og personer p\u00e5 elsparkesykkel.<\/li><li>Jobbe opp mot fylkeskommunen for \u00e5 f\u00e5 et bedre busstilbud i Bod\u00f8.<\/li><li>Arbeide for billigere busstilbud, s\u00e6rlig til unge og studenter.<\/li><li>Vurdere \u00e5 innf\u00f8re datoparkering for \u00e5 lette br\u00f8yting og feiing.<\/li><\/ul>\n\n\n\n<h2 class=\"wp-block-heading\">Bod\u00f8marka, parker og gr\u00f8ntarealer<\/h2>\n\n\n\n<p>Gr\u00f8nn utvikling handler ogs\u00e5 om hvordan vi tar vare p\u00e5 og bruker naturen rundt oss. Bod\u00f8marka og naturen rundt Bod\u00f8 by skal ivaretas s\u00e6rskilt. Det er et meget godt folkehelsetiltak \u00e5 bygge opp under den utstrakte bruk av marka som vi allerede ser i dag. Tilgjengeligheten skal bedres, og Bod\u00f8 H\u00f8yre \u00f8nsker \u00e5 st\u00f8tte opp om all frivillig aktivitet som bidrar til \u00f8kt bruk av naturen i n\u00e6rmilj\u00f8et. Samtidig m\u00e5 vi ta vare p\u00e5 det biologiske mangfoldet. Tiltak som hindrer fors\u00f8pling i naturen er ogs\u00e5 sv\u00e6rt viktig.<\/p>\n\n\n\n<p>Derfor vil Bod\u00f8 H\u00f8yre:<s><\/s><\/p>\n\n\n\n<ul class=\"wp-block-list\"><li>S\u00f8rge for at kommunens leke- og gr\u00f8ntarealer blir vedlikeholdt, og er tilgjengelige for alle.<\/li><li>Bevare biologisk mangfold i kommunen og sikre insektenes leveomr\u00e5der.<\/li><li>Plante insektsvennlige planter p\u00e5 kommunens arealer inkludert takterrasser.<\/li><li>Ruste opp og bevare parkene som byens gr\u00f8nne lunger. Nye tr\u00e6r og planter skal i st\u00f8rst mulig grad v\u00e6re matplanter og nyttevekster for mennesker og dyr.<\/li><li>S\u00f8rge for at Torget og R\u00e5dhusplassen er lett tilgjengelig for ulike arrangementstyper.<\/li><li>F\u00f8re en fornuftig forvaltning av Bod\u00f8marka, slik at den ogs\u00e5 kommer fremtidige generasjoner til gode.<\/li><li>Sette ut flere benker i turomr\u00e5der og langs gang- og sykkelveier.<\/li><li>\u00d8ke antall s\u00f8ppelkasser i kommunen.&nbsp;<\/li><\/ul>\n\n\n\n<h2 class=\"wp-block-heading\">L\u00f8ft for bykjernen<\/h2>\n\n\n\n<p>H\u00f8yre mener Bod\u00f8 kommune har er stort ansvar sammen med n\u00e6ringsdrivende og g\u00e5rdeierne for \u00e5 sikre en attraktiv bykjerne. For oss er de viktigste vilk\u00e5rene for en levende bykjerne god tilgjengelighet, attraktive byrom og gode parkeringsl\u00f8sninger.<\/p>\n\n\n\n<p>B\u00e5de n\u00e6ringsdrivende og innbyggere peker p\u00e5 parkering som en av de st\u00f8rste tersklene for \u00e5 f\u00e5 folk til \u00e5 benytte seg av bykjernen. H\u00f8yre vil innf\u00f8re en pr\u00f8veordning med to timer gratis parkering. Ved behov \u00f8nsker vi \u00e5 planlegge et nytt parkeringsanlegg i sentrum.<\/p>\n\n\n\n<p>Bod\u00f8 H\u00f8yre vil:<\/p>\n\n\n\n<ul class=\"wp-block-list\"><li>V\u00e6re positiv til tiltak som gj\u00f8r bykjernen i Bod\u00f8 mer attraktiv.<\/li><li>Gjennomf\u00f8re en pr\u00f8veordning med inntil to timers gratis parkering i bykjernen.<\/li><li>Fortsette \u00e5 legge til rette for fortetting av bysentrum slik at flere kan bo i bykjernen.<\/li><li>Legge til rette for tiltak som stimulerer studenter \u00e5 bo i sentrum og bruke sentrum.<\/li><\/ul>\n\n\n\n<h2 class=\"wp-block-heading\">Skape fremtidens arbeidsplasser<\/h2>\n\n\n\n<p>Vi vil ha et bedrifts- og arbeidsliv som har gode rammevilk\u00e5r for \u00e5 skape aktivitet, og arbeidsplasser. Kommunen skal aktivt bidra til \u00e5 legge til rette for arbeidsplasser slik at vi kan ha et h\u00f8yt velferdsniv\u00e5, ogs\u00e5 i fremtiden.<\/p>\n\n\n\n<p>H\u00f8yre skal v\u00e6re aktiv og tydelig i arbeidet overfor nasjonale myndigheter slik at vi kan sikre gode vedtak for v\u00e5r kommune.. Slik vi tidligere har gjort blant annet i arbeidet om Ny By \u2013 Ny Flyplass, etablering av fjernstyrte flykontrollt\u00e5rn, etableringen av Jektefartsmuseet og arbeidet med \u00e5 f\u00e5 p\u00e5 plass nye studentboliger.<\/p>\n\n\n\n<p>Bod\u00f8 H\u00f8yre vil:<\/p>\n\n\n\n<ul class=\"wp-block-list\"><li>At Bod\u00f8 skal v\u00e6re en raus og inkluderende fylkeshovedstad, som legger til rette for \u00f8kt utvikling for hele fylket. Bod\u00f8 skal v\u00e6re samarbeidsorientert overfor sine nabokommuner<\/li><li>S\u00f8rge for stabile, forutsigbare og fornuftige rammevilk\u00e5r for n\u00e6ringslivet, for \u00e5 legge grunnlag for flere arbeidsplasser og \u00f8kt konkurransekraft.<\/li><li>V\u00e6re til stede der beslutningene tas, og knytte gode relasjoner til sentrale beslutningstakere uavhengig av partitilh\u00f8righet.<\/li><li>At Bod\u00f8 kommune skal v\u00e6re en proaktiv JA-kommune som aktivt bidrar til \u00f8kt n\u00e6ringsaktivitet og flere arbeidsplasser i privat sektor.<\/li><li>Legge til rette for at nye n\u00e6ringer kan etablere seg i Bod\u00f8.<\/li><li>At det utarbeides et godt planverk som viser vilje til \u00f8kt satsing p\u00e5 privat n\u00e6ringsliv og skaper bedre forutsigbarhet for n\u00e6ringslivet.<\/li><li>Skape et n\u00e6rt samarbeide med Bod\u00f8regionens Utviklingsselskap (BRUS) for \u00e5 styrke fellesinteresser i n\u00e6ringsutviklingssammenheng til v\u00e5re nabokommuner i regionen.<\/li><li>Bidra til at marine n\u00e6ringer finner areal, infrastruktur og kompetanse ved etablering i Bod\u00f8regionen.<\/li><li>Legge til rette for b\u00e6rekraftig landbruks- og beitevirksomhet.<\/li><li>Styrke Bod\u00f8 Havn og Bod\u00f8-terminalen for \u00e5 videreutvikle transportmuligheter mellom sj\u00f8 og jernbane.<\/li><li>S\u00f8rge for at inkludering av innvandrere, personer med funksjonsnedsettelser, sykemeldte og andre som st\u00e5r utenfor arbeidsmarkedet er prioritert i kommunale planer med tydelige resultatm\u00e5l.<\/li><li>St\u00f8tte opp om sosiale entrepren\u00f8rer som vil bidra til \u00e5 skape arbeidsplasser for grupper som har vanskelig for \u00e5 komme inn i arbeidsmarkedet.<\/li><li>Lage m\u00e5lrettede klima- og energiplaner i samarbeid med privat n\u00e6ringsliv.<\/li><li>Sikre trygg og god fremdrift i Ny by- ny flyplass. B\u00e5de p\u00e5 reguleringsarbeid og lokal finansiering.<\/li><li>Videreutvikle kommunens eierskap i virksomheter gjennom en eierstyring som bidrar til \u00f8kt avkastning til Bod\u00f8 Kommune, fokus p\u00e5 l\u00f8nnsomhet over tid kombinert med samfunnsbygging.<\/li><li>Jobbe for \u00e5 opprette flere HELT MED arbeidsplasser.<\/li><\/ul>\n\n\n\n<h2 class=\"wp-block-heading\">Kunnskap og innovasjon<\/h2>\n\n\n\n<p>Nord universitet er byens viktigste kompetanseinstitusjon og har sammen med forskningsmilj\u00f8ene og n\u00e6ringslivet i Bod\u00f8 et godt utgangspunkt for \u00e5 danne et skapende og innovativt arbeidsliv. Vi har i dag om lag 6000 studenter i Bod\u00f8. Vi vil at Bod\u00f8 skal v\u00e6re en god vertskommune for studentene, og bidra til at deres studietid blir en positiv opplevelse.<\/p>\n\n\n\n<p>Bod\u00f8 H\u00f8yre vil:<\/p>\n\n\n\n<ul class=\"wp-block-list\"><li>Arbeide aktivt overfor regjeringen for \u00e5 sikre fortsatt utvikling av Nord Universitet og andre viktige studietilbud.<\/li><li>Arbeide for at studenter skal bli v\u00e6rende i kommunen etter fullf\u00f8rt utdanningsl\u00f8p.<\/li><li>Arbeide for \u00e5 knytte kunnskapsmilj\u00f8ene, n\u00e6ringslivet og studenter sammen.<\/li><li>S\u00f8rge for praksisplasser for studenter i kommunens enheter, samt s\u00f8rge for at studenter har mulighet til \u00e5 skrive bachelor-\/masteroppgave i samarbeid med kommunen.<\/li><li>Ha en inkluderingsdugnad for \u00e5 bidra til at flere kommer i jobb, blant annet ved \u00e5 \u00f8ke antallet plasser for traineer med nedsatt funksjonsevne og s\u00f8rge for at flere nyansatte i kommunen skal v\u00e6re personer med nedsatt funksjonsevne eller \u00abhull i CV-en\u00bb.<\/li><\/ul>\n\n\n\n<h2 class=\"wp-block-heading\">Forsvar, sikkerhet og beredskap<\/h2>\n\n\n\n<p>Bod\u00f8 har en sterk identitet som vertskapsby for forsvaret gjennom mange ti\u00e5r med hovedflystasjonen, og i dag med Forsvarets Operative Hovedkvarter (FOH). I en tid hvor vi igjen har en anspent situasjon i Europa er det viktig at forsvaret styrkes. H\u00f8yre er positive til at Bod\u00f8 i stor grad skal legge til rette for forsvarets fremtidige behov i kommunen.<\/p>\n\n\n\n<p>Bod\u00f8 har i mange \u00e5r hatt et sterkt fagmilj\u00f8 innenfor sikkerhet og beredskap. Dette vil H\u00f8yre jobbe politisk for \u00e5 videreutvikle sammen med relevante offentlige og private akt\u00f8rer.<\/p>\n\n\n\n<p>Bod\u00f8 H\u00f8yre vil:<\/p>\n\n\n\n<ul class=\"wp-block-list\"><li>Fortsette \u00e5 legge til rette for Bod\u00f8 som en god vertskapskommune for forsvaret.<\/li><li>Videreutvikle Bod\u00f8 som forsvars- og beredskapshovedstaden i Nord-Norge.<\/li><\/ul>\n\n\n\n<h2 class=\"wp-block-heading\">Kultur, trossamfunn, idrett og reiseliv<\/h2>\n\n\n\n<p><a>For at Bod\u00f8 skal v\u00e6re en attraktiv by er det viktig at det satses p\u00e5 det kulturelle mangfoldet. kommunen skal v\u00e6re en god tilrettelegger og positiv til gode initiativ.<\/a><\/p>\n\n\n\n<p>For at man skal ha det bra i hverdagen er fritidsaktiviteter viktig. H\u00f8yre mener at den enkelte selv vet best hva som er givende \u00e5 holde p\u00e5 med, men kommunen skal v\u00e6re en god tilrettelegger for at folk i alle aldre skal ha noe givende \u00e5 gj\u00f8re.<\/p>\n\n\n\n<p>Bod\u00f8 er europeisk kulturhovedstad i 2024. H\u00f8yre mener vi m\u00e5 utnytte en unik mulighet til \u00e5 markedsf\u00f8re Bod\u00f8 som en levende kulturby, og bygge videre p\u00e5 dette ogs\u00e5 i \u00e5rene etter. Det er viktig at Bod\u00f8s innbyggere i alle aldre blir inkludert i forkant og underveis i kulturhovedstads\u00e5ret.<\/p>\n\n\n\n<p>Kirkelig virksomhet omfatter religi\u00f8st, sosialt og kulturelt arbeid, som er viktige faktorer i et raust og inkluderende samfunn. Kommunen skal bidra til god tilrettelegging for dette.&nbsp;<\/p>\n\n\n\n<p>Bod\u00f8 H\u00f8yre vil:<\/p>\n\n\n\n<ul class=\"wp-block-list\"><li>Arbeide for \u00e5 styrke Bod\u00f8 som kunst, kultur- og museumsby.<\/li><li>Arbeide for at Bod\u00f8 skal oppleves som im\u00f8tekommende og godt tilrettelagt for bes\u00f8kende og turister.<\/li><li>V\u00e6re en p\u00e5driver for et b\u00e6rekraftig reiseliv som b\u00e5de kommer lokalbefolkning og tilreisende til gode.<\/li><li>St\u00f8tte arbeidet med \u00e5 sertifisere Bod\u00f8 som et b\u00e6rekraftig reisem\u00e5l.<\/li><li>Prioritere offentlig st\u00f8tte til kulturtilbud der barn og unge st\u00e5r i fokus.<\/li><li>I st\u00f8rst mulig grad holde seg til idrettsr\u00e5dets \u00f8nsker og prioriteringer.<\/li><li>Endre innretningen til fritidskortet slik at en i st\u00f8rre grad st\u00f8tter familier med lav inntekt.<\/li><li>At kommunen skal v\u00e6re \u00e5pen for \u00e5 kunne tildele gunstige tomter til idrettslag slik at de kan bygge n\u00f8dvendige anlegg.<\/li><li>S\u00f8rge for at skoler og andre kommunale bygg, som r\u00e5dhuset, kan v\u00e6re \u00e5pne til bruk p\u00e5 ettermiddagstid.<\/li><\/ul>\n\n\n\n<ul class=\"wp-block-list\"><li>Jobbe for at Arktisk Filharmoni blir fullt statlig finansiert.<\/li><li>S\u00f8rge for at Stormen i st\u00f8rre grad er en arena som er \u00e5pen for barn og unge.<\/li><li>Legge til rette for et livssyns\u00e5pent samfunn, med toleranse for trosuttrykk og trosut\u00f8velse i kommunen.<\/li><li>Gi Den norske kirke og andre trossamfunn tilstrekkelige rammer for \u00e5 drive kirkelig arbeid og til \u00e5 ivareta kirkebyggene p\u00e5 forsvarlig m\u00e5te.<\/li><li>F\u00e5 realisert tilbygg og renovering av Bod\u00f8 domkirke, slik at kirken st\u00e5r rustet til \u00e5 betjene en ny bydel med \u00f8kt befolkning.<\/li><li>St\u00f8tte kirkelig kulturarbeid rettet mot barn og unge.<\/li><\/ul>\n<\/div><\/div><\/div>\n<\/div><\/div>\n\n\n\n\n<div class=\"wp-block-teft-file icon-link-block\"><a href=\"https:\/\/hoyre.no\/content\/uploads\/sites\/148\/2023\/04\/Bodo-Hoyres-valgprogram-2023-2027-4.pdf\" download><span class=\"file-title\">Her kan du lese valgprogrammet v\u00e5rt for 2023-2027<\/span><span class=\"file-name\">Bodo-Hoyres-valgprogram-2023-2027-4.pdf [37.7kb]<\/span><\/a><\/div>\n\n","protected":false},"excerpt":{"rendered":"<p>Se hva vi jobber med gjennom v\u00e5rt partiprogram<\/p>\n","protected":false},"author":51320,"featured_media":0,"parent":0,"menu_order":0,"comment_status":"closed","ping_status":"closed","template":"","meta":{"teft_cards_image_url":"","teft_cards_custom_pretitle":"","teft_cards_image_id":274,"teft_cards_image_focal_point_x":0.5,"teft_cards_image_focal_point_y":0.5,"teft_cards_title":"","teft_cards_excerpt":"","teft_show_chapters":false,"footnotes":""},"class_list":["post-309","page","type-page","status-publish","hentry"],"yoast_head":"<!-- This site is optimized with the Yoast SEO Premium plugin v26.5 (Yoast SEO v26.6) - https:\/\/yoast.com\/wordpress\/plugins\/seo\/ -->\n<title>Politikk - Bod\u00f8 H\u00f8yre<\/title>\n<meta name=\"robots\" content=\"index, follow, max-snippet:-1, max-image-preview:large, max-video-preview:-1\" \/>\n<link rel=\"canonical\" href=\"https:\/\/hoyre.no\/bodo\/politikk\/\" \/>\n<meta property=\"og:locale\" content=\"nb_NO\" \/>\n<meta property=\"og:type\" content=\"article\" \/>\n<meta property=\"og:title\" content=\"Politikk\" \/>\n<meta property=\"og:description\" content=\"Se hva vi jobber med gjennom v\u00e5rt partiprogram\" \/>\n<meta property=\"og:url\" content=\"https:\/\/hoyre.no\/bodo\/politikk\/\" \/>\n<meta property=\"og:site_name\" content=\"Bod\u00f8 H\u00f8yre\" \/>\n<meta property=\"article:modified_time\" content=\"2023-08-03T08:33:20+00:00\" \/>\n<meta property=\"og:image\" content=\"https:\/\/hoyre.no\/content\/uploads\/sites\/148\/2023\/04\/iStock-1218496388-1024x683.jpg\" \/>\n<meta name=\"twitter:card\" content=\"summary_large_image\" \/>\n<meta name=\"twitter:label1\" content=\"Ansl. lesetid\" \/>\n\t<meta name=\"twitter:data1\" content=\"34 minutter\" \/>\n<script type=\"application\/ld+json\" class=\"yoast-schema-graph\">{\"@context\":\"https:\/\/schema.org\",\"@graph\":[{\"@type\":\"WebPage\",\"@id\":\"https:\/\/hoyre.no\/bodo\/politikk\/\",\"url\":\"https:\/\/hoyre.no\/bodo\/politikk\/\",\"name\":\"Politikk - Bod\u00f8 H\u00f8yre\",\"isPartOf\":{\"@id\":\"https:\/\/hoyre.no\/bodo\/#website\"},\"datePublished\":\"2023-05-02T10:46:17+00:00\",\"dateModified\":\"2023-08-03T08:33:20+00:00\",\"breadcrumb\":{\"@id\":\"https:\/\/hoyre.no\/bodo\/politikk\/#breadcrumb\"},\"inLanguage\":\"nb-NO\",\"potentialAction\":[{\"@type\":\"ReadAction\",\"target\":[\"https:\/\/hoyre.no\/bodo\/politikk\/\"]}]},{\"@type\":\"BreadcrumbList\",\"@id\":\"https:\/\/hoyre.no\/bodo\/politikk\/#breadcrumb\",\"itemListElement\":[{\"@type\":\"ListItem\",\"position\":1,\"name\":\"Til hoyre.no\",\"item\":\"https:\/\/hoyre.no\"},{\"@type\":\"ListItem\",\"position\":2,\"name\":\"Hjem\",\"item\":\"https:\/\/hoyre.no\/bodo\/\"},{\"@type\":\"ListItem\",\"position\":3,\"name\":\"Politikk\"}]},{\"@type\":\"WebSite\",\"@id\":\"https:\/\/hoyre.no\/bodo\/#website\",\"url\":\"https:\/\/hoyre.no\/bodo\/\",\"name\":\"Bod\u00f8 H\u00f8yre\",\"description\":\"Bare enda et H\u00f8yres nettsteder-nettsted\",\"inLanguage\":\"nb-NO\"}]}<\/script>\n<!-- \/ Yoast SEO Premium plugin. -->","yoast_head_json":{"title":"Politikk - Bod\u00f8 H\u00f8yre","robots":{"index":"index","follow":"follow","max-snippet":"max-snippet:-1","max-image-preview":"max-image-preview:large","max-video-preview":"max-video-preview:-1"},"canonical":"https:\/\/hoyre.no\/bodo\/politikk\/","og_locale":"nb_NO","og_type":"article","og_title":"Politikk","og_description":"Se hva vi jobber med gjennom v\u00e5rt partiprogram","og_url":"https:\/\/hoyre.no\/bodo\/politikk\/","og_site_name":"Bod\u00f8 H\u00f8yre","article_modified_time":"2023-08-03T08:33:20+00:00","og_image":[{"url":"https:\/\/hoyre.no\/content\/uploads\/sites\/148\/2023\/04\/iStock-1218496388-1024x683.jpg","width":"","height":"","type":""}],"twitter_card":"summary_large_image","twitter_misc":{"Ansl. lesetid":"34 minutter"},"schema":{"@context":"https:\/\/schema.org","@graph":[{"@type":"WebPage","@id":"https:\/\/hoyre.no\/bodo\/politikk\/","url":"https:\/\/hoyre.no\/bodo\/politikk\/","name":"Politikk - Bod\u00f8 H\u00f8yre","isPartOf":{"@id":"https:\/\/hoyre.no\/bodo\/#website"},"datePublished":"2023-05-02T10:46:17+00:00","dateModified":"2023-08-03T08:33:20+00:00","breadcrumb":{"@id":"https:\/\/hoyre.no\/bodo\/politikk\/#breadcrumb"},"inLanguage":"nb-NO","potentialAction":[{"@type":"ReadAction","target":["https:\/\/hoyre.no\/bodo\/politikk\/"]}]},{"@type":"BreadcrumbList","@id":"https:\/\/hoyre.no\/bodo\/politikk\/#breadcrumb","itemListElement":[{"@type":"ListItem","position":1,"name":"Til hoyre.no","item":"https:\/\/hoyre.no"},{"@type":"ListItem","position":2,"name":"Hjem","item":"https:\/\/hoyre.no\/bodo\/"},{"@type":"ListItem","position":3,"name":"Politikk"}]},{"@type":"WebSite","@id":"https:\/\/hoyre.no\/bodo\/#website","url":"https:\/\/hoyre.no\/bodo\/","name":"Bod\u00f8 H\u00f8yre","description":"Bare enda et H\u00f8yres nettsteder-nettsted","inLanguage":"nb-NO"}]}},"distributor_meta":false,"distributor_terms":false,"distributor_media":false,"distributor_original_site_name":"Bod\u00f8 H\u00f8yre","distributor_original_site_url":"https:\/\/hoyre.no\/bodo","push-errors":false,"_links":{"self":[{"href":"https:\/\/hoyre.no\/bodo\/wp-json\/wp\/v2\/pages\/309","targetHints":{"allow":["GET"]}}],"collection":[{"href":"https:\/\/hoyre.no\/bodo\/wp-json\/wp\/v2\/pages"}],"about":[{"href":"https:\/\/hoyre.no\/bodo\/wp-json\/wp\/v2\/types\/page"}],"author":[{"embeddable":true,"href":"https:\/\/hoyre.no\/bodo\/wp-json\/wp\/v2\/users\/51320"}],"replies":[{"embeddable":true,"href":"https:\/\/hoyre.no\/bodo\/wp-json\/wp\/v2\/comments?post=309"}],"version-history":[{"count":5,"href":"https:\/\/hoyre.no\/bodo\/wp-json\/wp\/v2\/pages\/309\/revisions"}],"predecessor-version":[{"id":339,"href":"https:\/\/hoyre.no\/bodo\/wp-json\/wp\/v2\/pages\/309\/revisions\/339"}],"wp:attachment":[{"href":"https:\/\/hoyre.no\/bodo\/wp-json\/wp\/v2\/media?parent=309"}],"curies":[{"name":"wp","href":"https:\/\/api.w.org\/{rel}","templated":true}]}}