{"id":872,"date":"2025-03-31T12:56:59","date_gmt":"2025-03-31T10:56:59","guid":{"rendered":"https:\/\/hoyre.no\/drammen\/?post_type=teft-events&#038;p=872"},"modified":"2025-06-24T14:11:15","modified_gmt":"2025-06-24T12:11:15","slug":"872","status":"publish","type":"teft-events","link":"https:\/\/hoyre.no\/drammen\/arrangementer\/872\/","title":{"rendered":"Sommerfest"},"content":{"rendered":"\n<div class=\"wp-block-teft-event-top\">\n\n<div class=\"teft-event-date-top\">\n<div class=\"teft-event-date-wrapper\">\n\t<div class=\"date-square\" aria-hidden=\"true\">\n\t\t27\t\t\t<\/div>\n<\/div>\n\t<div class=\"top-text\">\n\t\t\t\t\t<p class=\"top-date-text\">fredag 27. juni 2025<\/p>\n\t\t\t\t\t\t\t<p class=\"top-time-text\">18:00 &#8211; 22:00<\/p>\n\t\t\t\t\t\t<\/div>\n\t\t<div class=\"sharing\">\n\t\t<a class=\"share-button share-link copy-link\" data-copy=\"https:\/\/hoyre.no\/drammen\/arrangementer\/872\/\" target=\"_blank\"><span class=\"screen-reader-text\">Del link<\/span><\/a>\n\t\t<a class=\"share-button share-twitter\" href=\"http:\/\/twitter.com\/share?text=Sommerfest&#038;url=https:\/\/hoyre.no\/drammen\/arrangementer\/872\/&#038;hashtags=Hoyre\" target=\"_blank\"><span class=\"screen-reader-text\">Del p\u00e5 twitter<\/span><\/a>\n\t\t<a class=\"share-button share-facebook\" href=\"https:\/\/www.facebook.com\/sharer\/sharer.php?u=https:\/\/hoyre.no\/drammen\/arrangementer\/872\/\" target=\"_blank\"><span class=\"screen-reader-text\">Del p\u00e5 facebook<\/span><\/a>\n\t<\/div>\n\t<\/div>\n<p class=\"preamble\">Velkommen til Drammen H\u00f8yre sin sommerfest!<\/p><figure class=\"hoyre-image-wrapper\"><div class=\"hoyre-image\"><img loading=\"lazy\" decoding=\"async\" width=\"1200\" height=\"801\" src=\"https:\/\/hoyre.no\/content\/uploads\/sites\/201\/2025\/03\/standard_30745C62-CF8C-496A-A29D-8981074B3DEE.png\" class=\"attachment-scaled size-scaled\" alt=\"\" style=\"object-position: 50% 50%\" srcset=\"https:\/\/hoyre.no\/content\/uploads\/sites\/201\/2025\/03\/standard_30745C62-CF8C-496A-A29D-8981074B3DEE.png 1200w, https:\/\/hoyre.no\/content\/uploads\/sites\/201\/2025\/03\/standard_30745C62-CF8C-496A-A29D-8981074B3DEE-300x200.png 300w, https:\/\/hoyre.no\/content\/uploads\/sites\/201\/2025\/03\/standard_30745C62-CF8C-496A-A29D-8981074B3DEE-1024x684.png 1024w, https:\/\/hoyre.no\/content\/uploads\/sites\/201\/2025\/03\/standard_30745C62-CF8C-496A-A29D-8981074B3DEE-768x513.png 768w\" sizes=\"auto, (max-width: 1200px) 100vw, 1200px\" \/><\/div><\/figure>\n\n<div class=\"panel teft-details-panel\">\n\t\t<h3>Detaljer<\/h3>\n\n\t\t\t\t\t<dl class=\"info-misc-with-icons\">\n\t\t\t\t<dt class=\"venue\"><span class=\"screen-reader-text\">Stedet<\/span><\/dt>\n\t\t\t\t<dd>\n\t\t\t\t\t\t\t\t\t\t\t<span class=\"address-line-1\">Drammen<\/span>\n\t\t\t\t\t\t\t\t\t\t\t\t\t\t\t\t<span class=\"address-line-2\">Aass Bryggeri, Gildehallen<\/span>\n\t\t\t\t\t\t\t\t\t<\/dd>\n\t\t\t<\/dl>\n\t\t\t\t\t\t\t<dl class=\"info-misc-with-icons\">\n\t\t<dt class=\"time\"><span class=\"screen-reader-text\">Arrangement dato<\/span><\/dt>\n\t\t<dd class=\"time\">\n\t\t\tfre 27. juni 2025 fra  18:00 &#8211; 22:00\t\t<\/dd>\n\t<\/dl>\n\t\t\t\t\t\t<dl class=\"info-misc-with-icons\">\n\t\t<dt class=\"registration\"><span class=\"screen-reader-text\">P\u00e5meldingsdetajer<\/span><\/dt>\n\t\t<dd class=\"registration\">\n\t\t\t500 kr, du m\u00e5 ogs\u00e5 v\u00e6re medlem.\t\t\t\t\t<\/dd>\n\t<\/dl>\n\t\t<\/dl>\n<\/div>\n<\/div>\n\n\n\n\n<h2 class=\"wp-block-heading\" id=\"h-informasjon\">Informasjon<\/h2>\n\n\n\n<p>Velkommen til Drammen H\u00f8yre sin sommerfest!<\/p>\n\n\n\n<p>Terje Aass holder er innlegg og tenker h\u00f8yt om Drammen og kommunens utvikling. N\u00e6ringsutvikling er stikkord. Innlegget varer ca 30 min. S\u00e5 blir det ca 30 min om \u00f8lkultur og Aass Bryggeri.<\/p>\n\n\n\n<p>Det serveres lokalt produsert italiensk Pizza som stekes i stenovn p\u00e5 plassen. Pizza serveres som buff\u00e8t og det blir en enkel underholdning. Vi setter pris p\u00e5 en rask tilbakemelding med bindende p\u00e5melding &#8211; frist 16. juni.<\/p>\n\n\n\n<p>P\u00e5melding gj\u00f8res ved \u00e5 Vippse kr 500,- til Drammen H\u00f8yre #581864. Prisen dekker arrangement, mat og 3 drikkeenheter. Drikke ut over dette gj\u00f8res opp av hver enkelt i Baren.<\/p>\n\n\n\n<p>Vi h\u00e5per flest mulig syntes dette er et interessant foredrag og arrangement og at oppm\u00f8tet blir stort. Har du ikke deltatt p\u00e5 m\u00f8ter eller arrangementer p\u00e5 en stund, er dette en super mulighet til \u00e5 m\u00f8te oss i hyggelige omgivelser.<\/p>\n\n\n\n<p>Vi ser frem til en avslappet stemning, men h\u00f8rer gjerne litt politiske diskusjoner rundt bordene.<\/p>\n\n\n\n<p>Arrangementet avsluttes kl 22:00 Velkommen!&nbsp;<\/p>\n\n\n<div class=\"post-meta wp-block\">\n\t<div class=\"top\">\n\t\t<div class=\"sharing\">\n\t\t\t<a class=\"share-button share-link\" target=\"_blank\"><span class=\"screen-reader-text\">Del link<\/span><\/a>\n\t\t\t<a class=\"share-button share-twitter\" href=\"http:\/\/twitter.com\/share?text=Sommerfest&#038;url=https:\/\/hoyre.no\/drammen\/arrangementer\/872\/&#038;hashtags=Hoyre\"><span class=\"screen-reader-text\">Del p\u00e5 twitter<\/span><\/a>\n\t\t\t<a class=\"share-button share-facebook\" href=\"https:\/\/www.facebook.com\/sharer\/sharer.php?u=https:\/\/hoyre.no\/drammen\/arrangementer\/872\/\" target=\"_blank\"><span class=\"screen-reader-text\">Del p\u00e5 facebook<\/span><\/a>\n\t\t<\/div>\n\t<\/div>\n<\/div>\n","protected":false},"template":"","meta":{"teft_cards_image_url":"","teft_cards_custom_pretitle":"","teft_cards_image_id":873,"teft_cards_image_focal_point_x":0.5,"teft_cards_image_focal_point_y":0.5,"teft_cards_title":"","teft_cards_excerpt":"","teft_show_chapters":false,"event_organizer":[],"event_start_date":"2025-06-27T18:00:00","event_end_date":"2025-06-27T22:00:00","event_registration_url":"","event_registration_deadline":"","event_ticket_cost":"500 kr, du m\u00e5 ogs\u00e5 v\u00e6re medlem.","event_venue_name":"Drammen","event_venue_url":"","event_venue_address":"Aass Bryggeri, Gildehallen"},"teft-events-category":[],"class_list":["post-872","teft-events","type-teft-events","status-publish","hentry"],"yoast_head":"<!-- This site is optimized with the Yoast SEO plugin v26.6 - https:\/\/yoast.com\/wordpress\/plugins\/seo\/ -->\n<title>Sommerfest - Drammen H\u00f8yre<\/title>\n<meta name=\"robots\" content=\"index, follow, max-snippet:-1, max-image-preview:large, max-video-preview:-1\" \/>\n<link rel=\"canonical\" href=\"https:\/\/hoyre.no\/drammen\/arrangementer\/872\/\" \/>\n<meta property=\"og:locale\" content=\"nb_NO\" \/>\n<meta property=\"og:type\" content=\"article\" \/>\n<meta property=\"og:title\" content=\"Sommerfest - Drammen H\u00f8yre\" \/>\n<meta property=\"og:url\" content=\"https:\/\/hoyre.no\/drammen\/arrangementer\/872\/\" \/>\n<meta property=\"og:site_name\" content=\"Drammen H\u00f8yre\" \/>\n<meta property=\"article:modified_time\" content=\"2025-06-24T12:11:15+00:00\" \/>\n<meta property=\"og:image\" content=\"https:\/\/hoyre.no\/content\/uploads\/sites\/201\/2025\/03\/standard_30745C62-CF8C-496A-A29D-8981074B3DEE-1024x684.png\" \/>\n<meta name=\"twitter:card\" content=\"summary_large_image\" \/>\n<meta name=\"twitter:label1\" content=\"Ansl. lesetid\" \/>\n\t<meta name=\"twitter:data1\" content=\"1 minutt\" \/>\n<script type=\"application\/ld+json\" class=\"yoast-schema-graph\">{\"@context\":\"https:\/\/schema.org\",\"@graph\":[{\"@type\":\"WebPage\",\"@id\":\"https:\/\/hoyre.no\/drammen\/arrangementer\/872\/\",\"url\":\"https:\/\/hoyre.no\/drammen\/arrangementer\/872\/\",\"name\":\"Sommerfest - Drammen H\u00f8yre\",\"isPartOf\":{\"@id\":\"https:\/\/hoyre.no\/drammen\/#website\"},\"datePublished\":\"2025-03-31T10:56:59+00:00\",\"dateModified\":\"2025-06-24T12:11:15+00:00\",\"breadcrumb\":{\"@id\":\"https:\/\/hoyre.no\/drammen\/arrangementer\/872\/#breadcrumb\"},\"inLanguage\":\"nb-NO\",\"potentialAction\":[{\"@type\":\"ReadAction\",\"target\":[\"https:\/\/hoyre.no\/drammen\/arrangementer\/872\/\"]}]},{\"@type\":\"BreadcrumbList\",\"@id\":\"https:\/\/hoyre.no\/drammen\/arrangementer\/872\/#breadcrumb\",\"itemListElement\":[{\"@type\":\"ListItem\",\"position\":1,\"name\":\"Til hoyre.no\",\"item\":\"https:\/\/hoyre.no\"},{\"@type\":\"ListItem\",\"position\":2,\"name\":\"Hjem\",\"item\":\"https:\/\/hoyre.no\/drammen\/\"},{\"@type\":\"ListItem\",\"position\":3,\"name\":\"Arrangement\",\"item\":\"https:\/\/hoyre.no\/drammen\/arrangementer\/\"},{\"@type\":\"ListItem\",\"position\":4,\"name\":\"Sommerfest\"}]},{\"@type\":\"WebSite\",\"@id\":\"https:\/\/hoyre.no\/drammen\/#website\",\"url\":\"https:\/\/hoyre.no\/drammen\/\",\"name\":\"Drammen H\u00f8yre\",\"description\":\"Bare enda et H\u00f8yres nettsteder-nettsted\",\"inLanguage\":\"nb-NO\"}]}<\/script>\n<!-- \/ Yoast SEO plugin. -->","yoast_head_json":{"title":"Sommerfest - Drammen H\u00f8yre","robots":{"index":"index","follow":"follow","max-snippet":"max-snippet:-1","max-image-preview":"max-image-preview:large","max-video-preview":"max-video-preview:-1"},"canonical":"https:\/\/hoyre.no\/drammen\/arrangementer\/872\/","og_locale":"nb_NO","og_type":"article","og_title":"Sommerfest - Drammen H\u00f8yre","og_url":"https:\/\/hoyre.no\/drammen\/arrangementer\/872\/","og_site_name":"Drammen H\u00f8yre","article_modified_time":"2025-06-24T12:11:15+00:00","og_image":[{"url":"https:\/\/hoyre.no\/content\/uploads\/sites\/201\/2025\/03\/standard_30745C62-CF8C-496A-A29D-8981074B3DEE-1024x684.png","width":"","height":"","type":""}],"twitter_card":"summary_large_image","twitter_misc":{"Ansl. lesetid":"1 minutt"},"schema":{"@context":"https:\/\/schema.org","@graph":[{"@type":"WebPage","@id":"https:\/\/hoyre.no\/drammen\/arrangementer\/872\/","url":"https:\/\/hoyre.no\/drammen\/arrangementer\/872\/","name":"Sommerfest - Drammen H\u00f8yre","isPartOf":{"@id":"https:\/\/hoyre.no\/drammen\/#website"},"datePublished":"2025-03-31T10:56:59+00:00","dateModified":"2025-06-24T12:11:15+00:00","breadcrumb":{"@id":"https:\/\/hoyre.no\/drammen\/arrangementer\/872\/#breadcrumb"},"inLanguage":"nb-NO","potentialAction":[{"@type":"ReadAction","target":["https:\/\/hoyre.no\/drammen\/arrangementer\/872\/"]}]},{"@type":"BreadcrumbList","@id":"https:\/\/hoyre.no\/drammen\/arrangementer\/872\/#breadcrumb","itemListElement":[{"@type":"ListItem","position":1,"name":"Til hoyre.no","item":"https:\/\/hoyre.no"},{"@type":"ListItem","position":2,"name":"Hjem","item":"https:\/\/hoyre.no\/drammen\/"},{"@type":"ListItem","position":3,"name":"Arrangement","item":"https:\/\/hoyre.no\/drammen\/arrangementer\/"},{"@type":"ListItem","position":4,"name":"Sommerfest"}]},{"@type":"WebSite","@id":"https:\/\/hoyre.no\/drammen\/#website","url":"https:\/\/hoyre.no\/drammen\/","name":"Drammen H\u00f8yre","description":"Bare enda et H\u00f8yres nettsteder-nettsted","inLanguage":"nb-NO"}]}},"distributor_meta":false,"distributor_terms":false,"distributor_media":false,"distributor_original_site_name":"Drammen H\u00f8yre","distributor_original_site_url":"https:\/\/hoyre.no\/drammen","push-errors":false,"_links":{"self":[{"href":"https:\/\/hoyre.no\/drammen\/wp-json\/wp\/v2\/teft-events\/872","targetHints":{"allow":["GET"]}}],"collection":[{"href":"https:\/\/hoyre.no\/drammen\/wp-json\/wp\/v2\/teft-events"}],"about":[{"href":"https:\/\/hoyre.no\/drammen\/wp-json\/wp\/v2\/types\/teft-events"}],"wp:attachment":[{"href":"https:\/\/hoyre.no\/drammen\/wp-json\/wp\/v2\/media?parent=872"}],"wp:term":[{"taxonomy":"teft-events-category","embeddable":true,"href":"https:\/\/hoyre.no\/drammen\/wp-json\/wp\/v2\/teft-events-category?post=872"}],"curies":[{"name":"wp","href":"https:\/\/api.w.org\/{rel}","templated":true}]}}