{"id":892,"date":"2025-04-07T16:17:46","date_gmt":"2025-04-07T14:17:46","guid":{"rendered":"https:\/\/hoyre.no\/drammen\/?post_type=teft-events&#038;p=892"},"modified":"2025-04-24T15:08:15","modified_gmt":"2025-04-24T13:08:15","slug":"kjell-arne-og-trond-om-landsmotet-2025","status":"publish","type":"teft-events","link":"https:\/\/hoyre.no\/drammen\/arrangementer\/kjell-arne-og-trond-om-landsmotet-2025\/","title":{"rendered":"Kjell Arne og Trond om Landsm\u00f8tet 2025"},"content":{"rendered":"\n<div class=\"wp-block-teft-event-top\">\n\n<div class=\"teft-event-date-top\">\n<div class=\"teft-event-date-wrapper\">\n\t<div class=\"date-square\" aria-hidden=\"true\">\n\t\t24\t\t\t<\/div>\n<\/div>\n\t<div class=\"top-text\">\n\t\t\t\t\t<p class=\"top-date-text\">torsdag 24. april 2025<\/p>\n\t\t\t\t\t\t\t<p class=\"top-time-text\">18:00 &#8211; 20:00<\/p>\n\t\t\t\t\t\t<\/div>\n\t\t<div class=\"sharing\">\n\t\t<a class=\"share-button share-link copy-link\" data-copy=\"https:\/\/hoyre.no\/drammen\/arrangementer\/kjell-arne-og-trond-om-landsmotet-2025\/\" target=\"_blank\"><span class=\"screen-reader-text\">Del link<\/span><\/a>\n\t\t<a class=\"share-button share-twitter\" href=\"http:\/\/twitter.com\/share?text=Kjell Arne og Trond om Landsm\u00f8tet 2025&#038;url=https:\/\/hoyre.no\/drammen\/arrangementer\/kjell-arne-og-trond-om-landsmotet-2025\/&#038;hashtags=Hoyre\" target=\"_blank\"><span class=\"screen-reader-text\">Del p\u00e5 twitter<\/span><\/a>\n\t\t<a class=\"share-button share-facebook\" href=\"https:\/\/www.facebook.com\/sharer\/sharer.php?u=https:\/\/hoyre.no\/drammen\/arrangementer\/kjell-arne-og-trond-om-landsmotet-2025\/\" target=\"_blank\"><span class=\"screen-reader-text\">Del p\u00e5 facebook<\/span><\/a>\n\t<\/div>\n\t<\/div>\n<figure class=\"hoyre-image-wrapper\"><div class=\"hoyre-image\"><img loading=\"lazy\" decoding=\"async\" width=\"1996\" height=\"2048\" src=\"https:\/\/hoyre.no\/content\/uploads\/sites\/201\/2025\/03\/Bilde.jpeg\" class=\"attachment-scaled size-scaled\" alt=\"\" style=\"object-position: 50% 50%\" srcset=\"https:\/\/hoyre.no\/content\/uploads\/sites\/201\/2025\/03\/Bilde.jpeg 1996w, https:\/\/hoyre.no\/content\/uploads\/sites\/201\/2025\/03\/Bilde-292x300.jpeg 292w, https:\/\/hoyre.no\/content\/uploads\/sites\/201\/2025\/03\/Bilde-998x1024.jpeg 998w, https:\/\/hoyre.no\/content\/uploads\/sites\/201\/2025\/03\/Bilde-768x788.jpeg 768w, https:\/\/hoyre.no\/content\/uploads\/sites\/201\/2025\/03\/Bilde-1497x1536.jpeg 1497w\" sizes=\"auto, (max-width: 1996px) 100vw, 1996px\" \/><\/div><\/figure>\n\n<div class=\"wp-block wp-block-teft-event-registration-button\">\n\t<div class=\"registration-button-wrapper\">\n\t\t\t<a href=\"https:\/\/www.facebook.com\/events\/699628459067751\/?acontext=%7B%22event_action_history%22%3A[%7B%22mechanism%22%3A%22calendar_tab_event%22%2C%22surface%22%3A%22bookmark_calendar%22%7D]%2C%22ref_notif_type%22%3Anull%7D\" class=\"wp-block-button__link\">Meld deg p\u00e5 her<\/a>\n\t\t\t\t\t\t\t<p class=\"registration-deadline\"><strong>P\u00e5meldingsfrist:<\/strong> ons 23. april 2025<\/p>\n\t\t\n\t<\/div>\n<\/div>\n\n<div class=\"panel teft-details-panel\">\n\t\t<h3>Detaljer<\/h3>\n\n\t\t\t\t\t<dl class=\"info-misc-with-icons\">\n\t\t\t\t<dt class=\"venue\"><span class=\"screen-reader-text\">Stedet<\/span><\/dt>\n\t\t\t\t<dd>\n\t\t\t\t\t\t\t\t\t\t\t<span class=\"address-line-1\">Drammen<\/span>\n\t\t\t\t\t\t\t\t\t\t\t\t\t\t\t\t<span class=\"address-line-2\">Drammen r\u00e5dhus<\/span>\n\t\t\t\t\t\t\t\t\t<\/dd>\n\t\t\t<\/dl>\n\t\t\t\t\t\t\t<dl class=\"info-misc-with-icons\">\n\t\t<dt class=\"time\"><span class=\"screen-reader-text\">Arrangement dato<\/span><\/dt>\n\t\t<dd class=\"time\">\n\t\t\ttor 24. april 2025 fra  18:00 &#8211; 20:00\t\t<\/dd>\n\t<\/dl>\n\t\t\t\t\t\t<dl class=\"info-misc-with-icons\">\n\t\t<dt class=\"registration\"><span class=\"screen-reader-text\">P\u00e5meldingsdetajer<\/span><\/dt>\n\t\t<dd class=\"registration\">\n\t\t\t\t\t\t\t\t\t\t<a href=\"https:\/\/www.facebook.com\/events\/699628459067751\/?acontext=%7B%22event_action_history%22%3A%5B%7B%22mechanism%22%3A%22calendar_tab_event%22%2C%22surface%22%3A%22bookmark_calendar%22%7D%5D%2C%22ref_notif_type%22%3Anull%7D\">Registrer<\/a>\n\t\t\t\t\t<\/dd>\n\t<\/dl>\n\t\t<\/dl>\n<\/div>\n<\/div>\n\n\n\n\n<h2 class=\"wp-block-heading\" id=\"h-informasjon\">Informasjon<\/h2>\n\n\n\n<p>Er du nysgjerrig p\u00e5 sakene p\u00e5 H\u00f8yres Landsm\u00f8te? Hvilke saker har st\u00f8rst betydning for oss i Drammen?<\/p>\n\n\n\n<p>Ordf\u00f8rer Kjell Arne og 1. kandidat Trond Helleland var p\u00e5 landsm\u00f8te, og deler gjerne sine betraktninger om H\u00f8yres viktigste saker fremover. <\/p>\n\n\n\n<p>Vel m\u00f8tt! Arrangementet er for medlemmer av Drammen H\u00f8yre. Det blir servering av Pizza.<\/p>\n\n\n\n<p>Er du ikke medlem? Ta gjerne kontakt!<\/p>\n\n\n<div class=\"post-meta wp-block\">\n\t<div class=\"top\">\n\t\t<div class=\"sharing\">\n\t\t\t<a class=\"share-button share-link\" target=\"_blank\"><span class=\"screen-reader-text\">Del link<\/span><\/a>\n\t\t\t<a class=\"share-button share-twitter\" href=\"http:\/\/twitter.com\/share?text=Kjell Arne og Trond om Landsm\u00f8tet 2025&#038;url=https:\/\/hoyre.no\/drammen\/arrangementer\/kjell-arne-og-trond-om-landsmotet-2025\/&#038;hashtags=Hoyre\"><span class=\"screen-reader-text\">Del p\u00e5 twitter<\/span><\/a>\n\t\t\t<a class=\"share-button share-facebook\" href=\"https:\/\/www.facebook.com\/sharer\/sharer.php?u=https:\/\/hoyre.no\/drammen\/arrangementer\/kjell-arne-og-trond-om-landsmotet-2025\/\" target=\"_blank\"><span class=\"screen-reader-text\">Del p\u00e5 facebook<\/span><\/a>\n\t\t<\/div>\n\t<\/div>\n<\/div>\n","protected":false},"template":"","meta":{"teft_cards_image_url":"","teft_cards_custom_pretitle":"","teft_cards_image_id":858,"teft_cards_image_focal_point_x":0.5,"teft_cards_image_focal_point_y":0.5,"teft_cards_title":"","teft_cards_excerpt":"","teft_show_chapters":false,"event_organizer":[],"event_start_date":"2025-04-24T18:00:00","event_end_date":"2025-04-24T20:00:00","event_registration_url":"https:\/\/www.facebook.com\/events\/699628459067751\/?acontext=%7B%22event_action_history%22%3A[%7B%22mechanism%22%3A%22calendar_tab_event%22%2C%22surface%22%3A%22bookmark_calendar%22%7D]%2C%22ref_notif_type%22%3Anull%7D","event_registration_deadline":"2025-04-23T16:16:20","event_ticket_cost":"","event_venue_name":"Drammen","event_venue_url":"","event_venue_address":"Drammen r\u00e5dhus"},"teft-events-category":[],"class_list":["post-892","teft-events","type-teft-events","status-publish","hentry"],"yoast_head":"<!-- This site is optimized with the Yoast SEO plugin v26.6 - https:\/\/yoast.com\/wordpress\/plugins\/seo\/ -->\n<title>Kjell Arne og Trond om Landsm\u00f8tet 2025 - Drammen H\u00f8yre<\/title>\n<meta name=\"robots\" content=\"index, follow, max-snippet:-1, max-image-preview:large, max-video-preview:-1\" \/>\n<link rel=\"canonical\" href=\"https:\/\/hoyre.no\/drammen\/arrangementer\/kjell-arne-og-trond-om-landsmotet-2025\/\" \/>\n<meta property=\"og:locale\" content=\"nb_NO\" \/>\n<meta property=\"og:type\" content=\"article\" \/>\n<meta property=\"og:title\" content=\"Kjell Arne og Trond om Landsm\u00f8tet 2025 - Drammen H\u00f8yre\" \/>\n<meta property=\"og:url\" content=\"https:\/\/hoyre.no\/drammen\/arrangementer\/kjell-arne-og-trond-om-landsmotet-2025\/\" \/>\n<meta property=\"og:site_name\" content=\"Drammen H\u00f8yre\" \/>\n<meta property=\"article:modified_time\" content=\"2025-04-24T13:08:15+00:00\" \/>\n<meta property=\"og:image\" content=\"https:\/\/hoyre.no\/content\/uploads\/sites\/201\/2025\/03\/Bilde-998x1024.jpeg\" \/>\n<meta name=\"twitter:card\" content=\"summary_large_image\" \/>\n<meta name=\"twitter:label1\" content=\"Ansl. lesetid\" \/>\n\t<meta name=\"twitter:data1\" content=\"1 minutt\" \/>\n<script type=\"application\/ld+json\" class=\"yoast-schema-graph\">{\"@context\":\"https:\/\/schema.org\",\"@graph\":[{\"@type\":\"WebPage\",\"@id\":\"https:\/\/hoyre.no\/drammen\/arrangementer\/kjell-arne-og-trond-om-landsmotet-2025\/\",\"url\":\"https:\/\/hoyre.no\/drammen\/arrangementer\/kjell-arne-og-trond-om-landsmotet-2025\/\",\"name\":\"Kjell Arne og Trond om Landsm\u00f8tet 2025 - Drammen H\u00f8yre\",\"isPartOf\":{\"@id\":\"https:\/\/hoyre.no\/drammen\/#website\"},\"datePublished\":\"2025-04-07T14:17:46+00:00\",\"dateModified\":\"2025-04-24T13:08:15+00:00\",\"breadcrumb\":{\"@id\":\"https:\/\/hoyre.no\/drammen\/arrangementer\/kjell-arne-og-trond-om-landsmotet-2025\/#breadcrumb\"},\"inLanguage\":\"nb-NO\",\"potentialAction\":[{\"@type\":\"ReadAction\",\"target\":[\"https:\/\/hoyre.no\/drammen\/arrangementer\/kjell-arne-og-trond-om-landsmotet-2025\/\"]}]},{\"@type\":\"BreadcrumbList\",\"@id\":\"https:\/\/hoyre.no\/drammen\/arrangementer\/kjell-arne-og-trond-om-landsmotet-2025\/#breadcrumb\",\"itemListElement\":[{\"@type\":\"ListItem\",\"position\":1,\"name\":\"Til hoyre.no\",\"item\":\"https:\/\/hoyre.no\"},{\"@type\":\"ListItem\",\"position\":2,\"name\":\"Hjem\",\"item\":\"https:\/\/hoyre.no\/drammen\/\"},{\"@type\":\"ListItem\",\"position\":3,\"name\":\"Arrangement\",\"item\":\"https:\/\/hoyre.no\/drammen\/arrangementer\/\"},{\"@type\":\"ListItem\",\"position\":4,\"name\":\"Kjell Arne og Trond om Landsm\u00f8tet 2025\"}]},{\"@type\":\"WebSite\",\"@id\":\"https:\/\/hoyre.no\/drammen\/#website\",\"url\":\"https:\/\/hoyre.no\/drammen\/\",\"name\":\"Drammen H\u00f8yre\",\"description\":\"Bare enda et H\u00f8yres nettsteder-nettsted\",\"inLanguage\":\"nb-NO\"}]}<\/script>\n<!-- \/ Yoast SEO plugin. -->","yoast_head_json":{"title":"Kjell Arne og Trond om Landsm\u00f8tet 2025 - Drammen H\u00f8yre","robots":{"index":"index","follow":"follow","max-snippet":"max-snippet:-1","max-image-preview":"max-image-preview:large","max-video-preview":"max-video-preview:-1"},"canonical":"https:\/\/hoyre.no\/drammen\/arrangementer\/kjell-arne-og-trond-om-landsmotet-2025\/","og_locale":"nb_NO","og_type":"article","og_title":"Kjell Arne og Trond om Landsm\u00f8tet 2025 - Drammen H\u00f8yre","og_url":"https:\/\/hoyre.no\/drammen\/arrangementer\/kjell-arne-og-trond-om-landsmotet-2025\/","og_site_name":"Drammen H\u00f8yre","article_modified_time":"2025-04-24T13:08:15+00:00","og_image":[{"url":"https:\/\/hoyre.no\/content\/uploads\/sites\/201\/2025\/03\/Bilde-998x1024.jpeg","width":"","height":"","type":""}],"twitter_card":"summary_large_image","twitter_misc":{"Ansl. lesetid":"1 minutt"},"schema":{"@context":"https:\/\/schema.org","@graph":[{"@type":"WebPage","@id":"https:\/\/hoyre.no\/drammen\/arrangementer\/kjell-arne-og-trond-om-landsmotet-2025\/","url":"https:\/\/hoyre.no\/drammen\/arrangementer\/kjell-arne-og-trond-om-landsmotet-2025\/","name":"Kjell Arne og Trond om Landsm\u00f8tet 2025 - Drammen H\u00f8yre","isPartOf":{"@id":"https:\/\/hoyre.no\/drammen\/#website"},"datePublished":"2025-04-07T14:17:46+00:00","dateModified":"2025-04-24T13:08:15+00:00","breadcrumb":{"@id":"https:\/\/hoyre.no\/drammen\/arrangementer\/kjell-arne-og-trond-om-landsmotet-2025\/#breadcrumb"},"inLanguage":"nb-NO","potentialAction":[{"@type":"ReadAction","target":["https:\/\/hoyre.no\/drammen\/arrangementer\/kjell-arne-og-trond-om-landsmotet-2025\/"]}]},{"@type":"BreadcrumbList","@id":"https:\/\/hoyre.no\/drammen\/arrangementer\/kjell-arne-og-trond-om-landsmotet-2025\/#breadcrumb","itemListElement":[{"@type":"ListItem","position":1,"name":"Til hoyre.no","item":"https:\/\/hoyre.no"},{"@type":"ListItem","position":2,"name":"Hjem","item":"https:\/\/hoyre.no\/drammen\/"},{"@type":"ListItem","position":3,"name":"Arrangement","item":"https:\/\/hoyre.no\/drammen\/arrangementer\/"},{"@type":"ListItem","position":4,"name":"Kjell Arne og Trond om Landsm\u00f8tet 2025"}]},{"@type":"WebSite","@id":"https:\/\/hoyre.no\/drammen\/#website","url":"https:\/\/hoyre.no\/drammen\/","name":"Drammen H\u00f8yre","description":"Bare enda et H\u00f8yres nettsteder-nettsted","inLanguage":"nb-NO"}]}},"distributor_meta":false,"distributor_terms":false,"distributor_media":false,"distributor_original_site_name":"Drammen H\u00f8yre","distributor_original_site_url":"https:\/\/hoyre.no\/drammen","push-errors":false,"_links":{"self":[{"href":"https:\/\/hoyre.no\/drammen\/wp-json\/wp\/v2\/teft-events\/892","targetHints":{"allow":["GET"]}}],"collection":[{"href":"https:\/\/hoyre.no\/drammen\/wp-json\/wp\/v2\/teft-events"}],"about":[{"href":"https:\/\/hoyre.no\/drammen\/wp-json\/wp\/v2\/types\/teft-events"}],"wp:attachment":[{"href":"https:\/\/hoyre.no\/drammen\/wp-json\/wp\/v2\/media?parent=892"}],"wp:term":[{"taxonomy":"teft-events-category","embeddable":true,"href":"https:\/\/hoyre.no\/drammen\/wp-json\/wp\/v2\/teft-events-category?post=892"}],"curies":[{"name":"wp","href":"https:\/\/api.w.org\/{rel}","templated":true}]}}