{"id":569,"date":"2023-06-27T09:00:00","date_gmt":"2023-06-27T07:00:00","guid":{"rendered":"https:\/\/hoyre.no\/elverum\/?page_id=569"},"modified":"2025-06-21T12:22:53","modified_gmt":"2025-06-21T10:22:53","slug":"politikk","status":"publish","type":"page","link":"https:\/\/hoyre.no\/elverum\/politikk\/","title":{"rendered":"Politikk"},"content":{"rendered":"\n<div class=\"wp-block-hoyre-hero with-image-gradient text-color-light  has-media alignfull has-background\"><div class=\"hoyre-hero has-image\"><h1 class=\"title\">Politikk<\/h1><p class=\"preamble\">H\u00f8yre vil bygge fremtidens Elverum. Her kan du lese om H\u00f8yres visjon for Elverum og hva vi g\u00e5r til valg p\u00e5 i 2023<br><br><\/p>\t\t\t<div class=\"post-meta wp-block teft-byline-wrapper\">\n\t\t\t\t<div class=\"top\">\n\t\t\t\t\t<div class=\"signature\">\n\t\t\t\t\t\t<div class=\"teft-byline\">\n\t\t\t\t\t\t\t\t\t\t\t\t\t\t<div>\n\t\t\t\t\t\t\t\t<h3>H\u00f8yres redaksjon<\/h3>\t\t\t\t\t\t\t\t\n\t\t\t\t\t\t\t\t\t\t\t\t\t\t\t\t\t<span class=\"date\">Sist oppdatert: 21. juni 2025<\/span>\n\t\t\t\t\t\t\t\t\t\t\t\t\t\t\t\t\t\t\t\t\t\t\t\t\t<span class=\"reading-time\" itemprop=\"timeRequired\" content=\"PT2M\"><em>Ca. 2 minutter lesetid<\/em><\/span>\n\t\t\t\t\t\t\t\t\t\t\t\t\t\t\t<\/div>\n\t\t\t\t\t\t<\/div>\n\t\t\t\t\t<\/div>\n\t\t\t\t\t\t<div class=\"sharing\">\n\t\t<a class=\"share-button share-link copy-link\" data-copy=\"https:\/\/hoyre.no\/elverum\/politikk\/\" target=\"_blank\"><span class=\"screen-reader-text\">Del link<\/span><\/a>\n\t\t<a class=\"share-button share-twitter\" href=\"http:\/\/twitter.com\/share?text=Politikk&#038;url=https:\/\/hoyre.no\/elverum\/politikk\/&#038;hashtags=Hoyre\" target=\"_blank\"><span class=\"screen-reader-text\">Del p\u00e5 twitter<\/span><\/a>\n\t\t<a class=\"share-button share-facebook\" href=\"https:\/\/www.facebook.com\/sharer\/sharer.php?u=https:\/\/hoyre.no\/elverum\/politikk\/\" target=\"_blank\"><span class=\"screen-reader-text\">Del p\u00e5 facebook<\/span><\/a>\n\t<\/div>\n\t\t\t\t\t<\/div>\n\t\t\t<\/div>\n\n\t\t\t<figure class=\"hoyre-image-wrapper\"><div class=\"hoyre-image\"><img loading=\"lazy\" decoding=\"async\" width=\"1772\" height=\"1584\" src=\"https:\/\/hoyre.no\/content\/uploads\/sites\/83\/2023\/05\/Vannkunst.png\" class=\"attachment-scaled size-scaled\" alt=\"\" style=\"object-position: 50% 50%\" srcset=\"https:\/\/hoyre.no\/content\/uploads\/sites\/83\/2023\/05\/Vannkunst.png 1772w, https:\/\/hoyre.no\/content\/uploads\/sites\/83\/2023\/05\/Vannkunst-300x268.png 300w, https:\/\/hoyre.no\/content\/uploads\/sites\/83\/2023\/05\/Vannkunst-1024x915.png 1024w, https:\/\/hoyre.no\/content\/uploads\/sites\/83\/2023\/05\/Vannkunst-768x687.png 768w, https:\/\/hoyre.no\/content\/uploads\/sites\/83\/2023\/05\/Vannkunst-1536x1373.png 1536w\" sizes=\"auto, (max-width: 1772px) 100vw, 1772px\" \/><\/div><\/figure><\/div><\/div>\n\n\n\n<h2 class=\"has-text-align-center wp-block-heading\">Programpresentasjon for fremtidens Elverum!<\/h2>\n\n\n\n<div class=\"wp-block-media-text alignwide has-media-on-the-right is-stacked-on-mobile is-image-fill\" style=\"grid-template-columns:auto 46%\"><figure class=\"wp-block-media-text__media\" style=\"background-image:url('https:\/\/hoyre.no\/content\/uploads\/sites\/83\/2023\/06\/20230628_100555-scaled-e1687951813368-1024x989.jpg');background-position:50% 50%\"><img loading=\"lazy\" decoding=\"async\" width=\"1024\" height=\"989\" src=\"https:\/\/hoyre.no\/content\/uploads\/sites\/83\/2023\/06\/20230628_100555-scaled-e1687951813368-1024x989.jpg\" alt=\"\" class=\"wp-image-853 size-full\" srcset=\"https:\/\/hoyre.no\/content\/uploads\/sites\/83\/2023\/06\/20230628_100555-scaled-e1687951813368-1024x989.jpg 1024w, https:\/\/hoyre.no\/content\/uploads\/sites\/83\/2023\/06\/20230628_100555-scaled-e1687951813368-300x290.jpg 300w, https:\/\/hoyre.no\/content\/uploads\/sites\/83\/2023\/06\/20230628_100555-scaled-e1687951813368-768x742.jpg 768w, https:\/\/hoyre.no\/content\/uploads\/sites\/83\/2023\/06\/20230628_100555-scaled-e1687951813368-1536x1483.jpg 1536w, https:\/\/hoyre.no\/content\/uploads\/sites\/83\/2023\/06\/20230628_100555-scaled-e1687951813368.jpg 1812w\" sizes=\"auto, (max-width: 1024px) 100vw, 1024px\" \/><\/figure><div class=\"wp-block-media-text__content\">\n<p>28. juni innkalte Elverum H\u00f8yre til pressekonferanse i aktivitetsparken. V\u00e5r ordf\u00f8rerkandidat Yngve S\u00e6tre forklarte hvordan vi vil ta Glomma i bruk og utvikle omr\u00e5det omkring aktivitetsparken ved Glomma.  <\/p>\n\n\n\n<p>Sammen tar vi Elverum videre. Barn og unge skal m\u00f8te l\u00e6ringsmilj\u00f8er som fremmer mestring og utvikling. Vi skal bidra til \u00e5 fremme skaperkraft og flere gr\u00f8nne arbeidsplasser. Vi skal legge til rette for bolyst, kultur og opplevelser i hele kommunen. <\/p>\n\n\n\n<p>Ved \u00e5 vise tillit til enkeltmennesket sikrer vi skaperkraft for \u00e5 bygge et sterkere og bedre lokalsamfunn. Elverum H\u00f8yre vil arbeide for \u00e5 utvikle lokalsamfunnet i tillit til enkeltmennesket \u2013 med valgfrihet til \u00e5 forme egne liv.<\/p>\n\n\n\n<p>Elverum H\u00f8yre vil s\u00f8ke \u00e5 finne nye l\u00f8sninger p\u00e5 det som ikke virker, eller kan bli bedre. I praksis betyr det \u00e5 ha oversikt over konsekvensene av nye forslag, og s\u00f8rge for at beslutningene faktisk er til gode for innbyggerne, f\u00f8r vi endrer noe.<\/p>\n\n\n\n<p>Andre viktige saker er transport og veier, skog og jordbruk, \u00f8konomi, skatter og avgifter, Forsvaret og H\u00f8gskolen, frivilligheten samt kultur og idrett.<\/p>\n\n\n\n<p>Elverum H\u00f8yre vil bygge fremtidens Elverum. Bygda tett p\u00e5 byen \u2013 byen tett p\u00e5 bygda.<\/p>\n\n\n\n<p>God lesning!<\/p>\n\n\n\n<p>  <\/p>\n<\/div><\/div>\n\n\n\n<div class=\"wp-block-teft-file icon-link-block\"><a href=\"https:\/\/hoyre.no\/content\/uploads\/sites\/83\/2023\/06\/Elverum-Hoyre-program-2023-2027_red.pdf\" download><span class=\"file-title\">Elverum H\u00f8yre program 2023-2027_red<\/span><span class=\"file-name\">Elverum-Hoyre-program-2023-2027_red.pdf [173.9kb]<\/span><\/a><\/div>\n\n\n\n<p><\/p>\n\n\n\n<h2 class=\"wp-block-heading\">Her finner du valglisten v\u00e5r!<\/h2>\n\n\n\n<div class=\"wp-block-teft-file icon-link-block\"><a href=\"https:\/\/hoyre.no\/content\/uploads\/sites\/83\/2023\/06\/Kommunestyreliste-Elverum-Hoyre-2023-2027.pdf\" download><span class=\"file-title\">Kommunestyreliste Elverum H\u00f8yre 2023-2027<\/span><span class=\"file-name\">Kommunestyreliste-Elverum-Hoyre-2023-2027.pdf [13.8kb]<\/span><\/a><\/div>\n\n\n\n<div class=\"wp-block-hoyre-banner alignwide undefined  is-style-dark\"><div class=\"banner-inner\"><figure class=\"hoyre-image-wrapper\"><div class=\"hoyre-image\"><img loading=\"lazy\" decoding=\"async\" width=\"2500\" height=\"1666\" src=\"https:\/\/hoyre.no\/content\/uploads\/sites\/83\/2023\/06\/Yngve-sitter-pa-huk-ved-veikryss-scaled.jpg\" class=\"attachment-scaled size-scaled\" alt=\"\" style=\"object-position: 31% 86%\" srcset=\"https:\/\/hoyre.no\/content\/uploads\/sites\/83\/2023\/06\/Yngve-sitter-pa-huk-ved-veikryss-scaled.jpg 2500w, https:\/\/hoyre.no\/content\/uploads\/sites\/83\/2023\/06\/Yngve-sitter-pa-huk-ved-veikryss-300x200.jpg 300w, https:\/\/hoyre.no\/content\/uploads\/sites\/83\/2023\/06\/Yngve-sitter-pa-huk-ved-veikryss-1024x683.jpg 1024w, https:\/\/hoyre.no\/content\/uploads\/sites\/83\/2023\/06\/Yngve-sitter-pa-huk-ved-veikryss-768x512.jpg 768w, https:\/\/hoyre.no\/content\/uploads\/sites\/83\/2023\/06\/Yngve-sitter-pa-huk-ved-veikryss-1536x1024.jpg 1536w, https:\/\/hoyre.no\/content\/uploads\/sites\/83\/2023\/06\/Yngve-sitter-pa-huk-ved-veikryss-2048x1365.jpg 2048w\" sizes=\"auto, (max-width: 2500px) 100vw, 2500px\" \/><\/div><\/figure><div class=\"banner-content\"><div class=\"entry-content\">\n<h2 class=\"wp-block-heading\">6 grunner til \u00e5 stemme Elverum H\u00f8yre <\/h2>\n\n\n\n<p>H\u00f8yre vil forsterke og bevare forhold som gir vekst og utvikling, og endre det som ikke gir utvikling.  <\/p>\n\n\n\n<div class=\"wp-block-buttons alignwide is-layout-flex wp-block-buttons-is-layout-flex\">\n<div class=\"wp-block-button\"><a class=\"wp-block-button__link\" href=\"https:\/\/hoyre.no\/elverum\/6-grunner-til-a-stemme-elverum-hoyre\/\" target=\"_blank\" rel=\"noreferrer noopener\">Les mer<\/a><\/div>\n<\/div>\n<\/div><\/div><\/div><\/div>\n","protected":false},"excerpt":{"rendered":"<p>Programpresentasjon for fremtidens Elverum! 28. juni innkalte Elverum H\u00f8yre til pressekonferanse i aktivitetsparken. V\u00e5r ordf\u00f8rerkandidat Yngve S\u00e6tre forklarte hvordan vi vil ta Glomma i bruk og utvikle omr\u00e5det omkring aktivitetsparken ved Glomma. Sammen tar vi Elverum videre. Barn og unge skal m\u00f8te l\u00e6ringsmilj\u00f8er som fremmer mestring og utvikling. Vi skal bidra til \u00e5 fremme skaperkraft [&hellip;]<\/p>\n","protected":false},"author":31451,"featured_media":0,"parent":0,"menu_order":0,"comment_status":"closed","ping_status":"closed","template":"","meta":{"teft_cards_image_url":"","teft_cards_custom_pretitle":"","teft_cards_image_id":601,"teft_cards_image_focal_point_x":0.04,"teft_cards_image_focal_point_y":0.57,"teft_cards_title":"","teft_cards_excerpt":"","teft_show_chapters":false,"footnotes":""},"class_list":["post-569","page","type-page","status-publish","hentry"],"yoast_head":"<!-- This site is optimized with the Yoast SEO plugin v26.6 - https:\/\/yoast.com\/wordpress\/plugins\/seo\/ -->\n<title>Politikk - Elverum H\u00f8yre<\/title>\n<meta name=\"description\" content=\"Ved \u00e5 vise tillit til det enkelte menneske utl\u00f8ser vi skaperkraft for \u00e5 bygge et sterkere og bedre lokalsamfunn. Elverum H\u00f8yre vil s\u00f8ke og finne nye l\u00f8sninger p\u00e5 det som ikke virker, med gode beslutninger som faktisk er til gode for innbyggerne.\" \/>\n<meta name=\"robots\" content=\"index, follow, max-snippet:-1, max-image-preview:large, max-video-preview:-1\" \/>\n<link rel=\"canonical\" href=\"https:\/\/hoyre.no\/elverum\/politikk\/\" \/>\n<meta property=\"og:locale\" content=\"nb_NO\" \/>\n<meta property=\"og:type\" content=\"article\" \/>\n<meta property=\"og:title\" content=\"Politikk - Elverum H\u00f8yre\" \/>\n<meta property=\"og:description\" content=\"Ved \u00e5 vise tillit til det enkelte menneske utl\u00f8ser vi skaperkraft for \u00e5 bygge et sterkere og bedre lokalsamfunn. Elverum H\u00f8yre vil s\u00f8ke og finne nye l\u00f8sninger p\u00e5 det som ikke virker, med gode beslutninger som faktisk er til gode for innbyggerne.\" \/>\n<meta property=\"og:url\" content=\"https:\/\/hoyre.no\/elverum\/politikk\/\" \/>\n<meta property=\"og:site_name\" content=\"Elverum H\u00f8yre\" \/>\n<meta property=\"article:modified_time\" content=\"2025-06-21T10:22:53+00:00\" \/>\n<meta property=\"og:image\" content=\"https:\/\/hoyre.no\/content\/uploads\/sites\/83\/2023\/05\/Vannkunst-1024x915.png\" \/>\n<meta name=\"twitter:card\" content=\"summary_large_image\" \/>\n<meta name=\"twitter:label1\" content=\"Ansl. lesetid\" \/>\n\t<meta name=\"twitter:data1\" content=\"2 minutter\" \/>\n<script type=\"application\/ld+json\" class=\"yoast-schema-graph\">{\"@context\":\"https:\/\/schema.org\",\"@graph\":[{\"@type\":\"WebPage\",\"@id\":\"https:\/\/hoyre.no\/elverum\/politikk\/\",\"url\":\"https:\/\/hoyre.no\/elverum\/politikk\/\",\"name\":\"Politikk - Elverum H\u00f8yre\",\"isPartOf\":{\"@id\":\"https:\/\/hoyre.no\/elverum\/#website\"},\"image\":{\"@id\":\"https:\/\/hoyre.no\/elverum\/politikk\/#primaryimage\"},\"thumbnailUrl\":\"https:\/\/hoyre.no\/content\/uploads\/sites\/83\/2023\/06\/20230628_100555-scaled-e1687951813368-1024x989.jpg\",\"datePublished\":\"2023-06-27T07:00:00+00:00\",\"dateModified\":\"2025-06-21T10:22:53+00:00\",\"description\":\"Ved \u00e5 vise tillit til det enkelte menneske utl\u00f8ser vi skaperkraft for \u00e5 bygge et sterkere og bedre lokalsamfunn. Elverum H\u00f8yre vil s\u00f8ke og finne nye l\u00f8sninger p\u00e5 det som ikke virker, med gode beslutninger som faktisk er til gode for innbyggerne.\",\"breadcrumb\":{\"@id\":\"https:\/\/hoyre.no\/elverum\/politikk\/#breadcrumb\"},\"inLanguage\":\"nb-NO\",\"potentialAction\":[{\"@type\":\"ReadAction\",\"target\":[\"https:\/\/hoyre.no\/elverum\/politikk\/\"]}]},{\"@type\":\"ImageObject\",\"inLanguage\":\"nb-NO\",\"@id\":\"https:\/\/hoyre.no\/elverum\/politikk\/#primaryimage\",\"url\":\"https:\/\/hoyre.no\/content\/uploads\/sites\/83\/2023\/06\/20230628_100555-scaled-e1687951813368-1024x989.jpg\",\"contentUrl\":\"https:\/\/hoyre.no\/content\/uploads\/sites\/83\/2023\/06\/20230628_100555-scaled-e1687951813368-1024x989.jpg\"},{\"@type\":\"BreadcrumbList\",\"@id\":\"https:\/\/hoyre.no\/elverum\/politikk\/#breadcrumb\",\"itemListElement\":[{\"@type\":\"ListItem\",\"position\":1,\"name\":\"Til hoyre.no\",\"item\":\"https:\/\/hoyre.no\"},{\"@type\":\"ListItem\",\"position\":2,\"name\":\"Hjem\",\"item\":\"https:\/\/hoyre.no\/elverum\/\"},{\"@type\":\"ListItem\",\"position\":3,\"name\":\"Politikk\"}]},{\"@type\":\"WebSite\",\"@id\":\"https:\/\/hoyre.no\/elverum\/#website\",\"url\":\"https:\/\/hoyre.no\/elverum\/\",\"name\":\"Elverum H\u00f8yre\",\"description\":\"Bare enda et H\u00f8yres nettsteder-nettsted\",\"inLanguage\":\"nb-NO\"}]}<\/script>\n<!-- \/ Yoast SEO plugin. -->","yoast_head_json":{"title":"Politikk - Elverum H\u00f8yre","description":"Ved \u00e5 vise tillit til det enkelte menneske utl\u00f8ser vi skaperkraft for \u00e5 bygge et sterkere og bedre lokalsamfunn. Elverum H\u00f8yre vil s\u00f8ke og finne nye l\u00f8sninger p\u00e5 det som ikke virker, med gode beslutninger som faktisk er til gode for innbyggerne.","robots":{"index":"index","follow":"follow","max-snippet":"max-snippet:-1","max-image-preview":"max-image-preview:large","max-video-preview":"max-video-preview:-1"},"canonical":"https:\/\/hoyre.no\/elverum\/politikk\/","og_locale":"nb_NO","og_type":"article","og_title":"Politikk - Elverum H\u00f8yre","og_description":"Ved \u00e5 vise tillit til det enkelte menneske utl\u00f8ser vi skaperkraft for \u00e5 bygge et sterkere og bedre lokalsamfunn. Elverum H\u00f8yre vil s\u00f8ke og finne nye l\u00f8sninger p\u00e5 det som ikke virker, med gode beslutninger som faktisk er til gode for innbyggerne.","og_url":"https:\/\/hoyre.no\/elverum\/politikk\/","og_site_name":"Elverum H\u00f8yre","article_modified_time":"2025-06-21T10:22:53+00:00","og_image":[{"url":"https:\/\/hoyre.no\/content\/uploads\/sites\/83\/2023\/05\/Vannkunst-1024x915.png","width":"","height":"","type":""}],"twitter_card":"summary_large_image","twitter_misc":{"Ansl. lesetid":"2 minutter"},"schema":{"@context":"https:\/\/schema.org","@graph":[{"@type":"WebPage","@id":"https:\/\/hoyre.no\/elverum\/politikk\/","url":"https:\/\/hoyre.no\/elverum\/politikk\/","name":"Politikk - Elverum H\u00f8yre","isPartOf":{"@id":"https:\/\/hoyre.no\/elverum\/#website"},"image":{"@id":"https:\/\/hoyre.no\/elverum\/politikk\/#primaryimage"},"thumbnailUrl":"https:\/\/hoyre.no\/content\/uploads\/sites\/83\/2023\/06\/20230628_100555-scaled-e1687951813368-1024x989.jpg","datePublished":"2023-06-27T07:00:00+00:00","dateModified":"2025-06-21T10:22:53+00:00","description":"Ved \u00e5 vise tillit til det enkelte menneske utl\u00f8ser vi skaperkraft for \u00e5 bygge et sterkere og bedre lokalsamfunn. Elverum H\u00f8yre vil s\u00f8ke og finne nye l\u00f8sninger p\u00e5 det som ikke virker, med gode beslutninger som faktisk er til gode for innbyggerne.","breadcrumb":{"@id":"https:\/\/hoyre.no\/elverum\/politikk\/#breadcrumb"},"inLanguage":"nb-NO","potentialAction":[{"@type":"ReadAction","target":["https:\/\/hoyre.no\/elverum\/politikk\/"]}]},{"@type":"ImageObject","inLanguage":"nb-NO","@id":"https:\/\/hoyre.no\/elverum\/politikk\/#primaryimage","url":"https:\/\/hoyre.no\/content\/uploads\/sites\/83\/2023\/06\/20230628_100555-scaled-e1687951813368-1024x989.jpg","contentUrl":"https:\/\/hoyre.no\/content\/uploads\/sites\/83\/2023\/06\/20230628_100555-scaled-e1687951813368-1024x989.jpg"},{"@type":"BreadcrumbList","@id":"https:\/\/hoyre.no\/elverum\/politikk\/#breadcrumb","itemListElement":[{"@type":"ListItem","position":1,"name":"Til hoyre.no","item":"https:\/\/hoyre.no"},{"@type":"ListItem","position":2,"name":"Hjem","item":"https:\/\/hoyre.no\/elverum\/"},{"@type":"ListItem","position":3,"name":"Politikk"}]},{"@type":"WebSite","@id":"https:\/\/hoyre.no\/elverum\/#website","url":"https:\/\/hoyre.no\/elverum\/","name":"Elverum H\u00f8yre","description":"Bare enda et H\u00f8yres nettsteder-nettsted","inLanguage":"nb-NO"}]}},"distributor_meta":false,"distributor_terms":false,"distributor_media":false,"distributor_original_site_name":"Elverum H\u00f8yre","distributor_original_site_url":"https:\/\/hoyre.no\/elverum","push-errors":false,"_links":{"self":[{"href":"https:\/\/hoyre.no\/elverum\/wp-json\/wp\/v2\/pages\/569","targetHints":{"allow":["GET"]}}],"collection":[{"href":"https:\/\/hoyre.no\/elverum\/wp-json\/wp\/v2\/pages"}],"about":[{"href":"https:\/\/hoyre.no\/elverum\/wp-json\/wp\/v2\/types\/page"}],"author":[{"embeddable":true,"href":"https:\/\/hoyre.no\/elverum\/wp-json\/wp\/v2\/users\/31451"}],"replies":[{"embeddable":true,"href":"https:\/\/hoyre.no\/elverum\/wp-json\/wp\/v2\/comments?post=569"}],"version-history":[{"count":40,"href":"https:\/\/hoyre.no\/elverum\/wp-json\/wp\/v2\/pages\/569\/revisions"}],"predecessor-version":[{"id":2389,"href":"https:\/\/hoyre.no\/elverum\/wp-json\/wp\/v2\/pages\/569\/revisions\/2389"}],"wp:attachment":[{"href":"https:\/\/hoyre.no\/elverum\/wp-json\/wp\/v2\/media?parent=569"}],"curies":[{"name":"wp","href":"https:\/\/api.w.org\/{rel}","templated":true}]}}