{"id":672,"date":"2023-05-25T19:22:17","date_gmt":"2023-05-25T17:22:17","guid":{"rendered":"https:\/\/hoyre.no\/elverum\/?page_id=672"},"modified":"2025-08-01T10:22:22","modified_gmt":"2025-08-01T08:22:22","slug":"6-grunner-til-a-stemme-elverum-hoyre","status":"publish","type":"page","link":"https:\/\/hoyre.no\/elverum\/6-grunner-til-a-stemme-elverum-hoyre\/","title":{"rendered":"6 grunner til \u00e5 stemme Elverum H\u00f8yre"},"content":{"rendered":"\n<div class=\"wp-block-hoyre-hero with-image-gradient text-color-light  has-media alignfull has-background\"><div class=\"hoyre-hero has-image\"><h1 class=\"title\">6 grunner til \u00e5 stemme Elverum H\u00f8yre<\/h1><p class=\"preamble\">Her er 6 gode grunner til \u00e5 stemme Elverum H\u00f8yre.<\/p>\t\t\t<div class=\"post-meta wp-block teft-byline-wrapper\">\n\t\t\t\t<div class=\"top\">\n\t\t\t\t\t<div class=\"signature\">\n\t\t\t\t\t\t<div class=\"teft-byline\">\n\t\t\t\t\t\t\t\t\t\t\t\t\t\t<div>\n\t\t\t\t\t\t\t\t<h3>H\u00f8yres redaksjon<\/h3>\t\t\t\t\t\t\t\t\n\t\t\t\t\t\t\t\t\t\t\t\t\t\t\t\t\t<span class=\"date\">Sist oppdatert: 1. august 2025<\/span>\n\t\t\t\t\t\t\t\t\t\t\t\t\t\t\t\t\t\t\t\t\t\t\t\t\t<span class=\"reading-time\" itemprop=\"timeRequired\" content=\"PT1M\"><em>Ca. 1 minutter lesetid<\/em><\/span>\n\t\t\t\t\t\t\t\t\t\t\t\t\t\t\t<\/div>\n\t\t\t\t\t\t<\/div>\n\t\t\t\t\t<\/div>\n\t\t\t\t\t\t<div class=\"sharing\">\n\t\t<a class=\"share-button share-link copy-link\" data-copy=\"https:\/\/hoyre.no\/elverum\/6-grunner-til-a-stemme-elverum-hoyre\/\" target=\"_blank\"><span class=\"screen-reader-text\">Del link<\/span><\/a>\n\t\t<a class=\"share-button share-twitter\" href=\"http:\/\/twitter.com\/share?text=6 grunner til \u00e5 stemme Elverum H\u00f8yre&#038;url=https:\/\/hoyre.no\/elverum\/6-grunner-til-a-stemme-elverum-hoyre\/&#038;hashtags=Hoyre\" target=\"_blank\"><span class=\"screen-reader-text\">Del p\u00e5 twitter<\/span><\/a>\n\t\t<a class=\"share-button share-facebook\" href=\"https:\/\/www.facebook.com\/sharer\/sharer.php?u=https:\/\/hoyre.no\/elverum\/6-grunner-til-a-stemme-elverum-hoyre\/\" target=\"_blank\"><span class=\"screen-reader-text\">Del p\u00e5 facebook<\/span><\/a>\n\t<\/div>\n\t\t\t\t\t<\/div>\n\t\t\t<\/div>\n\n\t\t\t<figure class=\"hoyre-image-wrapper\"><div class=\"hoyre-image\"><img loading=\"lazy\" decoding=\"async\" width=\"2500\" height=\"1666\" src=\"https:\/\/hoyre.no\/content\/uploads\/sites\/83\/2023\/06\/Yngve-sitter-pa-huk-ved-veikryss-scaled.jpg\" class=\"attachment-scaled size-scaled\" alt=\"\" style=\"object-position: 47% 59%\" srcset=\"https:\/\/hoyre.no\/content\/uploads\/sites\/83\/2023\/06\/Yngve-sitter-pa-huk-ved-veikryss-scaled.jpg 2500w, https:\/\/hoyre.no\/content\/uploads\/sites\/83\/2023\/06\/Yngve-sitter-pa-huk-ved-veikryss-300x200.jpg 300w, https:\/\/hoyre.no\/content\/uploads\/sites\/83\/2023\/06\/Yngve-sitter-pa-huk-ved-veikryss-1024x683.jpg 1024w, https:\/\/hoyre.no\/content\/uploads\/sites\/83\/2023\/06\/Yngve-sitter-pa-huk-ved-veikryss-768x512.jpg 768w, https:\/\/hoyre.no\/content\/uploads\/sites\/83\/2023\/06\/Yngve-sitter-pa-huk-ved-veikryss-1536x1024.jpg 1536w, https:\/\/hoyre.no\/content\/uploads\/sites\/83\/2023\/06\/Yngve-sitter-pa-huk-ved-veikryss-2048x1365.jpg 2048w\" sizes=\"auto, (max-width: 2500px) 100vw, 2500px\" \/><\/div><\/figure><\/div><\/div>\n\n\n\n<div class=\"wp-block-media-text alignwide has-media-on-the-right is-stacked-on-mobile is-image-fill\" style=\"grid-template-columns:auto 52%\"><figure class=\"wp-block-media-text__media\" style=\"background-image:url('https:\/\/hoyre.no\/content\/uploads\/sites\/83\/2023\/05\/Radhuset-1024x680.jpg');background-position:50% 50%\"><img loading=\"lazy\" decoding=\"async\" width=\"1024\" height=\"680\" src=\"https:\/\/hoyre.no\/content\/uploads\/sites\/83\/2023\/05\/Radhuset-1024x680.jpg\" alt=\"\" class=\"wp-image-622 size-full\" srcset=\"https:\/\/hoyre.no\/content\/uploads\/sites\/83\/2023\/05\/Radhuset-1024x680.jpg 1024w, https:\/\/hoyre.no\/content\/uploads\/sites\/83\/2023\/05\/Radhuset-300x199.jpg 300w, https:\/\/hoyre.no\/content\/uploads\/sites\/83\/2023\/05\/Radhuset-768x510.jpg 768w, https:\/\/hoyre.no\/content\/uploads\/sites\/83\/2023\/05\/Radhuset-1536x1020.jpg 1536w, https:\/\/hoyre.no\/content\/uploads\/sites\/83\/2023\/05\/Radhuset-2048x1360.jpg 2048w\" sizes=\"auto, (max-width: 1024px) 100vw, 1024px\" \/><\/figure><div class=\"wp-block-media-text__content\">\n\n<h2 class=\"wp-block-heading\">1. Elverum skal v\u00e6re en attraktiv kommune som flere \u00f8nsker \u00e5 bo i og bes\u00f8ke.<\/h2>\n\n<\/div><\/div>\n\n\n\n<div class=\"wp-block-media-text is-stacked-on-mobile is-image-fill alignwide\" style=\"grid-template-columns:48% auto\"><figure class=\"wp-block-media-text__media\" style=\"background-image:url('https:\/\/hoyre.no\/content\/uploads\/sites\/83\/2023\/07\/GettyImages-594375747-1024x683.jpg');background-position:50% 50%\"><img loading=\"lazy\" decoding=\"async\" width=\"1024\" height=\"683\" src=\"https:\/\/hoyre.no\/content\/uploads\/sites\/83\/2023\/07\/GettyImages-594375747-1024x683.jpg\" alt=\"\" class=\"wp-image-918 size-full\" srcset=\"https:\/\/hoyre.no\/content\/uploads\/sites\/83\/2023\/07\/GettyImages-594375747-1024x683.jpg 1024w, https:\/\/hoyre.no\/content\/uploads\/sites\/83\/2023\/07\/GettyImages-594375747-300x200.jpg 300w, https:\/\/hoyre.no\/content\/uploads\/sites\/83\/2023\/07\/GettyImages-594375747-768x512.jpg 768w, https:\/\/hoyre.no\/content\/uploads\/sites\/83\/2023\/07\/GettyImages-594375747-1536x1024.jpg 1536w, https:\/\/hoyre.no\/content\/uploads\/sites\/83\/2023\/07\/GettyImages-594375747-2048x1365.jpg 2048w\" sizes=\"auto, (max-width: 1024px) 100vw, 1024px\" \/><\/figure><div class=\"wp-block-media-text__content\">\n<h2 class=\"wp-block-heading\">2. Elverum skal v\u00e6re Innlandets beste kommune \u00e5 vokse opp i.<\/h2>\n\n\n\n<p>.<\/p>\n<\/div><\/div>\n\n\n\n<div class=\"wp-block-media-text has-media-on-the-right is-stacked-on-mobile is-image-fill alignwide\" style=\"grid-template-columns:auto 51%\"><div class=\"wp-block-media-text__content\">\n<h2 class=\"wp-block-heading\">3. Elverum skal ha en omsorgstjeneste som gj\u00f8r at du gleder deg til \u00e5 bli eldre.<\/h2>\n<\/div><figure class=\"wp-block-media-text__media\" style=\"background-image:url('https:\/\/hoyre.no\/content\/uploads\/sites\/83\/2021\/02\/hjerte-helsehuset.jpg');background-position:50% 50%\"><img loading=\"lazy\" decoding=\"async\" width=\"900\" height=\"506\" src=\"https:\/\/hoyre.no\/content\/uploads\/sites\/83\/2021\/02\/hjerte-helsehuset.jpg\" alt=\"\" class=\"wp-image-147 size-full\" srcset=\"https:\/\/hoyre.no\/content\/uploads\/sites\/83\/2021\/02\/hjerte-helsehuset.jpg 900w, https:\/\/hoyre.no\/content\/uploads\/sites\/83\/2021\/02\/hjerte-helsehuset-300x169.jpg 300w, https:\/\/hoyre.no\/content\/uploads\/sites\/83\/2021\/02\/hjerte-helsehuset-768x432.jpg 768w\" sizes=\"auto, (max-width: 900px) 100vw, 900px\" \/><\/figure><\/div>\n\n\n\n<div class=\"wp-block-media-text is-stacked-on-mobile is-image-fill alignwide\" style=\"grid-template-columns:49% auto\"><figure class=\"wp-block-media-text__media\" style=\"background-image:url('https:\/\/hoyre.no\/content\/uploads\/sites\/83\/2023\/05\/Glomma-mot-Radhuset-1024x680.jpg');background-position:50% 50%\"><img loading=\"lazy\" decoding=\"async\" width=\"1024\" height=\"680\" src=\"https:\/\/hoyre.no\/content\/uploads\/sites\/83\/2023\/05\/Glomma-mot-Radhuset-1024x680.jpg\" alt=\"\" class=\"wp-image-617 size-full\" srcset=\"https:\/\/hoyre.no\/content\/uploads\/sites\/83\/2023\/05\/Glomma-mot-Radhuset-1024x680.jpg 1024w, https:\/\/hoyre.no\/content\/uploads\/sites\/83\/2023\/05\/Glomma-mot-Radhuset-300x199.jpg 300w, https:\/\/hoyre.no\/content\/uploads\/sites\/83\/2023\/05\/Glomma-mot-Radhuset-768x510.jpg 768w, https:\/\/hoyre.no\/content\/uploads\/sites\/83\/2023\/05\/Glomma-mot-Radhuset-1536x1020.jpg 1536w, https:\/\/hoyre.no\/content\/uploads\/sites\/83\/2023\/05\/Glomma-mot-Radhuset-2048x1360.jpg 2048w\" sizes=\"auto, (max-width: 1024px) 100vw, 1024px\" \/><\/figure><div class=\"wp-block-media-text__content\">\n<h2 class=\"wp-block-heading\">4. Elverum skal v\u00e6re en milj\u00f8smart by for fremtiden.<\/h2>\n<\/div><\/div>\n\n\n\n<div class=\"wp-block-media-text has-media-on-the-right is-stacked-on-mobile is-image-fill alignwide\" style=\"grid-template-columns:auto 51%\"><div class=\"wp-block-media-text__content\">\n<h2 class=\"wp-block-heading\">5. Elverum skal legge til rette for god n\u00e6ringsutvikling og v\u00e6re f\u00f8rstevalget i Innlandet for \u00e5 etablere n\u00e6ring.<\/h2>\n<\/div><figure class=\"wp-block-media-text__media\" style=\"background-image:url('https:\/\/hoyre.no\/content\/uploads\/sites\/83\/2023\/08\/Yngve-sitter-pa-huk-ved-veikryss-1024x683.jpg');background-position:50% 50%\"><img loading=\"lazy\" decoding=\"async\" width=\"1024\" height=\"683\" src=\"https:\/\/hoyre.no\/content\/uploads\/sites\/83\/2023\/08\/Yngve-sitter-pa-huk-ved-veikryss-1024x683.jpg\" alt=\"\" class=\"wp-image-1051 size-full\" srcset=\"https:\/\/hoyre.no\/content\/uploads\/sites\/83\/2023\/08\/Yngve-sitter-pa-huk-ved-veikryss-1024x683.jpg 1024w, https:\/\/hoyre.no\/content\/uploads\/sites\/83\/2023\/08\/Yngve-sitter-pa-huk-ved-veikryss-300x200.jpg 300w, https:\/\/hoyre.no\/content\/uploads\/sites\/83\/2023\/08\/Yngve-sitter-pa-huk-ved-veikryss-768x512.jpg 768w, https:\/\/hoyre.no\/content\/uploads\/sites\/83\/2023\/08\/Yngve-sitter-pa-huk-ved-veikryss-1536x1024.jpg 1536w, https:\/\/hoyre.no\/content\/uploads\/sites\/83\/2023\/08\/Yngve-sitter-pa-huk-ved-veikryss-2048x1365.jpg 2048w\" sizes=\"auto, (max-width: 1024px) 100vw, 1024px\" \/><\/figure><\/div>\n\n\n\n<div class=\"wp-block-media-text is-stacked-on-mobile is-image-fill alignwide\" style=\"grid-template-columns:49% auto\"><figure class=\"wp-block-media-text__media\" style=\"background-image:url('https:\/\/hoyre.no\/content\/uploads\/sites\/83\/2022\/07\/Elverumsdager-166-1024x685.jpg');background-position:50% 50%\"><img loading=\"lazy\" decoding=\"async\" width=\"1024\" height=\"685\" src=\"https:\/\/hoyre.no\/content\/uploads\/sites\/83\/2022\/07\/Elverumsdager-166-1024x685.jpg\" alt=\"\" class=\"wp-image-424 size-full\" srcset=\"https:\/\/hoyre.no\/content\/uploads\/sites\/83\/2022\/07\/Elverumsdager-166-1024x685.jpg 1024w, https:\/\/hoyre.no\/content\/uploads\/sites\/83\/2022\/07\/Elverumsdager-166-300x201.jpg 300w, https:\/\/hoyre.no\/content\/uploads\/sites\/83\/2022\/07\/Elverumsdager-166-768x514.jpg 768w, https:\/\/hoyre.no\/content\/uploads\/sites\/83\/2022\/07\/Elverumsdager-166-1536x1028.jpg 1536w, https:\/\/hoyre.no\/content\/uploads\/sites\/83\/2022\/07\/Elverumsdager-166-2048x1371.jpg 2048w\" sizes=\"auto, (max-width: 1024px) 100vw, 1024px\" \/><\/figure><div class=\"wp-block-media-text__content\">\n<h2 class=\"wp-block-heading\">6. Elverum skal v\u00e6re en  aktiv kultur- og idrettsby.<\/h2>\n<\/div><\/div>\n","protected":false},"excerpt":{"rendered":"<p>1. Elverum skal v\u00e6re en attraktiv kommune som flere \u00f8nsker \u00e5 bo i og bes\u00f8ke. 2. Elverum skal v\u00e6re Innlandets beste kommune \u00e5 vokse opp i. . 3. Elverum skal ha en omsorgstjeneste som gj\u00f8r at du gleder deg til \u00e5 bli eldre. 4. Elverum skal v\u00e6re en milj\u00f8smart by for fremtiden. 5. Elverum skal [&hellip;]<\/p>\n","protected":false},"author":31684,"featured_media":0,"parent":0,"menu_order":0,"comment_status":"closed","ping_status":"closed","template":"","meta":{"teft_cards_image_url":"","teft_cards_custom_pretitle":"","teft_cards_image_id":0,"teft_cards_image_focal_point_x":0,"teft_cards_image_focal_point_y":0,"teft_cards_title":"","teft_cards_excerpt":"","teft_show_chapters":false,"footnotes":""},"class_list":["post-672","page","type-page","status-publish","hentry"],"yoast_head":"<!-- This site is optimized with the Yoast SEO plugin v26.6 - https:\/\/yoast.com\/wordpress\/plugins\/seo\/ -->\n<title>6 grunner til \u00e5 stemme Elverum H\u00f8yre - Elverum H\u00f8yre<\/title>\n<meta name=\"robots\" content=\"index, follow, max-snippet:-1, max-image-preview:large, max-video-preview:-1\" \/>\n<link rel=\"canonical\" href=\"https:\/\/hoyre.no\/elverum\/6-grunner-til-a-stemme-elverum-hoyre\/\" \/>\n<meta property=\"og:locale\" content=\"nb_NO\" \/>\n<meta property=\"og:type\" content=\"article\" \/>\n<meta property=\"og:title\" content=\"6 grunner til \u00e5 stemme Elverum H\u00f8yre - Elverum H\u00f8yre\" \/>\n<meta property=\"og:description\" content=\"1. Elverum skal v\u00e6re en attraktiv kommune som flere \u00f8nsker \u00e5 bo i og bes\u00f8ke. 2. Elverum skal v\u00e6re Innlandets beste kommune \u00e5 vokse opp i. . 3. Elverum skal ha en omsorgstjeneste som gj\u00f8r at du gleder deg til \u00e5 bli eldre. 4. Elverum skal v\u00e6re en milj\u00f8smart by for fremtiden. 5. Elverum skal [&hellip;]\" \/>\n<meta property=\"og:url\" content=\"https:\/\/hoyre.no\/elverum\/6-grunner-til-a-stemme-elverum-hoyre\/\" \/>\n<meta property=\"og:site_name\" content=\"Elverum H\u00f8yre\" \/>\n<meta property=\"article:modified_time\" content=\"2025-08-01T08:22:22+00:00\" \/>\n<meta property=\"og:image\" content=\"https:\/\/hoyre.no\/content\/uploads\/sites\/83\/2023\/05\/Radhuset-1024x680.jpg\" \/>\n<meta name=\"twitter:card\" content=\"summary_large_image\" \/>\n<meta name=\"twitter:label1\" content=\"Ansl. lesetid\" \/>\n\t<meta name=\"twitter:data1\" content=\"2 minutter\" \/>\n<script type=\"application\/ld+json\" class=\"yoast-schema-graph\">{\"@context\":\"https:\/\/schema.org\",\"@graph\":[{\"@type\":\"WebPage\",\"@id\":\"https:\/\/hoyre.no\/elverum\/6-grunner-til-a-stemme-elverum-hoyre\/\",\"url\":\"https:\/\/hoyre.no\/elverum\/6-grunner-til-a-stemme-elverum-hoyre\/\",\"name\":\"6 grunner til \u00e5 stemme Elverum H\u00f8yre - Elverum H\u00f8yre\",\"isPartOf\":{\"@id\":\"https:\/\/hoyre.no\/elverum\/#website\"},\"image\":{\"@id\":\"https:\/\/hoyre.no\/elverum\/6-grunner-til-a-stemme-elverum-hoyre\/#primaryimage\"},\"thumbnailUrl\":\"https:\/\/hoyre.no\/content\/uploads\/sites\/83\/2023\/05\/Radhuset-1024x680.jpg\",\"datePublished\":\"2023-05-25T17:22:17+00:00\",\"dateModified\":\"2025-08-01T08:22:22+00:00\",\"breadcrumb\":{\"@id\":\"https:\/\/hoyre.no\/elverum\/6-grunner-til-a-stemme-elverum-hoyre\/#breadcrumb\"},\"inLanguage\":\"nb-NO\",\"potentialAction\":[{\"@type\":\"ReadAction\",\"target\":[\"https:\/\/hoyre.no\/elverum\/6-grunner-til-a-stemme-elverum-hoyre\/\"]}]},{\"@type\":\"ImageObject\",\"inLanguage\":\"nb-NO\",\"@id\":\"https:\/\/hoyre.no\/elverum\/6-grunner-til-a-stemme-elverum-hoyre\/#primaryimage\",\"url\":\"https:\/\/hoyre.no\/content\/uploads\/sites\/83\/2023\/05\/Radhuset-1024x680.jpg\",\"contentUrl\":\"https:\/\/hoyre.no\/content\/uploads\/sites\/83\/2023\/05\/Radhuset-1024x680.jpg\"},{\"@type\":\"BreadcrumbList\",\"@id\":\"https:\/\/hoyre.no\/elverum\/6-grunner-til-a-stemme-elverum-hoyre\/#breadcrumb\",\"itemListElement\":[{\"@type\":\"ListItem\",\"position\":1,\"name\":\"Til hoyre.no\",\"item\":\"https:\/\/hoyre.no\"},{\"@type\":\"ListItem\",\"position\":2,\"name\":\"Hjem\",\"item\":\"https:\/\/hoyre.no\/elverum\/\"},{\"@type\":\"ListItem\",\"position\":3,\"name\":\"6 grunner til \u00e5 stemme Elverum H\u00f8yre\"}]},{\"@type\":\"WebSite\",\"@id\":\"https:\/\/hoyre.no\/elverum\/#website\",\"url\":\"https:\/\/hoyre.no\/elverum\/\",\"name\":\"Elverum H\u00f8yre\",\"description\":\"Bare enda et H\u00f8yres nettsteder-nettsted\",\"inLanguage\":\"nb-NO\"}]}<\/script>\n<!-- \/ Yoast SEO plugin. -->","yoast_head_json":{"title":"6 grunner til \u00e5 stemme Elverum H\u00f8yre - Elverum H\u00f8yre","robots":{"index":"index","follow":"follow","max-snippet":"max-snippet:-1","max-image-preview":"max-image-preview:large","max-video-preview":"max-video-preview:-1"},"canonical":"https:\/\/hoyre.no\/elverum\/6-grunner-til-a-stemme-elverum-hoyre\/","og_locale":"nb_NO","og_type":"article","og_title":"6 grunner til \u00e5 stemme Elverum H\u00f8yre - Elverum H\u00f8yre","og_description":"1. Elverum skal v\u00e6re en attraktiv kommune som flere \u00f8nsker \u00e5 bo i og bes\u00f8ke. 2. Elverum skal v\u00e6re Innlandets beste kommune \u00e5 vokse opp i. . 3. Elverum skal ha en omsorgstjeneste som gj\u00f8r at du gleder deg til \u00e5 bli eldre. 4. Elverum skal v\u00e6re en milj\u00f8smart by for fremtiden. 5. Elverum skal [&hellip;]","og_url":"https:\/\/hoyre.no\/elverum\/6-grunner-til-a-stemme-elverum-hoyre\/","og_site_name":"Elverum H\u00f8yre","article_modified_time":"2025-08-01T08:22:22+00:00","og_image":[{"url":"https:\/\/hoyre.no\/content\/uploads\/sites\/83\/2023\/05\/Radhuset-1024x680.jpg","type":"","width":"","height":""}],"twitter_card":"summary_large_image","twitter_misc":{"Ansl. lesetid":"2 minutter"},"schema":{"@context":"https:\/\/schema.org","@graph":[{"@type":"WebPage","@id":"https:\/\/hoyre.no\/elverum\/6-grunner-til-a-stemme-elverum-hoyre\/","url":"https:\/\/hoyre.no\/elverum\/6-grunner-til-a-stemme-elverum-hoyre\/","name":"6 grunner til \u00e5 stemme Elverum H\u00f8yre - Elverum H\u00f8yre","isPartOf":{"@id":"https:\/\/hoyre.no\/elverum\/#website"},"image":{"@id":"https:\/\/hoyre.no\/elverum\/6-grunner-til-a-stemme-elverum-hoyre\/#primaryimage"},"thumbnailUrl":"https:\/\/hoyre.no\/content\/uploads\/sites\/83\/2023\/05\/Radhuset-1024x680.jpg","datePublished":"2023-05-25T17:22:17+00:00","dateModified":"2025-08-01T08:22:22+00:00","breadcrumb":{"@id":"https:\/\/hoyre.no\/elverum\/6-grunner-til-a-stemme-elverum-hoyre\/#breadcrumb"},"inLanguage":"nb-NO","potentialAction":[{"@type":"ReadAction","target":["https:\/\/hoyre.no\/elverum\/6-grunner-til-a-stemme-elverum-hoyre\/"]}]},{"@type":"ImageObject","inLanguage":"nb-NO","@id":"https:\/\/hoyre.no\/elverum\/6-grunner-til-a-stemme-elverum-hoyre\/#primaryimage","url":"https:\/\/hoyre.no\/content\/uploads\/sites\/83\/2023\/05\/Radhuset-1024x680.jpg","contentUrl":"https:\/\/hoyre.no\/content\/uploads\/sites\/83\/2023\/05\/Radhuset-1024x680.jpg"},{"@type":"BreadcrumbList","@id":"https:\/\/hoyre.no\/elverum\/6-grunner-til-a-stemme-elverum-hoyre\/#breadcrumb","itemListElement":[{"@type":"ListItem","position":1,"name":"Til hoyre.no","item":"https:\/\/hoyre.no"},{"@type":"ListItem","position":2,"name":"Hjem","item":"https:\/\/hoyre.no\/elverum\/"},{"@type":"ListItem","position":3,"name":"6 grunner til \u00e5 stemme Elverum H\u00f8yre"}]},{"@type":"WebSite","@id":"https:\/\/hoyre.no\/elverum\/#website","url":"https:\/\/hoyre.no\/elverum\/","name":"Elverum H\u00f8yre","description":"Bare enda et H\u00f8yres nettsteder-nettsted","inLanguage":"nb-NO"}]}},"distributor_meta":false,"distributor_terms":false,"distributor_media":false,"distributor_original_site_name":"Elverum H\u00f8yre","distributor_original_site_url":"https:\/\/hoyre.no\/elverum","push-errors":false,"_links":{"self":[{"href":"https:\/\/hoyre.no\/elverum\/wp-json\/wp\/v2\/pages\/672","targetHints":{"allow":["GET"]}}],"collection":[{"href":"https:\/\/hoyre.no\/elverum\/wp-json\/wp\/v2\/pages"}],"about":[{"href":"https:\/\/hoyre.no\/elverum\/wp-json\/wp\/v2\/types\/page"}],"author":[{"embeddable":true,"href":"https:\/\/hoyre.no\/elverum\/wp-json\/wp\/v2\/users\/31684"}],"replies":[{"embeddable":true,"href":"https:\/\/hoyre.no\/elverum\/wp-json\/wp\/v2\/comments?post=672"}],"version-history":[{"count":18,"href":"https:\/\/hoyre.no\/elverum\/wp-json\/wp\/v2\/pages\/672\/revisions"}],"predecessor-version":[{"id":2449,"href":"https:\/\/hoyre.no\/elverum\/wp-json\/wp\/v2\/pages\/672\/revisions\/2449"}],"wp:attachment":[{"href":"https:\/\/hoyre.no\/elverum\/wp-json\/wp\/v2\/media?parent=672"}],"curies":[{"name":"wp","href":"https:\/\/api.w.org\/{rel}","templated":true}]}}