{"id":470,"date":"2022-11-01T21:48:18","date_gmt":"2022-11-01T20:48:18","guid":{"rendered":"https:\/\/hoyre.no\/elverum\/?post_type=teft-events&#038;p=470"},"modified":"2022-11-01T21:48:19","modified_gmt":"2022-11-01T20:48:19","slug":"innkalling-til-nominasjonsmote-i-elverum-hoyre","status":"publish","type":"teft-events","link":"https:\/\/hoyre.no\/elverum\/arrangementer\/innkalling-til-nominasjonsmote-i-elverum-hoyre\/","title":{"rendered":"Innkalling til nominasjonsm\u00f8te i Elverum H\u00f8yre"},"content":{"rendered":"\n<div class=\"wp-block-teft-event-top\"><div class=\"event-date-placeholder\"><\/div><p class=\"preamble\">Vi viser til tidligere bekjentgj\u00f8ring og kaller inn til nominasjonsm\u00f8te for \u00e5 nominere resten av Elverum H\u00f8yres kommunestyreliste for perioden 2023 &#8211; 2027. <\/p><figure class=\"hoyre-image-wrapper\"><div class=\"hoyre-image\"><\/div><\/figure>\n<div class=\"event-details-placeholder\"><\/div><\/div>\n\n\n\n\n<h2 class=\"wp-block-heading\">Informasjon<\/h2>\n\n\n\n<p>Til alle medlemmer i Elverum H\u00f8yre Elverum og Senior H\u00f8yre. <\/p>\n\n\n\n<p>Elverum H\u00f8yres nominasjonsm\u00f8te avholdes 15 november, kl. 1900 p\u00e5 Forstmann.<\/p>\n\n\n\n<p>Saker til behandling: 1. Godkjenning av innkalling, saksliste og antall tilstedev\u00e6rende med stemmerett 2. Valg av ordstyrer, referent og tellekorps 3. Nominasjon av Elverum H\u00f8yres kommunestyreliste 4. Fullmakt til styre om \u00e5 kunne supplere listen ved behov 5. Valg av tillitsvalgte for listen (foreningsleder og sekret\u00e6ren i foreningsstyret). Disse har ansvaret for \u00e5 sende listen til valgstyret i kommunen innen fristen, og v\u00e6re kontaktpersoner ovenfor myndighetene.<\/p>\n\n\n\n<p>Vi minner om at det kun er medlemmer som har v\u00e6rt medlem i 1 mnd. og som har betalt sin kontingent ved m\u00f8testart, som har stemmerett p\u00e5 nominasjonsm\u00f8te. I tillegg f\u00f8lger stemmerett medlemmenes bostedsadresse. De som er medlemmer i Senior H\u00f8yre og Unge H\u00f8yre og har betalt kontingenten sin dit og oppfyller de andre kriteriene, har stemmerett.<\/p>\n\n\n\n<p>Vi h\u00e5per riktig mange tar seg tid til \u00e5 komme! Enkel servering!<\/p>\n\n\n\n<p>Vennlig hilsen<\/p>\n\n\n\n<p>Vigdis Osbak Leder Elverum H\u00f8yre<\/p>\n\n\n<div class=\"post-meta wp-block\">\n\t<div class=\"top\">\n\t\t<div class=\"sharing\">\n\t\t\t<a class=\"share-button share-link\" target=\"_blank\"><span class=\"screen-reader-text\">Del link<\/span><\/a>\n\t\t\t<a class=\"share-button share-twitter\" href=\"http:\/\/twitter.com\/share?text=Innkalling til nominasjonsm\u00f8te i Elverum H\u00f8yre&#038;url=https:\/\/hoyre.no\/elverum\/arrangementer\/innkalling-til-nominasjonsmote-i-elverum-hoyre\/&#038;hashtags=Hoyre\"><span class=\"screen-reader-text\">Del p\u00e5 twitter<\/span><\/a>\n\t\t\t<a class=\"share-button share-facebook\" href=\"https:\/\/www.facebook.com\/sharer\/sharer.php?u=https:\/\/hoyre.no\/elverum\/arrangementer\/innkalling-til-nominasjonsmote-i-elverum-hoyre\/\" target=\"_blank\"><span class=\"screen-reader-text\">Del p\u00e5 facebook<\/span><\/a>\n\t\t<\/div>\n\t<\/div>\n<\/div>\n","protected":false},"template":"","meta":{"teft_cards_image_url":"","teft_cards_custom_pretitle":"","teft_cards_image_id":0,"teft_cards_image_focal_point_x":0,"teft_cards_image_focal_point_y":0,"teft_cards_title":"","teft_cards_excerpt":"","teft_show_chapters":false,"event_organizer":[],"event_start_date":"","event_end_date":"","event_registration_url":"","event_registration_deadline":"","event_ticket_cost":"Gratis","event_venue_name":"Elverum H\u00f8yres nominasjonsm\u00f8te avholdes 15 november, kl. 19:00, Forstmann","event_venue_url":"","event_venue_address":"Norsk Skogmuseum, Sol\u00f8rvegen 151, 2407 Elverum  "},"teft-events-category":[],"class_list":["post-470","teft-events","type-teft-events","status-publish","hentry"],"yoast_head":"<!-- This site is optimized with the Yoast SEO plugin v26.6 - https:\/\/yoast.com\/wordpress\/plugins\/seo\/ -->\n<title>Innkalling til nominasjonsm\u00f8te i Elverum H\u00f8yre - Elverum H\u00f8yre<\/title>\n<meta name=\"robots\" content=\"index, follow, max-snippet:-1, max-image-preview:large, max-video-preview:-1\" \/>\n<link rel=\"canonical\" href=\"https:\/\/hoyre.no\/elverum\/arrangementer\/innkalling-til-nominasjonsmote-i-elverum-hoyre\/\" \/>\n<meta property=\"og:locale\" content=\"nb_NO\" \/>\n<meta property=\"og:type\" content=\"article\" \/>\n<meta property=\"og:title\" content=\"Innkalling til nominasjonsm\u00f8te i Elverum H\u00f8yre - Elverum H\u00f8yre\" \/>\n<meta property=\"og:url\" content=\"https:\/\/hoyre.no\/elverum\/arrangementer\/innkalling-til-nominasjonsmote-i-elverum-hoyre\/\" \/>\n<meta property=\"og:site_name\" content=\"Elverum H\u00f8yre\" \/>\n<meta property=\"article:modified_time\" content=\"2022-11-01T20:48:19+00:00\" \/>\n<meta property=\"og:image\" content=\"https:\/\/hoyre.no\/content\/uploads\/sites\/83\/2022\/11\/Hoyres-logo.png\" \/>\n\t<meta property=\"og:image:width\" content=\"1000\" \/>\n\t<meta property=\"og:image:height\" content=\"1000\" \/>\n\t<meta property=\"og:image:type\" content=\"image\/png\" \/>\n<meta name=\"twitter:card\" content=\"summary_large_image\" \/>\n<meta name=\"twitter:label1\" content=\"Ansl. lesetid\" \/>\n\t<meta name=\"twitter:data1\" content=\"2 minutter\" \/>\n<script type=\"application\/ld+json\" class=\"yoast-schema-graph\">{\"@context\":\"https:\/\/schema.org\",\"@graph\":[{\"@type\":\"WebPage\",\"@id\":\"https:\/\/hoyre.no\/elverum\/arrangementer\/innkalling-til-nominasjonsmote-i-elverum-hoyre\/\",\"url\":\"https:\/\/hoyre.no\/elverum\/arrangementer\/innkalling-til-nominasjonsmote-i-elverum-hoyre\/\",\"name\":\"Innkalling til nominasjonsm\u00f8te i Elverum H\u00f8yre - Elverum H\u00f8yre\",\"isPartOf\":{\"@id\":\"https:\/\/hoyre.no\/elverum\/#website\"},\"datePublished\":\"2022-11-01T20:48:18+00:00\",\"dateModified\":\"2022-11-01T20:48:19+00:00\",\"breadcrumb\":{\"@id\":\"https:\/\/hoyre.no\/elverum\/arrangementer\/innkalling-til-nominasjonsmote-i-elverum-hoyre\/#breadcrumb\"},\"inLanguage\":\"nb-NO\",\"potentialAction\":[{\"@type\":\"ReadAction\",\"target\":[\"https:\/\/hoyre.no\/elverum\/arrangementer\/innkalling-til-nominasjonsmote-i-elverum-hoyre\/\"]}]},{\"@type\":\"BreadcrumbList\",\"@id\":\"https:\/\/hoyre.no\/elverum\/arrangementer\/innkalling-til-nominasjonsmote-i-elverum-hoyre\/#breadcrumb\",\"itemListElement\":[{\"@type\":\"ListItem\",\"position\":1,\"name\":\"Til hoyre.no\",\"item\":\"https:\/\/hoyre.no\"},{\"@type\":\"ListItem\",\"position\":2,\"name\":\"Hjem\",\"item\":\"https:\/\/hoyre.no\/elverum\/\"},{\"@type\":\"ListItem\",\"position\":3,\"name\":\"Arrangement\",\"item\":\"https:\/\/hoyre.no\/elverum\/arrangementer\/\"},{\"@type\":\"ListItem\",\"position\":4,\"name\":\"Innkalling til nominasjonsm\u00f8te i Elverum H\u00f8yre\"}]},{\"@type\":\"WebSite\",\"@id\":\"https:\/\/hoyre.no\/elverum\/#website\",\"url\":\"https:\/\/hoyre.no\/elverum\/\",\"name\":\"Elverum H\u00f8yre\",\"description\":\"Bare enda et H\u00f8yres nettsteder-nettsted\",\"inLanguage\":\"nb-NO\"}]}<\/script>\n<!-- \/ Yoast SEO plugin. -->","yoast_head_json":{"title":"Innkalling til nominasjonsm\u00f8te i Elverum H\u00f8yre - Elverum H\u00f8yre","robots":{"index":"index","follow":"follow","max-snippet":"max-snippet:-1","max-image-preview":"max-image-preview:large","max-video-preview":"max-video-preview:-1"},"canonical":"https:\/\/hoyre.no\/elverum\/arrangementer\/innkalling-til-nominasjonsmote-i-elverum-hoyre\/","og_locale":"nb_NO","og_type":"article","og_title":"Innkalling til nominasjonsm\u00f8te i Elverum H\u00f8yre - Elverum H\u00f8yre","og_url":"https:\/\/hoyre.no\/elverum\/arrangementer\/innkalling-til-nominasjonsmote-i-elverum-hoyre\/","og_site_name":"Elverum H\u00f8yre","article_modified_time":"2022-11-01T20:48:19+00:00","og_image":[{"width":1000,"height":1000,"url":"https:\/\/hoyre.no\/content\/uploads\/sites\/83\/2022\/11\/Hoyres-logo.png","type":"image\/png"}],"twitter_card":"summary_large_image","twitter_misc":{"Ansl. lesetid":"2 minutter"},"schema":{"@context":"https:\/\/schema.org","@graph":[{"@type":"WebPage","@id":"https:\/\/hoyre.no\/elverum\/arrangementer\/innkalling-til-nominasjonsmote-i-elverum-hoyre\/","url":"https:\/\/hoyre.no\/elverum\/arrangementer\/innkalling-til-nominasjonsmote-i-elverum-hoyre\/","name":"Innkalling til nominasjonsm\u00f8te i Elverum H\u00f8yre - Elverum H\u00f8yre","isPartOf":{"@id":"https:\/\/hoyre.no\/elverum\/#website"},"datePublished":"2022-11-01T20:48:18+00:00","dateModified":"2022-11-01T20:48:19+00:00","breadcrumb":{"@id":"https:\/\/hoyre.no\/elverum\/arrangementer\/innkalling-til-nominasjonsmote-i-elverum-hoyre\/#breadcrumb"},"inLanguage":"nb-NO","potentialAction":[{"@type":"ReadAction","target":["https:\/\/hoyre.no\/elverum\/arrangementer\/innkalling-til-nominasjonsmote-i-elverum-hoyre\/"]}]},{"@type":"BreadcrumbList","@id":"https:\/\/hoyre.no\/elverum\/arrangementer\/innkalling-til-nominasjonsmote-i-elverum-hoyre\/#breadcrumb","itemListElement":[{"@type":"ListItem","position":1,"name":"Til hoyre.no","item":"https:\/\/hoyre.no"},{"@type":"ListItem","position":2,"name":"Hjem","item":"https:\/\/hoyre.no\/elverum\/"},{"@type":"ListItem","position":3,"name":"Arrangement","item":"https:\/\/hoyre.no\/elverum\/arrangementer\/"},{"@type":"ListItem","position":4,"name":"Innkalling til nominasjonsm\u00f8te i Elverum H\u00f8yre"}]},{"@type":"WebSite","@id":"https:\/\/hoyre.no\/elverum\/#website","url":"https:\/\/hoyre.no\/elverum\/","name":"Elverum H\u00f8yre","description":"Bare enda et H\u00f8yres nettsteder-nettsted","inLanguage":"nb-NO"}]}},"distributor_meta":false,"distributor_terms":false,"distributor_media":false,"distributor_original_site_name":"Elverum H\u00f8yre","distributor_original_site_url":"https:\/\/hoyre.no\/elverum","push-errors":false,"_links":{"self":[{"href":"https:\/\/hoyre.no\/elverum\/wp-json\/wp\/v2\/teft-events\/470","targetHints":{"allow":["GET"]}}],"collection":[{"href":"https:\/\/hoyre.no\/elverum\/wp-json\/wp\/v2\/teft-events"}],"about":[{"href":"https:\/\/hoyre.no\/elverum\/wp-json\/wp\/v2\/types\/teft-events"}],"wp:attachment":[{"href":"https:\/\/hoyre.no\/elverum\/wp-json\/wp\/v2\/media?parent=470"}],"wp:term":[{"taxonomy":"teft-events-category","embeddable":true,"href":"https:\/\/hoyre.no\/elverum\/wp-json\/wp\/v2\/teft-events-category?post=470"}],"curies":[{"name":"wp","href":"https:\/\/api.w.org\/{rel}","templated":true}]}}