{"id":169,"date":"2023-08-09T18:57:07","date_gmt":"2023-08-09T16:57:07","guid":{"rendered":"https:\/\/hoyre.no\/etne\/?page_id=169"},"modified":"2023-08-14T16:07:03","modified_gmt":"2023-08-14T14:07:03","slug":"valprogram-2023-2027","status":"publish","type":"page","link":"https:\/\/hoyre.no\/etne\/valprogram-2023-2027\/","title":{"rendered":"Valprogram 2023-2027"},"content":{"rendered":"\n<div class=\"wp-block-hoyre-hero with-image-gradient text-color-light  has-media alignfull has-background\"><div class=\"hoyre-hero has-image\"><h1 class=\"title\">Valprogram<br>2023-2027<\/h1><p class=\"preamble\">Sj\u00e5 kva me g\u00e5r til val p\u00e5 i Etne i komande periode!<\/p>\t\t\t<div class=\"post-meta wp-block teft-byline-wrapper\">\n\t\t\t\t<div class=\"top\">\n\t\t\t\t\t<div class=\"signature\">\n\t\t\t\t\t\t<div class=\"teft-byline\">\n\t\t\t\t\t\t\t\t\t\t\t\t\t\t<div>\n\t\t\t\t\t\t\t\t<h3>H\u00f8yres redaksjon<\/h3>\t\t\t\t\t\t\t\t\n\t\t\t\t\t\t\t\t\t\t\t\t\t\t\t\t\t<span class=\"date\">Sist oppdatert: 14. august 2023<\/span>\n\t\t\t\t\t\t\t\t\t\t\t\t\t\t\t\t\t\t\t\t\t\t\t\t\t<span class=\"reading-time\" itemprop=\"timeRequired\" content=\"PT9M\"><em>Ca. 9 minutter lesetid<\/em><\/span>\n\t\t\t\t\t\t\t\t\t\t\t\t\t\t\t<\/div>\n\t\t\t\t\t\t<\/div>\n\t\t\t\t\t<\/div>\n\t\t\t\t\t\t<div class=\"sharing\">\n\t\t<a class=\"share-button share-link copy-link\" data-copy=\"https:\/\/hoyre.no\/etne\/valprogram-2023-2027\/\" target=\"_blank\"><span class=\"screen-reader-text\">Del link<\/span><\/a>\n\t\t<a class=\"share-button share-twitter\" href=\"http:\/\/twitter.com\/share?text=Valprogram 2023-2027&#038;url=https:\/\/hoyre.no\/etne\/valprogram-2023-2027\/&#038;hashtags=Hoyre\" target=\"_blank\"><span class=\"screen-reader-text\">Del p\u00e5 twitter<\/span><\/a>\n\t\t<a class=\"share-button share-facebook\" href=\"https:\/\/www.facebook.com\/sharer\/sharer.php?u=https:\/\/hoyre.no\/etne\/valprogram-2023-2027\/\" target=\"_blank\"><span class=\"screen-reader-text\">Del p\u00e5 facebook<\/span><\/a>\n\t<\/div>\n\t\t\t\t\t<\/div>\n\t\t\t<\/div>\n\n\t\t\t<figure class=\"hoyre-image-wrapper\"><div class=\"hoyre-image\"><img loading=\"lazy\" decoding=\"async\" width=\"2048\" height=\"1365\" src=\"https:\/\/hoyre.no\/content\/uploads\/sites\/339\/2023\/07\/Turne-Sunnhordaland-februar-2023-Foto-Agathe-Steen-181.jpg\" class=\"attachment-scaled size-scaled\" alt=\"\" style=\"object-position: 50% 44%\" srcset=\"https:\/\/hoyre.no\/content\/uploads\/sites\/339\/2023\/07\/Turne-Sunnhordaland-februar-2023-Foto-Agathe-Steen-181.jpg 2048w, https:\/\/hoyre.no\/content\/uploads\/sites\/339\/2023\/07\/Turne-Sunnhordaland-februar-2023-Foto-Agathe-Steen-181-300x200.jpg 300w, https:\/\/hoyre.no\/content\/uploads\/sites\/339\/2023\/07\/Turne-Sunnhordaland-februar-2023-Foto-Agathe-Steen-181-1024x683.jpg 1024w, https:\/\/hoyre.no\/content\/uploads\/sites\/339\/2023\/07\/Turne-Sunnhordaland-februar-2023-Foto-Agathe-Steen-181-768x512.jpg 768w, https:\/\/hoyre.no\/content\/uploads\/sites\/339\/2023\/07\/Turne-Sunnhordaland-februar-2023-Foto-Agathe-Steen-181-1536x1024.jpg 1536w\" sizes=\"auto, (max-width: 2048px) 100vw, 2048px\" \/><\/div><\/figure><\/div><\/div>\n\n\n\n\n<h3 class=\"wp-block-heading\">Etne inn i framtida<\/h3>\n\n\n\n<p>Etne ligg i utkanten av eit stort fylke. Likevel er det naudsynt \u00e5 halda fram og vidareutvikla det interkommunale samarbeidet me har i regionen, ogs\u00e5 over fylkesgrensa. Me er ein distriktskommune med dei utfordringar som f\u00f8lgjer med.<\/p>\n\n\n\n<h3 class=\"wp-block-heading\">Her kan du lese heile v\u00e5rt valprogram:<\/h3>\n\n\n\n<div class=\"wp-block-teft-accordion\"><div class=\"teft-accordion__inner\">\n<div class=\"wp-block-teft-item\"><div class=\"teft-item__inner\"><h4 class=\"toggle\">\ud83d\udc99 Folketalsauke i Etne kommune<\/h4><div class=\"teft-item__inner-content entry-content\">\n<figure class=\"wp-block-image size-large\"><img loading=\"lazy\" decoding=\"async\" width=\"1024\" height=\"683\" src=\"https:\/\/hoyre.no\/content\/uploads\/sites\/339\/2023\/07\/VHUT-1024x683.jpeg\" alt=\"\" class=\"wp-image-155\" srcset=\"https:\/\/hoyre.no\/content\/uploads\/sites\/339\/2023\/07\/VHUT-1024x683.jpeg 1024w, https:\/\/hoyre.no\/content\/uploads\/sites\/339\/2023\/07\/VHUT-300x200.jpeg 300w, https:\/\/hoyre.no\/content\/uploads\/sites\/339\/2023\/07\/VHUT-768x512.jpeg 768w, https:\/\/hoyre.no\/content\/uploads\/sites\/339\/2023\/07\/VHUT-1536x1024.jpeg 1536w, https:\/\/hoyre.no\/content\/uploads\/sites\/339\/2023\/07\/VHUT.jpeg 2048w\" sizes=\"auto, (max-width: 1024px) 100vw, 1024px\" \/><figcaption>Ungdomskandidatane til Vestland fylkesting p\u00e5 bes\u00f8k i Etne v\u00e5ren 2023, saman med ordf\u00f8rarkandidat Arild Stenberg og Lars Olav Bergsv\u00e5g fr\u00e5 Etne H\u00f8gre.<\/figcaption><\/figure>\n\n\n\n<p>Dette er hovudsaka for Etne H\u00f8gre i kommunevalet. Vekst i folketalet er eit hovudm\u00e5l som ber i seg alle dei ulike delm\u00e5la som er lista opp i programmet v\u00e5rt.&nbsp;<\/p>\n\n\n\n<p>Skal me f\u00e5 det til, m\u00e5 me ha hovudm\u00e5let i tankane n\u00e5r me skal utforma politikken v\u00e5r i alle sektorane. For \u00e5 f\u00e5 til ein folketalsauke er det for det f\u00f8rste viktig at folk blir buande i kommunen, og me m\u00e5 ha ein politikk som gjer at Etne st\u00e5r fram som ein kommune det er freistande \u00e5 bu og jobba i. D\u00e5 m\u00e5 me ha tiltak som merkest i kvardagen: t.d. eit fleksibelt barnehagetilbod, ein god skule, eit allsidig fritidstilbod, eit rikt kulturliv, osv. Etne kommune er alt gode p\u00e5 desse felta, men me i H\u00f8gre vil vera med p\u00e5 \u00e5 gjera dei betre.&nbsp;<\/p>\n\n\n\n<p>Neste punkt er \u00e5 f\u00e5 folk til \u00e5 flytta til kommunen v\u00e5r. Dei same tiltaka gjeld her, men i tillegg m\u00e5 me ha bustad til dei som vil flytta til kommunen, og arbeidsplassar. Me m\u00e5 ha fleire arbeidsplassar i heile kommunen, b\u00e5de i eksisterande bedrifter og i nyetableringar. Me m\u00e5 s\u00f8rga for at det finst tilgjengelege industriomr\u00e5de, og me vil f\u00f8ra ein politikk som gjer at det blir fristande \u00e5 flytta til kommunen v\u00e5r og etablera seg her. Dette m\u00e5 me ha fullt fokus p\u00e5 i \u00e5ra som kjem!<\/p>\n\n\n\n<p>Det er ikkje nokon ny tanke \u2013 mange har snakka om dette f\u00f8r, men det som har vore av satsing, har vore tilfeldig, og folketalet har g\u00e5tt opp og ned. Det er heilt n\u00f8dvendig \u00e5 f\u00e5 vekst i folketalet, og tilveksten m\u00e5 vera stabil og varig. Fordi profilen viser at det er for mange eldre og gamle i kommunen i forhold til talet p\u00e5 innbyggjarar i yrkesaktiv alder, er det viktig \u00e5 f\u00e5 tilflytting av unge folk.<\/p>\n\n\n\n<p>Den viktigaste m\u00e5lgruppa for denne satsinga er utflytta Etne-ungdom. Dei kjenner kommunen, dei har familie og vener her, og f\u00e5r me dei til \u00e5 koma tilbake, er det stor sjanse for at dei blir her lenge.&nbsp;<\/p>\n\n\n\n<p>I arbeidet for \u00e5 gjera Etne til ein meir attraktiv kommune m\u00e5 me f\u00e5 dei unge i tale, me m\u00e5 invitera dei med i prosessen og ta forslaga deira p\u00e5 alvor. Ingen veit betre korleis dei vil ha det i framtida enn ungdommen!&nbsp;<\/p>\n<\/div><\/div><\/div>\n\n\n\n<div class=\"wp-block-teft-item\"><div class=\"teft-item__inner\"><h4 class=\"toggle\">\ud83d\udc99 Oppvekst, kultur og fritid<\/h4><div class=\"teft-item__inner-content entry-content\">\n<figure class=\"wp-block-image size-large\"><img loading=\"lazy\" decoding=\"async\" width=\"1024\" height=\"683\" src=\"https:\/\/hoyre.no\/content\/uploads\/sites\/339\/2023\/08\/GettyImages-601802299-1024x683.jpg\" alt=\"\" class=\"wp-image-170\" srcset=\"https:\/\/hoyre.no\/content\/uploads\/sites\/339\/2023\/08\/GettyImages-601802299-1024x683.jpg 1024w, https:\/\/hoyre.no\/content\/uploads\/sites\/339\/2023\/08\/GettyImages-601802299-300x200.jpg 300w, https:\/\/hoyre.no\/content\/uploads\/sites\/339\/2023\/08\/GettyImages-601802299-768x512.jpg 768w, https:\/\/hoyre.no\/content\/uploads\/sites\/339\/2023\/08\/GettyImages-601802299-1536x1024.jpg 1536w, https:\/\/hoyre.no\/content\/uploads\/sites\/339\/2023\/08\/GettyImages-601802299-2048x1365.jpg 2048w\" sizes=\"auto, (max-width: 1024px) 100vw, 1024px\" \/><\/figure>\n\n\n\n<p>Dei to skulane v\u00e5re skal vera trygge skular der b\u00e5de elevar og l\u00e6rerar trivst og har det bra. Me vil halda p\u00e5 den skulestrukturen me har i dag.&nbsp;Me vil ogs\u00e5 behalda den n\u00e5verande barnehagestrukturen, med kombinasjonen av offentleg og privat tilbod.&nbsp;<\/p>\n\n\n\n<p>H\u00f8gre vil ha ein kvalitetsskule der elevane f\u00e5r god fagleg og sosial l\u00e6rdom og utviklar evner og lyst til \u00e5 ta utfordringar. H\u00f8gre har h\u00f8ge ambisjonar for kvar enkelt elev. Me treng difor godt kvalifiserte l\u00e6rarar, oppdaterte l\u00e6remiddel og gode undervisningstilh\u00f8ve.&nbsp;<\/p>\n\n\n\n<p>Me skal ha nulltoleranse for mobbing i barnehage og skule. Me skal halda fram som ein kommune der kulturelle aktivitetar er ein naturleg del av b\u00e5de skule og fritid.<\/p>\n\n\n\n<h4 class=\"wp-block-heading\">Etne H\u00f8gre vil arbeida for:<\/h4>\n\n\n\n<ul class=\"wp-block-list\"><li>F\u00e5 psykisk helsearbeidar inn i skulen og helsestasjonen.<\/li><li>Arbeida for \u00e5 gje eit utvida, fleksibelt SFO og barnehagetilbod til alle, slik at foreldra heile \u00e5ret f\u00e5r st\u00f8rre valfridom til \u00e5 velja det omsorgstilbodet som passar best for deira born.&nbsp;<\/li><li>Bevara ungdomsskulen i Sk\u00e5nevik.<\/li><li>Vidaref\u00f8ra tiltak i skulen, som SLT og MOT.<\/li><li>Digitale l\u00e6ringsplattformer m\u00e5 vera tilgjengelege p\u00e5 nynorsk.<\/li><li>Gatelys p\u00e5 popul\u00e6re turvegar i Etne og Sk\u00e5nevik, t.d. Osnesvegen.<\/li><li>Organisert transport mellom Etne og Sk\u00e5nevik n\u00e5r det er arrangement for ungdom.<\/li><li>Det b\u00f8r vera mogleg \u00e5 byggja hus utanfor etablerte bustadfelt.<\/li><\/ul>\n<\/div><\/div><\/div>\n\n\n\n<div class=\"wp-block-teft-item\"><div class=\"teft-item__inner\"><h4 class=\"toggle\">\ud83d\udc99 Helse, omsorg og eldre<\/h4><div class=\"teft-item__inner-content entry-content\">\n<figure class=\"wp-block-image size-large\"><img loading=\"lazy\" decoding=\"async\" width=\"1024\" height=\"683\" src=\"https:\/\/hoyre.no\/content\/uploads\/sites\/339\/2023\/08\/GettyImages-1165371469-1024x683.jpg\" alt=\"\" class=\"wp-image-171\" srcset=\"https:\/\/hoyre.no\/content\/uploads\/sites\/339\/2023\/08\/GettyImages-1165371469-1024x683.jpg 1024w, https:\/\/hoyre.no\/content\/uploads\/sites\/339\/2023\/08\/GettyImages-1165371469-300x200.jpg 300w, https:\/\/hoyre.no\/content\/uploads\/sites\/339\/2023\/08\/GettyImages-1165371469-768x512.jpg 768w, https:\/\/hoyre.no\/content\/uploads\/sites\/339\/2023\/08\/GettyImages-1165371469-1536x1025.jpg 1536w, https:\/\/hoyre.no\/content\/uploads\/sites\/339\/2023\/08\/GettyImages-1165371469-2048x1367.jpg 2048w\" sizes=\"auto, (max-width: 1024px) 100vw, 1024px\" \/><\/figure>\n\n\n\n<p>I alle fasar av livet skal du som innbyggjar oppleva god omsorg. Du skal ha ein fastlege \u00e5 g\u00e5 til, og me vil behalda dei to helsesentra me har.&nbsp;<\/p>\n\n\n\n<p>Det vert stadig fleire eldre i kommunen v\u00e5r. Me vil fortsetja med f\u00f8rebyggande heimebes\u00f8k for eldre,&nbsp;der ein vil informera om kva tilbod kommunen har av tenester og velferdsteknologi, slik at du kan bu trygt i heimen din s\u00e5 lenge som mogleg<em>.<\/em><\/p>\n\n\n\n<p>Me vil arbeida for at det er nok institusjonsplasser til dei som treng det.&nbsp;<\/p>\n\n\n\n<p>Grunnbemanninga&nbsp;i Pleie og omsorg m\u00e5 vera slik at ein kan levera tenester av god kvalitet, dvs ikkje berre kunne dekka dei grunnleggande behova brukaren har.&nbsp;Du skal bli m\u00f8tt av kompetent personale, der tenesta har fokus p\u00e5 fagleg oppdatering.<\/p>\n\n\n\n<p>Rekrutteringsvansker til tenesta medf\u00f8rer&nbsp;at ein m\u00e5 arbeida for at tilsette f\u00e5r stillingsst\u00f8rrelser&nbsp;dei kan leve av, og tilby eit fagleg og spennande arbeidsmilj\u00f8. Ei god grunnbemanning er avgjerande for \u00e5 f\u00e5 ned sjukefr\u00e5v\u00e6ret i sektoren.<\/p>\n\n\n\n<h4 class=\"wp-block-heading\">Etne H\u00f8gre vil arbeida for:<\/h4>\n\n\n\n<ul class=\"wp-block-list\"><li>Arbeida for \u00e5 etablera bufellesskap for eldre.<\/li><li>Fullf\u00f8ra bufellesskap for personar med psykiske utfordringar.<\/li><li>Auka fokus p\u00e5 psykisk helse og rus blant eldre og yngre.<\/li><li>Etablera tilbod om skuletannlegeteneste i Sk\u00e5nevik.&nbsp;<\/li><\/ul>\n<\/div><\/div><\/div>\n\n\n\n<div class=\"wp-block-teft-item\"><div class=\"teft-item__inner\"><h4 class=\"toggle\">\ud83d\udc99 N\u00e6ring<\/h4><div class=\"teft-item__inner-content entry-content\">\n<figure class=\"wp-block-image size-large\"><img loading=\"lazy\" decoding=\"async\" width=\"1024\" height=\"683\" src=\"https:\/\/hoyre.no\/content\/uploads\/sites\/339\/2023\/08\/GettyImages-1057614796-1024x683.jpg\" alt=\"\" class=\"wp-image-173\" srcset=\"https:\/\/hoyre.no\/content\/uploads\/sites\/339\/2023\/08\/GettyImages-1057614796-1024x683.jpg 1024w, https:\/\/hoyre.no\/content\/uploads\/sites\/339\/2023\/08\/GettyImages-1057614796-300x200.jpg 300w, https:\/\/hoyre.no\/content\/uploads\/sites\/339\/2023\/08\/GettyImages-1057614796-768x513.jpg 768w, https:\/\/hoyre.no\/content\/uploads\/sites\/339\/2023\/08\/GettyImages-1057614796-1536x1025.jpg 1536w, https:\/\/hoyre.no\/content\/uploads\/sites\/339\/2023\/08\/GettyImages-1057614796-2048x1367.jpg 2048w\" sizes=\"auto, (max-width: 1024px) 100vw, 1024px\" \/><\/figure>\n\n\n\n<p>Etne skal vera ein n\u00e6ringsvennleg og l\u00f8ysingsorientert kommune som legg til rette for nyskaping og utvikling. Verdiskapinga som skjer i sm\u00e5 og mellomstore verksemder, er avgjerande for det lokale velferdstilbodet i kommunen.&nbsp;<\/p>\n\n\n\n<p>Samarbeid og dialog med n\u00e6ringslivet skal utviklast vidare, s\u00e6rleg n\u00e5r det gjeld inkludering og redusert sjukefr\u00e5v\u00e6r.<\/p>\n\n\n\n<p>Det er viktig \u00e5 ha tilgjengeleg n\u00e6ringsareal i attraktive omr\u00e5de, med god tilgang til kommunikasjon.&nbsp;<\/p>\n\n\n\n<h4 class=\"wp-block-heading\">Etne H\u00f8gre vil arbeida for:<\/h4>\n\n\n\n<ul class=\"wp-block-list\"><li>at alle initiativ blir tatt p\u00e5 alvor, slik at driftige menneske kan f\u00e5 h\u00f8ve til \u00e5 skapa nye arbeidsplassar.<\/li><li>\u00c5 leggja til rette for vekst og utvikling i eksisterande og nye verksemder.<\/li><li>\u00c5 vera ein st\u00f8ttespelar i den lokale n\u00e6ringshagen.&nbsp;<\/li><li>\u00c5 f\u00e5 ned eigedomsskatten.<\/li><li>\u00c5 etablera eit st\u00f8rre n\u00e6ringsomr\u00e5de p\u00e5 Fikse.<\/li><\/ul>\n<\/div><\/div><\/div>\n\n\n\n<div class=\"wp-block-teft-item\"><div class=\"teft-item__inner\"><h4 class=\"toggle\">\ud83d\udc99 Landbruk<\/h4><div class=\"teft-item__inner-content entry-content\">\n<p>Etne er ein viktig landbrukskommune. Me skal jobba tett med b\u00f8ndene og deira lag og organisasjonar, for \u00e5 f\u00e5 til nytenking og vidareutvikling av eit aktivt landbruk i heile kommunen. Kommunen skal vera ein god st\u00f8ttespelar for \u00e5 f\u00e5 til investering i landbruket.&nbsp;<\/p>\n\n\n\n<p>Me vil arbeida for \u00e5 oppretthalda det tradisjonelle kulturlandskapet som er unikt for vestlandsbygdene.<\/p>\n\n\n\n<figure class=\"wp-block-image size-large\"><img loading=\"lazy\" decoding=\"async\" width=\"1024\" height=\"683\" src=\"https:\/\/hoyre.no\/content\/uploads\/sites\/339\/2023\/08\/GettyImages-1074061838-1024x683.jpg\" alt=\"\" class=\"wp-image-175\" srcset=\"https:\/\/hoyre.no\/content\/uploads\/sites\/339\/2023\/08\/GettyImages-1074061838-1024x683.jpg 1024w, https:\/\/hoyre.no\/content\/uploads\/sites\/339\/2023\/08\/GettyImages-1074061838-300x200.jpg 300w, https:\/\/hoyre.no\/content\/uploads\/sites\/339\/2023\/08\/GettyImages-1074061838-768x512.jpg 768w, https:\/\/hoyre.no\/content\/uploads\/sites\/339\/2023\/08\/GettyImages-1074061838-1536x1024.jpg 1536w, https:\/\/hoyre.no\/content\/uploads\/sites\/339\/2023\/08\/GettyImages-1074061838-2048x1365.jpg 2048w\" sizes=\"auto, (max-width: 1024px) 100vw, 1024px\" \/><\/figure>\n<\/div><\/div><\/div>\n\n\n\n<div class=\"wp-block-teft-item\"><div class=\"teft-item__inner\"><h4 class=\"toggle\">\ud83d\udc99 Samferdsle<\/h4><div class=\"teft-item__inner-content entry-content\">\n<p>Det er ein samanheng mellom gode kommunikasjonar og n\u00e6ringslivet sine evner til verdiskaping. Gode og trygge vegar er ogs\u00e5 viktig for at folk skal \u00f8nskja \u00e5 busetja seg i kommunen.&nbsp;Me m\u00e5 \u00f2g sikra eit godt offentleg kommunikasjonstilbod.<\/p>\n\n\n\n<p>E134 har stor trong for utbetring. H\u00f8gre vil arbeida for \u00e5 f\u00e5 ei snarleg realisering av tras\u00e9en Bakka \u2013 Solheim. Arm til Bergen vil styrka trafikkgrunnlaget p\u00e5 E134 over Haukeli, der det er viktig med vintersikker veg.&nbsp;<\/p>\n\n\n\n<p>Vedlikehald av kommunale vegar kan bli meir \u00f8konomisk forsvarleg med konkurranseutsetjing. For at kollektivtransport skal opplevast som eit reelt alternativ, m\u00e5 det finnast eit godt tilbod. Det gjeld b\u00e5de buss og b\u00e5t.<\/p>\n\n\n\n<h4 class=\"wp-block-heading\">Etne H\u00f8gre vil arbeida for:<\/h4>\n\n\n\n<ul class=\"wp-block-list\"><li>R\u00f8ldalstunnelen m\u00e5 realiserast snarast.<\/li><li>Hordfast er sv\u00e6rt viktig for regionen v\u00e5r.<\/li><li>Av fylkesvegar har Fv 48 mellom Sk\u00e5nevik og H\u00e5land f\u00f8rsteprioritet.<\/li><li>H\u00f8gre er positive til veg fr\u00e5 Frette til Sauda.<\/li><li>Arbeida for \u00e5 f\u00e5 eit kollektivt arbeidsreisetilbod mot Haugalandet.<\/li><li>Sikra tenlege b\u00e5truter til og fr\u00e5 Sk\u00e5nevik.<\/li><\/ul>\n<\/div><\/div><\/div>\n\n\n\n<div class=\"wp-block-teft-item\"><div class=\"teft-item__inner\"><h4 class=\"toggle\">\ud83d\udc99 Reiseliv<\/h4><div class=\"teft-item__inner-content entry-content\">\n<figure class=\"wp-block-image size-full is-resized\"><img loading=\"lazy\" decoding=\"async\" src=\"https:\/\/hoyre.no\/content\/uploads\/sites\/339\/2023\/06\/IMG_1493.png\" alt=\"\" class=\"wp-image-122\" width=\"508\" height=\"381\" srcset=\"https:\/\/hoyre.no\/content\/uploads\/sites\/339\/2023\/06\/IMG_1493.png 320w, https:\/\/hoyre.no\/content\/uploads\/sites\/339\/2023\/06\/IMG_1493-300x225.png 300w\" sizes=\"auto, (max-width: 508px) 100vw, 508px\" \/><\/figure>\n\n\n\n<p>Me vil bidra til \u00e5 vidareutvikla Etne som reiselivskommune. Me har store attraksjonar i kommunen og i nabokommunar. Dermed har me eit stort potensiale som kan utnyttast betre.&nbsp;<\/p>\n\n\n\n<p>Etne, med \u00c5krafjorden og Langfoss som fyrt\u00e5rn, skal vera utgangspunktet for fortsatt satsing p\u00e5 destinasjonsutvikling, med akt\u00f8rar p\u00e5 topp internasjonalt niv\u00e5.&nbsp;<\/p>\n\n\n\n<p>Berekraft skal vera ein raud tr\u00e5d, og produkt av h\u00f8g internasjonal kvalitet skal knyttast til denne utviklinga.<\/p>\n\n\n\n<h4 class=\"wp-block-heading\">Etne H\u00f8gre vil arbeida for:<\/h4>\n\n\n\n<ul class=\"wp-block-list\"><li>Etablering av offentleg t\u00f8mmestasjon for bubilar.<\/li><li>Jobba for nullutsleppsturisme i \u00c5krafjorden.<\/li><li>Me vil arbeida for \u00e5 f\u00e5 oppretta ladestasjon i Sk\u00e5nevik.&nbsp;<\/li><\/ul>\n<\/div><\/div><\/div>\n\n\n\n<div class=\"wp-block-teft-item\"><div class=\"teft-item__inner\"><h4 class=\"toggle\">\ud83d\udc99 Klima og energi<\/h4><div class=\"teft-item__inner-content entry-content\">\n<p>Klimaet er i endring. Gode tiltak handlar om berekraftig matproduksjon, noko som er meir aktuelt enn nokon gong, med den ustabile situasjonen i store matproduserande land i Europa. Etne m\u00e5 ta m\u00e5l av seg til \u00e5 bli ein klimaklok kommune som finn gode l\u00f8ysingar som bidreg til utsleppsreduksjon og samstundes kan spara oss for ekstra utgifter.&nbsp;<\/p>\n\n\n\n<p>\u00c5 leggja til rette for produksjon av gr\u00f8n og fornybar energi er viktig, men vindm\u00f8lleparkar vil me seia nei til.&nbsp;&nbsp;<\/p>\n\n\n\n<p>Me vil stilla oss positive til b\u00e5de utviding av eksisterande kraftverk og til framtidig sk\u00e5nsam utbygging av vasskraft. Etne har ein unik natur fr\u00e5 fjord til h\u00f8gfjell. Dette mangfaldet er viktig \u00e5 ta vare p\u00e5, b\u00e5de no og i framtida.&nbsp;<\/p>\n\n\n\n<figure class=\"wp-block-image size-large\"><img loading=\"lazy\" decoding=\"async\" width=\"1024\" height=\"683\" src=\"https:\/\/hoyre.no\/content\/uploads\/sites\/339\/2023\/08\/GettyImages-1192691267-1024x683.jpg\" alt=\"\" class=\"wp-image-176\" srcset=\"https:\/\/hoyre.no\/content\/uploads\/sites\/339\/2023\/08\/GettyImages-1192691267-1024x683.jpg 1024w, https:\/\/hoyre.no\/content\/uploads\/sites\/339\/2023\/08\/GettyImages-1192691267-300x200.jpg 300w, https:\/\/hoyre.no\/content\/uploads\/sites\/339\/2023\/08\/GettyImages-1192691267-768x512.jpg 768w, https:\/\/hoyre.no\/content\/uploads\/sites\/339\/2023\/08\/GettyImages-1192691267-1536x1024.jpg 1536w, https:\/\/hoyre.no\/content\/uploads\/sites\/339\/2023\/08\/GettyImages-1192691267-2048x1365.jpg 2048w\" sizes=\"auto, (max-width: 1024px) 100vw, 1024px\" \/><\/figure>\n<\/div><\/div><\/div>\n<\/div><\/div>\n\n\n\n\n<div class=\"wp-block-hoyre-banner alignwide undefined  is-style-blue\"><div class=\"banner-inner\"><figure class=\"hoyre-image-wrapper\"><div class=\"hoyre-image\"><img loading=\"lazy\" decoding=\"async\" width=\"724\" height=\"1086\" src=\"https:\/\/hoyre.no\/content\/uploads\/sites\/339\/2023\/05\/X9cN54huTSSeMAcFU24Nlg_thumb_4b4.jpg\" class=\"attachment-scaled size-scaled\" alt=\"en smilende kar\" style=\"object-position: 63% 59%\" srcset=\"https:\/\/hoyre.no\/content\/uploads\/sites\/339\/2023\/05\/X9cN54huTSSeMAcFU24Nlg_thumb_4b4.jpg 724w, https:\/\/hoyre.no\/content\/uploads\/sites\/339\/2023\/05\/X9cN54huTSSeMAcFU24Nlg_thumb_4b4-200x300.jpg 200w, https:\/\/hoyre.no\/content\/uploads\/sites\/339\/2023\/05\/X9cN54huTSSeMAcFU24Nlg_thumb_4b4-683x1024.jpg 683w\" sizes=\"auto, (max-width: 724px) 100vw, 724px\" \/><\/div><\/figure><div class=\"banner-content\"><div class=\"entry-content\">\n<h2 class=\"wp-block-heading\">Arild Stenberg er v\u00e5r ordf\u00f8rarkandidat<\/h2>\n\n\n\n<p>Bli betre kjend med han her \ud83d\udc47<\/p>\n\n\n\n<div class=\"wp-block-buttons is-layout-flex wp-block-buttons-is-layout-flex\">\n<div class=\"wp-block-button\"><a class=\"wp-block-button__link\" href=\"https:\/\/hoyre.no\/etne\/arild-stenberg-var-ordforarkandidat\/\">les meir<\/a><\/div>\n<\/div>\n<\/div><\/div><\/div><\/div>\n","protected":false},"excerpt":{"rendered":"","protected":false},"author":29319,"featured_media":0,"parent":0,"menu_order":0,"comment_status":"closed","ping_status":"closed","template":"","meta":{"teft_cards_image_url":"","teft_cards_custom_pretitle":"","teft_cards_image_id":0,"teft_cards_image_focal_point_x":0,"teft_cards_image_focal_point_y":0,"teft_cards_title":"","teft_cards_excerpt":"","teft_show_chapters":false,"footnotes":""},"class_list":["post-169","page","type-page","status-publish","hentry"],"yoast_head":"<!-- This site is optimized with the Yoast SEO Premium plugin v26.5 (Yoast SEO v26.6) - https:\/\/yoast.com\/wordpress\/plugins\/seo\/ -->\n<title>Valprogram 2023-2027 - Etne H\u00f8gre<\/title>\n<meta name=\"robots\" content=\"index, follow, max-snippet:-1, max-image-preview:large, max-video-preview:-1\" \/>\n<link rel=\"canonical\" href=\"https:\/\/hoyre.no\/etne\/valprogram-2023-2027\/\" \/>\n<meta property=\"og:locale\" content=\"nn_NO\" \/>\n<meta property=\"og:type\" content=\"article\" \/>\n<meta property=\"og:title\" content=\"Valprogram 2023-2027\" \/>\n<meta property=\"og:url\" content=\"https:\/\/hoyre.no\/etne\/valprogram-2023-2027\/\" \/>\n<meta property=\"og:site_name\" content=\"Etne H\u00f8gre\" \/>\n<meta property=\"article:modified_time\" content=\"2023-08-14T14:07:03+00:00\" \/>\n<meta property=\"og:image\" content=\"https:\/\/hoyre.no\/content\/uploads\/sites\/339\/2023\/07\/VHUT-1024x683.jpeg\" \/>\n<meta name=\"twitter:card\" content=\"summary_large_image\" \/>\n<meta name=\"twitter:label1\" content=\"Est. reading time\" \/>\n\t<meta name=\"twitter:data1\" content=\"10 minutt\" \/>\n<script type=\"application\/ld+json\" class=\"yoast-schema-graph\">{\"@context\":\"https:\/\/schema.org\",\"@graph\":[{\"@type\":\"WebPage\",\"@id\":\"https:\/\/hoyre.no\/etne\/valprogram-2023-2027\/\",\"url\":\"https:\/\/hoyre.no\/etne\/valprogram-2023-2027\/\",\"name\":\"Valprogram 2023-2027 - Etne H\u00f8gre\",\"isPartOf\":{\"@id\":\"https:\/\/hoyre.no\/etne\/#website\"},\"image\":{\"@id\":\"https:\/\/hoyre.no\/etne\/valprogram-2023-2027\/#primaryimage\"},\"thumbnailUrl\":\"https:\/\/hoyre.no\/content\/uploads\/sites\/339\/2023\/07\/VHUT-1024x683.jpeg\",\"datePublished\":\"2023-08-09T16:57:07+00:00\",\"dateModified\":\"2023-08-14T14:07:03+00:00\",\"breadcrumb\":{\"@id\":\"https:\/\/hoyre.no\/etne\/valprogram-2023-2027\/#breadcrumb\"},\"inLanguage\":\"nn-NO\",\"potentialAction\":[{\"@type\":\"ReadAction\",\"target\":[\"https:\/\/hoyre.no\/etne\/valprogram-2023-2027\/\"]}]},{\"@type\":\"ImageObject\",\"inLanguage\":\"nn-NO\",\"@id\":\"https:\/\/hoyre.no\/etne\/valprogram-2023-2027\/#primaryimage\",\"url\":\"https:\/\/hoyre.no\/content\/uploads\/sites\/339\/2023\/07\/VHUT-1024x683.jpeg\",\"contentUrl\":\"https:\/\/hoyre.no\/content\/uploads\/sites\/339\/2023\/07\/VHUT-1024x683.jpeg\"},{\"@type\":\"BreadcrumbList\",\"@id\":\"https:\/\/hoyre.no\/etne\/valprogram-2023-2027\/#breadcrumb\",\"itemListElement\":[{\"@type\":\"ListItem\",\"position\":1,\"name\":\"Til hoyre.no\",\"item\":\"https:\/\/hoyre.no\"},{\"@type\":\"ListItem\",\"position\":2,\"name\":\"Hjem\",\"item\":\"https:\/\/hoyre.no\/etne\/\"},{\"@type\":\"ListItem\",\"position\":3,\"name\":\"Valprogram 2023-2027\"}]},{\"@type\":\"WebSite\",\"@id\":\"https:\/\/hoyre.no\/etne\/#website\",\"url\":\"https:\/\/hoyre.no\/etne\/\",\"name\":\"Etne H\u00f8gre\",\"description\":\"Bare enda et H\u00f8yres nettsteder-nettsted\",\"inLanguage\":\"nn-NO\"}]}<\/script>\n<!-- \/ Yoast SEO Premium plugin. -->","yoast_head_json":{"title":"Valprogram 2023-2027 - Etne H\u00f8gre","robots":{"index":"index","follow":"follow","max-snippet":"max-snippet:-1","max-image-preview":"max-image-preview:large","max-video-preview":"max-video-preview:-1"},"canonical":"https:\/\/hoyre.no\/etne\/valprogram-2023-2027\/","og_locale":"nn_NO","og_type":"article","og_title":"Valprogram 2023-2027","og_url":"https:\/\/hoyre.no\/etne\/valprogram-2023-2027\/","og_site_name":"Etne H\u00f8gre","article_modified_time":"2023-08-14T14:07:03+00:00","og_image":[{"url":"https:\/\/hoyre.no\/content\/uploads\/sites\/339\/2023\/07\/VHUT-1024x683.jpeg","type":"","width":"","height":""}],"twitter_card":"summary_large_image","twitter_misc":{"Est. reading time":"10 minutt"},"schema":{"@context":"https:\/\/schema.org","@graph":[{"@type":"WebPage","@id":"https:\/\/hoyre.no\/etne\/valprogram-2023-2027\/","url":"https:\/\/hoyre.no\/etne\/valprogram-2023-2027\/","name":"Valprogram 2023-2027 - Etne H\u00f8gre","isPartOf":{"@id":"https:\/\/hoyre.no\/etne\/#website"},"image":{"@id":"https:\/\/hoyre.no\/etne\/valprogram-2023-2027\/#primaryimage"},"thumbnailUrl":"https:\/\/hoyre.no\/content\/uploads\/sites\/339\/2023\/07\/VHUT-1024x683.jpeg","datePublished":"2023-08-09T16:57:07+00:00","dateModified":"2023-08-14T14:07:03+00:00","breadcrumb":{"@id":"https:\/\/hoyre.no\/etne\/valprogram-2023-2027\/#breadcrumb"},"inLanguage":"nn-NO","potentialAction":[{"@type":"ReadAction","target":["https:\/\/hoyre.no\/etne\/valprogram-2023-2027\/"]}]},{"@type":"ImageObject","inLanguage":"nn-NO","@id":"https:\/\/hoyre.no\/etne\/valprogram-2023-2027\/#primaryimage","url":"https:\/\/hoyre.no\/content\/uploads\/sites\/339\/2023\/07\/VHUT-1024x683.jpeg","contentUrl":"https:\/\/hoyre.no\/content\/uploads\/sites\/339\/2023\/07\/VHUT-1024x683.jpeg"},{"@type":"BreadcrumbList","@id":"https:\/\/hoyre.no\/etne\/valprogram-2023-2027\/#breadcrumb","itemListElement":[{"@type":"ListItem","position":1,"name":"Til hoyre.no","item":"https:\/\/hoyre.no"},{"@type":"ListItem","position":2,"name":"Hjem","item":"https:\/\/hoyre.no\/etne\/"},{"@type":"ListItem","position":3,"name":"Valprogram 2023-2027"}]},{"@type":"WebSite","@id":"https:\/\/hoyre.no\/etne\/#website","url":"https:\/\/hoyre.no\/etne\/","name":"Etne H\u00f8gre","description":"Bare enda et H\u00f8yres nettsteder-nettsted","inLanguage":"nn-NO"}]}},"distributor_meta":false,"distributor_terms":false,"distributor_media":false,"distributor_original_site_name":"Etne H\u00f8gre","distributor_original_site_url":"https:\/\/hoyre.no\/etne","push-errors":false,"_links":{"self":[{"href":"https:\/\/hoyre.no\/etne\/wp-json\/wp\/v2\/pages\/169","targetHints":{"allow":["GET"]}}],"collection":[{"href":"https:\/\/hoyre.no\/etne\/wp-json\/wp\/v2\/pages"}],"about":[{"href":"https:\/\/hoyre.no\/etne\/wp-json\/wp\/v2\/types\/page"}],"author":[{"embeddable":true,"href":"https:\/\/hoyre.no\/etne\/wp-json\/wp\/v2\/users\/29319"}],"replies":[{"embeddable":true,"href":"https:\/\/hoyre.no\/etne\/wp-json\/wp\/v2\/comments?post=169"}],"version-history":[{"count":6,"href":"https:\/\/hoyre.no\/etne\/wp-json\/wp\/v2\/pages\/169\/revisions"}],"predecessor-version":[{"id":199,"href":"https:\/\/hoyre.no\/etne\/wp-json\/wp\/v2\/pages\/169\/revisions\/199"}],"wp:attachment":[{"href":"https:\/\/hoyre.no\/etne\/wp-json\/wp\/v2\/media?parent=169"}],"curies":[{"name":"wp","href":"https:\/\/api.w.org\/{rel}","templated":true}]}}