{"id":39,"date":"2023-05-31T10:56:07","date_gmt":"2023-05-31T08:56:07","guid":{"rendered":"https:\/\/hoyre.no\/evje-og-hornnes\/?page_id=39"},"modified":"2023-06-21T12:38:37","modified_gmt":"2023-06-21T10:38:37","slug":"atte-gode-grunner-til-a-stemme-hoyre","status":"publish","type":"page","link":"https:\/\/hoyre.no\/evje-og-hornnes\/atte-gode-grunner-til-a-stemme-hoyre\/","title":{"rendered":"\u00c5tte gode grunner til \u00e5 stemme H\u00f8yre"},"content":{"rendered":"\n<div class=\"wp-block-hoyre-hero with-image-gradient text-color-light  has-media alignfull has-background\"><div class=\"hoyre-hero has-image\"><h1 class=\"title\">\u00c5tte gode grunner til \u00e5 stemme H\u00f8yre i Evje og Hornnes<\/h1><figure class=\"hoyre-image-wrapper\"><div class=\"hoyre-image\"><img loading=\"lazy\" decoding=\"async\" width=\"2016\" height=\"1512\" src=\"https:\/\/hoyre.no\/content\/uploads\/sites\/36\/2020\/11\/bilde_evje.jpg\" class=\"attachment-scaled size-scaled\" alt=\"\" style=\"object-position: 50% 60%\" srcset=\"https:\/\/hoyre.no\/content\/uploads\/sites\/36\/2020\/11\/bilde_evje.jpg 2016w, https:\/\/hoyre.no\/content\/uploads\/sites\/36\/2020\/11\/bilde_evje-300x225.jpg 300w, https:\/\/hoyre.no\/content\/uploads\/sites\/36\/2020\/11\/bilde_evje-1024x768.jpg 1024w, https:\/\/hoyre.no\/content\/uploads\/sites\/36\/2020\/11\/bilde_evje-768x576.jpg 768w, https:\/\/hoyre.no\/content\/uploads\/sites\/36\/2020\/11\/bilde_evje-1536x1152.jpg 1536w\" sizes=\"auto, (max-width: 2016px) 100vw, 2016px\" \/><\/div><\/figure><\/div><\/div>\n\n\n\n\n\n\n\n<div class=\"wp-block-media-text alignwide is-stacked-on-mobile\"><figure class=\"wp-block-media-text__media\"><img loading=\"lazy\" decoding=\"async\" width=\"1024\" height=\"676\" src=\"https:\/\/hoyre.no\/content\/uploads\/sites\/36\/2023\/05\/GettyImages-1160692980-1024x676.jpg\" alt=\"\" class=\"wp-image-40 size-full\" srcset=\"https:\/\/hoyre.no\/content\/uploads\/sites\/36\/2023\/05\/GettyImages-1160692980-1024x676.jpg 1024w, https:\/\/hoyre.no\/content\/uploads\/sites\/36\/2023\/05\/GettyImages-1160692980-300x198.jpg 300w, https:\/\/hoyre.no\/content\/uploads\/sites\/36\/2023\/05\/GettyImages-1160692980-768x507.jpg 768w, https:\/\/hoyre.no\/content\/uploads\/sites\/36\/2023\/05\/GettyImages-1160692980-1536x1014.jpg 1536w, https:\/\/hoyre.no\/content\/uploads\/sites\/36\/2023\/05\/GettyImages-1160692980-2048x1352.jpg 2048w\" sizes=\"auto, (max-width: 1024px) 100vw, 1024px\" \/><\/figure><div class=\"wp-block-media-text__content\">\n\n<h2 class=\"wp-block-heading\">1. En skole med muligheter for alle<\/h2>\n\n\n<p>En god skole er n\u00f8dvendig for at vi skal gi barna v\u00e5re en god start p\u00e5 livet. Det stiller krav til innhold, kvalitet og kvalifiserte l\u00e6rere. H\u00f8yre vil prioritere lesing, skriving, regning og sikre l\u00e6rerne videreutdanning. Elevene skal oppleve mestringsf\u00f8lelse og trygghet p\u00e5 skolene v\u00e5re. Vi vil sikre at skolen blir best mulig tilpasset den enkelte elev og tror at fortsatt bruk av lekser vil v\u00e6re en del av denne satsingen.<\/p>\n\n<\/div><\/div>\n\n\n\n<div class=\"wp-block-media-text alignwide has-media-on-the-right is-stacked-on-mobile\"><figure class=\"wp-block-media-text__media\"><img loading=\"lazy\" decoding=\"async\" width=\"1024\" height=\"683\" src=\"https:\/\/hoyre.no\/content\/uploads\/sites\/36\/2023\/05\/GettyImages-983477798-1024x683.jpg\" alt=\"\" class=\"wp-image-41 size-full\" srcset=\"https:\/\/hoyre.no\/content\/uploads\/sites\/36\/2023\/05\/GettyImages-983477798-1024x683.jpg 1024w, https:\/\/hoyre.no\/content\/uploads\/sites\/36\/2023\/05\/GettyImages-983477798-300x200.jpg 300w, https:\/\/hoyre.no\/content\/uploads\/sites\/36\/2023\/05\/GettyImages-983477798-768x512.jpg 768w, https:\/\/hoyre.no\/content\/uploads\/sites\/36\/2023\/05\/GettyImages-983477798-1536x1024.jpg 1536w, https:\/\/hoyre.no\/content\/uploads\/sites\/36\/2023\/05\/GettyImages-983477798-2048x1365.jpg 2048w\" sizes=\"auto, (max-width: 1024px) 100vw, 1024px\" \/><\/figure><div class=\"wp-block-media-text__content\">\n\n<h2 class=\"wp-block-heading\">2. Barnehage til alle<\/h2>\n\n\n<p>Vi vil ta vare p\u00e5 mangfoldet i barnehagetilbudet, med b\u00e5de offentlige og private barnehager. For H\u00f8yre er det ikke vesentlig om barna g\u00e5r i en offentlig eller privat barnehage, det er kvalitet og innhold i tilbudet som er viktig. \u00a0H\u00f8yre vil jobbe for \u00e5 utvide retten til barnehageplass og mer fleksible barnehageopptak.<\/p>\n\n<\/div><\/div>\n\n\n\n<div class=\"wp-block-media-text alignwide is-stacked-on-mobile\"><figure class=\"wp-block-media-text__media\"><img loading=\"lazy\" decoding=\"async\" width=\"1024\" height=\"1024\" src=\"https:\/\/hoyre.no\/content\/uploads\/sites\/36\/2023\/05\/GettyImages-1288054337-1024x1024.jpg\" alt=\"\" class=\"wp-image-42 size-full\" srcset=\"https:\/\/hoyre.no\/content\/uploads\/sites\/36\/2023\/05\/GettyImages-1288054337-1024x1024.jpg 1024w, https:\/\/hoyre.no\/content\/uploads\/sites\/36\/2023\/05\/GettyImages-1288054337-300x300.jpg 300w, https:\/\/hoyre.no\/content\/uploads\/sites\/36\/2023\/05\/GettyImages-1288054337-150x150.jpg 150w, https:\/\/hoyre.no\/content\/uploads\/sites\/36\/2023\/05\/GettyImages-1288054337-768x768.jpg 768w, https:\/\/hoyre.no\/content\/uploads\/sites\/36\/2023\/05\/GettyImages-1288054337-1536x1536.jpg 1536w, https:\/\/hoyre.no\/content\/uploads\/sites\/36\/2023\/05\/GettyImages-1288054337-2048x2048.jpg 2048w\" sizes=\"auto, (max-width: 1024px) 100vw, 1024px\" \/><\/figure><div class=\"wp-block-media-text__content\">\n\n<h2 class=\"wp-block-heading\">3. Syrtveitfossen skal renne fritt<\/h2>\n\n\n<p>Syrtveitfossen er den eneste st\u00f8rre fossen igjen i Otra-vassdraget, de andre er lagt i r\u00f8r. Vi mener at fossen skal bevares for framtiden til glede for kommunens innbyggere, n\u00e6ringslivet og turistene. Fossen og omr\u00e5det rundt er viktig for videre utvikling av turistn\u00e6ringen i kommunen og en naturperle for innbyggere og bes\u00f8kende. Syrtveitfossen skal bevares for v\u00e5re barn og barnebarn.<\/p>\n\n<\/div><\/div>\n\n\n\n<div class=\"wp-block-media-text alignwide has-media-on-the-right is-stacked-on-mobile\"><figure class=\"wp-block-media-text__media\"><img loading=\"lazy\" decoding=\"async\" width=\"1024\" height=\"683\" src=\"https:\/\/hoyre.no\/content\/uploads\/sites\/36\/2023\/05\/GettyImages-490607422-1024x683.jpg\" alt=\"\" class=\"wp-image-43 size-full\" srcset=\"https:\/\/hoyre.no\/content\/uploads\/sites\/36\/2023\/05\/GettyImages-490607422-1024x683.jpg 1024w, https:\/\/hoyre.no\/content\/uploads\/sites\/36\/2023\/05\/GettyImages-490607422-300x200.jpg 300w, https:\/\/hoyre.no\/content\/uploads\/sites\/36\/2023\/05\/GettyImages-490607422-768x512.jpg 768w, https:\/\/hoyre.no\/content\/uploads\/sites\/36\/2023\/05\/GettyImages-490607422-1536x1024.jpg 1536w, https:\/\/hoyre.no\/content\/uploads\/sites\/36\/2023\/05\/GettyImages-490607422-2048x1365.jpg 2048w\" sizes=\"auto, (max-width: 1024px) 100vw, 1024px\" \/><\/figure><div class=\"wp-block-media-text__content\">\n\n<h2 class=\"wp-block-heading\">4. Evje og Hornnes skal v\u00e6re en JA-kommune<\/h2>\n\n\n<p>Innbyggerne og n\u00e6ringslivet skal bli m\u00f8tt med respekt og positivitet. Kommunen skal v\u00e6re enkel \u00e5 opps\u00f8ke og frister for saksbehandling skal overholdes. B\u00e5de administrasjonen og politikerne skal sp\u00f8rre \u00abhva kan vi gj\u00f8re for innbyggerne og n\u00e6ringslivet\u00bb.<\/p>\n\n<\/div><\/div>\n\n\n\n<div class=\"wp-block-media-text alignwide is-stacked-on-mobile\"><figure class=\"wp-block-media-text__media\"><img loading=\"lazy\" decoding=\"async\" width=\"1024\" height=\"683\" src=\"https:\/\/hoyre.no\/content\/uploads\/sites\/36\/2023\/05\/GettyImages-928453496-1024x683.jpg\" alt=\"\" class=\"wp-image-44 size-full\" srcset=\"https:\/\/hoyre.no\/content\/uploads\/sites\/36\/2023\/05\/GettyImages-928453496-1024x683.jpg 1024w, https:\/\/hoyre.no\/content\/uploads\/sites\/36\/2023\/05\/GettyImages-928453496-300x200.jpg 300w, https:\/\/hoyre.no\/content\/uploads\/sites\/36\/2023\/05\/GettyImages-928453496-768x512.jpg 768w, https:\/\/hoyre.no\/content\/uploads\/sites\/36\/2023\/05\/GettyImages-928453496-1536x1024.jpg 1536w, https:\/\/hoyre.no\/content\/uploads\/sites\/36\/2023\/05\/GettyImages-928453496-2048x1365.jpg 2048w\" sizes=\"auto, (max-width: 1024px) 100vw, 1024px\" \/><\/figure><div class=\"wp-block-media-text__content\">\n\n<h2 class=\"wp-block-heading\">5. Nei til eiendomsskatt i Evje og Hornnes<\/h2>\n\n\n<p>Skal vi tiltrekke oss nye virksomheter og flere innbyggere m\u00e5 ikke skattetrykket \u00f8kes. H\u00f8yre vil v\u00e6re en garantist mot innf\u00f8ring av eiendomsskatt i kommunen v\u00e5r.<\/p>\n\n<\/div><\/div>\n\n\n\n<div class=\"wp-block-media-text alignwide has-media-on-the-right is-stacked-on-mobile\"><figure class=\"wp-block-media-text__media\"><img loading=\"lazy\" decoding=\"async\" width=\"1024\" height=\"683\" src=\"https:\/\/hoyre.no\/content\/uploads\/sites\/36\/2023\/05\/GettyImages-1053414448-1024x683.jpg\" alt=\"\" class=\"wp-image-45 size-full\" srcset=\"https:\/\/hoyre.no\/content\/uploads\/sites\/36\/2023\/05\/GettyImages-1053414448-1024x683.jpg 1024w, https:\/\/hoyre.no\/content\/uploads\/sites\/36\/2023\/05\/GettyImages-1053414448-300x200.jpg 300w, https:\/\/hoyre.no\/content\/uploads\/sites\/36\/2023\/05\/GettyImages-1053414448-768x512.jpg 768w, https:\/\/hoyre.no\/content\/uploads\/sites\/36\/2023\/05\/GettyImages-1053414448-1536x1024.jpg 1536w, https:\/\/hoyre.no\/content\/uploads\/sites\/36\/2023\/05\/GettyImages-1053414448-2048x1365.jpg 2048w\" sizes=\"auto, (max-width: 1024px) 100vw, 1024px\" \/><\/figure><div class=\"wp-block-media-text__content\">\n\n<h2 class=\"wp-block-heading\">6. Hele livet i Evje og Hornnes<\/h2>\n\n\n<p>Vi vil at alle eldre skal f\u00e5 muligheten til et aktivt og sosialt liv og skal m\u00f8te omsorgstjenester som er tilpasset deres behov. Eldre skal f\u00e5 bo i egen bolig og skal motta n\u00f8dvendig hjelp hjemme. For eldre som ikke kan bo hjemme, skal vi ha en god blanding av bemannede omsorgsboliger, ordin\u00e6re sykehjemsplasser og demensplasser. H\u00f8yre vil sikre en fleksibel, trygg og verdig eldreomsorg.<\/p>\n\n<\/div><\/div>\n\n\n\n<div class=\"wp-block-media-text alignwide is-stacked-on-mobile\"><figure class=\"wp-block-media-text__media\"><img loading=\"lazy\" decoding=\"async\" width=\"1024\" height=\"683\" src=\"https:\/\/hoyre.no\/content\/uploads\/sites\/36\/2023\/05\/GettyImages-1063392686-1024x683.jpg\" alt=\"\" class=\"wp-image-46 size-full\" srcset=\"https:\/\/hoyre.no\/content\/uploads\/sites\/36\/2023\/05\/GettyImages-1063392686-1024x683.jpg 1024w, https:\/\/hoyre.no\/content\/uploads\/sites\/36\/2023\/05\/GettyImages-1063392686-300x200.jpg 300w, https:\/\/hoyre.no\/content\/uploads\/sites\/36\/2023\/05\/GettyImages-1063392686-768x512.jpg 768w, https:\/\/hoyre.no\/content\/uploads\/sites\/36\/2023\/05\/GettyImages-1063392686-1536x1024.jpg 1536w, https:\/\/hoyre.no\/content\/uploads\/sites\/36\/2023\/05\/GettyImages-1063392686-2048x1365.jpg 2048w\" sizes=\"auto, (max-width: 1024px) 100vw, 1024px\" \/><\/figure><div class=\"wp-block-media-text__content\">\n\n<h2 class=\"wp-block-heading\">7. Arbeid med psykisk helse og rus skal styrkes<\/h2>\n\n\n<p>Evje og Hornnes har levek\u00e5rsutfordringer og vi \u00f8nsker \u00e5 styrke hjelpetilbudene. Ingen skal m\u00f8te en stengt d\u00f8r n\u00e5r de trenger det mest. Det er viktig for oss at de som sliter med psykisk helse og rus f\u00e5r hjelp. H\u00f8yre er opptatt av at hjelp tilbys raskere og at behandlingen er tilpasset den enkelte.<\/p>\n\n<\/div><\/div>\n\n\n\n<div class=\"wp-block-media-text alignwide has-media-on-the-right is-stacked-on-mobile\"><figure class=\"wp-block-media-text__media\"><img loading=\"lazy\" decoding=\"async\" width=\"1024\" height=\"768\" src=\"https:\/\/hoyre.no\/content\/uploads\/sites\/36\/2023\/05\/GettyImages-1336228316-1024x768.jpg\" alt=\"\" class=\"wp-image-47 size-full\" srcset=\"https:\/\/hoyre.no\/content\/uploads\/sites\/36\/2023\/05\/GettyImages-1336228316-1024x768.jpg 1024w, https:\/\/hoyre.no\/content\/uploads\/sites\/36\/2023\/05\/GettyImages-1336228316-300x225.jpg 300w, https:\/\/hoyre.no\/content\/uploads\/sites\/36\/2023\/05\/GettyImages-1336228316-768x576.jpg 768w, https:\/\/hoyre.no\/content\/uploads\/sites\/36\/2023\/05\/GettyImages-1336228316-1536x1152.jpg 1536w, https:\/\/hoyre.no\/content\/uploads\/sites\/36\/2023\/05\/GettyImages-1336228316-2048x1536.jpg 2048w\" sizes=\"auto, (max-width: 1024px) 100vw, 1024px\" \/><\/figure><div class=\"wp-block-media-text__content\">\n\n<h2 class=\"wp-block-heading\">8. Landbruk, natur og milj\u00f8<\/h2>\n\n\n<p>Vi \u00f8nsker at det skal satses p\u00e5 landbruksdrift i kommunen. Velholdte kulturlandskap i aktiv bruk av beitedyr og dyrking av landbruksprodukter er positive effekter av dette. H\u00f8yre \u00f8nsker \u00e5 sikre naturmangfoldet gjennom gode planprosesser.<\/p>\n\n<\/div><\/div>\n\n\n\n<div class=\"wp-block-hoyre-banner alignwide undefined has-icon-title icon-heart is-style-blue\"><div class=\"banner-inner\"><figure class=\"hoyre-image-wrapper\"><div class=\"hoyre-image\"><img loading=\"lazy\" decoding=\"async\" width=\"2016\" height=\"1512\" src=\"https:\/\/hoyre.no\/content\/uploads\/sites\/36\/2020\/11\/bilde_evje.jpg\" class=\"attachment-scaled size-scaled\" alt=\"\" style=\"object-position: 42% 48%\" srcset=\"https:\/\/hoyre.no\/content\/uploads\/sites\/36\/2020\/11\/bilde_evje.jpg 2016w, https:\/\/hoyre.no\/content\/uploads\/sites\/36\/2020\/11\/bilde_evje-300x225.jpg 300w, https:\/\/hoyre.no\/content\/uploads\/sites\/36\/2020\/11\/bilde_evje-1024x768.jpg 1024w, https:\/\/hoyre.no\/content\/uploads\/sites\/36\/2020\/11\/bilde_evje-768x576.jpg 768w, https:\/\/hoyre.no\/content\/uploads\/sites\/36\/2020\/11\/bilde_evje-1536x1152.jpg 1536w\" sizes=\"auto, (max-width: 2016px) 100vw, 2016px\" \/><\/div><\/figure><div class=\"banner-content\"><div class=\"entry-content\">\n<h2 class=\"wp-block-heading\">Fant du ikke din hjertesak?<\/h2>\n\n\n\n<p>Det er heldigvis mange gode grunner til \u00e5 stemme H\u00f8yre i Evje og Hornnes. Finn ut hva vi mener om din hjertesak ved \u00e5 lese programmet v\u00e5rt!<\/p>\n\n\n\n<div class=\"wp-block-buttons is-layout-flex wp-block-buttons-is-layout-flex\">\n<div class=\"wp-block-button\"><a class=\"wp-block-button__link\" href=\"https:\/\/hoyre.no\/evje-og-hornnes\/politikk\/\">LES Evje og Hornnes H\u00d8YRES VALGPROGRAM<\/a><\/div>\n<\/div>\n<\/div><\/div><\/div><\/div>\n\n\n\n<div class=\"wp-block-hoyre-banner alignwide undefined\"><div class=\"banner-inner\"><figure class=\"hoyre-image-wrapper\"><div class=\"hoyre-image\"><img loading=\"lazy\" decoding=\"async\" width=\"2016\" height=\"1512\" src=\"https:\/\/hoyre.no\/content\/uploads\/sites\/36\/2020\/11\/bilde_evje.jpg\" class=\"attachment-scaled size-scaled\" alt=\"\" style=\"object-position: 44% 53%\" srcset=\"https:\/\/hoyre.no\/content\/uploads\/sites\/36\/2020\/11\/bilde_evje.jpg 2016w, https:\/\/hoyre.no\/content\/uploads\/sites\/36\/2020\/11\/bilde_evje-300x225.jpg 300w, https:\/\/hoyre.no\/content\/uploads\/sites\/36\/2020\/11\/bilde_evje-1024x768.jpg 1024w, https:\/\/hoyre.no\/content\/uploads\/sites\/36\/2020\/11\/bilde_evje-768x576.jpg 768w, https:\/\/hoyre.no\/content\/uploads\/sites\/36\/2020\/11\/bilde_evje-1536x1152.jpg 1536w\" sizes=\"auto, (max-width: 2016px) 100vw, 2016px\" \/><\/div><\/figure><div class=\"banner-content\"><div class=\"entry-content\">\n<h2 class=\"wp-block-heading\">Bli bedre kjent med Evje og Hornnes H\u00f8yres ordf\u00f8rerkandidat<\/h2>\n\n\n\n<p>Finn Bj\u00f8rn R\u00f8rvik er v\u00e5r ordf\u00f8rerkandidat for kommunevalget i 2023. Bli bedre kjent med hvem han er og hva han st\u00e5r for \ud83d\udc47<\/p>\n\n\n\n<div class=\"wp-block-buttons is-layout-flex wp-block-buttons-is-layout-flex\">\n<div class=\"wp-block-button\"><a class=\"wp-block-button__link\" href=\"https:\/\/hoyre.no\/evje-og-hornnes\/finn-bjorn-rorvik-var-ordforerkandidat\/\">BLI KJENT MED Finn Bj\u00f8rn<\/a><\/div>\n<\/div>\n<\/div><\/div><\/div><\/div>\n","protected":false},"excerpt":{"rendered":"<p>1. En skole med muligheter for alle En god skole er n\u00f8dvendig for at vi skal gi barna v\u00e5re en god start p\u00e5 livet. Det stiller krav til innhold, kvalitet og kvalifiserte l\u00e6rere. H\u00f8yre vil prioritere lesing, skriving, regning og sikre l\u00e6rerne videreutdanning. Elevene skal oppleve mestringsf\u00f8lelse og trygghet p\u00e5 skolene v\u00e5re. Vi vil sikre [&hellip;]<\/p>\n","protected":false},"author":347,"featured_media":0,"parent":0,"menu_order":0,"comment_status":"closed","ping_status":"closed","template":"","meta":{"teft_cards_image_url":"","teft_cards_custom_pretitle":"","teft_cards_image_id":0,"teft_cards_image_focal_point_x":0,"teft_cards_image_focal_point_y":0,"teft_cards_title":"","teft_cards_excerpt":"","teft_show_chapters":false,"footnotes":""},"class_list":["post-39","page","type-page","status-publish","hentry"],"yoast_head":"<!-- This site is optimized with the Yoast SEO plugin v26.6 - https:\/\/yoast.com\/wordpress\/plugins\/seo\/ -->\n<title>\u00c5tte gode grunner til \u00e5 stemme H\u00f8yre - Evje og Hornnes H\u00f8yre<\/title>\n<meta name=\"robots\" content=\"index, follow, max-snippet:-1, max-image-preview:large, max-video-preview:-1\" \/>\n<link rel=\"canonical\" href=\"https:\/\/hoyre.no\/evje-og-hornnes\/atte-gode-grunner-til-a-stemme-hoyre\/\" \/>\n<meta property=\"og:locale\" content=\"nb_NO\" \/>\n<meta property=\"og:type\" content=\"article\" \/>\n<meta property=\"og:title\" content=\"\u00c5tte gode grunner til \u00e5 stemme H\u00f8yre - Evje og Hornnes H\u00f8yre\" \/>\n<meta property=\"og:description\" content=\"1. En skole med muligheter for alle En god skole er n\u00f8dvendig for at vi skal gi barna v\u00e5re en god start p\u00e5 livet. Det stiller krav til innhold, kvalitet og kvalifiserte l\u00e6rere. H\u00f8yre vil prioritere lesing, skriving, regning og sikre l\u00e6rerne videreutdanning. Elevene skal oppleve mestringsf\u00f8lelse og trygghet p\u00e5 skolene v\u00e5re. Vi vil sikre [&hellip;]\" \/>\n<meta property=\"og:url\" content=\"https:\/\/hoyre.no\/evje-og-hornnes\/atte-gode-grunner-til-a-stemme-hoyre\/\" \/>\n<meta property=\"og:site_name\" content=\"Evje og Hornnes H\u00f8yre\" \/>\n<meta property=\"article:modified_time\" content=\"2023-06-21T10:38:37+00:00\" \/>\n<meta property=\"og:image\" content=\"https:\/\/hoyre.no\/content\/uploads\/sites\/36\/2023\/05\/GettyImages-1160692980-1024x676.jpg\" \/>\n<meta name=\"twitter:card\" content=\"summary_large_image\" \/>\n<meta name=\"twitter:label1\" content=\"Ansl. lesetid\" \/>\n\t<meta name=\"twitter:data1\" content=\"5 minutter\" \/>\n<script type=\"application\/ld+json\" class=\"yoast-schema-graph\">{\"@context\":\"https:\/\/schema.org\",\"@graph\":[{\"@type\":\"WebPage\",\"@id\":\"https:\/\/hoyre.no\/evje-og-hornnes\/atte-gode-grunner-til-a-stemme-hoyre\/\",\"url\":\"https:\/\/hoyre.no\/evje-og-hornnes\/atte-gode-grunner-til-a-stemme-hoyre\/\",\"name\":\"\u00c5tte gode grunner til \u00e5 stemme H\u00f8yre - Evje og Hornnes H\u00f8yre\",\"isPartOf\":{\"@id\":\"https:\/\/hoyre.no\/evje-og-hornnes\/#website\"},\"image\":{\"@id\":\"https:\/\/hoyre.no\/evje-og-hornnes\/atte-gode-grunner-til-a-stemme-hoyre\/#primaryimage\"},\"thumbnailUrl\":\"https:\/\/hoyre.no\/content\/uploads\/sites\/36\/2023\/05\/GettyImages-1160692980-1024x676.jpg\",\"datePublished\":\"2023-05-31T08:56:07+00:00\",\"dateModified\":\"2023-06-21T10:38:37+00:00\",\"breadcrumb\":{\"@id\":\"https:\/\/hoyre.no\/evje-og-hornnes\/atte-gode-grunner-til-a-stemme-hoyre\/#breadcrumb\"},\"inLanguage\":\"nb-NO\",\"potentialAction\":[{\"@type\":\"ReadAction\",\"target\":[\"https:\/\/hoyre.no\/evje-og-hornnes\/atte-gode-grunner-til-a-stemme-hoyre\/\"]}]},{\"@type\":\"ImageObject\",\"inLanguage\":\"nb-NO\",\"@id\":\"https:\/\/hoyre.no\/evje-og-hornnes\/atte-gode-grunner-til-a-stemme-hoyre\/#primaryimage\",\"url\":\"https:\/\/hoyre.no\/content\/uploads\/sites\/36\/2023\/05\/GettyImages-1160692980-1024x676.jpg\",\"contentUrl\":\"https:\/\/hoyre.no\/content\/uploads\/sites\/36\/2023\/05\/GettyImages-1160692980-1024x676.jpg\"},{\"@type\":\"BreadcrumbList\",\"@id\":\"https:\/\/hoyre.no\/evje-og-hornnes\/atte-gode-grunner-til-a-stemme-hoyre\/#breadcrumb\",\"itemListElement\":[{\"@type\":\"ListItem\",\"position\":1,\"name\":\"Til hoyre.no\",\"item\":\"https:\/\/hoyre.no\"},{\"@type\":\"ListItem\",\"position\":2,\"name\":\"Hjem\",\"item\":\"https:\/\/hoyre.no\/evje-og-hornnes\/\"},{\"@type\":\"ListItem\",\"position\":3,\"name\":\"\u00c5tte gode grunner til \u00e5 stemme H\u00f8yre\"}]},{\"@type\":\"WebSite\",\"@id\":\"https:\/\/hoyre.no\/evje-og-hornnes\/#website\",\"url\":\"https:\/\/hoyre.no\/evje-og-hornnes\/\",\"name\":\"Evje og Hornnes H\u00f8yre\",\"description\":\"Bare enda et H\u00f8yres nettsteder-nettsted\",\"inLanguage\":\"nb-NO\"}]}<\/script>\n<!-- \/ Yoast SEO plugin. -->","yoast_head_json":{"title":"\u00c5tte gode grunner til \u00e5 stemme H\u00f8yre - Evje og Hornnes H\u00f8yre","robots":{"index":"index","follow":"follow","max-snippet":"max-snippet:-1","max-image-preview":"max-image-preview:large","max-video-preview":"max-video-preview:-1"},"canonical":"https:\/\/hoyre.no\/evje-og-hornnes\/atte-gode-grunner-til-a-stemme-hoyre\/","og_locale":"nb_NO","og_type":"article","og_title":"\u00c5tte gode grunner til \u00e5 stemme H\u00f8yre - Evje og Hornnes H\u00f8yre","og_description":"1. En skole med muligheter for alle En god skole er n\u00f8dvendig for at vi skal gi barna v\u00e5re en god start p\u00e5 livet. Det stiller krav til innhold, kvalitet og kvalifiserte l\u00e6rere. H\u00f8yre vil prioritere lesing, skriving, regning og sikre l\u00e6rerne videreutdanning. Elevene skal oppleve mestringsf\u00f8lelse og trygghet p\u00e5 skolene v\u00e5re. Vi vil sikre [&hellip;]","og_url":"https:\/\/hoyre.no\/evje-og-hornnes\/atte-gode-grunner-til-a-stemme-hoyre\/","og_site_name":"Evje og Hornnes H\u00f8yre","article_modified_time":"2023-06-21T10:38:37+00:00","og_image":[{"url":"https:\/\/hoyre.no\/content\/uploads\/sites\/36\/2023\/05\/GettyImages-1160692980-1024x676.jpg","type":"","width":"","height":""}],"twitter_card":"summary_large_image","twitter_misc":{"Ansl. lesetid":"5 minutter"},"schema":{"@context":"https:\/\/schema.org","@graph":[{"@type":"WebPage","@id":"https:\/\/hoyre.no\/evje-og-hornnes\/atte-gode-grunner-til-a-stemme-hoyre\/","url":"https:\/\/hoyre.no\/evje-og-hornnes\/atte-gode-grunner-til-a-stemme-hoyre\/","name":"\u00c5tte gode grunner til \u00e5 stemme H\u00f8yre - Evje og Hornnes H\u00f8yre","isPartOf":{"@id":"https:\/\/hoyre.no\/evje-og-hornnes\/#website"},"image":{"@id":"https:\/\/hoyre.no\/evje-og-hornnes\/atte-gode-grunner-til-a-stemme-hoyre\/#primaryimage"},"thumbnailUrl":"https:\/\/hoyre.no\/content\/uploads\/sites\/36\/2023\/05\/GettyImages-1160692980-1024x676.jpg","datePublished":"2023-05-31T08:56:07+00:00","dateModified":"2023-06-21T10:38:37+00:00","breadcrumb":{"@id":"https:\/\/hoyre.no\/evje-og-hornnes\/atte-gode-grunner-til-a-stemme-hoyre\/#breadcrumb"},"inLanguage":"nb-NO","potentialAction":[{"@type":"ReadAction","target":["https:\/\/hoyre.no\/evje-og-hornnes\/atte-gode-grunner-til-a-stemme-hoyre\/"]}]},{"@type":"ImageObject","inLanguage":"nb-NO","@id":"https:\/\/hoyre.no\/evje-og-hornnes\/atte-gode-grunner-til-a-stemme-hoyre\/#primaryimage","url":"https:\/\/hoyre.no\/content\/uploads\/sites\/36\/2023\/05\/GettyImages-1160692980-1024x676.jpg","contentUrl":"https:\/\/hoyre.no\/content\/uploads\/sites\/36\/2023\/05\/GettyImages-1160692980-1024x676.jpg"},{"@type":"BreadcrumbList","@id":"https:\/\/hoyre.no\/evje-og-hornnes\/atte-gode-grunner-til-a-stemme-hoyre\/#breadcrumb","itemListElement":[{"@type":"ListItem","position":1,"name":"Til hoyre.no","item":"https:\/\/hoyre.no"},{"@type":"ListItem","position":2,"name":"Hjem","item":"https:\/\/hoyre.no\/evje-og-hornnes\/"},{"@type":"ListItem","position":3,"name":"\u00c5tte gode grunner til \u00e5 stemme H\u00f8yre"}]},{"@type":"WebSite","@id":"https:\/\/hoyre.no\/evje-og-hornnes\/#website","url":"https:\/\/hoyre.no\/evje-og-hornnes\/","name":"Evje og Hornnes H\u00f8yre","description":"Bare enda et H\u00f8yres nettsteder-nettsted","inLanguage":"nb-NO"}]}},"distributor_meta":false,"distributor_terms":false,"distributor_media":false,"distributor_original_site_name":"Evje og Hornnes H\u00f8yre","distributor_original_site_url":"https:\/\/hoyre.no\/evje-og-hornnes","push-errors":false,"_links":{"self":[{"href":"https:\/\/hoyre.no\/evje-og-hornnes\/wp-json\/wp\/v2\/pages\/39","targetHints":{"allow":["GET"]}}],"collection":[{"href":"https:\/\/hoyre.no\/evje-og-hornnes\/wp-json\/wp\/v2\/pages"}],"about":[{"href":"https:\/\/hoyre.no\/evje-og-hornnes\/wp-json\/wp\/v2\/types\/page"}],"author":[{"embeddable":true,"href":"https:\/\/hoyre.no\/evje-og-hornnes\/wp-json\/wp\/v2\/users\/347"}],"replies":[{"embeddable":true,"href":"https:\/\/hoyre.no\/evje-og-hornnes\/wp-json\/wp\/v2\/comments?post=39"}],"version-history":[{"count":2,"href":"https:\/\/hoyre.no\/evje-og-hornnes\/wp-json\/wp\/v2\/pages\/39\/revisions"}],"predecessor-version":[{"id":63,"href":"https:\/\/hoyre.no\/evje-og-hornnes\/wp-json\/wp\/v2\/pages\/39\/revisions\/63"}],"wp:attachment":[{"href":"https:\/\/hoyre.no\/evje-og-hornnes\/wp-json\/wp\/v2\/media?parent=39"}],"curies":[{"name":"wp","href":"https:\/\/api.w.org\/{rel}","templated":true}]}}