{"id":3,"date":"2020-11-16T11:08:45","date_gmt":"2020-11-16T10:08:45","guid":{"rendered":"https:\/\/hoyre.no\/faerder\/forsiden\/"},"modified":"2026-04-28T10:35:22","modified_gmt":"2026-04-28T08:35:22","slug":"forsiden","status":"publish","type":"page","link":"https:\/\/hoyre.no\/faerder\/","title":{"rendered":"Forsiden"},"content":{"rendered":"<div class=\"hero-2026 alignwide is-style-straight wp-block-hoyre-hero-2026\">\n\t\t\t<div class=\"hero-2026__image\"><img decoding=\"async\" src=\"https:\/\/hoyre.no\/content\/uploads\/sites\/372\/2026\/04\/Y9A3672-scaled.jpg\" alt=\"\" \/><\/div>\n\t\t\t\n\t\t\t<div class=\"hero-2026__content\">\n\t\t\t\t\n\t\t\t\t<p class=\"hero-2026__subtitle\">Vil du v\u00e6re med p\u00e5 \u00e5 skape et samfunn med muligheter for alle? Bli med p\u00e5 laget. Ditt bidrag gj\u00f8r oss sterkere.<\/p>\n\t\t\t\t<h2 class=\"hero-2026__title\">Muligheter for alle<\/h2>\n\t\t\t\t<div class=\"hero-2026__buttons\">\n\n<div class=\"wp-block-buttons is-content-justification-center is-layout-flex wp-container-core-buttons-is-layout-16018d1d wp-block-buttons-is-layout-flex\">\n<div class=\"wp-block-button\"><a class=\"wp-block-button__link wp-element-button\" href=\"https:\/\/hoyre.no\/bli-med\/bli-medlem\/\">Bli medlem<\/a><\/div>\n<\/div>\n\n<\/div>\n\t\t\t<\/div>\n\t\t<\/div>\n\n\n\n\t\t<div class=\"has-dark-blue-background-color is-layout-left alignwide alignwide wp-block-hoyre-media-text\">\n\t\t\t<div class=\"hoyre-media-text__media\">\n\t\t\t\t<img loading=\"lazy\" decoding=\"async\" width=\"1024\" height=\"582\" src=\"https:\/\/hoyre.no\/content\/uploads\/sites\/372\/2022\/04\/83D10875-FC33-4A05-8F22-AADA34B41A50-1024x582.jpeg\" class=\"hoyre-media-text__media-image\" alt=\"\" style=\"--focal: 50% 50%;\" srcset=\"https:\/\/hoyre.no\/content\/uploads\/sites\/372\/2022\/04\/83D10875-FC33-4A05-8F22-AADA34B41A50-1024x582.jpeg 1024w, https:\/\/hoyre.no\/content\/uploads\/sites\/372\/2022\/04\/83D10875-FC33-4A05-8F22-AADA34B41A50-300x171.jpeg 300w, https:\/\/hoyre.no\/content\/uploads\/sites\/372\/2022\/04\/83D10875-FC33-4A05-8F22-AADA34B41A50-768x437.jpeg 768w, https:\/\/hoyre.no\/content\/uploads\/sites\/372\/2022\/04\/83D10875-FC33-4A05-8F22-AADA34B41A50.jpeg 1432w\" sizes=\"auto, (max-width: 1024px) 100vw, 1024px\" \/>\n\t\t\t<\/div>\n\t\t\t<div class=\"hoyre-media-text__content\">\n\t\t\t\t<div class=\"hoyre-media-text__content-inner\">\n\t\t\t\t\t\n\t\t\t<div class=\"hoyre-media-text__title-container\">\n\t\t\t\t\n\t\t\t\t<h2 class=\"hoyre-media-text__title\">6 viktige saker for H\u00f8yre i F\u00e6rder\ud83d\udc47<\/h2>\n\t\t\t<\/div>\n\t\t\t\n\t\t\t\t\t<div class=\"hoyre-media-text__blocks\"><\/div>\n\t\t\t\t\t\n\t\t\t<div class=\"hoyre-media-text__buttons\">\n\t\t\t\t<a class=\"button\" href=\"https:\/\/hoyre.no\/faerder\/politikk\/6-gode-grunner-til-a-stemme-hoyre-i-faerder\/\">LES MER<\/a>\n\t\t\t<\/div>\n\t\t\t\n\t\t\t\t<\/div>\n\t\t\t<\/div>\n\t\t<\/div>\n\t\t\n\n\n\t\t<div class=\"has-pale-blue-background-color is-layout-right alignwide alignwide wp-block-hoyre-media-text\">\n\t\t\t<div class=\"hoyre-media-text__media\">\n\t\t\t\t<img loading=\"lazy\" decoding=\"async\" width=\"1024\" height=\"973\" src=\"https:\/\/hoyre.no\/content\/uploads\/sites\/372\/2023\/05\/PhotoRoom_20230518_092719-1024x973.jpeg\" class=\"hoyre-media-text__media-image\" alt=\"\" style=\"--focal: 50% 50%;\" srcset=\"https:\/\/hoyre.no\/content\/uploads\/sites\/372\/2023\/05\/PhotoRoom_20230518_092719-1024x973.jpeg 1024w, https:\/\/hoyre.no\/content\/uploads\/sites\/372\/2023\/05\/PhotoRoom_20230518_092719-300x285.jpeg 300w, https:\/\/hoyre.no\/content\/uploads\/sites\/372\/2023\/05\/PhotoRoom_20230518_092719-768x730.jpeg 768w, https:\/\/hoyre.no\/content\/uploads\/sites\/372\/2023\/05\/PhotoRoom_20230518_092719-1536x1459.jpeg 1536w, https:\/\/hoyre.no\/content\/uploads\/sites\/372\/2023\/05\/PhotoRoom_20230518_092719-2048x1946.jpeg 2048w\" sizes=\"auto, (max-width: 1024px) 100vw, 1024px\" \/>\n\t\t\t<\/div>\n\t\t\t<div class=\"hoyre-media-text__content\">\n\t\t\t\t<div class=\"hoyre-media-text__content-inner\">\n\t\t\t\t\t\n\t\t\t<div class=\"hoyre-media-text__title-container\">\n\t\t\t\t\n\t\t\t\t<h2 class=\"hoyre-media-text__title\">Tom Mello er ordf\u00f8rer i F\u00e6rder kommune<\/h2>\n\t\t\t<\/div>\n\t\t\t\n\t\t\t\t\t<div class=\"hoyre-media-text__blocks\">\nLes mer her\ud83d\udc47\ud83c\udffc\n<\/div>\n\t\t\t\t\t\n\t\t\t<div class=\"hoyre-media-text__buttons\">\n\t\t\t\t<a class=\"button\" href=\"https:\/\/hoyre.no\/faerder\/tom-mello-var-ordforerkandidat\/\">Trykk her<\/a>\n\t\t\t<\/div>\n\t\t\t\n\t\t\t\t<\/div>\n\t\t\t<\/div>\n\t\t<\/div>\n\t\t\n\n\n<section class=\"wp-block-hoyre-latest-grid\">\n\t<div class=\"block-inner\">\n\t\t<header>\n\t\t\t<h2>Nyheter<\/h2>\n\t\t\t\t\t\t\t<a href=\"https:\/\/hoyre.no\/faerder\/nyheter\/\">Vis alle<\/a>\n\t\t\t\t\t<\/header>\n\t\t<div class=\"teft-cards-grid default-size-4\">\n\t\t\t<div class=\"teft-cards-item has-12-columns is-style-two-columns is-vertically-aligned-center is-aligned-center is-card-hoyre\">\n\t<div class=\"teft-card hoyre-teft-card post-teft-card\">\n\t\t<a href=\"https:\/\/hoyre.no\/faerder\/aktuelt\/hvem-kveler-egentlig-debatten-i-faerder\/\" class=\"teft-card__primary-action\">\n\n\t\t\t\t\t<div class=\"teft-card__media teft-card__media--16-9\">\n\t\t\t\t\t\t<img loading=\"lazy\" decoding=\"async\" width=\"768\" height=\"768\" src=\"https:\/\/hoyre.no\/content\/uploads\/sites\/372\/2026\/03\/Lars-768x768.avif\" class=\"attachment-medium_large size-medium_large\" alt=\"\" \/>\t\t<\/div>\n\t\t\n\t\t\t<div class=\"teft-card__content-wrapper\">\n\t\t\t\t<div class=\"teft-card__secondary\">\n\t\t\t\t\t\n\t\t\t\t\t\t\t\t<div class=\"teft-card__meta\">\n\t\t\t\t\t\t\t\t\t<span class=\"post-date\">30. mar 2026<\/span>\n\n\t\t\t\t\t\t\t\t\t\t\t\t\t\t\t\t\t<\/div>\n\t\t\t\t\t\t\t\t\t\t\t<\/div>\n\n\t\t\t\t<div class=\"teft-card__primary\">\n\t\t\t\t\t<h2 class=\"teft-card__title\">Hvem kveler egentlig debatten i F\u00e6rder?&nbsp;<span class=\"teft-card__primary-title-append\"><\/span><\/h2>\t\t\t\t<\/div>\n\t\t\t<\/div>\n\t\t<\/a>\n\t<\/div>\n\n\t<\/div>\t\t\t<div class=\"teft-cards-item has-6-columns  is-card-hoyre\">\n\t<div class=\"teft-card hoyre-teft-card post-teft-card\">\n\t\t<a href=\"https:\/\/hoyre.no\/faerder\/aktuelt\/hoyre-sier-ja-til-utvikling-i-hele-faerder\/\" class=\"teft-card__primary-action\">\n\n\t\t\t\t\t<div class=\"teft-card__media teft-card__media--16-9\">\n\t\t\t\t\t\t<img loading=\"lazy\" decoding=\"async\" width=\"768\" height=\"512\" src=\"https:\/\/hoyre.no\/content\/uploads\/sites\/372\/2026\/03\/Oystein-768x512.jpg\" class=\"attachment-medium_large size-medium_large\" alt=\"\" \/>\t\t<\/div>\n\t\t\n\t\t\t<div class=\"teft-card__content-wrapper\">\n\t\t\t\t<div class=\"teft-card__secondary\">\n\t\t\t\t\t\n\t\t\t\t\t\t\t\t<div class=\"teft-card__meta\">\n\t\t\t\t\t\t\t\t\t<span class=\"post-date\">27. mar 2026<\/span>\n\n\t\t\t\t\t\t\t\t\t\t\t\t\t\t\t\t\t<\/div>\n\t\t\t\t\t\t\t\t\t\t\t<\/div>\n\n\t\t\t\t<div class=\"teft-card__primary\">\n\t\t\t\t\t<h2 class=\"teft-card__title\">H\u00f8yre sier ja til utvikling i hele F\u00e6rder&nbsp;<span class=\"teft-card__primary-title-append\"><\/span><\/h2>\t\t\t\t<\/div>\n\t\t\t<\/div>\n\t\t<\/a>\n\t<\/div>\n\n\t<\/div>\t\t\t<div class=\"teft-cards-item has-6-columns  is-card-hoyre\">\n\t<div class=\"teft-card hoyre-teft-card post-teft-card\">\n\t\t<a href=\"https:\/\/hoyre.no\/2026\/04\/27\/kan-ikke-fortsette-a-gjore-ting-av-gammel-vane\/\" class=\"teft-card__primary-action\">\n\n\t\t\t\t\t<div class=\"teft-card__media teft-card__media--16-9\">\n\t\t\t<span class=\"sticker\">Nasjonal<\/span>\t\t\t<img loading=\"lazy\" decoding=\"async\" width=\"768\" height=\"687\" src=\"https:\/\/hoyre.no\/content\/uploads\/2026\/04\/Skjermbilde-2026-04-27-kl.-12.46.12-768x687.png\" class=\"attachment-medium_large size-medium_large\" alt=\"\" \/>\t\t<\/div>\n\t\t\n\t\t\t<div class=\"teft-card__content-wrapper\">\n\t\t\t\t<div class=\"teft-card__secondary\">\n\t\t\t\t\t\n\t\t\t\t\t\t\t\t<div class=\"teft-card__meta\">\n\t\t\t\t\t\t\t\t\t<span class=\"post-date\">27. apr 2026<\/span>\n\n\t\t\t\t\t\t\t\t\t\t\t\t\t\t\t\t\t<\/div>\n\t\t\t\t\t\t\t\t\t\t\t<\/div>\n\n\t\t\t\t<div class=\"teft-card__primary\">\n\t\t\t\t\t<h2 class=\"teft-card__title\">M\u00e5 t\u00f8rre \u00e5 stille sp\u00f8rsm\u00e5let \u00abhvorfor\u00bb?&nbsp;<span class=\"teft-card__primary-title-append\"><\/span><\/h2>\t\t\t\t<\/div>\n\t\t\t<\/div>\n\t\t<\/a>\n\t<\/div>\n\n\t<!-- From network 1 372--><!-- From card class --><\/div>\t\t\t<div class=\"teft-cards-item has-4-columns is-card-hoyre\">\n\t<div class=\"teft-card hoyre-teft-card post-teft-card\">\n\t\t<a href=\"https:\/\/hoyre.no\/faerder\/aktuelt\/les-forslaget-til-kommuneplanens-samfunnsdel-2026-2038\/\" class=\"teft-card__primary-action\">\n\n\t\t\t\t\t<div class=\"teft-card__media teft-card__media--16-9\">\n\t\t\t\t\t\t<img loading=\"lazy\" decoding=\"async\" width=\"768\" height=\"1024\" src=\"https:\/\/hoyre.no\/content\/uploads\/sites\/372\/2026\/03\/Gunnstein-og-Amalie-768x1024.jpg\" class=\"attachment-medium_large size-medium_large\" alt=\"\" \/>\t\t<\/div>\n\t\t\n\t\t\t<div class=\"teft-card__content-wrapper\">\n\t\t\t\t<div class=\"teft-card__secondary\">\n\t\t\t\t\t\n\t\t\t\t\t\t\t\t<div class=\"teft-card__meta\">\n\t\t\t\t\t\t\t\t\t<span class=\"post-date\">16. mar 2026<\/span>\n\n\t\t\t\t\t\t\t\t\t\t\t\t\t\t\t\t\t<\/div>\n\t\t\t\t\t\t\t\t\t\t\t<\/div>\n\n\t\t\t\t<div class=\"teft-card__primary\">\n\t\t\t\t\t<h2 class=\"teft-card__title\">Les forslaget til kommuneplanens samfunnsdel 2026\u20132038&nbsp;<span class=\"teft-card__primary-title-append\"><\/span><\/h2>\t\t\t\t<\/div>\n\t\t\t<\/div>\n\t\t<\/a>\n\t<\/div>\n\n\t<\/div>\t\t\t<div class=\"teft-cards-item has-4-columns is-card-hoyre\">\n\t<div class=\"teft-card hoyre-teft-card post-teft-card\">\n\t\t<a href=\"https:\/\/hoyre.no\/faerder\/aktuelt\/nominasjonskomite\/\" class=\"teft-card__primary-action\">\n\n\t\t\t\t\t<div class=\"teft-card__media teft-card__media--16-9\">\n\t\t\t\t\t\t<img loading=\"lazy\" decoding=\"async\" width=\"640\" height=\"480\" src=\"https:\/\/hoyre.no\/content\/uploads\/sites\/372\/2026\/03\/image.jpeg\" class=\"attachment-medium_large size-medium_large\" alt=\"\" \/>\t\t<\/div>\n\t\t\n\t\t\t<div class=\"teft-card__content-wrapper\">\n\t\t\t\t<div class=\"teft-card__secondary\">\n\t\t\t\t\t\n\t\t\t\t\t\t\t\t<div class=\"teft-card__meta\">\n\t\t\t\t\t\t\t\t\t<span class=\"post-date\">13. mar 2026<\/span>\n\n\t\t\t\t\t\t\t\t\t\t\t\t\t\t\t\t\t<\/div>\n\t\t\t\t\t\t\t\t\t\t\t<\/div>\n\n\t\t\t\t<div class=\"teft-card__primary\">\n\t\t\t\t\t<h2 class=\"teft-card__title\">Nominasjonskomit\u00e9&nbsp;<span class=\"teft-card__primary-title-append\"><\/span><\/h2>\t\t\t\t<\/div>\n\t\t\t<\/div>\n\t\t<\/a>\n\t<\/div>\n\n\t<\/div>\t\t\t<div class=\"teft-cards-item has-4-columns is-card-hoyre\">\n\t<div class=\"teft-card hoyre-teft-card post-teft-card\">\n\t\t<a href=\"https:\/\/hoyre.no\/2026\/04\/23\/vil-ha-mer-apenhet-i-kulturpolitikken\/\" class=\"teft-card__primary-action\">\n\n\t\t\t\t\t<div class=\"teft-card__media teft-card__media--16-9\">\n\t\t\t<span class=\"sticker\">Nasjonal<\/span>\t\t\t<img loading=\"lazy\" decoding=\"async\" width=\"768\" height=\"512\" src=\"https:\/\/hoyre.no\/content\/uploads\/2026\/04\/54840688366_c09bf4b26e_k-768x512.jpg\" class=\"attachment-medium_large size-medium_large\" alt=\"Poppe\" \/>\t\t<\/div>\n\t\t\n\t\t\t<div class=\"teft-card__content-wrapper\">\n\t\t\t\t<div class=\"teft-card__secondary\">\n\t\t\t\t\t\n\t\t\t\t\t\t\t\t<div class=\"teft-card__meta\">\n\t\t\t\t\t\t\t\t\t<span class=\"post-date\">23. apr 2026<\/span>\n\n\t\t\t\t\t\t\t\t\t\t\t\t\t\t\t\t\t<\/div>\n\t\t\t\t\t\t\t\t\t\t\t<\/div>\n\n\t\t\t\t<div class=\"teft-card__primary\">\n\t\t\t\t\t<h2 class=\"teft-card__title\">H\u00f8yre vil \u00e5pne Kulturr\u00e5det \u2013 Ap sier nei&nbsp;<span class=\"teft-card__primary-title-append\"><\/span><\/h2>\t\t\t\t<\/div>\n\t\t\t<\/div>\n\t\t<\/a>\n\t<\/div>\n\n\t<!-- From network 1 372--><!-- From card class --><\/div>\t\t\t\t\t<\/div>\n\t<\/div>\n<\/section>\n\n\n\n\t\t<div class=\"has-dark-blue-background-color is-layout-left alignwide alignwide wp-block-hoyre-media-text\">\n\t\t\t<div class=\"hoyre-media-text__media\">\n\t\t\t\t<img loading=\"lazy\" decoding=\"async\" width=\"746\" height=\"1024\" src=\"https:\/\/hoyre.no\/content\/uploads\/sites\/372\/2023\/05\/IMG_8263-746x1024.jpeg\" class=\"hoyre-media-text__media-image\" alt=\"F\u00e6rder H\u00f8yre program 2023 - 2027 forside\" style=\"--focal: 51% 20%;\" srcset=\"https:\/\/hoyre.no\/content\/uploads\/sites\/372\/2023\/05\/IMG_8263-746x1024.jpeg 746w, https:\/\/hoyre.no\/content\/uploads\/sites\/372\/2023\/05\/IMG_8263-219x300.jpeg 219w, https:\/\/hoyre.no\/content\/uploads\/sites\/372\/2023\/05\/IMG_8263-768x1054.jpeg 768w, https:\/\/hoyre.no\/content\/uploads\/sites\/372\/2023\/05\/IMG_8263-1119x1536.jpeg 1119w, https:\/\/hoyre.no\/content\/uploads\/sites\/372\/2023\/05\/IMG_8263-1492x2048.jpeg 1492w, https:\/\/hoyre.no\/content\/uploads\/sites\/372\/2023\/05\/IMG_8263-scaled.jpeg 1821w\" sizes=\"auto, (max-width: 746px) 100vw, 746px\" \/>\n\t\t\t<\/div>\n\t\t\t<div class=\"hoyre-media-text__content\">\n\t\t\t\t<div class=\"hoyre-media-text__content-inner\">\n\t\t\t\t\t\n\t\t\t<div class=\"hoyre-media-text__title-container\">\n\t\t\t\t\n\t\t\t\t<h2 class=\"hoyre-media-text__title\">Her kan du lese v\u00e5rt program for perioden 2023 &#8211; 2027<\/h2>\n\t\t\t<\/div>\n\t\t\t\n\t\t\t\t\t<div class=\"hoyre-media-text__blocks\"><\/div>\n\t\t\t\t\t\n\t\t\t<div class=\"hoyre-media-text__buttons\">\n\t\t\t\t<a class=\"button\" href=\"https:\/\/hoyre.no\/content\/uploads\/sites\/372\/2023\/05\/Program-Faerder-Hoyre-2023-2027.pdf\">Trykk her<\/a>\n\t\t\t<\/div>\n\t\t\t\n\t\t\t\t<\/div>\n\t\t\t<\/div>\n\t\t<\/div>\n\t\t\n\n\n\n\n\n\n\n\n\n<p><\/p>\n","protected":false},"excerpt":{"rendered":"","protected":false},"author":21339,"featured_media":0,"parent":0,"menu_order":0,"comment_status":"closed","ping_status":"closed","template":"","meta":{"teft_cards_image_url":"","teft_cards_custom_pretitle":"","teft_cards_image_id":631,"teft_cards_image_focal_point_x":0.3,"teft_cards_image_focal_point_y":0.55,"teft_cards_title":"","teft_cards_excerpt":"","teft_show_chapters":false,"footnotes":""},"class_list":["post-3","page","type-page","status-publish","hentry"],"yoast_head":"<!-- This site is optimized with the Yoast SEO plugin v26.6 - https:\/\/yoast.com\/wordpress\/plugins\/seo\/ -->\n<title>Forsiden - F\u00e6rder H\u00f8yre<\/title>\n<meta name=\"robots\" content=\"index, follow, max-snippet:-1, max-image-preview:large, max-video-preview:-1\" \/>\n<link rel=\"canonical\" href=\"https:\/\/hoyre.no\/faerder\/\" \/>\n<meta property=\"og:locale\" content=\"nb_NO\" \/>\n<meta property=\"og:type\" content=\"article\" \/>\n<meta property=\"og:title\" content=\"Forsiden - F\u00e6rder H\u00f8yre\" \/>\n<meta property=\"og:url\" content=\"https:\/\/hoyre.no\/faerder\/\" \/>\n<meta property=\"og:site_name\" content=\"F\u00e6rder H\u00f8yre\" \/>\n<meta property=\"article:modified_time\" content=\"2026-04-28T08:35:22+00:00\" \/>\n<meta property=\"og:image\" content=\"https:\/\/hoyre.no\/content\/uploads\/sites\/372\/2022\/11\/289A60FC-4360-44F2-85E3-E14A8C73EA37-1024x379.jpeg\" \/>\n<meta name=\"twitter:card\" content=\"summary_large_image\" \/>\n<meta name=\"twitter:label1\" content=\"Ansl. lesetid\" \/>\n\t<meta name=\"twitter:data1\" content=\"1 minutt\" \/>\n<script type=\"application\/ld+json\" class=\"yoast-schema-graph\">{\"@context\":\"https:\/\/schema.org\",\"@graph\":[{\"@type\":\"WebPage\",\"@id\":\"https:\/\/hoyre.no\/faerder\/\",\"url\":\"https:\/\/hoyre.no\/faerder\/\",\"name\":\"Forsiden - F\u00e6rder H\u00f8yre\",\"isPartOf\":{\"@id\":\"https:\/\/hoyre.no\/faerder\/#website\"},\"datePublished\":\"2020-11-16T10:08:45+00:00\",\"dateModified\":\"2026-04-28T08:35:22+00:00\",\"breadcrumb\":{\"@id\":\"https:\/\/hoyre.no\/faerder\/#breadcrumb\"},\"inLanguage\":\"nb-NO\",\"potentialAction\":[{\"@type\":\"ReadAction\",\"target\":[\"https:\/\/hoyre.no\/faerder\/\"]}]},{\"@type\":\"BreadcrumbList\",\"@id\":\"https:\/\/hoyre.no\/faerder\/#breadcrumb\",\"itemListElement\":[{\"@type\":\"ListItem\",\"position\":1,\"name\":\"Til hoyre.no\",\"item\":\"https:\/\/hoyre.no\"},{\"@type\":\"ListItem\",\"position\":2,\"name\":\"Hjem\",\"item\":\"https:\/\/hoyre.no\/faerder\/\"},{\"@type\":\"ListItem\",\"position\":3,\"name\":\"Forsiden\"}]},{\"@type\":\"WebSite\",\"@id\":\"https:\/\/hoyre.no\/faerder\/#website\",\"url\":\"https:\/\/hoyre.no\/faerder\/\",\"name\":\"F\u00e6rder H\u00f8yre\",\"description\":\"Bare enda et H\u00f8yres nettsteder-nettsted\",\"inLanguage\":\"nb-NO\"}]}<\/script>\n<!-- \/ Yoast SEO plugin. -->","yoast_head_json":{"title":"Forsiden - F\u00e6rder H\u00f8yre","robots":{"index":"index","follow":"follow","max-snippet":"max-snippet:-1","max-image-preview":"max-image-preview:large","max-video-preview":"max-video-preview:-1"},"canonical":"https:\/\/hoyre.no\/faerder\/","og_locale":"nb_NO","og_type":"article","og_title":"Forsiden - F\u00e6rder H\u00f8yre","og_url":"https:\/\/hoyre.no\/faerder\/","og_site_name":"F\u00e6rder H\u00f8yre","article_modified_time":"2026-04-28T08:35:22+00:00","og_image":[{"url":"https:\/\/hoyre.no\/content\/uploads\/sites\/372\/2022\/11\/289A60FC-4360-44F2-85E3-E14A8C73EA37-1024x379.jpeg","width":"","height":"","type":""}],"twitter_card":"summary_large_image","twitter_misc":{"Ansl. lesetid":"1 minutt"},"schema":{"@context":"https:\/\/schema.org","@graph":[{"@type":"WebPage","@id":"https:\/\/hoyre.no\/faerder\/","url":"https:\/\/hoyre.no\/faerder\/","name":"Forsiden - F\u00e6rder H\u00f8yre","isPartOf":{"@id":"https:\/\/hoyre.no\/faerder\/#website"},"datePublished":"2020-11-16T10:08:45+00:00","dateModified":"2026-04-28T08:35:22+00:00","breadcrumb":{"@id":"https:\/\/hoyre.no\/faerder\/#breadcrumb"},"inLanguage":"nb-NO","potentialAction":[{"@type":"ReadAction","target":["https:\/\/hoyre.no\/faerder\/"]}]},{"@type":"BreadcrumbList","@id":"https:\/\/hoyre.no\/faerder\/#breadcrumb","itemListElement":[{"@type":"ListItem","position":1,"name":"Til hoyre.no","item":"https:\/\/hoyre.no"},{"@type":"ListItem","position":2,"name":"Hjem","item":"https:\/\/hoyre.no\/faerder\/"},{"@type":"ListItem","position":3,"name":"Forsiden"}]},{"@type":"WebSite","@id":"https:\/\/hoyre.no\/faerder\/#website","url":"https:\/\/hoyre.no\/faerder\/","name":"F\u00e6rder H\u00f8yre","description":"Bare enda et H\u00f8yres nettsteder-nettsted","inLanguage":"nb-NO"}]}},"distributor_meta":false,"distributor_terms":false,"distributor_media":false,"distributor_original_site_name":"F\u00e6rder H\u00f8yre","distributor_original_site_url":"https:\/\/hoyre.no\/faerder","push-errors":false,"_links":{"self":[{"href":"https:\/\/hoyre.no\/faerder\/wp-json\/wp\/v2\/pages\/3","targetHints":{"allow":["GET"]}}],"collection":[{"href":"https:\/\/hoyre.no\/faerder\/wp-json\/wp\/v2\/pages"}],"about":[{"href":"https:\/\/hoyre.no\/faerder\/wp-json\/wp\/v2\/types\/page"}],"author":[{"embeddable":true,"href":"https:\/\/hoyre.no\/faerder\/wp-json\/wp\/v2\/users\/21339"}],"replies":[{"embeddable":true,"href":"https:\/\/hoyre.no\/faerder\/wp-json\/wp\/v2\/comments?post=3"}],"version-history":[{"count":25,"href":"https:\/\/hoyre.no\/faerder\/wp-json\/wp\/v2\/pages\/3\/revisions"}],"predecessor-version":[{"id":2313,"href":"https:\/\/hoyre.no\/faerder\/wp-json\/wp\/v2\/pages\/3\/revisions\/2313"}],"wp:attachment":[{"href":"https:\/\/hoyre.no\/faerder\/wp-json\/wp\/v2\/media?parent=3"}],"curies":[{"name":"wp","href":"https:\/\/api.w.org\/{rel}","templated":true}]}}