{"id":987,"date":"2023-05-02T12:47:10","date_gmt":"2023-05-02T10:47:10","guid":{"rendered":"https:\/\/hoyre.no\/fredrikstad\/?page_id=987"},"modified":"2023-05-07T14:44:06","modified_gmt":"2023-05-07T12:44:06","slug":"politikk","status":"publish","type":"page","link":"https:\/\/hoyre.no\/fredrikstad\/politikk\/","title":{"rendered":"Politikk"},"content":{"rendered":"\n<div class=\"wp-block-hoyre-hero with-image-gradient text-color-light  has-media alignfull has-background\"><div class=\"hoyre-hero has-image\"><h1 class=\"title\">Politikk<\/h1><p class=\"preamble\"><em>Fredrikstad skal v\u00e6re Norges beste kommune \u00e5 bo i<\/em><\/p>\t\t\t<div class=\"post-meta wp-block teft-byline-wrapper\">\n\t\t\t\t<div class=\"top\">\n\t\t\t\t\t<div class=\"signature\">\n\t\t\t\t\t\t<div class=\"teft-byline\">\n\t\t\t\t\t\t\t\t\t\t\t\t\t\t<div>\n\t\t\t\t\t\t\t\t<h3>H\u00f8yres redaksjon<\/h3>\t\t\t\t\t\t\t\t\n\t\t\t\t\t\t\t\t\t\t\t\t\t\t\t\t\t<span class=\"date\">Sist oppdatert: 7. mai 2023<\/span>\n\t\t\t\t\t\t\t\t\t\t\t\t\t\t\t\t\t\t\t\t\t\t\t\t\t<span class=\"reading-time\" itemprop=\"timeRequired\" content=\"PT8M\"><em>Ca. 8 minutter lesetid<\/em><\/span>\n\t\t\t\t\t\t\t\t\t\t\t\t\t\t\t<\/div>\n\t\t\t\t\t\t<\/div>\n\t\t\t\t\t<\/div>\n\t\t\t\t\t\t<div class=\"sharing\">\n\t\t<a class=\"share-button share-link copy-link\" data-copy=\"https:\/\/hoyre.no\/fredrikstad\/politikk\/\" target=\"_blank\"><span class=\"screen-reader-text\">Del link<\/span><\/a>\n\t\t<a class=\"share-button share-twitter\" href=\"http:\/\/twitter.com\/share?text=Politikk&#038;url=https:\/\/hoyre.no\/fredrikstad\/politikk\/&#038;hashtags=Hoyre\" target=\"_blank\"><span class=\"screen-reader-text\">Del p\u00e5 twitter<\/span><\/a>\n\t\t<a class=\"share-button share-facebook\" href=\"https:\/\/www.facebook.com\/sharer\/sharer.php?u=https:\/\/hoyre.no\/fredrikstad\/politikk\/\" target=\"_blank\"><span class=\"screen-reader-text\">Del p\u00e5 facebook<\/span><\/a>\n\t<\/div>\n\t\t\t\t\t<\/div>\n\t\t\t<\/div>\n\n\t\t\t<figure class=\"hoyre-image-wrapper\"><div class=\"hoyre-image\"><img loading=\"lazy\" decoding=\"async\" width=\"2500\" height=\"1875\" src=\"https:\/\/hoyre.no\/content\/uploads\/sites\/194\/2022\/11\/310011904_1157445008519742_7043521709283662558_n-scaled.jpg\" class=\"attachment-scaled size-scaled\" alt=\"\" style=\"object-position: 50% 50%\" srcset=\"https:\/\/hoyre.no\/content\/uploads\/sites\/194\/2022\/11\/310011904_1157445008519742_7043521709283662558_n-scaled.jpg 2500w, https:\/\/hoyre.no\/content\/uploads\/sites\/194\/2022\/11\/310011904_1157445008519742_7043521709283662558_n-300x225.jpg 300w, https:\/\/hoyre.no\/content\/uploads\/sites\/194\/2022\/11\/310011904_1157445008519742_7043521709283662558_n-1024x768.jpg 1024w, https:\/\/hoyre.no\/content\/uploads\/sites\/194\/2022\/11\/310011904_1157445008519742_7043521709283662558_n-768x576.jpg 768w, https:\/\/hoyre.no\/content\/uploads\/sites\/194\/2022\/11\/310011904_1157445008519742_7043521709283662558_n-1536x1152.jpg 1536w, https:\/\/hoyre.no\/content\/uploads\/sites\/194\/2022\/11\/310011904_1157445008519742_7043521709283662558_n-2048x1536.jpg 2048w\" sizes=\"auto, (max-width: 2500px) 100vw, 2500px\" \/><\/div><\/figure><\/div><\/div>\n\n\n\t\t\t<div class=\"wp-block-hoyre-opinions alignfull has-background\">\n\t\t\t\t<div class=\"block-inner\">\n\t\t\t\t\t<h2 class=\"title anchor-title\">Hjertesaker<\/h2>\t\t\t\t\t\t\t\t\t\t\t<div class=\"post-wrap\">\n\n\t\t\t\t\t\t\t\t\t\t\t\t\t\t<div class=\"single-opinion\" data-opinion=\"726\">\n\t\t\t\t\t\t\t\t\t\t<button type=\"button\" class=\"non-button opinion-toggle\">\n\t\t\tDet store skolel\u00f8ftet\t\t<\/button>\n\t\t\t\t\t\t\t\t\t\t\t\t<div class=\"opinion-modal\">\n\t\t\t<div class=\"opinion-modal-inner entry-content\">\n\t\t\t\t<div class=\"opinion-modal-inner__controls\">\n\t\t\t\t\t<button class=\"back-button non-button\">Tilbake<\/button>\n\t\t\t\t\t<button class=\"close-button non-button\"><span class=\"screen-reader-text\">close<\/span><\/button>\n\t\t\t\t<\/div>\n\t\t\t\t<h2>Det store skolel\u00f8ftet<\/h2>\n\t\t\t\t\n<div class=\"wp-block-teft-factbox is-style-blue\"><div class=\"factbox-inner\"><div class=\"entry-content\"><h4 class=\"toggle\">Det store skolel\u00f8ftet<\/h4>\n<p class=\"is-style-default\">B\u00e5de elever og l\u00e6rere fortjener godt vedlikeholdte og hensiktsmessige skolebygg. Vi vet at utdanning reduserer sosiale forskjeller, og at frafall i skolen er en av de viktigste driverne for sosial og \u00f8konomisk ulikhet. Derfor har H\u00f8yre sitt hovedfokus p\u00e5 skolen.Vi vil pusse opp og bygge nye skoler for mist en milliard de neste fire \u00e5rene. \u00c5 kunne lese og skrive funksjonelt er den viktigste faktoren for \u00e5 fullf\u00f8re videreg\u00e5ende skole, skaffe seg en utdannelse, bli deltaker i arbeidslivet og leve et godt liv. Derfor vil vi satse p\u00e5 de ansatte i skolen. Det er de som vet best. H\u00f8yre vil at l\u00e6rerne skal bruke tiden sin p\u00e5 elevene. Vi har tillit til l\u00e6rerne, og sammen med dem skal vi se p\u00e5 hvordan vi kan redusere administrasjonsarbeidet. Hovedfokuset skal ligge p\u00e5 \u00e5 bygge et sterkt lag rundt eleven. Vi vil st\u00f8tte ulike pedagogiske tiltak, som bidrar til \u00e5 bekjempe ulike typer frafall i skolen. Fredrikstad-skolen skal v\u00e6re en skole der alle kan lykkes.<\/p>\n<\/div><\/div><\/div>\n\t\t\t<\/div>\n\t\t<\/div>\n\t\t\t\t\t\t\t\t\t<\/div>\n\t\t\t\t\t\t\t\t\t\t\t\t\t\t<div class=\"single-opinion\" data-opinion=\"1017\">\n\t\t\t\t\t\t\t\t\t\t<button type=\"button\" class=\"non-button opinion-toggle\">\n\t\t\tBedre kommune\u00f8konomi\t\t<\/button>\n\t\t\t\t\t\t\t\t\t\t\t\t<div class=\"opinion-modal\">\n\t\t\t<div class=\"opinion-modal-inner entry-content\">\n\t\t\t\t<div class=\"opinion-modal-inner__controls\">\n\t\t\t\t\t<button class=\"back-button non-button\">Tilbake<\/button>\n\t\t\t\t\t<button class=\"close-button non-button\"><span class=\"screen-reader-text\">close<\/span><\/button>\n\t\t\t\t<\/div>\n\t\t\t\t<h2>Bedre kommune\u00f8konomi<\/h2>\n\t\t\t\t\n<div class=\"wp-block-teft-factbox is-style-blue\"><div class=\"factbox-inner\"><div class=\"entry-content\"><h4 class=\"toggle\">Bedre kommune\u00f8konomi<\/h4>\n<p>H\u00f8yre \u00f8nsker en effektiv drift av Fredrikstad kommune. Kommunen m\u00e5 fokusere og konsentrere virksomheten, for \u00e5 f\u00e5 mest mulig ut av hver skattekrone. Fokuset skal v\u00e6re p\u00e5 lovp\u00e5lagte tjenester og kommunens kjerneoppgaver &#8211; p\u00e5 omr\u00e5dene oppvekst og omsorg. Dessuten m\u00e5 kommunens verdier sikres for framtiden. Det gj\u00f8r vi best gjennom \u00e5 selge unna eiendommer med lav utnyttelsesgrad, og investere midlene, slik at vi kan benytte avkasningen til vedlikehold av n\u00f8dvendige komunale bygninger. H\u00f8yre vil ha en kritisk gjennomgang av administrative og tekniske funksjoner, og \u00f8nsker en restriktiv holdning til reansettelser og nyansettelser p\u00e5 ikke-lovp\u00e5lagte omr\u00e5der.<\/p>\n<\/div><\/div><\/div>\n\t\t\t<\/div>\n\t\t<\/div>\n\t\t\t\t\t\t\t\t\t<\/div>\n\t\t\t\t\t\t\t\t\t\t\t\t\t\t<div class=\"single-opinion\" data-opinion=\"1019\">\n\t\t\t\t\t\t\t\t\t\t<button type=\"button\" class=\"non-button opinion-toggle\">\n\t\t\tN\u00e6ringslivets Ja-kommune\t\t<\/button>\n\t\t\t\t\t\t\t\t\t\t\t\t<div class=\"opinion-modal\">\n\t\t\t<div class=\"opinion-modal-inner entry-content\">\n\t\t\t\t<div class=\"opinion-modal-inner__controls\">\n\t\t\t\t\t<button class=\"back-button non-button\">Tilbake<\/button>\n\t\t\t\t\t<button class=\"close-button non-button\"><span class=\"screen-reader-text\">close<\/span><\/button>\n\t\t\t\t<\/div>\n\t\t\t\t<h2>N\u00e6ringslivets Ja-kommune<\/h2>\n\t\t\t\t\n<div class=\"wp-block-teft-factbox is-style-blue\"><div class=\"factbox-inner\"><div class=\"entry-content\"><h4 class=\"toggle\">N\u00e6ringslivets Ja-kommune<\/h4>\n<p>Deltakelse i arbeidslivet er en av de viktigste driverne for sosial likhet. I Fredrikstad st\u00e5r 14 500 personer utenfor arbeidslivet. Derfor vil H\u00f8yre legge til rette for gode tiltak som bidrar til \u00f8kt deltakelse i arbeidslivet. \u00c5 ha en jobb er viktig for den enkeltes frihet og for utviklingen av Fredrikstad-samfunnet. N\u00e6ringslivet skal oppleve et effektivt byr\u00e5krati og forutsigbare s\u00f8knadsprosesser. Det skal bli enklere \u00e5 etablere virksomheter i Fredrikstad. H\u00f8yre vil ogs\u00e5 legge til rette for \u00f8kt samarbeid mellom private og kommunale akt\u00f8rer. Kommunen skal gj\u00f8re arealer tilgjengelig for personer med gode ideer, og st\u00f8tte opp om dem som satser gjennom egne innkj\u00f8p.<\/p>\n<\/div><\/div><\/div>\n\t\t\t<\/div>\n\t\t<\/div>\n\t\t\t\t\t\t\t\t\t<\/div>\n\t\t\t\t\t\t\t\t\t\t\t\t\t\t<div class=\"single-opinion\" data-opinion=\"1021\">\n\t\t\t\t\t\t\t\t\t\t<button type=\"button\" class=\"non-button opinion-toggle\">\n\t\t\tFredrikstad hele livet\t\t<\/button>\n\t\t\t\t\t\t\t\t\t\t\t\t<div class=\"opinion-modal\">\n\t\t\t<div class=\"opinion-modal-inner entry-content\">\n\t\t\t\t<div class=\"opinion-modal-inner__controls\">\n\t\t\t\t\t<button class=\"back-button non-button\">Tilbake<\/button>\n\t\t\t\t\t<button class=\"close-button non-button\"><span class=\"screen-reader-text\">close<\/span><\/button>\n\t\t\t\t<\/div>\n\t\t\t\t<h2>Fredrikstad hele livet<\/h2>\n\t\t\t\t\n<div class=\"wp-block-teft-factbox is-style-blue\"><div class=\"factbox-inner\"><div class=\"entry-content\"><h4 class=\"toggle\">Fredrikstad hele livet<\/h4>\n<p>Alle innbyggere i Fredrikstad skal v\u00e6re trygge p\u00e5 at de f\u00e5r hjelp n\u00e5r de trenger det. Vi vil s\u00f8rge for gode m\u00f8teplasser, smakfulle m\u00e5ltider og et variert aktivitetstilbud for alle eldre, slik at alle kan leve gode liv \u2013 hele livet! Vi mener at en mer sosial boligbygging, slik at eldre kan selge tungdrevne hus og flytte inn i mer lettstelte leiligheter, kan bidra til \u00e5 lette trykket, b\u00e5de p\u00e5 boligmarkedet og p\u00e5 de kommunale hjelpetjenestene. Vi vil bygge flere bo- og omsorgsplasser og gi eldre mulighet til \u00e5 bo hjemme lengre. Gjennom en tett dialog med private utbyggere vil vi sikre en st\u00f8rst mulig grad av sosial profil p\u00e5 nye utbyggingsprosjekter. Fredrikstad skal v\u00e6re en offensiv kommune med ansatte som f\u00e5r anledning til \u00e5 bruke ny teknologi, og som f\u00e5r arbeide i turnusordninger som s\u00f8rger for en mer stabil bemanning. Vi \u00f8nsker aktive brukerr\u00e5d der p\u00e5r\u00f8rende deltar, og et godt samarbeid med frivillige. Slik kan v\u00e5rt dyktige helsepersonell gi dager til livet, mens frivillige fra lokalsamfunnet gir liv til dagene.<\/p>\n<\/div><\/div><\/div>\n\t\t\t<\/div>\n\t\t<\/div>\n\t\t\t\t\t\t\t\t\t<\/div>\n\t\t\t\t\t\t\t\t\t\t\t\t\t\t<div class=\"single-opinion\" data-opinion=\"1023\">\n\t\t\t\t\t\t\t\t\t\t<button type=\"button\" class=\"non-button opinion-toggle\">\n\t\t\tBl\u00e5 politikk for et gr\u00f8nt skifte\t\t<\/button>\n\t\t\t\t\t\t\t\t\t\t\t\t<div class=\"opinion-modal\">\n\t\t\t<div class=\"opinion-modal-inner entry-content\">\n\t\t\t\t<div class=\"opinion-modal-inner__controls\">\n\t\t\t\t\t<button class=\"back-button non-button\">Tilbake<\/button>\n\t\t\t\t\t<button class=\"close-button non-button\"><span class=\"screen-reader-text\">close<\/span><\/button>\n\t\t\t\t<\/div>\n\t\t\t\t<h2>Bl\u00e5 politikk for et gr\u00f8nt skifte<\/h2>\n\t\t\t\t\n<div class=\"wp-block-teft-factbox is-style-blue\"><div class=\"factbox-inner\"><div class=\"entry-content\"><h4 class=\"toggle\">Bl\u00e5 politikk for et gr\u00f8nt skifte<\/h4>\n<p>Klima- og milj\u00f8endringene er v\u00e5r tids st\u00f8rste utfordring. Utfordringen krever internasjonal, nasjonal og lokal innsats. H\u00f8yre mener at noe av det viktigste vi kan gj\u00f8re for barna v\u00e5re er \u00e5 f\u00f8re en offensiv og klimaklok politikk der vi kutter utslipp samtidig som vi skaper nye arbeidsplasser og beholder velferden. Det skal stilles strenge utslippskrav til kommunalt eide selskaper. Ved innkj\u00f8p av tjenester skal vi stimulerer til bruk av klimavennlig teknologi. Vi skal legge til rette for framtidens gr\u00f8nne industrietableringer. Fredrikstad har store omr\u00e5der med skog, land og vann. Dette er viktige rekreasjonsomr\u00e5der for alle som bor her, men det er ogs\u00e5 et viktig n\u00e6ringsgrunnlag.<\/p>\n<\/div><\/div><\/div>\n\t\t\t<\/div>\n\t\t<\/div>\n\t\t\t\t\t\t\t\t\t<\/div>\n\t\t\t\t\t\t\t\t\t\t\t\t\t\t<div class=\"single-opinion\" data-opinion=\"1025\">\n\t\t\t\t\t\t\t\t\t\t<button type=\"button\" class=\"non-button opinion-toggle\">\n\t\t\tSamferdsel\t\t<\/button>\n\t\t\t\t\t\t\t\t\t\t\t\t<div class=\"opinion-modal\">\n\t\t\t<div class=\"opinion-modal-inner entry-content\">\n\t\t\t\t<div class=\"opinion-modal-inner__controls\">\n\t\t\t\t\t<button class=\"back-button non-button\">Tilbake<\/button>\n\t\t\t\t\t<button class=\"close-button non-button\"><span class=\"screen-reader-text\">close<\/span><\/button>\n\t\t\t\t<\/div>\n\t\t\t\t<h2>Samferdsel<\/h2>\n\t\t\t\t\n<div class=\"wp-block-teft-factbox is-style-blue\"><div class=\"factbox-inner\"><div class=\"entry-content\"><h4 class=\"toggle\">Samferdsel<\/h4>\n<p>H\u00f8yre vil gj\u00f8re det lettere for innbyggerne \u00e5 ta milj\u00f8smarte valg. Gode veier og kollektivl\u00f8sninger er viktig for at folk og varer skal komme raskt og trygt frem. H\u00f8yre vil legge til rette for st\u00f8rre bo- og arbeidsmarkeder som gj\u00f8r at folk kan jobbe og bo der de vil. Derfor vil H\u00f8yre bygge og vedlikeholde flere veier. Vi vil ogs\u00e5 styrke kollektivtransport som et alternativ til bilen. Det skal l\u00f8nne seg \u00e5 kj\u00f8re milj\u00f8bevisst gjennom reduserte avgifter for el-biler.<\/p>\n<\/div><\/div><\/div>\n\t\t\t<\/div>\n\t\t<\/div>\n\t\t\t\t\t\t\t\t\t<\/div>\n\t\t\t\t\t\t\t\t\t\t\t\t\t\t<div class=\"single-opinion\" data-opinion=\"1027\">\n\t\t\t\t\t\t\t\t\t\t<button type=\"button\" class=\"non-button opinion-toggle\">\n\t\t\tMulighetenes kommune\t\t<\/button>\n\t\t\t\t\t\t\t\t\t\t\t\t<div class=\"opinion-modal\">\n\t\t\t<div class=\"opinion-modal-inner entry-content\">\n\t\t\t\t<div class=\"opinion-modal-inner__controls\">\n\t\t\t\t\t<button class=\"back-button non-button\">Tilbake<\/button>\n\t\t\t\t\t<button class=\"close-button non-button\"><span class=\"screen-reader-text\">close<\/span><\/button>\n\t\t\t\t<\/div>\n\t\t\t\t<h2>Mulighetenes kommune<\/h2>\n\t\t\t\t\n<div class=\"wp-block-teft-factbox is-style-blue\"><div class=\"factbox-inner\"><div class=\"entry-content\"><h4 class=\"toggle\">Mulighetenes kommune<\/h4>\n<p>Mange opplever \u00e5 f\u00e5 en svekket privat\u00f8konomi p\u00e5 grunn av kommunale avgifter, h\u00f8ye str\u00f8mpriser, \u00f8kte renter og et stadig strammere matbudsjett. Eiendomsskatten kan f\u00f8re til at unge etablerer seg i nabokommuner med lavere skatter og avgifter. Antall fattige i byen \u00f8ker, og stadig flere m\u00e5 opps\u00f8ke matstasjoner og andre hjelpetiltak. N\u00e5r Fredrikstadfolk sliter med privat\u00f8konomien, skal kommunen v\u00e6re sv\u00e6rt forsiktig med \u00e5 p\u00e5legge innbyggerne h\u00f8yere skatter og avgifter. Alle barn i kommunen skal kunne delta i minst en fritidsaktivitet. Vi skal ha skoler som sikre alle muligheten til \u00e5 skape seg en fremtid, et hjem og en jobb i Fredrikstad.<\/p>\n<\/div><\/div><\/div>\n\t\t\t<\/div>\n\t\t<\/div>\n\t\t\t\t\t\t\t\t\t<\/div>\n\t\t\t\t\t\t\t\t\t\t\t\t\t<\/div>\n\t\t\t\t\t\t\t\t\t<\/div>\n\t\t\t<\/div>\n\t\t\t\n\n<div class=\"wp-block hoyre-section alignfull has-background is-style-dark-blue wp-block-hoyre-section\"><div class=\"inner-blocks alignwide\">\n\n<h2 class=\"wp-block-heading\">Verdigrunnlag<\/h2>\n\n\n\n<div class=\"wp-block-hoyre-banner undefined  is-style-light\"><div class=\"banner-inner\"><div class=\"banner-content\"><div class=\"entry-content\">\n<p class=\"has-text-align-left\">Grunnsynet v\u00e5rt er ideologisk forankret i det \u00e5 v\u00e6re konservativ. Mange omtaler det som \u00e5 <em>\u00abforandre for \u00e5 bevare\u00bb.<\/em> Vi vil bevare det som virker, og som er godt. Vi vil forandre det som ikke virker, eller kan bli bedre. I praksis betyr det \u00e5 ha oversikt over konsekvensene av de endringer vi vil foreta oss, og s\u00f8rge for at beslutningene faktisk er til gode for innbyggerne, f\u00f8r vi endrer noe. H\u00f8yre \u00f8nsker en fremtidsrettet politikk, og derfor m\u00e5 generasjonsperspektivet alltid v\u00e6re med i alle beslutningene v\u00e5re.<\/p>\n<\/div><\/div><\/div><\/div>\n\n\n\n<div class=\"wp-block-hoyre-banner undefined  is-style-light\"><div class=\"banner-inner\"><div class=\"banner-content\"><div class=\"entry-content\">\n<p class=\"has-text-align-left\">Vi tror at alle \u00f8nsker \u00e5 bidra i samfunnet. Da m\u00e5 vi ha gode ordninger som gj\u00f8r det mulig for alle innbyggerne i Fredrikstad \u00e5 bidra i arbeids- og samfunnslivet v\u00e5rt. Ingen skal falle utenfor arbeidslivet p\u00e5 grunn av manglende kompetanse, og f\u00e6rre skal falle fra i skolen. Fredrikstad H\u00f8yre mener at en god skole er n\u00f8kkelen til \u00e5 sikre at alle kan bidra og sikre en god integrering i samfunnet og god inkludering i arbeidslivet.<\/p>\n<\/div><\/div><\/div><\/div>\n\n\n\n<div class=\"wp-block-hoyre-banner undefined  is-style-light\"><div class=\"banner-inner\"><div class=\"banner-content\"><div class=\"entry-content\">\n<p class=\"has-text-align-left\">Vi har tillit til, og tror p\u00e5 individet, derfor tror vi at fellesskapet blir sterkere n\u00e5r det preges av mangfold, av frihet under ansvar, og n\u00e5r den enkeltes innsatsvilje og skaperkraft styrker fellesskapet. Innbyggerne i Fredrikstad er forskjellige, vi har ulike styrker, men sammen kan vi skape en bedre kommune. Vi tror p\u00e5 en kommune som skal gi trygge og forutsigbare rammer slik at alle innbyggere kan skape et godt liv for seg og sine. Fredrikstad H\u00f8yre vil aktivt lytte til de ansatte i kommunen, og bruke deres innspill for \u00e5 identifisere tiltak som bedrer tjenestene. H\u00f8yre \u00f8nsker \u00e5 gi alle innbyggerne samme mulighet til \u00e5 bruke sine evner og utvikle seg.<\/p>\n<\/div><\/div><\/div><\/div>\n\n<\/div><\/div>\n\n\n\n<h2 class=\"wp-block-heading\">Se hva vi jobber med gjennom v\u00e5rt partiprogram<\/h2>\n\n\n\n<p>Klikk deg inn p\u00e5 de ulike kapitlene for \u00e5 lese hva vi jobber med.<\/p>\n\n\n\n<div class=\"wp-block-teft-accordion\"><div class=\"teft-accordion__inner\">\n<div class=\"wp-block-teft-item\"><div class=\"teft-item__inner\"><h4 class=\"toggle\"><strong>Det store skolel\u00f8ftet<\/strong><\/h4><div class=\"teft-item__inner-content entry-content\">\n<p>H\u00f8yre er skolepartiet. Vi vil redusere sosiale forskjeller og bekjempe fattigdom. I dette arbeidet er skolen grunnpilaren. Arbeidet er langsiktig, og vi m\u00e5 jobbe systematisk, med et generasjonsperspektiv p\u00e5 innsatsen. V\u00e5r fremste jobb er \u00e5 legge til rette for at barn og unge f\u00e5r en god oppvekst. Barna skal f\u00e5 tilgang til barnehager med ulike fokusomr\u00e5der. De skal g\u00e5 p\u00e5 mobbefrie og inkluderende skoler, som er godt vedlikeholdt, er godt driftet, har kompetente l\u00e6rere og gode helse- og elevtjenester. Ved \u00e5 sikre en god skole, gir vi v\u00e5re barn et best mulig utgangspunkt for \u00e5 utvikle seg videre til studier og jobb. <\/p>\n\n\n\n<p>Innbyggerne skal v\u00e6re helt trygge p\u00e5 at H\u00f8yre anser skole som en prioritert oppgave. Skole koster penger, og Fredrikstad H\u00f8yre vil prioritere skole som sitt kjerneomr\u00e5de i budsjettene. V\u00e5r ambisjon er at Fredrikstadskolen skal v\u00e6re en av Norges beste skoler. For at vi skal komme dit, vil vi blant annet ruste opp skolebyggene som har v\u00e6rt fors\u00f8mt over lengre tid. Skolene v\u00e5re har i dag et stort behov for oppussing og vedlikehold.<\/p>\n<\/div><\/div><\/div>\n<\/div><\/div>\n\n\n\n<div class=\"wp-block-teft-accordion\"><div class=\"teft-accordion__inner\">\n<div class=\"wp-block-teft-item\"><div class=\"teft-item__inner\"><h4 class=\"toggle\">F\u00e5 orden p\u00e5 kommune\u00f8konomien &#8211; kommunal drift og organisering<\/h4><div class=\"teft-item__inner-content entry-content\">\n<p>Den daglige virksomheten skal ha fokus p\u00e5 \u00e5 service og tjenester av h\u00f8yest mulig kvalitet til innbyggerne innenfor viktige lovp\u00e5lagte omr\u00e5der som skole, oppvekst, barnevern, helse og omsorg. Prinsippet om \u00e5penhet i alle ledd skal v\u00e6re f\u00f8rende for v\u00e5r politikk.<\/p>\n\n\n\n<p>H\u00f8yres f\u00f8rende prinsipp for er at kommunen er til for innbyggerne &#8211; og ikke omvendt.<\/p>\n<\/div><\/div><\/div>\n<\/div><\/div>\n\n\n\n<div class=\"wp-block-teft-accordion\"><div class=\"teft-accordion__inner\">\n<div class=\"wp-block-teft-item\"><div class=\"teft-item__inner\"><h4 class=\"toggle\">N\u00e6ringslivet \u2013 vi vil bidra til \u00e5 skape flere jobber!<\/h4><div class=\"teft-item__inner-content entry-content\">\n<p>Fredrikstad H\u00f8yre mener at forutsigbare og gode rammebetingelser for n\u00e6ringslivet er viktig. Dette henger sammen med b\u00e6rekraftig og framtidsrettet arealpolitikk, god infrastruktur, og en kommune som har fokus p\u00e5 sin servicefunksjon overfor det lokale n\u00e6ringslivet. Det m\u00e5 v\u00e6re fokus p\u00e5 forenkling, forutsigbar, rask og effektiv saksbehandling fra kommunens side.<\/p>\n\n\n\n<p>Vi mener at jobb og kompetanse er n\u00f8kkelen til \u00e5 l\u00f8se problemer som fattigdom og sosiale ujevnheter. \u00c5 bidra til at det skapes flere jobber er derfor et av kjerneomr\u00e5dene til H\u00f8yre.<\/p>\n<\/div><\/div><\/div>\n<\/div><\/div>\n\n\n\n<div class=\"wp-block-teft-accordion\"><div class=\"teft-accordion__inner\">\n<div class=\"wp-block-teft-item\"><div class=\"teft-item__inner\"><h4 class=\"toggle\"><strong>Klima og milj\u00f8<\/strong><\/h4><div class=\"teft-item__inner-content entry-content\">\n<p>Et sunt og rent milj\u00f8, samt n\u00e6rhet til sj\u00f8 og natur er grunnleggende forutsetninger for trivsel og god folkehelse i kommunen v\u00e5r. H\u00f8yres ideologiske utgangspunkt er forvalteransvaret. Vi m\u00e5 etterlate kloden \u2013 i minst like god stand til v\u00e5re etterkommere. Det gr\u00f8nne skiftet m\u00e5 gjennomf\u00f8res i n\u00e6rmilj\u00f8et, etter prinsippet om \u00e5 tenke globalt og handle lokalt.<\/p>\n<\/div><\/div><\/div>\n<\/div><\/div>\n\n\n\n<div class=\"wp-block-teft-accordion\"><div class=\"teft-accordion__inner\">\n<div class=\"wp-block-teft-item\"><div class=\"teft-item__inner\"><h4 class=\"toggle\">By- og arealutvikling<\/h4><div class=\"teft-item__inner-content entry-content\">\n<p>Fredrikstad H\u00f8yre vil skape en helhetlig kommune med s\u00e6rpreg og identitet. Fredrikstad gjennomg\u00e5r en omfattende endring og utvikling. Denne veksten er sterkt \u00f8nsket, men gir oss samtidig mange utfordringer. Vi vil s\u00f8rge for at kommunen identifiserer hvem og hva som blir p\u00e5virket av de store endringene. Dette slik at de som blir ber\u00f8rt f\u00e5r en best mulig behandling. Dette inneb\u00e6rer ogs\u00e5 \u00e5 h\u00f8re mer p\u00e5 lokale krefter og lokalsamfunnene. Vi m\u00e5 sikre utbygging av eksisterende og nye n\u00e6rings- og boligomr\u00e5der i hele kommunen, samtidig som vi ivaretar prim\u00e6rn\u00e6ringens behov. Arealforvaltningen v\u00e5r m\u00e5 v\u00e6re framtidsrettet, effektiv og m\u00e5 sees i et generasjonsperspektiv. H\u00f8yre setter mennesket i sentrum, gjennom \u00e5 sikre god arealutnyttelse i hele kommunen.<\/p>\n\n\n\n<p>Fredrikstad H\u00f8yre vil tydeliggj\u00f8re at FNs b\u00e6rekraftsm\u00e5l ligger til grunn for plansystemet i Fredrikstad, og ha en tydelig kobling til langsiktige utviklingsm\u00e5l og m\u00e5l for utviklingsomr\u00e5dene. Plansystemet skal v\u00e6re kunnskaps- og partnerskapsbasert. Plansystemet skal utvikles i et helhetlig perspektiv, der tverrfaglighet og samhandling mellom forvaltningsniv\u00e5et og interesser blir ivaretatt.<\/p>\n\n\n\n<p>Universell utforming skal ligge til grunn for all regional planlegging i Fredrikstad.<\/p>\n<\/div><\/div><\/div>\n<\/div><\/div>\n\n\n\n<div class=\"wp-block-teft-accordion\"><div class=\"teft-accordion__inner\">\n<div class=\"wp-block-teft-item\"><div class=\"teft-item__inner\"><h4 class=\"toggle\">Helse, omsorg og frivillighet<\/h4><div class=\"teft-item__inner-content entry-content\">\n<p>I Fredrikstad skal innbyggerne oppleve tilh\u00f8righet, trygghet og inkludering. Kommunen skal stimulere alle innbyggere til \u00e5 ta i bruk sine ressurser for \u00e5 ta et st\u00f8rre ansvar for egen helse. H\u00f8yres m\u00e5l er at alle skal f\u00e5 gode og verdige omsorgstjenester med h\u00f8y kvalitet og tilstrekkelig kapasitet. Systemene m\u00e5 v\u00e6re gode slik at de som trenger hjelp, skal f\u00e5 den hjelpen de trenger. All skal v\u00e6re trygge p\u00e5 at de f\u00e5r tjenester av god kvalitet Vi \u00f8nsker at alle skal kunne bo hjemme lengst mulig, fordi det er dokumentert at dette har best helseeffekt. <\/p>\n\n\n\n<p>Vi \u00f8nsker ogs\u00e5 at kommunen skal legge til rette for ulike boformer for eldre, pleietrengende, og personer med spesielle behov.<\/p>\n<\/div><\/div><\/div>\n<\/div><\/div>\n\n\n\n<div class=\"wp-block-teft-accordion\"><div class=\"teft-accordion__inner\">\n<div class=\"wp-block-teft-item\"><div class=\"teft-item__inner\"><h4 class=\"toggle\">Samferdsel<\/h4><div class=\"teft-item__inner-content entry-content\">\n<p>Byene rundt hovedstadsomr\u00e5det kommer til \u00e5 vokse betydelig de n\u00e6rmeste ti\u00e5rene. Vekst er positivt fordi det gir vitalitet og ressurser til byen, men det er avgj\u00f8rende at vi klarer \u00e5 utnytte dette effektivt og p\u00e5 riktig m\u00e5te. Arealer, veier og offentlige servicetilbud m\u00e5 utnyttes mer effektivt enn i dag. Det m\u00e5 ogs\u00e5 tas hensyn til byens parkeringsutfordringer.<\/p>\n<\/div><\/div><\/div>\n<\/div><\/div>\n\n\n\n<div class=\"wp-block-teft-accordion\"><div class=\"teft-accordion__inner\">\n<div class=\"wp-block-teft-item\"><div class=\"teft-item__inner\"><h4 class=\"toggle\">Kultur, idrett, friluftsliv og turisme<\/h4><div class=\"teft-item__inner-content entry-content\">\n<p>Kommunen skal v\u00e6re tilrettelegger for innbyggernes aktiviteter p\u00e5 omr\u00e5dene, og skal f\u00f8rst og fremst prioritere \u00e5 gi st\u00f8tte til smalere kulturtiltak og tiltak som rettes mot barn og unge. Vi vil legge til rette for at Fredrikstad skal ha et rikt idretts- og organisasjonsliv. Derfor vil vi s\u00f8rge for a\u030a ha et godt vedlikehold av kommunens anlegg, med fokus pa\u030a fornuftig og fremtidsrettet bruk av kommunens hall og banekapasitet.<br>Fredrikstad har en rik historie med mange kulturminner som vi ma\u030a ta vare pa\u030a, og gj\u00f8re mer tilgjengelige. Gamlebyen er byens st\u00f8rste attraksjon. Det er viktig at Gamlebyen fortsetter a\u030a v\u00e6re en levende og attraktiv bydel, som ogs\u00e5 skal inspirere andre bydeler til \u00e5 bli kulturb\u00e6rere og formidle byens historie.<\/p>\n<\/div><\/div><\/div>\n<\/div><\/div>\n\n\n\n<div class=\"wp-block-teft-accordion\"><div class=\"teft-accordion__inner\">\n<div class=\"wp-block-teft-item\"><div class=\"teft-item__inner\"><h4 class=\"toggle\">Landbruk, skogbruk og fiske<\/h4><div class=\"teft-item__inner-content entry-content\">\n<p>I st\u00f8rre grad enn mange andre kommuner har Fredrikstad en levende og viktig prim\u00e6rn\u00e6ring \u00e5 ta vare p\u00e5. For framtidas skyld m\u00e5 vi sikre og legge til rette for en utvikling av matproduksjon v\u00e5r b\u00e5de fra fjorden og fra landbruket. Skogene m\u00e5 driftes p\u00e5 en god m\u00e5te, der vi tar vare p\u00e5 gammelskogens \u00f8kosystemer, samtidig som vi legger til rette for forretningsmessig drift. Vi har, i fellesskap, ansvar for at kysten v\u00e5r, skogen v\u00e5r, landbruksomr\u00e5dene og de bymessige str\u00f8kene f\u00e5r utvikle seg framtidsrettet med et generasjonsperspektiv. Vi skal ta vare p\u00e5 og revitalisere Oslofjorden, og vi m\u00e5 sikre matjorden og driften av skogen.<\/p>\n<\/div><\/div><\/div>\n<\/div><\/div>\n\n\n\n<div class=\"wp-block-teft-file icon-link-block\"><a href=\"https:\/\/hoyre.no\/content\/uploads\/sites\/194\/2022\/11\/program_2023.pdf\" download><span class=\"file-title\">Last ned v\u00e5rt program for 2023-2027 her<\/span><span class=\"file-name\"><\/span><\/a><\/div>\n\n","protected":false},"excerpt":{"rendered":"","protected":false},"author":51320,"featured_media":0,"parent":0,"menu_order":0,"comment_status":"closed","ping_status":"closed","template":"","meta":{"teft_cards_image_url":"","teft_cards_custom_pretitle":"","teft_cards_image_id":675,"teft_cards_image_focal_point_x":0.64,"teft_cards_image_focal_point_y":0.54,"teft_cards_title":"","teft_cards_excerpt":"","teft_show_chapters":false,"footnotes":""},"class_list":["post-987","page","type-page","status-publish","hentry"],"yoast_head":"<!-- This site is optimized with the Yoast SEO plugin v26.6 - https:\/\/yoast.com\/wordpress\/plugins\/seo\/ -->\n<title>Politikk - Fredrikstad H\u00f8yre<\/title>\n<meta name=\"robots\" content=\"index, follow, max-snippet:-1, max-image-preview:large, max-video-preview:-1\" \/>\n<link rel=\"canonical\" href=\"https:\/\/hoyre.no\/fredrikstad\/politikk\/\" \/>\n<meta property=\"og:locale\" content=\"nb_NO\" \/>\n<meta property=\"og:type\" content=\"article\" \/>\n<meta property=\"og:title\" content=\"Politikk - Fredrikstad H\u00f8yre\" \/>\n<meta property=\"og:url\" content=\"https:\/\/hoyre.no\/fredrikstad\/politikk\/\" \/>\n<meta property=\"og:site_name\" content=\"Fredrikstad H\u00f8yre\" \/>\n<meta property=\"article:modified_time\" content=\"2023-05-07T12:44:06+00:00\" \/>\n<meta property=\"og:image\" content=\"https:\/\/hoyre.no\/content\/uploads\/sites\/194\/2022\/11\/310011904_1157445008519742_7043521709283662558_n-1024x768.jpg\" \/>\n<meta name=\"twitter:card\" content=\"summary_large_image\" \/>\n<meta name=\"twitter:label1\" content=\"Ansl. lesetid\" \/>\n\t<meta name=\"twitter:data1\" content=\"8 minutter\" \/>\n<script type=\"application\/ld+json\" class=\"yoast-schema-graph\">{\"@context\":\"https:\/\/schema.org\",\"@graph\":[{\"@type\":\"WebPage\",\"@id\":\"https:\/\/hoyre.no\/fredrikstad\/politikk\/\",\"url\":\"https:\/\/hoyre.no\/fredrikstad\/politikk\/\",\"name\":\"Politikk - Fredrikstad H\u00f8yre\",\"isPartOf\":{\"@id\":\"https:\/\/hoyre.no\/fredrikstad\/#website\"},\"datePublished\":\"2023-05-02T10:47:10+00:00\",\"dateModified\":\"2023-05-07T12:44:06+00:00\",\"breadcrumb\":{\"@id\":\"https:\/\/hoyre.no\/fredrikstad\/politikk\/#breadcrumb\"},\"inLanguage\":\"nb-NO\",\"potentialAction\":[{\"@type\":\"ReadAction\",\"target\":[\"https:\/\/hoyre.no\/fredrikstad\/politikk\/\"]}]},{\"@type\":\"BreadcrumbList\",\"@id\":\"https:\/\/hoyre.no\/fredrikstad\/politikk\/#breadcrumb\",\"itemListElement\":[{\"@type\":\"ListItem\",\"position\":1,\"name\":\"Til hoyre.no\",\"item\":\"https:\/\/hoyre.no\"},{\"@type\":\"ListItem\",\"position\":2,\"name\":\"Hjem\",\"item\":\"https:\/\/hoyre.no\/fredrikstad\/\"},{\"@type\":\"ListItem\",\"position\":3,\"name\":\"Politikk\"}]},{\"@type\":\"WebSite\",\"@id\":\"https:\/\/hoyre.no\/fredrikstad\/#website\",\"url\":\"https:\/\/hoyre.no\/fredrikstad\/\",\"name\":\"Fredrikstad H\u00f8yre\",\"description\":\"Bare enda et H\u00f8yres nettsteder-nettsted\",\"inLanguage\":\"nb-NO\"}]}<\/script>\n<!-- \/ Yoast SEO plugin. -->","yoast_head_json":{"title":"Politikk - Fredrikstad H\u00f8yre","robots":{"index":"index","follow":"follow","max-snippet":"max-snippet:-1","max-image-preview":"max-image-preview:large","max-video-preview":"max-video-preview:-1"},"canonical":"https:\/\/hoyre.no\/fredrikstad\/politikk\/","og_locale":"nb_NO","og_type":"article","og_title":"Politikk - Fredrikstad H\u00f8yre","og_url":"https:\/\/hoyre.no\/fredrikstad\/politikk\/","og_site_name":"Fredrikstad H\u00f8yre","article_modified_time":"2023-05-07T12:44:06+00:00","og_image":[{"url":"https:\/\/hoyre.no\/content\/uploads\/sites\/194\/2022\/11\/310011904_1157445008519742_7043521709283662558_n-1024x768.jpg","width":"","height":"","type":""}],"twitter_card":"summary_large_image","twitter_misc":{"Ansl. lesetid":"8 minutter"},"schema":{"@context":"https:\/\/schema.org","@graph":[{"@type":"WebPage","@id":"https:\/\/hoyre.no\/fredrikstad\/politikk\/","url":"https:\/\/hoyre.no\/fredrikstad\/politikk\/","name":"Politikk - Fredrikstad H\u00f8yre","isPartOf":{"@id":"https:\/\/hoyre.no\/fredrikstad\/#website"},"datePublished":"2023-05-02T10:47:10+00:00","dateModified":"2023-05-07T12:44:06+00:00","breadcrumb":{"@id":"https:\/\/hoyre.no\/fredrikstad\/politikk\/#breadcrumb"},"inLanguage":"nb-NO","potentialAction":[{"@type":"ReadAction","target":["https:\/\/hoyre.no\/fredrikstad\/politikk\/"]}]},{"@type":"BreadcrumbList","@id":"https:\/\/hoyre.no\/fredrikstad\/politikk\/#breadcrumb","itemListElement":[{"@type":"ListItem","position":1,"name":"Til hoyre.no","item":"https:\/\/hoyre.no"},{"@type":"ListItem","position":2,"name":"Hjem","item":"https:\/\/hoyre.no\/fredrikstad\/"},{"@type":"ListItem","position":3,"name":"Politikk"}]},{"@type":"WebSite","@id":"https:\/\/hoyre.no\/fredrikstad\/#website","url":"https:\/\/hoyre.no\/fredrikstad\/","name":"Fredrikstad H\u00f8yre","description":"Bare enda et H\u00f8yres nettsteder-nettsted","inLanguage":"nb-NO"}]}},"distributor_meta":false,"distributor_terms":false,"distributor_media":false,"distributor_original_site_name":"Fredrikstad H\u00f8yre","distributor_original_site_url":"https:\/\/hoyre.no\/fredrikstad","push-errors":false,"_links":{"self":[{"href":"https:\/\/hoyre.no\/fredrikstad\/wp-json\/wp\/v2\/pages\/987","targetHints":{"allow":["GET"]}}],"collection":[{"href":"https:\/\/hoyre.no\/fredrikstad\/wp-json\/wp\/v2\/pages"}],"about":[{"href":"https:\/\/hoyre.no\/fredrikstad\/wp-json\/wp\/v2\/types\/page"}],"author":[{"embeddable":true,"href":"https:\/\/hoyre.no\/fredrikstad\/wp-json\/wp\/v2\/users\/51320"}],"replies":[{"embeddable":true,"href":"https:\/\/hoyre.no\/fredrikstad\/wp-json\/wp\/v2\/comments?post=987"}],"version-history":[{"count":9,"href":"https:\/\/hoyre.no\/fredrikstad\/wp-json\/wp\/v2\/pages\/987\/revisions"}],"predecessor-version":[{"id":1034,"href":"https:\/\/hoyre.no\/fredrikstad\/wp-json\/wp\/v2\/pages\/987\/revisions\/1034"}],"wp:attachment":[{"href":"https:\/\/hoyre.no\/fredrikstad\/wp-json\/wp\/v2\/media?parent=987"}],"curies":[{"name":"wp","href":"https:\/\/api.w.org\/{rel}","templated":true}]}}