{"id":105,"date":"2023-07-18T09:22:33","date_gmt":"2023-07-18T07:22:33","guid":{"rendered":"https:\/\/hoyre.no\/gjerstad\/?page_id=105"},"modified":"2023-07-18T09:22:34","modified_gmt":"2023-07-18T07:22:34","slug":"steinar-pedersen-var-ordforerkandidat","status":"publish","type":"page","link":"https:\/\/hoyre.no\/gjerstad\/steinar-pedersen-var-ordforerkandidat\/","title":{"rendered":"Steinar Pedersen &#8211; v\u00e5r ordf\u00f8rerkandidat"},"content":{"rendered":"\n<div class=\"wp-block-hoyre-hero with-image-gradient text-color-light  has-media alignfull has-background\"><div class=\"hoyre-hero has-image\"><h1 class=\"title\">Bli kjent med Steinar<\/h1><p class=\"preamble\">Ordf\u00f8rer i Gjerstad og Gjerstad H\u00f8yres ordf\u00f8rerkandidat<\/p>\t\t\t<div class=\"post-meta wp-block teft-byline-wrapper\">\n\t\t\t\t<div class=\"top\">\n\t\t\t\t\t<div class=\"signature\">\n\t\t\t\t\t\t<div class=\"teft-byline\">\n\t\t\t\t\t\t\t\t\t\t\t\t\t\t<div>\n\t\t\t\t\t\t\t\t<h3>H\u00f8yres redaksjon<\/h3>\t\t\t\t\t\t\t\t\n\t\t\t\t\t\t\t\t\t\t\t\t\t\t\t\t\t<span class=\"date\">Sist oppdatert: 18. juli 2023<\/span>\n\t\t\t\t\t\t\t\t\t\t\t\t\t\t\t\t\t\t\t\t\t\t\t\t\t<span class=\"reading-time\" itemprop=\"timeRequired\" content=\"PT3M\"><em>Ca. 3 minutter lesetid<\/em><\/span>\n\t\t\t\t\t\t\t\t\t\t\t\t\t\t\t<\/div>\n\t\t\t\t\t\t<\/div>\n\t\t\t\t\t<\/div>\n\t\t\t\t\t\t<div class=\"sharing\">\n\t\t<a class=\"share-button share-link copy-link\" data-copy=\"https:\/\/hoyre.no\/gjerstad\/steinar-pedersen-var-ordforerkandidat\/\" target=\"_blank\"><span class=\"screen-reader-text\">Del link<\/span><\/a>\n\t\t<a class=\"share-button share-twitter\" href=\"http:\/\/twitter.com\/share?text=Steinar Pedersen &#8211; v\u00e5r ordf\u00f8rerkandidat&#038;url=https:\/\/hoyre.no\/gjerstad\/steinar-pedersen-var-ordforerkandidat\/&#038;hashtags=Hoyre\" target=\"_blank\"><span class=\"screen-reader-text\">Del p\u00e5 twitter<\/span><\/a>\n\t\t<a class=\"share-button share-facebook\" href=\"https:\/\/www.facebook.com\/sharer\/sharer.php?u=https:\/\/hoyre.no\/gjerstad\/steinar-pedersen-var-ordforerkandidat\/\" target=\"_blank\"><span class=\"screen-reader-text\">Del p\u00e5 facebook<\/span><\/a>\n\t<\/div>\n\t\t\t\t\t<\/div>\n\t\t\t<\/div>\n\n\t\t\t<figure class=\"hoyre-image-wrapper\"><div class=\"hoyre-image\"><img loading=\"lazy\" decoding=\"async\" width=\"1536\" height=\"2048\" src=\"https:\/\/hoyre.no\/content\/uploads\/sites\/33\/2023\/07\/IMG_0391-1.jpg\" class=\"attachment-scaled size-scaled\" alt=\"Steinar Pedersen\" style=\"object-position: 49% 32%\" srcset=\"https:\/\/hoyre.no\/content\/uploads\/sites\/33\/2023\/07\/IMG_0391-1.jpg 1536w, https:\/\/hoyre.no\/content\/uploads\/sites\/33\/2023\/07\/IMG_0391-1-225x300.jpg 225w, https:\/\/hoyre.no\/content\/uploads\/sites\/33\/2023\/07\/IMG_0391-1-768x1024.jpg 768w, https:\/\/hoyre.no\/content\/uploads\/sites\/33\/2023\/07\/IMG_0391-1-1152x1536.jpg 1152w\" sizes=\"auto, (max-width: 1536px) 100vw, 1536px\" \/><\/div><\/figure><\/div><\/div>\n\n\n\n\n<div class=\"wp-block-buttons is-content-justification-center is-layout-flex wp-container-core-buttons-is-layout-16018d1d wp-block-buttons-is-layout-flex\">\n<div class=\"wp-block-button\"><a class=\"wp-block-button__link\" href=\"https:\/\/hoyre.no\/nyhetsbrev\/\">abonner p\u00e5 h\u00f8yres nyhetsbrev<\/a><\/div>\n\n\n\n<div class=\"wp-block-button\"><a class=\"wp-block-button__link\" href=\"https:\/\/www.facebook.com\/steinar.pedersen.509\">F\u00f8lg Steinar p\u00e5 Facebook<\/a><\/div>\n\n\n\n<div class=\"wp-block-button\"><a class=\"wp-block-button__link\" href=\"https:\/\/www.facebook.com\/gjerstadhoyre\">f\u00f8lg Gjerstad h\u00f8yre p\u00e5 facebook<\/a><\/div>\n<\/div>\n\n\n\n<div class=\"wp-block-hoyre-banner undefined has-icon-title icon-heart is-style-blue\"><div class=\"banner-inner\"><div class=\"banner-content\"><div class=\"entry-content\">\n<h2 class=\"has-text-align-center wp-block-heading\" id=\"h-bli-bedre-kjent-med-navn\">Bli bedre kjent med Steinar!<\/h2>\n\n\n\n<p class=\"has-text-align-left\"><strong>Alder:<\/strong> 54 \u00e5r<\/p>\n\n\n\n<p class=\"has-text-align-left\"><strong>Bosted:<\/strong> Gjerstad<\/p>\n\n\n\n<p class=\"has-text-align-left\"><strong>Sivilstatus:<\/strong> S\u00e6rboer<\/p>\n\n\n\n<p class=\"has-text-align-left\"><strong>Jobb:<\/strong> Ordf\u00f8rer i Gjerstad<\/p>\n\n\n\n<p class=\"has-text-align-left\"><strong>Bakgrunn:<\/strong> Bedriftsleder siste 30 \u00e5r<\/p>\n\n\n\n<p class=\"has-text-align-left\"><strong>Politisk erfaring:<\/strong> 8 \u00e5r i kommunestyret, 4 \u00e5r i formannskap og 2 \u00e5r som ordf\u00f8rer<\/p>\n\n\n\n<p class=\"has-text-align-left\"><strong>Hvorfor er H\u00f8yre rett parti for deg?<\/strong> Fordi vi setter enkeltmennesket foran systemet<\/p>\n\n\n\n<p class=\"has-text-align-left\"><strong>Det er l\u00f8rdag, klokka n\u00e6rmer seg 19.00. Hva spiser du helst til middag?<\/strong> Det beste er det en lager sammen med andre<\/p>\n\n\n\n<p class=\"has-text-align-left\"><strong>Konsert eller idrettsarrangement?<\/strong> Konsert<\/p>\n\n\n\n<p class=\"has-text-align-left\"><strong>Hvis du skulle valgt en, hva er din favorittartist?<\/strong> Akkurat n\u00e5 Iam Tongi<\/p>\n\n\n\n<p class=\"has-text-align-left\"><strong>Funfact?<\/strong> Har danset riverdans p\u00e5 scenen foran 600 mennesker<\/p>\n\n\n\n<p class=\"has-text-align-left\"><strong>Hva er din favorittplass i kommunen og utenfor kommunen?<\/strong>\u00a0Min favorittplass er Vest\u00f8l der det er s\u00e5 stille og fredelig. Utenfor landets grenser er det nok USA som trekker mest.<\/p>\n\n\n\n<div class=\"wp-block-buttons is-layout-flex wp-block-buttons-is-layout-flex\"><\/div>\n<\/div><\/div><\/div><\/div>\n\n\n\n\n<div class=\"wp-block-teft-accentuated-link undefined has-image\"><div class=\"kf-link__wrapper\"><div class=\"kf-link__tagline\"><\/div><a class=\"kf-link__link\" href=\"https:\/\/hoyre.no\/personprofiler\/steinar-pedersen\/\" rel=\"noreferrer noopener\" target=\"_blank\">Kom i kontakt med Steinar Pedersen<span class=\"kf-link__link-source\">hoyre.no<\/span><\/a><\/div><figure class=\"hoyre-image-wrapper\"><div class=\"hoyre-image\"><img loading=\"lazy\" decoding=\"async\" width=\"1536\" height=\"2048\" src=\"https:\/\/hoyre.no\/content\/uploads\/sites\/33\/2023\/07\/IMG_0391-1.jpg\" class=\"attachment-scaled size-scaled\" alt=\"Steinar Pedersen\" style=\"object-position: 51% 16%\" srcset=\"https:\/\/hoyre.no\/content\/uploads\/sites\/33\/2023\/07\/IMG_0391-1.jpg 1536w, https:\/\/hoyre.no\/content\/uploads\/sites\/33\/2023\/07\/IMG_0391-1-225x300.jpg 225w, https:\/\/hoyre.no\/content\/uploads\/sites\/33\/2023\/07\/IMG_0391-1-768x1024.jpg 768w, https:\/\/hoyre.no\/content\/uploads\/sites\/33\/2023\/07\/IMG_0391-1-1152x1536.jpg 1152w\" sizes=\"auto, (max-width: 1536px) 100vw, 1536px\" \/><\/div><\/figure><\/div>\n\n\n\n<figure class=\"wp-block-teft-gallery columns-2 count-2 rows-2 is-cropped\"><ul class=\"teft-gallery-grid\"><li class=\"teft-gallery-item \"><figure><a href=\"https:\/\/hoyre.no\/content\/uploads\/sites\/33\/2023\/07\/IMG_0391-1.jpg\" data-size=\"1536x2048\"><img loading=\"lazy\" decoding=\"async\" width=\"768\" height=\"1024\" src=\"https:\/\/hoyre.no\/content\/uploads\/sites\/33\/2023\/07\/IMG_0391-1-768x1024.jpg\" class=\"attachment-large size-large\" alt=\"Steinar Pedersen\" srcset=\"https:\/\/hoyre.no\/content\/uploads\/sites\/33\/2023\/07\/IMG_0391-1-768x1024.jpg 768w, https:\/\/hoyre.no\/content\/uploads\/sites\/33\/2023\/07\/IMG_0391-1-225x300.jpg 225w, https:\/\/hoyre.no\/content\/uploads\/sites\/33\/2023\/07\/IMG_0391-1-1152x1536.jpg 1152w, https:\/\/hoyre.no\/content\/uploads\/sites\/33\/2023\/07\/IMG_0391-1.jpg 1536w\" sizes=\"auto, (max-width: 768px) 100vw, 768px\" \/ data-full-url=\"https:\/\/hoyre.no\/content\/uploads\/sites\/33\/2023\/07\/IMG_0391-1.jpg\" data-id=\"70\" data-caption=\"70\"\/><\/a><\/figure><\/li><li class=\"teft-gallery-item \"><figure><a href=\"https:\/\/hoyre.no\/content\/uploads\/sites\/33\/2023\/06\/IMG_0417.jpg\" data-size=\"2048x1535\"><img loading=\"lazy\" decoding=\"async\" width=\"1024\" height=\"768\" src=\"https:\/\/hoyre.no\/content\/uploads\/sites\/33\/2023\/06\/IMG_0417-1024x768.jpg\" class=\"attachment-large size-large\" alt=\"H\u00f8yres listekandidater\" srcset=\"https:\/\/hoyre.no\/content\/uploads\/sites\/33\/2023\/06\/IMG_0417-1024x768.jpg 1024w, https:\/\/hoyre.no\/content\/uploads\/sites\/33\/2023\/06\/IMG_0417-300x225.jpg 300w, https:\/\/hoyre.no\/content\/uploads\/sites\/33\/2023\/06\/IMG_0417-768x576.jpg 768w, https:\/\/hoyre.no\/content\/uploads\/sites\/33\/2023\/06\/IMG_0417-1536x1151.jpg 1536w, https:\/\/hoyre.no\/content\/uploads\/sites\/33\/2023\/06\/IMG_0417.jpg 2048w\" sizes=\"auto, (max-width: 1024px) 100vw, 1024px\" \/ data-full-url=\"https:\/\/hoyre.no\/content\/uploads\/sites\/33\/2023\/06\/IMG_0417.jpg\" data-id=\"45\" data-caption=\"45\"\/><\/a><\/figure><\/li><\/ul><\/figure>\n\n\n\n<h1 class=\"has-text-align-center wp-block-heading\">Steinars hjertesak<\/h1>\n\n\n\n<h3 class=\"wp-block-heading\">Ja til en positiv fremtid med muligheter for alle<\/h3>\n\n\n\n<p>Jeg \u00f8nsker \u00e5 fronte Gjerstads positive sider fremfor de negative. La oss sammen fremst\u00e5 som JA-mennesker!<\/p>\n\n\n\n<p>Sammen med dyktige, allsidige og engasjerte listekandidater, med erfaringer fra en rekke fagomr\u00e5der, skal H\u00f8yre bidra med nye ideer og bedre l\u00f8sninger for Gjerstad!<\/p>\n\n\n\n<p>Jeg \u00f8nsker \u00e5 v\u00e6re en ordf\u00f8rer for hele bygda og for hele kommunestyret. Partipolitikk er av mindre betydning i en liten kommune som v\u00e5r. En stemme p\u00e5 H\u00f8yre vil styrke et tverrpolitisk samarbeid.<\/p>\n\n\n\n<p>Jeg har n\u00e5 to \u00e5rs erfaring i min \u00abpr\u00f8vetid\u00bb som ordf\u00f8rer. I denne tiden har jeg f\u00e5tt et bredt og viktig kontaktnett i regionen og inn mot sentrale myndigheter. Skulle jeg f\u00e5 tillit til \u00e5 fortsette i vervet vil denne erfaringen ha stor betydning, da jeg kan v\u00e6re effektiv fra f\u00f8rste dag. Det vil ogs\u00e5 sikre kontinuitet i prosjekter og tiltak som allerede er igangsatt.<\/p>\n\n\n\n<p>Har du tro p\u00e5 at jeg som ordf\u00f8rer kan bidra til \u00e5 f\u00e5 frem nye ideer og lede arbeidet med \u00e5 utvikle hele bygda v\u00e5r videre, og ikke minst gjennomf\u00f8re det som blir vedtatt? Da h\u00e5per jeg du velger H\u00f8yres stemmeseddel ved valget. En slengstemme er en hyggelig gest, men har ingen betydning for ordf\u00f8rervalget. Da er det kun partistemmer som teller.<\/p>\n\n\n\n<div class=\"wp-block-hoyre-banner alignwide undefined  is-style-blue\"><div class=\"banner-inner\"><figure class=\"hoyre-image-wrapper\"><div class=\"hoyre-image\"><img loading=\"lazy\" decoding=\"async\" width=\"1536\" height=\"2048\" src=\"https:\/\/hoyre.no\/content\/uploads\/sites\/33\/2023\/07\/IMG_0391-1.jpg\" class=\"attachment-scaled size-scaled\" alt=\"Steinar Pedersen\" style=\"object-position: 50% 23%\" srcset=\"https:\/\/hoyre.no\/content\/uploads\/sites\/33\/2023\/07\/IMG_0391-1.jpg 1536w, https:\/\/hoyre.no\/content\/uploads\/sites\/33\/2023\/07\/IMG_0391-1-225x300.jpg 225w, https:\/\/hoyre.no\/content\/uploads\/sites\/33\/2023\/07\/IMG_0391-1-768x1024.jpg 768w, https:\/\/hoyre.no\/content\/uploads\/sites\/33\/2023\/07\/IMG_0391-1-1152x1536.jpg 1152w\" sizes=\"auto, (max-width: 1536px) 100vw, 1536px\" \/><\/div><\/figure><div class=\"banner-content\"><div class=\"entry-content\">\n<h2 class=\"wp-block-heading\" id=\"h-ti-gode-grunner\">Kom i kontakt med Steinar<\/h2>\n\n\n\n<ul class=\"wp-block-list\"><li>E-post: <a href=\"mailto:steinar.pedersen@gjerstad.kommune.no\">steinar.pedersen@gjerstad.kommune.no<\/a><\/li><li>Telefon: 906 65 921<\/li><\/ul>\n\n\n\n<div class=\"wp-block-buttons is-layout-flex wp-block-buttons-is-layout-flex\">\n<div class=\"wp-block-button\"><a class=\"wp-block-button__link\" href=\"https:\/\/www.facebook.com\/steinar.pedersen.509\">F\u00d8LG Steinar P\u00c5 FACEBOOK<\/a><\/div>\n<\/div>\n<\/div><\/div><\/div><\/div>\n","protected":false},"excerpt":{"rendered":"<p>Steinars hjertesak Ja til en positiv fremtid med muligheter for alle Jeg \u00f8nsker \u00e5 fronte Gjerstads positive sider fremfor de negative. La oss sammen fremst\u00e5 som JA-mennesker! Sammen med dyktige, allsidige og engasjerte listekandidater, med erfaringer fra en rekke fagomr\u00e5der, skal H\u00f8yre bidra med nye ideer og bedre l\u00f8sninger for Gjerstad! Jeg \u00f8nsker \u00e5 v\u00e6re [&hellip;]<\/p>\n","protected":false},"author":347,"featured_media":0,"parent":0,"menu_order":0,"comment_status":"closed","ping_status":"closed","template":"","meta":{"teft_cards_image_url":"","teft_cards_custom_pretitle":"","teft_cards_image_id":70,"teft_cards_image_focal_point_x":0.48,"teft_cards_image_focal_point_y":0.25,"teft_cards_title":"","teft_cards_excerpt":"","teft_show_chapters":false,"footnotes":""},"class_list":["post-105","page","type-page","status-publish","hentry"],"yoast_head":"<!-- This site is optimized with the Yoast SEO plugin v26.6 - https:\/\/yoast.com\/wordpress\/plugins\/seo\/ -->\n<title>Steinar Pedersen - v\u00e5r ordf\u00f8rerkandidat - Gjerstad H\u00f8yre<\/title>\n<meta name=\"robots\" content=\"index, follow, max-snippet:-1, max-image-preview:large, max-video-preview:-1\" \/>\n<link rel=\"canonical\" href=\"https:\/\/hoyre.no\/gjerstad\/steinar-pedersen-var-ordforerkandidat\/\" \/>\n<meta property=\"og:locale\" content=\"nb_NO\" \/>\n<meta property=\"og:type\" content=\"article\" \/>\n<meta property=\"og:title\" content=\"Steinar Pedersen - v\u00e5r ordf\u00f8rerkandidat - Gjerstad H\u00f8yre\" \/>\n<meta property=\"og:description\" content=\"Steinars hjertesak Ja til en positiv fremtid med muligheter for alle Jeg \u00f8nsker \u00e5 fronte Gjerstads positive sider fremfor de negative. La oss sammen fremst\u00e5 som JA-mennesker! Sammen med dyktige, allsidige og engasjerte listekandidater, med erfaringer fra en rekke fagomr\u00e5der, skal H\u00f8yre bidra med nye ideer og bedre l\u00f8sninger for Gjerstad! Jeg \u00f8nsker \u00e5 v\u00e6re [&hellip;]\" \/>\n<meta property=\"og:url\" content=\"https:\/\/hoyre.no\/gjerstad\/steinar-pedersen-var-ordforerkandidat\/\" \/>\n<meta property=\"og:site_name\" content=\"Gjerstad H\u00f8yre\" \/>\n<meta property=\"article:modified_time\" content=\"2023-07-18T07:22:34+00:00\" \/>\n<meta property=\"og:image\" content=\"https:\/\/hoyre.no\/content\/uploads\/sites\/33\/2023\/07\/IMG_0391-1.jpg\" \/>\n\t<meta property=\"og:image:width\" content=\"1536\" \/>\n\t<meta property=\"og:image:height\" content=\"2048\" \/>\n\t<meta property=\"og:image:type\" content=\"image\/jpeg\" \/>\n<meta name=\"twitter:card\" content=\"summary_large_image\" \/>\n<meta name=\"twitter:label1\" content=\"Ansl. lesetid\" \/>\n\t<meta name=\"twitter:data1\" content=\"3 minutter\" \/>\n<script type=\"application\/ld+json\" class=\"yoast-schema-graph\">{\"@context\":\"https:\/\/schema.org\",\"@graph\":[{\"@type\":\"WebPage\",\"@id\":\"https:\/\/hoyre.no\/gjerstad\/steinar-pedersen-var-ordforerkandidat\/\",\"url\":\"https:\/\/hoyre.no\/gjerstad\/steinar-pedersen-var-ordforerkandidat\/\",\"name\":\"Steinar Pedersen - v\u00e5r ordf\u00f8rerkandidat - Gjerstad H\u00f8yre\",\"isPartOf\":{\"@id\":\"https:\/\/hoyre.no\/gjerstad\/#website\"},\"datePublished\":\"2023-07-18T07:22:33+00:00\",\"dateModified\":\"2023-07-18T07:22:34+00:00\",\"breadcrumb\":{\"@id\":\"https:\/\/hoyre.no\/gjerstad\/steinar-pedersen-var-ordforerkandidat\/#breadcrumb\"},\"inLanguage\":\"nb-NO\",\"potentialAction\":[{\"@type\":\"ReadAction\",\"target\":[\"https:\/\/hoyre.no\/gjerstad\/steinar-pedersen-var-ordforerkandidat\/\"]}]},{\"@type\":\"BreadcrumbList\",\"@id\":\"https:\/\/hoyre.no\/gjerstad\/steinar-pedersen-var-ordforerkandidat\/#breadcrumb\",\"itemListElement\":[{\"@type\":\"ListItem\",\"position\":1,\"name\":\"Til hoyre.no\",\"item\":\"https:\/\/hoyre.no\"},{\"@type\":\"ListItem\",\"position\":2,\"name\":\"Hjem\",\"item\":\"https:\/\/hoyre.no\/gjerstad\/\"},{\"@type\":\"ListItem\",\"position\":3,\"name\":\"Steinar Pedersen &#8211; v\u00e5r ordf\u00f8rerkandidat\"}]},{\"@type\":\"WebSite\",\"@id\":\"https:\/\/hoyre.no\/gjerstad\/#website\",\"url\":\"https:\/\/hoyre.no\/gjerstad\/\",\"name\":\"Gjerstad H\u00f8yre\",\"description\":\"Bare enda et H\u00f8yres nettsteder-nettsted\",\"inLanguage\":\"nb-NO\"}]}<\/script>\n<!-- \/ Yoast SEO plugin. -->","yoast_head_json":{"title":"Steinar Pedersen - v\u00e5r ordf\u00f8rerkandidat - Gjerstad H\u00f8yre","robots":{"index":"index","follow":"follow","max-snippet":"max-snippet:-1","max-image-preview":"max-image-preview:large","max-video-preview":"max-video-preview:-1"},"canonical":"https:\/\/hoyre.no\/gjerstad\/steinar-pedersen-var-ordforerkandidat\/","og_locale":"nb_NO","og_type":"article","og_title":"Steinar Pedersen - v\u00e5r ordf\u00f8rerkandidat - Gjerstad H\u00f8yre","og_description":"Steinars hjertesak Ja til en positiv fremtid med muligheter for alle Jeg \u00f8nsker \u00e5 fronte Gjerstads positive sider fremfor de negative. La oss sammen fremst\u00e5 som JA-mennesker! Sammen med dyktige, allsidige og engasjerte listekandidater, med erfaringer fra en rekke fagomr\u00e5der, skal H\u00f8yre bidra med nye ideer og bedre l\u00f8sninger for Gjerstad! Jeg \u00f8nsker \u00e5 v\u00e6re [&hellip;]","og_url":"https:\/\/hoyre.no\/gjerstad\/steinar-pedersen-var-ordforerkandidat\/","og_site_name":"Gjerstad H\u00f8yre","article_modified_time":"2023-07-18T07:22:34+00:00","og_image":[{"width":1536,"height":2048,"url":"https:\/\/hoyre.no\/content\/uploads\/sites\/33\/2023\/07\/IMG_0391-1.jpg","type":"image\/jpeg"}],"twitter_card":"summary_large_image","twitter_misc":{"Ansl. lesetid":"3 minutter"},"schema":{"@context":"https:\/\/schema.org","@graph":[{"@type":"WebPage","@id":"https:\/\/hoyre.no\/gjerstad\/steinar-pedersen-var-ordforerkandidat\/","url":"https:\/\/hoyre.no\/gjerstad\/steinar-pedersen-var-ordforerkandidat\/","name":"Steinar Pedersen - v\u00e5r ordf\u00f8rerkandidat - Gjerstad H\u00f8yre","isPartOf":{"@id":"https:\/\/hoyre.no\/gjerstad\/#website"},"datePublished":"2023-07-18T07:22:33+00:00","dateModified":"2023-07-18T07:22:34+00:00","breadcrumb":{"@id":"https:\/\/hoyre.no\/gjerstad\/steinar-pedersen-var-ordforerkandidat\/#breadcrumb"},"inLanguage":"nb-NO","potentialAction":[{"@type":"ReadAction","target":["https:\/\/hoyre.no\/gjerstad\/steinar-pedersen-var-ordforerkandidat\/"]}]},{"@type":"BreadcrumbList","@id":"https:\/\/hoyre.no\/gjerstad\/steinar-pedersen-var-ordforerkandidat\/#breadcrumb","itemListElement":[{"@type":"ListItem","position":1,"name":"Til hoyre.no","item":"https:\/\/hoyre.no"},{"@type":"ListItem","position":2,"name":"Hjem","item":"https:\/\/hoyre.no\/gjerstad\/"},{"@type":"ListItem","position":3,"name":"Steinar Pedersen &#8211; v\u00e5r ordf\u00f8rerkandidat"}]},{"@type":"WebSite","@id":"https:\/\/hoyre.no\/gjerstad\/#website","url":"https:\/\/hoyre.no\/gjerstad\/","name":"Gjerstad H\u00f8yre","description":"Bare enda et H\u00f8yres nettsteder-nettsted","inLanguage":"nb-NO"}]}},"distributor_meta":false,"distributor_terms":false,"distributor_media":false,"distributor_original_site_name":"Gjerstad H\u00f8yre","distributor_original_site_url":"https:\/\/hoyre.no\/gjerstad","push-errors":false,"_links":{"self":[{"href":"https:\/\/hoyre.no\/gjerstad\/wp-json\/wp\/v2\/pages\/105","targetHints":{"allow":["GET"]}}],"collection":[{"href":"https:\/\/hoyre.no\/gjerstad\/wp-json\/wp\/v2\/pages"}],"about":[{"href":"https:\/\/hoyre.no\/gjerstad\/wp-json\/wp\/v2\/types\/page"}],"author":[{"embeddable":true,"href":"https:\/\/hoyre.no\/gjerstad\/wp-json\/wp\/v2\/users\/347"}],"replies":[{"embeddable":true,"href":"https:\/\/hoyre.no\/gjerstad\/wp-json\/wp\/v2\/comments?post=105"}],"version-history":[{"count":1,"href":"https:\/\/hoyre.no\/gjerstad\/wp-json\/wp\/v2\/pages\/105\/revisions"}],"predecessor-version":[{"id":106,"href":"https:\/\/hoyre.no\/gjerstad\/wp-json\/wp\/v2\/pages\/105\/revisions\/106"}],"wp:attachment":[{"href":"https:\/\/hoyre.no\/gjerstad\/wp-json\/wp\/v2\/media?parent=105"}],"curies":[{"name":"wp","href":"https:\/\/api.w.org\/{rel}","templated":true}]}}