{"id":108,"date":"2023-07-18T09:36:36","date_gmt":"2023-07-18T07:36:36","guid":{"rendered":"https:\/\/hoyre.no\/gjerstad\/?page_id=108"},"modified":"2023-07-18T09:46:48","modified_gmt":"2023-07-18T07:46:48","slug":"fem-gode-grunner-til-a-stemme-hoyre","status":"publish","type":"page","link":"https:\/\/hoyre.no\/gjerstad\/fem-gode-grunner-til-a-stemme-hoyre\/","title":{"rendered":"Fem gode grunner til \u00e5 stemme H\u00f8yre"},"content":{"rendered":"\n<div class=\"wp-block-hoyre-hero with-image-gradient text-color-light  has-media alignfull has-background\"><div class=\"hoyre-hero has-image\"><h1 class=\"title\">Fem gode grunner til \u00e5 stemme H\u00f8yre i Gjerstad<\/h1><figure class=\"hoyre-image-wrapper\"><div class=\"hoyre-image\"><img loading=\"lazy\" decoding=\"async\" width=\"1500\" height=\"1125\" src=\"https:\/\/hoyre.no\/content\/uploads\/sites\/33\/2023\/07\/2015-04-13-kirkebygda-01.jpg\" class=\"attachment-scaled size-scaled\" alt=\"\" style=\"object-position: 50% 50%\" srcset=\"https:\/\/hoyre.no\/content\/uploads\/sites\/33\/2023\/07\/2015-04-13-kirkebygda-01.jpg 1500w, https:\/\/hoyre.no\/content\/uploads\/sites\/33\/2023\/07\/2015-04-13-kirkebygda-01-300x225.jpg 300w, https:\/\/hoyre.no\/content\/uploads\/sites\/33\/2023\/07\/2015-04-13-kirkebygda-01-1024x768.jpg 1024w, https:\/\/hoyre.no\/content\/uploads\/sites\/33\/2023\/07\/2015-04-13-kirkebygda-01-768x576.jpg 768w\" sizes=\"auto, (max-width: 1500px) 100vw, 1500px\" \/><\/div><\/figure><\/div><\/div>\n\n\n\n\n\n\n\n<div class=\"wp-block-media-text alignwide is-stacked-on-mobile is-image-fill\"><figure class=\"wp-block-media-text__media\" style=\"background-image:url('https:\/\/hoyre.no\/content\/uploads\/sites\/33\/2023\/07\/GettyImages-983478482-1024x683.jpg');background-position:50% 50%\"><img loading=\"lazy\" decoding=\"async\" width=\"1024\" height=\"683\" src=\"https:\/\/hoyre.no\/content\/uploads\/sites\/33\/2023\/07\/GettyImages-983478482-1024x683.jpg\" alt=\"\" class=\"wp-image-109 size-full\" srcset=\"https:\/\/hoyre.no\/content\/uploads\/sites\/33\/2023\/07\/GettyImages-983478482-1024x683.jpg 1024w, https:\/\/hoyre.no\/content\/uploads\/sites\/33\/2023\/07\/GettyImages-983478482-300x200.jpg 300w, https:\/\/hoyre.no\/content\/uploads\/sites\/33\/2023\/07\/GettyImages-983478482-768x512.jpg 768w, https:\/\/hoyre.no\/content\/uploads\/sites\/33\/2023\/07\/GettyImages-983478482-1536x1024.jpg 1536w, https:\/\/hoyre.no\/content\/uploads\/sites\/33\/2023\/07\/GettyImages-983478482-2048x1365.jpg 2048w\" sizes=\"auto, (max-width: 1024px) 100vw, 1024px\" \/><\/figure><div class=\"wp-block-media-text__content\">\n<h2 class=\"wp-block-heading\">1. Barnehageplass n\u00e5r du trenger det<\/h2>\n\n\n\n<p>Barnehagene i bygda har kun et opptak i \u00e5ret. Ut ifra n\u00e5r p\u00e5 \u00e5ret barnet er f\u00f8dt gir dette store utfordringer for foreldre som skal tilbake i arbeid etter endt permisjon. Vi vil derfor ha fleksibelt opptak i begge barnehagene, at begge barnehagene opprettholdes, og sikre de \u00f8konomiske rammene for at dette kan gjennomf\u00f8res. Dette er n\u00f8dvendig for \u00e5 tiltrekke seg barnefamilier til bygda.<\/p>\n<\/div><\/div>\n\n\n\n<div class=\"wp-block-media-text alignwide has-media-on-the-right is-stacked-on-mobile is-image-fill\"><figure class=\"wp-block-media-text__media\" style=\"background-image:url('https:\/\/hoyre.no\/content\/uploads\/sites\/33\/2023\/07\/GettyImages-1338400403-1024x683.jpg');background-position:50% 50%\"><img loading=\"lazy\" decoding=\"async\" width=\"1024\" height=\"683\" src=\"https:\/\/hoyre.no\/content\/uploads\/sites\/33\/2023\/07\/GettyImages-1338400403-1024x683.jpg\" alt=\"\" class=\"wp-image-110 size-full\" srcset=\"https:\/\/hoyre.no\/content\/uploads\/sites\/33\/2023\/07\/GettyImages-1338400403-1024x683.jpg 1024w, https:\/\/hoyre.no\/content\/uploads\/sites\/33\/2023\/07\/GettyImages-1338400403-300x200.jpg 300w, https:\/\/hoyre.no\/content\/uploads\/sites\/33\/2023\/07\/GettyImages-1338400403-768x512.jpg 768w, https:\/\/hoyre.no\/content\/uploads\/sites\/33\/2023\/07\/GettyImages-1338400403-1536x1024.jpg 1536w, https:\/\/hoyre.no\/content\/uploads\/sites\/33\/2023\/07\/GettyImages-1338400403-2048x1365.jpg 2048w\" sizes=\"auto, (max-width: 1024px) 100vw, 1024px\" \/><\/figure><div class=\"wp-block-media-text__content\">\n<h2 class=\"wp-block-heading\">2. Nytt aktivitetshus<\/h2>\n\n\n\n<p>Den \u00f8vre delen av bygda har lenge manglet et godt samlingspunkt. Vi vil derfor skape en m\u00f8teplass for folk i alle aldre. Dette er viktig for \u00e5 \u00f8ke bolysten i hele kommunen. Her skal ungdommen f\u00e5 sitt eget lokale som de f\u00e5r ansvaret for og skal innrede etter eget behov. Her skal det fylles opp med nye og eksisterende aktiviteter. Vi vil sikre bevilgninger for fremtidig drift.<\/p>\n<\/div><\/div>\n\n\n\n<div class=\"wp-block-media-text alignwide is-stacked-on-mobile is-image-fill\"><figure class=\"wp-block-media-text__media\" style=\"background-image:url('https:\/\/hoyre.no\/content\/uploads\/sites\/33\/2023\/07\/GettyImages-1078777460-1024x683.jpg');background-position:50% 50%\"><img loading=\"lazy\" decoding=\"async\" width=\"1024\" height=\"683\" src=\"https:\/\/hoyre.no\/content\/uploads\/sites\/33\/2023\/07\/GettyImages-1078777460-1024x683.jpg\" alt=\"\" class=\"wp-image-111 size-full\" srcset=\"https:\/\/hoyre.no\/content\/uploads\/sites\/33\/2023\/07\/GettyImages-1078777460-1024x683.jpg 1024w, https:\/\/hoyre.no\/content\/uploads\/sites\/33\/2023\/07\/GettyImages-1078777460-300x200.jpg 300w, https:\/\/hoyre.no\/content\/uploads\/sites\/33\/2023\/07\/GettyImages-1078777460-768x512.jpg 768w, https:\/\/hoyre.no\/content\/uploads\/sites\/33\/2023\/07\/GettyImages-1078777460-1536x1024.jpg 1536w, https:\/\/hoyre.no\/content\/uploads\/sites\/33\/2023\/07\/GettyImages-1078777460-2048x1365.jpg 2048w\" sizes=\"auto, (max-width: 1024px) 100vw, 1024px\" \/><\/figure><div class=\"wp-block-media-text__content\">\n<h2 class=\"wp-block-heading\">3. Nytt bofellesskap<\/h2>\n\n\n\n<p>Gjerstad f\u00e5r store demografiutfordringer i \u00e5rene som kommer.&nbsp;To n\u00f8kkelord her er at man skal f\u00f8le seg trygg og en ikke skal f\u00f8le seg ensom. Vi mener mye av dette kan l\u00f8ses med \u00e5 lage et nytt bofellesskap med n\u00e6rhet til tilbud en trenger i hverdagen og et godt bofellesskap med felles aktiviteter og m\u00f8teplasser. Vi er har s\u00e5 vidt startet med prosjektet, men vi skal s\u00f8rge for \u00e5 f\u00e5 det gjennomf\u00f8rt.<\/p>\n<\/div><\/div>\n\n\n\n<div class=\"wp-block-media-text alignwide has-media-on-the-right is-stacked-on-mobile is-image-fill\"><figure class=\"wp-block-media-text__media\" style=\"background-image:url('https:\/\/hoyre.no\/content\/uploads\/sites\/33\/2023\/07\/GettyImages-693280384-1024x683.jpg');background-position:50% 50%\"><img loading=\"lazy\" decoding=\"async\" width=\"1024\" height=\"683\" src=\"https:\/\/hoyre.no\/content\/uploads\/sites\/33\/2023\/07\/GettyImages-693280384-1024x683.jpg\" alt=\"\" class=\"wp-image-112 size-full\" srcset=\"https:\/\/hoyre.no\/content\/uploads\/sites\/33\/2023\/07\/GettyImages-693280384-1024x683.jpg 1024w, https:\/\/hoyre.no\/content\/uploads\/sites\/33\/2023\/07\/GettyImages-693280384-300x200.jpg 300w, https:\/\/hoyre.no\/content\/uploads\/sites\/33\/2023\/07\/GettyImages-693280384-768x513.jpg 768w, https:\/\/hoyre.no\/content\/uploads\/sites\/33\/2023\/07\/GettyImages-693280384-1536x1025.jpg 1536w, https:\/\/hoyre.no\/content\/uploads\/sites\/33\/2023\/07\/GettyImages-693280384-2048x1367.jpg 2048w\" sizes=\"auto, (max-width: 1024px) 100vw, 1024px\" \/><\/figure><div class=\"wp-block-media-text__content\">\n<h2 class=\"wp-block-heading\">4. Mer igjen av egen inntekt<\/h2>\n\n\n\n<p>Privat\u00f8konomien er stadig under press og i Gjerstad har vi et lavt gjennomsnitt n\u00e5r det gjelder inntekt. Kombinert med et h\u00f8yt skatte og avgiftstrykk er ikke dette bra for den enkelte familie. Vi vet at mange sliter om dagen og det tar vi p\u00e5 alvor. Frem til 2019 \u00f8kte niv\u00e5et p\u00e5 kommunale skatter og avgifter for hvert \u00e5r. Etter 2019 har vi hvert \u00e5r senket den reelle kostnaden betydelig for hver enkelt husstand, og det skal vi fortsette med. Vi har lagt om systemet slik at alle n\u00e5 betaler for det de faktisk bruker. Vi skal fortsette med \u00e5 finne l\u00f8sninger som gj\u00f8r det s\u00e5 billig som overhodet mulig for den enkelte.<\/p>\n<\/div><\/div>\n\n\n\n<div class=\"wp-block-media-text alignwide is-stacked-on-mobile is-image-fill\"><figure class=\"wp-block-media-text__media\" style=\"background-image:url('https:\/\/hoyre.no\/content\/uploads\/sites\/25\/2023\/05\/GettyImages-1055843988-1024x683.jpg');background-position:50% 50%\"><img decoding=\"async\" src=\"https:\/\/hoyre.no\/content\/uploads\/sites\/25\/2023\/05\/GettyImages-1055843988-1024x683.jpg\" alt=\"\" class=\"wp-image-90 size-full\" \/><\/figure><div class=\"wp-block-media-text__content\">\n<h2 class=\"wp-block-heading\">5. Flere nye Gjersd\u00f8linger hvert \u00e5r<\/h2>\n\n\n\n<p>Gjerstad har over en periode hatt svakt synkende antall innbyggere. Den trenden \u00f8nsker vi \u00e5 snu. Vi skal satse p\u00e5 \u00e5 \u00f8ke bolysten i hele kommunen. Tiden er n\u00e5 inne for handling og vi skal kartlegge hvorfor de som flytter gj\u00f8r det og hva som skal til for at de flytter tilbake. Vi vil se p\u00e5 hva som kjennetegner kommuner som har h\u00f8y bolyst og overf\u00f8re deres erfaringer til Gjerstad. Sammen med alle innbyggerne skal vi lage en plan med konkrete tiltak, og vi skal gjennomf\u00f8re de. V\u00e5rt m\u00e5l er 30 nye innbyggere hvert \u00e5r.<\/p>\n<\/div><\/div>\n\n\n\n<div class=\"wp-block-hoyre-banner alignwide undefined has-icon-title icon-heart is-style-blue\"><div class=\"banner-inner\"><figure class=\"hoyre-image-wrapper\"><div class=\"hoyre-image\"><img loading=\"lazy\" decoding=\"async\" width=\"2048\" height=\"1535\" src=\"https:\/\/hoyre.no\/content\/uploads\/sites\/33\/2023\/06\/IMG_0417.jpg\" class=\"attachment-scaled size-scaled\" alt=\"H\u00f8yres listekandidater\" style=\"object-position: 56.00000000000001% 47%\" srcset=\"https:\/\/hoyre.no\/content\/uploads\/sites\/33\/2023\/06\/IMG_0417.jpg 2048w, https:\/\/hoyre.no\/content\/uploads\/sites\/33\/2023\/06\/IMG_0417-300x225.jpg 300w, https:\/\/hoyre.no\/content\/uploads\/sites\/33\/2023\/06\/IMG_0417-1024x768.jpg 1024w, https:\/\/hoyre.no\/content\/uploads\/sites\/33\/2023\/06\/IMG_0417-768x576.jpg 768w, https:\/\/hoyre.no\/content\/uploads\/sites\/33\/2023\/06\/IMG_0417-1536x1151.jpg 1536w\" sizes=\"auto, (max-width: 2048px) 100vw, 2048px\" \/><\/div><\/figure><div class=\"banner-content\"><div class=\"entry-content\">\n<h2 class=\"wp-block-heading\">Fant du ikke din hjertesak?<\/h2>\n\n\n\n<p>Det er heldigvis mange gode grunner til \u00e5 stemme H\u00f8yre i Gjerstad. Finn ut hva vi mener om din hjertesak ved \u00e5 lese programmet v\u00e5rt!<\/p>\n\n\n\n<div class=\"wp-block-buttons is-layout-flex wp-block-buttons-is-layout-flex\">\n<div class=\"wp-block-button\"><a class=\"wp-block-button__link\" href=\"https:\/\/hoyre.no\/gjerstad\/politikk\/\">LES Gjerstad H\u00d8YRES VALGPROGRAM<\/a><\/div>\n<\/div>\n<\/div><\/div><\/div><\/div>\n\n\n\n<div class=\"wp-block-hoyre-banner alignwide undefined\"><div class=\"banner-inner\"><figure class=\"hoyre-image-wrapper\"><div class=\"hoyre-image\"><img loading=\"lazy\" decoding=\"async\" width=\"1536\" height=\"2048\" src=\"https:\/\/hoyre.no\/content\/uploads\/sites\/33\/2023\/07\/IMG_0391-1.jpg\" class=\"attachment-scaled size-scaled\" alt=\"Steinar Pedersen\" style=\"object-position: 49% 30%\" srcset=\"https:\/\/hoyre.no\/content\/uploads\/sites\/33\/2023\/07\/IMG_0391-1.jpg 1536w, https:\/\/hoyre.no\/content\/uploads\/sites\/33\/2023\/07\/IMG_0391-1-225x300.jpg 225w, https:\/\/hoyre.no\/content\/uploads\/sites\/33\/2023\/07\/IMG_0391-1-768x1024.jpg 768w, https:\/\/hoyre.no\/content\/uploads\/sites\/33\/2023\/07\/IMG_0391-1-1152x1536.jpg 1152w\" sizes=\"auto, (max-width: 1536px) 100vw, 1536px\" \/><\/div><\/figure><div class=\"banner-content\"><div class=\"entry-content\">\n<h2 class=\"wp-block-heading\">Bli bedre kjent med Gjerstad H\u00f8yres ordf\u00f8rerkandidat<\/h2>\n\n\n\n<p>Steinar Pedersen er v\u00e5r ordf\u00f8rerkandidat for kommunevalget i 2023. Bli bedre kjent med hvem han er og hva han st\u00e5r for \ud83d\udc47<\/p>\n\n\n\n<div class=\"wp-block-buttons is-layout-flex wp-block-buttons-is-layout-flex\">\n<div class=\"wp-block-button\"><a class=\"wp-block-button__link\" href=\"https:\/\/hoyre.no\/gjerstad\/steinar-pedersen-var-ordforerkandidat\/\">BLI KJENT MED Steinar<\/a><\/div>\n<\/div>\n<\/div><\/div><\/div><\/div>\n","protected":false},"excerpt":{"rendered":"<p>1. Barnehageplass n\u00e5r du trenger det Barnehagene i bygda har kun et opptak i \u00e5ret. Ut ifra n\u00e5r p\u00e5 \u00e5ret barnet er f\u00f8dt gir dette store utfordringer for foreldre som skal tilbake i arbeid etter endt permisjon. Vi vil derfor ha fleksibelt opptak i begge barnehagene, at begge barnehagene opprettholdes, og sikre de \u00f8konomiske rammene [&hellip;]<\/p>\n","protected":false},"author":347,"featured_media":0,"parent":0,"menu_order":0,"comment_status":"closed","ping_status":"closed","template":"","meta":{"teft_cards_image_url":"","teft_cards_custom_pretitle":"","teft_cards_image_id":88,"teft_cards_image_focal_point_x":0.5,"teft_cards_image_focal_point_y":0.5,"teft_cards_title":"","teft_cards_excerpt":"","teft_show_chapters":false,"footnotes":""},"class_list":["post-108","page","type-page","status-publish","hentry"],"yoast_head":"<!-- This site is optimized with the Yoast SEO plugin v26.6 - https:\/\/yoast.com\/wordpress\/plugins\/seo\/ -->\n<title>Fem gode grunner til \u00e5 stemme H\u00f8yre - Gjerstad H\u00f8yre<\/title>\n<meta name=\"robots\" content=\"index, follow, max-snippet:-1, max-image-preview:large, max-video-preview:-1\" \/>\n<link rel=\"canonical\" href=\"https:\/\/hoyre.no\/gjerstad\/fem-gode-grunner-til-a-stemme-hoyre\/\" \/>\n<meta property=\"og:locale\" content=\"nb_NO\" \/>\n<meta property=\"og:type\" content=\"article\" \/>\n<meta property=\"og:title\" content=\"Fem gode grunner til \u00e5 stemme H\u00f8yre - Gjerstad H\u00f8yre\" \/>\n<meta property=\"og:description\" content=\"1. Barnehageplass n\u00e5r du trenger det Barnehagene i bygda har kun et opptak i \u00e5ret. Ut ifra n\u00e5r p\u00e5 \u00e5ret barnet er f\u00f8dt gir dette store utfordringer for foreldre som skal tilbake i arbeid etter endt permisjon. Vi vil derfor ha fleksibelt opptak i begge barnehagene, at begge barnehagene opprettholdes, og sikre de \u00f8konomiske rammene [&hellip;]\" \/>\n<meta property=\"og:url\" content=\"https:\/\/hoyre.no\/gjerstad\/fem-gode-grunner-til-a-stemme-hoyre\/\" \/>\n<meta property=\"og:site_name\" content=\"Gjerstad H\u00f8yre\" \/>\n<meta property=\"article:modified_time\" content=\"2023-07-18T07:46:48+00:00\" \/>\n<meta property=\"og:image\" content=\"https:\/\/hoyre.no\/content\/uploads\/sites\/33\/2023\/07\/2015-04-13-kirkebygda-01.jpg\" \/>\n\t<meta property=\"og:image:width\" content=\"1500\" \/>\n\t<meta property=\"og:image:height\" content=\"1125\" \/>\n\t<meta property=\"og:image:type\" content=\"image\/jpeg\" \/>\n<meta name=\"twitter:card\" content=\"summary_large_image\" \/>\n<meta name=\"twitter:label1\" content=\"Ansl. lesetid\" \/>\n\t<meta name=\"twitter:data1\" content=\"4 minutter\" \/>\n<script type=\"application\/ld+json\" class=\"yoast-schema-graph\">{\"@context\":\"https:\/\/schema.org\",\"@graph\":[{\"@type\":\"WebPage\",\"@id\":\"https:\/\/hoyre.no\/gjerstad\/fem-gode-grunner-til-a-stemme-hoyre\/\",\"url\":\"https:\/\/hoyre.no\/gjerstad\/fem-gode-grunner-til-a-stemme-hoyre\/\",\"name\":\"Fem gode grunner til \u00e5 stemme H\u00f8yre - Gjerstad H\u00f8yre\",\"isPartOf\":{\"@id\":\"https:\/\/hoyre.no\/gjerstad\/#website\"},\"image\":{\"@id\":\"https:\/\/hoyre.no\/gjerstad\/fem-gode-grunner-til-a-stemme-hoyre\/#primaryimage\"},\"thumbnailUrl\":\"https:\/\/hoyre.no\/content\/uploads\/sites\/33\/2023\/07\/GettyImages-983478482-1024x683.jpg\",\"datePublished\":\"2023-07-18T07:36:36+00:00\",\"dateModified\":\"2023-07-18T07:46:48+00:00\",\"breadcrumb\":{\"@id\":\"https:\/\/hoyre.no\/gjerstad\/fem-gode-grunner-til-a-stemme-hoyre\/#breadcrumb\"},\"inLanguage\":\"nb-NO\",\"potentialAction\":[{\"@type\":\"ReadAction\",\"target\":[\"https:\/\/hoyre.no\/gjerstad\/fem-gode-grunner-til-a-stemme-hoyre\/\"]}]},{\"@type\":\"ImageObject\",\"inLanguage\":\"nb-NO\",\"@id\":\"https:\/\/hoyre.no\/gjerstad\/fem-gode-grunner-til-a-stemme-hoyre\/#primaryimage\",\"url\":\"https:\/\/hoyre.no\/content\/uploads\/sites\/33\/2023\/07\/GettyImages-983478482-1024x683.jpg\",\"contentUrl\":\"https:\/\/hoyre.no\/content\/uploads\/sites\/33\/2023\/07\/GettyImages-983478482-1024x683.jpg\"},{\"@type\":\"BreadcrumbList\",\"@id\":\"https:\/\/hoyre.no\/gjerstad\/fem-gode-grunner-til-a-stemme-hoyre\/#breadcrumb\",\"itemListElement\":[{\"@type\":\"ListItem\",\"position\":1,\"name\":\"Til hoyre.no\",\"item\":\"https:\/\/hoyre.no\"},{\"@type\":\"ListItem\",\"position\":2,\"name\":\"Hjem\",\"item\":\"https:\/\/hoyre.no\/gjerstad\/\"},{\"@type\":\"ListItem\",\"position\":3,\"name\":\"Fem gode grunner til \u00e5 stemme H\u00f8yre\"}]},{\"@type\":\"WebSite\",\"@id\":\"https:\/\/hoyre.no\/gjerstad\/#website\",\"url\":\"https:\/\/hoyre.no\/gjerstad\/\",\"name\":\"Gjerstad H\u00f8yre\",\"description\":\"Bare enda et H\u00f8yres nettsteder-nettsted\",\"inLanguage\":\"nb-NO\"}]}<\/script>\n<!-- \/ Yoast SEO plugin. -->","yoast_head_json":{"title":"Fem gode grunner til \u00e5 stemme H\u00f8yre - Gjerstad H\u00f8yre","robots":{"index":"index","follow":"follow","max-snippet":"max-snippet:-1","max-image-preview":"max-image-preview:large","max-video-preview":"max-video-preview:-1"},"canonical":"https:\/\/hoyre.no\/gjerstad\/fem-gode-grunner-til-a-stemme-hoyre\/","og_locale":"nb_NO","og_type":"article","og_title":"Fem gode grunner til \u00e5 stemme H\u00f8yre - Gjerstad H\u00f8yre","og_description":"1. Barnehageplass n\u00e5r du trenger det Barnehagene i bygda har kun et opptak i \u00e5ret. Ut ifra n\u00e5r p\u00e5 \u00e5ret barnet er f\u00f8dt gir dette store utfordringer for foreldre som skal tilbake i arbeid etter endt permisjon. Vi vil derfor ha fleksibelt opptak i begge barnehagene, at begge barnehagene opprettholdes, og sikre de \u00f8konomiske rammene [&hellip;]","og_url":"https:\/\/hoyre.no\/gjerstad\/fem-gode-grunner-til-a-stemme-hoyre\/","og_site_name":"Gjerstad H\u00f8yre","article_modified_time":"2023-07-18T07:46:48+00:00","og_image":[{"width":1500,"height":1125,"url":"https:\/\/hoyre.no\/content\/uploads\/sites\/33\/2023\/07\/2015-04-13-kirkebygda-01.jpg","type":"image\/jpeg"}],"twitter_card":"summary_large_image","twitter_misc":{"Ansl. lesetid":"4 minutter"},"schema":{"@context":"https:\/\/schema.org","@graph":[{"@type":"WebPage","@id":"https:\/\/hoyre.no\/gjerstad\/fem-gode-grunner-til-a-stemme-hoyre\/","url":"https:\/\/hoyre.no\/gjerstad\/fem-gode-grunner-til-a-stemme-hoyre\/","name":"Fem gode grunner til \u00e5 stemme H\u00f8yre - Gjerstad H\u00f8yre","isPartOf":{"@id":"https:\/\/hoyre.no\/gjerstad\/#website"},"image":{"@id":"https:\/\/hoyre.no\/gjerstad\/fem-gode-grunner-til-a-stemme-hoyre\/#primaryimage"},"thumbnailUrl":"https:\/\/hoyre.no\/content\/uploads\/sites\/33\/2023\/07\/GettyImages-983478482-1024x683.jpg","datePublished":"2023-07-18T07:36:36+00:00","dateModified":"2023-07-18T07:46:48+00:00","breadcrumb":{"@id":"https:\/\/hoyre.no\/gjerstad\/fem-gode-grunner-til-a-stemme-hoyre\/#breadcrumb"},"inLanguage":"nb-NO","potentialAction":[{"@type":"ReadAction","target":["https:\/\/hoyre.no\/gjerstad\/fem-gode-grunner-til-a-stemme-hoyre\/"]}]},{"@type":"ImageObject","inLanguage":"nb-NO","@id":"https:\/\/hoyre.no\/gjerstad\/fem-gode-grunner-til-a-stemme-hoyre\/#primaryimage","url":"https:\/\/hoyre.no\/content\/uploads\/sites\/33\/2023\/07\/GettyImages-983478482-1024x683.jpg","contentUrl":"https:\/\/hoyre.no\/content\/uploads\/sites\/33\/2023\/07\/GettyImages-983478482-1024x683.jpg"},{"@type":"BreadcrumbList","@id":"https:\/\/hoyre.no\/gjerstad\/fem-gode-grunner-til-a-stemme-hoyre\/#breadcrumb","itemListElement":[{"@type":"ListItem","position":1,"name":"Til hoyre.no","item":"https:\/\/hoyre.no"},{"@type":"ListItem","position":2,"name":"Hjem","item":"https:\/\/hoyre.no\/gjerstad\/"},{"@type":"ListItem","position":3,"name":"Fem gode grunner til \u00e5 stemme H\u00f8yre"}]},{"@type":"WebSite","@id":"https:\/\/hoyre.no\/gjerstad\/#website","url":"https:\/\/hoyre.no\/gjerstad\/","name":"Gjerstad H\u00f8yre","description":"Bare enda et H\u00f8yres nettsteder-nettsted","inLanguage":"nb-NO"}]}},"distributor_meta":false,"distributor_terms":false,"distributor_media":false,"distributor_original_site_name":"Gjerstad H\u00f8yre","distributor_original_site_url":"https:\/\/hoyre.no\/gjerstad","push-errors":false,"_links":{"self":[{"href":"https:\/\/hoyre.no\/gjerstad\/wp-json\/wp\/v2\/pages\/108","targetHints":{"allow":["GET"]}}],"collection":[{"href":"https:\/\/hoyre.no\/gjerstad\/wp-json\/wp\/v2\/pages"}],"about":[{"href":"https:\/\/hoyre.no\/gjerstad\/wp-json\/wp\/v2\/types\/page"}],"author":[{"embeddable":true,"href":"https:\/\/hoyre.no\/gjerstad\/wp-json\/wp\/v2\/users\/347"}],"replies":[{"embeddable":true,"href":"https:\/\/hoyre.no\/gjerstad\/wp-json\/wp\/v2\/comments?post=108"}],"version-history":[{"count":3,"href":"https:\/\/hoyre.no\/gjerstad\/wp-json\/wp\/v2\/pages\/108\/revisions"}],"predecessor-version":[{"id":122,"href":"https:\/\/hoyre.no\/gjerstad\/wp-json\/wp\/v2\/pages\/108\/revisions\/122"}],"wp:attachment":[{"href":"https:\/\/hoyre.no\/gjerstad\/wp-json\/wp\/v2\/media?parent=108"}],"curies":[{"name":"wp","href":"https:\/\/api.w.org\/{rel}","templated":true}]}}