{"id":146,"date":"2023-05-24T20:34:53","date_gmt":"2023-05-24T18:34:53","guid":{"rendered":"https:\/\/hoyre.no\/grimstad\/?page_id=146"},"modified":"2023-06-13T21:30:23","modified_gmt":"2023-06-13T19:30:23","slug":"syv-gode-grunner-til-a-stemme-hoyre-i-grimstad","status":"publish","type":"page","link":"https:\/\/hoyre.no\/grimstad\/syv-gode-grunner-til-a-stemme-hoyre-i-grimstad\/","title":{"rendered":"Syv gode grunner til \u00e5 stemme H\u00f8yre i Grimstad"},"content":{"rendered":"\n<div class=\"wp-block-hoyre-hero with-image-gradient text-color-light  has-media alignfull has-background\"><div class=\"hoyre-hero has-image\"><h1 class=\"title\">Syv gode grunner til \u00e5 stemme H\u00f8yre i Grimstad<\/h1><figure class=\"hoyre-image-wrapper\"><div class=\"hoyre-image\"><img loading=\"lazy\" decoding=\"async\" width=\"2500\" height=\"2177\" src=\"https:\/\/hoyre.no\/content\/uploads\/sites\/32\/2023\/05\/HN3_1710-scaled.jpg\" class=\"attachment-scaled size-scaled\" alt=\"\" style=\"object-position: 50% 50%\" srcset=\"https:\/\/hoyre.no\/content\/uploads\/sites\/32\/2023\/05\/HN3_1710-scaled.jpg 2500w, https:\/\/hoyre.no\/content\/uploads\/sites\/32\/2023\/05\/HN3_1710-300x261.jpg 300w, https:\/\/hoyre.no\/content\/uploads\/sites\/32\/2023\/05\/HN3_1710-1024x892.jpg 1024w, https:\/\/hoyre.no\/content\/uploads\/sites\/32\/2023\/05\/HN3_1710-768x669.jpg 768w, https:\/\/hoyre.no\/content\/uploads\/sites\/32\/2023\/05\/HN3_1710-1536x1338.jpg 1536w, https:\/\/hoyre.no\/content\/uploads\/sites\/32\/2023\/05\/HN3_1710-2048x1784.jpg 2048w\" sizes=\"auto, (max-width: 2500px) 100vw, 2500px\" \/><\/div><\/figure><\/div><\/div>\n\n\n\n\n<div class=\"wp-block-hoyre-banner alignwide undefined\"><div class=\"banner-inner\"><figure class=\"hoyre-image-wrapper\"><div class=\"hoyre-image\"><img loading=\"lazy\" decoding=\"async\" width=\"2179\" height=\"2500\" src=\"https:\/\/hoyre.no\/content\/uploads\/sites\/32\/2023\/05\/HA\u0303\u00b8yre_1650-2-scaled.jpg\" class=\"attachment-scaled size-scaled\" alt=\"\" style=\"object-position: 50% 86%\" srcset=\"https:\/\/hoyre.no\/content\/uploads\/sites\/32\/2023\/05\/HA\u0303\u00b8yre_1650-2-scaled.jpg 2179w, https:\/\/hoyre.no\/content\/uploads\/sites\/32\/2023\/05\/HA\u0303\u00b8yre_1650-2-262x300.jpg 262w, https:\/\/hoyre.no\/content\/uploads\/sites\/32\/2023\/05\/HA\u0303\u00b8yre_1650-2-893x1024.jpg 893w, https:\/\/hoyre.no\/content\/uploads\/sites\/32\/2023\/05\/HA\u0303\u00b8yre_1650-2-768x881.jpg 768w, https:\/\/hoyre.no\/content\/uploads\/sites\/32\/2023\/05\/HA\u0303\u00b8yre_1650-2-1339x1536.jpg 1339w, https:\/\/hoyre.no\/content\/uploads\/sites\/32\/2023\/05\/HA\u0303\u00b8yre_1650-2-1785x2048.jpg 1785w\" sizes=\"auto, (max-width: 2179px) 100vw, 2179px\" \/><\/div><\/figure><div class=\"banner-content\"><div class=\"entry-content\">\n<p>H\u00f8yre \u00f8nsker \u00e5 videreutvikle Grimstad kommune. Vi vil ha en kommune som spiller p\u00e5 lag med deg. Den skal gi deg mer frihet i hverdagen, og v\u00e6re der for deg n\u00e5r du trenger den.<\/p>\n\n\n\n<div class=\"wp-block-buttons is-layout-flex wp-block-buttons-is-layout-flex\"><\/div>\n<\/div><\/div><\/div><\/div>\n\n\n\n\n<div class=\"wp-block-media-text alignwide is-stacked-on-mobile\"><figure class=\"wp-block-media-text__media\"><img loading=\"lazy\" decoding=\"async\" width=\"1024\" height=\"683\" src=\"https:\/\/hoyre.no\/content\/uploads\/sites\/32\/2023\/05\/GettyImages-1380156451-1024x683.jpg\" alt=\"\" class=\"wp-image-148 size-full\" srcset=\"https:\/\/hoyre.no\/content\/uploads\/sites\/32\/2023\/05\/GettyImages-1380156451-1024x683.jpg 1024w, https:\/\/hoyre.no\/content\/uploads\/sites\/32\/2023\/05\/GettyImages-1380156451-300x200.jpg 300w, https:\/\/hoyre.no\/content\/uploads\/sites\/32\/2023\/05\/GettyImages-1380156451-768x512.jpg 768w, https:\/\/hoyre.no\/content\/uploads\/sites\/32\/2023\/05\/GettyImages-1380156451-1536x1024.jpg 1536w, https:\/\/hoyre.no\/content\/uploads\/sites\/32\/2023\/05\/GettyImages-1380156451-2048x1365.jpg 2048w\" sizes=\"auto, (max-width: 1024px) 100vw, 1024px\" \/><\/figure><div class=\"wp-block-media-text__content\">\n\n<h2 class=\"wp-block-heading\">1. En god start p\u00e5 livet<\/h2>\n\n\n<p>Barnehagene er en viktig arena for lek og l\u00e6ring. H\u00f8yre \u00f8nsker \u00e5 innf\u00f8re et fleksibelt barnehageopptak og vi er positive til mangfoldet private og ideelle barnehager bidrar med.<\/p>\n\n\n<p>Vi vil prioritere tidlig innsats s\u00e5 alle f\u00e5r mulighet til \u00e5 lykkes, og vi vil at alle skoler skal bli dysleksivennlige.<\/p>\n\n\n<p>Det viktigste for at barn skal l\u00e6re er dyktige l\u00e6rere, s\u00e5 H\u00f8yre vil prioritere kompetanseheving til l\u00e6rere og skoleledere.<\/p>\n\n\n<p>Vi \u00f8nsker \u00e5 samarbeide mer med frivilligheten, blant annet om alternative SFO-tilbud og uorganiserte aktiviteter for barn og unge.<\/p>\n\n<\/div><\/div>\n\n\n\n<div class=\"wp-block-media-text alignwide has-media-on-the-right is-stacked-on-mobile\"><figure class=\"wp-block-media-text__media\"><img loading=\"lazy\" decoding=\"async\" width=\"1024\" height=\"683\" src=\"https:\/\/hoyre.no\/content\/uploads\/sites\/32\/2023\/05\/GettyImages-1053414448-1024x683.jpg\" alt=\"\" class=\"wp-image-149 size-full\" srcset=\"https:\/\/hoyre.no\/content\/uploads\/sites\/32\/2023\/05\/GettyImages-1053414448-1024x683.jpg 1024w, https:\/\/hoyre.no\/content\/uploads\/sites\/32\/2023\/05\/GettyImages-1053414448-300x200.jpg 300w, https:\/\/hoyre.no\/content\/uploads\/sites\/32\/2023\/05\/GettyImages-1053414448-768x512.jpg 768w, https:\/\/hoyre.no\/content\/uploads\/sites\/32\/2023\/05\/GettyImages-1053414448-1536x1024.jpg 1536w, https:\/\/hoyre.no\/content\/uploads\/sites\/32\/2023\/05\/GettyImages-1053414448-2048x1365.jpg 2048w\" sizes=\"auto, (max-width: 1024px) 100vw, 1024px\" \/><\/figure><div class=\"wp-block-media-text__content\">\n\n<h2 class=\"wp-block-heading\">2. En aldersvennlig by<\/h2>\n\n\n<p>H\u00f8yre vil legge til rette for en sosial og aktiv alderdom ved \u00e5 legge til rette for gode bomilj\u00f8er ogflere m\u00f8teplasser. Vi vil ogs\u00e5 utvide dagsentertilbudet og styrke voksenskolen for demens.<\/p>\n\n\n<p>Vi m\u00e5 m\u00f8te behovet for helsehjelp i fremtiden med en helhetlig plan for utbygging av omsorgsplasser i hele kommunen og ved \u00e5 ta i bruk velferdsteknologi som et supplement til de ansatte i helsetjenesten.<\/p>\n\n\n<p>H\u00f8yre er positive til nye, innovative ideer som demenslandsby og universitetssykehjem som kan gi bedre tilbud til v\u00e5re innbyggere og vil legge til rette for bedre samarbeid med frivillige og private organisasjoner.<\/p>\n\n<\/div><\/div>\n\n\n\n<div class=\"wp-block-media-text alignwide is-stacked-on-mobile\"><figure class=\"wp-block-media-text__media\"><img loading=\"lazy\" decoding=\"async\" width=\"1024\" height=\"683\" src=\"https:\/\/hoyre.no\/content\/uploads\/sites\/32\/2023\/05\/GettyImages-1063392686-1024x683.jpg\" alt=\"\" class=\"wp-image-150 size-full\" srcset=\"https:\/\/hoyre.no\/content\/uploads\/sites\/32\/2023\/05\/GettyImages-1063392686-1024x683.jpg 1024w, https:\/\/hoyre.no\/content\/uploads\/sites\/32\/2023\/05\/GettyImages-1063392686-300x200.jpg 300w, https:\/\/hoyre.no\/content\/uploads\/sites\/32\/2023\/05\/GettyImages-1063392686-768x512.jpg 768w, https:\/\/hoyre.no\/content\/uploads\/sites\/32\/2023\/05\/GettyImages-1063392686-1536x1024.jpg 1536w, https:\/\/hoyre.no\/content\/uploads\/sites\/32\/2023\/05\/GettyImages-1063392686-2048x1365.jpg 2048w\" sizes=\"auto, (max-width: 1024px) 100vw, 1024px\" \/><\/figure><div class=\"wp-block-media-text__content\">\n\n<h2 class=\"wp-block-heading\">3. Hjelp n\u00e5r du trenger det<\/h2>\n\n\n<p>Alt for mange barn og unge sliter psykisk. H\u00f8yre vil derfor styrke skolehelsetjenesten og sikre at alle skoler og barnehager har en strategi for \u00e5 bekjempe mobbing.<\/p>\n\n\n<p>Vi vil ogs\u00e5 styrke lavterskeltilbudet til voksne som sliter psykisk, slik som Innsatsteamet. Mange som gjennomg\u00e5r behandling for rusavhengighet opplever tilbakefall, derfor vil H\u00f8yre styrke ettervernet.<\/p>\n\n\n<p>H\u00f8yre vil sikre fastlegetjenesten, som er et av de viktigste lavterskeltilbudene vi har.<\/p>\n\n<\/div><\/div>\n\n\n\n<div class=\"wp-block-media-text alignwide has-media-on-the-right is-stacked-on-mobile is-image-fill\"><figure class=\"wp-block-media-text__media\" style=\"background-image:url('https:\/\/hoyre.no\/content\/uploads\/sites\/32\/2023\/05\/GettyImages-594375747-1024x683.jpg');background-position:50% 50%\"><img loading=\"lazy\" decoding=\"async\" width=\"1024\" height=\"683\" src=\"https:\/\/hoyre.no\/content\/uploads\/sites\/32\/2023\/05\/GettyImages-594375747-1024x683.jpg\" alt=\"\" class=\"wp-image-151 size-full\" srcset=\"https:\/\/hoyre.no\/content\/uploads\/sites\/32\/2023\/05\/GettyImages-594375747-1024x683.jpg 1024w, https:\/\/hoyre.no\/content\/uploads\/sites\/32\/2023\/05\/GettyImages-594375747-300x200.jpg 300w, https:\/\/hoyre.no\/content\/uploads\/sites\/32\/2023\/05\/GettyImages-594375747-768x512.jpg 768w, https:\/\/hoyre.no\/content\/uploads\/sites\/32\/2023\/05\/GettyImages-594375747-1536x1024.jpg 1536w, https:\/\/hoyre.no\/content\/uploads\/sites\/32\/2023\/05\/GettyImages-594375747-2048x1365.jpg 2048w\" sizes=\"auto, (max-width: 1024px) 100vw, 1024px\" \/><\/figure><div class=\"wp-block-media-text__content\">\n<h2 class=\"wp-block-heading\">4. Et godt sted \u00e5 bo<\/h2>\n\n\n\n<p>Frivillige organisasjoner og ildsjeler er hjertet i kultur- og idrettstilbudet i Grimstad. De bidrar til \u00e5 styrke folkehelsen og bekjempe ensomhet. H\u00f8yre \u00f8nsker \u00e5 st\u00f8tte opp om deres gode arbeid.<\/p>\n\n\n\n<p>Vi \u00f8nsker \u00e5 gj\u00f8re kommunen mer tilgjengelig for alle, ved \u00e5 ha fokus p\u00e5 universell utforming av bygg og utearealer.<\/p>\n\n\n\n<p>H\u00f8yre vil legge til rette for bolig- og n\u00e6ringsutvikling i sentrum for \u00e5 sikre at Grimstad blir en levende by, hele \u00e5ret.<\/p>\n<\/div><\/div>\n\n\n\n<div class=\"wp-block-media-text alignwide is-stacked-on-mobile\"><figure class=\"wp-block-media-text__media\"><img loading=\"lazy\" decoding=\"async\" width=\"1024\" height=\"892\" src=\"https:\/\/hoyre.no\/content\/uploads\/sites\/32\/2023\/05\/HN3_1710-1024x892.jpg\" alt=\"\" class=\"wp-image-147 size-full\" srcset=\"https:\/\/hoyre.no\/content\/uploads\/sites\/32\/2023\/05\/HN3_1710-1024x892.jpg 1024w, https:\/\/hoyre.no\/content\/uploads\/sites\/32\/2023\/05\/HN3_1710-300x261.jpg 300w, https:\/\/hoyre.no\/content\/uploads\/sites\/32\/2023\/05\/HN3_1710-768x669.jpg 768w, https:\/\/hoyre.no\/content\/uploads\/sites\/32\/2023\/05\/HN3_1710-1536x1338.jpg 1536w, https:\/\/hoyre.no\/content\/uploads\/sites\/32\/2023\/05\/HN3_1710-2048x1784.jpg 2048w\" sizes=\"auto, (max-width: 1024px) 100vw, 1024px\" \/><\/figure><div class=\"wp-block-media-text__content\">\n\n<h2 class=\"wp-block-heading\">5. Ta hele Grimstad i bruk<\/h2>\n\n\n<p>H\u00f8yre \u00f8nsker \u00e5 legge til rette for utvikling i hele kommunen, derfor er vi positive til videreutvikling av Fevik sentrum, ny kirke p\u00e5 Fevik og Homborsund n\u00e6rmilj\u00f8senter.<\/p>\n\n\n<p>Grimstad trenger mer n\u00e6ringsareal, og H\u00f8yre vil derfor arbeide for \u00e5 f\u00e5 fortgang i arbeidet med Omre industri- omr\u00e5de, inkludert ny vei fra E18, vann og avl\u00f8p.<\/p>\n\n<\/div><\/div>\n\n\n\n<div class=\"wp-block-media-text alignwide has-media-on-the-right is-stacked-on-mobile\"><figure class=\"wp-block-media-text__media\"><img loading=\"lazy\" decoding=\"async\" width=\"1024\" height=\"710\" src=\"https:\/\/hoyre.no\/content\/uploads\/sites\/32\/2023\/05\/GettyImages-127544183-1024x710.jpg\" alt=\"\" class=\"wp-image-152 size-full\" srcset=\"https:\/\/hoyre.no\/content\/uploads\/sites\/32\/2023\/05\/GettyImages-127544183-1024x710.jpg 1024w, https:\/\/hoyre.no\/content\/uploads\/sites\/32\/2023\/05\/GettyImages-127544183-300x208.jpg 300w, https:\/\/hoyre.no\/content\/uploads\/sites\/32\/2023\/05\/GettyImages-127544183-768x532.jpg 768w, https:\/\/hoyre.no\/content\/uploads\/sites\/32\/2023\/05\/GettyImages-127544183-1536x1065.jpg 1536w, https:\/\/hoyre.no\/content\/uploads\/sites\/32\/2023\/05\/GettyImages-127544183-2048x1420.jpg 2048w\" sizes=\"auto, (max-width: 1024px) 100vw, 1024px\" \/><\/figure><div class=\"wp-block-media-text__content\">\n\n<h2 class=\"wp-block-heading\">6. Gr\u00f8nnere Grimstad<\/h2>\n\n\n<p>Vi m\u00e5 alle gj\u00f8re v\u00e5r del for \u00e5 redusere utslippene. H\u00f8yre vil stille krav om fornybare energikilder i nye, offentlige bygg og gj\u00f8re det lettere for innbyggerne \u00e5 ta milj\u00f8vennlige valg, ved \u00e5 forenkle s\u00f8knadsprosessene og redusere gebyrene.<\/p>\n\n\n<p>H\u00f8yre vil ogs\u00e5 verne parker, friomr\u00e5der og dyrket mark mot utbygging s\u00e5 langt det er mulig.<\/p>\n\n<\/div><\/div>\n\n\n\n<div class=\"wp-block-media-text alignwide is-stacked-on-mobile\"><figure class=\"wp-block-media-text__media\"><img loading=\"lazy\" decoding=\"async\" width=\"1024\" height=\"683\" src=\"https:\/\/hoyre.no\/content\/uploads\/sites\/32\/2023\/05\/GettyImages-928453496-1024x683.jpg\" alt=\"\" class=\"wp-image-153 size-full\" srcset=\"https:\/\/hoyre.no\/content\/uploads\/sites\/32\/2023\/05\/GettyImages-928453496-1024x683.jpg 1024w, https:\/\/hoyre.no\/content\/uploads\/sites\/32\/2023\/05\/GettyImages-928453496-300x200.jpg 300w, https:\/\/hoyre.no\/content\/uploads\/sites\/32\/2023\/05\/GettyImages-928453496-768x512.jpg 768w, https:\/\/hoyre.no\/content\/uploads\/sites\/32\/2023\/05\/GettyImages-928453496-1536x1024.jpg 1536w, https:\/\/hoyre.no\/content\/uploads\/sites\/32\/2023\/05\/GettyImages-928453496-2048x1365.jpg 2048w\" sizes=\"auto, (max-width: 1024px) 100vw, 1024px\" \/><\/figure><div class=\"wp-block-media-text__content\">\n\n<h2 class=\"wp-block-heading\">7. Ansvarlig styring<\/h2>\n\n\n<p>H\u00f8yre vil ha fokus p\u00e5 \u00e5 styrke kommunens \u00f8konomi, slik at vi p\u00e5 sikt kan redusere eiendomsskatten.<\/p>\n\n\n<p>Vi \u00f8nsker \u00e5 effektivisere og forenkle bygges\u00f8knader og planarbeid, s\u00e5 innbyggerne f\u00e5r raskere svar.<\/p>\n\n\n<p>H\u00f8yre \u00f8nsker at kommunen som arbeidsgiver skal prioritere heltidsstillinger, \u00e5 redusere sykefrav\u00e6r og \u00e5 ta inn l\u00e6rlinger og studenter.<\/p>\n\n<\/div><\/div>\n\n\n\n<div class=\"wp-block-hoyre-banner alignwide undefined has-icon-title icon-heart is-style-blue\"><div class=\"banner-inner\"><figure class=\"hoyre-image-wrapper\"><div class=\"hoyre-image\"><img loading=\"lazy\" decoding=\"async\" width=\"2219\" height=\"2500\" src=\"https:\/\/hoyre.no\/content\/uploads\/sites\/32\/2023\/05\/HA\u0303\u00b8yre_1605-1-scaled.jpg\" class=\"attachment-scaled size-scaled\" alt=\"\" style=\"object-position: 13% 34%\" srcset=\"https:\/\/hoyre.no\/content\/uploads\/sites\/32\/2023\/05\/HA\u0303\u00b8yre_1605-1-scaled.jpg 2219w, https:\/\/hoyre.no\/content\/uploads\/sites\/32\/2023\/05\/HA\u0303\u00b8yre_1605-1-266x300.jpg 266w, https:\/\/hoyre.no\/content\/uploads\/sites\/32\/2023\/05\/HA\u0303\u00b8yre_1605-1-909x1024.jpg 909w, https:\/\/hoyre.no\/content\/uploads\/sites\/32\/2023\/05\/HA\u0303\u00b8yre_1605-1-768x865.jpg 768w, https:\/\/hoyre.no\/content\/uploads\/sites\/32\/2023\/05\/HA\u0303\u00b8yre_1605-1-1364x1536.jpg 1364w, https:\/\/hoyre.no\/content\/uploads\/sites\/32\/2023\/05\/HA\u0303\u00b8yre_1605-1-1818x2048.jpg 1818w\" sizes=\"auto, (max-width: 2219px) 100vw, 2219px\" \/><\/div><\/figure><div class=\"banner-content\"><div class=\"entry-content\">\n<h2 class=\"wp-block-heading\">Fant du ikke din hjertesak?<\/h2>\n\n\n\n<p>Det er heldigvis mange gode grunner til \u00e5 stemme H\u00f8yre i Grimstad. Finn ut hva vi mener om din hjertesak ved \u00e5 lese programmet v\u00e5rt!<\/p>\n\n\n\n<div class=\"wp-block-buttons is-layout-flex wp-block-buttons-is-layout-flex\">\n<div class=\"wp-block-button\"><a class=\"wp-block-button__link\" href=\"https:\/\/hoyre.no\/grimstad\/politikk\/\">LES Grimstad H\u00d8YRES VALGPROGRAM<\/a><\/div>\n<\/div>\n<\/div><\/div><\/div><\/div>\n\n\n\n<div class=\"wp-block-hoyre-banner alignwide undefined\"><div class=\"banner-inner\"><figure class=\"hoyre-image-wrapper\"><div class=\"hoyre-image\"><img loading=\"lazy\" decoding=\"async\" width=\"2179\" height=\"2500\" src=\"https:\/\/hoyre.no\/content\/uploads\/sites\/32\/2023\/05\/HA\u0303\u00b8yre_1650-2-scaled.jpg\" class=\"attachment-scaled size-scaled\" alt=\"\" style=\"object-position: 50% 59%\" srcset=\"https:\/\/hoyre.no\/content\/uploads\/sites\/32\/2023\/05\/HA\u0303\u00b8yre_1650-2-scaled.jpg 2179w, https:\/\/hoyre.no\/content\/uploads\/sites\/32\/2023\/05\/HA\u0303\u00b8yre_1650-2-262x300.jpg 262w, https:\/\/hoyre.no\/content\/uploads\/sites\/32\/2023\/05\/HA\u0303\u00b8yre_1650-2-893x1024.jpg 893w, https:\/\/hoyre.no\/content\/uploads\/sites\/32\/2023\/05\/HA\u0303\u00b8yre_1650-2-768x881.jpg 768w, https:\/\/hoyre.no\/content\/uploads\/sites\/32\/2023\/05\/HA\u0303\u00b8yre_1650-2-1339x1536.jpg 1339w, https:\/\/hoyre.no\/content\/uploads\/sites\/32\/2023\/05\/HA\u0303\u00b8yre_1650-2-1785x2048.jpg 1785w\" sizes=\"auto, (max-width: 2179px) 100vw, 2179px\" \/><\/div><\/figure><div class=\"banner-content\"><div class=\"entry-content\">\n<h2 class=\"wp-block-heading\">Bli bedre kjent med Grimstad H\u00f8yres ordf\u00f8rerkandidat<\/h2>\n\n\n\n<p>Beate Skretting er v\u00e5r ordf\u00f8rerkandidat for kommunevalget i 2023. Bli bedre kjent med hvem hun er og hva hun st\u00e5r for \ud83d\udc47<\/p>\n\n\n\n<div class=\"wp-block-buttons is-layout-flex wp-block-buttons-is-layout-flex\">\n<div class=\"wp-block-button\"><a class=\"wp-block-button__link\" href=\"https:\/\/hoyre.no\/grimstad\/beate-skretting-var-ordforerkandidat\/\">BLI KJENT MED Beate<\/a><\/div>\n<\/div>\n<\/div><\/div><\/div><\/div>\n","protected":false},"excerpt":{"rendered":"<p>1. En god start p\u00e5 livet Barnehagene er en viktig arena for lek og l\u00e6ring. H\u00f8yre \u00f8nsker \u00e5 innf\u00f8re et fleksibelt barnehageopptak og vi er positive til mangfoldet private og ideelle barnehager bidrar med. Vi vil prioritere tidlig innsats s\u00e5 alle f\u00e5r mulighet til \u00e5 lykkes, og vi vil at alle skoler skal bli dysleksivennlige. [&hellip;]<\/p>\n","protected":false},"author":347,"featured_media":0,"parent":0,"menu_order":0,"comment_status":"closed","ping_status":"closed","template":"","meta":{"teft_cards_image_url":"","teft_cards_custom_pretitle":"","teft_cards_image_id":0,"teft_cards_image_focal_point_x":0,"teft_cards_image_focal_point_y":0,"teft_cards_title":"","teft_cards_excerpt":"","teft_show_chapters":false,"footnotes":""},"class_list":["post-146","page","type-page","status-publish","hentry"],"yoast_head":"<!-- This site is optimized with the Yoast SEO plugin v26.6 - https:\/\/yoast.com\/wordpress\/plugins\/seo\/ -->\n<title>Syv gode grunner til \u00e5 stemme H\u00f8yre i Grimstad - Grimstad H\u00f8yre<\/title>\n<meta name=\"robots\" content=\"index, follow, max-snippet:-1, max-image-preview:large, max-video-preview:-1\" \/>\n<link rel=\"canonical\" href=\"https:\/\/hoyre.no\/grimstad\/syv-gode-grunner-til-a-stemme-hoyre-i-grimstad\/\" \/>\n<meta property=\"og:locale\" content=\"nb_NO\" \/>\n<meta property=\"og:type\" content=\"article\" \/>\n<meta property=\"og:title\" content=\"Syv gode grunner til \u00e5 stemme H\u00f8yre i Grimstad - Grimstad H\u00f8yre\" \/>\n<meta property=\"og:description\" content=\"1. En god start p\u00e5 livet Barnehagene er en viktig arena for lek og l\u00e6ring. H\u00f8yre \u00f8nsker \u00e5 innf\u00f8re et fleksibelt barnehageopptak og vi er positive til mangfoldet private og ideelle barnehager bidrar med. Vi vil prioritere tidlig innsats s\u00e5 alle f\u00e5r mulighet til \u00e5 lykkes, og vi vil at alle skoler skal bli dysleksivennlige. [&hellip;]\" \/>\n<meta property=\"og:url\" content=\"https:\/\/hoyre.no\/grimstad\/syv-gode-grunner-til-a-stemme-hoyre-i-grimstad\/\" \/>\n<meta property=\"og:site_name\" content=\"Grimstad H\u00f8yre\" \/>\n<meta property=\"article:modified_time\" content=\"2023-06-13T19:30:23+00:00\" \/>\n<meta property=\"og:image\" content=\"https:\/\/hoyre.no\/content\/uploads\/sites\/32\/2023\/05\/GettyImages-1380156451-1024x683.jpg\" \/>\n<meta name=\"twitter:card\" content=\"summary_large_image\" \/>\n<meta name=\"twitter:label1\" content=\"Ansl. lesetid\" \/>\n\t<meta name=\"twitter:data1\" content=\"5 minutter\" \/>\n<script type=\"application\/ld+json\" class=\"yoast-schema-graph\">{\"@context\":\"https:\/\/schema.org\",\"@graph\":[{\"@type\":\"WebPage\",\"@id\":\"https:\/\/hoyre.no\/grimstad\/syv-gode-grunner-til-a-stemme-hoyre-i-grimstad\/\",\"url\":\"https:\/\/hoyre.no\/grimstad\/syv-gode-grunner-til-a-stemme-hoyre-i-grimstad\/\",\"name\":\"Syv gode grunner til \u00e5 stemme H\u00f8yre i Grimstad - Grimstad H\u00f8yre\",\"isPartOf\":{\"@id\":\"https:\/\/hoyre.no\/grimstad\/#website\"},\"image\":{\"@id\":\"https:\/\/hoyre.no\/grimstad\/syv-gode-grunner-til-a-stemme-hoyre-i-grimstad\/#primaryimage\"},\"thumbnailUrl\":\"https:\/\/hoyre.no\/content\/uploads\/sites\/32\/2023\/05\/GettyImages-1380156451-1024x683.jpg\",\"datePublished\":\"2023-05-24T18:34:53+00:00\",\"dateModified\":\"2023-06-13T19:30:23+00:00\",\"breadcrumb\":{\"@id\":\"https:\/\/hoyre.no\/grimstad\/syv-gode-grunner-til-a-stemme-hoyre-i-grimstad\/#breadcrumb\"},\"inLanguage\":\"nb-NO\",\"potentialAction\":[{\"@type\":\"ReadAction\",\"target\":[\"https:\/\/hoyre.no\/grimstad\/syv-gode-grunner-til-a-stemme-hoyre-i-grimstad\/\"]}]},{\"@type\":\"ImageObject\",\"inLanguage\":\"nb-NO\",\"@id\":\"https:\/\/hoyre.no\/grimstad\/syv-gode-grunner-til-a-stemme-hoyre-i-grimstad\/#primaryimage\",\"url\":\"https:\/\/hoyre.no\/content\/uploads\/sites\/32\/2023\/05\/GettyImages-1380156451-1024x683.jpg\",\"contentUrl\":\"https:\/\/hoyre.no\/content\/uploads\/sites\/32\/2023\/05\/GettyImages-1380156451-1024x683.jpg\"},{\"@type\":\"BreadcrumbList\",\"@id\":\"https:\/\/hoyre.no\/grimstad\/syv-gode-grunner-til-a-stemme-hoyre-i-grimstad\/#breadcrumb\",\"itemListElement\":[{\"@type\":\"ListItem\",\"position\":1,\"name\":\"Til hoyre.no\",\"item\":\"https:\/\/hoyre.no\"},{\"@type\":\"ListItem\",\"position\":2,\"name\":\"Hjem\",\"item\":\"https:\/\/hoyre.no\/grimstad\/\"},{\"@type\":\"ListItem\",\"position\":3,\"name\":\"Syv gode grunner til \u00e5 stemme H\u00f8yre i Grimstad\"}]},{\"@type\":\"WebSite\",\"@id\":\"https:\/\/hoyre.no\/grimstad\/#website\",\"url\":\"https:\/\/hoyre.no\/grimstad\/\",\"name\":\"Grimstad H\u00f8yre\",\"description\":\"Bare enda et H\u00f8yres nettsteder-nettsted\",\"inLanguage\":\"nb-NO\"}]}<\/script>\n<!-- \/ Yoast SEO plugin. -->","yoast_head_json":{"title":"Syv gode grunner til \u00e5 stemme H\u00f8yre i Grimstad - Grimstad H\u00f8yre","robots":{"index":"index","follow":"follow","max-snippet":"max-snippet:-1","max-image-preview":"max-image-preview:large","max-video-preview":"max-video-preview:-1"},"canonical":"https:\/\/hoyre.no\/grimstad\/syv-gode-grunner-til-a-stemme-hoyre-i-grimstad\/","og_locale":"nb_NO","og_type":"article","og_title":"Syv gode grunner til \u00e5 stemme H\u00f8yre i Grimstad - Grimstad H\u00f8yre","og_description":"1. En god start p\u00e5 livet Barnehagene er en viktig arena for lek og l\u00e6ring. H\u00f8yre \u00f8nsker \u00e5 innf\u00f8re et fleksibelt barnehageopptak og vi er positive til mangfoldet private og ideelle barnehager bidrar med. Vi vil prioritere tidlig innsats s\u00e5 alle f\u00e5r mulighet til \u00e5 lykkes, og vi vil at alle skoler skal bli dysleksivennlige. [&hellip;]","og_url":"https:\/\/hoyre.no\/grimstad\/syv-gode-grunner-til-a-stemme-hoyre-i-grimstad\/","og_site_name":"Grimstad H\u00f8yre","article_modified_time":"2023-06-13T19:30:23+00:00","og_image":[{"url":"https:\/\/hoyre.no\/content\/uploads\/sites\/32\/2023\/05\/GettyImages-1380156451-1024x683.jpg","type":"","width":"","height":""}],"twitter_card":"summary_large_image","twitter_misc":{"Ansl. lesetid":"5 minutter"},"schema":{"@context":"https:\/\/schema.org","@graph":[{"@type":"WebPage","@id":"https:\/\/hoyre.no\/grimstad\/syv-gode-grunner-til-a-stemme-hoyre-i-grimstad\/","url":"https:\/\/hoyre.no\/grimstad\/syv-gode-grunner-til-a-stemme-hoyre-i-grimstad\/","name":"Syv gode grunner til \u00e5 stemme H\u00f8yre i Grimstad - Grimstad H\u00f8yre","isPartOf":{"@id":"https:\/\/hoyre.no\/grimstad\/#website"},"image":{"@id":"https:\/\/hoyre.no\/grimstad\/syv-gode-grunner-til-a-stemme-hoyre-i-grimstad\/#primaryimage"},"thumbnailUrl":"https:\/\/hoyre.no\/content\/uploads\/sites\/32\/2023\/05\/GettyImages-1380156451-1024x683.jpg","datePublished":"2023-05-24T18:34:53+00:00","dateModified":"2023-06-13T19:30:23+00:00","breadcrumb":{"@id":"https:\/\/hoyre.no\/grimstad\/syv-gode-grunner-til-a-stemme-hoyre-i-grimstad\/#breadcrumb"},"inLanguage":"nb-NO","potentialAction":[{"@type":"ReadAction","target":["https:\/\/hoyre.no\/grimstad\/syv-gode-grunner-til-a-stemme-hoyre-i-grimstad\/"]}]},{"@type":"ImageObject","inLanguage":"nb-NO","@id":"https:\/\/hoyre.no\/grimstad\/syv-gode-grunner-til-a-stemme-hoyre-i-grimstad\/#primaryimage","url":"https:\/\/hoyre.no\/content\/uploads\/sites\/32\/2023\/05\/GettyImages-1380156451-1024x683.jpg","contentUrl":"https:\/\/hoyre.no\/content\/uploads\/sites\/32\/2023\/05\/GettyImages-1380156451-1024x683.jpg"},{"@type":"BreadcrumbList","@id":"https:\/\/hoyre.no\/grimstad\/syv-gode-grunner-til-a-stemme-hoyre-i-grimstad\/#breadcrumb","itemListElement":[{"@type":"ListItem","position":1,"name":"Til hoyre.no","item":"https:\/\/hoyre.no"},{"@type":"ListItem","position":2,"name":"Hjem","item":"https:\/\/hoyre.no\/grimstad\/"},{"@type":"ListItem","position":3,"name":"Syv gode grunner til \u00e5 stemme H\u00f8yre i Grimstad"}]},{"@type":"WebSite","@id":"https:\/\/hoyre.no\/grimstad\/#website","url":"https:\/\/hoyre.no\/grimstad\/","name":"Grimstad H\u00f8yre","description":"Bare enda et H\u00f8yres nettsteder-nettsted","inLanguage":"nb-NO"}]}},"distributor_meta":false,"distributor_terms":false,"distributor_media":false,"distributor_original_site_name":"Grimstad H\u00f8yre","distributor_original_site_url":"https:\/\/hoyre.no\/grimstad","push-errors":false,"_links":{"self":[{"href":"https:\/\/hoyre.no\/grimstad\/wp-json\/wp\/v2\/pages\/146","targetHints":{"allow":["GET"]}}],"collection":[{"href":"https:\/\/hoyre.no\/grimstad\/wp-json\/wp\/v2\/pages"}],"about":[{"href":"https:\/\/hoyre.no\/grimstad\/wp-json\/wp\/v2\/types\/page"}],"author":[{"embeddable":true,"href":"https:\/\/hoyre.no\/grimstad\/wp-json\/wp\/v2\/users\/347"}],"replies":[{"embeddable":true,"href":"https:\/\/hoyre.no\/grimstad\/wp-json\/wp\/v2\/comments?post=146"}],"version-history":[{"count":3,"href":"https:\/\/hoyre.no\/grimstad\/wp-json\/wp\/v2\/pages\/146\/revisions"}],"predecessor-version":[{"id":173,"href":"https:\/\/hoyre.no\/grimstad\/wp-json\/wp\/v2\/pages\/146\/revisions\/173"}],"wp:attachment":[{"href":"https:\/\/hoyre.no\/grimstad\/wp-json\/wp\/v2\/media?parent=146"}],"curies":[{"name":"wp","href":"https:\/\/api.w.org\/{rel}","templated":true}]}}