{"id":99,"date":"2023-05-02T08:34:25","date_gmt":"2023-05-02T06:34:25","guid":{"rendered":"https:\/\/hoyre.no\/grimstad\/?page_id=99"},"modified":"2023-05-24T20:18:00","modified_gmt":"2023-05-24T18:18:00","slug":"beate-skretting-var-ordforerkandidat","status":"publish","type":"page","link":"https:\/\/hoyre.no\/grimstad\/beate-skretting-var-ordforerkandidat\/","title":{"rendered":"Beate Skretting &#8211; v\u00e5r ordf\u00f8rerkandidat"},"content":{"rendered":"\n<div class=\"wp-block-hoyre-hero with-image-gradient text-color-light  has-media alignfull has-background\"><div class=\"hoyre-hero has-image\"><h1 class=\"title\">Bli kjent med Beate<\/h1><p class=\"preamble\">Ordf\u00f8rer i Grimstad og Grimstad H\u00f8yres ordf\u00f8rerkandidat<\/p>\t\t\t<div class=\"post-meta wp-block teft-byline-wrapper\">\n\t\t\t\t<div class=\"top\">\n\t\t\t\t\t<div class=\"signature\">\n\t\t\t\t\t\t<div class=\"teft-byline\">\n\t\t\t\t\t\t\t\t\t\t\t\t\t\t<div>\n\t\t\t\t\t\t\t\t<h3>H\u00f8yres redaksjon<\/h3>\t\t\t\t\t\t\t\t\n\t\t\t\t\t\t\t\t\t\t\t\t\t\t\t\t\t<span class=\"date\">Sist oppdatert: 24. mai 2023<\/span>\n\t\t\t\t\t\t\t\t\t\t\t\t\t\t\t\t\t\t\t\t\t\t\t\t\t<span class=\"reading-time\" itemprop=\"timeRequired\" content=\"PT5M\"><em>Ca. 5 minutter lesetid<\/em><\/span>\n\t\t\t\t\t\t\t\t\t\t\t\t\t\t\t<\/div>\n\t\t\t\t\t\t<\/div>\n\t\t\t\t\t<\/div>\n\t\t\t\t\t\t<div class=\"sharing\">\n\t\t<a class=\"share-button share-link copy-link\" data-copy=\"https:\/\/hoyre.no\/grimstad\/beate-skretting-var-ordforerkandidat\/\" target=\"_blank\"><span class=\"screen-reader-text\">Del link<\/span><\/a>\n\t\t<a class=\"share-button share-twitter\" href=\"http:\/\/twitter.com\/share?text=Beate Skretting &#8211; v\u00e5r ordf\u00f8rerkandidat&#038;url=https:\/\/hoyre.no\/grimstad\/beate-skretting-var-ordforerkandidat\/&#038;hashtags=Hoyre\" target=\"_blank\"><span class=\"screen-reader-text\">Del p\u00e5 twitter<\/span><\/a>\n\t\t<a class=\"share-button share-facebook\" href=\"https:\/\/www.facebook.com\/sharer\/sharer.php?u=https:\/\/hoyre.no\/grimstad\/beate-skretting-var-ordforerkandidat\/\" target=\"_blank\"><span class=\"screen-reader-text\">Del p\u00e5 facebook<\/span><\/a>\n\t<\/div>\n\t\t\t\t\t<\/div>\n\t\t\t<\/div>\n\n\t\t\t<figure class=\"hoyre-image-wrapper\"><div class=\"hoyre-image\"><img loading=\"lazy\" decoding=\"async\" width=\"2179\" height=\"2500\" src=\"https:\/\/hoyre.no\/content\/uploads\/sites\/32\/2023\/05\/HA\u0303\u00b8yre_1650-scaled.jpg\" class=\"attachment-scaled size-scaled\" alt=\"\" style=\"object-position: 50% 40%\" srcset=\"https:\/\/hoyre.no\/content\/uploads\/sites\/32\/2023\/05\/HA\u0303\u00b8yre_1650-scaled.jpg 2179w, https:\/\/hoyre.no\/content\/uploads\/sites\/32\/2023\/05\/HA\u0303\u00b8yre_1650-262x300.jpg 262w, https:\/\/hoyre.no\/content\/uploads\/sites\/32\/2023\/05\/HA\u0303\u00b8yre_1650-893x1024.jpg 893w, https:\/\/hoyre.no\/content\/uploads\/sites\/32\/2023\/05\/HA\u0303\u00b8yre_1650-768x881.jpg 768w, https:\/\/hoyre.no\/content\/uploads\/sites\/32\/2023\/05\/HA\u0303\u00b8yre_1650-1339x1536.jpg 1339w, https:\/\/hoyre.no\/content\/uploads\/sites\/32\/2023\/05\/HA\u0303\u00b8yre_1650-1785x2048.jpg 1785w\" sizes=\"auto, (max-width: 2179px) 100vw, 2179px\" \/><\/div><\/figure><\/div><\/div>\n\n\n\n\n<div class=\"wp-block-buttons is-content-justification-center is-layout-flex wp-container-core-buttons-is-layout-16018d1d wp-block-buttons-is-layout-flex\">\n<div class=\"wp-block-button\"><a class=\"wp-block-button__link\" href=\"https:\/\/hoyre.no\/nyhetsbrev\/\">abonner p\u00e5 h\u00f8yres nyhetsbrev<\/a><\/div>\n\n\n\n<div class=\"wp-block-button\"><a class=\"wp-block-button__link\" href=\"https:\/\/www.facebook.com\/politikerbeateskretting\">F\u00f8lg Beate p\u00e5 Facebook<\/a><\/div>\n\n\n\n<div class=\"wp-block-button\"><a class=\"wp-block-button__link\" href=\"https:\/\/www.facebook.com\/grimstadhoyre\">f\u00f8lg Grimstad h\u00f8yre p\u00e5 facebook<\/a><\/div>\n<\/div>\n\n\n\n<div class=\"wp-block-hoyre-banner undefined has-icon-title icon-heart is-style-blue\"><div class=\"banner-inner\"><div class=\"banner-content\"><div class=\"entry-content\">\n<h2 class=\"has-text-align-center wp-block-heading\" id=\"h-bli-bedre-kjent-med-navn\">Bli bedre kjent med Beate!<\/h2>\n\n\n\n<p class=\"has-text-align-left\"><strong>Alder:<\/strong> 43<\/p>\n\n\n\n<p class=\"has-text-align-left\"><strong>Bosted:<\/strong> Bieheia, Grimstad<\/p>\n\n\n\n<p class=\"has-text-align-left\"><strong>Sivilstatus:<\/strong> Gift, tre ten\u00e5ringsd\u00f8tre<\/p>\n\n\n\n<p class=\"has-text-align-left\"><strong>Jobb:<\/strong> Ordf\u00f8rer i Grimstad<\/p>\n\n\n\n<p class=\"has-text-align-left\"><strong>Bakgrunn:<\/strong> Utdannet revisor, tidligere arbeidserfaring fra b\u00e5de offentlig og privat sektor.<\/p>\n\n\n\n<p class=\"has-text-align-left\"><strong>Politisk erfaring:<\/strong> 16 \u00e5r i kommunestyret i Grimstad med 1 periode som ordf\u00f8rer, tidligere nestleder og medlem av Teknisk Utvalg i 12 \u00e5r, samt diverse politiske verv og styreverv i kommunen.<\/p>\n\n\n\n<p class=\"has-text-align-left\"><strong>Hvorfor er H\u00f8yre rett parti for deg?<\/strong> Fordi H\u00f8yre setter mennesker foran systemer og jeg har tro p\u00e5 valgfrihet og lokalt selvstyre. Norge bygges best nedenfra der vi finner virkelige l\u00f8sninger p\u00e5 virkelige problemer for innbyggerne v\u00e5re. Og s\u00e5 mener jeg H\u00f8yre har den beste skolepolitikken og har gode l\u00f8sninger for omsorgstjenestene og n\u00e6ringsutvikling.<\/p>\n\n\n\n<p class=\"has-text-align-left\"><strong>Det er l\u00f8rdag, klokka n\u00e6rmer seg 19.00. Hva spiser du helst til middag?<\/strong> En god biff p\u00e5 grillen<\/p>\n\n\n\n<p class=\"has-text-align-left\"><strong>Konsert eller idrettsarrangement?<\/strong> Idrettsarrangement<\/p>\n\n\n\n<p class=\"has-text-align-left\"><strong>Hvis du skulle valgt en, hva er din favorittartist?<\/strong> Jeg er ganske allsidig i musikksmaken, s\u00e5 det sp\u00f8rsm\u00e5let var vanskelig!<\/p>\n\n\n\n<p class=\"has-text-align-left\"><strong>Funfact?<\/strong> Min st\u00f8rste dr\u00f8m som 10-\u00e5ring var \u00e5 bli H\u00f8yesterettsjustitiarius (jeg hadde bare problemer med \u00e5 uttale det)<\/p>\n\n\n\n<p class=\"has-text-align-left\"><strong>Hva er din favorittplass i kommunen og utenfor kommunen?<\/strong>&nbsp;Holmer og skj\u00e6r om sommeren, og ellers vil jeg gjerne oppholde meg i sydligere og varme str\u00f8k<\/p>\n\n\n\n<div class=\"wp-block-buttons is-layout-flex wp-block-buttons-is-layout-flex\"><\/div>\n<\/div><\/div><\/div><\/div>\n\n\n\n<div class=\"wp-block-teft-accentuated-link undefined has-image\"><div class=\"kf-link__wrapper\"><div class=\"kf-link__tagline\"><\/div><a class=\"kf-link__link\" href=\"https:\/\/hoyre.no\/personprofiler\/beate-skretting\/\" rel=\"noreferrer noopener\" target=\"_blank\">Kom i kontakt med Beate Skretting<span class=\"kf-link__link-source\">hoyre.no<\/span><\/a><\/div><figure class=\"hoyre-image-wrapper\"><div class=\"hoyre-image\"><img loading=\"lazy\" decoding=\"async\" width=\"2179\" height=\"2500\" src=\"https:\/\/hoyre.no\/content\/uploads\/sites\/32\/2023\/05\/HA\u0303\u00b8yre_1650-scaled.jpg\" class=\"attachment-scaled size-scaled\" alt=\"\" style=\"object-position: 52% 33%\" srcset=\"https:\/\/hoyre.no\/content\/uploads\/sites\/32\/2023\/05\/HA\u0303\u00b8yre_1650-scaled.jpg 2179w, https:\/\/hoyre.no\/content\/uploads\/sites\/32\/2023\/05\/HA\u0303\u00b8yre_1650-262x300.jpg 262w, https:\/\/hoyre.no\/content\/uploads\/sites\/32\/2023\/05\/HA\u0303\u00b8yre_1650-893x1024.jpg 893w, https:\/\/hoyre.no\/content\/uploads\/sites\/32\/2023\/05\/HA\u0303\u00b8yre_1650-768x881.jpg 768w, https:\/\/hoyre.no\/content\/uploads\/sites\/32\/2023\/05\/HA\u0303\u00b8yre_1650-1339x1536.jpg 1339w, https:\/\/hoyre.no\/content\/uploads\/sites\/32\/2023\/05\/HA\u0303\u00b8yre_1650-1785x2048.jpg 1785w\" sizes=\"auto, (max-width: 2179px) 100vw, 2179px\" \/><\/div><\/figure><\/div>\n\n\n\n<figure class=\"wp-block-teft-gallery columns-3 count-3 rows-2 is-cropped\"><ul class=\"teft-gallery-grid\"><li class=\"teft-gallery-item \"><figure><a href=\"https:\/\/hoyre.no\/content\/uploads\/sites\/32\/2023\/05\/HA\u0303\u00b8yre_1650-2-scaled.jpg\" data-size=\"2179x2500\"><img loading=\"lazy\" decoding=\"async\" width=\"893\" height=\"1024\" src=\"https:\/\/hoyre.no\/content\/uploads\/sites\/32\/2023\/05\/HA\u0303\u00b8yre_1650-2-893x1024.jpg\" class=\"attachment-large size-large\" alt=\"\" srcset=\"https:\/\/hoyre.no\/content\/uploads\/sites\/32\/2023\/05\/HA\u0303\u00b8yre_1650-2-893x1024.jpg 893w, https:\/\/hoyre.no\/content\/uploads\/sites\/32\/2023\/05\/HA\u0303\u00b8yre_1650-2-262x300.jpg 262w, https:\/\/hoyre.no\/content\/uploads\/sites\/32\/2023\/05\/HA\u0303\u00b8yre_1650-2-768x881.jpg 768w, https:\/\/hoyre.no\/content\/uploads\/sites\/32\/2023\/05\/HA\u0303\u00b8yre_1650-2-1339x1536.jpg 1339w, https:\/\/hoyre.no\/content\/uploads\/sites\/32\/2023\/05\/HA\u0303\u00b8yre_1650-2-1785x2048.jpg 1785w\" sizes=\"auto, (max-width: 893px) 100vw, 893px\" \/ data-full-url=\"https:\/\/hoyre.no\/content\/uploads\/sites\/32\/2023\/05\/HA\u0303\u00b8yre_1650-2-scaled.jpg\" data-id=\"138\" data-caption=\"138\"\/><\/a><\/figure><\/li><li class=\"teft-gallery-item \"><figure><a href=\"https:\/\/hoyre.no\/content\/uploads\/sites\/32\/2023\/05\/HA\u0303\u00b8yre_1605-1-scaled.jpg\" data-size=\"2219x2500\"><img loading=\"lazy\" decoding=\"async\" width=\"909\" height=\"1024\" src=\"https:\/\/hoyre.no\/content\/uploads\/sites\/32\/2023\/05\/HA\u0303\u00b8yre_1605-1-909x1024.jpg\" class=\"attachment-large size-large\" alt=\"\" srcset=\"https:\/\/hoyre.no\/content\/uploads\/sites\/32\/2023\/05\/HA\u0303\u00b8yre_1605-1-909x1024.jpg 909w, https:\/\/hoyre.no\/content\/uploads\/sites\/32\/2023\/05\/HA\u0303\u00b8yre_1605-1-266x300.jpg 266w, https:\/\/hoyre.no\/content\/uploads\/sites\/32\/2023\/05\/HA\u0303\u00b8yre_1605-1-768x865.jpg 768w, https:\/\/hoyre.no\/content\/uploads\/sites\/32\/2023\/05\/HA\u0303\u00b8yre_1605-1-1364x1536.jpg 1364w, https:\/\/hoyre.no\/content\/uploads\/sites\/32\/2023\/05\/HA\u0303\u00b8yre_1605-1-1818x2048.jpg 1818w\" sizes=\"auto, (max-width: 909px) 100vw, 909px\" \/ data-full-url=\"https:\/\/hoyre.no\/content\/uploads\/sites\/32\/2023\/05\/HA\u0303\u00b8yre_1605-1-scaled.jpg\" data-id=\"139\" data-caption=\"139\"\/><\/a><\/figure><\/li><li class=\"teft-gallery-item \"><figure><a href=\"https:\/\/hoyre.no\/content\/uploads\/sites\/32\/2023\/05\/HA\u0303\u00b8yre_1637-1-scaled.jpg\" data-size=\"2500x1698\"><img loading=\"lazy\" decoding=\"async\" width=\"1024\" height=\"696\" src=\"https:\/\/hoyre.no\/content\/uploads\/sites\/32\/2023\/05\/HA\u0303\u00b8yre_1637-1-1024x696.jpg\" class=\"attachment-large size-large\" alt=\"\" srcset=\"https:\/\/hoyre.no\/content\/uploads\/sites\/32\/2023\/05\/HA\u0303\u00b8yre_1637-1-1024x696.jpg 1024w, https:\/\/hoyre.no\/content\/uploads\/sites\/32\/2023\/05\/HA\u0303\u00b8yre_1637-1-300x204.jpg 300w, https:\/\/hoyre.no\/content\/uploads\/sites\/32\/2023\/05\/HA\u0303\u00b8yre_1637-1-768x522.jpg 768w, https:\/\/hoyre.no\/content\/uploads\/sites\/32\/2023\/05\/HA\u0303\u00b8yre_1637-1-1536x1043.jpg 1536w, https:\/\/hoyre.no\/content\/uploads\/sites\/32\/2023\/05\/HA\u0303\u00b8yre_1637-1-2048x1391.jpg 2048w\" sizes=\"auto, (max-width: 1024px) 100vw, 1024px\" \/ data-full-url=\"https:\/\/hoyre.no\/content\/uploads\/sites\/32\/2023\/05\/HA\u0303\u00b8yre_1637-1-scaled.jpg\" data-id=\"140\" data-caption=\"140\"\/><\/a><\/figure><\/li><\/ul><\/figure>\n\n\n\n<h2 class=\"has-text-align-center wp-block-heading\">Beates hjertesak<\/h2>\n\n\n\n<h3 class=\"wp-block-heading\"><strong>Et Grimstad med muligheter for alle!<\/strong><\/h3>\n\n\n\n<p>I Grimstad er vi heldige som har mange aktive lag og foreninger og enkeltmennesker som hver dag bidrar til v\u00e5rt lokalsamfunn med frivillig innsats p\u00e5 mange omr\u00e5der. De bidrar med store verdier til samfunnet og er en robust b\u00e6rebjelke i v\u00e5rt lokalsamfunn. Det skaper engasjerte innbyggere og det bidrar til at mange deltar, gir fellesskap og trivsel og motvirker utenforskap. Frivilligheten er limet i lokalsamfunnet v\u00e5rt, og det store mangfoldet av aktiviteter den skaper, er sosiale m\u00f8teplasser som gir identitet og tilh\u00f8righet.&nbsp;<\/p>\n\n\n\n<p>Jeg brenner for \u00e5 skape attraktive lokalmilj\u00f8 i v\u00e5r kommune slik at vi alle kan leve gode og innholdsrike liv. Dette m\u00e5 kommunen bidra til, og det inneb\u00e6rer at vi m\u00e5 legge til rette for at innbyggere kan oppleve livsglede, engasjement, fellesskap og inkludering gjennom hele livet Jeg tror vi skaper de beste l\u00f8sningene sammen, og \u00f8nsker at kommunen skal spille p\u00e5 lag med innbyggerne v\u00e5re, n\u00e6ringslivet og frivilligheten.&nbsp;&nbsp;<\/p>\n\n\n\n<p>Muligheten til \u00e5 delta i ulike aktiviteter og fellesskap er viktig for oss alle uavhengig av alder. \u00c5 skape aldersvennlige lokalsamfunn har mye fokus p\u00e5 \u00e5 tilrettelegge for de eldre, men jeg tenker det \u00e5 tenke aldersvennlig ogs\u00e5 p\u00e5 tvers av generasjoner vil bidra til mer for flere. B\u00e5de de s\u00e5kalte uorganiserte treffpunkt, men ogs\u00e5 innen et mangfoldig kultur- og idrettsliv. Og her m\u00e5 kommunen v\u00e6re med \u00e5 tilrettelegge, og frivilligsentralen har en sentral rolle i koordineringen av kommunens bidrag.&nbsp;<\/p>\n\n\n\n<p>Vi m\u00e5 prioritere \u00e5 styrke fritidstilbudet til ungdom, for eksempel ved \u00e5 etablere flere m\u00f8teplasser, sommerjobber, fritidsklubber og fritidsaktiviteter, gjerne gjennom frivilligheten.&nbsp;Og derfor mener jeg det er viktig at kommunen er p\u00e5 laget n\u00e5r det kommer gode initiativ og ideer p\u00e5 banen. Det skal v\u00e6re enkelt \u00e5 f\u00e5 til noe i Grimstad!<\/p>\n\n\n\n<p>Det er ogs\u00e5 viktig at alle har mulighet til \u00e5 delta, og vi m\u00e5 styrke og videref\u00f8re utl\u00e5nsordningen v\u00e5r BUA som er et veldig vellykket og popul\u00e6rt tilbud til barn, ungdom, studenter og voksne.&nbsp;Og vi m\u00e5 sikre at barn uavhengig av \u00f8konomisk bakgrunn har mulighet til \u00e5 delta i minst en aktivitet.&nbsp;<\/p>\n\n\n\n<p>Gjennom \u00e5 stimulere til et mangfoldig og tilrettelagt idrettstilbud i samarbeid med idretten, frivilligheten og lokalt n\u00e6ringsliv, s\u00e5 bidrar vi til at flere f\u00e5r et fritidstilbud.&nbsp;Og jeg mener det er viktig at vi fortsetter \u00e5 prioritere utvikling av attraktive, b\u00e6rekraftige og fremtidsrettede aktivitetsarenaer som er tilrettelagt for sambruk og flerbruk. Vi har mange idrettslag som eier og drifter egne anlegg, og det er viktig at kommunen ogs\u00e5 er med p\u00e5 et spleiselag, for disse anleggene har ogs\u00e5 stor verdi som n\u00e6rmilj\u00f8anlegg.<\/p>\n\n\n\n<p>Frivilligheten skal v\u00e6re et supplement til kommunale tjenester, det er ikke ment \u00e5 skulle overta eller erstatte. Og vi m\u00e5 ogs\u00e5 huske p\u00e5 at frivillig innsats er en avgj\u00f8rende del av den norske beredskapsmodellen, og ogs\u00e5 i Grimstad har vi mange avtaler som sikrer v\u00e5r felles trygghet om behovet oppst\u00e5r.&nbsp;<\/p>\n\n\n\n<p>Fremtidens velferdssamfunn er et prosjekt der vi i fellesskap finner l\u00f8sningene, og det finnes frivillige organisasjoner innenfor de fleste omr\u00e5der som kommunen jobber med. Det \u00e5 skape gode fritidstilbud til barn og unge, m\u00f8teplasser mellom majoritet og minoritetsbefolkningen, aktiviteter for eldre, kulturopplevelser, idrettsopplevelser, helsehjelp eller beredskap vil alltid v\u00e6re omr\u00e5der der frivillige har noe \u00e5 bidra med. Og nettopp fordi at det er relevant p\u00e5 tvers av sektorer, avdelinger og omr\u00e5der kommunen jobber med, s\u00e5 mener jeg at det er viktig at frivillighetspolitikken har et helhetlig blikk. Derfor \u00f8nsker jeg at vi utarbeider en frivillighetsmelding i kommunen v\u00e5r.<\/p>\n\n\n\n<div class=\"wp-block-hoyre-banner alignwide undefined  is-style-blue\"><div class=\"banner-inner\"><figure class=\"hoyre-image-wrapper\"><div class=\"hoyre-image\"><img loading=\"lazy\" decoding=\"async\" width=\"2179\" height=\"2500\" src=\"https:\/\/hoyre.no\/content\/uploads\/sites\/32\/2023\/05\/HA\u0303\u00b8yre_1650-scaled.jpg\" class=\"attachment-scaled size-scaled\" alt=\"\" style=\"object-position: 28.999999999999996% 43%\" srcset=\"https:\/\/hoyre.no\/content\/uploads\/sites\/32\/2023\/05\/HA\u0303\u00b8yre_1650-scaled.jpg 2179w, https:\/\/hoyre.no\/content\/uploads\/sites\/32\/2023\/05\/HA\u0303\u00b8yre_1650-262x300.jpg 262w, https:\/\/hoyre.no\/content\/uploads\/sites\/32\/2023\/05\/HA\u0303\u00b8yre_1650-893x1024.jpg 893w, https:\/\/hoyre.no\/content\/uploads\/sites\/32\/2023\/05\/HA\u0303\u00b8yre_1650-768x881.jpg 768w, https:\/\/hoyre.no\/content\/uploads\/sites\/32\/2023\/05\/HA\u0303\u00b8yre_1650-1339x1536.jpg 1339w, https:\/\/hoyre.no\/content\/uploads\/sites\/32\/2023\/05\/HA\u0303\u00b8yre_1650-1785x2048.jpg 1785w\" sizes=\"auto, (max-width: 2179px) 100vw, 2179px\" \/><\/div><\/figure><div class=\"banner-content\"><div class=\"entry-content\">\n<h2 class=\"wp-block-heading\" id=\"h-ti-gode-grunner\">Kom i kontakt med Beate<\/h2>\n\n\n\n<ul class=\"wp-block-list\"><li>E-post: <a href=\"mailto:beate_skretting@yahoo.no\">beate_skretting@yahoo.no<\/a><\/li><li>Telefon: 917 91 571<\/li><\/ul>\n\n\n\n<div class=\"wp-block-buttons is-layout-flex wp-block-buttons-is-layout-flex\">\n<div class=\"wp-block-button\"><a class=\"wp-block-button__link\" href=\"https:\/\/www.facebook.com\/politikerbeateskretting\">F\u00d8LG Beate P\u00c5 FACEBOOK<\/a><\/div>\n<\/div>\n<\/div><\/div><\/div><\/div>\n\n","protected":false},"excerpt":{"rendered":"","protected":false},"author":347,"featured_media":0,"parent":0,"menu_order":0,"comment_status":"closed","ping_status":"closed","template":"","meta":{"teft_cards_image_url":"","teft_cards_custom_pretitle":"","teft_cards_image_id":0,"teft_cards_image_focal_point_x":0,"teft_cards_image_focal_point_y":0,"teft_cards_title":"","teft_cards_excerpt":"","teft_show_chapters":false,"footnotes":""},"class_list":["post-99","page","type-page","status-publish","hentry"],"yoast_head":"<!-- This site is optimized with the Yoast SEO plugin v26.6 - https:\/\/yoast.com\/wordpress\/plugins\/seo\/ -->\n<title>Beate Skretting - v\u00e5r ordf\u00f8rerkandidat - Grimstad H\u00f8yre<\/title>\n<meta name=\"robots\" content=\"index, follow, max-snippet:-1, max-image-preview:large, max-video-preview:-1\" \/>\n<link rel=\"canonical\" href=\"https:\/\/hoyre.no\/grimstad\/beate-skretting-var-ordforerkandidat\/\" \/>\n<meta property=\"og:locale\" content=\"nb_NO\" \/>\n<meta property=\"og:type\" content=\"article\" \/>\n<meta property=\"og:title\" content=\"Beate Skretting - v\u00e5r ordf\u00f8rerkandidat - Grimstad H\u00f8yre\" \/>\n<meta property=\"og:url\" content=\"https:\/\/hoyre.no\/grimstad\/beate-skretting-var-ordforerkandidat\/\" \/>\n<meta property=\"og:site_name\" content=\"Grimstad H\u00f8yre\" \/>\n<meta property=\"article:modified_time\" content=\"2023-05-24T18:18:00+00:00\" \/>\n<meta property=\"og:image\" content=\"https:\/\/hoyre.no\/content\/uploads\/sites\/32\/2022\/11\/2020_RGB_hoyre_logo_profilbilde_011.png\" \/>\n\t<meta property=\"og:image:width\" content=\"1000\" \/>\n\t<meta property=\"og:image:height\" content=\"1000\" \/>\n\t<meta property=\"og:image:type\" content=\"image\/png\" \/>\n<meta name=\"twitter:card\" content=\"summary_large_image\" \/>\n<meta name=\"twitter:label1\" content=\"Ansl. lesetid\" \/>\n\t<meta name=\"twitter:data1\" content=\"5 minutter\" \/>\n<script type=\"application\/ld+json\" class=\"yoast-schema-graph\">{\"@context\":\"https:\/\/schema.org\",\"@graph\":[{\"@type\":\"WebPage\",\"@id\":\"https:\/\/hoyre.no\/grimstad\/beate-skretting-var-ordforerkandidat\/\",\"url\":\"https:\/\/hoyre.no\/grimstad\/beate-skretting-var-ordforerkandidat\/\",\"name\":\"Beate Skretting - v\u00e5r ordf\u00f8rerkandidat - Grimstad H\u00f8yre\",\"isPartOf\":{\"@id\":\"https:\/\/hoyre.no\/grimstad\/#website\"},\"datePublished\":\"2023-05-02T06:34:25+00:00\",\"dateModified\":\"2023-05-24T18:18:00+00:00\",\"breadcrumb\":{\"@id\":\"https:\/\/hoyre.no\/grimstad\/beate-skretting-var-ordforerkandidat\/#breadcrumb\"},\"inLanguage\":\"nb-NO\",\"potentialAction\":[{\"@type\":\"ReadAction\",\"target\":[\"https:\/\/hoyre.no\/grimstad\/beate-skretting-var-ordforerkandidat\/\"]}]},{\"@type\":\"BreadcrumbList\",\"@id\":\"https:\/\/hoyre.no\/grimstad\/beate-skretting-var-ordforerkandidat\/#breadcrumb\",\"itemListElement\":[{\"@type\":\"ListItem\",\"position\":1,\"name\":\"Til hoyre.no\",\"item\":\"https:\/\/hoyre.no\"},{\"@type\":\"ListItem\",\"position\":2,\"name\":\"Hjem\",\"item\":\"https:\/\/hoyre.no\/grimstad\/\"},{\"@type\":\"ListItem\",\"position\":3,\"name\":\"Beate Skretting &#8211; v\u00e5r ordf\u00f8rerkandidat\"}]},{\"@type\":\"WebSite\",\"@id\":\"https:\/\/hoyre.no\/grimstad\/#website\",\"url\":\"https:\/\/hoyre.no\/grimstad\/\",\"name\":\"Grimstad H\u00f8yre\",\"description\":\"Bare enda et H\u00f8yres nettsteder-nettsted\",\"inLanguage\":\"nb-NO\"}]}<\/script>\n<!-- \/ Yoast SEO plugin. -->","yoast_head_json":{"title":"Beate Skretting - v\u00e5r ordf\u00f8rerkandidat - Grimstad H\u00f8yre","robots":{"index":"index","follow":"follow","max-snippet":"max-snippet:-1","max-image-preview":"max-image-preview:large","max-video-preview":"max-video-preview:-1"},"canonical":"https:\/\/hoyre.no\/grimstad\/beate-skretting-var-ordforerkandidat\/","og_locale":"nb_NO","og_type":"article","og_title":"Beate Skretting - v\u00e5r ordf\u00f8rerkandidat - Grimstad H\u00f8yre","og_url":"https:\/\/hoyre.no\/grimstad\/beate-skretting-var-ordforerkandidat\/","og_site_name":"Grimstad H\u00f8yre","article_modified_time":"2023-05-24T18:18:00+00:00","og_image":[{"width":1000,"height":1000,"url":"https:\/\/hoyre.no\/content\/uploads\/sites\/32\/2022\/11\/2020_RGB_hoyre_logo_profilbilde_011.png","type":"image\/png"}],"twitter_card":"summary_large_image","twitter_misc":{"Ansl. lesetid":"5 minutter"},"schema":{"@context":"https:\/\/schema.org","@graph":[{"@type":"WebPage","@id":"https:\/\/hoyre.no\/grimstad\/beate-skretting-var-ordforerkandidat\/","url":"https:\/\/hoyre.no\/grimstad\/beate-skretting-var-ordforerkandidat\/","name":"Beate Skretting - v\u00e5r ordf\u00f8rerkandidat - Grimstad H\u00f8yre","isPartOf":{"@id":"https:\/\/hoyre.no\/grimstad\/#website"},"datePublished":"2023-05-02T06:34:25+00:00","dateModified":"2023-05-24T18:18:00+00:00","breadcrumb":{"@id":"https:\/\/hoyre.no\/grimstad\/beate-skretting-var-ordforerkandidat\/#breadcrumb"},"inLanguage":"nb-NO","potentialAction":[{"@type":"ReadAction","target":["https:\/\/hoyre.no\/grimstad\/beate-skretting-var-ordforerkandidat\/"]}]},{"@type":"BreadcrumbList","@id":"https:\/\/hoyre.no\/grimstad\/beate-skretting-var-ordforerkandidat\/#breadcrumb","itemListElement":[{"@type":"ListItem","position":1,"name":"Til hoyre.no","item":"https:\/\/hoyre.no"},{"@type":"ListItem","position":2,"name":"Hjem","item":"https:\/\/hoyre.no\/grimstad\/"},{"@type":"ListItem","position":3,"name":"Beate Skretting &#8211; v\u00e5r ordf\u00f8rerkandidat"}]},{"@type":"WebSite","@id":"https:\/\/hoyre.no\/grimstad\/#website","url":"https:\/\/hoyre.no\/grimstad\/","name":"Grimstad H\u00f8yre","description":"Bare enda et H\u00f8yres nettsteder-nettsted","inLanguage":"nb-NO"}]}},"distributor_meta":false,"distributor_terms":false,"distributor_media":false,"distributor_original_site_name":"Grimstad H\u00f8yre","distributor_original_site_url":"https:\/\/hoyre.no\/grimstad","push-errors":false,"_links":{"self":[{"href":"https:\/\/hoyre.no\/grimstad\/wp-json\/wp\/v2\/pages\/99","targetHints":{"allow":["GET"]}}],"collection":[{"href":"https:\/\/hoyre.no\/grimstad\/wp-json\/wp\/v2\/pages"}],"about":[{"href":"https:\/\/hoyre.no\/grimstad\/wp-json\/wp\/v2\/types\/page"}],"author":[{"embeddable":true,"href":"https:\/\/hoyre.no\/grimstad\/wp-json\/wp\/v2\/users\/347"}],"replies":[{"embeddable":true,"href":"https:\/\/hoyre.no\/grimstad\/wp-json\/wp\/v2\/comments?post=99"}],"version-history":[{"count":5,"href":"https:\/\/hoyre.no\/grimstad\/wp-json\/wp\/v2\/pages\/99\/revisions"}],"predecessor-version":[{"id":174,"href":"https:\/\/hoyre.no\/grimstad\/wp-json\/wp\/v2\/pages\/99\/revisions\/174"}],"wp:attachment":[{"href":"https:\/\/hoyre.no\/grimstad\/wp-json\/wp\/v2\/media?parent=99"}],"curies":[{"name":"wp","href":"https:\/\/api.w.org\/{rel}","templated":true}]}}