{"id":44,"date":"2023-06-30T12:57:31","date_gmt":"2023-06-30T10:57:31","guid":{"rendered":"https:\/\/hoyre.no\/gulen\/?page_id=44"},"modified":"2023-08-27T15:02:14","modified_gmt":"2023-08-27T13:02:14","slug":"gulen-hogre-valprogram-2023-2027","status":"publish","type":"page","link":"https:\/\/hoyre.no\/gulen\/gulen-hogre-valprogram-2023-2027\/","title":{"rendered":"Gulen H\u00f8gre valprogram 2023-2027"},"content":{"rendered":"\n<div class=\"wp-block-hoyre-hero with-image-gradient text-color-light  has-media alignfull has-background\"><div class=\"hoyre-hero has-image\"><h1 class=\"title\">Valprogram<br>2023-2027<\/h1><p class=\"preamble\">Les meir om kva me g\u00e5r til val p\u00e5 i Gulen dei neste fire \u00e5ra!<\/p>\t\t\t<div class=\"post-meta wp-block teft-byline-wrapper\">\n\t\t\t\t<div class=\"top\">\n\t\t\t\t\t<div class=\"signature\">\n\t\t\t\t\t\t<div class=\"teft-byline\">\n\t\t\t\t\t\t\t\t\t\t\t\t\t\t<div>\n\t\t\t\t\t\t\t\t<h3>H\u00f8yres redaksjon<\/h3>\t\t\t\t\t\t\t\t\n\t\t\t\t\t\t\t\t\t\t\t\t\t\t\t\t\t<span class=\"date\">Sist oppdatert: 27. august 2023<\/span>\n\t\t\t\t\t\t\t\t\t\t\t\t\t\t\t\t\t\t\t\t\t\t\t\t\t<span class=\"reading-time\" itemprop=\"timeRequired\" content=\"PT2M\"><em>Ca. 2 minutter lesetid<\/em><\/span>\n\t\t\t\t\t\t\t\t\t\t\t\t\t\t\t<\/div>\n\t\t\t\t\t\t<\/div>\n\t\t\t\t\t<\/div>\n\t\t\t\t\t\t<div class=\"sharing\">\n\t\t<a class=\"share-button share-link copy-link\" data-copy=\"https:\/\/hoyre.no\/gulen\/gulen-hogre-valprogram-2023-2027\/\" target=\"_blank\"><span class=\"screen-reader-text\">Del link<\/span><\/a>\n\t\t<a class=\"share-button share-twitter\" href=\"http:\/\/twitter.com\/share?text=Gulen H\u00f8gre valprogram 2023-2027&#038;url=https:\/\/hoyre.no\/gulen\/gulen-hogre-valprogram-2023-2027\/&#038;hashtags=Hoyre\" target=\"_blank\"><span class=\"screen-reader-text\">Del p\u00e5 twitter<\/span><\/a>\n\t\t<a class=\"share-button share-facebook\" href=\"https:\/\/www.facebook.com\/sharer\/sharer.php?u=https:\/\/hoyre.no\/gulen\/gulen-hogre-valprogram-2023-2027\/\" target=\"_blank\"><span class=\"screen-reader-text\">Del p\u00e5 facebook<\/span><\/a>\n\t<\/div>\n\t\t\t\t\t<\/div>\n\t\t\t<\/div>\n\n\t\t\t<figure class=\"hoyre-image-wrapper\"><div class=\"hoyre-image\"><img loading=\"lazy\" decoding=\"async\" width=\"960\" height=\"1280\" src=\"https:\/\/hoyre.no\/content\/uploads\/sites\/334\/2023\/06\/Gulen-Hogre-gjengen.jpeg\" class=\"attachment-scaled size-scaled\" alt=\"Gruppebilde av Gulen H\u00f8gre sine listekandidater i Skjerjehamn\" style=\"object-position: 49% 57.99999999999999%\" srcset=\"https:\/\/hoyre.no\/content\/uploads\/sites\/334\/2023\/06\/Gulen-Hogre-gjengen.jpeg 960w, https:\/\/hoyre.no\/content\/uploads\/sites\/334\/2023\/06\/Gulen-Hogre-gjengen-225x300.jpeg 225w, https:\/\/hoyre.no\/content\/uploads\/sites\/334\/2023\/06\/Gulen-Hogre-gjengen-768x1024.jpeg 768w\" sizes=\"auto, (max-width: 960px) 100vw, 960px\" \/><\/div><\/figure><\/div><\/div>\n\n\n\n\n<p>H\u00f8gre ynskjer \u00e5 skape ein kommune med moglegheiter for alle. Uansett bakgrunn, alder, yrke eller tru, skal ein f\u00e5 dei same moglegheitane til \u00e5 lukkast.<\/p>\n\n\n\n<p>Gulen treng eit skifte. Me g\u00e5r til val p\u00e5 trygg \u00f8konomisk styring med gode l\u00f8ysingar for innbyggjarar, bedrifter og lokalsamfunn, med stor grad av openheit og forsvarleg ressursbruk. Me skal vere ein JA-kommune, som st\u00f8ttar opp om nye initiativ, utvikling og verdiskaping som vil gjere kommunen v\u00e5r til ein attraktiv og god plass \u00e5 bu, jobba og leva.<\/p>\n\n\n\n\n<div class=\"wp-block-media-text alignwide is-stacked-on-mobile is-image-fill\" style=\"grid-template-columns:48% auto\"><figure class=\"wp-block-media-text__media\" style=\"background-image:url('https:\/\/hoyre.no\/content\/uploads\/sites\/334\/2023\/06\/Stord_til_Stryn_foto_Agathe_Steen-38-1024x683.jpg');background-position:75% 9%\"><img loading=\"lazy\" decoding=\"async\" width=\"1024\" height=\"683\" src=\"https:\/\/hoyre.no\/content\/uploads\/sites\/334\/2023\/06\/Stord_til_Stryn_foto_Agathe_Steen-38-1024x683.jpg\" alt=\"\" class=\"wp-image-33 size-full\" srcset=\"https:\/\/hoyre.no\/content\/uploads\/sites\/334\/2023\/06\/Stord_til_Stryn_foto_Agathe_Steen-38-1024x683.jpg 1024w, https:\/\/hoyre.no\/content\/uploads\/sites\/334\/2023\/06\/Stord_til_Stryn_foto_Agathe_Steen-38-300x200.jpg 300w, https:\/\/hoyre.no\/content\/uploads\/sites\/334\/2023\/06\/Stord_til_Stryn_foto_Agathe_Steen-38-768x512.jpg 768w, https:\/\/hoyre.no\/content\/uploads\/sites\/334\/2023\/06\/Stord_til_Stryn_foto_Agathe_Steen-38-1536x1024.jpg 1536w, https:\/\/hoyre.no\/content\/uploads\/sites\/334\/2023\/06\/Stord_til_Stryn_foto_Agathe_Steen-38-2048x1365.jpg 2048w\" sizes=\"auto, (max-width: 1024px) 100vw, 1024px\" \/><\/figure><div class=\"wp-block-media-text__content\">\n<p><strong>Bli med Gulen H\u00f8gre for:<\/strong><\/p>\n\n\n\n<ul class=\"wp-block-list\"><li>\u00c5 utvikle heile kommunen.<\/li><li>\u00c5 rassikre strekninga Brekke-Instefjord (sj\u00e5 biletet).<\/li><li>\u00c5 utbedre vegen fr\u00e5 Nordgulen til Eivindvik.<\/li><li>To ferjer mellom Sl\u00f8v\u00e5g og Leirv\u00e5g, samt betre rutetenester.<\/li><li>Trygg eldreomsorg med tilstrekkelig kvalifisert personell.<\/li><li>Nok kvalifiserte l\u00e6rare i skulane og barnehagane, og ei nullvisjon for mobbing.<\/li><li>Symje- og flerbruksanlegg med satsing p\u00e5 ungdommen, rekruttering og framtida.<\/li><li>Halvering av eigedomsskatt p\u00e5 bustader.<\/li><\/ul>\n<\/div><\/div>\n\n\n\n<h3 class=\"wp-block-heading\">Les heile valprogrammet v\u00e5rt her:<\/h3>\n\n\n\n<div class=\"wp-block-teft-file icon-link-block\"><a href=\"https:\/\/hoyre.no\/content\/uploads\/sites\/334\/2023\/07\/Gulen-Hogre-program-2023-2027-ferdig.pdf\" download><span class=\"file-title\">Gulen H\u00f8gre valprogram 2023-2027<\/span><span class=\"file-name\"><\/span><\/a><\/div>\n\n\n\n<div class=\"wp-block-hoyre-banner alignwide undefined  is-style-blue\"><div class=\"banner-inner\"><figure class=\"hoyre-image-wrapper\"><div class=\"hoyre-image\"><img loading=\"lazy\" decoding=\"async\" width=\"2500\" height=\"1667\" src=\"https:\/\/hoyre.no\/content\/uploads\/sites\/334\/2023\/08\/Stein-Inge-Larsen-foto-Agathe-Steen-2-scaled.jpg\" class=\"attachment-scaled size-scaled\" alt=\"\" style=\"object-position: 50% 50%\" srcset=\"https:\/\/hoyre.no\/content\/uploads\/sites\/334\/2023\/08\/Stein-Inge-Larsen-foto-Agathe-Steen-2-scaled.jpg 2500w, https:\/\/hoyre.no\/content\/uploads\/sites\/334\/2023\/08\/Stein-Inge-Larsen-foto-Agathe-Steen-2-300x200.jpg 300w, https:\/\/hoyre.no\/content\/uploads\/sites\/334\/2023\/08\/Stein-Inge-Larsen-foto-Agathe-Steen-2-1024x683.jpg 1024w, https:\/\/hoyre.no\/content\/uploads\/sites\/334\/2023\/08\/Stein-Inge-Larsen-foto-Agathe-Steen-2-768x512.jpg 768w, https:\/\/hoyre.no\/content\/uploads\/sites\/334\/2023\/08\/Stein-Inge-Larsen-foto-Agathe-Steen-2-1536x1024.jpg 1536w, https:\/\/hoyre.no\/content\/uploads\/sites\/334\/2023\/08\/Stein-Inge-Larsen-foto-Agathe-Steen-2-2048x1365.jpg 2048w\" sizes=\"auto, (max-width: 2500px) 100vw, 2500px\" \/><\/div><\/figure><div class=\"banner-content\"><div class=\"entry-content\">\n<h2 class=\"wp-block-heading\">Vil du ha kortversjonen?<\/h2>\n\n\n\n<p>Her er 8 grunnar til \u00e5 r\u00f8yste H\u00f8gre i Gulen!<\/p>\n\n\n\n<div class=\"wp-block-buttons is-layout-flex wp-block-buttons-is-layout-flex\">\n<div class=\"wp-block-button\"><a class=\"wp-block-button__link\" href=\"https:\/\/hoyre.no\/gulen\/8-gode-grunnar\/\">trykk her for \u00e5 lese meir<\/a><\/div>\n<\/div>\n<\/div><\/div><\/div><\/div>\n","protected":false},"excerpt":{"rendered":"<p>Bli med Gulen H\u00f8gre for: \u00c5 utvikle heile kommunen. \u00c5 rassikre strekninga Brekke-Instefjord (sj\u00e5 biletet). \u00c5 utbedre vegen fr\u00e5 Nordgulen til Eivindvik. To ferjer mellom Sl\u00f8v\u00e5g og Leirv\u00e5g, samt betre rutetenester. Trygg eldreomsorg med tilstrekkelig kvalifisert personell. Nok kvalifiserte l\u00e6rare i skulane og barnehagane, og ei nullvisjon for mobbing. Symje- og flerbruksanlegg med satsing p\u00e5 [&hellip;]<\/p>\n","protected":false},"author":29319,"featured_media":0,"parent":0,"menu_order":0,"comment_status":"closed","ping_status":"closed","template":"","meta":{"teft_cards_image_url":"","teft_cards_custom_pretitle":"","teft_cards_image_id":0,"teft_cards_image_focal_point_x":0,"teft_cards_image_focal_point_y":0,"teft_cards_title":"","teft_cards_excerpt":"","teft_show_chapters":false,"footnotes":""},"class_list":["post-44","page","type-page","status-publish","hentry"],"yoast_head":"<!-- This site is optimized with the Yoast SEO plugin v26.6 - https:\/\/yoast.com\/wordpress\/plugins\/seo\/ -->\n<title>Gulen H\u00f8gre valprogram 2023-2027 - Gulen H\u00f8gre<\/title>\n<meta name=\"robots\" content=\"index, follow, max-snippet:-1, max-image-preview:large, max-video-preview:-1\" \/>\n<link rel=\"canonical\" href=\"https:\/\/hoyre.no\/gulen\/gulen-hogre-valprogram-2023-2027\/\" \/>\n<meta property=\"og:locale\" content=\"nn_NO\" \/>\n<meta property=\"og:type\" content=\"article\" \/>\n<meta property=\"og:title\" content=\"Gulen H\u00f8gre valprogram 2023-2027 - Gulen H\u00f8gre\" \/>\n<meta property=\"og:description\" content=\"Bli med Gulen H\u00f8gre for: \u00c5 utvikle heile kommunen. \u00c5 rassikre strekninga Brekke-Instefjord (sj\u00e5 biletet). \u00c5 utbedre vegen fr\u00e5 Nordgulen til Eivindvik. To ferjer mellom Sl\u00f8v\u00e5g og Leirv\u00e5g, samt betre rutetenester. Trygg eldreomsorg med tilstrekkelig kvalifisert personell. Nok kvalifiserte l\u00e6rare i skulane og barnehagane, og ei nullvisjon for mobbing. Symje- og flerbruksanlegg med satsing p\u00e5 [&hellip;]\" \/>\n<meta property=\"og:url\" content=\"https:\/\/hoyre.no\/gulen\/gulen-hogre-valprogram-2023-2027\/\" \/>\n<meta property=\"og:site_name\" content=\"Gulen H\u00f8gre\" \/>\n<meta property=\"article:modified_time\" content=\"2023-08-27T13:02:14+00:00\" \/>\n<meta property=\"og:image\" content=\"https:\/\/hoyre.no\/content\/uploads\/sites\/334\/2023\/06\/Stord_til_Stryn_foto_Agathe_Steen-38-1024x683.jpg\" \/>\n<meta name=\"twitter:card\" content=\"summary_large_image\" \/>\n<meta name=\"twitter:label1\" content=\"Est. reading time\" \/>\n\t<meta name=\"twitter:data1\" content=\"2 minutt\" \/>\n<script type=\"application\/ld+json\" class=\"yoast-schema-graph\">{\"@context\":\"https:\/\/schema.org\",\"@graph\":[{\"@type\":\"WebPage\",\"@id\":\"https:\/\/hoyre.no\/gulen\/gulen-hogre-valprogram-2023-2027\/\",\"url\":\"https:\/\/hoyre.no\/gulen\/gulen-hogre-valprogram-2023-2027\/\",\"name\":\"Gulen H\u00f8gre valprogram 2023-2027 - Gulen H\u00f8gre\",\"isPartOf\":{\"@id\":\"https:\/\/hoyre.no\/gulen\/#website\"},\"image\":{\"@id\":\"https:\/\/hoyre.no\/gulen\/gulen-hogre-valprogram-2023-2027\/#primaryimage\"},\"thumbnailUrl\":\"https:\/\/hoyre.no\/content\/uploads\/sites\/334\/2023\/06\/Stord_til_Stryn_foto_Agathe_Steen-38-1024x683.jpg\",\"datePublished\":\"2023-06-30T10:57:31+00:00\",\"dateModified\":\"2023-08-27T13:02:14+00:00\",\"breadcrumb\":{\"@id\":\"https:\/\/hoyre.no\/gulen\/gulen-hogre-valprogram-2023-2027\/#breadcrumb\"},\"inLanguage\":\"nn-NO\",\"potentialAction\":[{\"@type\":\"ReadAction\",\"target\":[\"https:\/\/hoyre.no\/gulen\/gulen-hogre-valprogram-2023-2027\/\"]}]},{\"@type\":\"ImageObject\",\"inLanguage\":\"nn-NO\",\"@id\":\"https:\/\/hoyre.no\/gulen\/gulen-hogre-valprogram-2023-2027\/#primaryimage\",\"url\":\"https:\/\/hoyre.no\/content\/uploads\/sites\/334\/2023\/06\/Stord_til_Stryn_foto_Agathe_Steen-38-1024x683.jpg\",\"contentUrl\":\"https:\/\/hoyre.no\/content\/uploads\/sites\/334\/2023\/06\/Stord_til_Stryn_foto_Agathe_Steen-38-1024x683.jpg\"},{\"@type\":\"BreadcrumbList\",\"@id\":\"https:\/\/hoyre.no\/gulen\/gulen-hogre-valprogram-2023-2027\/#breadcrumb\",\"itemListElement\":[{\"@type\":\"ListItem\",\"position\":1,\"name\":\"Til hoyre.no\",\"item\":\"https:\/\/hoyre.no\"},{\"@type\":\"ListItem\",\"position\":2,\"name\":\"Hjem\",\"item\":\"https:\/\/hoyre.no\/gulen\/\"},{\"@type\":\"ListItem\",\"position\":3,\"name\":\"Gulen H\u00f8gre valprogram 2023-2027\"}]},{\"@type\":\"WebSite\",\"@id\":\"https:\/\/hoyre.no\/gulen\/#website\",\"url\":\"https:\/\/hoyre.no\/gulen\/\",\"name\":\"Gulen H\u00f8gre\",\"description\":\"Bare enda et H\u00f8yres nettsteder-nettsted\",\"inLanguage\":\"nn-NO\"}]}<\/script>\n<!-- \/ Yoast SEO plugin. -->","yoast_head_json":{"title":"Gulen H\u00f8gre valprogram 2023-2027 - Gulen H\u00f8gre","robots":{"index":"index","follow":"follow","max-snippet":"max-snippet:-1","max-image-preview":"max-image-preview:large","max-video-preview":"max-video-preview:-1"},"canonical":"https:\/\/hoyre.no\/gulen\/gulen-hogre-valprogram-2023-2027\/","og_locale":"nn_NO","og_type":"article","og_title":"Gulen H\u00f8gre valprogram 2023-2027 - Gulen H\u00f8gre","og_description":"Bli med Gulen H\u00f8gre for: \u00c5 utvikle heile kommunen. \u00c5 rassikre strekninga Brekke-Instefjord (sj\u00e5 biletet). \u00c5 utbedre vegen fr\u00e5 Nordgulen til Eivindvik. To ferjer mellom Sl\u00f8v\u00e5g og Leirv\u00e5g, samt betre rutetenester. Trygg eldreomsorg med tilstrekkelig kvalifisert personell. Nok kvalifiserte l\u00e6rare i skulane og barnehagane, og ei nullvisjon for mobbing. Symje- og flerbruksanlegg med satsing p\u00e5 [&hellip;]","og_url":"https:\/\/hoyre.no\/gulen\/gulen-hogre-valprogram-2023-2027\/","og_site_name":"Gulen H\u00f8gre","article_modified_time":"2023-08-27T13:02:14+00:00","og_image":[{"url":"https:\/\/hoyre.no\/content\/uploads\/sites\/334\/2023\/06\/Stord_til_Stryn_foto_Agathe_Steen-38-1024x683.jpg","type":"","width":"","height":""}],"twitter_card":"summary_large_image","twitter_misc":{"Est. reading time":"2 minutt"},"schema":{"@context":"https:\/\/schema.org","@graph":[{"@type":"WebPage","@id":"https:\/\/hoyre.no\/gulen\/gulen-hogre-valprogram-2023-2027\/","url":"https:\/\/hoyre.no\/gulen\/gulen-hogre-valprogram-2023-2027\/","name":"Gulen H\u00f8gre valprogram 2023-2027 - Gulen H\u00f8gre","isPartOf":{"@id":"https:\/\/hoyre.no\/gulen\/#website"},"image":{"@id":"https:\/\/hoyre.no\/gulen\/gulen-hogre-valprogram-2023-2027\/#primaryimage"},"thumbnailUrl":"https:\/\/hoyre.no\/content\/uploads\/sites\/334\/2023\/06\/Stord_til_Stryn_foto_Agathe_Steen-38-1024x683.jpg","datePublished":"2023-06-30T10:57:31+00:00","dateModified":"2023-08-27T13:02:14+00:00","breadcrumb":{"@id":"https:\/\/hoyre.no\/gulen\/gulen-hogre-valprogram-2023-2027\/#breadcrumb"},"inLanguage":"nn-NO","potentialAction":[{"@type":"ReadAction","target":["https:\/\/hoyre.no\/gulen\/gulen-hogre-valprogram-2023-2027\/"]}]},{"@type":"ImageObject","inLanguage":"nn-NO","@id":"https:\/\/hoyre.no\/gulen\/gulen-hogre-valprogram-2023-2027\/#primaryimage","url":"https:\/\/hoyre.no\/content\/uploads\/sites\/334\/2023\/06\/Stord_til_Stryn_foto_Agathe_Steen-38-1024x683.jpg","contentUrl":"https:\/\/hoyre.no\/content\/uploads\/sites\/334\/2023\/06\/Stord_til_Stryn_foto_Agathe_Steen-38-1024x683.jpg"},{"@type":"BreadcrumbList","@id":"https:\/\/hoyre.no\/gulen\/gulen-hogre-valprogram-2023-2027\/#breadcrumb","itemListElement":[{"@type":"ListItem","position":1,"name":"Til hoyre.no","item":"https:\/\/hoyre.no"},{"@type":"ListItem","position":2,"name":"Hjem","item":"https:\/\/hoyre.no\/gulen\/"},{"@type":"ListItem","position":3,"name":"Gulen H\u00f8gre valprogram 2023-2027"}]},{"@type":"WebSite","@id":"https:\/\/hoyre.no\/gulen\/#website","url":"https:\/\/hoyre.no\/gulen\/","name":"Gulen H\u00f8gre","description":"Bare enda et H\u00f8yres nettsteder-nettsted","inLanguage":"nn-NO"}]}},"distributor_meta":false,"distributor_terms":false,"distributor_media":false,"distributor_original_site_name":"Gulen H\u00f8gre","distributor_original_site_url":"https:\/\/hoyre.no\/gulen","push-errors":false,"_links":{"self":[{"href":"https:\/\/hoyre.no\/gulen\/wp-json\/wp\/v2\/pages\/44","targetHints":{"allow":["GET"]}}],"collection":[{"href":"https:\/\/hoyre.no\/gulen\/wp-json\/wp\/v2\/pages"}],"about":[{"href":"https:\/\/hoyre.no\/gulen\/wp-json\/wp\/v2\/types\/page"}],"author":[{"embeddable":true,"href":"https:\/\/hoyre.no\/gulen\/wp-json\/wp\/v2\/users\/29319"}],"replies":[{"embeddable":true,"href":"https:\/\/hoyre.no\/gulen\/wp-json\/wp\/v2\/comments?post=44"}],"version-history":[{"count":8,"href":"https:\/\/hoyre.no\/gulen\/wp-json\/wp\/v2\/pages\/44\/revisions"}],"predecessor-version":[{"id":100,"href":"https:\/\/hoyre.no\/gulen\/wp-json\/wp\/v2\/pages\/44\/revisions\/100"}],"wp:attachment":[{"href":"https:\/\/hoyre.no\/gulen\/wp-json\/wp\/v2\/media?parent=44"}],"curies":[{"name":"wp","href":"https:\/\/api.w.org\/{rel}","templated":true}]}}