{"id":91,"date":"2023-08-27T15:00:49","date_gmt":"2023-08-27T13:00:49","guid":{"rendered":"https:\/\/hoyre.no\/gulen\/?page_id=91"},"modified":"2025-02-18T15:59:51","modified_gmt":"2025-02-18T14:59:51","slug":"8-gode-grunnar","status":"publish","type":"page","link":"https:\/\/hoyre.no\/gulen\/8-gode-grunnar\/","title":{"rendered":"8 gode grunnar"},"content":{"rendered":"\n<div class=\"wp-block-hoyre-hero with-image-gradient text-color-light  has-media alignfull has-background\"><div class=\"hoyre-hero has-image\"><h1 class=\"title\">8 gode grunnar til \u00e5 r\u00f8yste H\u00f8gre i Gulen<\/h1><figure class=\"hoyre-image-wrapper\"><div class=\"hoyre-image\"><img loading=\"lazy\" decoding=\"async\" width=\"2500\" height=\"1667\" src=\"https:\/\/hoyre.no\/content\/uploads\/sites\/334\/2023\/08\/Brekke-i-Gulen-foto-Agathe-Steen-35-scaled.jpg\" class=\"attachment-scaled size-scaled\" alt=\"\" style=\"object-position: 50% 50%\" srcset=\"https:\/\/hoyre.no\/content\/uploads\/sites\/334\/2023\/08\/Brekke-i-Gulen-foto-Agathe-Steen-35-scaled.jpg 2500w, https:\/\/hoyre.no\/content\/uploads\/sites\/334\/2023\/08\/Brekke-i-Gulen-foto-Agathe-Steen-35-300x200.jpg 300w, https:\/\/hoyre.no\/content\/uploads\/sites\/334\/2023\/08\/Brekke-i-Gulen-foto-Agathe-Steen-35-1024x683.jpg 1024w, https:\/\/hoyre.no\/content\/uploads\/sites\/334\/2023\/08\/Brekke-i-Gulen-foto-Agathe-Steen-35-768x512.jpg 768w, https:\/\/hoyre.no\/content\/uploads\/sites\/334\/2023\/08\/Brekke-i-Gulen-foto-Agathe-Steen-35-1536x1024.jpg 1536w, https:\/\/hoyre.no\/content\/uploads\/sites\/334\/2023\/08\/Brekke-i-Gulen-foto-Agathe-Steen-35-2048x1365.jpg 2048w\" sizes=\"auto, (max-width: 2500px) 100vw, 2500px\" \/><\/div><\/figure><\/div><\/div>\n\n\n\n\n\t\t<div class=\"has-pale-blue-background-color is-layout-left alignwide alignwide wp-block-hoyre-media-text\">\n\t\t\t<div class=\"hoyre-media-text__media\">\n\t\t\t\t<img loading=\"lazy\" decoding=\"async\" width=\"1024\" height=\"658\" src=\"https:\/\/hoyre.no\/content\/uploads\/sites\/334\/2023\/08\/GettyImages-134440844-1024x658.jpg\" class=\"hoyre-media-text__media-image\" alt=\"\" style=\"--focal: 27% 59%;\" srcset=\"https:\/\/hoyre.no\/content\/uploads\/sites\/334\/2023\/08\/GettyImages-134440844-1024x658.jpg 1024w, https:\/\/hoyre.no\/content\/uploads\/sites\/334\/2023\/08\/GettyImages-134440844-300x193.jpg 300w, https:\/\/hoyre.no\/content\/uploads\/sites\/334\/2023\/08\/GettyImages-134440844-768x493.jpg 768w, https:\/\/hoyre.no\/content\/uploads\/sites\/334\/2023\/08\/GettyImages-134440844-1536x987.jpg 1536w, https:\/\/hoyre.no\/content\/uploads\/sites\/334\/2023\/08\/GettyImages-134440844-2048x1316.jpg 2048w\" sizes=\"auto, (max-width: 1024px) 100vw, 1024px\" \/>\n\t\t\t<\/div>\n\t\t\t<div class=\"hoyre-media-text__content\">\n\t\t\t\t<div class=\"hoyre-media-text__content-inner\">\n\t\t\t\t\t\n\t\t\t<div class=\"hoyre-media-text__title-container\">\n\t\t\t\t\n\t\t\t\t<h2 class=\"hoyre-media-text__title\">1. Utbedre vegen fr\u00e5 Eivindvik til Nordgulen<\/h2>\n\t\t\t<\/div>\n\t\t\t\n\t\t\t\t\t<div class=\"hoyre-media-text__blocks\"><\/div>\n\t\t\t\t\t\n\t\t\t\t<\/div>\n\t\t\t<\/div>\n\t\t<\/div>\n\t\t\n\n\n\n\t\t<div class=\"has-lightest-blue-background-color is-layout-right alignwide alignwide wp-block-hoyre-media-text\">\n\t\t\t<div class=\"hoyre-media-text__media\">\n\t\t\t\t<img loading=\"lazy\" decoding=\"async\" width=\"1024\" height=\"683\" src=\"https:\/\/hoyre.no\/content\/uploads\/sites\/334\/2023\/08\/Brekke-i-Gulen-foto-Agathe-Steen-42-1024x683.jpg\" class=\"hoyre-media-text__media-image\" alt=\"\" style=\"--focal: 61% 43%;\" srcset=\"https:\/\/hoyre.no\/content\/uploads\/sites\/334\/2023\/08\/Brekke-i-Gulen-foto-Agathe-Steen-42-1024x683.jpg 1024w, https:\/\/hoyre.no\/content\/uploads\/sites\/334\/2023\/08\/Brekke-i-Gulen-foto-Agathe-Steen-42-300x200.jpg 300w, https:\/\/hoyre.no\/content\/uploads\/sites\/334\/2023\/08\/Brekke-i-Gulen-foto-Agathe-Steen-42-768x512.jpg 768w, https:\/\/hoyre.no\/content\/uploads\/sites\/334\/2023\/08\/Brekke-i-Gulen-foto-Agathe-Steen-42-1536x1024.jpg 1536w, https:\/\/hoyre.no\/content\/uploads\/sites\/334\/2023\/08\/Brekke-i-Gulen-foto-Agathe-Steen-42-2048x1365.jpg 2048w\" sizes=\"auto, (max-width: 1024px) 100vw, 1024px\" \/>\n\t\t\t<\/div>\n\t\t\t<div class=\"hoyre-media-text__content\">\n\t\t\t\t<div class=\"hoyre-media-text__content-inner\">\n\t\t\t\t\t\n\t\t\t<div class=\"hoyre-media-text__title-container\">\n\t\t\t\t\n\t\t\t\t<h2 class=\"hoyre-media-text__title\">2. Rassikre strekninga Brekke-Instefjord<\/h2>\n\t\t\t<\/div>\n\t\t\t\n\t\t\t\t\t<div class=\"hoyre-media-text__blocks\"><\/div>\n\t\t\t\t\t\n\t\t\t\t<\/div>\n\t\t\t<\/div>\n\t\t<\/div>\n\t\t\n\n\n\t\t<div class=\"has-pale-blue-background-color is-layout-left alignwide alignwide wp-block-hoyre-media-text\">\n\t\t\t<div class=\"hoyre-media-text__media\">\n\t\t\t\t<img loading=\"lazy\" decoding=\"async\" width=\"1024\" height=\"683\" src=\"https:\/\/hoyre.no\/content\/uploads\/sites\/334\/2023\/08\/GettyImages-1305286523-1024x683.jpg\" class=\"hoyre-media-text__media-image\" alt=\"\" style=\"--focal: 49% 48%;\" srcset=\"https:\/\/hoyre.no\/content\/uploads\/sites\/334\/2023\/08\/GettyImages-1305286523-1024x683.jpg 1024w, https:\/\/hoyre.no\/content\/uploads\/sites\/334\/2023\/08\/GettyImages-1305286523-300x200.jpg 300w, https:\/\/hoyre.no\/content\/uploads\/sites\/334\/2023\/08\/GettyImages-1305286523-768x512.jpg 768w, https:\/\/hoyre.no\/content\/uploads\/sites\/334\/2023\/08\/GettyImages-1305286523-1536x1024.jpg 1536w, https:\/\/hoyre.no\/content\/uploads\/sites\/334\/2023\/08\/GettyImages-1305286523-2048x1365.jpg 2048w\" sizes=\"auto, (max-width: 1024px) 100vw, 1024px\" \/>\n\t\t\t<\/div>\n\t\t\t<div class=\"hoyre-media-text__content\">\n\t\t\t\t<div class=\"hoyre-media-text__content-inner\">\n\t\t\t\t\t\n\t\t\t<div class=\"hoyre-media-text__title-container\">\n\t\t\t\t\n\t\t\t\t<h2 class=\"hoyre-media-text__title\">3. To ferjer mellom Sl\u00f8v\u00e5g og Leirv\u00e5g, samt betre rutetenester<\/h2>\n\t\t\t<\/div>\n\t\t\t\n\t\t\t\t\t<div class=\"hoyre-media-text__blocks\"><\/div>\n\t\t\t\t\t\n\t\t\t\t<\/div>\n\t\t\t<\/div>\n\t\t<\/div>\n\t\t\n\n\n\t\t<div class=\"has-pale-purple-background-color is-layout-right alignwide alignwide wp-block-hoyre-media-text\">\n\t\t\t<div class=\"hoyre-media-text__media\">\n\t\t\t\t<img loading=\"lazy\" decoding=\"async\" width=\"1024\" height=\"683\" src=\"https:\/\/hoyre.no\/content\/uploads\/sites\/334\/2023\/08\/GettyImages-475098388-1024x683.jpg\" class=\"hoyre-media-text__media-image\" alt=\"\" style=\"--focal: 48% 31%;\" srcset=\"https:\/\/hoyre.no\/content\/uploads\/sites\/334\/2023\/08\/GettyImages-475098388-1024x683.jpg 1024w, https:\/\/hoyre.no\/content\/uploads\/sites\/334\/2023\/08\/GettyImages-475098388-300x200.jpg 300w, https:\/\/hoyre.no\/content\/uploads\/sites\/334\/2023\/08\/GettyImages-475098388-768x512.jpg 768w, https:\/\/hoyre.no\/content\/uploads\/sites\/334\/2023\/08\/GettyImages-475098388-1536x1024.jpg 1536w, https:\/\/hoyre.no\/content\/uploads\/sites\/334\/2023\/08\/GettyImages-475098388-2048x1365.jpg 2048w\" sizes=\"auto, (max-width: 1024px) 100vw, 1024px\" \/>\n\t\t\t<\/div>\n\t\t\t<div class=\"hoyre-media-text__content\">\n\t\t\t\t<div class=\"hoyre-media-text__content-inner\">\n\t\t\t\t\t\n\t\t\t<div class=\"hoyre-media-text__title-container\">\n\t\t\t\t\n\t\t\t\t<h2 class=\"hoyre-media-text__title\">4. Symje-og fleirbruksanlegg med satsing p\u00e5 ungdomen, rekruttering og framtida<\/h2>\n\t\t\t<\/div>\n\t\t\t\n\t\t\t\t\t<div class=\"hoyre-media-text__blocks\"><\/div>\n\t\t\t\t\t\n\t\t\t\t<\/div>\n\t\t\t<\/div>\n\t\t<\/div>\n\t\t\n\n\n\t\t<div class=\"has-pale-green-background-color is-layout-left alignwide alignwide wp-block-hoyre-media-text\">\n\t\t\t<div class=\"hoyre-media-text__media\">\n\t\t\t\t<img loading=\"lazy\" decoding=\"async\" width=\"1024\" height=\"683\" src=\"https:\/\/hoyre.no\/content\/uploads\/sites\/334\/2023\/08\/Stand-i-Brekke-i-Gulen-12.08.23-foto-Agathe-Steen-34-1024x683.jpg\" class=\"hoyre-media-text__media-image\" alt=\"\" style=\"--focal: 50% 50%;\" srcset=\"https:\/\/hoyre.no\/content\/uploads\/sites\/334\/2023\/08\/Stand-i-Brekke-i-Gulen-12.08.23-foto-Agathe-Steen-34-1024x683.jpg 1024w, https:\/\/hoyre.no\/content\/uploads\/sites\/334\/2023\/08\/Stand-i-Brekke-i-Gulen-12.08.23-foto-Agathe-Steen-34-300x200.jpg 300w, https:\/\/hoyre.no\/content\/uploads\/sites\/334\/2023\/08\/Stand-i-Brekke-i-Gulen-12.08.23-foto-Agathe-Steen-34-768x512.jpg 768w, https:\/\/hoyre.no\/content\/uploads\/sites\/334\/2023\/08\/Stand-i-Brekke-i-Gulen-12.08.23-foto-Agathe-Steen-34-1536x1024.jpg 1536w, https:\/\/hoyre.no\/content\/uploads\/sites\/334\/2023\/08\/Stand-i-Brekke-i-Gulen-12.08.23-foto-Agathe-Steen-34-2048x1365.jpg 2048w\" sizes=\"auto, (max-width: 1024px) 100vw, 1024px\" \/>\n\t\t\t<\/div>\n\t\t\t<div class=\"hoyre-media-text__content\">\n\t\t\t\t<div class=\"hoyre-media-text__content-inner\">\n\t\t\t\t\t\n\t\t\t<div class=\"hoyre-media-text__title-container\">\n\t\t\t\t\n\t\t\t\t<h2 class=\"hoyre-media-text__title\">5. Utvikle HEILE kommunen<\/h2>\n\t\t\t<\/div>\n\t\t\t\n\t\t\t\t\t<div class=\"hoyre-media-text__blocks\"><\/div>\n\t\t\t\t\t\n\t\t\t\t<\/div>\n\t\t\t<\/div>\n\t\t<\/div>\n\t\t\n\n\n\t\t<div class=\"has-pale-blue-background-color is-layout-right alignwide alignwide wp-block-hoyre-media-text\">\n\t\t\t<div class=\"hoyre-media-text__media\">\n\t\t\t\t<img loading=\"lazy\" decoding=\"async\" width=\"1024\" height=\"683\" src=\"https:\/\/hoyre.no\/content\/uploads\/sites\/334\/2023\/08\/GettyImages-1216408189-1024x683.jpg\" class=\"hoyre-media-text__media-image\" alt=\"\" style=\"--focal: 50% 50%;\" srcset=\"https:\/\/hoyre.no\/content\/uploads\/sites\/334\/2023\/08\/GettyImages-1216408189-1024x683.jpg 1024w, https:\/\/hoyre.no\/content\/uploads\/sites\/334\/2023\/08\/GettyImages-1216408189-300x200.jpg 300w, https:\/\/hoyre.no\/content\/uploads\/sites\/334\/2023\/08\/GettyImages-1216408189-768x512.jpg 768w, https:\/\/hoyre.no\/content\/uploads\/sites\/334\/2023\/08\/GettyImages-1216408189-1536x1024.jpg 1536w, https:\/\/hoyre.no\/content\/uploads\/sites\/334\/2023\/08\/GettyImages-1216408189-2048x1365.jpg 2048w\" sizes=\"auto, (max-width: 1024px) 100vw, 1024px\" \/>\n\t\t\t<\/div>\n\t\t\t<div class=\"hoyre-media-text__content\">\n\t\t\t\t<div class=\"hoyre-media-text__content-inner\">\n\t\t\t\t\t\n\t\t\t<div class=\"hoyre-media-text__title-container\">\n\t\t\t\t\n\t\t\t\t<h2 class=\"hoyre-media-text__title\">6. F\u00e5 nok kvalifiserte l\u00e6rarar i skulane og barnehagane, og ei nullvisjon mot mobbing<\/h2>\n\t\t\t<\/div>\n\t\t\t\n\t\t\t\t\t<div class=\"hoyre-media-text__blocks\"><\/div>\n\t\t\t\t\t\n\t\t\t\t<\/div>\n\t\t\t<\/div>\n\t\t<\/div>\n\t\t\n\n\n\t\t<div class=\"has-lightest-blue-background-color is-layout-left alignwide alignwide wp-block-hoyre-media-text\">\n\t\t\t<div class=\"hoyre-media-text__media\">\n\t\t\t\t<img loading=\"lazy\" decoding=\"async\" width=\"1024\" height=\"683\" src=\"https:\/\/hoyre.no\/content\/uploads\/sites\/334\/2023\/08\/GettyImages-1165371469-1024x683.jpg\" class=\"hoyre-media-text__media-image\" alt=\"\" style=\"--focal: 38% 38%;\" srcset=\"https:\/\/hoyre.no\/content\/uploads\/sites\/334\/2023\/08\/GettyImages-1165371469-1024x683.jpg 1024w, https:\/\/hoyre.no\/content\/uploads\/sites\/334\/2023\/08\/GettyImages-1165371469-300x200.jpg 300w, https:\/\/hoyre.no\/content\/uploads\/sites\/334\/2023\/08\/GettyImages-1165371469-768x512.jpg 768w, https:\/\/hoyre.no\/content\/uploads\/sites\/334\/2023\/08\/GettyImages-1165371469-1536x1025.jpg 1536w, https:\/\/hoyre.no\/content\/uploads\/sites\/334\/2023\/08\/GettyImages-1165371469-2048x1367.jpg 2048w\" sizes=\"auto, (max-width: 1024px) 100vw, 1024px\" \/>\n\t\t\t<\/div>\n\t\t\t<div class=\"hoyre-media-text__content\">\n\t\t\t\t<div class=\"hoyre-media-text__content-inner\">\n\t\t\t\t\t\n\t\t\t<div class=\"hoyre-media-text__title-container\">\n\t\t\t\t\n\t\t\t\t<h2 class=\"hoyre-media-text__title\">7. Trygg eldreomsorg med tilstrekkeleg kvalifisert personell<\/h2>\n\t\t\t<\/div>\n\t\t\t\n\t\t\t\t\t<div class=\"hoyre-media-text__blocks\"><\/div>\n\t\t\t\t\t\n\t\t\t\t<\/div>\n\t\t\t<\/div>\n\t\t<\/div>\n\t\t\n\n\n\t\t<div class=\"has-pink-background-color is-layout-right alignwide alignwide wp-block-hoyre-media-text\">\n\t\t\t<div class=\"hoyre-media-text__media\">\n\t\t\t\t<img loading=\"lazy\" decoding=\"async\" width=\"1024\" height=\"683\" src=\"https:\/\/hoyre.no\/content\/uploads\/sites\/334\/2023\/08\/Brekke-i-Gulen-foto-Agathe-Steen-37-1024x683.jpg\" class=\"hoyre-media-text__media-image\" alt=\"\" style=\"--focal: 58% 66%;\" srcset=\"https:\/\/hoyre.no\/content\/uploads\/sites\/334\/2023\/08\/Brekke-i-Gulen-foto-Agathe-Steen-37-1024x683.jpg 1024w, https:\/\/hoyre.no\/content\/uploads\/sites\/334\/2023\/08\/Brekke-i-Gulen-foto-Agathe-Steen-37-300x200.jpg 300w, https:\/\/hoyre.no\/content\/uploads\/sites\/334\/2023\/08\/Brekke-i-Gulen-foto-Agathe-Steen-37-768x512.jpg 768w, https:\/\/hoyre.no\/content\/uploads\/sites\/334\/2023\/08\/Brekke-i-Gulen-foto-Agathe-Steen-37-1536x1024.jpg 1536w, https:\/\/hoyre.no\/content\/uploads\/sites\/334\/2023\/08\/Brekke-i-Gulen-foto-Agathe-Steen-37-2048x1365.jpg 2048w\" sizes=\"auto, (max-width: 1024px) 100vw, 1024px\" \/>\n\t\t\t<\/div>\n\t\t\t<div class=\"hoyre-media-text__content\">\n\t\t\t\t<div class=\"hoyre-media-text__content-inner\">\n\t\t\t\t\t\n\t\t\t<div class=\"hoyre-media-text__title-container\">\n\t\t\t\t\n\t\t\t\t<h2 class=\"hoyre-media-text__title\">8. Halvering av eigedomsskatt p\u00e5 bustader<\/h2>\n\t\t\t<\/div>\n\t\t\t\n\t\t\t\t\t<div class=\"hoyre-media-text__blocks\"><\/div>\n\t\t\t\t\t\n\t\t\t\t<\/div>\n\t\t\t<\/div>\n\t\t<\/div>\n\t\t\n\n\n<div class=\"wp-block-hoyre-banner alignwide undefined\"><div class=\"banner-inner\"><figure class=\"hoyre-image-wrapper\"><div class=\"hoyre-image\"><img loading=\"lazy\" decoding=\"async\" width=\"2500\" height=\"1667\" src=\"https:\/\/hoyre.no\/content\/uploads\/sites\/334\/2023\/08\/Stein-Inge-Larsen-foto-Agathe-Steen-2-scaled.jpg\" class=\"attachment-scaled size-scaled\" alt=\"\" style=\"object-position: 48% 46%\" srcset=\"https:\/\/hoyre.no\/content\/uploads\/sites\/334\/2023\/08\/Stein-Inge-Larsen-foto-Agathe-Steen-2-scaled.jpg 2500w, https:\/\/hoyre.no\/content\/uploads\/sites\/334\/2023\/08\/Stein-Inge-Larsen-foto-Agathe-Steen-2-300x200.jpg 300w, https:\/\/hoyre.no\/content\/uploads\/sites\/334\/2023\/08\/Stein-Inge-Larsen-foto-Agathe-Steen-2-1024x683.jpg 1024w, https:\/\/hoyre.no\/content\/uploads\/sites\/334\/2023\/08\/Stein-Inge-Larsen-foto-Agathe-Steen-2-768x512.jpg 768w, https:\/\/hoyre.no\/content\/uploads\/sites\/334\/2023\/08\/Stein-Inge-Larsen-foto-Agathe-Steen-2-1536x1024.jpg 1536w, https:\/\/hoyre.no\/content\/uploads\/sites\/334\/2023\/08\/Stein-Inge-Larsen-foto-Agathe-Steen-2-2048x1365.jpg 2048w\" sizes=\"auto, (max-width: 2500px) 100vw, 2500px\" \/><\/div><\/figure><div class=\"banner-content\"><div class=\"entry-content\">\n<h2 class=\"wp-block-heading\" id=\"h-vil-du-vite-meir\">Vil du vite meir?<\/h2>\n\n\n\n<p>Her kan du lese heile v\u00e5rt valprogram!<\/p>\n\n\n\n<div class=\"wp-block-buttons is-layout-flex wp-block-buttons-is-layout-flex\">\n<div class=\"wp-block-button\"><a class=\"wp-block-button__link wp-element-button\" href=\"https:\/\/hoyre.no\/gulen\/gulen-hogre-valprogram-2023-2027\/\">Trykk her for \u00e5 lese meir<\/a><\/div>\n<\/div>\n<\/div><\/div><\/div><\/div>\n","protected":false},"excerpt":{"rendered":"","protected":false},"author":29319,"featured_media":0,"parent":0,"menu_order":0,"comment_status":"closed","ping_status":"closed","template":"","meta":{"teft_cards_image_url":"","teft_cards_custom_pretitle":"","teft_cards_image_id":0,"teft_cards_image_focal_point_x":0,"teft_cards_image_focal_point_y":0,"teft_cards_title":"","teft_cards_excerpt":"","teft_show_chapters":false,"footnotes":""},"class_list":["post-91","page","type-page","status-publish","hentry"],"yoast_head":"<!-- This site is optimized with the Yoast SEO plugin v26.6 - https:\/\/yoast.com\/wordpress\/plugins\/seo\/ -->\n<title>8 gode grunnar - Gulen H\u00f8gre<\/title>\n<meta name=\"description\" content=\"de grunnar8 gode grunnar til \u00e5 r\u00f8yste H\u00f8gre om du bur i Gulen.\" \/>\n<meta name=\"robots\" content=\"index, follow, max-snippet:-1, max-image-preview:large, max-video-preview:-1\" \/>\n<link rel=\"canonical\" href=\"https:\/\/hoyre.no\/gulen\/8-gode-grunnar\/\" \/>\n<meta property=\"og:locale\" content=\"nn_NO\" \/>\n<meta property=\"og:type\" content=\"article\" \/>\n<meta property=\"og:title\" content=\"8 gode grunnar - Gulen H\u00f8gre\" \/>\n<meta property=\"og:description\" content=\"de grunnar8 gode grunnar til \u00e5 r\u00f8yste H\u00f8gre om du bur i Gulen.\" \/>\n<meta property=\"og:url\" content=\"https:\/\/hoyre.no\/gulen\/8-gode-grunnar\/\" \/>\n<meta property=\"og:site_name\" content=\"Gulen H\u00f8gre\" \/>\n<meta property=\"article:modified_time\" content=\"2025-02-18T14:59:51+00:00\" \/>\n<meta property=\"og:image\" content=\"https:\/\/hoyre.no\/content\/uploads\/sites\/334\/2022\/11\/Hoyres-logo.png\" \/>\n\t<meta property=\"og:image:width\" content=\"1000\" \/>\n\t<meta property=\"og:image:height\" content=\"1000\" \/>\n\t<meta property=\"og:image:type\" content=\"image\/png\" \/>\n<meta name=\"twitter:card\" content=\"summary_large_image\" \/>\n<meta name=\"twitter:label1\" content=\"Est. reading time\" \/>\n\t<meta name=\"twitter:data1\" content=\"1 minutt\" \/>\n<script type=\"application\/ld+json\" class=\"yoast-schema-graph\">{\"@context\":\"https:\/\/schema.org\",\"@graph\":[{\"@type\":\"WebPage\",\"@id\":\"https:\/\/hoyre.no\/gulen\/8-gode-grunnar\/\",\"url\":\"https:\/\/hoyre.no\/gulen\/8-gode-grunnar\/\",\"name\":\"8 gode grunnar - Gulen H\u00f8gre\",\"isPartOf\":{\"@id\":\"https:\/\/hoyre.no\/gulen\/#website\"},\"datePublished\":\"2023-08-27T13:00:49+00:00\",\"dateModified\":\"2025-02-18T14:59:51+00:00\",\"description\":\"de grunnar8 gode grunnar til \u00e5 r\u00f8yste H\u00f8gre om du bur i Gulen.\",\"breadcrumb\":{\"@id\":\"https:\/\/hoyre.no\/gulen\/8-gode-grunnar\/#breadcrumb\"},\"inLanguage\":\"nn-NO\",\"potentialAction\":[{\"@type\":\"ReadAction\",\"target\":[\"https:\/\/hoyre.no\/gulen\/8-gode-grunnar\/\"]}]},{\"@type\":\"BreadcrumbList\",\"@id\":\"https:\/\/hoyre.no\/gulen\/8-gode-grunnar\/#breadcrumb\",\"itemListElement\":[{\"@type\":\"ListItem\",\"position\":1,\"name\":\"Til hoyre.no\",\"item\":\"https:\/\/hoyre.no\"},{\"@type\":\"ListItem\",\"position\":2,\"name\":\"Hjem\",\"item\":\"https:\/\/hoyre.no\/gulen\/\"},{\"@type\":\"ListItem\",\"position\":3,\"name\":\"8 gode grunnar\"}]},{\"@type\":\"WebSite\",\"@id\":\"https:\/\/hoyre.no\/gulen\/#website\",\"url\":\"https:\/\/hoyre.no\/gulen\/\",\"name\":\"Gulen H\u00f8gre\",\"description\":\"Bare enda et H\u00f8yres nettsteder-nettsted\",\"inLanguage\":\"nn-NO\"}]}<\/script>\n<!-- \/ Yoast SEO plugin. -->","yoast_head_json":{"title":"8 gode grunnar - Gulen H\u00f8gre","description":"de grunnar8 gode grunnar til \u00e5 r\u00f8yste H\u00f8gre om du bur i Gulen.","robots":{"index":"index","follow":"follow","max-snippet":"max-snippet:-1","max-image-preview":"max-image-preview:large","max-video-preview":"max-video-preview:-1"},"canonical":"https:\/\/hoyre.no\/gulen\/8-gode-grunnar\/","og_locale":"nn_NO","og_type":"article","og_title":"8 gode grunnar - Gulen H\u00f8gre","og_description":"de grunnar8 gode grunnar til \u00e5 r\u00f8yste H\u00f8gre om du bur i Gulen.","og_url":"https:\/\/hoyre.no\/gulen\/8-gode-grunnar\/","og_site_name":"Gulen H\u00f8gre","article_modified_time":"2025-02-18T14:59:51+00:00","og_image":[{"width":1000,"height":1000,"url":"https:\/\/hoyre.no\/content\/uploads\/sites\/334\/2022\/11\/Hoyres-logo.png","type":"image\/png"}],"twitter_card":"summary_large_image","twitter_misc":{"Est. reading time":"1 minutt"},"schema":{"@context":"https:\/\/schema.org","@graph":[{"@type":"WebPage","@id":"https:\/\/hoyre.no\/gulen\/8-gode-grunnar\/","url":"https:\/\/hoyre.no\/gulen\/8-gode-grunnar\/","name":"8 gode grunnar - Gulen H\u00f8gre","isPartOf":{"@id":"https:\/\/hoyre.no\/gulen\/#website"},"datePublished":"2023-08-27T13:00:49+00:00","dateModified":"2025-02-18T14:59:51+00:00","description":"de grunnar8 gode grunnar til \u00e5 r\u00f8yste H\u00f8gre om du bur i Gulen.","breadcrumb":{"@id":"https:\/\/hoyre.no\/gulen\/8-gode-grunnar\/#breadcrumb"},"inLanguage":"nn-NO","potentialAction":[{"@type":"ReadAction","target":["https:\/\/hoyre.no\/gulen\/8-gode-grunnar\/"]}]},{"@type":"BreadcrumbList","@id":"https:\/\/hoyre.no\/gulen\/8-gode-grunnar\/#breadcrumb","itemListElement":[{"@type":"ListItem","position":1,"name":"Til hoyre.no","item":"https:\/\/hoyre.no"},{"@type":"ListItem","position":2,"name":"Hjem","item":"https:\/\/hoyre.no\/gulen\/"},{"@type":"ListItem","position":3,"name":"8 gode grunnar"}]},{"@type":"WebSite","@id":"https:\/\/hoyre.no\/gulen\/#website","url":"https:\/\/hoyre.no\/gulen\/","name":"Gulen H\u00f8gre","description":"Bare enda et H\u00f8yres nettsteder-nettsted","inLanguage":"nn-NO"}]}},"distributor_meta":false,"distributor_terms":false,"distributor_media":false,"distributor_original_site_name":"Gulen H\u00f8gre","distributor_original_site_url":"https:\/\/hoyre.no\/gulen","push-errors":false,"_links":{"self":[{"href":"https:\/\/hoyre.no\/gulen\/wp-json\/wp\/v2\/pages\/91","targetHints":{"allow":["GET"]}}],"collection":[{"href":"https:\/\/hoyre.no\/gulen\/wp-json\/wp\/v2\/pages"}],"about":[{"href":"https:\/\/hoyre.no\/gulen\/wp-json\/wp\/v2\/types\/page"}],"author":[{"embeddable":true,"href":"https:\/\/hoyre.no\/gulen\/wp-json\/wp\/v2\/users\/29319"}],"replies":[{"embeddable":true,"href":"https:\/\/hoyre.no\/gulen\/wp-json\/wp\/v2\/comments?post=91"}],"version-history":[{"count":2,"href":"https:\/\/hoyre.no\/gulen\/wp-json\/wp\/v2\/pages\/91\/revisions"}],"predecessor-version":[{"id":104,"href":"https:\/\/hoyre.no\/gulen\/wp-json\/wp\/v2\/pages\/91\/revisions\/104"}],"wp:attachment":[{"href":"https:\/\/hoyre.no\/gulen\/wp-json\/wp\/v2\/media?parent=91"}],"curies":[{"name":"wp","href":"https:\/\/api.w.org\/{rel}","templated":true}]}}