{"id":221,"date":"2023-01-12T21:55:40","date_gmt":"2023-01-12T20:55:40","guid":{"rendered":"https:\/\/hoyre.no\/hamar\/?post_type=teft-events&#038;p=221"},"modified":"2023-01-16T17:13:45","modified_gmt":"2023-01-16T16:13:45","slug":"hamar-hoyres-nominasjonsmote-2023","status":"publish","type":"teft-events","link":"https:\/\/hoyre.no\/hamar\/arrangementer\/hamar-hoyres-nominasjonsmote-2023\/","title":{"rendered":"Hamar H\u00f8yres nominasjonsm\u00f8te 2023"},"content":{"rendered":"\n<div class=\"wp-block-teft-event-top\">\n\n<div class=\"teft-event-date-top\">\n<div class=\"teft-event-date-wrapper\">\n\t<div class=\"date-square\" aria-hidden=\"true\">\n\t\t26\t\t\t<\/div>\n<\/div>\n\t<div class=\"top-text\">\n\t\t\t\t\t<p class=\"top-date-text\">torsdag 26. januar 2023<\/p>\n\t\t\t\t\t\t\t<p class=\"top-time-text\">18:00 &#8211; 20:00<\/p>\n\t\t\t\t\t\t<\/div>\n\t\t<div class=\"sharing\">\n\t\t<a class=\"share-button share-link copy-link\" data-copy=\"https:\/\/hoyre.no\/hamar\/arrangementer\/hamar-hoyres-nominasjonsmote-2023\/\" target=\"_blank\"><span class=\"screen-reader-text\">Del link<\/span><\/a>\n\t\t<a class=\"share-button share-twitter\" href=\"http:\/\/twitter.com\/share?text=Hamar H\u00f8yres nominasjonsm\u00f8te 2023&#038;url=https:\/\/hoyre.no\/hamar\/arrangementer\/hamar-hoyres-nominasjonsmote-2023\/&#038;hashtags=Hoyre\" target=\"_blank\"><span class=\"screen-reader-text\">Del p\u00e5 twitter<\/span><\/a>\n\t\t<a class=\"share-button share-facebook\" href=\"https:\/\/www.facebook.com\/sharer\/sharer.php?u=https:\/\/hoyre.no\/hamar\/arrangementer\/hamar-hoyres-nominasjonsmote-2023\/\" target=\"_blank\"><span class=\"screen-reader-text\">Del p\u00e5 facebook<\/span><\/a>\n\t<\/div>\n\t<\/div>\n<p class=\"preamble\">Styret innkaller med dette til nominasjonsm\u00f8te og p\u00e5f\u00f8lgende medlemsm\u00f8te. Tema p\u00e5 medlemsm\u00f8tet vil v\u00e6re programarbeid for perioden 2023-2027.<\/p>\n\n<div class=\"panel teft-details-panel\">\n\t\t<h3>Detaljer<\/h3>\n\n\t\t\t\t\t<dl class=\"info-misc-with-icons\">\n\t\t\t\t<dt class=\"venue\"><span class=\"screen-reader-text\">Stedet<\/span><\/dt>\n\t\t\t\t<dd>\n\t\t\t\t\t\t\t\t\t\t<a href=\"https:\/\/www.google.com\/maps\/place\/Gr%C3%B8nnegata+83,+2317+Hamar\/@60.7959769,11.0698433,17z\/data=!3m1!4b1!4m5!3m4!1s0x4641e13ea4acc51f:0xa8ad78c85437055a!8m2!3d60.7959743!4d11.072032\">Midtbyen Park<\/a>\n\t\t\t\t\t\t\t\t\t\t\t\t\t\t\t\t<span class=\"address-line-2\"> Gr\u00f8nnegata 83, 2317 Hamar<\/span>\n\t\t\t\t\t\t\t\t\t<\/dd>\n\t\t\t<\/dl>\n\t\t\t\t\t\t\t<dl class=\"info-misc-with-icons\">\n\t\t<dt class=\"time\"><span class=\"screen-reader-text\">Arrangement dato<\/span><\/dt>\n\t\t<dd class=\"time\">\n\t\t\ttor 26. januar 2023 fra  18:00 &#8211; 20:00\t\t<\/dd>\n\t<\/dl>\n\t\t\t\t\t\t<dl class=\"info-misc-with-icons\">\n\t\t<dt class=\"registration\"><span class=\"screen-reader-text\">P\u00e5meldingsdetajer<\/span><\/dt>\n\t\t<dd class=\"registration\">\n\t\t\tGratis\t\t\t\t\t<\/dd>\n\t<\/dl>\n\t\t<\/dl>\n<\/div>\n<\/div>\n\n\n\n\n<h2 class=\"wp-block-heading\">Informasjon<\/h2>\n\n\n\n<p>Det er 8 m\u00e5neder igjen til kommunevalget og nominasjonsprosessen er godt i gang. Hamar H\u00f8yre har allerede enstemmig valg Jane Meyer som v\u00e5r ordf\u00f8rerkandidat. Styret kaller med dette inn til nominasjonsm\u00f8te del 2 (valg av \u00f8vrige listekandidater) og p\u00e5f\u00f8lgende medlemsm\u00f8te med programarbeid p\u00e5 agendaen.<\/p>\n\n\n\n<p>Nominasjonsm\u00f8tet vil bli avviklet etter denne planen:<\/p>\n\n\n\n<ol class=\"wp-block-list\"><li>Godkjenning av innkallingen og sakslisten<\/li><li>Valg av ordstyrer og referent<\/li><li>Valg av tellekorps<\/li><li>Nominasjonen<br><\/li><\/ol>\n\n\n\n<p>Det er kun medlemmer som har betalt kontingenten sin for 2023 som har stemmerett p\u00e5 H\u00f8yres nominasjonsm\u00f8te, i tillegg m\u00e5 man ha v\u00e6rt medlem i minst 4 uker. Alle medlemmer er velkomne.<\/p>\n\n\n\n<p><em>Faktura for innbetaling av kontingenten for 2023 er sendt ut med forfall 27. januar. Husk at betalingen m\u00e5 gj\u00f8res f\u00f8r m\u00f8tet. Ta gjerne med kvittering.<\/em><\/p>\n\n\n\n<p class=\"is-style-large\">Nominasjonskomiteens innstilling f\u00f8lger under. <\/p>\n\n\n\n<p class=\"is-style-default\">De tre f\u00f8rste navene er forh\u00e5ndskumulert:<\/p>\n\n\n\n<p><strong>Plass Navn Postnummer\/sted<\/strong><br><strong>1 Jane Meyer 2315 Hamar (Ordf\u00f8rerkandidat &#8211; allerede nominert)<br>2 Thomas Berg Olsen 2322 Ridabu<br>3 Maren Helberg 2324 Vang p\u00e5 Hedmarken<\/strong><br>4 Tor Skraastad 2322 Ridabu<br>5 Sigrid Narmo 2317 Hamar<br>6 Morten Finborud 2317 Hamar<br>7 P\u00e5l Morken Johansen 2315 Hamar<br>8 Sissel Haugslien 2315 Hamar<br>9 Eirik Dahl 2319 Hamar<br>10 Lisette Engh 2318 Hamar<br>11 Jonas Waldeland 2324 Vang p\u00e5 Hedmarken<br>12 Jo Helgestad 2319 Hamar<br>13 Anette Paulsen Morken 2315 Hamar<br>14 Per Gunnar Grosberghaugen 2315 Hamar<br>15 Dag Schartum-Hansen 2319 Hamar<br>16 Riitta Helgestad 2317 Hamar<br>17 Edward Glorud Sveen 2315 Hamar<br>18 Britt Dobloug 2315 Hamar<br>19 J\u00f8ran Folstad 2315 Hamar<br>20 Hans Christian Hustad 2315 Hamar<br>21 Kenneth Dybdahl 2315 Hamar<br>22 Jens Levi Moldstad 2315 Hamar<br>23 Hilda Marie Narud 2315 Hamar<br>24 Sindre Skollingsberg 2316 Hamar<br>25 Ole Helberg 2324 Vang p\u00e5 Hedmarken<br>26 Gard Engh 2322 Ridabu<br>27 Torild Svelle 2317 Hamar<br>28 Lasse Ditlev Didriksen 2321 Hamar<br>29 Ingeborg Alsgaard 2315 Hamar<br>30 Bj\u00f8rn Toralv Aasen 2318 Hamar<\/p>\n\n\n<div class=\"post-meta wp-block\">\n\t<div class=\"top\">\n\t\t<div class=\"sharing\">\n\t\t\t<a class=\"share-button share-link\" target=\"_blank\"><span class=\"screen-reader-text\">Del link<\/span><\/a>\n\t\t\t<a class=\"share-button share-twitter\" href=\"http:\/\/twitter.com\/share?text=Hamar H\u00f8yres nominasjonsm\u00f8te 2023&#038;url=https:\/\/hoyre.no\/hamar\/arrangementer\/hamar-hoyres-nominasjonsmote-2023\/&#038;hashtags=Hoyre\"><span class=\"screen-reader-text\">Del p\u00e5 twitter<\/span><\/a>\n\t\t\t<a class=\"share-button share-facebook\" href=\"https:\/\/www.facebook.com\/sharer\/sharer.php?u=https:\/\/hoyre.no\/hamar\/arrangementer\/hamar-hoyres-nominasjonsmote-2023\/\" target=\"_blank\"><span class=\"screen-reader-text\">Del p\u00e5 facebook<\/span><\/a>\n\t\t<\/div>\n\t<\/div>\n<\/div>\n","protected":false},"template":"","meta":{"teft_cards_image_url":"","teft_cards_custom_pretitle":"","teft_cards_image_id":0,"teft_cards_image_focal_point_x":0,"teft_cards_image_focal_point_y":0,"teft_cards_title":"","teft_cards_excerpt":"","teft_show_chapters":false,"event_organizer":[],"event_start_date":"2023-01-26T18:00:00","event_end_date":"2023-01-26T20:00:00","event_registration_url":"","event_registration_deadline":"","event_ticket_cost":"Gratis","event_venue_name":"Midtbyen Park","event_venue_url":"https:\/\/www.google.com\/maps\/place\/Gr%C3%B8nnegata+83,+2317+Hamar\/@60.7959769,11.0698433,17z\/data=!3m1!4b1!4m5!3m4!1s0x4641e13ea4acc51f:0xa8ad78c85437055a!8m2!3d60.7959743!4d11.072032","event_venue_address":" Gr\u00f8nnegata 83, 2317 Hamar"},"teft-events-category":[],"class_list":["post-221","teft-events","type-teft-events","status-publish","hentry"],"yoast_head":"<!-- This site is optimized with the Yoast SEO plugin v26.6 - https:\/\/yoast.com\/wordpress\/plugins\/seo\/ -->\n<title>Hamar H\u00f8yres nominasjonsm\u00f8te 2023 - Hamar H\u00f8yre<\/title>\n<meta name=\"robots\" content=\"index, follow, max-snippet:-1, max-image-preview:large, max-video-preview:-1\" \/>\n<link rel=\"canonical\" href=\"https:\/\/hoyre.no\/hamar\/arrangementer\/hamar-hoyres-nominasjonsmote-2023\/\" \/>\n<meta property=\"og:locale\" content=\"nb_NO\" \/>\n<meta property=\"og:type\" content=\"article\" \/>\n<meta property=\"og:title\" content=\"Hamar H\u00f8yres nominasjonsm\u00f8te 2023 - Hamar H\u00f8yre\" \/>\n<meta property=\"og:url\" content=\"https:\/\/hoyre.no\/hamar\/arrangementer\/hamar-hoyres-nominasjonsmote-2023\/\" \/>\n<meta property=\"og:site_name\" content=\"Hamar H\u00f8yre\" \/>\n<meta property=\"article:modified_time\" content=\"2023-01-16T16:13:45+00:00\" \/>\n<meta property=\"og:image\" content=\"https:\/\/hoyre.no\/content\/uploads\/sites\/76\/2022\/11\/Hoyres-logo.png\" \/>\n\t<meta property=\"og:image:width\" content=\"1000\" \/>\n\t<meta property=\"og:image:height\" content=\"1000\" \/>\n\t<meta property=\"og:image:type\" content=\"image\/png\" \/>\n<meta name=\"twitter:card\" content=\"summary_large_image\" \/>\n<meta name=\"twitter:label1\" content=\"Ansl. lesetid\" \/>\n\t<meta name=\"twitter:data1\" content=\"2 minutter\" \/>\n<script type=\"application\/ld+json\" class=\"yoast-schema-graph\">{\"@context\":\"https:\/\/schema.org\",\"@graph\":[{\"@type\":\"WebPage\",\"@id\":\"https:\/\/hoyre.no\/hamar\/arrangementer\/hamar-hoyres-nominasjonsmote-2023\/\",\"url\":\"https:\/\/hoyre.no\/hamar\/arrangementer\/hamar-hoyres-nominasjonsmote-2023\/\",\"name\":\"Hamar H\u00f8yres nominasjonsm\u00f8te 2023 - Hamar H\u00f8yre\",\"isPartOf\":{\"@id\":\"https:\/\/hoyre.no\/hamar\/#website\"},\"datePublished\":\"2023-01-12T20:55:40+00:00\",\"dateModified\":\"2023-01-16T16:13:45+00:00\",\"breadcrumb\":{\"@id\":\"https:\/\/hoyre.no\/hamar\/arrangementer\/hamar-hoyres-nominasjonsmote-2023\/#breadcrumb\"},\"inLanguage\":\"nb-NO\",\"potentialAction\":[{\"@type\":\"ReadAction\",\"target\":[\"https:\/\/hoyre.no\/hamar\/arrangementer\/hamar-hoyres-nominasjonsmote-2023\/\"]}]},{\"@type\":\"BreadcrumbList\",\"@id\":\"https:\/\/hoyre.no\/hamar\/arrangementer\/hamar-hoyres-nominasjonsmote-2023\/#breadcrumb\",\"itemListElement\":[{\"@type\":\"ListItem\",\"position\":1,\"name\":\"Til hoyre.no\",\"item\":\"https:\/\/hoyre.no\"},{\"@type\":\"ListItem\",\"position\":2,\"name\":\"Hjem\",\"item\":\"https:\/\/hoyre.no\/hamar\/\"},{\"@type\":\"ListItem\",\"position\":3,\"name\":\"Arrangement\",\"item\":\"https:\/\/hoyre.no\/hamar\/arrangementer\/\"},{\"@type\":\"ListItem\",\"position\":4,\"name\":\"Hamar H\u00f8yres nominasjonsm\u00f8te 2023\"}]},{\"@type\":\"WebSite\",\"@id\":\"https:\/\/hoyre.no\/hamar\/#website\",\"url\":\"https:\/\/hoyre.no\/hamar\/\",\"name\":\"Hamar H\u00f8yre\",\"description\":\"Bare enda et H\u00f8yres nettsteder-nettsted\",\"inLanguage\":\"nb-NO\"}]}<\/script>\n<!-- \/ Yoast SEO plugin. -->","yoast_head_json":{"title":"Hamar H\u00f8yres nominasjonsm\u00f8te 2023 - Hamar H\u00f8yre","robots":{"index":"index","follow":"follow","max-snippet":"max-snippet:-1","max-image-preview":"max-image-preview:large","max-video-preview":"max-video-preview:-1"},"canonical":"https:\/\/hoyre.no\/hamar\/arrangementer\/hamar-hoyres-nominasjonsmote-2023\/","og_locale":"nb_NO","og_type":"article","og_title":"Hamar H\u00f8yres nominasjonsm\u00f8te 2023 - Hamar H\u00f8yre","og_url":"https:\/\/hoyre.no\/hamar\/arrangementer\/hamar-hoyres-nominasjonsmote-2023\/","og_site_name":"Hamar H\u00f8yre","article_modified_time":"2023-01-16T16:13:45+00:00","og_image":[{"width":1000,"height":1000,"url":"https:\/\/hoyre.no\/content\/uploads\/sites\/76\/2022\/11\/Hoyres-logo.png","type":"image\/png"}],"twitter_card":"summary_large_image","twitter_misc":{"Ansl. lesetid":"2 minutter"},"schema":{"@context":"https:\/\/schema.org","@graph":[{"@type":"WebPage","@id":"https:\/\/hoyre.no\/hamar\/arrangementer\/hamar-hoyres-nominasjonsmote-2023\/","url":"https:\/\/hoyre.no\/hamar\/arrangementer\/hamar-hoyres-nominasjonsmote-2023\/","name":"Hamar H\u00f8yres nominasjonsm\u00f8te 2023 - Hamar H\u00f8yre","isPartOf":{"@id":"https:\/\/hoyre.no\/hamar\/#website"},"datePublished":"2023-01-12T20:55:40+00:00","dateModified":"2023-01-16T16:13:45+00:00","breadcrumb":{"@id":"https:\/\/hoyre.no\/hamar\/arrangementer\/hamar-hoyres-nominasjonsmote-2023\/#breadcrumb"},"inLanguage":"nb-NO","potentialAction":[{"@type":"ReadAction","target":["https:\/\/hoyre.no\/hamar\/arrangementer\/hamar-hoyres-nominasjonsmote-2023\/"]}]},{"@type":"BreadcrumbList","@id":"https:\/\/hoyre.no\/hamar\/arrangementer\/hamar-hoyres-nominasjonsmote-2023\/#breadcrumb","itemListElement":[{"@type":"ListItem","position":1,"name":"Til hoyre.no","item":"https:\/\/hoyre.no"},{"@type":"ListItem","position":2,"name":"Hjem","item":"https:\/\/hoyre.no\/hamar\/"},{"@type":"ListItem","position":3,"name":"Arrangement","item":"https:\/\/hoyre.no\/hamar\/arrangementer\/"},{"@type":"ListItem","position":4,"name":"Hamar H\u00f8yres nominasjonsm\u00f8te 2023"}]},{"@type":"WebSite","@id":"https:\/\/hoyre.no\/hamar\/#website","url":"https:\/\/hoyre.no\/hamar\/","name":"Hamar H\u00f8yre","description":"Bare enda et H\u00f8yres nettsteder-nettsted","inLanguage":"nb-NO"}]}},"distributor_meta":false,"distributor_terms":false,"distributor_media":false,"distributor_original_site_name":"Hamar H\u00f8yre","distributor_original_site_url":"https:\/\/hoyre.no\/hamar","push-errors":false,"_links":{"self":[{"href":"https:\/\/hoyre.no\/hamar\/wp-json\/wp\/v2\/teft-events\/221","targetHints":{"allow":["GET"]}}],"collection":[{"href":"https:\/\/hoyre.no\/hamar\/wp-json\/wp\/v2\/teft-events"}],"about":[{"href":"https:\/\/hoyre.no\/hamar\/wp-json\/wp\/v2\/types\/teft-events"}],"wp:attachment":[{"href":"https:\/\/hoyre.no\/hamar\/wp-json\/wp\/v2\/media?parent=221"}],"wp:term":[{"taxonomy":"teft-events-category","embeddable":true,"href":"https:\/\/hoyre.no\/hamar\/wp-json\/wp\/v2\/teft-events-category?post=221"}],"curies":[{"name":"wp","href":"https:\/\/api.w.org\/{rel}","templated":true}]}}